{"id":9887,"date":"2016-05-30T22:13:22","date_gmt":"2016-05-30T20:13:22","guid":{"rendered":"http:\/\/rosenholm.se\/?page_id=9887"},"modified":"2016-05-30T22:52:14","modified_gmt":"2016-05-30T20:52:14","slug":"nya-vagen-perenner-dar-formen-ar-huvudsak","status":"publish","type":"page","link":"https:\/\/rosenholm.se\/?page_id=9887","title":{"rendered":"Nya v\u00e5gen perenner \u2013 d\u00e4r formen \u00e4r huvudsak"},"content":{"rendered":"<p><strong>Som en impressionists penseldrag i landskapet har stilen beskrivits. Med spiror, solar, parasoller, draperier och mattor kan formerna liknas. Det \u00e4r den nya perennv\u00e5gen det handlar om. L\u00e5t dig inspireras av goda id\u00e9er, l\u00e4r om kraftfulla plantor.<\/strong><\/p>\n<p><em>Text: Dan Rosenholm<\/em><br \/>\n<em>Bild: Dan och Ann-Christin Rosenholm<\/em><\/p>\n<div id=\"attachment_9930\" style=\"width: 360px\" class=\"wp-caption alignright\"><img loading=\"lazy\" decoding=\"async\" aria-describedby=\"caption-attachment-9930\" class=\"size-medium wp-image-9930\" src=\"http:\/\/rosenholm.se\/wp-content\/uploads\/2016\/05\/D2X_2743-350x467.jpg\" alt=\"Rej\u00e4la plantor med starka former i stora sjok k\u00e4nnetecknar nya perennv\u00e5gen. J\u00e4ttekrisslans, Inula magnifica 'Sonnenstrahl', solar kontrasterar mot kransveronikans, Veronicastrum virginicum 'Temptation', spiror, och temyntans, Monarda 'Scorpion', bollar.\" width=\"350\" height=\"467\" srcset=\"https:\/\/rosenholm.se\/wp-content\/uploads\/2016\/05\/D2X_2743-350x467.jpg 350w, https:\/\/rosenholm.se\/wp-content\/uploads\/2016\/05\/D2X_2743-188x250.jpg 188w, https:\/\/rosenholm.se\/wp-content\/uploads\/2016\/05\/D2X_2743.jpg 525w, https:\/\/rosenholm.se\/wp-content\/uploads\/2016\/05\/D2X_2743-188x250@2x.jpg 376w\" sizes=\"auto, (max-width: 350px) 100vw, 350px\" \/><p id=\"caption-attachment-9930\" class=\"wp-caption-text\">Rej\u00e4la plantor med starka former i stora sjok k\u00e4nnetecknar nya perennv\u00e5gen. J\u00e4ttekrisslans, Inula magnifica &#8217;Sonnenstrahl&#8217;, solar kontrasterar mot kransveronikans, Veronicastrum virginicum &#8217;Temptation&#8217;, spiror, och temyntans, Monarda &#8217;Scorpion&#8217;, bollar.<\/p><\/div>\n<p>Den nya perennv\u00e5gen \u00e4r namnet p\u00e5 den sentida planteringsstil d\u00e4r v\u00e4xternas form \u00e4r viktigare \u00e4n f\u00e4rg. Upprinnelsen finns bland ett antal v\u00e4xtm\u00e4nniskor i Holland och Tyskland \u2013 dess mest k\u00e4nde representant \u00e4r Piet Oudolf. Naturen, speciellt den amerikanska pr\u00e4rien, \u00e4r f\u00f6rebild. V\u00e4xterna \u00e4r ofta stora och kraftfulla, prydnadsgr\u00e4sen har en s\u00e4rst\u00e4llning. D\u00e4remot \u00e4r de inte invasiva utan fungerar v\u00e4l i rabatter.<\/p>\n<p>Ocks\u00e5 dynamiken s\u00e4rskiljer nya perennv\u00e5gen mot traditionella stilar, den st\u00e4ndiga f\u00f6r\u00e4nderligheten \u00f6ver s\u00e4songen \u00e4r en huvudingrediens. Vissnade st\u00e5r\u00a0stj\u00e4lkarna kvar \u00f6ver vintern och ger sk\u00f6nhet och struktur. P\u00e5 senvintern klipps de ner. Storv\u00e4xta och livskraftiga perenner planteras i sammanh\u00e4ngande sjok. F\u00f6r ogr\u00e4sen blir livet sv\u00e5rt i den h\u00e5rda konkurrensen.<\/p>\n<div id=\"attachment_9896\" style=\"width: 710px\" class=\"wp-caption alignnone\"><img loading=\"lazy\" decoding=\"async\" aria-describedby=\"caption-attachment-9896\" class=\"size-large wp-image-9896\" src=\"http:\/\/rosenholm.se\/wp-content\/uploads\/2016\/05\/D3X_8689-700x428.jpg\" alt=\"R\u00f6d solhatt, Echinacea purpurea \u2018Green Edge\u2019, sl\u00e5r normalt ut i augusti och h\u00e5ller sig vacker \u00e4nda in i oktober. Imponerande b\u00e5de som massplantering och tillsammans med andra.\" width=\"700\" height=\"428\" srcset=\"https:\/\/rosenholm.se\/wp-content\/uploads\/2016\/05\/D3X_8689-350x214@2x.jpg 700w, https:\/\/rosenholm.se\/wp-content\/uploads\/2016\/05\/D3X_8689-250x153.jpg 250w, https:\/\/rosenholm.se\/wp-content\/uploads\/2016\/05\/D3X_8689-350x214.jpg 350w, https:\/\/rosenholm.se\/wp-content\/uploads\/2016\/05\/D3X_8689-250x153@2x.jpg 500w\" sizes=\"auto, (max-width: 700px) 100vw, 700px\" \/><p id=\"caption-attachment-9896\" class=\"wp-caption-text\">R\u00f6d solhatt, Echinacea purpurea \u2018Green Edge\u2019, sl\u00e5r normalt ut i augusti och h\u00e5ller sig vacker \u00e4nda in i oktober. Imponerande b\u00e5de som massplantering och tillsammans med andra.<\/p><\/div>\n<p>M\u00e5nga av de typiska v\u00e4xterna har sitt ursprung i amerikanska mellanv\u00e4sterns pr\u00e4rielandskap, andra \u00e4r hybrider med framf\u00f6rallt tyskt ursprung, medan n\u00e5gra helt enkelt \u00e4r traditionella tr\u00e4dg\u00e5rdsv\u00e4xter som passar i stilen.<\/p>\n<h5><strong>\u00c5tta former i paljetten<\/strong><\/h5>\n<p>F\u00f6r nya perennv\u00e5gen \u00e4r strukturen \u00f6verordnad och f\u00e4rgerna underordnade. Det \u00e4r v\u00e4xts\u00e4tt och blommornas former som \u00e4r v\u00e4sentligast. I likhet med f\u00e4rger g\u00e5r de att klassificera i grupper, men till skillnad mot f\u00e4rgkompositioner \u00e4r det kontrasterna som ger effekt, formharmonier blir mest bara trista:<\/p>\n<h5>Spiror<\/h5>\n<p>Mest framtr\u00e4dande skepnad har <strong>spiror<\/strong>. Deras vertikala, uppstickande form utm\u00e4rker sig och ger h\u00f6jd och tredimensionalitet \u00e4ven till den tr\u00e5kigaste plantering.<\/p>\n<h5>Parasoller<\/h5>\n<p>Ocks\u00e5 distinkta till formen \u00e4r <strong>parasoller<\/strong> som \u00e4r horisontellt riktade ist\u00e4llet f\u00f6r vertikalt. Blir d\u00e4rf\u00f6r ofta effektfulla tillsammans med spiror.<\/p>\n<h5>Plymer<\/h5>\n<p><strong>Plymer<\/strong> \u00e4r l\u00f6st arrangerade och ger lugn. De \u00e4r ofta h\u00f6gv\u00e4xta. B\u00e4st g\u00f6r de sig som riktigt m\u00e5nga tillsammans.<\/p>\n<h5>Solar<\/h5>\n<p>Blommor med en krans av kronblad kring en mittdisk kallas <strong>solar<\/strong>. De kontrasterar effektfullt mot vertikala spiror och kan l\u00e4tt lyfta en v\u00e4xtkomposition.<\/p>\n<h5>Bollar<\/h5>\n<p>Rundade blommor och fr\u00f6kapslar betecknas <strong>bollar<\/strong>, dit h\u00f6r inte s\u00e4llan utblommade solar som tappat kronbladen.<\/p>\n<h5>Mattor<\/h5>\n<p>Som horisontella <strong>mattor<\/strong> breder markt\u00e4ckare ut sig. De b\u00e4sta har en h\u00f6jd av en, tv\u00e5 eller tre decimeter \u00f6ver markytan, blir ogenomtr\u00e4ngliga och ger inte ogr\u00e4sen en chans att ta sig igenom.<\/p>\n<h5>Draperier<\/h5>\n<p>Vid kanten av rabatter kan man plantera perenner i form av <strong>draperier<\/strong>. \u00c4r ofta lite h\u00f6gre \u00e4n mattor, breder ut sig som kuddar och t\u00e4cker jord och kanter.<\/p>\n<h5>Transparens<\/h5>\n<p>Ocks\u00e5 i framkanten passar stora men <strong>transparenta<\/strong> perenner. Genom dem sk\u00f6njer man vad som finns bakom \u2013 de skapar sp\u00e4nning och djup.<\/p>\n<h5><strong>Sexton nya v\u00e5gen-perenner<\/strong><\/h5>\n<p>Namn, form, h\u00f6jd och h\u00e4rdighet f\u00f6r 16 utm\u00e4rkta och typiska nya v\u00e5gen-perenner. De storvuxna beh\u00f6ver god tillg\u00e5ng till n\u00e4ring och vatten under h\u00f6gsommaren. Gemensamt f\u00f6r alla \u00e4r att de gillar sol\u2013halvskugga och beh\u00f6ver st\u00e5 v\u00e4ldr\u00e4nerat f\u00f6r att \u00f6vervintra, det senare g\u00e4ller speciellt de som \u00e4r klassificerade som halvh\u00e4rdiga.<\/p>\n<ul>\n<li><a title=\"Transparens\" href=\"http:\/\/rosenholm.se\/?page_id=920\">Stor plymastilbe,\u00a0<em>Astilbe chinensis<\/em> var. <em>taquetii<\/em> &#8217;Purpurlanze&#8217;<\/a>, plym, 80\u2013110 cm, h\u00e4rdig.<\/li>\n<li><a title=\"Variera lagom\" href=\"http:\/\/rosenholm.se\/?page_id=2664\">Stj\u00e4rnflocka, <em>Astrantia<\/em> <em>major<\/em> ssp. <em>involucrata<\/em><\/a>, boll, 40\u201390 cm, h\u00e4rdig.<\/li>\n<\/ul>\n<div id=\"attachment_9899\" style=\"width: 710px\" class=\"wp-caption alignnone\"><img loading=\"lazy\" decoding=\"async\" aria-describedby=\"caption-attachment-9899\" class=\"size-large wp-image-9899\" src=\"http:\/\/rosenholm.se\/wp-content\/uploads\/2016\/05\/D2X_3298-700x428.jpg\" alt=\"Matchade n\u00e4stan perfekt ton i ton \u00e4r plymerna hos diamantr\u00f6r, Calamagrostis brachytricha, med bollarna hos stj\u00e4rnflocka, Astrantia major ssp. involucrata \u2018Canneman\u2019, men det som ger st\u00f6rsta effekten \u00e4r de kontrasterande formerna.\" width=\"700\" height=\"428\" srcset=\"https:\/\/rosenholm.se\/wp-content\/uploads\/2016\/05\/D2X_3298-350x214@2x.jpg 700w, https:\/\/rosenholm.se\/wp-content\/uploads\/2016\/05\/D2X_3298-250x153.jpg 250w, https:\/\/rosenholm.se\/wp-content\/uploads\/2016\/05\/D2X_3298-350x214.jpg 350w, https:\/\/rosenholm.se\/wp-content\/uploads\/2016\/05\/D2X_3298-250x153@2x.jpg 500w\" sizes=\"auto, (max-width: 700px) 100vw, 700px\" \/><p id=\"caption-attachment-9899\" class=\"wp-caption-text\">Matchade n\u00e4stan perfekt ton i ton \u00e4r plymerna hos diamantr\u00f6r, Calamagrostis brachytricha, med bollarna hos stj\u00e4rnflocka, Astrantia major ssp. involucrata \u2018Canneman\u2019, men det som ger st\u00f6rsta effekten \u00e4r de kontrasterande formerna.<\/p><\/div>\n<ul>\n<li><a title=\"Plymer\" href=\"http:\/\/rosenholm.se\/?page_id=733\">Diamantr\u00f6r, <em>Calamagrostis brachytricha<\/em><\/a>, plym, 90\u2013120 cm, halvh\u00e4rdig.<\/li>\n<li><a title=\"Draperier\" href=\"http:\/\/rosenholm.se\/?page_id=1013\">Palmstarr,<em> Carex muskingumensis<\/em><\/a>, draperi, 50\u201370 cm h\u00f6g, h\u00e4rdig.<\/li>\n<\/ul>\n<div id=\"attachment_9906\" style=\"width: 710px\" class=\"wp-caption alignnone\"><img loading=\"lazy\" decoding=\"async\" aria-describedby=\"caption-attachment-9906\" class=\"size-large wp-image-9906\" src=\"http:\/\/rosenholm.se\/wp-content\/uploads\/2016\/05\/D3X_8584-700x428.jpg\" alt=\"Som draperi f\u00f6r att d\u00f6lja \u00f6verg\u00e5ngar mellan rabatter och omgivande g\u00e5ngar och gr\u00e4smattor fungerar palmstarr, Carex muskingumensis. Mycket stadig, klarar till och med sn\u00f6tryck.\" width=\"700\" height=\"428\" srcset=\"https:\/\/rosenholm.se\/wp-content\/uploads\/2016\/05\/D3X_8584-350x214@2x.jpg 700w, https:\/\/rosenholm.se\/wp-content\/uploads\/2016\/05\/D3X_8584-250x153.jpg 250w, https:\/\/rosenholm.se\/wp-content\/uploads\/2016\/05\/D3X_8584-350x214.jpg 350w, https:\/\/rosenholm.se\/wp-content\/uploads\/2016\/05\/D3X_8584-250x153@2x.jpg 500w\" sizes=\"auto, (max-width: 700px) 100vw, 700px\" \/><p id=\"caption-attachment-9906\" class=\"wp-caption-text\">Som draperi f\u00f6r att d\u00f6lja \u00f6verg\u00e5ngar mellan rabatter och omgivande g\u00e5ngar och gr\u00e4smattor fungerar palmstarr, Carex muskingumensis. Mycket stadig, klarar till och med sn\u00f6tryck.<\/p><\/div>\n<ul>\n<li><a title=\"N\u00e5got f\u00f6r varje \u00e5rstid\" href=\"http:\/\/rosenholm.se\/?page_id=2943\">Fl\u00e4ckflockel, <em>Eupatorium maculatum<\/em> &#8217;Atropurpureum&#8217;<\/a>, parasoll, 180\u2013200 cm, h\u00e4rdig.<\/li>\n<\/ul>\n<div id=\"attachment_9908\" style=\"width: 710px\" class=\"wp-caption alignnone\"><img loading=\"lazy\" decoding=\"async\" aria-describedby=\"caption-attachment-9908\" class=\"size-large wp-image-9908\" src=\"http:\/\/rosenholm.se\/wp-content\/uploads\/2016\/05\/L1200117-700x428.jpg\" alt=\"Ju mer vi \u00e4r tillsammans ju frodigare det blir tycker den plymformade fl\u00e4ckflockeln, Eupatorium maculatum 'Atropurpureum', den solformade tr\u00e4dg\u00e5rdssolbruden, Helenium 'Flammendes K\u00e4thchen', och den n\u00e4tta spriran av blodormrot, Bistorta amplexicaulis 'Rosea'. Formerna kontrasterar, f\u00e4rgerna matchar.\" width=\"700\" height=\"428\" srcset=\"https:\/\/rosenholm.se\/wp-content\/uploads\/2016\/05\/L1200117-350x214@2x.jpg 700w, https:\/\/rosenholm.se\/wp-content\/uploads\/2016\/05\/L1200117-250x153.jpg 250w, https:\/\/rosenholm.se\/wp-content\/uploads\/2016\/05\/L1200117-350x214.jpg 350w, https:\/\/rosenholm.se\/wp-content\/uploads\/2016\/05\/L1200117-250x153@2x.jpg 500w\" sizes=\"auto, (max-width: 700px) 100vw, 700px\" \/><p id=\"caption-attachment-9908\" class=\"wp-caption-text\">Ju mer vi \u00e4r tillsammans ju frodigare det blir tycker den plymformade fl\u00e4ckflockeln, Eupatorium maculatum &#8217;Atropurpureum&#8217;, den solformade tr\u00e4dg\u00e5rdssolbruden, Helenium &#8217;Flammendes K\u00e4thchen&#8217;, och den n\u00e4tta spriran av blodormrot, Bistorta amplexicaulis &#8217;Rosea&#8217;. Formerna kontrasterar, f\u00e4rgerna matchar.<\/p><\/div>\n<ul>\n<li>\n<div id=\"attachment_9914\" style=\"width: 360px\" class=\"wp-caption alignright\"><img loading=\"lazy\" decoding=\"async\" aria-describedby=\"caption-attachment-9914\" class=\"size-medium wp-image-9914\" src=\"http:\/\/rosenholm.se\/wp-content\/uploads\/2016\/05\/D2X_3169-350x467.jpg\" alt=\"Ett h\u00f6gv\u00e4xt par av blommande plymer bildar amerikanskt \u00e4lggr\u00e4s, Filipendula rubra 'Venusta', och tr\u00e4dg\u00e5rdsruta, Thalictrum 'Elin'. Den f\u00f6rstn\u00e4mnda med ursprung i USA medan den sistn\u00e4mnda sk\u00f6nheten \u00e4r en hybrid med svenskt ursprung.\" width=\"350\" height=\"467\" srcset=\"https:\/\/rosenholm.se\/wp-content\/uploads\/2016\/05\/D2X_3169-350x467.jpg 350w, https:\/\/rosenholm.se\/wp-content\/uploads\/2016\/05\/D2X_3169-188x250.jpg 188w, https:\/\/rosenholm.se\/wp-content\/uploads\/2016\/05\/D2X_3169.jpg 525w, https:\/\/rosenholm.se\/wp-content\/uploads\/2016\/05\/D2X_3169-188x250@2x.jpg 376w\" sizes=\"auto, (max-width: 350px) 100vw, 350px\" \/><p id=\"caption-attachment-9914\" class=\"wp-caption-text\">Ett h\u00f6gv\u00e4xt par av blommande plymer bildar amerikanskt \u00e4lggr\u00e4s, Filipendula rubra &#8217;Venusta&#8217;, och tr\u00e4dg\u00e5rdsruta, Thalictrum &#8217;Elin&#8217;. \u00c4lggr\u00e4set &#8217;Venusta&#8217; har\u00a0ursprung i USA medan &#8217;Elin&#8217; har svenskt ursprung.<\/p><\/div>\n<p>Blodn\u00e4va, <em>Geranium sanguineum<\/em>, matta, 15\u201330 cm, mycket h\u00e4rdig.<\/li>\n<li><a title=\"Plymer\" href=\"http:\/\/rosenholm.se\/?page_id=733\">Amerikanskt \u00e4lggr\u00e4s, <em>Filipendula rubra<\/em> &#8217;Venusta&#8217;<\/a>, plym, 150\u2013180 cm, h\u00e4rdig.<\/li>\n<\/ul>\n<ul>\n<li><a title=\"Draperier\" href=\"http:\/\/rosenholm.se\/?page_id=1013\">Hakonegr\u00e4s, <em>Hakonechloa macra<\/em><\/a>, draperi, 30\u201370 cm, h\u00e4rdig.<\/li>\n<\/ul>\n<ul>\n<li><a title=\"Solar, knappar och bollar\" href=\"http:\/\/rosenholm.se\/?page_id=873\">Tr\u00e4dg\u00e5rdssolbrud, <em>Helenium<\/em><\/a>, sol, 100\u2013120 cm, h\u00e4rdig.<\/li>\n<\/ul>\n<div id=\"attachment_9916\" style=\"width: 710px\" class=\"wp-caption alignnone\"><img loading=\"lazy\" decoding=\"async\" aria-describedby=\"caption-attachment-9916\" class=\"size-large wp-image-9916\" src=\"http:\/\/rosenholm.se\/wp-content\/uploads\/2016\/05\/D3X_9263-700x428.jpg\" alt=\"Den stabila tr\u00e4dg\u00e5rdssolbruden, Helenium, f\u00f6rv\u00e5nar med klara f\u00e4rger p\u00e5 de solformade blommorna, n\u00e5got annars mest f\u00f6rbeh\u00e5llet ett\u00e5ringar. Den tidigblommande \u2018Sahin\u2019s Early Flowerer\u2019 b\u00f6rjar blomma redan i slutet av juli och passar speciellt bra norrut.\" width=\"700\" height=\"428\" srcset=\"https:\/\/rosenholm.se\/wp-content\/uploads\/2016\/05\/D3X_9263-350x214@2x.jpg 700w, https:\/\/rosenholm.se\/wp-content\/uploads\/2016\/05\/D3X_9263-250x153.jpg 250w, https:\/\/rosenholm.se\/wp-content\/uploads\/2016\/05\/D3X_9263-350x214.jpg 350w, https:\/\/rosenholm.se\/wp-content\/uploads\/2016\/05\/D3X_9263-250x153@2x.jpg 500w\" sizes=\"auto, (max-width: 700px) 100vw, 700px\" \/><p id=\"caption-attachment-9916\" class=\"wp-caption-text\">Den stabila tr\u00e4dg\u00e5rdssolbruden, Helenium, f\u00f6rv\u00e5nar med klara f\u00e4rger p\u00e5 de solformade blommorna, n\u00e5got annars mest f\u00f6rbeh\u00e5llet ett\u00e5ringar. Den tidigblommande \u2018Sahin\u2019s Early Flowerer\u2019 b\u00f6rjar blomma redan i slutet av juli och passar speciellt bra norrut.<\/p><\/div>\n<div id=\"attachment_9922\" style=\"width: 710px\" class=\"wp-caption alignnone\"><img loading=\"lazy\" decoding=\"async\" aria-describedby=\"caption-attachment-9922\" class=\"size-large wp-image-9922\" src=\"http:\/\/rosenholm.se\/wp-content\/uploads\/2016\/05\/D2X_3231-700x467.jpg\" alt=\"De solformade blommorna hos den m\u00e4ktiga j\u00e4ttekrisslan, Inula magnifica, 'Sonnenstrahl' har elegant h\u00e4ngande, varmt gula kronblad. Den tar stort utrymme och \u00e4r l\u00e4mplig som avsk\u00e4rmning. Rotsystemet \u00e4r inte invasivt. \u00c4r imponerande ocks\u00e5 p\u00e5 vintern.\" width=\"700\" height=\"467\" srcset=\"https:\/\/rosenholm.se\/wp-content\/uploads\/2016\/05\/D2X_3231-350x234@2x.jpg 700w, https:\/\/rosenholm.se\/wp-content\/uploads\/2016\/05\/D2X_3231-250x167.jpg 250w, https:\/\/rosenholm.se\/wp-content\/uploads\/2016\/05\/D2X_3231-350x234.jpg 350w, https:\/\/rosenholm.se\/wp-content\/uploads\/2016\/05\/D2X_3231-250x167@2x.jpg 500w\" sizes=\"auto, (max-width: 700px) 100vw, 700px\" \/><p id=\"caption-attachment-9922\" class=\"wp-caption-text\">De solformade blommorna hos den m\u00e4ktiga j\u00e4ttekrisslan, Inula magnifica, &#8217;Sonnenstrahl&#8217; har elegant h\u00e4ngande, varmt gula kronblad. Den tar stort utrymme och \u00e4r l\u00e4mplig som avsk\u00e4rmning. Rotsystemet \u00e4r inte invasivt. \u00c4r imponerande ocks\u00e5 p\u00e5 vintern.<\/p><\/div>\n<ul>\n<li><a title=\"Variera lagom\" href=\"http:\/\/rosenholm.se\/?page_id=2664\">J\u00e4ttekrissla, <em>Inula magnifica<\/em>, &#8217;Sonnenstrahl&#8217;<\/a>, sol, 180\u2013200 cm, h\u00e4rdig.<\/li>\n<li><a title=\"Plymer\" href=\"http:\/\/rosenholm.se\/?page_id=733\">Glansmiskantus, <em>Miscanthus sinensis<\/em><\/a>, plym, 120\u2013200 cm, halvh\u00e4rdig.<\/li>\n<\/ul>\n<div id=\"attachment_9920\" style=\"width: 710px\" class=\"wp-caption alignnone\"><img loading=\"lazy\" decoding=\"async\" aria-describedby=\"caption-attachment-9920\" class=\"size-large wp-image-9920\" src=\"http:\/\/rosenholm.se\/wp-content\/uploads\/2016\/05\/D2X_8974-700x428.jpg\" alt=\"Den st\u00e5tliga glansmiskantusen, Miscanthus sinensis, \u00e4r gr\u00e4sens r\u00e4ttm\u00e4tiga drottning. Sorten p\u00e5 bilden 'Malepartus' \u00e4r den med de allra vackraste och t\u00e5ligaste plymerna, silvriga p\u00e5 h\u00f6sten, varmt bruna p\u00e5 vintern.\" width=\"700\" height=\"428\" srcset=\"https:\/\/rosenholm.se\/wp-content\/uploads\/2016\/05\/D2X_8974-350x214@2x.jpg 700w, https:\/\/rosenholm.se\/wp-content\/uploads\/2016\/05\/D2X_8974-250x153.jpg 250w, https:\/\/rosenholm.se\/wp-content\/uploads\/2016\/05\/D2X_8974-350x214.jpg 350w, https:\/\/rosenholm.se\/wp-content\/uploads\/2016\/05\/D2X_8974-250x153@2x.jpg 500w\" sizes=\"auto, (max-width: 700px) 100vw, 700px\" \/><p id=\"caption-attachment-9920\" class=\"wp-caption-text\">Den st\u00e5tliga glansmiskantusen, Miscanthus sinensis, \u00e4r gr\u00e4sens r\u00e4ttm\u00e4tiga drottning. Sorten p\u00e5 bilden &#8217;Malepartus&#8217; \u00e4r den med de allra vackraste och t\u00e5ligaste plymerna, silvriga p\u00e5 h\u00f6sten, varmt bruna p\u00e5 vintern.<\/p><\/div>\n<ul>\n<li><a title=\"Aromatiska v\u00e4xter\" href=\"http:\/\/rosenholm.se\/?page_id=9642\">Temynta, <em>Monarda<\/em><\/a>, boll, 80\u2013120 cm, halvh\u00e4rdig.<\/li>\n<\/ul>\n<div id=\"attachment_9926\" style=\"width: 710px\" class=\"wp-caption alignnone\"><img loading=\"lazy\" decoding=\"async\" aria-describedby=\"caption-attachment-9926\" class=\"size-large wp-image-9926\" src=\"http:\/\/rosenholm.se\/wp-content\/uploads\/2016\/05\/D2X_2793-700x467.jpg\" alt=\"Som bollformad r\u00e4knas Temynta, Monarda 'Purple Ann'. Tack vare de matta, rufsiga blommorna k\u00e4nns de inte p\u00e5tr\u00e4ngande ens n\u00e4r f\u00e4rgerna \u00e4r starka.\" width=\"700\" height=\"467\" srcset=\"https:\/\/rosenholm.se\/wp-content\/uploads\/2016\/05\/D2X_2793-350x234@2x.jpg 700w, https:\/\/rosenholm.se\/wp-content\/uploads\/2016\/05\/D2X_2793-250x167.jpg 250w, https:\/\/rosenholm.se\/wp-content\/uploads\/2016\/05\/D2X_2793-350x234.jpg 350w, https:\/\/rosenholm.se\/wp-content\/uploads\/2016\/05\/D2X_2793-250x167@2x.jpg 500w\" sizes=\"auto, (max-width: 700px) 100vw, 700px\" \/><p id=\"caption-attachment-9926\" class=\"wp-caption-text\">Som bollformad r\u00e4knas Temynta, Monarda &#8217;Purple Ann&#8217;. Tack vare de matta, rufsiga blommorna k\u00e4nns de inte p\u00e5tr\u00e4ngande ens n\u00e4r f\u00e4rgerna \u00e4r starka.<\/p><\/div>\n<ul>\n<li><a title=\"Tr\u00e4dg\u00e5rdens konstn\u00e4r \u2212 det \u00e4r du\" href=\"http:\/\/rosenholm.se\/?page_id=7061\">J\u00e4ttet\u00e5tel, <em>Molinia caerulea<\/em> ssp. <em>arundinacea<\/em> \u2019Transparent\u2019<\/a>, transparent, 150\u2013180 cm, h\u00e4rdig.<\/li>\n<\/ul>\n<div id=\"attachment_9928\" style=\"width: 710px\" class=\"wp-caption alignnone\"><img loading=\"lazy\" decoding=\"async\" aria-describedby=\"caption-attachment-9928\" class=\"size-large wp-image-9928\" src=\"http:\/\/rosenholm.se\/wp-content\/uploads\/2016\/05\/D3X_8638-700x467.jpg\" alt=\"F\u00e5 v\u00e4xter har ett s\u00e5 passande sortnamn som j\u00e4ttet\u00e5tel, Molinia caerulea ssp. arundinacea \u2019Transparent\u2019. H\u00e4nger som en transparent sl\u00f6ja i sirliga b\u00e5gar \u00f6ver sin l\u00e4gre granne, den r\u00f6da solhatten 'Magnus'. Passar som f\u00e4rsk eller torkad till snitt.\" width=\"700\" height=\"467\" srcset=\"https:\/\/rosenholm.se\/wp-content\/uploads\/2016\/05\/D3X_8638-350x234@2x.jpg 700w, https:\/\/rosenholm.se\/wp-content\/uploads\/2016\/05\/D3X_8638-250x167.jpg 250w, https:\/\/rosenholm.se\/wp-content\/uploads\/2016\/05\/D3X_8638-350x234.jpg 350w, https:\/\/rosenholm.se\/wp-content\/uploads\/2016\/05\/D3X_8638-250x167@2x.jpg 500w\" sizes=\"auto, (max-width: 700px) 100vw, 700px\" \/><p id=\"caption-attachment-9928\" class=\"wp-caption-text\">F\u00e5 v\u00e4xter har ett s\u00e5 passande sortnamn som j\u00e4ttet\u00e5tel, Molinia caerulea ssp. arundinacea \u2019Transparent\u2019. H\u00e4nger som en transparent sl\u00f6ja i sirliga b\u00e5gar \u00f6ver sin l\u00e4gre granne, den r\u00f6da solhatten &#8217;Magnus&#8217;. Passar som f\u00e4rsk eller torkad till snitt.<\/p><\/div>\n<ul>\n<li><a title=\"Aromatiska v\u00e4xter\" href=\"http:\/\/rosenholm.se\/?page_id=9642\">St\u00e4ppsalvia, <em>Salvia nemorosa<\/em><\/a>, spira, 40\u201360 cm, halvh\u00e4rdig.<\/li>\n<li><a title=\"Variera lagom\" href=\"http:\/\/rosenholm.se\/?page_id=2664\">Kransveronika, <em>Veronicastrum virginicum<\/em><\/a>, spira, 80\u2013100 cm, h\u00e4rdig.<\/li>\n<li><a title=\"Mixade rabatter\" href=\"http:\/\/rosenholm.se\/?page_id=2342\">Tr\u00e4dg\u00e5rdsruta, <em>Thalictrum<\/em> &#8217;Elin&#8217;<\/a>, plym, 180\u2013220 cm, h\u00e4rdig.<\/li>\n<\/ul>\n<div id=\"attachment_9938\" style=\"width: 360px\" class=\"wp-caption alignright\"><img loading=\"lazy\" decoding=\"async\" aria-describedby=\"caption-attachment-9938\" class=\"size-medium wp-image-9938\" src=\"http:\/\/rosenholm.se\/wp-content\/uploads\/2016\/05\/D3X_3454-350x525.jpg\" alt=\"Av alla Piet Oudolfs projekt \u00e4r nog Lurie Park i Centrala Chicago det mest uppseendev\u00e4ckande. Kontrasten mellan de pr\u00e4rieliknande planteringarna och skyskraporna \u00e4r s\u00e5 kraftfull.\" width=\"350\" height=\"525\" srcset=\"https:\/\/rosenholm.se\/wp-content\/uploads\/2016\/05\/D3X_3454-350x525.jpg 350w, https:\/\/rosenholm.se\/wp-content\/uploads\/2016\/05\/D3X_3454-167x250.jpg 167w, https:\/\/rosenholm.se\/wp-content\/uploads\/2016\/05\/D3X_3454.jpg 467w, https:\/\/rosenholm.se\/wp-content\/uploads\/2016\/05\/D3X_3454-167x250@2x.jpg 334w\" sizes=\"auto, (max-width: 350px) 100vw, 350px\" \/><p id=\"caption-attachment-9938\" class=\"wp-caption-text\">Av alla Piet Oudolfs projekt \u00e4r nog Lurie Park i Centrala Chicago det mest uppseendev\u00e4ckande. Kontrasten mellan de pr\u00e4rieliknande planteringarna och skyskraporna \u00e4r s\u00e5 kraftfull.<\/p><\/div>\n<h5><strong>Piet Oudolf \u2013 den nya v\u00e5gens f\u00f6rgrundsgestalt<\/strong><\/h5>\n<p>Mest k\u00e4nd av den nya perennv\u00e5gens f\u00f6retr\u00e4dare \u00e4r holl\u00e4ndaren <a href=\"http:\/\/rosenholm.se\/?page_id=3176\">Piet Oudolf<\/a>. Det var n\u00e4r han b\u00f6rjade tycka den engelska stilen var f\u00f6r rigid han ville skapa n\u00e5got eget. Tillsammans med sin fru Anja s\u00f6kte han efter annorlunda v\u00e4xter p\u00e5 plantskolor i Tyskland, Holland och England, ibland med cykel som fortskaffningsmedel. I b\u00f6rjan av 1980-talet startade de en egen plantskola vid den holl\u00e4ndska byn Hummelo. D\u00e4r drog de upp perenner och d\u00e4r testade Piet v\u00e4xter och designid\u00e9er.<\/p>\n<div id=\"attachment_9939\" style=\"width: 360px\" class=\"wp-caption alignright\"><img loading=\"lazy\" decoding=\"async\" aria-describedby=\"caption-attachment-9939\" class=\"size-medium wp-image-9939\" src=\"http:\/\/rosenholm.se\/wp-content\/uploads\/2016\/05\/D3X_8283-350x438.jpg\" alt=\"Piet Oudolfs senaste projekt i Sverige \u00e4r Sk\u00e4rholmens perennpark, invigd h\u00f6sten 2011.\" width=\"350\" height=\"438\" srcset=\"https:\/\/rosenholm.se\/wp-content\/uploads\/2016\/05\/D3X_8283-350x438.jpg 350w, https:\/\/rosenholm.se\/wp-content\/uploads\/2016\/05\/D3X_8283-200x250.jpg 200w, https:\/\/rosenholm.se\/wp-content\/uploads\/2016\/05\/D3X_8283.jpg 560w, https:\/\/rosenholm.se\/wp-content\/uploads\/2016\/05\/D3X_8283-200x250@2x.jpg 400w\" sizes=\"auto, (max-width: 350px) 100vw, 350px\" \/><p id=\"caption-attachment-9939\" class=\"wp-caption-text\">Piet Oudolfs senaste projekt i Sverige \u00e4r Sk\u00e4rholmens perennpark, invigd h\u00f6sten 2011.<\/p><\/div>\n<p>P\u00e5 en bussresa m\u00f6tte han svensken Stefan Matsson. De b\u00f6rjade diskutera en blivande park i Enk\u00f6ping. Piet fick uppdraget. Dr\u00f6mparken, som den fick heta, blev internationellt k\u00e4nd tack vare artiklar i engelska tidskrifter. Fr\u00e5n New Yorks stad kom snart en delegation p\u00e5 studiebes\u00f6k. Piet anlitades f\u00f6r att utforma Battery Park p\u00e5 Manhattans s\u00f6dra udde. Sedan dess har det rullat p\u00e5, med projekt i England, USA, p\u00e5 den europeiska kontinenten och i Sverige<\/p>\n<div id=\"attachment_9940\" style=\"width: 710px\" class=\"wp-caption alignnone\"><img loading=\"lazy\" decoding=\"async\" aria-describedby=\"caption-attachment-9940\" class=\"size-large wp-image-9940\" src=\"http:\/\/rosenholm.se\/wp-content\/uploads\/2016\/05\/D2X_3258-700x428.jpg\" alt=\"Dr\u00f6mparken i Enk\u00f6ping blev n\u00e5got av den nya perennv\u00e5gens genombrott.\" width=\"700\" height=\"428\" srcset=\"https:\/\/rosenholm.se\/wp-content\/uploads\/2016\/05\/D2X_3258-350x214@2x.jpg 700w, https:\/\/rosenholm.se\/wp-content\/uploads\/2016\/05\/D2X_3258-250x153.jpg 250w, https:\/\/rosenholm.se\/wp-content\/uploads\/2016\/05\/D2X_3258-350x214.jpg 350w, https:\/\/rosenholm.se\/wp-content\/uploads\/2016\/05\/D2X_3258-250x153@2x.jpg 500w\" sizes=\"auto, (max-width: 700px) 100vw, 700px\" \/><p id=\"caption-attachment-9940\" class=\"wp-caption-text\">Dr\u00f6mparken i Enk\u00f6ping blev n\u00e5got av den nya perennv\u00e5gens genombrott.<\/p><\/div>\n","protected":false},"excerpt":{"rendered":"<p>Som en impressionists penseldrag i landskapet har stilen beskrivits. Med spiror, solar, parasoller, draperier och mattor kan formerna liknas. Det \u00e4r den nya perennv\u00e5gen det handlar om. L\u00e5t dig inspireras&hellip; <\/p>\n","protected":false},"author":1,"featured_media":0,"parent":0,"menu_order":0,"comment_status":"closed","ping_status":"closed","template":"","meta":{"footnotes":""},"class_list":["post-9887","page","type-page","status-publish","hentry"],"_links":{"self":[{"href":"https:\/\/rosenholm.se\/index.php?rest_route=\/wp\/v2\/pages\/9887","targetHints":{"allow":["GET"]}}],"collection":[{"href":"https:\/\/rosenholm.se\/index.php?rest_route=\/wp\/v2\/pages"}],"about":[{"href":"https:\/\/rosenholm.se\/index.php?rest_route=\/wp\/v2\/types\/page"}],"author":[{"embeddable":true,"href":"https:\/\/rosenholm.se\/index.php?rest_route=\/wp\/v2\/users\/1"}],"replies":[{"embeddable":true,"href":"https:\/\/rosenholm.se\/index.php?rest_route=%2Fwp%2Fv2%2Fcomments&post=9887"}],"version-history":[{"count":51,"href":"https:\/\/rosenholm.se\/index.php?rest_route=\/wp\/v2\/pages\/9887\/revisions"}],"predecessor-version":[{"id":9959,"href":"https:\/\/rosenholm.se\/index.php?rest_route=\/wp\/v2\/pages\/9887\/revisions\/9959"}],"wp:attachment":[{"href":"https:\/\/rosenholm.se\/index.php?rest_route=%2Fwp%2Fv2%2Fmedia&parent=9887"}],"curies":[{"name":"wp","href":"https:\/\/api.w.org\/{rel}","templated":true}]}}