{"id":9371,"date":"2016-03-23T20:21:14","date_gmt":"2016-03-23T19:21:14","guid":{"rendered":"http:\/\/rosenholm.se\/?page_id=9371"},"modified":"2016-04-09T12:15:38","modified_gmt":"2016-04-09T10:15:38","slug":"vertikala-former","status":"publish","type":"page","link":"https:\/\/rosenholm.se\/?page_id=9371","title":{"rendered":"Vertikala former"},"content":{"rendered":"<div id=\"attachment_9457\" style=\"width: 710px\" class=\"wp-caption alignnone\"><img loading=\"lazy\" decoding=\"async\" aria-describedby=\"caption-attachment-9457\" class=\"size-large wp-image-9457\" src=\"http:\/\/rosenholm.se\/wp-content\/uploads\/2016\/03\/DSC_1904-700x428.jpg\" alt=\"Praktriddarsporre\/Tr\u00e4dg\u00e5rdsriddarsporre, Delphinium Belladonna-gruppen\/Elatum-gruppen\" width=\"700\" height=\"428\" srcset=\"https:\/\/rosenholm.se\/wp-content\/uploads\/2016\/03\/DSC_1904-350x214@2x.jpg 700w, https:\/\/rosenholm.se\/wp-content\/uploads\/2016\/03\/DSC_1904-250x153.jpg 250w, https:\/\/rosenholm.se\/wp-content\/uploads\/2016\/03\/DSC_1904-350x214.jpg 350w, https:\/\/rosenholm.se\/wp-content\/uploads\/2016\/03\/DSC_1904-250x153@2x.jpg 500w\" sizes=\"auto, (max-width: 700px) 100vw, 700px\" \/><p id=\"caption-attachment-9457\" class=\"wp-caption-text\">Praktriddarsporre\/Tr\u00e4dg\u00e5rdsriddarsporre, Delphinium Belladonna-\/Elatum-gruppen<\/p><\/div>\n<p><strong>Praktriddarsporre\/Tr\u00e4dg\u00e5rdsriddarsporre<\/strong><br \/>\n<em>Delphinium<\/em> Belladonna- respektive Elatum-gruppen<br \/>\nPerenn med 80\u2013180 cm, beroende p\u00e5 sort, h\u00f6ga\u00a0stiliga blomspiror i bl\u00e5, violetta, rosa och vita\u00a0nyanser under juli\u2013augusti. L\u00e4ttodlad, men\u00a0t\u00e5l inte uttorkning. Kan beh\u00f6va bindas upp. Mycket\u00a0h\u00e4rdig. Trivs i full sol.<\/p>\n<div id=\"attachment_9461\" style=\"width: 710px\" class=\"wp-caption alignnone\"><img loading=\"lazy\" decoding=\"async\" aria-describedby=\"caption-attachment-9461\" class=\"size-large wp-image-9461\" src=\"http:\/\/rosenholm.se\/wp-content\/uploads\/2016\/03\/DSCN2056-700x428.jpg\" alt=\"Pelaridegran, Taxus baccata \u2019David\u2019\" width=\"700\" height=\"428\" srcset=\"https:\/\/rosenholm.se\/wp-content\/uploads\/2016\/03\/DSCN2056-350x214@2x.jpg 700w, https:\/\/rosenholm.se\/wp-content\/uploads\/2016\/03\/DSCN2056-250x153.jpg 250w, https:\/\/rosenholm.se\/wp-content\/uploads\/2016\/03\/DSCN2056-350x214.jpg 350w, https:\/\/rosenholm.se\/wp-content\/uploads\/2016\/03\/DSCN2056-250x153@2x.jpg 500w\" sizes=\"auto, (max-width: 700px) 100vw, 700px\" \/><p id=\"caption-attachment-9461\" class=\"wp-caption-text\">Pelaridegran, Taxus baccata \u2019David\u2019<\/p><\/div>\n<div id=\"attachment_9463\" style=\"width: 360px\" class=\"wp-caption alignright\"><img loading=\"lazy\" decoding=\"async\" aria-describedby=\"caption-attachment-9463\" class=\"size-medium wp-image-9463\" src=\"http:\/\/rosenholm.se\/wp-content\/uploads\/2016\/03\/DSC_7853-350x525.jpg\" alt=\"Guldalm, Ulmus \u00d7 hollandica \u2019Wredei\u2019\" width=\"350\" height=\"525\" srcset=\"https:\/\/rosenholm.se\/wp-content\/uploads\/2016\/03\/DSC_7853-350x525.jpg 350w, https:\/\/rosenholm.se\/wp-content\/uploads\/2016\/03\/DSC_7853-167x250.jpg 167w, https:\/\/rosenholm.se\/wp-content\/uploads\/2016\/03\/DSC_7853.jpg 467w, https:\/\/rosenholm.se\/wp-content\/uploads\/2016\/03\/DSC_7853-167x250@2x.jpg 334w\" sizes=\"auto, (max-width: 350px) 100vw, 350px\" \/><p id=\"caption-attachment-9463\" class=\"wp-caption-text\">Guldalm, Ulmus \u00d7 hollandica \u2019Wredei\u2019<\/p><\/div>\n<p><strong>Pelaridegran<\/strong><br \/>\n<em>Taxus baccata<\/em> \u2019David\u2019<br \/>\nGulbarrig idegran som v\u00e4xer i form av en relativt\u00a0bred pelare. En mycket tacksam och t\u00e5lig\u00a0sort som g\u00f6r sig mycket bra tillsammans med\u00a0klotformiga v\u00e4xter och mattbildande perenner. H\u00f6jd\u00a03\u20135 meter. Zon 3. Sol\u2013halvskugga.<\/p>\n<p><strong>Guldalm<\/strong><br \/>\n<em>Ulmus<\/em>\u00a0\u00d7 <em>hollandica<\/em> \u2019Wredei\u2019<br \/>\nSmalt k\u00e4gelformat v\u00e4xts\u00e4tt. Bladen \u00e4r n\u00e5got krusiga\u00a0och t\u00e4tt tryckta intill skotten. Bladf\u00e4rgen\u00a0\u00e4r speciellt vacker och lysande guldgul under v\u00e5ren\u00a0och f\u00f6rsommaren, f\u00f6r att \u00f6verg\u00e5 i en mer gr\u00f6ngul\u00a0nyans l\u00e4ngre fram. Troligtvis motst\u00e5ndskraftig mot\u00a0almsjukan. H\u00f6jd 6\u201310 m. Zon 3. Sol\u2013halvskugga.<\/p>\n<div id=\"attachment_9459\" style=\"width: 710px\" class=\"wp-caption alignnone\"><img loading=\"lazy\" decoding=\"async\" aria-describedby=\"caption-attachment-9459\" class=\"size-large wp-image-9459\" src=\"http:\/\/rosenholm.se\/wp-content\/uploads\/2016\/03\/DSC_3203-700x428.jpg\" alt=\"Gullstav, Ligularia stenocephala\" width=\"700\" height=\"428\" srcset=\"https:\/\/rosenholm.se\/wp-content\/uploads\/2016\/03\/DSC_3203-350x214@2x.jpg 700w, https:\/\/rosenholm.se\/wp-content\/uploads\/2016\/03\/DSC_3203-250x153.jpg 250w, https:\/\/rosenholm.se\/wp-content\/uploads\/2016\/03\/DSC_3203-350x214.jpg 350w, https:\/\/rosenholm.se\/wp-content\/uploads\/2016\/03\/DSC_3203-250x153@2x.jpg 500w\" sizes=\"auto, (max-width: 700px) 100vw, 700px\" \/><p id=\"caption-attachment-9459\" class=\"wp-caption-text\">M\u00f6rk gullstav, Ligularia stenocephala<\/p><\/div>\n<div id=\"attachment_9456\" style=\"width: 360px\" class=\"wp-caption alignright\"><img loading=\"lazy\" decoding=\"async\" aria-describedby=\"caption-attachment-9456\" class=\"size-medium wp-image-9456\" src=\"http:\/\/rosenholm.se\/wp-content\/uploads\/2016\/03\/DSC_8403-350x525.jpg\" alt=\"Pelarblodbok, Fagus sylvatica \u2019Rohan Obelisk\u2019\" width=\"350\" height=\"525\" srcset=\"https:\/\/rosenholm.se\/wp-content\/uploads\/2016\/03\/DSC_8403-350x525.jpg 350w, https:\/\/rosenholm.se\/wp-content\/uploads\/2016\/03\/DSC_8403-167x250.jpg 167w, https:\/\/rosenholm.se\/wp-content\/uploads\/2016\/03\/DSC_8403.jpg 467w, https:\/\/rosenholm.se\/wp-content\/uploads\/2016\/03\/DSC_8403-167x250@2x.jpg 334w\" sizes=\"auto, (max-width: 350px) 100vw, 350px\" \/><p id=\"caption-attachment-9456\" class=\"wp-caption-text\">Pelarblodbok, Fagus sylvatica \u2019Rohan Obelisk\u2019<\/p><\/div>\n<p><strong>M\u00f6rk gullstav<br \/>\n<\/strong> <em>Ligularia stenocephala<\/em><br \/>\nGula ungef\u00e4r 120 cm h\u00f6ga blomspiror l\u00e4ngs\u00a0en effekfullt m\u00f6rk stj\u00e4lk i juli\u2013augusti.\u00a0En l\u00e4ttodlad och mycket h\u00e4rdig perenn som blir\u00a0allra vackrast i de nordliga delarna av landet.\u00a0Sol\u2013skugga. Beh\u00f6ver fuktighetsh\u00e5llande jord.<\/p>\n<p><strong>Pelarblodbok<br \/>\n<\/strong> <em>Fagus sylvatica<\/em> \u2019Rohan Obelisk\u2019<br \/>\nSmalt pelarlikt v\u00e4xts\u00e4tt med m\u00f6rkt r\u00f6da och flikiga\u00a0blad. Sorten \u2019Dawyck Purple\u2019 har liknande\u00a0f\u00e4rg och v\u00e4xts\u00e4tt, men inte flikiga blad. H\u00f6jd cirka\u00a04\u20138 m. Zon 3. Sol\u2013halvskugga.<\/p>\n<div id=\"attachment_9460\" style=\"width: 710px\" class=\"wp-caption alignnone\"><img loading=\"lazy\" decoding=\"async\" aria-describedby=\"caption-attachment-9460\" class=\"size-large wp-image-9460\" src=\"http:\/\/rosenholm.se\/wp-content\/uploads\/2016\/03\/DSC_8246-700x467.jpg\" alt=\"J\u00e4ttekungsljus, Verbascum olympicum\" width=\"700\" height=\"467\" srcset=\"https:\/\/rosenholm.se\/wp-content\/uploads\/2016\/03\/DSC_8246-350x234@2x.jpg 700w, https:\/\/rosenholm.se\/wp-content\/uploads\/2016\/03\/DSC_8246-250x167.jpg 250w, https:\/\/rosenholm.se\/wp-content\/uploads\/2016\/03\/DSC_8246-350x234.jpg 350w, https:\/\/rosenholm.se\/wp-content\/uploads\/2016\/03\/DSC_8246-250x167@2x.jpg 500w\" sizes=\"auto, (max-width: 700px) 100vw, 700px\" \/><p id=\"caption-attachment-9460\" class=\"wp-caption-text\">J\u00e4ttekungsljus, Verbascum olympicum<\/p><\/div>\n<div id=\"attachment_9458\" style=\"width: 360px\" class=\"wp-caption alignright\"><img loading=\"lazy\" decoding=\"async\" aria-describedby=\"caption-attachment-9458\" class=\"size-medium wp-image-9458\" src=\"http:\/\/rosenholm.se\/wp-content\/uploads\/2016\/03\/DSC_1679-350x525.jpg\" alt=\"Gulbladig pelarbok, Fagus sylvatica \u2019Dawyck Gold\u2019\" width=\"350\" height=\"525\" srcset=\"https:\/\/rosenholm.se\/wp-content\/uploads\/2016\/03\/DSC_1679-350x525.jpg 350w, https:\/\/rosenholm.se\/wp-content\/uploads\/2016\/03\/DSC_1679-167x250.jpg 167w, https:\/\/rosenholm.se\/wp-content\/uploads\/2016\/03\/DSC_1679.jpg 467w, https:\/\/rosenholm.se\/wp-content\/uploads\/2016\/03\/DSC_1679-167x250@2x.jpg 334w\" sizes=\"auto, (max-width: 350px) 100vw, 350px\" \/><p id=\"caption-attachment-9458\" class=\"wp-caption-text\">Gulbladig pelarbok, Fagus sylvatica \u2019Dawyck Gold\u2019<\/p><\/div>\n<p><strong>J\u00e4ttekungsljus<\/strong><br \/>\n<em>Verbascum olympicum<\/em><br \/>\nSm\u00e5 gula blommor som sitter samlade i l\u00e5nga ax\u00a0p\u00e5 den flergrenade stj\u00e4lken ger intryck av en stor\u00a0ljuskandelaber, d\u00e4rav namnet. Kan under\u00a0goda f\u00f6rh\u00e5llanden bli mer \u00e4n 2 meter h\u00f6g. H\u00e4rdig.\u00a0Trivs p\u00e5 torr mager jord i soligt l\u00e4ge.<\/p>\n<p><strong>Gulbladig pelarbok<\/strong><br \/>\n<em>Fagus sylvatica<\/em> \u2019Dawyck Gold\u2019<br \/>\nUppr\u00e4tt pelarformat smalt tr\u00e4d som ger ett strikt\u00a0elegant intryck. Bladf\u00e4rgen \u00e4r f\u00f6rst guldgul\u00a0p\u00e5 v\u00e5ren f\u00f6r att sedan \u00f6verg\u00e5 i en gr\u00f6ngul nyans.\u00a0Har karakt\u00e4ren av nyutsprungen bok i stort sett hela\u00a0sommaren. H\u00f6jd 4\u20138 m. Zon 3. Sol\u2013halvskugga.<\/p>\n<h5><a title=\"Horisontella former\" href=\"http:\/\/rosenholm.se\/?page_id=9454\">Horisontella former<\/a><\/h5>\n","protected":false},"excerpt":{"rendered":"<p>Praktriddarsporre\/Tr\u00e4dg\u00e5rdsriddarsporre Delphinium Belladonna- respektive Elatum-gruppen Perenn med 80\u2013180 cm, beroende p\u00e5 sort, h\u00f6ga\u00a0stiliga blomspiror i bl\u00e5, violetta, rosa och vita\u00a0nyanser under juli\u2013augusti. L\u00e4ttodlad, men\u00a0t\u00e5l inte uttorkning. Kan beh\u00f6va bindas upp.&hellip; <\/p>\n","protected":false},"author":1,"featured_media":0,"parent":0,"menu_order":0,"comment_status":"closed","ping_status":"closed","template":"","meta":{"footnotes":""},"class_list":["post-9371","page","type-page","status-publish","hentry"],"_links":{"self":[{"href":"https:\/\/rosenholm.se\/index.php?rest_route=\/wp\/v2\/pages\/9371","targetHints":{"allow":["GET"]}}],"collection":[{"href":"https:\/\/rosenholm.se\/index.php?rest_route=\/wp\/v2\/pages"}],"about":[{"href":"https:\/\/rosenholm.se\/index.php?rest_route=\/wp\/v2\/types\/page"}],"author":[{"embeddable":true,"href":"https:\/\/rosenholm.se\/index.php?rest_route=\/wp\/v2\/users\/1"}],"replies":[{"embeddable":true,"href":"https:\/\/rosenholm.se\/index.php?rest_route=%2Fwp%2Fv2%2Fcomments&post=9371"}],"version-history":[{"count":31,"href":"https:\/\/rosenholm.se\/index.php?rest_route=\/wp\/v2\/pages\/9371\/revisions"}],"predecessor-version":[{"id":9558,"href":"https:\/\/rosenholm.se\/index.php?rest_route=\/wp\/v2\/pages\/9371\/revisions\/9558"}],"wp:attachment":[{"href":"https:\/\/rosenholm.se\/index.php?rest_route=%2Fwp%2Fv2%2Fmedia&parent=9371"}],"curies":[{"name":"wp","href":"https:\/\/api.w.org\/{rel}","templated":true}]}}