{"id":9132,"date":"2016-02-19T22:32:36","date_gmt":"2016-02-19T21:32:36","guid":{"rendered":"http:\/\/rosenholm.se\/?page_id=9132"},"modified":"2016-09-22T22:39:36","modified_gmt":"2016-09-22T20:39:36","slug":"farger","status":"publish","type":"page","link":"https:\/\/rosenholm.se\/?page_id=9132","title":{"rendered":"TR\u00c4DG\u00c5RDENS F\u00c4RGER"},"content":{"rendered":"<p>Att ha f\u00e4rgernas samspel i \u00e5tanke vid planeringen av\u00a0rabatter kan g\u00f6ra att hela kompositionen f\u00e5r ett extra lyft.\u00a0I r\u00e4tt s\u00e4llskap kan en v\u00e4xts sk\u00f6nhet f\u00f6rst\u00e4rkas, medan en\u00a0ol\u00e4mplig granne kan f\u00f6rs\u00e4mra intrycket. Hur g\u00f6r man d\u00e5\u00a0f\u00f6r att f\u00e5 till det? Som alltid med tr\u00e4dg\u00e5rd finns det inte ett\u00a0s\u00e4tt att g\u00f6ra p\u00e5, utan som tur \u00e4r v\u00e4ldigt m\u00e5nga.<\/p>\n<p>En rabatt kan vara vacker p\u00e5 olika s\u00e4tt. Den kan till\u00a0exempel vara uppbyggd av varma starka f\u00e4rger eller f\u00f6lja\u00a0en sval pastellig f\u00e4rgskala. Beroende p\u00e5 vilket, f\u00f6rmedlas\u00a0helt olika k\u00e4nslor till betraktaren. Det \u00e4r roligt att arbeta med\u00a0att skapa olika st\u00e4mningar i olika delar av tr\u00e4dg\u00e5rden. Man\u00a0kan skapa en romantisk h\u00f6rna med rosa, bl\u00e5aktiga och vita\u00a0toner och en eldig h\u00f6rna med r\u00f6tt, orange och starkt gult.<\/p>\n<p>Att blanda alla de h\u00e4r f\u00e4rgerna p\u00e5 ett ett och samma st\u00e4lle\u00a0\u00e4r sv\u00e5rare att f\u00e5 till. F\u00e4rgerna f\u00f6rtar l\u00e4tt varandras sk\u00f6nhet\u00a0och skapar ett r\u00f6rigt intryck. Men \u00e4r man experimentsugen\u00a0och beredd att ta misslyckanden p\u00e5 v\u00e4gen, g\u00e5r det s\u00e4kert\u00a0att hitta nya om\u00f6jliga kombinationer som visar sig vara\u00a0fullst\u00e4ndigt bed\u00e5rande. Att en del v\u00e4xter \u00e4r vackra ihop\u00a0uppt\u00e4cker man inte f\u00f6rr\u00e4n man provat i verkligheten. F\u00f6r den som vill vara s\u00e4ker p\u00e5 att snabbt f\u00e5 till en tjusig rabatt kan\u00a0det dock vara bra att k\u00e4nna till lite om hur f\u00e4rger fungerar. Beroende p\u00e5 vilka f\u00e4rger man anv\u00e4nder och\u00a0hur de\u00a0kombineras olika avst\u00e5ndsintryck, effekter och st\u00e4mningar \u00e5stadkommas. Vackra f\u00e4rgkombinationer handlar inte bara\u00a0om blomf\u00e4rger utan lika mycket om bladen och barren.<\/p>\n<div id=\"attachment_9189\" style=\"width: 360px\" class=\"wp-caption alignright\"><img loading=\"lazy\" decoding=\"async\" aria-describedby=\"caption-attachment-9189\" class=\"size-medium wp-image-9189\" src=\"http:\/\/rosenholm.se\/wp-content\/uploads\/2016\/02\/DSC_8411-350x467.jpg\" alt=\"Stachys byzantina \u2019Helene von Stein\u2019 framf\u00f6r skogs och st\u00e4ppsalviorna \u2019Blauh\u00fcgel\u2019, \u2019Caradonna\u2019, Ostfriesland\u2019 och \u2019R\u00fcgen\u2019. Enstaka enstaka m\u00f6rkr\u00f6da blommor av grekv\u00e4dd, Knautia macedonica till v\u00e4nster.\" width=\"350\" height=\"467\" srcset=\"https:\/\/rosenholm.se\/wp-content\/uploads\/2016\/02\/DSC_8411-350x467.jpg 350w, https:\/\/rosenholm.se\/wp-content\/uploads\/2016\/02\/DSC_8411-188x250.jpg 188w, https:\/\/rosenholm.se\/wp-content\/uploads\/2016\/02\/DSC_8411.jpg 525w, https:\/\/rosenholm.se\/wp-content\/uploads\/2016\/02\/DSC_8411-188x250@2x.jpg 376w\" sizes=\"auto, (max-width: 350px) 100vw, 350px\" \/><p id=\"caption-attachment-9189\" class=\"wp-caption-text\">Stachys byzantina \u2019Helene von Stein\u2019 framf\u00f6r skogs- och st\u00e4ppsalviorna \u2019Blauh\u00fcgel\u2019, \u2019Caradonna\u2019, Ostfriesland\u2019 och \u2019R\u00fcgen\u2019. Enstaka enstaka m\u00f6rkr\u00f6da blommor av grekv\u00e4dd, Knautia macedonica till v\u00e4nster.<\/p><\/div>\n<p>Enk\u00f6pings imponerande Dr\u00f6mpark, som har designats\u00a0av den internationellt k\u00e4nde holl\u00e4ndaren Piet Oudolf,\u00a0k\u00e4nnetecknas av stora sammanh\u00e4ngande perennf\u00e4lt som\u00a0ger en n\u00e4stan \u00e4ngsliknande k\u00e4nsla. P\u00e5 bilden syns en\u00a0effektfull komposition med lamm\u00f6ron, <em>Stachys byzantina<\/em>\u00a0\u2019Helene von Stein\u2019, i f\u00f6rgrunden och bakom dem f\u00e4lt av\u00a0fyra olika sorters st\u00e4ppsalvia, <em>Salvia nemorosa<\/em>, som flyter\u00a0in i varandra och skapar ett b\u00f6ljande bl\u00e5violett f\u00e4rgf\u00e4lt i\u00a0effektfullt skiftande nyanser. De st\u00e4ppsalvia sorter som\u00a0anv\u00e4nds h\u00e4r \u00e4r; \u2019Blauh\u00fcgel\u2019, \u2019Caradonna\u2019, \u2019Ostfriesland\u2019 och\u00a0\u2019R\u00fcgen\u2019. De enstaka enstaka m\u00f6rkr\u00f6da blommorna som\u00a0syns till v\u00e4nster i bilden \u00e4r grekv\u00e4dd, <em>Knautia macedonica<\/em>.<\/p>\n<h5>St\u00f6rre f\u00e4lt med en och samma f\u00e4rg<\/h5>\n<div id=\"attachment_9187\" style=\"width: 360px\" class=\"wp-caption alignright\"><img loading=\"lazy\" decoding=\"async\" aria-describedby=\"caption-attachment-9187\" class=\"size-medium wp-image-9187\" src=\"http:\/\/rosenholm.se\/wp-content\/uploads\/2016\/02\/DSC_0313-350x467.jpg\" alt=\"Stora f\u00e4lt av blommande astilbe i tv\u00e5 rosa nyanser och vitt ger ett b\u00e5de storslaget och harmoniskt intryck i Sollidens Slottspark p\u00e5 \u00d6land. Trivs i fuktighetsh\u00e5llande jord i vandrande skugga. I f\u00f6rgrunden utblommade spiror av vita silverax.\" width=\"350\" height=\"467\" srcset=\"https:\/\/rosenholm.se\/wp-content\/uploads\/2016\/02\/DSC_0313-350x467.jpg 350w, https:\/\/rosenholm.se\/wp-content\/uploads\/2016\/02\/DSC_0313-188x250.jpg 188w, https:\/\/rosenholm.se\/wp-content\/uploads\/2016\/02\/DSC_0313.jpg 525w, https:\/\/rosenholm.se\/wp-content\/uploads\/2016\/02\/DSC_0313-188x250@2x.jpg 376w\" sizes=\"auto, (max-width: 350px) 100vw, 350px\" \/><p id=\"caption-attachment-9187\" class=\"wp-caption-text\">Stora f\u00e4lt av blommande astilbe i tv\u00e5 rosa nyanser<br \/>och vitt ger ett b\u00e5de storslaget och harmoniskt intryck i Sollidens Slottspark p\u00e5 \u00d6land. Trivs i fuktighetsh\u00e5llande jord i vandrande skugga. I f\u00f6rgrunden utblommade spiror av vita silverax.<\/p><\/div>\n<p>Flera plantor av en och samma v\u00e4xt ser mer imponerande\u00a0och storslaget ut \u00e4n enstaka v\u00e4xter. Det skapar st\u00f6rre sammanh\u00e4ngande enhetligt f\u00e4rgade f\u00e4lt och bidrar d\u00e4rmed\u00a0till lugn och harmoni. De olika v\u00e4xtf\u00e4ltens form och storlek\u00a0kan varieras efter tycke och smak. Man ska dock se till\u00a0att de blir sinsemellan olika. Det g\u00e4ller att se till att ytor\u00a0med en och samma v\u00e4xt blir tillr\u00e4ckligt stora. F\u00f6r de flesta tr\u00e4dg\u00e5rdsentusiaster, inklusive oss sj\u00e4lva, blir f\u00e4lten l\u00e4tt f\u00f6r\u00a0sm\u00e5 eftersom man vill f\u00e5 plats med s\u00e5 m\u00e5nga olika v\u00e4xter\u00a0som m\u00f6jligt. Ett bra riktm\u00e4rke kan vara att f\u00f6rs\u00f6ka h\u00e5lla\u00a0f\u00e4lten n\u00e5gonstans mellan en kvarts och tv\u00e5 kvadratmeter\u00a0i yta. Helst ska man inte ha f\u00e4rre \u00e4n tre exemplar av en\u00a0v\u00e4xt.<\/p>\n<p>Att en grupp ljusa v\u00e4xter uppfattas som st\u00f6rre \u00e4n\u00a0en lika stor grupp med m\u00f6rkare v\u00e4xter kan ocks\u00e5 vara bra\u00a0att t\u00e4nka p\u00e5 vid planering av rabattkompositioner. Om\u00a0ditt m\u00e5l \u00e4r att m\u00f6rka v\u00e4xter ska dominera med endast\u00a0sm\u00e5 inslag av ljusa blommor beh\u00f6ver du plantera de m\u00f6rka\u00a0i betydligt st\u00f6rre grupper \u00e4n de ljusa f\u00f6r att uppn\u00e5\u00a0den \u00f6nskade effekten.<\/p>\n<h5>Harmonierande f\u00e4rger ger lugn<\/h5>\n<p>Som med allt annat i tr\u00e4dg\u00e5rden, kan f\u00e4rgharmonier\u00a0\u00e5stadkommas p\u00e5 m\u00e5nga olika s\u00e4tt. Ett \u00e4r att v\u00e4lja\u00a0en huvudf\u00e4rg och sedan kombinera den med n\u00e5gra\u00a0n\u00e4rliggande f\u00e4rger. Helst ska man h\u00e5lla sig till antingen den\u00a0varma eller den kalla halvan av <a title=\"F\u00e4rgcirkeln\" href=\"http:\/\/rosenholm.se\/?page_id=9135\">f\u00e4rgcirkeln<\/a>. Till exempel kan\u00a0scharlakansr\u00f6tt samplanteras med olika nyanser av orange\u00a0och brunt. Olika toner av rosa tillsammans med vitt skapar\u00a0en romantisk harmoni.<\/p>\n<p>Att v\u00e4lja ut tv\u00e5 f\u00e4rger som ligger en bit ifr\u00e5n\u00a0varandra p\u00e5 f\u00e4rgskalan och sedan binda ihop dem med\u00a0en mellanliggande f\u00e4rg \u00e4r en metod att skapa harmoni\u00a0som man ofta kan se i engelska rosentr\u00e4dg\u00e5rdar, d\u00e4r ljust\u00a0sk\u00e4ra rosor genom gr\u00e5tt bladverk sammanbinds med bl\u00e5\u00a0nepeta och lavendel. Gr\u00e5tt, gr\u00f6nt och silver \u00e4r f\u00e4rger som\u00a0med f\u00f6rdel kan anv\u00e4ndas f\u00f6r att binda ihop och lugna ner\u00a0en f\u00e4rgkomposition. Ett annat designknep \u00e4r att ha en eller\u00a0h\u00f6gst tv\u00e5 f\u00e4rger som dominerar genom sin f\u00e4rgintensitet,\u00a0men inte i yta, och sedan komplettera det hela med\u00a0matchande mildare f\u00e4rger.<\/p>\n<div id=\"attachment_9188\" style=\"width: 360px\" class=\"wp-caption alignright\"><img loading=\"lazy\" decoding=\"async\" aria-describedby=\"caption-attachment-9188\" class=\"size-medium wp-image-9188\" src=\"http:\/\/rosenholm.se\/wp-content\/uploads\/2016\/02\/DSC_3397-350x467.jpg\" alt=\"Vitblommande brunn\u00e4va, Geranium phaeum \u2018Album\u2019. med daggfunkia, Hosta sieboldiana \u2019Elegans\u2019 och japansk gyllenl\u00f6nn, Acer shirasawanum \u2019Aureum\u2019 bakom. Vitmal\u00f6rt, Artemisia ludoviciana \u2018Silver Queen\u2019 till v\u00e4nster.\" width=\"350\" height=\"467\" srcset=\"https:\/\/rosenholm.se\/wp-content\/uploads\/2016\/02\/DSC_3397-350x467.jpg 350w, https:\/\/rosenholm.se\/wp-content\/uploads\/2016\/02\/DSC_3397-188x250.jpg 188w, https:\/\/rosenholm.se\/wp-content\/uploads\/2016\/02\/DSC_3397.jpg 525w, https:\/\/rosenholm.se\/wp-content\/uploads\/2016\/02\/DSC_3397-188x250@2x.jpg 376w\" sizes=\"auto, (max-width: 350px) 100vw, 350px\" \/><p id=\"caption-attachment-9188\" class=\"wp-caption-text\">Vitblommande brunn\u00e4va, Geranium phaeum \u2018Album\u2019. med daggfunkia, Hosta sieboldiana \u2019Elegans\u2019 och japansk gyllenl\u00f6nn, Acer shirasawanum \u2019Aureum\u2019 bakom. Vitmal\u00f6rt, Artemisia ludoviciana \u2018Silver Queen\u2019 till v\u00e4nster.<\/p><\/div>\n<p>I v\u00e5r id\u00e9tr\u00e4dg\u00e5rd p\u00e5 Ulriksdal Flower Show \u00e5r 2004\u00a0anv\u00e4nde vi en begr\u00e4nsad f\u00e4rgskala, med olika nyanser\u00a0av gr\u00f6nt, lime, gult, bl\u00e5tt, vitt och silver, f\u00f6r att skapa en\u00a0harmonisk och samst\u00e4md rabatt. De sm\u00e5 vita blommorna\u00a0l\u00e4ngst fram \u00e4r vitblommande brunn\u00e4va, <em>Geranium phaeum<\/em>\u00a0\u2018Album\u2019. Bakom syns daggfunkians, <em>Hosta sieboldiana<\/em>\u00a0\u2019Elegans\u2019, eleganta, bl\u00e5daggiga blad som skapar en mild,\u00a0men verkningsfull kontrast mot den japanska gyllenl\u00f6nnens,\u00a0<em>Acer shirasawanum<\/em> \u2019Aureum\u2019, limef\u00e4rgade blad.\u00a0Vitmal\u00f6rtens, <em>Artemisia ludoviciana<\/em> \u2018Silver Queen\u2019, silvriga\u00a0bladverk, som syns till v\u00e4nster, anv\u00e4nds f\u00f6r att binda ihop\u00a0och mjuka upp rabattens intryck.<\/p>\n<h5>Glidande f\u00e4rgskala<\/h5>\n<p>Med lite eftertanke g\u00e5r det att komponera harmoniska\u00a0rabatter med m\u00e5nga f\u00e4rger fr\u00e5n olika delar av f\u00e4rgspektrat.\u00a0Knepet \u00e4r att, liksom den ber\u00f6mda tr\u00e4dg\u00e5rdsarkitekten\u00a0Gertrude Jekyll (1843\u20131932), l\u00e5ta f\u00e4rgskalan p\u00e5 ett\u00a0f\u00f6rsiktigt och smidigt s\u00e4tt glida fr\u00e5n ena \u00e4nden av rabatten\u00a0till den andra. I sin 60 meter l\u00e5nga och drygt 4 meter breda\u00a0huvudrabatt. hemma i den egna tr\u00e4dg\u00e5rden p\u00e5 Munstead\u00a0Wood, l\u00e4t hon f\u00e4rgerna mjukt glida fr\u00e5n kalla bl\u00e5 och\u00a0m\u00f6rklila toner i rabattens \u00e4ndar till varma starka f\u00e4rger i\u00a0rabattens mitt. En komposition som ytterligare f\u00f6rst\u00e4rkte\u00a0lyskraften hos de kraftigare varma f\u00e4rgerna i mitten.<\/p>\n<p>Det finns s\u00e4llan plats f\u00f6r en fullst\u00e4ndig\u00a0komposition av det h\u00e4r slaget i en vanlig villatr\u00e4dg\u00e5rd, men\u00a0n\u00e5gon mindre variant av rabatt med glidande f\u00e4rgskala kan\u00a0vara nog s\u00e5 effektfull. I en rabatt med glidande f\u00e4rgskala\u00a0spelar sammanbindingsf\u00e4rgerna gr\u00f6nt, gr\u00e5tt och silver\u00a0en viktig roll liksom \u00e4ven blommor med bleka toner av de\u00a0inblandade f\u00e4rgerna.<\/p>\n<div id=\"attachment_9186\" style=\"width: 360px\" class=\"wp-caption alignright\"><img loading=\"lazy\" decoding=\"async\" aria-describedby=\"caption-attachment-9186\" class=\"size-medium wp-image-9186\" src=\"http:\/\/rosenholm.se\/wp-content\/uploads\/2016\/02\/Rosa-mot-r\u00f6tt-350x467.jpg\" alt=\"Vingbenved, Euonymus alatus, med blommande kinesisk k\u00e4rleks\u00f6rt, Sedum spectabile, framf\u00f6r. Till v\u00e4nster en guldgran, Picea orientalis \u2019Aurea\u2019.\" width=\"350\" height=\"467\" srcset=\"https:\/\/rosenholm.se\/wp-content\/uploads\/2016\/02\/Rosa-mot-r\u00f6tt-350x467.jpg 350w, https:\/\/rosenholm.se\/wp-content\/uploads\/2016\/02\/Rosa-mot-r\u00f6tt-188x250.jpg 188w, https:\/\/rosenholm.se\/wp-content\/uploads\/2016\/02\/Rosa-mot-r\u00f6tt.jpg 525w, https:\/\/rosenholm.se\/wp-content\/uploads\/2016\/02\/Rosa-mot-r\u00f6tt-188x250@2x.jpg 376w\" sizes=\"auto, (max-width: 350px) 100vw, 350px\" \/><p id=\"caption-attachment-9186\" class=\"wp-caption-text\">Vingbenved, Euonymus alatus, med blommande kinesisk k\u00e4rleks\u00f6rt, Hylotelephium\u00a0spectabile, framf\u00f6r. Till v\u00e4nster en guldgran, Picea orientalis \u2019Aurea\u2019.<\/p><\/div>\n<p>I den ungef\u00e4r 15 meter l\u00e5nga rabatten l\u00e4ngs v\u00e5r entr\u00e9g\u00e5ng har\u00a0vi l\u00e5tit f\u00e4rgskalan glida fr\u00e5n r\u00f6da toner i ena \u00e4nden\u00a0till mer bl\u00e5 i den andra. F\u00e4rgskalan varierar \u00f6ver \u00e5ret. Till h\u00f6ger\u00a0en h\u00f6stbild fr\u00e5n rabattens\u00a0r\u00f6da del d\u00e4r en vingbenved, <em>Euonymus alatus<\/em>, bidrar med\u00a0sprakande f\u00e4rg. Framf\u00f6r syns rosar\u00f6d blommande\u00a0kinesisk k\u00e4rleks\u00f6rt, <em>Hylotelephium spectabile<\/em>. Till v\u00e4nster en\u00a0guldgran, <em>Picea orientalis<\/em> \u2019Aurea\u2019, som p\u00e5 v\u00e5ren b\u00e4r skott med f\u00f6rtjusande guldgul f\u00e4rg.\u00a0P\u00e5 bilden nedan entr\u00e9rabattens bl\u00e5 del med bl\u00e5lila st\u00e4ppsalvia, <em>Salvia nemorosa<\/em> \u2019Ostfriesland\u2019, och himmelsbl\u00e5 kantnepeta, <em>Nepeta<\/em> x <em>faassenii\u00a0<\/em>\u2019Six Hills Giant\u2019, l\u00e4ngre bak. Den r\u00f6dlila l\u00e5ga v\u00e4xten emellan \u00e4r r\u00f6df\u00e4rgad kl\u00f6ver som tagit sig in som olovligt, men\u00a0effektfullt, ogr\u00e4s.<\/p>\n<div id=\"attachment_9185\" style=\"width: 710px\" class=\"wp-caption alignnone\"><img loading=\"lazy\" decoding=\"async\" aria-describedby=\"caption-attachment-9185\" class=\"size-large wp-image-9185\" src=\"http:\/\/rosenholm.se\/wp-content\/uploads\/2016\/02\/St\u00e4ppsalvia-och-nepeta-700x467.jpg\" alt=\"Bl\u00e5lila st\u00e4ppsalvia, Salvia nemorosa \u2019Ostfriesland\u2019, i f\u00f6rgrunden med kantnepeta, Nepeta x faassenii \u2019Six Hills Giant\u2019, l\u00e4ngre bak d\u00e4r emellan r\u00f6df\u00e4rgad kl\u00f6ver som effektfullt ogr\u00e4s.\" width=\"700\" height=\"467\" srcset=\"https:\/\/rosenholm.se\/wp-content\/uploads\/2016\/02\/St\u00e4ppsalvia-och-nepeta-350x234@2x.jpg 700w, https:\/\/rosenholm.se\/wp-content\/uploads\/2016\/02\/St\u00e4ppsalvia-och-nepeta-250x167.jpg 250w, https:\/\/rosenholm.se\/wp-content\/uploads\/2016\/02\/St\u00e4ppsalvia-och-nepeta-350x234.jpg 350w, https:\/\/rosenholm.se\/wp-content\/uploads\/2016\/02\/St\u00e4ppsalvia-och-nepeta-250x167@2x.jpg 500w\" sizes=\"auto, (max-width: 700px) 100vw, 700px\" \/><p id=\"caption-attachment-9185\" class=\"wp-caption-text\">Bl\u00e5lila st\u00e4ppsalvia, Salvia nemorosa \u2019Ostfriesland\u2019, i f\u00f6rgrunden med kantnepeta, Nepeta x faassenii \u2019Six Hills Giant\u2019, l\u00e4ngre bak d\u00e4r emellan r\u00f6df\u00e4rgad kl\u00f6ver som effektfullt ogr\u00e4s.<\/p><\/div>\n<h5>Kontrasterande f\u00e4rger ger sp\u00e4nning<\/h5>\n<p>Sp\u00e4nning ska komma i lagom portioner tycker de flesta och\u00a0det g\u00e4ller \u00e4ven f\u00e4rgkontraster i tr\u00e4dg\u00e5rden. Blir de f\u00f6r m\u00e5nga\u00a0slutar de att vara effektiva och blir de f\u00f6r f\u00e5 kan tr\u00e4dg\u00e5rden\u00a0uppfattas som tr\u00e5kig.<\/p>\n<p>M\u00f6ten mellan kontrasterande f\u00e4rger sk\u00e4nker en\u00a0k\u00e4nsla av liv och sp\u00e4nning. F\u00e4rgkontraster kan vara allt\u00a0fr\u00e5n sm\u00e5 och milda till starka och kraftfulla. Skarpa\u00a0kontraster skapar uppm\u00e4rksamhet, fokus och f\u00e5r \u00f6gat\u00a0att stanna upp, medan mjukare till\u00e5ter blicken att\u00a0glida vidare. En rabatt som ska uppfattas som vacker och\u00a0v\u00e4lkomponerad f\u00e5r inte ha f\u00f6r m\u00e5nga enskilda effekter som\u00a0drar blicken till sig. D\u00e4rf\u00f6r ska starka kontraster anv\u00e4ndas\u00a0betydligt sparsammare \u00e4n de milda.<\/p>\n<div id=\"attachment_9184\" style=\"width: 710px\" class=\"wp-caption alignnone\"><img loading=\"lazy\" decoding=\"async\" aria-describedby=\"caption-attachment-9184\" class=\"size-large wp-image-9184\" src=\"http:\/\/rosenholm.se\/wp-content\/uploads\/2016\/02\/DSCN2389-700x467.jpg\" alt=\"Bl\u00e5 bergvallmo, Meconopsis betonicifolia, tillsammans med r\u00f6dorange azalea och r\u00f6da kandelabervivor skapar genom sin h\u00e4ftiga kontrastverkan en vibrerande sp\u00e4nningsfylld st\u00e4mning. Bild fr\u00e5n Sofiero slott i Sk\u00e5ne.\" width=\"700\" height=\"467\" srcset=\"https:\/\/rosenholm.se\/wp-content\/uploads\/2016\/02\/DSCN2389-350x234@2x.jpg 700w, https:\/\/rosenholm.se\/wp-content\/uploads\/2016\/02\/DSCN2389-250x167.jpg 250w, https:\/\/rosenholm.se\/wp-content\/uploads\/2016\/02\/DSCN2389-350x234.jpg 350w, https:\/\/rosenholm.se\/wp-content\/uploads\/2016\/02\/DSCN2389-250x167@2x.jpg 500w\" sizes=\"auto, (max-width: 700px) 100vw, 700px\" \/><p id=\"caption-attachment-9184\" class=\"wp-caption-text\">Bl\u00e5 bergvallmo, Meconopsis betonicifolia, tillsammans med r\u00f6dorange azalea och r\u00f6da kandelabervivor skapar genom sin h\u00e4ftiga kontrastverkan en vibrerande sp\u00e4nningsfylld st\u00e4mning. Bild fr\u00e5n Sofiero slott i Sk\u00e5ne.<\/p><\/div>\n<div id=\"attachment_9197\" style=\"width: 360px\" class=\"wp-caption alignright\"><img loading=\"lazy\" decoding=\"async\" aria-describedby=\"caption-attachment-9197\" class=\"size-medium wp-image-9197\" src=\"http:\/\/rosenholm.se\/wp-content\/uploads\/2016\/02\/DSC_8651-350x467.jpg\" alt=\"I 2004 \u00e5rs ett\u00e5riga plantering p\u00e5 Gustaf Adolfs plan i Enk\u00f6ping arbetade man med en v\u00e5gad f\u00e4rgskala i olika r\u00f6da och violetta nyanser. Resultatet blev en enast\u00e5ende h\u00e4ftig rabatt.\" width=\"350\" height=\"467\" srcset=\"https:\/\/rosenholm.se\/wp-content\/uploads\/2016\/02\/DSC_8651-350x467.jpg 350w, https:\/\/rosenholm.se\/wp-content\/uploads\/2016\/02\/DSC_8651-188x250.jpg 188w, https:\/\/rosenholm.se\/wp-content\/uploads\/2016\/02\/DSC_8651.jpg 525w, https:\/\/rosenholm.se\/wp-content\/uploads\/2016\/02\/DSC_8651-188x250@2x.jpg 376w\" sizes=\"auto, (max-width: 350px) 100vw, 350px\" \/><p id=\"caption-attachment-9197\" class=\"wp-caption-text\">I 2004 \u00e5rs ett\u00e5riga plantering p\u00e5 Gustaf Adolfs plan i Enk\u00f6ping arbetade man med en v\u00e5gad f\u00e4rgskala i olika r\u00f6da och violetta nyanser. Resultatet blev en enast\u00e5ende h\u00e4ftig rabatt.<\/p><\/div>\n<p>Komplementf\u00e4rgerna \u2013 r\u00f6tt och gr\u00f6nt, bl\u00e5tt och orange\u00a0samt gult och violett \u2013 ger starka kontraster. Att skapa\u00a0lyckade kontrasteffekter med komplementf\u00e4rger kan vara\u00a0knivigt och man f\u00e5r vara beredd p\u00e5 att det blir en\u00a0del mindre bra kompositioner p\u00e5 v\u00e4gen mot den\u00a0blandning man blir riktigt n\u00f6jd med. L\u00e4ttare blir det om\u00a0man l\u00e5ter en av f\u00e4rgerna upptr\u00e4da i svagare intensitet. Den\u00a0blekgula j\u00e4ttedaggk\u00e5pan,<em> Alchemilla mollis<\/em>, ger till exempel\u00a0fin kontrastverkan tillsammans med kraftigt lila toppklocka,\u00a0<em>Campanula glomerata<\/em>.<\/p>\n<div id=\"attachment_9183\" style=\"width: 710px\" class=\"wp-caption alignnone\"><img loading=\"lazy\" decoding=\"async\" aria-describedby=\"caption-attachment-9183\" class=\"size-full wp-image-9183\" src=\"http:\/\/rosenholm.se\/wp-content\/uploads\/2016\/02\/DSC_3283.jpg\" alt=\"Ett fint exempel p\u00e5 hur en behagfull kontrastverkan kan skapas med tv\u00e5 komplementf\u00e4rger genom att den ena f\u00e4rgen f\u00e5r upptr\u00e4da i svagare intensitet. Den kraftigt bl\u00e5lila klematisen skapar en betydligt lugnare kontrast gentemot de blekgula dillblommorna \u00e4n den skulle g\u00f6ra mot starkt gula blommor. Bild fr\u00e5n koloniomr\u00e5det Lupinen i M\u00e4rsta, Uppland.\" width=\"700\" height=\"467\" srcset=\"https:\/\/rosenholm.se\/wp-content\/uploads\/2016\/02\/DSC_3283-350x234@2x.jpg 700w, https:\/\/rosenholm.se\/wp-content\/uploads\/2016\/02\/DSC_3283-250x167.jpg 250w, https:\/\/rosenholm.se\/wp-content\/uploads\/2016\/02\/DSC_3283-350x234.jpg 350w, https:\/\/rosenholm.se\/wp-content\/uploads\/2016\/02\/DSC_3283-250x167@2x.jpg 500w\" sizes=\"auto, (max-width: 700px) 100vw, 700px\" \/><p id=\"caption-attachment-9183\" class=\"wp-caption-text\">Ett fint exempel p\u00e5 hur en behagfull kontrastverkan kan skapas med tv\u00e5 komplementf\u00e4rger genom att den ena f\u00e4rgen f\u00e5r upptr\u00e4da i svagare intensitet. Den kraftigt bl\u00e5lila klematisen skapar en betydligt lugnare kontrast gentemot de blekgula dillblommorna \u00e4n den skulle g\u00f6ra mot starkt gula blommor. Bild fr\u00e5n koloniomr\u00e5det Lupinen i M\u00e4rsta, Uppland.<\/p><\/div>\n<h5>F\u00e4rger f\u00f6r olika ljus<\/h5>\n<div id=\"attachment_9194\" style=\"width: 360px\" class=\"wp-caption alignright\"><img loading=\"lazy\" decoding=\"async\" aria-describedby=\"caption-attachment-9194\" class=\"size-medium wp-image-9194\" src=\"http:\/\/rosenholm.se\/wp-content\/uploads\/2016\/02\/DSC_1657-350x438.jpg\" alt=\"Starka f\u00e4rger i flammande gult, r\u00f6tt och orange kommer b\u00e4st till sin r\u00e4tt i full sol.\" width=\"350\" height=\"438\" srcset=\"https:\/\/rosenholm.se\/wp-content\/uploads\/2016\/02\/DSC_1657-350x438.jpg 350w, https:\/\/rosenholm.se\/wp-content\/uploads\/2016\/02\/DSC_1657-200x250.jpg 200w, https:\/\/rosenholm.se\/wp-content\/uploads\/2016\/02\/DSC_1657.jpg 560w, https:\/\/rosenholm.se\/wp-content\/uploads\/2016\/02\/DSC_1657-200x250@2x.jpg 400w\" sizes=\"auto, (max-width: 350px) 100vw, 350px\" \/><p id=\"caption-attachment-9194\" class=\"wp-caption-text\">Starka f\u00e4rger i flammande gult, r\u00f6tt och orange kommer b\u00e4st till sin r\u00e4tt i full sol.<\/p><\/div>\n<p>Varma och starka f\u00e4rger kommer b\u00e4st till sin r\u00e4tt i\u00a0starkt solljus medan bleka f\u00e4rger och de som drar mot\u00a0bl\u00e5tt \u00e4r vackrast i skugga och skymning. V\u00e4xter i ljust bl\u00e5tt\u00a0och vitt kan skimra som p\u00e4rlemor n\u00e4r m\u00f6rkret s\u00e4nker sig\u00a0\u00f6ver tr\u00e4dg\u00e5rden. D\u00e5 har de starkare f\u00e4rgerna sedan l\u00e4nge\u00a0slocknat och f\u00e5tt tr\u00e4da tillbaka fr\u00e5n den dominerande roll\u00a0de hade mitt p\u00e5 dagen. Att kv\u00e4llen \u00e4r de bleka f\u00e4rgernas\u00a0h\u00f6gtidsstund \u00e4r n\u00e5got att ha i \u00e5tanke n\u00e4r du anl\u00e4gger en\u00a0rabatt bredvid kv\u00e4llsuteplatsen. Rabatten med blommor i\u00a0flammande gult och r\u00f6tt ska d\u00e4remot, f\u00f6r att b\u00e4st komma\u00a0till sin r\u00e4tt, placeras d\u00e4r du solar mitt p\u00e5 dagen.<\/p>\n<div id=\"attachment_9195\" style=\"width: 710px\" class=\"wp-caption alignnone\"><img loading=\"lazy\" decoding=\"async\" aria-describedby=\"caption-attachment-9195\" class=\"size-large wp-image-9195\" src=\"http:\/\/rosenholm.se\/wp-content\/uploads\/2016\/02\/DSC05242-700x467.jpg\" alt=\"Tr\u00e4dg\u00e5rdens vita f\u00e4rger lyser i skymningen och en bra bit in p\u00e5 ljusa sommarn\u00e4tter. Vita aklejor, Aquilegia vulgaris, planterade bland frodiga tuvor av blomsterfunkia, Hosta fortunei \u2019Francee\u2019, f\u00f6rst\u00e4rker b\u00e5da v\u00e4xters sk\u00f6nhetsv\u00e4rde genom att aklejornas vita f\u00e4rg effektfullt plockar upp funkians vita bladkanter. Bild fr\u00e5n v\u00e5r id\u00e9tr\u00e4dg\u00e5rd p\u00e5 Ulriksdal Flower Show 2004.\" width=\"700\" height=\"467\" srcset=\"https:\/\/rosenholm.se\/wp-content\/uploads\/2016\/02\/DSC05242-350x234@2x.jpg 700w, https:\/\/rosenholm.se\/wp-content\/uploads\/2016\/02\/DSC05242-250x167.jpg 250w, https:\/\/rosenholm.se\/wp-content\/uploads\/2016\/02\/DSC05242-350x234.jpg 350w, https:\/\/rosenholm.se\/wp-content\/uploads\/2016\/02\/DSC05242-250x167@2x.jpg 500w\" sizes=\"auto, (max-width: 700px) 100vw, 700px\" \/><p id=\"caption-attachment-9195\" class=\"wp-caption-text\">Tr\u00e4dg\u00e5rdens vita f\u00e4rger lyser i skymningen och en bra bit in p\u00e5 ljusa sommarn\u00e4tter. Vita aklejor, Aquilegia vulgaris, planterade bland frodiga tuvor av blomsterfunkia, Hosta fortunei \u2019Francee\u2019, f\u00f6rst\u00e4rker b\u00e5da v\u00e4xters sk\u00f6nhetsv\u00e4rde genom att aklejornas vita f\u00e4rg effektfullt plockar upp funkians vita bladkanter. Bild fr\u00e5n v\u00e5r id\u00e9tr\u00e4dg\u00e5rd p\u00e5 Ulriksdal Flower Show 2004.<\/p><\/div>\n<div id=\"attachment_9190\" style=\"width: 360px\" class=\"wp-caption alignright\"><img loading=\"lazy\" decoding=\"async\" aria-describedby=\"caption-attachment-9190\" class=\"size-medium wp-image-9190\" src=\"http:\/\/rosenholm.se\/wp-content\/uploads\/2016\/02\/DSC_9587-350x467.jpg\" alt=\"I den ljuvliga sammetshortensians, Hydrangea aspera ssp.sargentiana, sm\u00e5 fertila mittblommor \u00e5terfinner man str\u00e5k av riddarsporrens bl\u00e5 f\u00e4rg. Att placera v\u00e4xter som f\u00e5ngar upp nyanser av varandras f\u00e4rger bredvid varandra \u00e4r ett bra s\u00e4tt att skapa vackra kombinationer.\" width=\"350\" height=\"467\" srcset=\"https:\/\/rosenholm.se\/wp-content\/uploads\/2016\/02\/DSC_9587-350x467.jpg 350w, https:\/\/rosenholm.se\/wp-content\/uploads\/2016\/02\/DSC_9587-188x250.jpg 188w, https:\/\/rosenholm.se\/wp-content\/uploads\/2016\/02\/DSC_9587.jpg 525w, https:\/\/rosenholm.se\/wp-content\/uploads\/2016\/02\/DSC_9587-188x250@2x.jpg 376w\" sizes=\"auto, (max-width: 350px) 100vw, 350px\" \/><p id=\"caption-attachment-9190\" class=\"wp-caption-text\">I den ljuvliga sammetshortensians, Hydrangea aspera ssp.sargentiana, sm\u00e5 fertila mittblommor \u00e5terfinner man str\u00e5k av riddarsporrens bl\u00e5 f\u00e4rg. Att placera v\u00e4xter som f\u00e5ngar upp nyanser av varandras f\u00e4rger bredvid varandra \u00e4r ett bra s\u00e4tt att skapa vackra kombinationer.<\/p><\/div>\n<h5>F\u00e4rger ger olika avst\u00e5ndsintryck<\/h5>\n<p>Kalla bl\u00e5, violetta och gr\u00e5 nyanser skapar djup och avst\u00e5nd.\u00a0De tycks befinna sig l\u00e4ngre bort \u00e4n varma f\u00e4rger. Att plantera\u00a0v\u00e4xter i svala f\u00e4rger i tr\u00e4dg\u00e5rdens utkanter \u00e4r ett knep som\u00a0kan anv\u00e4ndas f\u00f6r att f\u00e5 tr\u00e4dg\u00e5rden att verka st\u00f6rre \u00e4n den \u00e4r.\u00a0P\u00e5 samma s\u00e4tt kan en tomt som \u00e4r f\u00f6r l\u00e5ngsmal, upplevas\u00a0som kortare genom att v\u00e4xter med varma f\u00e4rger planteras\u00a0vid kortsidorna. Om du vill dra full nytta av f\u00e4rgernas olika\u00a0djupverkan f\u00f6r att skapa intryck av en volumin\u00f6s rabatt ska\u00a0varma f\u00e4rger placeras framf\u00f6r kalla och inte vice versa. P\u00e5\u00a0liknande s\u00e4tt ger bleka f\u00e4rger ett intryck av st\u00f6rre avst\u00e5nd\u00a0\u00e4n motsvarande f\u00e4rger i starkare intensitet.<\/p>\n<div id=\"attachment_9192\" style=\"width: 710px\" class=\"wp-caption alignnone\"><img loading=\"lazy\" decoding=\"async\" aria-describedby=\"caption-attachment-9192\" class=\"size-large wp-image-9192\" src=\"http:\/\/rosenholm.se\/wp-content\/uploads\/2016\/02\/DSC08534-700x525.jpg\" alt=\"N\u00e4stan som en brudbukett \u00e4r denna helt vita kombination, som \u00e5terfinns p\u00e5 Merlo slott i Medelpad, med stora vita liljor mot fluffiga skyar av vit brudsl\u00f6ja. Det vilar en s\u00e4rskild romantik \u00f6ver vita tr\u00e4dg\u00e5rdar. M\u00e5nga \u00e4r de vackra vitblommande v\u00e4xter som, tillsammans med gr\u00e5silvriga bladv\u00e4xter och en och annan svagt pastellf\u00e4rgad blomma i n\u00e5gon avvikande f\u00e4rg, kan anv\u00e4ndas f\u00f6r att bygga en ljust vitskimrande tr\u00e4dg\u00e5rd.\" width=\"700\" height=\"525\" srcset=\"https:\/\/rosenholm.se\/wp-content\/uploads\/2016\/02\/DSC08534-350x263@2x.jpg 700w, https:\/\/rosenholm.se\/wp-content\/uploads\/2016\/02\/DSC08534-250x188.jpg 250w, https:\/\/rosenholm.se\/wp-content\/uploads\/2016\/02\/DSC08534-350x263.jpg 350w, https:\/\/rosenholm.se\/wp-content\/uploads\/2016\/02\/DSC08534-250x188@2x.jpg 500w\" sizes=\"auto, (max-width: 700px) 100vw, 700px\" \/><p id=\"caption-attachment-9192\" class=\"wp-caption-text\">N\u00e4stan som en brudbukett \u00e4r denna vita kombination fr\u00e5n Merlo slott i Medelpad, med stora vita liljor mot fluffiga skyar av vit brudsl\u00f6ja. Det vilar en s\u00e4rskild romantik \u00f6ver vita tr\u00e4dg\u00e5rdar. M\u00e5nga \u00e4r de vitblommande v\u00e4xter som med gr\u00e5silvriga bladv\u00e4xter och en och annan svagt pastellf\u00e4rgad blomma i avvikande f\u00e4rg bygger en ljust vitskimrande tr\u00e4dg\u00e5rd.<\/p><\/div>\n<h5>Att anv\u00e4nda en enda f\u00e4rg<\/h5>\n<div id=\"attachment_9196\" style=\"width: 360px\" class=\"wp-caption alignright\"><img loading=\"lazy\" decoding=\"async\" aria-describedby=\"caption-attachment-9196\" class=\"size-medium wp-image-9196\" src=\"http:\/\/rosenholm.se\/wp-content\/uploads\/2016\/02\/DSC05975-350x467.jpg\" alt=\"De passar s\u00e5 bra ihop, de rosa och vita lupinerna och den rosa och vita pionen. En rosa del av tr\u00e4dg\u00e5rden skapades genom att lupinen sn\u00e4llt hybridiserade och sj\u00e4lv hittade r\u00e4tt plats. Bild fr\u00e5n v\u00e5r egen tr\u00e4dg\u00e5rd. Bladverket i bakgrunden \u00e4r en hybridblomsterkornell, Cornus florida x nuttallii \u2019Eddie\u2019s White Wonder\u2019.\" width=\"350\" height=\"467\" srcset=\"https:\/\/rosenholm.se\/wp-content\/uploads\/2016\/02\/DSC05975-350x467.jpg 350w, https:\/\/rosenholm.se\/wp-content\/uploads\/2016\/02\/DSC05975-188x250.jpg 188w, https:\/\/rosenholm.se\/wp-content\/uploads\/2016\/02\/DSC05975.jpg 525w, https:\/\/rosenholm.se\/wp-content\/uploads\/2016\/02\/DSC05975-188x250@2x.jpg 376w\" sizes=\"auto, (max-width: 350px) 100vw, 350px\" \/><p id=\"caption-attachment-9196\" class=\"wp-caption-text\">De passar s\u00e5 bra ihop, de rosa och vita lupinerna och den rosa och vita pionen. Denna rosa del av v\u00e5r tr\u00e4dg\u00e5rd skapades genom att lupinen sn\u00e4llt hybridiserade och sj\u00e4lv hittade r\u00e4tt plats. I bakgrunden bladen av hybridblomsterkornellen \u2019Eddie\u2019s White Wonder\u2019.<\/p><\/div>\n<p>Enf\u00e4rgade tr\u00e4dg\u00e5rdar och rabatter \u00e4r popul\u00e4ra. Den fr\u00e4msta\u00a0f\u00f6rebilden \u00e4r Vita Sackville-Wests ber\u00f6mda vita tr\u00e4dg\u00e5rd p\u00e5\u00a0Sissinghurst. \u00c4ven om vitt \u00e4r den mest tacksamma\u00a0basen kan vilken f\u00e4rg som helst\u00a0anv\u00e4ndas. Med\u00a0nyanser av en och samma\u00a0f\u00e4rg \u00e5stadkoms en harmonisk\u00a0enhet, en\u00a0begr\u00e4nsad f\u00e4rgpalett framh\u00e4ver ocks\u00e5 bladens\u00a0form och textur. Oavsett vilken basf\u00e4rg du v\u00e4ljer tj\u00e4nar\u00a0din enf\u00e4rgade rabatt p\u00e5 att du l\u00e4gger in n\u00e5gon enstaka\u00a0blomma med kontrasterande f\u00e4rg. De vita v\u00e4xterna upplevs\u00a0till exempel som \u00e4nnu vitare om n\u00e5gra f\u00e5 rosa eller ljusbl\u00e5\u00a0blommor smugit sig in ibland dem. P\u00e5 samma s\u00e4tt f\u00f6rst\u00e4rks\u00a0intrycket av en bl\u00e5 plantering om d\u00e4r finns n\u00e5gra inslag av\u00a0blekgula eller kr\u00e4mvita v\u00e4xter.\u00a0F\u00f6rutom basf\u00e4rgen \u00e4r bladverkens nyanser viktiga inslag i enf\u00e4rgskompositionen.<\/p>\n<div id=\"attachment_9191\" style=\"width: 710px\" class=\"wp-caption alignnone\"><img loading=\"lazy\" decoding=\"async\" aria-describedby=\"caption-attachment-9191\" class=\"size-large wp-image-9191\" src=\"http:\/\/rosenholm.se\/wp-content\/uploads\/2016\/02\/DSC04403-700x467.jpg\" alt=\"Ton i ton i gult och gr\u00f6nt. Enf\u00e4rgade rabatter kan g\u00f6ras med n\u00e4stan vilken f\u00e4rg som helst. P\u00e5 bilden, fr\u00e5n v\u00e5r egen tr\u00e4dg\u00e5rd i Uppland, syns nyligen v\u00e5rutsprungna blad av pelaravenbok, Carpinus betulus \u2019Frans Fontaine\u2019, omgivna av gulblommande stor v\u00e5rkrage, Doronicum plantagineum. Till h\u00f6ger syns den n\u00e5got blekare gula gullt\u00f6reln, Euphorbia polychroma, som \u00e4r p\u00e5 sluttampen av sin blomning. N\u00e5gra kvistar fr\u00e5n gul klottuja, Thuja occidentalis \u2019Golden Globe\u2019, sticker fram i fr\u00e4mre delen av bilden.\" width=\"700\" height=\"467\" srcset=\"https:\/\/rosenholm.se\/wp-content\/uploads\/2016\/02\/DSC04403-350x234@2x.jpg 700w, https:\/\/rosenholm.se\/wp-content\/uploads\/2016\/02\/DSC04403-250x167.jpg 250w, https:\/\/rosenholm.se\/wp-content\/uploads\/2016\/02\/DSC04403-350x234.jpg 350w, https:\/\/rosenholm.se\/wp-content\/uploads\/2016\/02\/DSC04403-250x167@2x.jpg 500w\" sizes=\"auto, (max-width: 700px) 100vw, 700px\" \/><p id=\"caption-attachment-9191\" class=\"wp-caption-text\">Ton i ton i gult och gr\u00f6nt. Enf\u00e4rgade rabatter kan g\u00f6ras mest\u00a0vilken f\u00e4rg som helst. P\u00e5 bilden, fr\u00e5n v\u00e5r egen tr\u00e4dg\u00e5rd, syns v\u00e5rutsprungen pelaravenbok, Carpinus betulus \u2019Frans Fontaine\u2019, omgiven\u00a0av stor v\u00e5rkrage, Doronicum plantagineum. Till h\u00f6ger gullt\u00f6rel, Euphorbia polychroma. N\u00e5gra kvistar av\u00a0gul klottuja, Thuja occidentalis \u2019Golden Globe\u2019, l\u00e4ngst\u00a0fram.<\/p><\/div>\n<h5>Utnyttja omgivande f\u00e4rger<\/h5>\n<p>Ett kompositionsknep \u00e4r att v\u00e4lja en blomf\u00e4rg som f\u00e5ngar\u00a0upp nyanser i en v\u00e4xtgrannes blom- eller bladf\u00e4rg. T\u00e4nk ocks\u00e5\u00a0p\u00e5 att det inte bara \u00e4r grannars f\u00e4rger som samspelar\u00a0utan \u00e4ven f\u00e4rger p\u00e5 husfasad, plattl\u00e4ggningar, m\u00f6bler,\u00a0staket och annat. H\u00e4r kan du arbeta med harmonier och kontraster\u00a0p\u00e5 samma s\u00e4tt som med v\u00e4xterna.<\/p>\n<div id=\"attachment_9193\" style=\"width: 710px\" class=\"wp-caption alignnone\"><img loading=\"lazy\" decoding=\"async\" aria-describedby=\"caption-attachment-9193\" class=\"size-large wp-image-9193\" src=\"http:\/\/rosenholm.se\/wp-content\/uploads\/2016\/02\/DSC07050-700x467.jpg\" alt=\"Limegul j\u00e4ttedaggk\u00e5pa, Alchemilla mollis, \u00e4r l\u00e4ckert framf\u00f6r den gula fasaden i Maryhills k\u00e4nda tr\u00e4dg\u00e5rd i Lund. Kl\u00e4tterhortensia, Hydrangea anomala ssp. petiolaris, och formklippt buxbom, Buxus sempervirens, skapar, tillsamans med ett par tr\u00e4krattor, intresse p\u00e5 h\u00f6jden.\" width=\"700\" height=\"467\" srcset=\"https:\/\/rosenholm.se\/wp-content\/uploads\/2016\/02\/DSC07050-350x234@2x.jpg 700w, https:\/\/rosenholm.se\/wp-content\/uploads\/2016\/02\/DSC07050-250x167.jpg 250w, https:\/\/rosenholm.se\/wp-content\/uploads\/2016\/02\/DSC07050-350x234.jpg 350w, https:\/\/rosenholm.se\/wp-content\/uploads\/2016\/02\/DSC07050-250x167@2x.jpg 500w\" sizes=\"auto, (max-width: 700px) 100vw, 700px\" \/><p id=\"caption-attachment-9193\" class=\"wp-caption-text\">Limegul j\u00e4ttedaggk\u00e5pa, Alchemilla mollis, \u00e4r l\u00e4ckert framf\u00f6r den gula fasaden i Maryhills k\u00e4nda tr\u00e4dg\u00e5rd i Lund. Kl\u00e4tterhortensia, Hydrangea anomala ssp. petiolaris, och formklippt buxbom, Buxus sempervirens, skapar, tillsamans med ett par tr\u00e4krattor, intresse p\u00e5 h\u00f6jden.<\/p><\/div>\n<h5><a title=\"Form och h\u00f6jd\" href=\"http:\/\/rosenholm.se\/?page_id=9290\">FORM OCH H\u00d6JD<\/a><\/h5>\n","protected":false},"excerpt":{"rendered":"<p>Att ha f\u00e4rgernas samspel i \u00e5tanke vid planeringen av\u00a0rabatter kan g\u00f6ra att hela kompositionen f\u00e5r ett extra lyft.\u00a0I r\u00e4tt s\u00e4llskap kan en v\u00e4xts sk\u00f6nhet f\u00f6rst\u00e4rkas, medan en\u00a0ol\u00e4mplig granne kan f\u00f6rs\u00e4mra&hellip; <\/p>\n","protected":false},"author":1,"featured_media":0,"parent":0,"menu_order":0,"comment_status":"closed","ping_status":"closed","template":"","meta":{"footnotes":""},"class_list":["post-9132","page","type-page","status-publish","hentry"],"_links":{"self":[{"href":"https:\/\/rosenholm.se\/index.php?rest_route=\/wp\/v2\/pages\/9132","targetHints":{"allow":["GET"]}}],"collection":[{"href":"https:\/\/rosenholm.se\/index.php?rest_route=\/wp\/v2\/pages"}],"about":[{"href":"https:\/\/rosenholm.se\/index.php?rest_route=\/wp\/v2\/types\/page"}],"author":[{"embeddable":true,"href":"https:\/\/rosenholm.se\/index.php?rest_route=\/wp\/v2\/users\/1"}],"replies":[{"embeddable":true,"href":"https:\/\/rosenholm.se\/index.php?rest_route=%2Fwp%2Fv2%2Fcomments&post=9132"}],"version-history":[{"count":45,"href":"https:\/\/rosenholm.se\/index.php?rest_route=\/wp\/v2\/pages\/9132\/revisions"}],"predecessor-version":[{"id":10249,"href":"https:\/\/rosenholm.se\/index.php?rest_route=\/wp\/v2\/pages\/9132\/revisions\/10249"}],"wp:attachment":[{"href":"https:\/\/rosenholm.se\/index.php?rest_route=%2Fwp%2Fv2%2Fmedia&parent=9132"}],"curies":[{"name":"wp","href":"https:\/\/api.w.org\/{rel}","templated":true}]}}