{"id":8461,"date":"2016-01-18T22:42:10","date_gmt":"2016-01-18T21:42:10","guid":{"rendered":"http:\/\/rosenholm.se\/?page_id=8461"},"modified":"2016-01-29T21:48:14","modified_gmt":"2016-01-29T20:48:14","slug":"bra-marktackare","status":"publish","type":"page","link":"https:\/\/rosenholm.se\/?page_id=8461","title":{"rendered":"Bra markt\u00e4ckare"},"content":{"rendered":"<div id=\"attachment_8471\" style=\"width: 710px\" class=\"wp-caption alignnone\"><img loading=\"lazy\" decoding=\"async\" aria-describedby=\"caption-attachment-8471\" class=\"size-large wp-image-8471\" src=\"http:\/\/rosenholm.se\/wp-content\/uploads\/2015\/09\/DSC_4534-700x394.jpg\" alt=\"Europeisk hassel\u00f6rt, Asarum europaeum\" width=\"700\" height=\"394\" srcset=\"https:\/\/rosenholm.se\/wp-content\/uploads\/2015\/09\/DSC_4534-350x197@2x.jpg 700w, https:\/\/rosenholm.se\/wp-content\/uploads\/2015\/09\/DSC_4534-250x141.jpg 250w, https:\/\/rosenholm.se\/wp-content\/uploads\/2015\/09\/DSC_4534-350x197.jpg 350w, https:\/\/rosenholm.se\/wp-content\/uploads\/2015\/09\/DSC_4534-250x141@2x.jpg 500w\" sizes=\"auto, (max-width: 700px) 100vw, 700px\" \/><p id=\"caption-attachment-8471\" class=\"wp-caption-text\">Europeisk hassel\u00f6rt, Asarum europaeum<\/p><\/div>\n<p><strong>Europeisk hassel\u00f6rt<\/strong><br \/>\n<em>Asarum europaeum<\/em><br \/>\nMarkt\u00e4ckande, krypande och vintergr\u00f6n v\u00e4xt. Gl\u00e4nsande l\u00e4derartade blad som ger ett\u00a0exklusivt intryck. Oansenliga blommor som d\u00f6ljs i\u00a0bladverket. F\u00f6rn\u00e4mlig som matta under buskar och\u00a0tr\u00e4d. Bladverket kan skadas av barfrost under\u00a0vintern, men p\u00e5 v\u00e5ren repareras det med nya\u00a0fr\u00e4scha blad som snabbt t\u00e4cker \u00f6ver de gamla. H\u00f6jd\u00a010\u201315 cm. Halvh\u00e4rdig. Trivs i halvskugga\u2013skugga.<\/p>\n<div id=\"attachment_8472\" style=\"width: 710px\" class=\"wp-caption alignnone\"><img loading=\"lazy\" decoding=\"async\" aria-describedby=\"caption-attachment-8472\" class=\"size-full wp-image-8472\" src=\"http:\/\/rosenholm.se\/wp-content\/uploads\/2015\/09\/DSC_1291.jpg\" alt=\"Orm\u00f6ga, Omphalodes verna\" width=\"700\" height=\"394\" srcset=\"https:\/\/rosenholm.se\/wp-content\/uploads\/2015\/09\/DSC_1291-350x197@2x.jpg 700w, https:\/\/rosenholm.se\/wp-content\/uploads\/2015\/09\/DSC_1291-250x141.jpg 250w, https:\/\/rosenholm.se\/wp-content\/uploads\/2015\/09\/DSC_1291-350x197.jpg 350w, https:\/\/rosenholm.se\/wp-content\/uploads\/2015\/09\/DSC_1291-250x141@2x.jpg 500w\" sizes=\"auto, (max-width: 700px) 100vw, 700px\" \/><p id=\"caption-attachment-8472\" class=\"wp-caption-text\">Orm\u00f6ga, Omphalodes verna<\/p><\/div>\n<div id=\"attachment_8469\" style=\"width: 360px\" class=\"wp-caption alignright\"><img loading=\"lazy\" decoding=\"async\" aria-describedby=\"caption-attachment-8469\" class=\"size-medium wp-image-8469\" src=\"http:\/\/rosenholm.se\/wp-content\/uploads\/2015\/09\/DSC04557-350x467.jpg\" alt=\"R\u00f6d sockblomma, Epimedium\u00d7 rubrum\" width=\"350\" height=\"467\" srcset=\"https:\/\/rosenholm.se\/wp-content\/uploads\/2015\/09\/DSC04557-350x467.jpg 350w, https:\/\/rosenholm.se\/wp-content\/uploads\/2015\/09\/DSC04557-188x250.jpg 188w, https:\/\/rosenholm.se\/wp-content\/uploads\/2015\/09\/DSC04557.jpg 525w, https:\/\/rosenholm.se\/wp-content\/uploads\/2015\/09\/DSC04557-188x250@2x.jpg 376w\" sizes=\"auto, (max-width: 350px) 100vw, 350px\" \/><p id=\"caption-attachment-8469\" class=\"wp-caption-text\">R\u00f6d sockblomma, Epimedium\u00d7 rubrum<\/p><\/div>\n<p><strong>Orm\u00f6ga<\/strong><br \/>\n<em>Omphalodes verna<\/em><br \/>\nT\u00e4cker snabbt marken med sina avl\u00e5nga\u00a0hj\u00e4rtformade blad. Blommar med sm\u00e5\u00a0s\u00f6ta bl\u00e5 eller vita blommor i maj. Passar bra under\u00a0buskar och tr\u00e4d. Halvskugga\u2013skugga. H\u00f6jd 15 cm.\u00a0Halvh\u00e4rdig.<\/p>\n<p><strong>R\u00f6d sockblomma<\/strong><br \/>\n<em>Epimedium \u00d7 <\/em><em>rubrum<\/em><br \/>\nBra markt\u00e4ckare som \u00e4ven trivs under buskar och\u00a0tr\u00e4d. Vackert r\u00f6daktigt bladutspring och\u00a0sm\u00e5 r\u00f6da blommor i maj\u2013juni. Odlas fr\u00e4mst f\u00f6r\u00a0de fina bladens skull. H\u00f6jd 20 cm. Mycket h\u00e4rdig.\u00a0Halvskugga\u2013skugga.<\/p>\n<div id=\"attachment_8468\" style=\"width: 710px\" class=\"wp-caption alignnone\"><img loading=\"lazy\" decoding=\"async\" aria-describedby=\"caption-attachment-8468\" class=\"size-full wp-image-8468\" src=\"http:\/\/rosenholm.se\/wp-content\/uploads\/2015\/09\/DSC04627.jpg\" alt=\"Rosenplister, Lamium maculatum\" width=\"700\" height=\"394\" srcset=\"https:\/\/rosenholm.se\/wp-content\/uploads\/2015\/09\/DSC04627-350x197@2x.jpg 700w, https:\/\/rosenholm.se\/wp-content\/uploads\/2015\/09\/DSC04627-250x141.jpg 250w, https:\/\/rosenholm.se\/wp-content\/uploads\/2015\/09\/DSC04627-350x197.jpg 350w, https:\/\/rosenholm.se\/wp-content\/uploads\/2015\/09\/DSC04627-250x141@2x.jpg 500w\" sizes=\"auto, (max-width: 700px) 100vw, 700px\" \/><p id=\"caption-attachment-8468\" class=\"wp-caption-text\">Rosenplister, Lamium maculatum<\/p><\/div>\n<div id=\"attachment_8467\" style=\"width: 360px\" class=\"wp-caption alignright\"><img loading=\"lazy\" decoding=\"async\" aria-describedby=\"caption-attachment-8467\" class=\"size-medium wp-image-8467\" src=\"http:\/\/rosenholm.se\/wp-content\/uploads\/2015\/09\/DSC04635-350x467.jpg\" alt=\"Myskmadra, Galium odoratum\" width=\"350\" height=\"467\" srcset=\"https:\/\/rosenholm.se\/wp-content\/uploads\/2015\/09\/DSC04635-350x467.jpg 350w, https:\/\/rosenholm.se\/wp-content\/uploads\/2015\/09\/DSC04635-188x250.jpg 188w, https:\/\/rosenholm.se\/wp-content\/uploads\/2015\/09\/DSC04635.jpg 525w, https:\/\/rosenholm.se\/wp-content\/uploads\/2015\/09\/DSC04635-188x250@2x.jpg 376w\" sizes=\"auto, (max-width: 350px) 100vw, 350px\" \/><p id=\"caption-attachment-8467\" class=\"wp-caption-text\">Myskmadra, Galium odoratum<\/p><\/div>\n<p><strong>Rosenplister<\/strong><br \/>\n<em>Lamium maculatum<\/em><br \/>\nMattbildande och ofta vintergr\u00f6n v\u00e4xt med effektfulla\u00a0gr\u00f6nvit-m\u00f6nstrade sm\u00e5 blad. S\u00f6ta rosa, lila\u00a0eller vita l\u00e4ppblommor huvudsakligen i maj\u2013juli. Mycket t\u00e5lig och tacksam v\u00e4xt som trivs n\u00e4stan\u00a0\u00f6verallt,\u00a0b\u00f6r\u00a0ej planteras tillsammans med svagv\u00e4xande och\u00a0\u00f6mt\u00e5liga v\u00e4xter. Sj\u00e4lvs\u00e5r sig, nya plantor kan dyka upp b\u00e5de h\u00e4r och d\u00e4r. \u00a0H\u00f6jd 15\u201325 cm. H\u00e4rdig. Sol\u2013skugga.<\/p>\n<p><strong>Myskmadra<\/strong><br \/>\n<em>Galium odoratum<\/em><br \/>\nV\u00e4xer ut till en fin matta med sm\u00e5 fr\u00e4scht gr\u00f6na\u00a0blad som sitter samlade i kransar. Skira,\u00a0stj\u00e4rnlika, vita blommor i sm\u00e5 kvastar under maj\u2013juni. H\u00f6jd 15 cm. H\u00e4rdig. Halvskugga\u2013skugga.<\/p>\n<div id=\"attachment_8466\" style=\"width: 710px\" class=\"wp-caption alignnone\"><img loading=\"lazy\" decoding=\"async\" aria-describedby=\"caption-attachment-8466\" class=\"size-full wp-image-8466\" src=\"http:\/\/rosenholm.se\/wp-content\/uploads\/2015\/09\/DSCN4676.jpg\" alt=\"Penningblad, Lysimachia nummularia\" width=\"700\" height=\"394\" srcset=\"https:\/\/rosenholm.se\/wp-content\/uploads\/2015\/09\/DSCN4676-350x197@2x.jpg 700w, https:\/\/rosenholm.se\/wp-content\/uploads\/2015\/09\/DSCN4676-250x141.jpg 250w, https:\/\/rosenholm.se\/wp-content\/uploads\/2015\/09\/DSCN4676-350x197.jpg 350w, https:\/\/rosenholm.se\/wp-content\/uploads\/2015\/09\/DSCN4676-250x141@2x.jpg 500w\" sizes=\"auto, (max-width: 700px) 100vw, 700px\" \/><p id=\"caption-attachment-8466\" class=\"wp-caption-text\">Penningblad, Lysimachia nummularia<\/p><\/div>\n<div id=\"attachment_8464\" style=\"width: 360px\" class=\"wp-caption alignright\"><img loading=\"lazy\" decoding=\"async\" aria-describedby=\"caption-attachment-8464\" class=\"size-medium wp-image-8464\" src=\"http:\/\/rosenholm.se\/wp-content\/uploads\/2015\/09\/DSC04155-350x467.jpg\" alt=\"Waldsteinia, Waldsteinia ternata\" width=\"350\" height=\"467\" srcset=\"https:\/\/rosenholm.se\/wp-content\/uploads\/2015\/09\/DSC04155-350x467.jpg 350w, https:\/\/rosenholm.se\/wp-content\/uploads\/2015\/09\/DSC04155-188x250.jpg 188w, https:\/\/rosenholm.se\/wp-content\/uploads\/2015\/09\/DSC04155.jpg 525w, https:\/\/rosenholm.se\/wp-content\/uploads\/2015\/09\/DSC04155-188x250@2x.jpg 376w\" sizes=\"auto, (max-width: 350px) 100vw, 350px\" \/><p id=\"caption-attachment-8464\" class=\"wp-caption-text\">Waldsteinia, Waldsteinia ternata<\/p><\/div>\n<p><strong>Penningblad<\/strong><br \/>\n<em>Lysimachia nummularia<\/em><br \/>\nBildar en t\u00e4t matta alldeles intill marken med\u00a0hj\u00e4lp av l\u00e5nga sj\u00e4lvrotande rankor. Ofta\u00a0vintergr\u00f6n. Parvis motsatta sm\u00e5 ljusgr\u00f6na blad\u00a0och gula blommor i juni\u2013augusti. Sorten \u2019Aurea\u2019 p\u00e5 bilden\u00a0har ljusgult bladverk. H\u00f6jd 5 cm. Halvh\u00e4rdig.\u00a0Halvskugga\u2013skugga.<\/p>\n<p><strong>Waldsteinia<\/strong><br \/>\n<em>Waldsteinia ternata<\/em><br \/>\nMattbildande markt\u00e4ckare som sprider sig ganska\u00a0snabbt. F\u00f6rtr\u00e4fflig under l\u00f6vf\u00e4llande buskar\u00a0och tr\u00e4d. B\u00e4r m\u00e5nga sm\u00e5 gula blommor under\u00a0relativt kort tid i maj\u2013juni. Fina vintergr\u00f6na blad som\u00a0ger st\u00f6rre beh\u00e5llning \u00e4n sj\u00e4lva blommorna. H\u00f6jd 20\u00a0cm. H\u00e4rdig. Sol\u2013skugga.<\/p>\n<div id=\"attachment_8465\" style=\"width: 710px\" class=\"wp-caption alignnone\"><img loading=\"lazy\" decoding=\"async\" aria-describedby=\"caption-attachment-8465\" class=\"size-large wp-image-8465\" src=\"http:\/\/rosenholm.se\/wp-content\/uploads\/2015\/09\/Silver-Carpet-700x394.jpg\" alt=\"Lamm\u00f6ron, Stachys byzantina \u2019Silver Carpet\u2019\" width=\"700\" height=\"394\" srcset=\"https:\/\/rosenholm.se\/wp-content\/uploads\/2015\/09\/Silver-Carpet-350x197@2x.jpg 700w, https:\/\/rosenholm.se\/wp-content\/uploads\/2015\/09\/Silver-Carpet-250x141.jpg 250w, https:\/\/rosenholm.se\/wp-content\/uploads\/2015\/09\/Silver-Carpet-350x197.jpg 350w, https:\/\/rosenholm.se\/wp-content\/uploads\/2015\/09\/Silver-Carpet-250x141@2x.jpg 500w\" sizes=\"auto, (max-width: 700px) 100vw, 700px\" \/><p id=\"caption-attachment-8465\" class=\"wp-caption-text\">Lamm\u00f6ron, Stachys byzantina \u2019Silver Carpet\u2019<\/p><\/div>\n<div id=\"attachment_8470\" style=\"width: 360px\" class=\"wp-caption alignright\"><img loading=\"lazy\" decoding=\"async\" aria-describedby=\"caption-attachment-8470\" class=\"size-medium wp-image-8470\" src=\"http:\/\/rosenholm.se\/wp-content\/uploads\/2015\/09\/DSC_7282-350x467.jpg\" alt=\"Skuggr\u00f6na, Pachysandra terminalis\" width=\"350\" height=\"467\" srcset=\"https:\/\/rosenholm.se\/wp-content\/uploads\/2015\/09\/DSC_7282-350x467.jpg 350w, https:\/\/rosenholm.se\/wp-content\/uploads\/2015\/09\/DSC_7282-188x250.jpg 188w, https:\/\/rosenholm.se\/wp-content\/uploads\/2015\/09\/DSC_7282.jpg 525w, https:\/\/rosenholm.se\/wp-content\/uploads\/2015\/09\/DSC_7282-188x250@2x.jpg 376w\" sizes=\"auto, (max-width: 350px) 100vw, 350px\" \/><p id=\"caption-attachment-8470\" class=\"wp-caption-text\">Skuggr\u00f6na, Pachysandra terminalis<\/p><\/div>\n<p><strong>Lamm\u00f6ron<\/strong><br \/>\n<em>Stachys byzantina<\/em> \u2019Silver Carpet\u2019<br \/>\nL\u00e5g markt\u00e4ckande sort av lamm\u00f6ron som inte blommar. Bildar en vacker silvergr\u00e5\u00a0som trivs i soligt och v\u00e4ldr\u00e4nerat l\u00e4ge.\u00a0vitludna bladen som ligger t\u00e4tt intill marken\u00a0och sk\u00f6na att stryka med handen. H\u00f6jd\u00a0Mycket h\u00e4rdig. Sol\u2013halvskugga.<\/p>\n<p><strong>Skuggr\u00f6na<\/strong><br \/>\n<em>Pachysandra terminalis<\/em><br \/>\nVintergr\u00f6n markt\u00e4ckare med friskt gr\u00f6na blanka och\u00a0n\u00e5got l\u00e4derartade blad. Relativt oansenlig\u00a0blomning i maj. H\u00f6jd 20 cm. Bildar med tiden fina\u00a0markt\u00e4ckande mattor. V\u00e4lj sorten \u2019Green Carpet\u2019\u00a0som blir t\u00e4tare \u00e4n arten och n\u00e5got l\u00e4gre. H\u00e4rdig.\u00a0Halvskugga\u2013skugga.<\/p>\n<h5><a title=\"Kombinera blomningstider\" href=\"http:\/\/rosenholm.se\/?page_id=8755\">Kombinera blomningstider<\/a><\/h5>\n","protected":false},"excerpt":{"rendered":"<p>Europeisk hassel\u00f6rt Asarum europaeum Markt\u00e4ckande, krypande och vintergr\u00f6n v\u00e4xt. Gl\u00e4nsande l\u00e4derartade blad som ger ett\u00a0exklusivt intryck. Oansenliga blommor som d\u00f6ljs i\u00a0bladverket. F\u00f6rn\u00e4mlig som matta under buskar och\u00a0tr\u00e4d. Bladverket kan skadas&hellip; <\/p>\n","protected":false},"author":1,"featured_media":0,"parent":0,"menu_order":0,"comment_status":"closed","ping_status":"closed","template":"","meta":{"footnotes":""},"class_list":["post-8461","page","type-page","status-publish","hentry"],"_links":{"self":[{"href":"https:\/\/rosenholm.se\/index.php?rest_route=\/wp\/v2\/pages\/8461","targetHints":{"allow":["GET"]}}],"collection":[{"href":"https:\/\/rosenholm.se\/index.php?rest_route=\/wp\/v2\/pages"}],"about":[{"href":"https:\/\/rosenholm.se\/index.php?rest_route=\/wp\/v2\/types\/page"}],"author":[{"embeddable":true,"href":"https:\/\/rosenholm.se\/index.php?rest_route=\/wp\/v2\/users\/1"}],"replies":[{"embeddable":true,"href":"https:\/\/rosenholm.se\/index.php?rest_route=%2Fwp%2Fv2%2Fcomments&post=8461"}],"version-history":[{"count":12,"href":"https:\/\/rosenholm.se\/index.php?rest_route=\/wp\/v2\/pages\/8461\/revisions"}],"predecessor-version":[{"id":9019,"href":"https:\/\/rosenholm.se\/index.php?rest_route=\/wp\/v2\/pages\/8461\/revisions\/9019"}],"wp:attachment":[{"href":"https:\/\/rosenholm.se\/index.php?rest_route=%2Fwp%2Fv2%2Fmedia&parent=8461"}],"curies":[{"name":"wp","href":"https:\/\/api.w.org\/{rel}","templated":true}]}}