{"id":7061,"date":"2015-03-18T23:22:24","date_gmt":"2015-03-18T22:22:24","guid":{"rendered":"http:\/\/rosenholm.se\/?page_id=7061"},"modified":"2015-03-22T20:56:25","modified_gmt":"2015-03-22T19:56:25","slug":"tradgardens-konstnar-%e2%88%92-det-ar-du","status":"publish","type":"page","link":"https:\/\/rosenholm.se\/?page_id=7061","title":{"rendered":"Tr\u00e4dg\u00e5rdens konstn\u00e4r \u2212 det \u00e4r du"},"content":{"rendered":"<p><strong>K\u00e4nn dig som en tr\u00e4dg\u00e5rdens konstn\u00e4r, m\u00e5la med blommors f\u00e4rger och former. Utveckla ditt artisteri med kunskap om hur f\u00e4rger upplevs och former kombineras.\u00a0Betrakta det som konst. Att komponera perennrabatter har likheter med att m\u00e5la tavlor, men med v\u00e4xters f\u00e4rger och former. Som en \u00e4kta impressionist, fast lite olika varje \u00e5r och varje dag.<\/strong><\/p>\n<p><em>Text: Dan Rosenholm<\/em><br \/>\n<em>Bild: Dan och Ann-Christin Rosenholm<\/em><\/p>\n<div id=\"attachment_7088\" style=\"width: 710px\" class=\"wp-caption alignnone\"><img loading=\"lazy\" decoding=\"async\" aria-describedby=\"caption-attachment-7088\" class=\"size-large wp-image-7088\" src=\"http:\/\/rosenholm.se\/wp-content\/uploads\/2015\/03\/D3X_8727-700x466.jpg\" alt=\"F\u00e4rgmatchning kan g\u00f6ras i alla skalor. I f\u00f6rgrunden en m\u00f6rk perukbuske, i bakgrunden japanska l\u00f6nnar i varma nyanser.\" width=\"700\" height=\"466\" srcset=\"https:\/\/rosenholm.se\/wp-content\/uploads\/2015\/03\/D3X_8727-350x233@2x.jpg 700w, https:\/\/rosenholm.se\/wp-content\/uploads\/2015\/03\/D3X_8727-250x167.jpg 250w, https:\/\/rosenholm.se\/wp-content\/uploads\/2015\/03\/D3X_8727-350x233.jpg 350w, https:\/\/rosenholm.se\/wp-content\/uploads\/2015\/03\/D3X_8727.jpg 728w, https:\/\/rosenholm.se\/wp-content\/uploads\/2015\/03\/D3X_8727-250x167@2x.jpg 500w\" sizes=\"auto, (max-width: 700px) 100vw, 700px\" \/><p id=\"caption-attachment-7088\" class=\"wp-caption-text\">F\u00e4rgmatchning kan g\u00f6ras i alla skalor. I f\u00f6rgrunden en m\u00f6rk perukbuske, i bakgrunden japanska l\u00f6nnar i varma nyanser.<\/p><\/div>\n<h5><strong>F\u00e4rger<\/strong><\/h5>\n<div id=\"attachment_7076\" style=\"width: 360px\" class=\"wp-caption alignleft\"><img loading=\"lazy\" decoding=\"async\" aria-describedby=\"caption-attachment-7076\" class=\"size-medium wp-image-7076\" src=\"http:\/\/rosenholm.se\/wp-content\/uploads\/2015\/03\/D2X_3335-350x467.jpg\" alt=\"Suver\u00e4n kombination. Aanisisop, Agastache foeniculum, med h\u00f6stflox, Phlox paniculata 'Lichtspiel'.\" width=\"350\" height=\"467\" srcset=\"https:\/\/rosenholm.se\/wp-content\/uploads\/2015\/03\/D2X_3335-350x467.jpg 350w, https:\/\/rosenholm.se\/wp-content\/uploads\/2015\/03\/D2X_3335-188x250.jpg 188w, https:\/\/rosenholm.se\/wp-content\/uploads\/2015\/03\/D2X_3335-525x700.jpg 525w, https:\/\/rosenholm.se\/wp-content\/uploads\/2015\/03\/D2X_3335.jpg 546w, https:\/\/rosenholm.se\/wp-content\/uploads\/2015\/03\/D2X_3335-188x250@2x.jpg 376w\" sizes=\"auto, (max-width: 350px) 100vw, 350px\" \/><p id=\"caption-attachment-7076\" class=\"wp-caption-text\">Suver\u00e4n kombination: anisisop, Agastache foeniculum, med h\u00f6stflox, Phlox paniculata &#8217;Lichtspiel&#8217;.<\/p><\/div>\n<p>Att matcha blomf\u00e4rger \u00e4r ett klassiskt s\u00e4tt att planera perennrabatter. En egen blommornas f\u00e4rgl\u00e4ra formulerades redan f\u00f6r 100 \u00e5r sedan av engelskan Gertrude Jekyll. Inspirationen kom delvis fr\u00e5n impressionismen. P\u00e5 grund av grav n\u00e4rsynthet avr\u00e5dde l\u00e4kare henne fr\u00e5n handarbete och m\u00e5lning, s\u00e5 det blev i tr\u00e4dg\u00e5rden hon utvecklade sin beg\u00e5vning. Hennes klassiska bok \u201dColour schemes for the flower garden\u201d nytrycktes till och med p\u00e5 1990-talet.<\/p>\n<div id=\"attachment_7063\" style=\"width: 360px\" class=\"wp-caption alignleft\"><img loading=\"lazy\" decoding=\"async\" aria-describedby=\"caption-attachment-7063\" class=\"size-medium wp-image-7063\" src=\"http:\/\/rosenholm.se\/wp-content\/uploads\/2015\/03\/L1170905-350x467.jpg\" alt=\"Ljuvhet: praktr\u00f6llika, flox, mj\u00f6lkklocka, riddarsporrar och temynta i Wollerton Old Hall Garden, Shropshire, England.\" width=\"350\" height=\"467\" srcset=\"https:\/\/rosenholm.se\/wp-content\/uploads\/2015\/03\/L1170905-350x467.jpg 350w, https:\/\/rosenholm.se\/wp-content\/uploads\/2015\/03\/L1170905-188x250.jpg 188w, https:\/\/rosenholm.se\/wp-content\/uploads\/2015\/03\/L1170905-525x700.jpg 525w, https:\/\/rosenholm.se\/wp-content\/uploads\/2015\/03\/L1170905.jpg 546w, https:\/\/rosenholm.se\/wp-content\/uploads\/2015\/03\/L1170905-188x250@2x.jpg 376w\" sizes=\"auto, (max-width: 350px) 100vw, 350px\" \/><p id=\"caption-attachment-7063\" class=\"wp-caption-text\">Ljuvhet i rosa: praktr\u00f6llika, flox, mj\u00f6lkklocka, riddarsporrar och temynta i Wollerton Old Hall Garden, Shropshire, England.<\/p><\/div>\n<p>Principerna \u00e4r ganska l\u00e4tta att ta till sig. Den som vill skapa frid och ro anv\u00e4nder lugna f\u00e4rger i harmonierande skalor. I skuggan kanske det \u00e4r bl\u00e5tt, vitt och violett. I solen passar varmt gula och r\u00f6da f\u00e4rger, eller kanske silver kombinerat med starkare f\u00e4rger. Vi lite vildsint lagda f\u00e5r anv\u00e4nda lysande f\u00e4rger och skarpa kontraster \u2013 med knallorange kommer man l\u00e5ngt.<\/p>\n<p>\u00c4r det ena b\u00e4ttre \u00e4n det andra? Inte alls, men att reflektera \u00f6ver vilket intryck man vill \u00e5stadkomma och hur man ska n\u00e5 dit g\u00f6r skillnad.<\/p>\n<div id=\"attachment_7064\" style=\"width: 710px\" class=\"wp-caption alignnone\"><img loading=\"lazy\" decoding=\"async\" aria-describedby=\"caption-attachment-7064\" class=\"size-large wp-image-7064\" src=\"http:\/\/rosenholm.se\/wp-content\/uploads\/2015\/03\/L1170884-700x525.jpg\" alt=\"Varma k\u00e4nslor: r\u00f6llika, montbretia, daglilja och r\u00f6d temynta i Wollerton Old Hall Garden, Shropshire, England.\" width=\"700\" height=\"525\" srcset=\"https:\/\/rosenholm.se\/wp-content\/uploads\/2015\/03\/L1170884-350x263@2x.jpg 700w, https:\/\/rosenholm.se\/wp-content\/uploads\/2015\/03\/L1170884-250x188.jpg 250w, https:\/\/rosenholm.se\/wp-content\/uploads\/2015\/03\/L1170884-350x263.jpg 350w, https:\/\/rosenholm.se\/wp-content\/uploads\/2015\/03\/L1170884.jpg 728w, https:\/\/rosenholm.se\/wp-content\/uploads\/2015\/03\/L1170884-250x188@2x.jpg 500w\" sizes=\"auto, (max-width: 700px) 100vw, 700px\" \/><p id=\"caption-attachment-7064\" class=\"wp-caption-text\">Varma k\u00e4nslor: r\u00f6llika, montbretia, daglilja och r\u00f6d temynta i Wollerton Old Hall Garden.<\/p><\/div>\n<div id=\"attachment_7070\" style=\"width: 360px\" class=\"wp-caption alignright\"><img loading=\"lazy\" decoding=\"async\" aria-describedby=\"caption-attachment-7070\" class=\"size-medium wp-image-7070\" src=\"http:\/\/rosenholm.se\/wp-content\/uploads\/2015\/03\/D3X_1176-350x439.jpg\" alt=\"Svalt: kantnepeta 'Walker's Low' med pastellakleja 'Kristall'\" width=\"350\" height=\"439\" srcset=\"https:\/\/rosenholm.se\/wp-content\/uploads\/2015\/03\/D3X_1176-350x439.jpg 350w, https:\/\/rosenholm.se\/wp-content\/uploads\/2015\/03\/D3X_1176-200x250.jpg 200w, https:\/\/rosenholm.se\/wp-content\/uploads\/2015\/03\/D3X_1176-559x700.jpg 559w, https:\/\/rosenholm.se\/wp-content\/uploads\/2015\/03\/D3X_1176.jpg 581w, https:\/\/rosenholm.se\/wp-content\/uploads\/2015\/03\/D3X_1176-200x250@2x.jpg 400w\" sizes=\"auto, (max-width: 350px) 100vw, 350px\" \/><p id=\"caption-attachment-7070\" class=\"wp-caption-text\">Svalt: kantnepeta &#8217;Walker&#8217;s Low&#8217; med pastellakleja &#8217;Kristall&#8217;<\/p><\/div>\n<p><strong>Svalt<\/strong>, \u00e4r k\u00e4nslan bl\u00e5aktiga nyanser inger. I solsken d\u00f6r f\u00e4rgen l\u00e4tt bort. P\u00e5 kv\u00e4llen d\u00e4remot \u00e4r den speciellt effektiv. I halvdunklet lyser den, inte minst med vita kompisar. H\u00e4r kantnepeta, <em>Nepeta\u00a0\u00d7 <\/em><em>faassenii<\/em> &#8217;Walker&#8217;s Low&#8217; tillsammans med pastellakleja, <em>Aquilegia\u00a0\u00d7 <\/em><em>cultorum<\/em>, &#8217;Kristall&#8217;.<\/p>\n<div id=\"attachment_7069\" style=\"width: 710px\" class=\"wp-caption alignnone\"><img loading=\"lazy\" decoding=\"async\" aria-describedby=\"caption-attachment-7069\" class=\"size-large wp-image-7069\" src=\"http:\/\/rosenholm.se\/wp-content\/uploads\/2015\/03\/D3X_0632-700x466.jpg\" alt=\"Silver: vitmal\u00f6rt, Artemisia ludoviciana, 'Silver Queen'\" width=\"700\" height=\"466\" srcset=\"https:\/\/rosenholm.se\/wp-content\/uploads\/2015\/03\/D3X_0632-350x233@2x.jpg 700w, https:\/\/rosenholm.se\/wp-content\/uploads\/2015\/03\/D3X_0632-250x167.jpg 250w, https:\/\/rosenholm.se\/wp-content\/uploads\/2015\/03\/D3X_0632-350x233.jpg 350w, https:\/\/rosenholm.se\/wp-content\/uploads\/2015\/03\/D3X_0632.jpg 728w, https:\/\/rosenholm.se\/wp-content\/uploads\/2015\/03\/D3X_0632-250x167@2x.jpg 500w\" sizes=\"auto, (max-width: 700px) 100vw, 700px\" \/><p id=\"caption-attachment-7069\" class=\"wp-caption-text\">Silver: vitmal\u00f6rt, Artemisia ludoviciana, &#8217;Silver Queen&#8217;<\/p><\/div>\n<p><strong>Silver<\/strong> ger ett neutralt intryck och h\u00f6r mest hemma i sol. I Sverige var tr\u00e4dg\u00e5rdsikonen Ulla Molin pionj\u00e4ren p\u00e5 den silvrigt gr\u00f6na, \u00e5terh\u00e5llna stilen. Trots att hon varit d\u00f6d i m\u00e5nga \u00e5r har hennes tr\u00e4dg\u00e5rd bevarats av ansvarsfulla och duktiga \u00e4gare. Hennes ber\u00f6mda g\u00e5rd med det stora f\u00e5gelbadet domineras nuf\u00f6rtiden av vitmal\u00f6rt, <em>Artemisia ludoviciana,<\/em> &#8217;Silver Queen&#8217;.<\/p>\n<div id=\"attachment_7071\" style=\"width: 360px\" class=\"wp-caption alignright\"><img loading=\"lazy\" decoding=\"async\" aria-describedby=\"caption-attachment-7071\" class=\"size-medium wp-image-7071\" src=\"http:\/\/rosenholm.se\/wp-content\/uploads\/2015\/03\/D3X_1367-350x439.jpg\" alt=\"Gult: guldakleja, Aquilegia chrysantha, 'Yellow Queen'\" width=\"350\" height=\"439\" srcset=\"https:\/\/rosenholm.se\/wp-content\/uploads\/2015\/03\/D3X_1367-350x439.jpg 350w, https:\/\/rosenholm.se\/wp-content\/uploads\/2015\/03\/D3X_1367-200x250.jpg 200w, https:\/\/rosenholm.se\/wp-content\/uploads\/2015\/03\/D3X_1367-559x700.jpg 559w, https:\/\/rosenholm.se\/wp-content\/uploads\/2015\/03\/D3X_1367.jpg 581w, https:\/\/rosenholm.se\/wp-content\/uploads\/2015\/03\/D3X_1367-200x250@2x.jpg 400w\" sizes=\"auto, (max-width: 350px) 100vw, 350px\" \/><p id=\"caption-attachment-7071\" class=\"wp-caption-text\">Gult: guldakleja &#8217;Yellow Queen&#8217;<\/p><\/div>\n<p><strong>Gult<\/strong> passar normalt b\u00e4st i sol. D\u00e4r syns det bra \u00e4ven n\u00e4r ljuset \u00e4r skarpt, och f\u00e4rgen uppfattas som gladlynt. Men det finns ocks\u00e5 gula pastellf\u00e4rgade nyanser som g\u00f6r sig bra i skugga, det g\u00e4ller till exempel guldakleja, <em>Aquilegia chrysantha<\/em> &#8217;Yellow Queen&#8217;.<\/p>\n<div id=\"attachment_7068\" style=\"width: 710px\" class=\"wp-caption alignnone\"><img loading=\"lazy\" decoding=\"async\" aria-describedby=\"caption-attachment-7068\" class=\"size-large wp-image-7068\" src=\"http:\/\/rosenholm.se\/wp-content\/uploads\/2015\/03\/D3X_9232-700x466.jpg\" alt=\"R\u00f6tt: fl\u00e4ckvallmo, Papaver commutatum, 'Lady Bird'\" width=\"700\" height=\"466\" srcset=\"https:\/\/rosenholm.se\/wp-content\/uploads\/2015\/03\/D3X_9232-350x233@2x.jpg 700w, https:\/\/rosenholm.se\/wp-content\/uploads\/2015\/03\/D3X_9232-250x167.jpg 250w, https:\/\/rosenholm.se\/wp-content\/uploads\/2015\/03\/D3X_9232-350x233.jpg 350w, https:\/\/rosenholm.se\/wp-content\/uploads\/2015\/03\/D3X_9232.jpg 728w, https:\/\/rosenholm.se\/wp-content\/uploads\/2015\/03\/D3X_9232-250x167@2x.jpg 500w\" sizes=\"auto, (max-width: 700px) 100vw, 700px\" \/><p id=\"caption-attachment-7068\" class=\"wp-caption-text\">R\u00f6tt: fl\u00e4ckvallmo, Papaver commutatum, &#8217;Lady Bird&#8217;<\/p><\/div>\n<p><strong>R\u00f6tt<\/strong> syns, det kan man vara s\u00e4ker p\u00e5. \u00c5 andra sidan betyder det inte automatiskt att den \u00e4r skr\u00e4llig. Bland vallmo finns m\u00e5nga med vackert r\u00f6da nyanser, till dem h\u00f6r fl\u00e4ckvallmo, <em>Papaver commutatum<\/em> &#8217;Lady Bird&#8217;.<\/p>\n<div id=\"attachment_7067\" style=\"width: 710px\" class=\"wp-caption alignnone\"><img loading=\"lazy\" decoding=\"async\" aria-describedby=\"caption-attachment-7067\" class=\"size-large wp-image-7067\" src=\"http:\/\/rosenholm.se\/wp-content\/uploads\/2015\/03\/L1280325-700x525.jpg\" alt=\"Orange: saffranslilja, Lilium bulbiferum var. croceum\" width=\"700\" height=\"525\" srcset=\"https:\/\/rosenholm.se\/wp-content\/uploads\/2015\/03\/L1280325-350x263@2x.jpg 700w, https:\/\/rosenholm.se\/wp-content\/uploads\/2015\/03\/L1280325-250x188.jpg 250w, https:\/\/rosenholm.se\/wp-content\/uploads\/2015\/03\/L1280325-350x263.jpg 350w, https:\/\/rosenholm.se\/wp-content\/uploads\/2015\/03\/L1280325.jpg 728w, https:\/\/rosenholm.se\/wp-content\/uploads\/2015\/03\/L1280325-250x188@2x.jpg 500w\" sizes=\"auto, (max-width: 700px) 100vw, 700px\" \/><p id=\"caption-attachment-7067\" class=\"wp-caption-text\">Orange: saffranslilja, Lilium bulbiferum var. croceum<\/p><\/div>\n<p><strong>Orange<\/strong> \u00e4r kul\u00f6ren f\u00f6r dig som vill ha en rabatt det sprakar om. H\u00e4r g\u00e4ller inte lugn och ro, utan f\u00e4rgen formligen skriker \u201dh\u00e4r kommer jag\u201d ur rabattens djup. Lustigt nog hittar du praktexempel p\u00e5 orange blommor bland v\u00e5ra vanligaste mormors- och torpv\u00e4xter som saffranslilja, <em>Lilium bulbiferum<\/em> var. <em>croceum<\/em>, p\u00e5 bilden, och dess n\u00e4ra sl\u00e4kting brandlilja,\u00a0 <em>L. bulbiferum,<\/em> med \u00e4nnu starkare f\u00e4rg.<\/p>\n<div id=\"attachment_7065\" style=\"width: 360px\" class=\"wp-caption alignright\"><img loading=\"lazy\" decoding=\"async\" aria-describedby=\"caption-attachment-7065\" class=\"size-medium wp-image-7065\" src=\"http:\/\/rosenholm.se\/wp-content\/uploads\/2015\/03\/D3X_1460-350x439.jpg\" alt=\"Dovt och m\u00f6rkt: k\u00e4rleks\u00f6rt 'Jos\u00e9 Aubergine'\" width=\"350\" height=\"439\" srcset=\"https:\/\/rosenholm.se\/wp-content\/uploads\/2015\/03\/D3X_1460-350x439.jpg 350w, https:\/\/rosenholm.se\/wp-content\/uploads\/2015\/03\/D3X_1460-200x250.jpg 200w, https:\/\/rosenholm.se\/wp-content\/uploads\/2015\/03\/D3X_1460-559x700.jpg 559w, https:\/\/rosenholm.se\/wp-content\/uploads\/2015\/03\/D3X_1460.jpg 581w, https:\/\/rosenholm.se\/wp-content\/uploads\/2015\/03\/D3X_1460-200x250@2x.jpg 400w\" sizes=\"auto, (max-width: 350px) 100vw, 350px\" \/><p id=\"caption-attachment-7065\" class=\"wp-caption-text\">Dovt och m\u00f6rkt: k\u00e4rleks\u00f6rt &#8217;Jos\u00e9 Aubergine&#8217;<\/p><\/div>\n<p><strong>Dova<\/strong> och m\u00f6rka f\u00e4rger ska inte underskattas. Ofta finns de i d\u00e4mpade nyanser av brunlila, som k\u00e4rleks\u00f6rten, <em>Hylotelephium<\/em> &#8217;Jos\u00e9 Aubergine&#8217;. M\u00e5nga tillsammans fungerar bra, men tr\u00e4dg\u00e5rden f\u00e5r inte domineras av s\u00e5dana f\u00e4rgtoner, d\u00e5 blir den dyster. Inte heller b\u00f6r de brytas av med skarpa nyanser, neutralgr\u00f6na grannar blir b\u00e4st.<\/p>\n<div id=\"attachment_7066\" style=\"width: 710px\" class=\"wp-caption alignnone\"><img loading=\"lazy\" decoding=\"async\" aria-describedby=\"caption-attachment-7066\" class=\"size-large wp-image-7066\" src=\"http:\/\/rosenholm.se\/wp-content\/uploads\/2015\/03\/D2X_3427-700x466.jpg\" alt=\"Rosa: luktpion, Paeonia lactiflora\" width=\"700\" height=\"466\" srcset=\"https:\/\/rosenholm.se\/wp-content\/uploads\/2015\/03\/D2X_3427-350x233@2x.jpg 700w, https:\/\/rosenholm.se\/wp-content\/uploads\/2015\/03\/D2X_3427-250x167.jpg 250w, https:\/\/rosenholm.se\/wp-content\/uploads\/2015\/03\/D2X_3427-350x233.jpg 350w, https:\/\/rosenholm.se\/wp-content\/uploads\/2015\/03\/D2X_3427.jpg 728w, https:\/\/rosenholm.se\/wp-content\/uploads\/2015\/03\/D2X_3427-250x167@2x.jpg 500w\" sizes=\"auto, (max-width: 700px) 100vw, 700px\" \/><p id=\"caption-attachment-7066\" class=\"wp-caption-text\">Rosa: Rosen &#8217;Mme Knorr&#8217; tillsammans med luktpion<\/p><\/div>\n<p><strong>Rosa<\/strong> \u00e4r romantiskt, det \u00e4r sj\u00e4lvklart. En k\u00e4nsla av mildhet sprids som ringar i vattnet. Att plantera den rosa rosen &#8217;Mme Knorr&#8217; tillsammans med likaledes rosa luktpion, <em>Paeonia lactiflora<\/em>, \u00e4r att ta i s\u00e5 att man n\u00e4stan spricker p\u00e5 romantikfronten. Bild hemifr\u00e5n v\u00e5r egen tr\u00e4dg\u00e5rd.<\/p>\n<h5><strong>Former<\/strong><\/h5>\n<p>N\u00e4stan hundra \u00e5r efter Gertrude Jekylls f\u00e4rgl\u00e4ra var det dags f\u00f6r motsvarande om v\u00e4xters former. Det var holl\u00e4ndaren <a title=\"Piet och Anja Oudolf\" href=\"http:\/\/rosenholm.se\/?page_id=3176\">Piet Oudolf<\/a> som stod bakom i samband med att den planteringsstil som kallas\u00a0 New Wave Planting er\u00f6vrade v\u00e4rlden. En anpassning till svenska f\u00f6rh\u00e5llanden finns i boken <a title=\"V\u00c4XTKOMPOSITION\" href=\"http:\/\/rosenholm.se\/?page_id=629\">V\u00e4xtkomposition<\/a>, som jag skrivit tillsammans med min fru Ann-Christin, men tyv\u00e4rr \u00e4r sv\u00e5r att f\u00e5 tag i.<\/p>\n<div id=\"attachment_7084\" style=\"width: 360px\" class=\"wp-caption alignleft\"><img loading=\"lazy\" decoding=\"async\" aria-describedby=\"caption-attachment-7084\" class=\"size-medium wp-image-7084\" src=\"http:\/\/rosenholm.se\/wp-content\/uploads\/2015\/03\/D3X_1570-350x525.jpg\" alt=\"Spira: j\u00e4ttest\u00e4pplilja, Eremurus robustus\" width=\"350\" height=\"525\" srcset=\"https:\/\/rosenholm.se\/wp-content\/uploads\/2015\/03\/D3X_1570-350x525.jpg 350w, https:\/\/rosenholm.se\/wp-content\/uploads\/2015\/03\/D3X_1570-167x250.jpg 167w, https:\/\/rosenholm.se\/wp-content\/uploads\/2015\/03\/D3X_1570-466x700.jpg 466w, https:\/\/rosenholm.se\/wp-content\/uploads\/2015\/03\/D3X_1570.jpg 485w, https:\/\/rosenholm.se\/wp-content\/uploads\/2015\/03\/D3X_1570-167x250@2x.jpg 334w\" sizes=\"auto, (max-width: 350px) 100vw, 350px\" \/><p id=\"caption-attachment-7084\" class=\"wp-caption-text\">Spira: j\u00e4ttest\u00e4pplilja, Eremurus robustus<\/p><\/div>\n<p><strong>Spiror<\/strong> \u00e4r den form som framtr\u00e4der tydligast. Inte bara f\u00f6r att de \u00e4r h\u00f6ga och syns bra, utan \u00e4n mer f\u00f6r deras suggestiva k\u00e4nsla och tredimensionalitet som ger karakt\u00e4r \u00e5t \u00e4ven mesiga och sm\u00e5tr\u00e5kiga rabatter. Vill du ta i s\u00e5 att du n\u00e4stan spricker v\u00e4lj spirornas drottning j\u00e4ttest\u00e4pplilja, <em>Eremurus robustus<\/em>. Exotisk och upp\u00e5t tv\u00e5 meter h\u00f6g, \u00e4nd\u00e5 klarar den sig \u00e4nda upp i M\u00e4lardalen om den st\u00e5r v\u00e4ldr\u00e4nerat.<\/p>\n<div id=\"attachment_7083\" style=\"width: 710px\" class=\"wp-caption alignnone\"><img loading=\"lazy\" decoding=\"async\" aria-describedby=\"caption-attachment-7083\" class=\"size-large wp-image-7083\" src=\"http:\/\/rosenholm.se\/wp-content\/uploads\/2015\/03\/D3X_8899-700x559.jpg\" alt=\"Parasoll: pastellr\u00f6llika, Achillea 'Lachssch\u00f6nheit', med st\u00e4ppsalvia\" width=\"700\" height=\"559\" srcset=\"https:\/\/rosenholm.se\/wp-content\/uploads\/2015\/03\/D3X_8899-350x279@2x.jpg 700w, https:\/\/rosenholm.se\/wp-content\/uploads\/2015\/03\/D3X_8899-250x200.jpg 250w, https:\/\/rosenholm.se\/wp-content\/uploads\/2015\/03\/D3X_8899-350x279.jpg 350w, https:\/\/rosenholm.se\/wp-content\/uploads\/2015\/03\/D3X_8899.jpg 728w, https:\/\/rosenholm.se\/wp-content\/uploads\/2015\/03\/D3X_8899-250x200@2x.jpg 500w\" sizes=\"auto, (max-width: 700px) 100vw, 700px\" \/><p id=\"caption-attachment-7083\" class=\"wp-caption-text\">Parasoll: pastellr\u00f6llika, Achillea &#8217;Lachssch\u00f6nheit&#8217;, med st\u00e4ppsalvia<\/p><\/div>\n<p><strong>Parasoller<\/strong> \u00e4r ett utm\u00e4rkt namn p\u00e5 perenner med blommor som breder ut sig horisontellt. N\u00e5gon mer typisk parasoll \u00e4n pastellr\u00f6llika, <em>Achillea<\/em>, &#8217;Lachssch\u00f6nheit&#8217; \u00e4r sv\u00e5r att hitta. Kombinera g\u00e4rna med spiror som st\u00e4ppsalvia, visst blir det effektfullt. B\u00e5da gillar v\u00e4ldr\u00e4nerade och soliga l\u00e4gen.<\/p>\n<div id=\"attachment_7082\" style=\"width: 710px\" class=\"wp-caption alignnone\"><img loading=\"lazy\" decoding=\"async\" aria-describedby=\"caption-attachment-7082\" class=\"size-large wp-image-7082\" src=\"http:\/\/rosenholm.se\/wp-content\/uploads\/2015\/03\/D2X_2935-700x465.jpg\" alt=\"Plym: silvergr\u00e4s, Achnatherum calamagrostis\" width=\"700\" height=\"465\" srcset=\"https:\/\/rosenholm.se\/wp-content\/uploads\/2015\/03\/D2X_2935-350x233@2x.jpg 700w, https:\/\/rosenholm.se\/wp-content\/uploads\/2015\/03\/D2X_2935-250x166.jpg 250w, https:\/\/rosenholm.se\/wp-content\/uploads\/2015\/03\/D2X_2935-350x233.jpg 350w, https:\/\/rosenholm.se\/wp-content\/uploads\/2015\/03\/D2X_2935.jpg 728w, https:\/\/rosenholm.se\/wp-content\/uploads\/2015\/03\/D2X_2935-250x166@2x.jpg 500w\" sizes=\"auto, (max-width: 700px) 100vw, 700px\" \/><p id=\"caption-attachment-7082\" class=\"wp-caption-text\">Plym: silvergr\u00e4s, Achnatherum calamagrostis<\/p><\/div>\n<p><strong>Plymer<\/strong> ser ungef\u00e4r ut som de l\u00e5ter, h\u00e4ngiga, sl\u00e4ngiga och l\u00f6st arrangerade. De inger visst lugn, men kan trots det bilda fantasieggande, n\u00e4stan grafiska, m\u00f6nster m\u00e5nga tillsammans. En typisk plym \u00e4r silvergr\u00e4s, <em>Achnatherum calamagrosti<\/em>s, i sticker h\u00e4r br\u00f6dranejlika, <em>Dianthus carthusianorum<\/em>, charmigt upp. I bakgrunden skymtar stor ormrot, <em>Bistorta officinalis<\/em>, \u2019Hohe Tatra\u2019. En tavla fr\u00e5n Dr\u00f6mparken i Enk\u00f6ping.<\/p>\n<div id=\"attachment_7081\" style=\"width: 710px\" class=\"wp-caption alignnone\"><img loading=\"lazy\" decoding=\"async\" aria-describedby=\"caption-attachment-7081\" class=\"size-large wp-image-7081\" src=\"http:\/\/rosenholm.se\/wp-content\/uploads\/2015\/03\/D2X_3013-700x466.jpg\" alt=\"Solar: septembersolros 'Lemon Queen', och h\u00f6stanemon 'September Charm'\" width=\"700\" height=\"466\" srcset=\"https:\/\/rosenholm.se\/wp-content\/uploads\/2015\/03\/D2X_3013-350x233@2x.jpg 700w, https:\/\/rosenholm.se\/wp-content\/uploads\/2015\/03\/D2X_3013-250x167.jpg 250w, https:\/\/rosenholm.se\/wp-content\/uploads\/2015\/03\/D2X_3013-350x233.jpg 350w, https:\/\/rosenholm.se\/wp-content\/uploads\/2015\/03\/D2X_3013.jpg 728w, https:\/\/rosenholm.se\/wp-content\/uploads\/2015\/03\/D2X_3013-250x167@2x.jpg 500w\" sizes=\"auto, (max-width: 700px) 100vw, 700px\" \/><p id=\"caption-attachment-7081\" class=\"wp-caption-text\">Solar: septembersolros &#8217;Lemon Queen&#8217;, och h\u00f6stanemon &#8217;September Charm&#8217;<\/p><\/div>\n<p><strong>Solar<\/strong> \u00e4r precis som det l\u00e5ter blommor med rej\u00e4l mittdisk och en krans av kronblad kring, och minsann om man inte blir lite glad av dem. H\u00e4r tv\u00e5 storvuxna och h\u00f6stblommande i ljuvlig kombination, septembersolros, <em>Helianthus<\/em> &#8217;Lemon Queen&#8217;, och h\u00f6stanemon,<em> Anemone hupehensis,<\/em> &#8217;September Charm&#8217;.<\/p>\n<div id=\"attachment_7080\" style=\"width: 360px\" class=\"wp-caption alignleft\"><img loading=\"lazy\" decoding=\"async\" aria-describedby=\"caption-attachment-7080\" class=\"size-medium wp-image-7080\" src=\"http:\/\/rosenholm.se\/wp-content\/uploads\/2015\/03\/L1180102-350x467.jpg\" alt=\"Bollar: runda vallmokapslar perfekt med riddarsporrens spiror\" width=\"350\" height=\"467\" srcset=\"https:\/\/rosenholm.se\/wp-content\/uploads\/2015\/03\/L1180102-350x467.jpg 350w, https:\/\/rosenholm.se\/wp-content\/uploads\/2015\/03\/L1180102-188x250.jpg 188w, https:\/\/rosenholm.se\/wp-content\/uploads\/2015\/03\/L1180102-525x700.jpg 525w, https:\/\/rosenholm.se\/wp-content\/uploads\/2015\/03\/L1180102.jpg 546w, https:\/\/rosenholm.se\/wp-content\/uploads\/2015\/03\/L1180102-188x250@2x.jpg 376w\" sizes=\"auto, (max-width: 350px) 100vw, 350px\" \/><p id=\"caption-attachment-7080\" class=\"wp-caption-text\">Bollar: runda vallmokapslar perfekt med riddarsporrens spiror<\/p><\/div>\n<p><strong>Bollar<\/strong> kan man kalla rundade blommor och fr\u00f6kapslar, de senare bildas inte s\u00e4llan av vissnade solar. H\u00e4r matchar de runda vallmokapslarna perfekt riddarsporrens spiror.<\/p>\n<div id=\"attachment_7079\" style=\"width: 710px\" class=\"wp-caption alignnone\"><img loading=\"lazy\" decoding=\"async\" aria-describedby=\"caption-attachment-7079\" class=\"size-large wp-image-7079\" src=\"http:\/\/rosenholm.se\/wp-content\/uploads\/2015\/03\/DSC_2365-700x428.jpg\" alt=\"Matta: myskmadra, Galium odoratum\" width=\"700\" height=\"428\" srcset=\"https:\/\/rosenholm.se\/wp-content\/uploads\/2015\/03\/DSC_2365-350x214@2x.jpg 700w, https:\/\/rosenholm.se\/wp-content\/uploads\/2015\/03\/DSC_2365-250x153.jpg 250w, https:\/\/rosenholm.se\/wp-content\/uploads\/2015\/03\/DSC_2365-350x214.jpg 350w, https:\/\/rosenholm.se\/wp-content\/uploads\/2015\/03\/DSC_2365.jpg 728w, https:\/\/rosenholm.se\/wp-content\/uploads\/2015\/03\/DSC_2365-250x153@2x.jpg 500w\" sizes=\"auto, (max-width: 700px) 100vw, 700px\" \/><p id=\"caption-attachment-7079\" class=\"wp-caption-text\">Matta: myskmadra, Galium odoratum<\/p><\/div>\n<p><strong>Mattor<\/strong> \u00e4r markt\u00e4ckande v\u00e4xter, ofta n\u00e5gra decimeter h\u00f6ga, som breder ut sig. Grejen med dem \u00e4r att de ska hindra ogr\u00e4set fr\u00e5n att utveckla sig. Det finns olika typer f\u00f6r olika milj\u00f6er. P\u00e5 bilden dominerar myskmadra, <em>Galium odoratum<\/em>. S\u00e5 s\u00f6t den \u00e4n m\u00e5 vara h\u00e5ller den undan de flesta ogr\u00e4s. Men ingen \u00e4r perfekt. I mattan skymtar inte bara bladen av markt\u00e4ckarkompisen skugg-gr\u00f6na utan ocks\u00e5 en fr\u00f6s\u00e5dd l\u00f6nn och kastanj.<\/p>\n<div id=\"attachment_7078\" style=\"width: 710px\" class=\"wp-caption alignnone\"><img loading=\"lazy\" decoding=\"async\" aria-describedby=\"caption-attachment-7078\" class=\"size-large wp-image-7078\" src=\"http:\/\/rosenholm.se\/wp-content\/uploads\/2015\/03\/D3X_9261-700x466.jpg\" alt=\"Transparens: j\u00e4tte\u00e5tel, Molinia caerulea ssp. arundinacea, 'Transparent'\" width=\"700\" height=\"466\" srcset=\"https:\/\/rosenholm.se\/wp-content\/uploads\/2015\/03\/D3X_9261-350x233@2x.jpg 700w, https:\/\/rosenholm.se\/wp-content\/uploads\/2015\/03\/D3X_9261-250x167.jpg 250w, https:\/\/rosenholm.se\/wp-content\/uploads\/2015\/03\/D3X_9261-350x233.jpg 350w, https:\/\/rosenholm.se\/wp-content\/uploads\/2015\/03\/D3X_9261.jpg 728w, https:\/\/rosenholm.se\/wp-content\/uploads\/2015\/03\/D3X_9261-250x167@2x.jpg 500w\" sizes=\"auto, (max-width: 700px) 100vw, 700px\" \/><p id=\"caption-attachment-7078\" class=\"wp-caption-text\">Transparens: j\u00e4tte\u00e5tel, Molinia caerulea ssp. arundinacea, &#8217;Transparent&#8217;<\/p><\/div>\n<p><strong>Transparens<\/strong> \u00e4r en anv\u00e4ndbar egenskap i skapandet av intressev\u00e4ckande rabattkompositioner. Genom transparenta perenner anar man v\u00e4xterna bakom, inte minst effektfullt i framkanten av planteringar. Betraktaren tvingas kika lite extra f\u00f6r att f\u00f6rst\u00e5 vad som g\u00f6mmer sig l\u00e4ngre in, och det skapar sp\u00e4nning. Hos j\u00e4tte\u00e5tel, <em>Molinia caerulea<\/em> ssp. <em>arundinacea<\/em>, &#8217;Transparent&#8217; talar till och med namnet om hur den kan anv\u00e4ndas. Till v\u00e4nster stor plymastilbe, <em>Astilbe chinensis<\/em> var. <em>taquetii<\/em>\u00a0&#8217;Purpurlanze&#8217;, vilken formm\u00e4ssigt klassas som just plym, vad annars.<\/p>\n","protected":false},"excerpt":{"rendered":"<p>K\u00e4nn dig som en tr\u00e4dg\u00e5rdens konstn\u00e4r, m\u00e5la med blommors f\u00e4rger och former. Utveckla ditt artisteri med kunskap om hur f\u00e4rger upplevs och former kombineras.\u00a0Betrakta det som konst. Att komponera perennrabatter&hellip; <\/p>\n","protected":false},"author":1,"featured_media":0,"parent":0,"menu_order":0,"comment_status":"closed","ping_status":"closed","template":"","meta":{"footnotes":""},"class_list":["post-7061","page","type-page","status-publish","hentry"],"_links":{"self":[{"href":"https:\/\/rosenholm.se\/index.php?rest_route=\/wp\/v2\/pages\/7061","targetHints":{"allow":["GET"]}}],"collection":[{"href":"https:\/\/rosenholm.se\/index.php?rest_route=\/wp\/v2\/pages"}],"about":[{"href":"https:\/\/rosenholm.se\/index.php?rest_route=\/wp\/v2\/types\/page"}],"author":[{"embeddable":true,"href":"https:\/\/rosenholm.se\/index.php?rest_route=\/wp\/v2\/users\/1"}],"replies":[{"embeddable":true,"href":"https:\/\/rosenholm.se\/index.php?rest_route=%2Fwp%2Fv2%2Fcomments&post=7061"}],"version-history":[{"count":23,"href":"https:\/\/rosenholm.se\/index.php?rest_route=\/wp\/v2\/pages\/7061\/revisions"}],"predecessor-version":[{"id":7127,"href":"https:\/\/rosenholm.se\/index.php?rest_route=\/wp\/v2\/pages\/7061\/revisions\/7127"}],"wp:attachment":[{"href":"https:\/\/rosenholm.se\/index.php?rest_route=%2Fwp%2Fv2%2Fmedia&parent=7061"}],"curies":[{"name":"wp","href":"https:\/\/api.w.org\/{rel}","templated":true}]}}