{"id":6806,"date":"2015-02-27T23:23:54","date_gmt":"2015-02-27T22:23:54","guid":{"rendered":"http:\/\/rosenholm.se\/?page_id=6806"},"modified":"2020-05-06T19:01:27","modified_gmt":"2020-05-06T17:01:27","slug":"ymnig-blomning-pa-det-karga-berget","status":"publish","type":"page","link":"https:\/\/rosenholm.se\/?page_id=6806","title":{"rendered":"Ymnig blomning p\u00e5 det karga berget"},"content":{"rendered":"<div id=\"attachment_6878\" style=\"width: 360px\" class=\"wp-caption alignright\"><img loading=\"lazy\" decoding=\"async\" aria-describedby=\"caption-attachment-6878\" class=\"size-medium wp-image-6878\" src=\"http:\/\/rosenholm.se\/wp-content\/uploads\/2015\/02\/DSC05567-350x467.jpg\" alt=\"H\u00f6gt uppe p\u00e5 bergsavsatserna breder st\u00e5tliga rododendronbuskar ut sig med blommor i rosa och r\u00f6da nyanser. I omr\u00e5det med mer jord nedanf\u00f6r berget v\u00e4xer \u00e4ven funkior och strutbr\u00e4ken.\" width=\"350\" height=\"467\" srcset=\"https:\/\/rosenholm.se\/wp-content\/uploads\/2015\/02\/DSC05567-350x467.jpg 350w, https:\/\/rosenholm.se\/wp-content\/uploads\/2015\/02\/DSC05567-188x250.jpg 188w, https:\/\/rosenholm.se\/wp-content\/uploads\/2015\/02\/DSC05567.jpg 546w, https:\/\/rosenholm.se\/wp-content\/uploads\/2015\/02\/DSC05567-188x250@2x.jpg 376w\" sizes=\"auto, (max-width: 350px) 100vw, 350px\" \/><p id=\"caption-attachment-6878\" class=\"wp-caption-text\">H\u00f6gt uppe p\u00e5 bergsavsatserna breder st\u00e5tliga rododendronbuskar ut sig med blommor i rosa och r\u00f6da nyanser. I det fuktiga omr\u00e5det med mer jord nedanf\u00f6r berget v\u00e4xer \u00e4ven funkior och strutbr\u00e4ken.<\/p><\/div>\n<p><em>Text: Ann-Christin Rosenholm<\/em><br \/>\n<em>Bild: Dan Rosenholm (2004)<br \/>\n<\/em><\/p>\n<p>Det \u00e4r hisnande att vandra runt i Karin Wilhelmssons bergstr\u00e4dg\u00e5rd strax s\u00f6der om Stockholm. H\u00e4r, h\u00f6gt uppe ovanf\u00f6r v\u00e4gen, breder m\u00e4ngder med sol- och tork\u00e4lskande v\u00e4xter ut sig i den knappa jorden mellan stenarna. F\u00e4lt med v\u00e4xter i skiftande f\u00e4rger och former flyter in och ur varandra och hela tiden \u00e5terkommer berget som uppstickare dem emellan. Det finns inte m\u00e5nga plana ytor. V\u00e4xterna tycks b\u00f6lja fram likt v\u00e5gor \u00f6ver det kullriga varierade berget. St\u00e4ndigt finns det n\u00e5got nytt att vila \u00f6gat p\u00e5. Detaljrikedomen \u00e4r stor, men tack vare att v\u00e4xterna repeteras och kommer igen p\u00e5 flera olika st\u00e4llen k\u00e4nns det \u00e4nd\u00e5 inte plottrigt.<\/p>\n<div id=\"attachment_6882\" style=\"width: 710px\" class=\"wp-caption alignnone\"><img loading=\"lazy\" decoding=\"async\" aria-describedby=\"caption-attachment-6882\" class=\"size-large wp-image-6882\" src=\"http:\/\/rosenholm.se\/wp-content\/uploads\/2015\/03\/DSC_3490-728x485.jpg\" alt=\"Rosalila och vit backtimjan Thymus serpyllum kl\u00e4r in den karga stenen med sitt sk\u00f6na flor.\" width=\"700\" height=\"466\" srcset=\"https:\/\/rosenholm.se\/wp-content\/uploads\/2015\/03\/DSC_3490.jpg 728w, https:\/\/rosenholm.se\/wp-content\/uploads\/2015\/03\/DSC_3490-250x167.jpg 250w, https:\/\/rosenholm.se\/wp-content\/uploads\/2015\/03\/DSC_3490-350x233.jpg 350w, https:\/\/rosenholm.se\/wp-content\/uploads\/2015\/03\/DSC_3490-250x167@2x.jpg 500w, https:\/\/rosenholm.se\/wp-content\/uploads\/2015\/03\/DSC_3490-350x233@2x.jpg 700w\" sizes=\"auto, (max-width: 700px) 100vw, 700px\" \/><p id=\"caption-attachment-6882\" class=\"wp-caption-text\">Rosalila och vit backtimjan, Thymus serpyllum, kl\u00e4r den karga stenen med sitt sk\u00f6na flor.<\/p><\/div>\n<div id=\"attachment_6887\" style=\"width: 360px\" class=\"wp-caption alignright\"><img loading=\"lazy\" decoding=\"async\" aria-describedby=\"caption-attachment-6887\" class=\"size-medium wp-image-6887\" src=\"http:\/\/rosenholm.se\/wp-content\/uploads\/2015\/03\/DSC05544-350x438.jpg\" alt=\"V\u00e4xtligheten breder ut sig och man f\u00e5r vara f\u00f6rsiktig n\u00e4r man tar sig fram \u00f6ver berget. \u00c4ven mitt i steget p\u00e5 den lilla oregelbundna stentrappan har v\u00e4xterna slunkit sig in. De minimala g\u00e5ngstigarna best\u00e5r av grus i vilket bergets v\u00e4xter fr\u00f6s\u00e5r sig ymnigt.\" width=\"350\" height=\"438\" srcset=\"https:\/\/rosenholm.se\/wp-content\/uploads\/2015\/03\/DSC05544-350x438.jpg 350w, https:\/\/rosenholm.se\/wp-content\/uploads\/2015\/03\/DSC05544-200x250.jpg 200w, https:\/\/rosenholm.se\/wp-content\/uploads\/2015\/03\/DSC05544.jpg 582w, https:\/\/rosenholm.se\/wp-content\/uploads\/2015\/03\/DSC05544-200x250@2x.jpg 400w\" sizes=\"auto, (max-width: 350px) 100vw, 350px\" \/><p id=\"caption-attachment-6887\" class=\"wp-caption-text\">V\u00e4xtligheten breder ut sig och man f\u00e5r vara f\u00f6rsiktig n\u00e4r man tar sig fram \u00f6ver berget. \u00c4ven i den lilla oregelbundna stentrappan har v\u00e4xterna slunkit sig in. De minimala g\u00e5ngstigarna best\u00e5r av grus d\u00e4r\u00a0bergets v\u00e4xter fr\u00f6s\u00e5r sig ymnigt.<\/p><\/div>\n<h5>Brant och omv\u00e4xlande entr\u00e9g\u00e5ng<\/h5>\n<p>Redan p\u00e5 slingrande grusv\u00e4gar i sommarstugeomr\u00e5det strax s\u00f6der om Stockholm f\u00f6rst\u00e5r man att h\u00e4r finns en fin tr\u00e4dg\u00e5rd, men man kan inte ana hur vacker och hur omfattande. Nere fr\u00e5n v\u00e4gen syns n\u00e4mligen inte sj\u00e4lva bergstr\u00e4dg\u00e5rden bakom och ovanf\u00f6r det lilla m\u00f6rkbruna tr\u00e4hus som kl\u00e4nger l\u00e4ngs bergssidan p\u00e5 det s\u00e4tt som man s\u00e5 ofta ser i bergiga omr\u00e5den i Sydeuropa, men mera s\u00e4llan i Sverige.<\/p>\n<div id=\"attachment_6890\" style=\"width: 360px\" class=\"wp-caption alignright\"><img loading=\"lazy\" decoding=\"async\" aria-describedby=\"caption-attachment-6890\" class=\"size-medium wp-image-6890\" src=\"http:\/\/rosenholm.se\/wp-content\/uploads\/2015\/03\/DSC_3634-350x467.jpg\" alt=\"S\u00e5 vackert med takl\u00f6k Sempervivum och mossa i bergsskrevorna! Takl\u00f6k \u00e4r en f\u00f6rtr\u00e4fflig v\u00e4xt f\u00f6r platser d\u00e4r det n\u00e4stan inte finns n\u00e5gon jord. En vitblommande br\u00e4cka och en sj\u00e4lvs\u00e5dd bj\u00f6rkplanta g\u00f6r kompositionen \u00e4nnu charmigare.\" width=\"350\" height=\"467\" srcset=\"https:\/\/rosenholm.se\/wp-content\/uploads\/2015\/03\/DSC_3634-350x467.jpg 350w, https:\/\/rosenholm.se\/wp-content\/uploads\/2015\/03\/DSC_3634-188x250.jpg 188w, https:\/\/rosenholm.se\/wp-content\/uploads\/2015\/03\/DSC_3634.jpg 546w, https:\/\/rosenholm.se\/wp-content\/uploads\/2015\/03\/DSC_3634-188x250@2x.jpg 376w\" sizes=\"auto, (max-width: 350px) 100vw, 350px\" \/><p id=\"caption-attachment-6890\" class=\"wp-caption-text\">S\u00e5 vackert med takl\u00f6k Sempervivum och mossa i bergsskrevorna! Takl\u00f6k \u00e4r en f\u00f6rtr\u00e4fflig v\u00e4xt f\u00f6r platser d\u00e4r det n\u00e4stan inte finns n\u00e5gon jord. En vitblommande br\u00e4cka och en sj\u00e4lvs\u00e5dd bj\u00f6rkplanta g\u00f6r kompositionen \u00e4nnu charmigare.<\/p><\/div>\n<p>Infartsv\u00e4gen slingrar sig en bit upp mot huset f\u00f6r att sedan bytas mot en rustik tr\u00e4trappa n\u00e4r lutningen blir f\u00f6r brant. Efter trappan n\u00e5r man ett litet plant gr\u00e4smatterum d\u00e4r entr\u00e9g\u00e5ngen \u00f6verg\u00e5r i stora oregelbundna stenplattor utlagda i gr\u00e4set. H\u00e4r vill man g\u00e4rna stanna upp, se sig omkring och pusta ut lite. Det \u00e4r ett vackert litet tr\u00e4dg\u00e5rdsrum med ombonade v\u00e4ggar av barrv\u00e4xter, stenbumlingar och klematis p\u00e5 spalj\u00e9er. Genom gener\u00f6sa f\u00f6nsterliknande \u00f6ppningar i spalj\u00e9erna ser man den l\u00e4gre liggande v\u00e4gen.<\/p>\n<div id=\"attachment_6885\" style=\"width: 360px\" class=\"wp-caption alignright\"><img loading=\"lazy\" decoding=\"async\" aria-describedby=\"caption-attachment-6885\" class=\"size-medium wp-image-6885\" src=\"http:\/\/rosenholm.se\/wp-content\/uploads\/2015\/03\/DSC_3595-350x467.jpg\" alt=\"Sten p\u00e5 sten s\u00e5 l\u00e5ngt \u00f6gat n\u00e5r och mellan dem v\u00e4xter. H\u00e4r i solgasset trivs sm\u00e5v\u00e4xta aklejor, backtimjan, mossflox, viol, lewisia och takl\u00f6kar.\" width=\"350\" height=\"467\" srcset=\"https:\/\/rosenholm.se\/wp-content\/uploads\/2015\/03\/DSC_3595-350x467.jpg 350w, https:\/\/rosenholm.se\/wp-content\/uploads\/2015\/03\/DSC_3595-188x250.jpg 188w, https:\/\/rosenholm.se\/wp-content\/uploads\/2015\/03\/DSC_3595.jpg 546w, https:\/\/rosenholm.se\/wp-content\/uploads\/2015\/03\/DSC_3595-188x250@2x.jpg 376w\" sizes=\"auto, (max-width: 350px) 100vw, 350px\" \/><p id=\"caption-attachment-6885\" class=\"wp-caption-text\">Sten p\u00e5 sten s\u00e5 l\u00e5ngt \u00f6gat n\u00e5r och mellan dem v\u00e4xter. H\u00e4r i solgasset trivs sm\u00e5v\u00e4xta aklejor, backtimjan, mossflox, viol, lewisia och takl\u00f6kar.<\/p><\/div>\n<p>\u2212\u00a0Det \u00e4r uteslutande sorter av alpklematis <em>Clematis alpina<\/em> som v\u00e4xer h\u00e4r, ber\u00e4ttar Karin. I b\u00f6rjan provade jag \u00e4ven att odla storblommiga klematissorter, men de trivdes inget vidare i de sm\u00e5 jordvolymer som finns h\u00e4r p\u00e5 berget. Det var ocks\u00e5 sv\u00e5rt att f\u00e5 n\u00e4ringen och vattnet att r\u00e4cka till f\u00f6r dessa mer kr\u00e4vande klematisarter.<\/p>\n<p>Via ytterligare en tr\u00e4trappa forts\u00e4tter entr\u00e9g\u00e5ngen mot huset. V\u00e4xlingen mellan markmaterial och samspelet med naturen g\u00f6r vandringen sp\u00e4nnande. N\u00e4stan framme vid bostaden breder en l\u00e5ngsmal tr\u00e4balkong ut sig till h\u00f6ger. P\u00e5 insidan kantas den av en smal, men frodig rabatt med kl\u00e4tterhortensia och perenner. P\u00e5 utsidan st\u00e5r flera vackert slitna tr\u00e4tr\u00e5g fyllda med v\u00e4xter och s\u00e4regna kalkstenar fr\u00e5n J\u00e4mtland. G\u00e5r man l\u00e4ngs balkongens gr\u00e5nande tr\u00e4golv kommer man till en starkt lutande tr\u00e4dg\u00e5rd med gr\u00e4s, vindlande rabatter och stora stenar som bildar b\u00e5de b\u00e4ckf\u00e5ra och damm. Redan nu blir\u00a0man alldeles betagen och \u00e4nd\u00e5 finns det b\u00e4sta kvar att\u00a0uppt\u00e4cka: bergstr\u00e4dg\u00e5rden som d\u00f6ljer sig h\u00f6gre upp.<\/p>\n<div id=\"attachment_6901\" style=\"width: 710px\" class=\"wp-caption alignnone\"><img loading=\"lazy\" decoding=\"async\" aria-describedby=\"caption-attachment-6901\" class=\"size-large wp-image-6901\" src=\"http:\/\/rosenholm.se\/wp-content\/uploads\/2015\/03\/DSC_3572-728x485.jpg\" alt=\"Den l\u00e5ngsmala tr\u00e4balkongen sammanl\u00e4nkar huset med den brant sluttningen p\u00e5 framsidan. I rabatten till h\u00f6ger frodas bl\u00e5 bergvallmo Meconopsis betonicifolia, engelsk vallmo Meconopsis cambrica, alunrot Heuchera och kl\u00e4tterhortensia Hydrangea anomala ssp. petiolaris.\" width=\"700\" height=\"466\" srcset=\"https:\/\/rosenholm.se\/wp-content\/uploads\/2015\/03\/DSC_3572.jpg 728w, https:\/\/rosenholm.se\/wp-content\/uploads\/2015\/03\/DSC_3572-250x167.jpg 250w, https:\/\/rosenholm.se\/wp-content\/uploads\/2015\/03\/DSC_3572-350x233.jpg 350w, https:\/\/rosenholm.se\/wp-content\/uploads\/2015\/03\/DSC_3572-250x167@2x.jpg 500w, https:\/\/rosenholm.se\/wp-content\/uploads\/2015\/03\/DSC_3572-350x233@2x.jpg 700w\" sizes=\"auto, (max-width: 700px) 100vw, 700px\" \/><p id=\"caption-attachment-6901\" class=\"wp-caption-text\">Den l\u00e5ngsmala tr\u00e4balkongen sammanl\u00e4nkar huset med framsidans\u00a0branta sluttning. Till h\u00f6ger frodas bl\u00e5 bergvallmo, Meconopsis betonicifolia, engelsk vallmo, Meconopsis cambrica, alunrot, Heuchera, och kl\u00e4tterhortensia, Hydrangea anomala ssp. petiolaris.<\/p><\/div>\n<h5>H\u00f6gt ovanf\u00f6r huset<\/h5>\n<p>Vi g\u00e5r tillbaks l\u00e4ngs balkongen och g\u00e5r ytterligare n\u00e5gra steg upp, sv\u00e4nger till h\u00f6ger och passerar under taket byggt \u00f6ver den skyddade uteplatsen intill huset. \u00c4nnu en tr\u00e4trappa tar oss upp till husets baksida och med ens hamnar vi i den kargt bergiga delen av tr\u00e4dg\u00e5rden som ligger ovanf\u00f6r husets tak. H\u00e4r, i denna milj\u00f6 som m\u00e5nga skulle kalla og\u00e4stv\u00e4nlig, frodas v\u00e4xter snart sagt \u00f6verallt. Varenda bergsspricka eller skrymsle med\u00a0jord \u00e4r t\u00e4ckt av v\u00e4xter och d\u00e4r det inte finns jord finns v\u00e4xter i alla fall eftersom m\u00e5nga odlade arter skickar l\u00e5nga utl\u00f6pare ovanp\u00e5 bergh\u00e4llarna som h\u00e4mtar\u00a0vatten och n\u00e4ring i jorden en bit bort. En ymnighet av s\u00e4llan sk\u00e5dat slag.<\/p>\n<div id=\"attachment_6902\" style=\"width: 360px\" class=\"wp-caption alignright\"><img loading=\"lazy\" decoding=\"async\" aria-describedby=\"caption-attachment-6902\" class=\"size-medium wp-image-6902\" src=\"http:\/\/rosenholm.se\/wp-content\/uploads\/2015\/03\/DSC05495-350x467.jpg\" alt=\"Gul fetknopp, Sedum acre, sticker upp sina sm\u00e5 blomknoppar mellan de blommande mattorna av backtimjan.\" width=\"350\" height=\"467\" srcset=\"https:\/\/rosenholm.se\/wp-content\/uploads\/2015\/03\/DSC05495-350x467.jpg 350w, https:\/\/rosenholm.se\/wp-content\/uploads\/2015\/03\/DSC05495-188x250.jpg 188w, https:\/\/rosenholm.se\/wp-content\/uploads\/2015\/03\/DSC05495.jpg 546w, https:\/\/rosenholm.se\/wp-content\/uploads\/2015\/03\/DSC05495-188x250@2x.jpg 376w\" sizes=\"auto, (max-width: 350px) 100vw, 350px\" \/><p id=\"caption-attachment-6902\" class=\"wp-caption-text\">Gul fetknopp, Sedum acre, sticker upp sina sm\u00e5 blomknoppar mellan de blommande mattorna av backtimjan.<\/p><\/div>\n<p>Hemligheten bakom \u00e4r ett omfattande arbete med att s\u00e5 och plantera v\u00e4xter som naturligt trivs i milj\u00f6n. H\u00e4r \u00e4r det d\u00f6dsd\u00f6mt att f\u00f6rs\u00f6ka sig p\u00e5 rosor, funkior och andra tr\u00e4dg\u00e5rdsv\u00e4xter med\u00a0krav p\u00e5 jorddjup, n\u00e4ring och fukt. Torkt\u00e5liga perenner som bergnejlika,\u00a0<em>Dianthus gratianopolitanus, <\/em>kalkjungfrulin,\u00a0<em>Polygala calcarea, <\/em>backtimjan,\u00a0<em>Thymus serpyllum<\/em>,<em> backsippa, Pulsatilla vulgaris,\u00a0<\/em>och olika sorters takl\u00f6kar,\u00a0<em>Sempervivum,\u00a0<\/em>stortrivs d\u00e4remot och fr\u00f6s\u00e5r sig ymnigt. Till och med s\u00e5 ymnigt att Karin \u00e4r tvungen att rensa upp bland dem.<\/p>\n<div id=\"attachment_6906\" style=\"width: 360px\" class=\"wp-caption alignright\"><img loading=\"lazy\" decoding=\"async\" aria-describedby=\"caption-attachment-6906\" class=\"size-medium wp-image-6906\" src=\"http:\/\/rosenholm.se\/wp-content\/uploads\/2015\/03\/DSC_3617-350x525.jpg\" alt=\"Backsippa, Pulsatilla vulgaris, \u00e4r med sina s\u00e4regna fr\u00f6st\u00e4llningar en i\u00f6gonfallande vacker v\u00e4xt \u00e4ven n\u00e4r den ljuvliga blomningen tagit slut fram p\u00e5 f\u00f6rsommaren. Den blir ungef\u00e4r tjugo centimeter h\u00f6g och blommar med stora klockor i lila, vita, gula eller r\u00f6da nyanser.\" width=\"350\" height=\"525\" srcset=\"https:\/\/rosenholm.se\/wp-content\/uploads\/2015\/03\/DSC_3617-350x525.jpg 350w, https:\/\/rosenholm.se\/wp-content\/uploads\/2015\/03\/DSC_3617-167x250.jpg 167w, https:\/\/rosenholm.se\/wp-content\/uploads\/2015\/03\/DSC_3617-466x700.jpg 466w, https:\/\/rosenholm.se\/wp-content\/uploads\/2015\/03\/DSC_3617.jpg 485w, https:\/\/rosenholm.se\/wp-content\/uploads\/2015\/03\/DSC_3617-167x250@2x.jpg 334w\" sizes=\"auto, (max-width: 350px) 100vw, 350px\" \/><p id=\"caption-attachment-6906\" class=\"wp-caption-text\">Backsippa, Pulsatilla vulgaris, s\u00e4regna fr\u00f6st\u00e4llningar \u00e4r i\u00f6gonfallande \u00e4ven n\u00e4r den ljuvliga blomningen tagit slut fram p\u00e5 f\u00f6rsommaren. Den blir ungef\u00e4r tjugo centimeter h\u00f6g och blommar med stora klockor i lila, vita, gula eller r\u00f6da nyanser.<\/p><\/div>\n<p>\u2212\u00a0Efter att ha slagit omkull mig n\u00e4r jag inte s\u00e5g vart jag satte f\u00f6tterna f\u00f6r alla v\u00e4xter blev det en rej\u00e4l utrensning, ber\u00e4ttar hon. Perenner som har fr\u00f6s\u00e5tt sig sj\u00e4lva mitt i de halvnaturliga sm\u00e5 trappstegen ser visserligen charmigt ut, men kan bli vanskligt n\u00e4r det \u00e4r f\u00f6r mycket.<\/p>\n<p>P\u00e5 Karins berg frodas ett stort antal arter torkt\u00e5liga v\u00e4xter.<\/p>\n<div id=\"attachment_6908\" style=\"width: 360px\" class=\"wp-caption alignright\"><img loading=\"lazy\" decoding=\"async\" aria-describedby=\"caption-attachment-6908\" class=\"size-medium wp-image-6908\" src=\"http:\/\/rosenholm.se\/wp-content\/uploads\/2015\/03\/DSC05534-350x467.jpg\" alt=\"S\u00e5 h\u00e4r l\u00e4ckert kan barr med barr bli. Ser inte bergtallens, Pinus mugo, l\u00e5nga gr\u00e5gr\u00f6na barr \u00e4nnu h\u00e4ftigare ut med cypress och idegran som fond s\u00e5 s\u00e4g? Idegranen till v\u00e4nster \u00e4r en ovanlig sort som heter Taxus baccata \u2019Amersfoort\u2019, l\u00e5ngsamv\u00e4xande med breda vackra barr likt knubbiga sm\u00e5 blad.\" width=\"350\" height=\"467\" srcset=\"https:\/\/rosenholm.se\/wp-content\/uploads\/2015\/03\/DSC05534-350x467.jpg 350w, https:\/\/rosenholm.se\/wp-content\/uploads\/2015\/03\/DSC05534-188x250.jpg 188w, https:\/\/rosenholm.se\/wp-content\/uploads\/2015\/03\/DSC05534-525x700.jpg 525w, https:\/\/rosenholm.se\/wp-content\/uploads\/2015\/03\/DSC05534.jpg 546w, https:\/\/rosenholm.se\/wp-content\/uploads\/2015\/03\/DSC05534-188x250@2x.jpg 376w\" sizes=\"auto, (max-width: 350px) 100vw, 350px\" \/><p id=\"caption-attachment-6908\" class=\"wp-caption-text\">S\u00e5 h\u00e4r l\u00e4ckert kan barr med barr bli. Med cypress och idegran som bakgrund blir bergtallens, Pinus mugo, l\u00e5nga, gr\u00e5gr\u00f6na barr \u00e4nnu h\u00e4ftigare. Idegranen till v\u00e4nster \u00e4r en ovanlig sort som heter Taxus baccata \u2019Amersfoort\u2019, l\u00e5ngsamv\u00e4xande, med breda barr.<\/p><\/div>\n<p>\u2212\u00a0Hur m\u00e5nga olika det \u00e4r vet jag inte. Jag har f\u00f6rs\u00f6kt att r\u00e4kna dem, men det blev s\u00e5 mycket att jag inte iddes forts\u00e4tta. Det viktiga \u00e4r ju att ha kul i tr\u00e4dg\u00e5rden och inte hur m\u00e5nga olika arter man har, skrattar Karin.<\/p>\n<p>Sedan Karin 1979 f\u00f6ljde med en granne p\u00e5 tr\u00e4dg\u00e5rdskurs har intresset bara \u00f6kat och \u00f6kat. Via medlemskap i tr\u00e4dg\u00e5rdsf\u00f6reningar har hon kunnat k\u00f6pa fr\u00f6er och plantor av s\u00e5dant som annars inte \u00e4r s\u00e5 l\u00e4tt att f\u00e5 tag p\u00e5. Eftersom tr\u00e4dg\u00e5rden numera \u00e4r v\u00e4lfylld av v\u00e4xter har Karin inte l\u00e4ngre lika stora fr\u00f6s\u00e5dder p\u00e5 g\u00e5ng som tidigare. Men det \u00e4r s\u00e5 roligt att s\u00e5 och dra fram nya plantor att hon \u00e4nd\u00e5 inte kan l\u00e5ta bli helt. L\u00e4ngs tr\u00e4r\u00e4cket p\u00e5 ett av de st\u00e4llen d\u00e4r berget stupar som brantast st\u00e5r det d\u00e4rf\u00f6r flera sm\u00e5 krukor med egna s\u00e5dder uppradade. Alla fr\u00e5n tr\u00e4dg\u00e5rdens egen fr\u00f6sk\u00f6rd.<\/p>\n<p>\u2212\u00a0De \u00e4r bra att ha till hands n\u00e4r det dyker upp n\u00e5gon som \u00e4r intresserad av en viss v\u00e4xt, s\u00e4ger Karin.<\/p>\n<p>Det \u00e4r n\u00e4mligen m\u00e5nga som bes\u00f6ker Karins berg,\u00a0bes\u00f6k fr\u00e5n tr\u00e4dg\u00e5rdsf\u00f6reningar och i juli varje \u00e5r \u00e4r det \u00d6ppen Tr\u00e4dg\u00e5rd-evenemanget som g\u00e4ller. Annars \u00e4r det \u00e4r\u00a0p\u00e5 v\u00e5ren och f\u00f6rsommaren som tr\u00e4dg\u00e5rden \u00e4r som b\u00e4st. D\u00e5 blommar de flesta v\u00e4xterna och berget kl\u00e4s\u00a0i ett \u00f6verd\u00e5d av f\u00e4rger.<\/p>\n<div id=\"attachment_6911\" style=\"width: 710px\" class=\"wp-caption alignnone\"><img loading=\"lazy\" decoding=\"async\" aria-describedby=\"caption-attachment-6911\" class=\"size-large wp-image-6911\" src=\"http:\/\/rosenholm.se\/wp-content\/uploads\/2015\/03\/DSC05576-700x525.jpg\" alt=\"Rododendron- och azaleabuskar bland tallskogens stammar \u00e4r en bed\u00f6vande vacker syn. H\u00e4r fr\u00f6s\u00e5r och hybridiserar de sig s\u00e5 flitigt att Karin emellan\u00e5t \u00e4r tvungen att rensa bland dem.\" width=\"700\" height=\"525\" srcset=\"https:\/\/rosenholm.se\/wp-content\/uploads\/2015\/03\/DSC05576-350x263@2x.jpg 700w, https:\/\/rosenholm.se\/wp-content\/uploads\/2015\/03\/DSC05576-250x188.jpg 250w, https:\/\/rosenholm.se\/wp-content\/uploads\/2015\/03\/DSC05576-350x263.jpg 350w, https:\/\/rosenholm.se\/wp-content\/uploads\/2015\/03\/DSC05576.jpg 728w, https:\/\/rosenholm.se\/wp-content\/uploads\/2015\/03\/DSC05576-250x188@2x.jpg 500w\" sizes=\"auto, (max-width: 700px) 100vw, 700px\" \/><p id=\"caption-attachment-6911\" class=\"wp-caption-text\">Rododendron- och azaleabuskar bland tallskogens stammar \u00e4r en bed\u00f6vande vacker syn. H\u00e4r fr\u00f6s\u00e5r och hybridiserar de sig s\u00e5 flitigt att Karin emellan\u00e5t \u00e4r tvungen att rensa bland dem.<\/p><\/div>\n<h5>Dramatiska niv\u00e5skillnader<\/h5>\n<p>N\u00e4r vi tittar \u00f6ver r\u00e4cket bakom fr\u00f6s\u00e5dderna ser vi ner i en del av tr\u00e4dg\u00e5rden med\u00a0en helt annan karakt\u00e4r \u00e4n det blommande berg vi st\u00e5r p\u00e5. D\u00e4r, l\u00e5ngt nedanf\u00f6r v\u00e5ra f\u00f6tter, breder ett \u00f6verfl\u00f6d av rododendron och azaleor ut sig mellan stenar och tallstammar. Likt\u00a0en frodig tr\u00e4dg\u00e5rdsravin i s\u00f6dra England. H\u00e4r uppifr\u00e5n \u00e4r det mer \u00e4n tio meter ner och bergv\u00e4ggen \u00e4r p\u00e5 sina h\u00e5ll skr\u00e4mmande brant. \u00c4nd\u00e5 har Karin lyckats ta sig in p\u00e5 n\u00e5gra avsatser f\u00f6r att plantera bland annat rododendron, oxb\u00e4r och hj\u00e4rtbergenia bland den naturliga vegetationen.<\/p>\n<div id=\"attachment_6916\" style=\"width: 360px\" class=\"wp-caption alignleft\"><img loading=\"lazy\" decoding=\"async\" aria-describedby=\"caption-attachment-6916\" class=\"size-medium wp-image-6916\" src=\"http:\/\/rosenholm.se\/wp-content\/uploads\/2015\/02\/DSC_3577-350x438.jpg\" alt=\"Trots att marken lutar brant bort fr\u00e5n f\u00f6nstren har Karin lyckats skapa en god kontakt mellan ute och inne. De lite h\u00f6gre v\u00e4xterna syns v\u00e4l inifr\u00e5n det gener\u00f6sa vardagsrumsf\u00f6nstret och skapar tr\u00e4dg\u00e5rdsk\u00e4nsla \u00e4ven inomhus.\" width=\"350\" height=\"438\" srcset=\"https:\/\/rosenholm.se\/wp-content\/uploads\/2015\/02\/DSC_3577-350x438.jpg 350w, https:\/\/rosenholm.se\/wp-content\/uploads\/2015\/02\/DSC_3577-200x250.jpg 200w, https:\/\/rosenholm.se\/wp-content\/uploads\/2015\/02\/DSC_3577-560x700.jpg 560w, https:\/\/rosenholm.se\/wp-content\/uploads\/2015\/02\/DSC_3577.jpg 582w, https:\/\/rosenholm.se\/wp-content\/uploads\/2015\/02\/DSC_3577-200x250@2x.jpg 400w\" sizes=\"auto, (max-width: 350px) 100vw, 350px\" \/><p id=\"caption-attachment-6916\" class=\"wp-caption-text\">Trots att marken lutar brant bort fr\u00e5n f\u00f6nstren har Karin lyckats skapa en god kontakt mellan ute och inne. De lite h\u00f6gre v\u00e4xterna syns v\u00e4l inifr\u00e5n det gener\u00f6sa vardagsrumsf\u00f6nstret och skapar tr\u00e4dg\u00e5rdsk\u00e4nsla \u00e4ven inomhus.<\/p><\/div>\n<p>H\u00e4r p\u00e5 den branta bergknallen utanf\u00f6r Stockholm finns en sj\u00e4lvklar och stark kontakt mellan tr\u00e4dg\u00e5rden och huset trots de sv\u00e5ra f\u00f6rh\u00e5llandena med stark lutning ner fr\u00e5n huset p\u00e5 den sida d\u00e4r de stora f\u00f6nstren finns. Karin har f\u00e5tt till det genom att plantera en del st\u00f6rre barrv\u00e4xter som sticker upp och binder ihop tr\u00e4dg\u00e5rden med huset. Skulle v\u00e4xterna bara vara l\u00e5ga n\u00e4r marken lutar ned\u00e5t bort fr\u00e5n huset f\u00e5r man inte mycket att titta p\u00e5 inifr\u00e5n f\u00f6nstren. N\u00e5gra h\u00f6ga v\u00e4xter som sticker upp fr\u00e5n en l\u00e4gre niv\u00e5 \u00e4r ocks\u00e5 ett effektivt s\u00e4tt att binda ihop de olika niv\u00e5erna i en kuperad tr\u00e4dg\u00e5rd med varandra. De olika delarna och niv\u00e5erna glider om\u00e4rkligt in i varandra och blir sj\u00e4lvklara delar av den gemensamma helheten.<\/p>\n<div id=\"attachment_6918\" style=\"width: 710px\" class=\"wp-caption alignnone\"><img loading=\"lazy\" decoding=\"async\" aria-describedby=\"caption-attachment-6918\" class=\"size-large wp-image-6918\" src=\"http:\/\/rosenholm.se\/wp-content\/uploads\/2015\/02\/DSC_3559-700x525.jpg\" alt=\"De pelarformade barrv\u00e4xterna skapar intresse p\u00e5 h\u00f6jden och blir en effektfull kontrast mot de l\u00e5gv\u00e4xta blommande kuddarna p\u00e5 berget.\" width=\"700\" height=\"525\" srcset=\"https:\/\/rosenholm.se\/wp-content\/uploads\/2015\/02\/DSC_3559-350x263@2x.jpg 700w, https:\/\/rosenholm.se\/wp-content\/uploads\/2015\/02\/DSC_3559-250x188.jpg 250w, https:\/\/rosenholm.se\/wp-content\/uploads\/2015\/02\/DSC_3559-350x263.jpg 350w, https:\/\/rosenholm.se\/wp-content\/uploads\/2015\/02\/DSC_3559.jpg 728w, https:\/\/rosenholm.se\/wp-content\/uploads\/2015\/02\/DSC_3559-250x188@2x.jpg 500w\" sizes=\"auto, (max-width: 700px) 100vw, 700px\" \/><p id=\"caption-attachment-6918\" class=\"wp-caption-text\">De pelarformade barrv\u00e4xterna skapar intresse p\u00e5 h\u00f6jden och blir en effektfull kontrast mot de l\u00e5gv\u00e4xta blommande kuddarna p\u00e5 berget.<\/p><\/div>\n<p>I Karins tr\u00e4dg\u00e5rd \u00e4r det naturen som dikterar villkoren. Anpassningen till den och v\u00e4xternas krav p\u00e5 livsmilj\u00f6 har f\u00e5tt styra utformning och v\u00e4xtval.<\/p>\n<p>\u2212\u00a0Ofta g\u00e5r det inte att plantera en v\u00e4xt d\u00e4r man har t\u00e4nkt sig utan man f\u00e5r helt enkelt s\u00e4tta ner den d\u00e4r det g\u00e5r att gr\u00e4va ett h\u00e5l i marken, ber\u00e4ttar Karin.<\/p>\n<h5><a title=\"Karin Wilhelmssons b\u00e4sta tips\" href=\"http:\/\/rosenholm.se\/?page_id=6832\">Karin Wilhelmssons b\u00e4sta tips<\/a><\/h5>\n<p>Det h\u00e4r \u00e4r verkligen ett levande exempel p\u00e5 hur enast\u00e5ende vacker en tr\u00e4dg\u00e5rd kan bli, \u00e4ven i de tuffaste milj\u00f6er, om man arbetar med naturen i st\u00e4llet f\u00f6r emot.<\/p>\n<p><strong>L\u00e4s g\u00e4rna ocks\u00e5<\/strong><\/p>\n<h6><a title=\"SOLIGT OCH TORRT\" href=\"http:\/\/rosenholm.se\/?page_id=10508\">SOLIGT OCH TORRT<\/a><\/h6>\n","protected":false},"excerpt":{"rendered":"<p>Text: Ann-Christin Rosenholm Bild: Dan Rosenholm (2004) Det \u00e4r hisnande att vandra runt i Karin Wilhelmssons bergstr\u00e4dg\u00e5rd strax s\u00f6der om Stockholm. H\u00e4r, h\u00f6gt uppe ovanf\u00f6r v\u00e4gen, breder m\u00e4ngder med sol-&hellip; <\/p>\n","protected":false},"author":1,"featured_media":0,"parent":0,"menu_order":0,"comment_status":"closed","ping_status":"closed","template":"","meta":{"footnotes":""},"class_list":["post-6806","page","type-page","status-publish","hentry"],"_links":{"self":[{"href":"https:\/\/rosenholm.se\/index.php?rest_route=\/wp\/v2\/pages\/6806","targetHints":{"allow":["GET"]}}],"collection":[{"href":"https:\/\/rosenholm.se\/index.php?rest_route=\/wp\/v2\/pages"}],"about":[{"href":"https:\/\/rosenholm.se\/index.php?rest_route=\/wp\/v2\/types\/page"}],"author":[{"embeddable":true,"href":"https:\/\/rosenholm.se\/index.php?rest_route=\/wp\/v2\/users\/1"}],"replies":[{"embeddable":true,"href":"https:\/\/rosenholm.se\/index.php?rest_route=%2Fwp%2Fv2%2Fcomments&post=6806"}],"version-history":[{"count":40,"href":"https:\/\/rosenholm.se\/index.php?rest_route=\/wp\/v2\/pages\/6806\/revisions"}],"predecessor-version":[{"id":12086,"href":"https:\/\/rosenholm.se\/index.php?rest_route=\/wp\/v2\/pages\/6806\/revisions\/12086"}],"wp:attachment":[{"href":"https:\/\/rosenholm.se\/index.php?rest_route=%2Fwp%2Fv2%2Fmedia&parent=6806"}],"curies":[{"name":"wp","href":"https:\/\/api.w.org\/{rel}","templated":true}]}}