{"id":6261,"date":"2015-02-04T23:00:14","date_gmt":"2015-02-04T22:00:14","guid":{"rendered":"http:\/\/rosenholm.se\/?page_id=6261"},"modified":"2015-07-09T22:03:08","modified_gmt":"2015-07-09T20:03:08","slug":"perenner-for-ditt-hus","status":"publish","type":"page","link":"https:\/\/rosenholm.se\/?page_id=6261","title":{"rendered":"R\u00e4tt perenner till ditt hus"},"content":{"rendered":"<p><em>Text och bild: Dan Rosenholm<\/em><\/p>\n<p>Att gammaldags mormorsv\u00e4xter passar till r\u00f6da stugor med vita knutar kan m\u00e5nga inst\u00e4mma i. Men hur ska man v\u00e4lja perenner om man bor i ett sobert gr\u00e5tt arkitektritat tr\u00e4hus eller en mexitegelvilla? D\u00e5 \u00e4r det inte lika sj\u00e4lvklart minsann. Fr\u00e5gorna \u00e4r m\u00e5nga och svaren inte alldeles sj\u00e4lvklara. L\u00e5t oss hj\u00e4lpa till p\u00e5 v\u00e4gen.<\/p>\n<p>Vilka perenner passar med fasaden p\u00e5 mitt hus? En fr\u00e5ga m\u00e5nga tr\u00e4dg\u00e5rdsm\u00e4nniskor st\u00e4llt sig n\u00e5gon g\u00e5ng. Att matcha f\u00e4rger mot varandra t\u00e4nker de flesta direkt p\u00e5. Ton i ton, soligt gula blommor mot herrg\u00e5rdsgul tr\u00e4panel, eller kanske mjukt kontrasterande f\u00e4rger som bl\u00e5 lavendel mot en varmt tonad putsv\u00e4gg. S\u00e5 l\u00e5ngt allt v\u00e4l, men det r\u00e4cker inte.<\/p>\n<p>\u00c4nnu b\u00e4ttre \u00e4r att l\u00e5ta perennvalet styras av husets stil. Till en gammaldags k\u00e5k h\u00f6r traditionella v\u00e4xter, medan en stramt modernistiskt villa snarare kr\u00e4ver v\u00e4xter med strikt v\u00e4xts\u00e4tt och \u00e5terh\u00e5llna f\u00e4rger. Mexitegel med m\u00f6rka fogar, d\u00e4remot, beh\u00f6ver lummiga v\u00e4xter som h\u00e5ller tillbaka v\u00e4ggens eget m\u00f6nster. Men som vanligt n\u00e4r det g\u00e4ller tr\u00e4dg\u00e5rd finns det m\u00e5nga s\u00e4tt att g\u00f6ra p\u00e5. L\u00e4s r\u00e5den, och f\u00f6lj sedan din egen smak.<\/p>\n<h3>R\u00f6da stugor med vita knutar<\/h3>\n<p>N\u00e5got mer typiskt svenskt \u00e4n r\u00f6da hus med vita knutar \u00e4r sv\u00e5rt att t\u00e4nka sig. De \u00e4r intimt f\u00f6rknippade med sommaren, doftande syrener och barfotabarn i gr\u00e4set. Att falur\u00f6df\u00e4rg bara varit i allm\u00e4nt bruk sedan 1800-talet bortser vi g\u00e4rna fr\u00e5n. Men det \u00e4r inte bara \u00e4ldre byggnader som har den h\u00e4r f\u00e4rgkombinationen. Det \u00e4r fortfarande inte ovanligt att hela omr\u00e5den byggs som r\u00f6dvita s\u00f6rg\u00e5rdsidyller, \u00e4ven till formen.<\/p>\n<div id=\"attachment_6267\" style=\"width: 710px\" class=\"wp-caption alignnone\"><img loading=\"lazy\" decoding=\"async\" aria-describedby=\"caption-attachment-6267\" class=\"size-large wp-image-6267\" src=\"http:\/\/rosenholm.se\/wp-content\/uploads\/2015\/02\/D2X_2774-728x495.jpg\" alt=\"Att p\u00e5st\u00e5 att vackra aklejor och iris vid en r\u00f6d stuga \u00e4r hemtrevligt \u00e4r en underdrift. Bild fr\u00e5n Kenneth Hallbergs och Claes Johanssons m\u00e5nghundra\u00e5riga hus i norra Sk\u00e5ne.\" width=\"700\" height=\"476\" srcset=\"https:\/\/rosenholm.se\/wp-content\/uploads\/2015\/02\/D2X_2774.jpg 728w, https:\/\/rosenholm.se\/wp-content\/uploads\/2015\/02\/D2X_2774-250x170.jpg 250w, https:\/\/rosenholm.se\/wp-content\/uploads\/2015\/02\/D2X_2774-350x238.jpg 350w, https:\/\/rosenholm.se\/wp-content\/uploads\/2015\/02\/D2X_2774-250x170@2x.jpg 500w, https:\/\/rosenholm.se\/wp-content\/uploads\/2015\/02\/D2X_2774-350x238@2x.jpg 700w\" sizes=\"auto, (max-width: 700px) 100vw, 700px\" \/><p id=\"caption-attachment-6267\" class=\"wp-caption-text\">Att p\u00e5st\u00e5 att vackra aklejor och iris vid en r\u00f6d stuga \u00e4r hemtrevligt \u00e4r en underdrift. Bild fr\u00e5n <a href=\"http:\/\/rosenholm.se\/?page_id=7588\">Kenneth Hallbergs och Claes Johanssons <\/a>m\u00e5nghundra\u00e5riga hus i norra Sk\u00e5ne.<\/p><\/div>\n<p>Vilka perenner passar b\u00e4st i den h\u00e4r gammaldags stilen? Svaret finns i fr\u00e5gan. Mormorsv\u00e4xterna. Perenner som \u00f6verlevt \u00f6ver generationer i b\u00e5de tr\u00e4dg\u00e5rdar och \u00f6vergivna torp: krollilja, pion, riddarsporre, stormhatt, fingerborgsblomma, med flera. Alla l\u00e4ttodlade och med ett romantiskt skimmer. P\u00e5 h\u00f6sten kan gullboll, gullris eller bolltistel m\u00e5h\u00e4nda passa? Har du ett hus i herrg\u00e5rdsstil, kanske med liggande, gulm\u00e5lade paneler, kan du v\u00e4lja ungef\u00e4r samma typ av v\u00e4xter.<\/p>\n<h5>F\u00f6r den r\u00f6da stugan \u2013 mormorsv\u00e4xterna<\/h5>\n<div id=\"attachment_6275\" style=\"width: 360px\" class=\"wp-caption alignright\"><img loading=\"lazy\" decoding=\"async\" aria-describedby=\"caption-attachment-6275\" class=\"size-medium wp-image-6275\" src=\"http:\/\/rosenholm.se\/wp-content\/uploads\/2015\/02\/D2X_44001-350x420.jpg\" alt=\"Bl\u00e5 riddarsporrar passar alldeles extra bra mot st\u00e5ende falur\u00f6d tr\u00e4panel.\" width=\"350\" height=\"420\" srcset=\"https:\/\/rosenholm.se\/wp-content\/uploads\/2015\/02\/D2X_44001-350x420.jpg 350w, https:\/\/rosenholm.se\/wp-content\/uploads\/2015\/02\/D2X_44001-208x250.jpg 208w, https:\/\/rosenholm.se\/wp-content\/uploads\/2015\/02\/D2X_44001.jpg 607w, https:\/\/rosenholm.se\/wp-content\/uploads\/2015\/02\/D2X_44001-208x250@2x.jpg 416w\" sizes=\"auto, (max-width: 350px) 100vw, 350px\" \/><p id=\"caption-attachment-6275\" class=\"wp-caption-text\">Bl\u00e5 riddarsporrar passar alldeles extra bra mot st\u00e5ende falur\u00f6d tr\u00e4panel.<\/p><\/div>\n<p>Riddarsporre, <em>Delphinium<\/em>. Bara f\u00f6r att de \u00e4r st\u00e5tliga tro inte att de \u00e4r k\u00e4nsliga, riddarsporrar klarar sig i stort sett utan sk\u00f6tsel till och med i s\u00f6dra Norrlands inland. Vilka sorter \u00e4r b\u00e4st? De man f\u00e5tt till sk\u00e4nks av n\u00e5gon som har haft dem l\u00e4nge, \u00e4r svaret. Blommar under h\u00f6gsommaren.<\/p>\n<p>Krollilja, <em>Lilium martagon<\/em>. Passar i avslappnade milj\u00f6er d\u00e4r de g\u00e4rna sprider sig. Med oj\u00e4mna mellanrum \u00f6kar best\u00e5nden n\u00e4stan explosionsartat. Trivs d\u00e4r de inte blir st\u00f6rda, helst lite skuggigt. Blommar i juni\u2013juli och klarar sig upp i Norrlands inland.<\/p>\n<div id=\"attachment_6278\" style=\"width: 360px\" class=\"wp-caption alignright\"><img loading=\"lazy\" decoding=\"async\" aria-describedby=\"caption-attachment-6278\" class=\"size-medium wp-image-6278\" src=\"http:\/\/rosenholm.se\/wp-content\/uploads\/2015\/02\/D2X_9452-350x420.jpg\" alt=\"Traditionella v\u00e4xter som bl\u00e5gull har f\u00f6rm\u00e5ga att samla till sig bin och humlor. De sm\u00e5 liven f\u00e5r mat till drottningen och bibarnen, v\u00e4xterna pollineras och vi f\u00e5r njuta av naturens ljud och r\u00f6relser.\" width=\"350\" height=\"420\" srcset=\"https:\/\/rosenholm.se\/wp-content\/uploads\/2015\/02\/D2X_9452-350x420.jpg 350w, https:\/\/rosenholm.se\/wp-content\/uploads\/2015\/02\/D2X_9452-208x250.jpg 208w, https:\/\/rosenholm.se\/wp-content\/uploads\/2015\/02\/D2X_9452.jpg 607w, https:\/\/rosenholm.se\/wp-content\/uploads\/2015\/02\/D2X_9452-208x250@2x.jpg 416w\" sizes=\"auto, (max-width: 350px) 100vw, 350px\" \/><p id=\"caption-attachment-6278\" class=\"wp-caption-text\">Traditionella v\u00e4xter som bl\u00e5gull har f\u00f6rm\u00e5ga att samla till sig bin och humlor. De sm\u00e5 liven f\u00e5r mat till drottningen och bibarnen, v\u00e4xterna pollineras och vi f\u00e5r njuta av naturens ljud och r\u00f6relser.<\/p><\/div>\n<p>Bl\u00e5gull, <em>Polemonium caeruleum<\/em>. Ytterst l\u00e4ttodlad och t\u00e5lig perennklassiker med bl\u00e5 blommor, gula i centrum. Blommar fr\u00e5n juni och in i h\u00f6gsommaren. Sprider sig med utl\u00f6pare, men inte allt f\u00f6r vildsint. H\u00e4rdig l\u00e5ngt upp i Norrland.<\/p>\n<p>L\u00f6jtnantshj\u00e4rta, <em>Lamprocapnos spectabilis<\/em>. En till utseendet f\u00f6rsynt v\u00e4xt som kan bli \u00f6ver en meter h\u00f6g med anor n\u00e4stan fr\u00e5n Linn\u00e9s tid. Klarar sig en bit upp efter Norrlandskusten.<\/p>\n<div id=\"attachment_6277\" style=\"width: 360px\" class=\"wp-caption alignright\"><img loading=\"lazy\" decoding=\"async\" aria-describedby=\"caption-attachment-6277\" class=\"size-medium wp-image-6277\" src=\"http:\/\/rosenholm.se\/wp-content\/uploads\/2015\/02\/D2X_3527-11-350x420.jpg\" alt=\"P\u00e5 den skuggiga baksidan trivs bladv\u00e4xterna rosenplister, Lamium maculatum, f\u00f6ljt av broklung\u00f6rt Pulmonaria saccharata, under en vitbrokig kornell Cornus alba 'Variegata'. Bild fr\u00e5n Maud och G\u00f6ran Perssons hem i H\u00e4lsingland.\" width=\"350\" height=\"420\" srcset=\"https:\/\/rosenholm.se\/wp-content\/uploads\/2015\/02\/D2X_3527-11-350x420.jpg 350w, https:\/\/rosenholm.se\/wp-content\/uploads\/2015\/02\/D2X_3527-11-208x250.jpg 208w, https:\/\/rosenholm.se\/wp-content\/uploads\/2015\/02\/D2X_3527-11.jpg 607w, https:\/\/rosenholm.se\/wp-content\/uploads\/2015\/02\/D2X_3527-11-208x250@2x.jpg 416w\" sizes=\"auto, (max-width: 350px) 100vw, 350px\" \/><p id=\"caption-attachment-6277\" class=\"wp-caption-text\">P\u00e5 den skuggiga baksidan hos <a href=\"http:\/\/rosenholm.se\/?page_id=6983\">Maud och G\u00f6ran Persson i H\u00e4lsingland<\/a> frodas bladv\u00e4xterna rosenplister, Lamium maculatum, broklung\u00f6rt Pulmonaria saccharata, och vitbrokig kornell, Cornus alba &#8217;Variegata&#8217;.<\/p><\/div>\n<p>Akleja, <em>Aquilegia vulgaris<\/em>. Odlades i Sverige redan innan kristendomen spred sig h\u00e4r. Finns i massor av sorter och skapar g\u00e4rna nya hybrider alldeles sj\u00e4lv. H\u00e4rdiga \u00e4r de \u00e4nda upp i Norrlands inland.<\/p>\n<p>Rosenplister, <em>Lamium maculatum<\/em>. Markt\u00e4ckare som odlas f\u00f6r sina blad och \u00e4r fenomenal p\u00e5 att anpassa sig till skiftande f\u00f6rh\u00e5llanden. Sprider sig v\u00e5ldsamt, passar b\u00e4st tillsammans med storvuxna perenner och buskar och tr\u00e4d. Klarar sig en bit upp i Norrland.<\/p>\n<p>Bondpion och luktpion, <em>Paeonia<\/em>. Gammaldags perenner som doftar himmelskt. N\u00e4r de v\u00e4l etablerat sig orkar \u00e4ldre sorter knappt b\u00e4ra sina egna stora, fyllda blommor. H\u00e4rdiga upp i Norrlands inland. Blomningstid sortberoende.<\/p>\n<div id=\"attachment_6264\" style=\"width: 710px\" class=\"wp-caption alignnone\"><img loading=\"lazy\" decoding=\"async\" aria-describedby=\"caption-attachment-6264\" class=\"size-large wp-image-6264\" src=\"http:\/\/rosenholm.se\/wp-content\/uploads\/2015\/02\/DSC_5276-728x445.jpg\" alt=\"Fingerborgsblommor \u00e4r visserligen tv\u00e5\u00e5riga, men fr\u00f6ar av sig och kommer tillbaka \u00e5r efter \u00e5r. Dock inte d\u00e4r man sj\u00e4lv vill utan mer som det passar dem, som d\u00e4r inte gr\u00e4sklipparen kommer \u00e5t.\" width=\"700\" height=\"428\" srcset=\"https:\/\/rosenholm.se\/wp-content\/uploads\/2015\/02\/DSC_5276.jpg 728w, https:\/\/rosenholm.se\/wp-content\/uploads\/2015\/02\/DSC_5276-250x153.jpg 250w, https:\/\/rosenholm.se\/wp-content\/uploads\/2015\/02\/DSC_5276-350x214.jpg 350w, https:\/\/rosenholm.se\/wp-content\/uploads\/2015\/02\/DSC_5276-250x153@2x.jpg 500w, https:\/\/rosenholm.se\/wp-content\/uploads\/2015\/02\/DSC_5276-350x214@2x.jpg 700w\" sizes=\"auto, (max-width: 700px) 100vw, 700px\" \/><p id=\"caption-attachment-6264\" class=\"wp-caption-text\">Fingerborgsblommor \u00e4r visserligen tv\u00e5\u00e5riga, men fr\u00f6ar av sig och kommer tillbaka \u00e5r efter \u00e5r. Dock inte d\u00e4r man sj\u00e4lv vill utan mer som det passar dem, som d\u00e4r inte gr\u00e4sklipparen kommer \u00e5t.<\/p><\/div>\n<p>Fingerborgsblomma, <em>Digitalis purpurea<\/em>. Tv\u00e5\u00e5rig v\u00e4xt som kommer tillbaka \u00e5r efter \u00e5r och kan bli \u00f6ver en och en halv meter h\u00f6g. Blommar andra \u00e5ret. Giftig. Klarar sig en bra bit upp efter Norrlandskusten.<\/p>\n<div id=\"attachment_6293\" style=\"width: 360px\" class=\"wp-caption alignright\"><img loading=\"lazy\" decoding=\"async\" aria-describedby=\"caption-attachment-6293\" class=\"size-medium wp-image-6293\" src=\"http:\/\/rosenholm.se\/wp-content\/uploads\/2015\/02\/D2X_7743-350x420.jpg\" alt=\"Elegans f\u00f6r skuggan. Parasollblad, Astilboides tabularis, med bronsrodgersia, Rodgersia podophylla, bakom. De exceptionella blommorna tillh\u00f6r sk\u00f6ldbr\u00e4cka, Darmera peltata, som l\u00e4ngre fram p\u00e5 s\u00e4songen f\u00e5r st\u00e5tliga blad.\" width=\"350\" height=\"420\" srcset=\"https:\/\/rosenholm.se\/wp-content\/uploads\/2015\/02\/D2X_7743-350x420.jpg 350w, https:\/\/rosenholm.se\/wp-content\/uploads\/2015\/02\/D2X_7743-208x250.jpg 208w, https:\/\/rosenholm.se\/wp-content\/uploads\/2015\/02\/D2X_7743.jpg 607w, https:\/\/rosenholm.se\/wp-content\/uploads\/2015\/02\/D2X_7743-208x250@2x.jpg 416w\" sizes=\"auto, (max-width: 350px) 100vw, 350px\" \/><p id=\"caption-attachment-6293\" class=\"wp-caption-text\">Elegans f\u00f6r skuggan. Parasollblad, Astilboides tabularis, med bronsrodgersia, Rodgersia podophylla, bakom. De exceptionella blommorna tillh\u00f6r sk\u00f6ldbr\u00e4cka, Darmera peltata.<\/p><\/div>\n<h3>Sobert modernt<\/h3>\n<p>I en del nutida arkitektur efterstr\u00e4vas enkelhet. Gr\u00e5tt, liksom andra ganska neutrala f\u00e4rger som svart och brunt, anv\u00e4nds ofta i fasaderna. V\u00e4xtvalet b\u00f6r f\u00f6lja liknande principer. V\u00e4lj v\u00e4xter som \u00e4r enkla och strikta i lugna f\u00e4rgnyanser, men med tydliga former. Olika sorters h\u00f6ga prydnadsgr\u00e4s \u00e4r oslagbara, g\u00e4rna i kombination med andra vertikaler som st\u00e4ppsalvia eller kransveronika. I skuggiga l\u00e4gen passar storbladiga eleganter som daggfunkia, sk\u00f6ldbr\u00e4cka, bronsrodgersia och parasollblad.<\/p>\n<div id=\"attachment_6294\" style=\"width: 360px\" class=\"wp-caption alignright\"><img loading=\"lazy\" decoding=\"async\" aria-describedby=\"caption-attachment-6294\" class=\"size-medium wp-image-6294\" src=\"http:\/\/rosenholm.se\/wp-content\/uploads\/2015\/02\/D2X_5422-350x420.jpg\" alt=\"H\u00f6ga men l\u00e5gm\u00e4lda perenner l\u00e4mpar sig till moderna tr\u00e4fasader. I f\u00f6rgrunden silvergr\u00e4s, Achnatherum calamagrostis, framf\u00f6r ett best\u00e5nd av r\u00f6d rudbeckia. Till v\u00e4nster skymtar det eleganta tuvr\u00f6ret 'Karl Foerster'.\" width=\"350\" height=\"420\" srcset=\"https:\/\/rosenholm.se\/wp-content\/uploads\/2015\/02\/D2X_5422-350x420.jpg 350w, https:\/\/rosenholm.se\/wp-content\/uploads\/2015\/02\/D2X_5422-208x250.jpg 208w, https:\/\/rosenholm.se\/wp-content\/uploads\/2015\/02\/D2X_5422.jpg 607w, https:\/\/rosenholm.se\/wp-content\/uploads\/2015\/02\/D2X_5422-208x250@2x.jpg 416w\" sizes=\"auto, (max-width: 350px) 100vw, 350px\" \/><p id=\"caption-attachment-6294\" class=\"wp-caption-text\">H\u00f6ga men l\u00e5gm\u00e4lda perenner l\u00e4mpar sig till moderna tr\u00e4fasader. I f\u00f6rgrunden silvergr\u00e4s, Achnatherum calamagrostis, framf\u00f6r ett best\u00e5nd av r\u00f6d rudbeckia.<\/p><\/div>\n<h5>Eleganterna \u2212 som inte tar \u00f6ver<\/h5>\n<p>Amsonia, <em>Amsonia tabernaemontana<\/em>. L\u00e4cker fr\u00e5n v\u00e5rens f\u00f6rsta vackra skott. Blommar i juni och juli. Ovanlig v\u00e4xt som f\u00f6rst p\u00e5 senare tid b\u00f6rjat sl\u00e5 igenom p\u00e5 riktigt. T\u00e5lig, vill ha fuktigt i marken men v\u00e4ldr\u00e4nerat. Klarar sig normalt inte norr om M\u00e4lardalen.<\/p>\n<p>R\u00f6d rudbeckia, <em>Echinacea purpurea<\/em>. Kraftfull h\u00f6stblommande v\u00e4xt med sin karakteristiska stora mittdisk. Trots god h\u00e4rdighet kan man tyv\u00e4rr inte odla den s\u00e4rskilt l\u00e5ngt norrut, d\u00e5 hinner inte blommorna sl\u00e5 ut innan frosten kommer.<\/p>\n<div id=\"attachment_6295\" style=\"width: 360px\" class=\"wp-caption alignright\"><img loading=\"lazy\" decoding=\"async\" aria-describedby=\"caption-attachment-6295\" class=\"size-medium wp-image-6295\" src=\"http:\/\/rosenholm.se\/wp-content\/uploads\/2015\/02\/D2X_8965-350x420.jpg\" alt=\"St\u00e5tlig som f\u00e5 \u00e4r glansmiskantus, speciellt n\u00e4r de blommar fram i september. Sorten p\u00e5 bilden \u00e4r en av de allra vackraste och heter 'Malepartus'. Snygga hela vintern \u00e4r de ocks\u00e5.\" width=\"350\" height=\"420\" srcset=\"https:\/\/rosenholm.se\/wp-content\/uploads\/2015\/02\/D2X_8965-350x420.jpg 350w, https:\/\/rosenholm.se\/wp-content\/uploads\/2015\/02\/D2X_8965-208x250.jpg 208w, https:\/\/rosenholm.se\/wp-content\/uploads\/2015\/02\/D2X_8965.jpg 607w, https:\/\/rosenholm.se\/wp-content\/uploads\/2015\/02\/D2X_8965-208x250@2x.jpg 416w\" sizes=\"auto, (max-width: 350px) 100vw, 350px\" \/><p id=\"caption-attachment-6295\" class=\"wp-caption-text\">St\u00e5tlig som f\u00e5 \u00e4r glansmiskantus, speciellt n\u00e4r de blommar fram i september. Sorten p\u00e5 bilden \u00e4r en av de allra vackraste och heter &#8217;Malepartus&#8217;. Snygga hela vintern \u00e4r de ocks\u00e5.<\/p><\/div>\n<p>Glansmiskantus, <em>Miscanthus sinensis<\/em>. H\u00f6gv\u00e4xt gr\u00e4s som finns i massor av sorter, blommar p\u00e5 h\u00f6sten med tjusiga plymer. St\u00e5r helst i n\u00e4ringsrik men v\u00e4ldr\u00e4nerad jord i soligt l\u00e4ge. Som m\u00e5nga andra perenner fryser de bort om vatten blir st\u00e5ende i marken vintertid. B\u00f6r normalt inte odlas i Norrland, \u00e4ven om de \u00f6verlever hinner de inte blomma.<\/p>\n<div id=\"attachment_6296\" style=\"width: 360px\" class=\"wp-caption alignright\"><img loading=\"lazy\" decoding=\"async\" aria-describedby=\"caption-attachment-6296\" class=\"size-medium wp-image-6296\" src=\"http:\/\/rosenholm.se\/wp-content\/uploads\/2015\/02\/D2X_1405-350x420.jpg\" alt=\"H\u00e4ftiga tillsammans men \u00e4nd\u00e5 v\u00e4l anpassade till \u00e5terh\u00e5llna milj\u00f6er \u00e4r st\u00e4ppsalvia 'Amethyst' och kashmirnepeta, Nepeta clarkei. B\u00e5da v\u00e4xterna finns i m\u00e5nga olika arter, sorter och f\u00e4rger.\" width=\"350\" height=\"420\" srcset=\"https:\/\/rosenholm.se\/wp-content\/uploads\/2015\/02\/D2X_1405-350x420.jpg 350w, https:\/\/rosenholm.se\/wp-content\/uploads\/2015\/02\/D2X_1405-208x250.jpg 208w, https:\/\/rosenholm.se\/wp-content\/uploads\/2015\/02\/D2X_1405.jpg 607w, https:\/\/rosenholm.se\/wp-content\/uploads\/2015\/02\/D2X_1405-208x250@2x.jpg 416w\" sizes=\"auto, (max-width: 350px) 100vw, 350px\" \/><p id=\"caption-attachment-6296\" class=\"wp-caption-text\">H\u00e4ftiga tillsammans men \u00e4nd\u00e5 v\u00e4l anpassade till \u00e5terh\u00e5llna milj\u00f6er \u00e4r st\u00e4ppsalvia &#8217;Amethyst&#8217; och kashmirnepeta, Nepeta clarkei. B\u00e5da v\u00e4xterna finns i m\u00e5nga olika arter, sorter och f\u00e4rger.<\/p><\/div>\n<p>St\u00e4ppsalvia, <em>Salvia nemorosa<\/em>. Blommar i bl\u00e5, rosa och vita nyanser fr\u00e5n juni, klipper man ner dem brukar de hinna med en andra h\u00f6stblomning. Soligt i v\u00e4ldr\u00e4nerad jord. H\u00e4rdighet beroende av att de har torrt om f\u00f6tterna under vintern, normalt upp till M\u00e4lardalen. Plantera m\u00e5nga tillsammans, olika f\u00e4rgnyanser fungerar bra ihop.<\/p>\n<p>Vitblommig mj\u00f6lke, <em>Chamerion angustifolium<\/em> &#8217;Album&#8217;. Rallarros i tr\u00e4dg\u00e5rden? Varf\u00f6r inte, speciellt den vitblommiga varianten g\u00f6r sig v\u00e4l i strikta rabatter. H\u00e4rdig n\u00e4stan i hela Sverige, naturligtvis. Gillar sol.<\/p>\n<p>Vitpytta, <em>Achillea ptarmica<\/em> var. <em>multiplex<\/em>. Gammal v\u00e4xt med modern look som blommar med vita fyllda blommor under stora delar av h\u00f6gsommaren. Sol, men g\u00e4rna lite fukt i marken, annars en b\u00e5de t\u00e5lig och h\u00e4rdig v\u00e4xt son klarar sig \u00e4ven i Norrland.<\/p>\n<div id=\"attachment_6286\" style=\"width: 710px\" class=\"wp-caption alignnone\"><img loading=\"lazy\" decoding=\"async\" aria-describedby=\"caption-attachment-6286\" class=\"size-large wp-image-6286\" src=\"http:\/\/rosenholm.se\/wp-content\/uploads\/2015\/02\/D2X_3046-1-728x445.jpg\" alt=\"Hos den v\u00e4lk\u00e4nde landskapsarkitekten Ulf Nordfjell \u00e5terkommer de ljust gr\u00e5 v\u00e4ggytorna b\u00e5de i hans id\u00e9tr\u00e4dg\u00e5rd p\u00e5 G\u00f6teborgs botaniska och, som h\u00e4r, i Wij tr\u00e4dg\u00e5rdar i G\u00e4strikland. V\u00e4xtvalet passar perfekt i den d\u00e4mpade stilen med bland annat st\u00e4ppsalvia 'Caradonna', vitpytta 'Boule de Neige' och vitblommig mj\u00f6lke.\" width=\"700\" height=\"428\" srcset=\"https:\/\/rosenholm.se\/wp-content\/uploads\/2015\/02\/D2X_3046-1.jpg 728w, https:\/\/rosenholm.se\/wp-content\/uploads\/2015\/02\/D2X_3046-1-250x153.jpg 250w, https:\/\/rosenholm.se\/wp-content\/uploads\/2015\/02\/D2X_3046-1-350x214.jpg 350w, https:\/\/rosenholm.se\/wp-content\/uploads\/2015\/02\/D2X_3046-1-250x153@2x.jpg 500w, https:\/\/rosenholm.se\/wp-content\/uploads\/2015\/02\/D2X_3046-1-350x214@2x.jpg 700w\" sizes=\"auto, (max-width: 700px) 100vw, 700px\" \/><p id=\"caption-attachment-6286\" class=\"wp-caption-text\">Hos den v\u00e4lk\u00e4nde landskapsarkitekten <a href=\"http:\/\/rosenholm.se\/?p=4413\">Ulf Nordfjell<\/a> \u00e5terkommer de ljust gr\u00e5 v\u00e4ggytorna b\u00e5de i hans id\u00e9tr\u00e4dg\u00e5rd p\u00e5 G\u00f6teborgs botaniska och, som h\u00e4r, i Wij tr\u00e4dg\u00e5rdar i G\u00e4strikland. V\u00e4xtvalet passar perfekt i den d\u00e4mpade stilen med bland annat st\u00e4ppsalvia &#8217;Caradonna&#8217;, vitpytta &#8217;Boule de Neige&#8217; och vitblommig mj\u00f6lke.<\/p><\/div>\n<h3>Putsade fasader<\/h3>\n<p>En vackert putsad husfasad \u00e4r det egentligen v\u00e4ldigt l\u00e4tt att v\u00e4lja l\u00e4mpliga v\u00e4xter till, n\u00e4stan allt g\u00f6r sig bra. Garanterat snyggt \u00e4r klassisk engelsk stil med en bas av formklippt buxbom eller idegran kombinerad med kl\u00e4ngv\u00e4xter som murgr\u00f6na. Perennerna f\u00e5r g\u00e4rna vara ornamentala, mot lugn bakgrund \u00e4r fantasifullt formade v\u00e4xter och blad bara en f\u00f6rdel. Sj\u00e4lvklart passar som traditionen bjuder \u00e4ven stockrosor och det tv\u00e5\u00e5riga j\u00e4ttekungsljuset mot en vackert putsad v\u00e4gg.<\/p>\n<div id=\"attachment_6306\" style=\"width: 710px\" class=\"wp-caption alignnone\"><img loading=\"lazy\" decoding=\"async\" aria-describedby=\"caption-attachment-6306\" class=\"size-large wp-image-6306\" src=\"http:\/\/rosenholm.se\/wp-content\/uploads\/2015\/02\/D2X_2794-1-728x485.jpg\" alt=\"Mexitegel \u00e4r ett ljust och snyggt material som inte s\u00e4llan kombineras med tr\u00e4. Ofta med ett starkt eget m\u00f6nster. Gr\u00f6na v\u00e4xter har en neutraliserande effekt och skapar sk\u00f6n lummighet. Kombineras g\u00e4rna med f\u00e4rgrika perenner som h\u00e4r hos Anna-Lisa och Karl-Gustav Lindgren i Sundsvall. I f\u00f6rgrunden till v\u00e4nster spansk martorn, Eryngium bourgatii.\" width=\"700\" height=\"466\" srcset=\"https:\/\/rosenholm.se\/wp-content\/uploads\/2015\/02\/D2X_2794-1.jpg 728w, https:\/\/rosenholm.se\/wp-content\/uploads\/2015\/02\/D2X_2794-1-250x167.jpg 250w, https:\/\/rosenholm.se\/wp-content\/uploads\/2015\/02\/D2X_2794-1-350x233.jpg 350w, https:\/\/rosenholm.se\/wp-content\/uploads\/2015\/02\/D2X_2794-1-250x167@2x.jpg 500w, https:\/\/rosenholm.se\/wp-content\/uploads\/2015\/02\/D2X_2794-1-350x233@2x.jpg 700w\" sizes=\"auto, (max-width: 700px) 100vw, 700px\" \/><p id=\"caption-attachment-6306\" class=\"wp-caption-text\">Mexitegel \u00e4r ett ljust och snyggt material som inte s\u00e4llan kombineras med tr\u00e4. Ofta med ett starkt eget m\u00f6nster. Gr\u00f6na v\u00e4xter har en neutraliserande effekt och skapar sk\u00f6n lummighet. Kombineras g\u00e4rna med f\u00e4rgrika perenner som h\u00e4r hos Anna-Lisa och Karl-Gustav Lindgren i Sundsvall. I f\u00f6rgrunden till v\u00e4nster spansk martorn, Eryngium bourgatii.<\/p><\/div>\n<h5>Passar med puts \u2013 starka former och tradition<\/h5>\n<p>Rysk martorn, <em>Eryngium planum<\/em>. En annan lika vacker, taggig v\u00e4xt men mycket h\u00e4rdigare. Kan bli n\u00e4rmare en meter h\u00f6g. F\u00f6rutom den bl\u00e5skimrande ryska martornen finns andra odlingsv\u00e4rda arter som det storv\u00e4xta, tv\u00e5\u00e5riga silvermartorn, <em>Eryngium giganteum<\/em>, en kul typ som dyker upp d\u00e4r den vill och klarar sig bra minst upp efter Norrlands kustland.<\/p>\n<div id=\"attachment_6302\" style=\"width: 710px\" class=\"wp-caption alignnone\"><img loading=\"lazy\" decoding=\"async\" aria-describedby=\"caption-attachment-6302\" class=\"size-large wp-image-6302\" src=\"http:\/\/rosenholm.se\/wp-content\/uploads\/2015\/02\/D2X_3777-728x470.jpg\" alt=\"Stockrosorna passar hundraprocentigt bra mot den typiska husfasaden i den gamla delen av Ringk\u00f8bing p\u00e5 Jylland. Det skulle lika g\u00e4rna kunna vara Sk\u00e5ne. L\u00e4ngre norrut i landet \u00e4r stockrosor p\u00e5 sin h\u00f6jd tv\u00e5\u00e5riga.\" width=\"700\" height=\"452\" srcset=\"https:\/\/rosenholm.se\/wp-content\/uploads\/2015\/02\/D2X_3777.jpg 728w, https:\/\/rosenholm.se\/wp-content\/uploads\/2015\/02\/D2X_3777-250x161.jpg 250w, https:\/\/rosenholm.se\/wp-content\/uploads\/2015\/02\/D2X_3777-350x226.jpg 350w, https:\/\/rosenholm.se\/wp-content\/uploads\/2015\/02\/D2X_3777-250x161@2x.jpg 500w, https:\/\/rosenholm.se\/wp-content\/uploads\/2015\/02\/D2X_3777-350x226@2x.jpg 700w\" sizes=\"auto, (max-width: 700px) 100vw, 700px\" \/><p id=\"caption-attachment-6302\" class=\"wp-caption-text\">Stockrosorna passar hundraprocentigt bra mot den typiska husfasaden i den gamla delen av Ringk\u00f8bing p\u00e5 Jylland. Det skulle lika g\u00e4rna kunna vara Sk\u00e5ne. L\u00e4ngre norrut i landet \u00e4r stockrosor p\u00e5 sin h\u00f6jd tv\u00e5\u00e5riga.<\/p><\/div>\n<div id=\"attachment_6303\" style=\"width: 360px\" class=\"wp-caption alignright\"><img loading=\"lazy\" decoding=\"async\" aria-describedby=\"caption-attachment-6303\" class=\"size-medium wp-image-6303\" src=\"http:\/\/rosenholm.se\/wp-content\/uploads\/2015\/02\/D2X_1983-350x467.jpg\" alt=\"Uts\u00f6kt mot en putsad fasad \u00e4r den ornamentala perennen, akantus. Det sydeuropeiska ursprunget syns, eller hur?\" width=\"350\" height=\"467\" srcset=\"https:\/\/rosenholm.se\/wp-content\/uploads\/2015\/02\/D2X_1983-350x467.jpg 350w, https:\/\/rosenholm.se\/wp-content\/uploads\/2015\/02\/D2X_1983-188x250.jpg 188w, https:\/\/rosenholm.se\/wp-content\/uploads\/2015\/02\/D2X_1983.jpg 546w, https:\/\/rosenholm.se\/wp-content\/uploads\/2015\/02\/D2X_1983-188x250@2x.jpg 376w\" sizes=\"auto, (max-width: 350px) 100vw, 350px\" \/><p id=\"caption-attachment-6303\" class=\"wp-caption-text\">Uts\u00f6kt mot en putsad fasad \u00e4r den ornamentala perennen, akantus. Det sydeuropeiska ursprunget syns, eller hur?<\/p><\/div>\n<p>Stockros, <em>Alcea rosea<\/em>. Stockrosor vid fasaden \u00e4r en sk\u00e5nsk klassiker. De \u00e4r kortlivade och passar b\u00e4st i s\u00f6dra Sverige, b\u00e5de stil- och klimatm\u00e4ssigt. Sort v\u00e4ljer man efter vilken f\u00e4rg som passar med huset.<\/p>\n<div id=\"attachment_6301\" style=\"width: 360px\" class=\"wp-caption alignright\"><img loading=\"lazy\" decoding=\"async\" aria-describedby=\"caption-attachment-6301\" class=\"size-medium wp-image-6301\" src=\"http:\/\/rosenholm.se\/wp-content\/uploads\/2015\/02\/DSC_2886-350x467.jpg\" alt=\"Okej, rosor \u00e4r inte perenner, men l\u00e4ckra kl\u00e4tterrosor passar mot de flesta neutrala v\u00e4ggar. H\u00e4r den ganska k\u00e4nsliga sorten \u2019Alchymist\u2019, som skiftar i gult och rosa, mot en vitgjord tegelv\u00e4gg hemma hos Kjerstin och Lars-Erik Borg i Link\u00f6ping.\" width=\"350\" height=\"467\" srcset=\"https:\/\/rosenholm.se\/wp-content\/uploads\/2015\/02\/DSC_2886-350x467.jpg 350w, https:\/\/rosenholm.se\/wp-content\/uploads\/2015\/02\/DSC_2886-188x250.jpg 188w, https:\/\/rosenholm.se\/wp-content\/uploads\/2015\/02\/DSC_2886.jpg 546w, https:\/\/rosenholm.se\/wp-content\/uploads\/2015\/02\/DSC_2886-188x250@2x.jpg 376w\" sizes=\"auto, (max-width: 350px) 100vw, 350px\" \/><p id=\"caption-attachment-6301\" class=\"wp-caption-text\">Kl\u00e4tterrosor \u00e4r inte perenner men passar mot de flesta neutrala v\u00e4ggar. H\u00e4r den ganska k\u00e4nsliga sorten \u2019Alchymist\u2019, som skiftar i gult och rosa, mot en vitgjord tegelv\u00e4gg hemma hos Kjerstin och Lars-Erik Borg i Link\u00f6ping.<\/p><\/div>\n<p>Akantus, <em>Acanthus hungaricus<\/em>. Ganska ovanlig i Sverige, men genom historien desto vanligare i s\u00f6dra Europa, inte minst i konsten. Bladen stod modell f\u00f6r ornament redan i antiken och har \u00e5terkommit som motiv sedan dess. Ganska k\u00e4nslig v\u00e4xt som enbart i sydligaste Sverige klarar sig utan t\u00e4ckning.<\/p>\n<p>Daglilja, <em>Hemorocallis<\/em>. En v\u00e4xt man inte bara har f\u00f6r blommorna utan minst lika mycket f\u00f6r det sirliga, \u00f6verh\u00e4ngande v\u00e4xts\u00e4ttet. Sorter finns det hur m\u00e5nga som helst av. V\u00e4lj n\u00e5gon som antingen matchar fasaden eller bryter av i en komplementf\u00e4rg. Oftast rej\u00e4lt h\u00e4rdiga.<\/p>\n<p>Lavendel, <em>Lavandula angustifolia<\/em>. Halvbuske med matt, bl\u00e5 f\u00e4rg som passar mot putsade str\u00e4va ytor. Doftar aromatiskt. \u00c4r ganska h\u00e4rdig, minst upp till M\u00e4lardalen, bara den st\u00e5r torrt och soligt. M\u00e5nga tillsammans ska det vara f\u00f6r att f\u00e5 effekt.<\/p>\n<p>J\u00e4ttekungsljus, <em>Verbascum olympicum<\/em>. Stor, kraftig tv\u00e5\u00e5rig v\u00e4xt som b\u00e5de bildar nya sidorosetter och fr\u00f6s\u00e5r sig. De brukar inte f\u00f6rsvinna i f\u00f6rsta taget, inte ens l\u00e5ngt upp i Norrland. Blommar st\u00f6rre delen av sommaren.<\/p>\n<div id=\"attachment_6305\" style=\"width: 710px\" class=\"wp-caption alignnone\"><img loading=\"lazy\" decoding=\"async\" aria-describedby=\"caption-attachment-6305\" class=\"size-large wp-image-6305\" src=\"http:\/\/rosenholm.se\/wp-content\/uploads\/2015\/02\/DSC07023-728x546.jpg\" alt=\"Allt passar en sk\u00f6nhet s\u00e4gs det, och det g\u00e4ller nog putsade hus ocks\u00e5. P\u00e5 Maryhill i Lund blommar de sj\u00e4lvs\u00e5dda \u00e4ngsblommorna, toppade med j\u00e4ttekungsljus, mellan innerg\u00e5rdens gatstenar. Lite olika varje \u00e5r men alltid lika vackert.\" width=\"700\" height=\"525\" srcset=\"https:\/\/rosenholm.se\/wp-content\/uploads\/2015\/02\/DSC07023.jpg 728w, https:\/\/rosenholm.se\/wp-content\/uploads\/2015\/02\/DSC07023-250x188.jpg 250w, https:\/\/rosenholm.se\/wp-content\/uploads\/2015\/02\/DSC07023-350x263.jpg 350w, https:\/\/rosenholm.se\/wp-content\/uploads\/2015\/02\/DSC07023-250x188@2x.jpg 500w, https:\/\/rosenholm.se\/wp-content\/uploads\/2015\/02\/DSC07023-350x263@2x.jpg 700w\" sizes=\"auto, (max-width: 700px) 100vw, 700px\" \/><p id=\"caption-attachment-6305\" class=\"wp-caption-text\">Allt passar en sk\u00f6nhet s\u00e4gs det, och det g\u00e4ller nog putsade hus ocks\u00e5. P\u00e5 <a href=\"http:\/\/rosenholm.se\/?page_id=545\">Maryhill <\/a>i Lund blommar de sj\u00e4lvs\u00e5dda \u00e4ngsblommorna, toppade med j\u00e4ttekungsljus, mellan innerg\u00e5rdens gatstenar. Lite olika varje \u00e5r men alltid lika vackert.<\/p><\/div>\n","protected":false},"excerpt":{"rendered":"<p>Text och bild: Dan Rosenholm Att gammaldags mormorsv\u00e4xter passar till r\u00f6da stugor med vita knutar kan m\u00e5nga inst\u00e4mma i. Men hur ska man v\u00e4lja perenner om man bor i ett&hellip; <\/p>\n","protected":false},"author":1,"featured_media":0,"parent":0,"menu_order":0,"comment_status":"closed","ping_status":"closed","template":"","meta":{"footnotes":""},"class_list":["post-6261","page","type-page","status-publish","hentry"],"_links":{"self":[{"href":"https:\/\/rosenholm.se\/index.php?rest_route=\/wp\/v2\/pages\/6261","targetHints":{"allow":["GET"]}}],"collection":[{"href":"https:\/\/rosenholm.se\/index.php?rest_route=\/wp\/v2\/pages"}],"about":[{"href":"https:\/\/rosenholm.se\/index.php?rest_route=\/wp\/v2\/types\/page"}],"author":[{"embeddable":true,"href":"https:\/\/rosenholm.se\/index.php?rest_route=\/wp\/v2\/users\/1"}],"replies":[{"embeddable":true,"href":"https:\/\/rosenholm.se\/index.php?rest_route=%2Fwp%2Fv2%2Fcomments&post=6261"}],"version-history":[{"count":31,"href":"https:\/\/rosenholm.se\/index.php?rest_route=\/wp\/v2\/pages\/6261\/revisions"}],"predecessor-version":[{"id":7839,"href":"https:\/\/rosenholm.se\/index.php?rest_route=\/wp\/v2\/pages\/6261\/revisions\/7839"}],"wp:attachment":[{"href":"https:\/\/rosenholm.se\/index.php?rest_route=%2Fwp%2Fv2%2Fmedia&parent=6261"}],"curies":[{"name":"wp","href":"https:\/\/api.w.org\/{rel}","templated":true}]}}