{"id":5698,"date":"2015-01-09T21:02:17","date_gmt":"2015-01-09T20:02:17","guid":{"rendered":"http:\/\/rosenholm.se\/?page_id=5698"},"modified":"2015-07-09T22:32:34","modified_gmt":"2015-07-09T20:32:34","slug":"odling-mitt-i-storstan","status":"publish","type":"page","link":"https:\/\/rosenholm.se\/?page_id=5698","title":{"rendered":"Odling mitt i Stockholm"},"content":{"rendered":"<div id=\"attachment_5750\" style=\"width: 360px\" class=\"wp-caption alignright\"><img loading=\"lazy\" decoding=\"async\" aria-describedby=\"caption-attachment-5750\" class=\"size-medium wp-image-5750\" src=\"http:\/\/rosenholm.se\/wp-content\/uploads\/2015\/01\/D2X_3668-350x420.jpg\" alt=\"Strax utanf\u00f6r Robert och Ulla Britts kolonilott kan man sitta i lugn kontemplation och blicka ner \u00f6ver Tantobergets branter och ut \u00f6ver \u00c5rstavikens vatten och Stockholm s\u00f6dra f\u00f6rorter.\" width=\"350\" height=\"420\" srcset=\"https:\/\/rosenholm.se\/wp-content\/uploads\/2015\/01\/D2X_3668-350x420.jpg 350w, https:\/\/rosenholm.se\/wp-content\/uploads\/2015\/01\/D2X_3668-208x250.jpg 208w, https:\/\/rosenholm.se\/wp-content\/uploads\/2015\/01\/D2X_3668.jpg 607w, https:\/\/rosenholm.se\/wp-content\/uploads\/2015\/01\/D2X_3668-208x250@2x.jpg 416w\" sizes=\"auto, (max-width: 350px) 100vw, 350px\" \/><p id=\"caption-attachment-5750\" class=\"wp-caption-text\">Strax utanf\u00f6r Robert och Ulla Britts kolonilott kan man sitta i lugn kontemplation och blicka ner \u00f6ver Tantobergets branter och ut \u00f6ver \u00c5rstavikens vatten och Stockholm s\u00f6dra f\u00f6rorter.<\/p><\/div>\n<p><em>Text och bild: Dan Rosenholm (2007)<\/em><\/p>\n<p>Utsikten \u00e4r h\u00e4nf\u00f6rande, speciellt s\u00e5 h\u00e4r under en av sommarhalv\u00e5rets solgassiga dagar. Nedanf\u00f6r ligger \u00c5rstaviken, tv\u00e4rs \u00f6ver vattenytan kan man se l\u00e5ngt ut \u00f6ver Stockholms s\u00f6dra f\u00f6rorter. P\u00e5 j\u00e4rnv\u00e4gsbron en bit bort dundrar t\u00e5gen f\u00f6rbi. De st\u00f6r inte, de h\u00f6r hemma d\u00e4r. H\u00f6gt ovan vattenytan st\u00e5r den lilla r\u00f6da stugan p\u00e5 sin lummiga och blommiga tomt innanf\u00f6r ett r\u00f6tt staket. Det \u00e4r i Tantolundens koloniomr\u00e5de som vi befinner oss. Mitt inne i storstan, men \u00e4nd\u00e5 som p\u00e5 landet.<\/p>\n<div id=\"attachment_5751\" style=\"width: 360px\" class=\"wp-caption alignright\"><img loading=\"lazy\" decoding=\"async\" aria-describedby=\"caption-attachment-5751\" class=\"size-medium wp-image-5751\" src=\"http:\/\/rosenholm.se\/wp-content\/uploads\/2015\/01\/D2X_3635-350x420.jpg\" alt=\"Ett likadant staket som det h\u00e4r byggde Robert och hans pappa runt tomten redan under 1960-talets sista \u00e5r. Senare i samband med att omr\u00e5det rustades upp uppf\u00f6rde kommunen liknande staket kring alla lotter.\" width=\"350\" height=\"420\" srcset=\"https:\/\/rosenholm.se\/wp-content\/uploads\/2015\/01\/D2X_3635-350x420.jpg 350w, https:\/\/rosenholm.se\/wp-content\/uploads\/2015\/01\/D2X_3635-208x250.jpg 208w, https:\/\/rosenholm.se\/wp-content\/uploads\/2015\/01\/D2X_3635.jpg 607w, https:\/\/rosenholm.se\/wp-content\/uploads\/2015\/01\/D2X_3635-208x250@2x.jpg 416w\" sizes=\"auto, (max-width: 350px) 100vw, 350px\" \/><p id=\"caption-attachment-5751\" class=\"wp-caption-text\">Ett staket som det h\u00e4r byggde Robert och hans pappa runt tomten redan under 1960-talets sista \u00e5r. I samband med upprustning uppf\u00f6rde kommunen liknande staket kring alla lotter.<\/p><\/div>\n<p>Sedan slutet av 60-talet har de h\u00e5llit till d\u00e4r under sommarhalv\u00e5ret, Robert och Ulla Britt Ask, och pysslat p\u00e5 sin kolonilott. Det var Roberts pappa som skaffade den 1968, han fick kontakt med kolonif\u00f6reningen n\u00e4r han var bas f\u00f6r r\u00f6rmokeriet p\u00e5 ett bygge i Stockholm. Det var inte s\u00e4rskilt eftertraktat. Omr\u00e5det var igenbuskat och nedg\u00e5nget. Staketen var av olika typer och f\u00e4rg, h\u00f6nsn\u00e4t f\u00f6rekom. Arrendekontrakten var bara p\u00e5 mellan ett och fem \u00e5r, s\u00e5 de flesta brydde sig inte s\u00e5 mycket. Tack vare en advokat som engagerade sig i f\u00f6reningen blev det i b\u00f6rjan av 70-talet 25-\u00e5rs kontrakt, och omr\u00e5det blommade upp. Nu fyrtio \u00e5r senare \u00e4r det f\u00f6rvandlat till en levande idyll.<\/p>\n<div id=\"attachment_5718\" style=\"width: 738px\" class=\"wp-caption alignnone\"><img loading=\"lazy\" decoding=\"async\" aria-describedby=\"caption-attachment-5718\" class=\"size-full wp-image-5718\" src=\"http:\/\/rosenholm.se\/wp-content\/uploads\/2015\/01\/D2X_3625.jpg\" alt=\"Det \u00e4r klart att man ska odla potatis p\u00e5 en kolonilott. P\u00e5 Tantolundens solstekta s\u00f6dersluttningar har de hunnit v\u00e4xa rej\u00e4lt redan s\u00e5 h\u00e4r i rododendronblommornas tid. Sorten \u2019Minerva\u2019 \u00e4r en av Roberts favoriter, frisk och ofta f\u00e4rdig att ta upp till midsommar.\" width=\"728\" height=\"485\" srcset=\"https:\/\/rosenholm.se\/wp-content\/uploads\/2015\/01\/D2X_3625.jpg 728w, https:\/\/rosenholm.se\/wp-content\/uploads\/2015\/01\/D2X_3625-250x167.jpg 250w, https:\/\/rosenholm.se\/wp-content\/uploads\/2015\/01\/D2X_3625-350x233.jpg 350w, https:\/\/rosenholm.se\/wp-content\/uploads\/2015\/01\/D2X_3625-250x167@2x.jpg 500w, https:\/\/rosenholm.se\/wp-content\/uploads\/2015\/01\/D2X_3625-350x233@2x.jpg 700w\" sizes=\"auto, (max-width: 728px) 100vw, 728px\" \/><p id=\"caption-attachment-5718\" class=\"wp-caption-text\">Det \u00e4r klart att man ska odla potatis p\u00e5 en kolonilott. P\u00e5 Tantolundens solstekta s\u00f6dersluttningar har de hunnit v\u00e4xa rej\u00e4lt redan s\u00e5 h\u00e4r i rododendronblommornas tid. Sorten \u2019Minerva\u2019 \u00e4r en av Roberts favoriter, frisk och ofta f\u00e4rdig att ta upp till midsommar.<\/p><\/div>\n<p>\u2013 Vi brukar flytta ut hit n\u00e5gon g\u00e5ng i maj, ber\u00e4ttar Robert, och stanna till september. Vi lever hela sommaren h\u00e4r, \u00e5ker hem ibland och betalar r\u00e4kningar och s\u00e5nt. N\u00e4r jag arbetade fick vi n\u00f6ja oss med att tillbringa fredag, l\u00f6rdag och s\u00f6ndag h\u00e4r.<\/p>\n<div id=\"attachment_5715\" style=\"width: 738px\" class=\"wp-caption alignnone\"><img loading=\"lazy\" decoding=\"async\" aria-describedby=\"caption-attachment-5715\" class=\"size-full wp-image-5715\" src=\"http:\/\/rosenholm.se\/wp-content\/uploads\/2015\/01\/D2X_3929.jpg\" alt=\"Talgoxarna \u00e4r vana vid m\u00e4nskligt s\u00e4llskap och \u00e4ter gladeligen ur Ulla Britts hand n\u00e4r hon bjuder p\u00e5 n\u00e5got gott.\" width=\"728\" height=\"485\" srcset=\"https:\/\/rosenholm.se\/wp-content\/uploads\/2015\/01\/D2X_3929.jpg 728w, https:\/\/rosenholm.se\/wp-content\/uploads\/2015\/01\/D2X_3929-250x167.jpg 250w, https:\/\/rosenholm.se\/wp-content\/uploads\/2015\/01\/D2X_3929-350x233.jpg 350w, https:\/\/rosenholm.se\/wp-content\/uploads\/2015\/01\/D2X_3929-250x167@2x.jpg 500w, https:\/\/rosenholm.se\/wp-content\/uploads\/2015\/01\/D2X_3929-350x233@2x.jpg 700w\" sizes=\"auto, (max-width: 728px) 100vw, 728px\" \/><p id=\"caption-attachment-5715\" class=\"wp-caption-text\">Talgoxarna \u00e4r vana vid m\u00e4nskligt s\u00e4llskap och \u00e4ter gladeligen ur Ulla Britts hand n\u00e4r hon bjuder p\u00e5 n\u00e5got gott.<\/p><\/div>\n<p>Hem, det \u00e4r Bred\u00e4ng. Robert arbetade med renh\u00e5llning fram till han fick avtalspension vid en privatisering runt millennieskiftet, men fortsatte sedan \u00e4nd\u00e5 att arbeta n\u00e5gra \u00e5r, bland annat som skolvaktm\u00e4stare. Ulla Britt slutade arbeta redan 1976 p\u00e5 grund av en tilltagande \u00f6gonsjukdom. Medan deras tv\u00e5 pojkar fortfarande var sm\u00e5 hade de f\u00f6rutom kolonilotten b\u00e5de husvagn och b\u00e5t. Som f\u00f6r\u00e4lder \u00e4r det l\u00e4tt att k\u00e4nna igen sig. Att vilja hinna allt p\u00e5 en g\u00e5ng. Med tiden tyckte de att det blev f\u00f6r mycket och d\u00e5 f\u00f6ll valet p\u00e5 Tanto. N\u00e4r man bes\u00f6ker dem i tr\u00e4dg\u00e5rden f\u00f6rst\u00e5r man att det var ett gott val.<\/p>\n<div id=\"attachment_5717\" style=\"width: 710px\" class=\"wp-caption alignnone\"><img loading=\"lazy\" decoding=\"async\" aria-describedby=\"caption-attachment-5717\" class=\"size-large wp-image-5717\" src=\"http:\/\/rosenholm.se\/wp-content\/uploads\/2015\/01\/D2X_3857-728x484.jpg\" alt=\"Sedan Robert blev pension\u00e4r tillbringar han och Ulla Britt stora delar av sommarhalv\u00e5ret i stugan i Tanto. K\u00f6ket, det \u00e4r ett uterum p\u00e5 samma g\u00e5ng. Det \u00e4r k\u00e4nslan av att vara n\u00e4ra tr\u00e4dg\u00e5rden och naturen som lockar.\" width=\"700\" height=\"465\" srcset=\"https:\/\/rosenholm.se\/wp-content\/uploads\/2015\/01\/D2X_3857.jpg 728w, https:\/\/rosenholm.se\/wp-content\/uploads\/2015\/01\/D2X_3857-250x166.jpg 250w, https:\/\/rosenholm.se\/wp-content\/uploads\/2015\/01\/D2X_3857-350x233.jpg 350w, https:\/\/rosenholm.se\/wp-content\/uploads\/2015\/01\/D2X_3857-250x166@2x.jpg 500w, https:\/\/rosenholm.se\/wp-content\/uploads\/2015\/01\/D2X_3857-350x233@2x.jpg 700w\" sizes=\"auto, (max-width: 700px) 100vw, 700px\" \/><p id=\"caption-attachment-5717\" class=\"wp-caption-text\">Sedan Robert blev pension\u00e4r tillbringar han och Ulla Britt stora delar av sommarhalv\u00e5ret i stugan i Tanto. K\u00f6ket, det \u00e4r ett uterum p\u00e5 samma g\u00e5ng. Det \u00e4r k\u00e4nslan av att vara n\u00e4ra tr\u00e4dg\u00e5rden och naturen som lockar.<\/p><\/div>\n<p>Robert \u00e4r uppv\u00e4xt p\u00e5 L\u00e5ngholmsgatan en bit nedanf\u00f6r, att han kommer fr\u00e5n S\u00f6der skiner igenom p\u00e5 dialekten. Han kan ber\u00e4tta om hur f\u00e5ngarna spelade fotboll ute p\u00e5 L\u00e5ngholmen n\u00e4r han var barn. Men han beskriver ocks\u00e5 hur koloniomr\u00e5det utvecklats under de 40 \u00e5r de varit d\u00e4r. Till det b\u00e4ttre.<\/p>\n<div id=\"attachment_5713\" style=\"width: 738px\" class=\"wp-caption alignnone\"><img loading=\"lazy\" decoding=\"async\" aria-describedby=\"caption-attachment-5713\" class=\"size-full wp-image-5713\" src=\"http:\/\/rosenholm.se\/wp-content\/uploads\/2015\/01\/D2X_3685.jpg\" alt=\"Det \u00e4r Robert som sk\u00f6ter tr\u00e4dg\u00e5rden. Dahlior \u00e4r en av favoriterna. L\u00e4ngs staketet i norr bildar de n\u00e4stan en h\u00e4ck fram\u00e5t slutet av sommaren.\" width=\"728\" height=\"485\" srcset=\"https:\/\/rosenholm.se\/wp-content\/uploads\/2015\/01\/D2X_3685.jpg 728w, https:\/\/rosenholm.se\/wp-content\/uploads\/2015\/01\/D2X_3685-250x167.jpg 250w, https:\/\/rosenholm.se\/wp-content\/uploads\/2015\/01\/D2X_3685-350x233.jpg 350w, https:\/\/rosenholm.se\/wp-content\/uploads\/2015\/01\/D2X_3685-250x167@2x.jpg 500w, https:\/\/rosenholm.se\/wp-content\/uploads\/2015\/01\/D2X_3685-350x233@2x.jpg 700w\" sizes=\"auto, (max-width: 728px) 100vw, 728px\" \/><p id=\"caption-attachment-5713\" class=\"wp-caption-text\">Det \u00e4r Robert som sk\u00f6ter tr\u00e4dg\u00e5rden. Dahlior \u00e4r en av favoriterna. L\u00e4ngs staketet i norr bildar de n\u00e4stan en h\u00e4ck fram\u00e5t slutet av sommaren.<\/p><\/div>\n<p>\u2013 Det \u00e4r ett helt annat folkliv h\u00e4r nu \u00e4n f\u00f6rr i tiden, forts\u00e4tter Robert ber\u00e4tta. En midsommar p\u00e5 1980-talet blev vi intervjuade i Expressen. De undrade var alla m\u00e4nniskor h\u00f6ll hus. Det var bara vi h\u00e4r, inga andra. Det fanns inte ens belysning p\u00e5 den tiden.<\/p>\n<div id=\"attachment_5753\" style=\"width: 360px\" class=\"wp-caption alignright\"><img loading=\"lazy\" decoding=\"async\" aria-describedby=\"caption-attachment-5753\" class=\"size-medium wp-image-5753\" src=\"http:\/\/rosenholm.se\/wp-content\/uploads\/2015\/01\/D2X_4409-350x420.jpg\" alt=\"Den brunr\u00f6da dagliljan Hemerocallis fulva fick de av en kolonigranne f\u00f6r n\u00e5gra \u00e5r sedan. Ursprunget \u00e4r fr\u00e5n Kina men den finns ibland mer eller mindre f\u00f6rvildad i Sverige. Just i Tanto kan man se den lite \u00f6verallt.\" width=\"350\" height=\"420\" srcset=\"https:\/\/rosenholm.se\/wp-content\/uploads\/2015\/01\/D2X_4409-350x420.jpg 350w, https:\/\/rosenholm.se\/wp-content\/uploads\/2015\/01\/D2X_4409-208x250.jpg 208w, https:\/\/rosenholm.se\/wp-content\/uploads\/2015\/01\/D2X_4409.jpg 607w, https:\/\/rosenholm.se\/wp-content\/uploads\/2015\/01\/D2X_4409-208x250@2x.jpg 416w\" sizes=\"auto, (max-width: 350px) 100vw, 350px\" \/><p id=\"caption-attachment-5753\" class=\"wp-caption-text\">Den brunr\u00f6da dagliljan Hemerocallis fulva fick de av en kolonigranne f\u00f6r n\u00e5gra \u00e5r sedan. Ursprunget \u00e4r fr\u00e5n Kina men den finns ibland mer eller mindre f\u00f6rvildad i Sverige. Just i Tanto kan man se den lite \u00f6verallt.<\/p><\/div>\n<p>Han s\u00e4ger att det numera \u00e4r mycket folk som promenerar i omr\u00e5det. Inte bara de som bor i n\u00e4rheten. Lite d\u00e5 och d\u00e5 kommer resande fr\u00e5n vandrarhemmet i Zinkensdamm strosande. De har sett omr\u00e5det nerifr\u00e5n gatorna och f\u00e5r lust att bes\u00f6ka landet mitt i staden. De st\u00e4ller fr\u00e5gor och sm\u00e5pratar.<\/p>\n<div id=\"attachment_5754\" style=\"width: 360px\" class=\"wp-caption alignright\"><img loading=\"lazy\" decoding=\"async\" aria-describedby=\"caption-attachment-5754\" class=\"size-medium wp-image-5754\" src=\"http:\/\/rosenholm.se\/wp-content\/uploads\/2015\/01\/D2X_4413-350x420.jpg\" alt=\"Det bl\u00e5 ankaret.\" width=\"350\" height=\"420\" srcset=\"https:\/\/rosenholm.se\/wp-content\/uploads\/2015\/01\/D2X_4413-350x420.jpg 350w, https:\/\/rosenholm.se\/wp-content\/uploads\/2015\/01\/D2X_4413-208x250.jpg 208w, https:\/\/rosenholm.se\/wp-content\/uploads\/2015\/01\/D2X_4413.jpg 607w, https:\/\/rosenholm.se\/wp-content\/uploads\/2015\/01\/D2X_4413-208x250@2x.jpg 416w\" sizes=\"auto, (max-width: 350px) 100vw, 350px\" \/><p id=\"caption-attachment-5754\" class=\"wp-caption-text\">Det bl\u00e5 ankaret.<\/p><\/div>\n<p>\u2013 Jag brukar s\u00e4ga att av de som kommer g\u00e5ende h\u00e4r f\u00f6rbi \u00e4r hundra procent trevliga, s\u00e4ger Robert.<\/p>\n<p>Och det \u00e4r inte s\u00e5 konstigt att hans och Ulla Britts tr\u00e4dg\u00e5rd skapar kontakt mellan m\u00e4nniskor. Det \u00e4r frodigt d\u00e4r inne, man blir lite nyfiken n\u00e4r man g\u00e5r f\u00f6rbi och st\u00e4ller n\u00e5gon fr\u00e5ga. Och d\u00e5 g\u00e5r snacket ig\u00e5ng, liksom av sig sj\u00e4lv. F\u00f6rst om v\u00e4dret, sedan lite om tr\u00e4dg\u00e5rden och om v\u00e4xterna, och s\u00e5 forts\u00e4tter det kanske av bara farten om livet och barnen och olika platser man bes\u00f6kt och allt. Kolonitr\u00e4dg\u00e5rdar odlar man inte bara i, d\u00e4r umg\u00e5s man.<\/p>\n<h5>Ankare och brunn<\/h5>\n<div id=\"attachment_5756\" style=\"width: 360px\" class=\"wp-caption alignright\"><img loading=\"lazy\" decoding=\"async\" aria-describedby=\"caption-attachment-5756\" class=\"size-medium wp-image-5756\" src=\"http:\/\/rosenholm.se\/wp-content\/uploads\/2015\/01\/D2X_4345-1-350x420.jpg\" alt=\"En brunn som prydnad.\" width=\"350\" height=\"420\" srcset=\"https:\/\/rosenholm.se\/wp-content\/uploads\/2015\/01\/D2X_4345-1-350x420.jpg 350w, https:\/\/rosenholm.se\/wp-content\/uploads\/2015\/01\/D2X_4345-1-208x250.jpg 208w, https:\/\/rosenholm.se\/wp-content\/uploads\/2015\/01\/D2X_4345-1.jpg 607w, https:\/\/rosenholm.se\/wp-content\/uploads\/2015\/01\/D2X_4345-1-208x250@2x.jpg 416w\" sizes=\"auto, (max-width: 350px) 100vw, 350px\" \/><p id=\"caption-attachment-5756\" class=\"wp-caption-text\">En brunn som prydnad.<\/p><\/div>\n<p>Det bl\u00e5 ankaret som ligger vid trappan intill huset har sin egen historia. Man kan s\u00e4ga att det var som ett mycket rej\u00e4lt napp. N\u00e5got fastnade n\u00e4r Ulla Britt och yngste sonen skulle dra upp sin egen f\u00f6rt\u00f6jning. Efter viss anstr\u00e4ngning s\u00e5 f\u00f6ljde ett rej\u00e4lt ankare med upp, som sedan dess f\u00e5tt pryda tomten. N\u00e5gon g\u00e5ng emellan\u00e5t har Robert m\u00e5lat om det, b\u00e5de r\u00f6tt och bl\u00e5tt har ankaret tidigare varit.<\/p>\n<p>En brunn som prydnad, hade Robert och hans pappa pratat om att bygga. Men det blev inget av f\u00f6rr\u00e4n efter pappans d\u00f6d. Kullerstenarna sitter i betong runt ett cementr\u00f6r. Medan bruket h\u00e4rdade lindade Robert vanligt bandage runt s\u00e5 att stenarna skulle sitta fast. Varv efter varv, nedifr\u00e5n och upp.<\/p>\n<div id=\"attachment_5714\" style=\"width: 738px\" class=\"wp-caption alignnone\"><img loading=\"lazy\" decoding=\"async\" aria-describedby=\"caption-attachment-5714\" class=\"size-full wp-image-5714\" src=\"http:\/\/rosenholm.se\/wp-content\/uploads\/2015\/01\/D2X_4373.jpg\" alt=\"Till gl\u00e4dje f\u00f6r alla som vandrar runt i omr\u00e5det slingrar sig en jackmanklematis Clematis 'Jackmanii' uppf\u00f6r en stolpe i ett av tomtens h\u00f6rn.\" width=\"728\" height=\"485\" srcset=\"https:\/\/rosenholm.se\/wp-content\/uploads\/2015\/01\/D2X_4373.jpg 728w, https:\/\/rosenholm.se\/wp-content\/uploads\/2015\/01\/D2X_4373-250x167.jpg 250w, https:\/\/rosenholm.se\/wp-content\/uploads\/2015\/01\/D2X_4373-350x233.jpg 350w, https:\/\/rosenholm.se\/wp-content\/uploads\/2015\/01\/D2X_4373-250x167@2x.jpg 500w, https:\/\/rosenholm.se\/wp-content\/uploads\/2015\/01\/D2X_4373-350x233@2x.jpg 700w\" sizes=\"auto, (max-width: 728px) 100vw, 728px\" \/><p id=\"caption-attachment-5714\" class=\"wp-caption-text\">Till gl\u00e4dje f\u00f6r alla som vandrar runt i omr\u00e5det slingrar sig en jackmanklematis Clematis &#8217;Jackmanii&#8217; uppf\u00f6r en stolpe i ett av tomtens h\u00f6rn.<\/p><\/div>\n<h5>Kolonitr\u00e4dg\u00e5rdsomr\u00e5det<\/h5>\n<p>Tantolundens kolonitr\u00e4dg\u00e5rdar har en gammal historia. Den f\u00f6rsta kolonitr\u00e4dg\u00e5rdsf\u00f6reningen d\u00e4r startade 1917, d\u00e5 hade omr\u00e5det redan anv\u00e4nts ett par \u00e5r f\u00f6r potatisodling. I S\u00f6dra Tanto, d\u00e4r Robert och Ulla Britt har sin stuga, kom utformningen av lotterna till p\u00e5 ett lite annorlunda s\u00e4tt. Potatisodlarna fick helt enkelt markera ut dem beroende p\u00e5 hur berget l\u00e5g och var det fanns jord f\u00f6r odling. I huvudsak \u00e4r det samma lotter som fortfarande finns kvar. Ofta \u00e4r de ganska stora, de flesta \u00e4r mellan 300\u2013500 kvadratmeter.<\/p>\n<p>Kolonilotterna i Tanto \u00e4r m\u00e5nga g\u00e5nger v\u00e4ldigt branta. En del kl\u00e4ttrar efter Tantobergets sida, mellan dem slingrar sig g\u00e5ngar n\u00e4stan som kl\u00e4ngv\u00e4xter uppf\u00f6r sluttningarna. Ibland f\u00e5r man k\u00e4nslan av att befinna sig p\u00e5 en annan plats \u00e4n Sveriges huvudstad, n\u00e5gonstans d\u00e4r naturen \u00e4r vildare.<\/p>\n<p>\u2013 Jag \u00e4r glad att vi har Tanto, avslutar Robert. \u00c4ven om Bred\u00e4ng \u00e4r helt okej p\u00e5 vintern s\u00e5 beh\u00f6ver man vara utomhus under somrarna. Hur skulle man annars klara sig?<\/p>\n<div id=\"attachment_5723\" style=\"width: 710px\" class=\"wp-caption alignnone\"><img loading=\"lazy\" decoding=\"async\" aria-describedby=\"caption-attachment-5723\" class=\"size-large wp-image-5723\" src=\"http:\/\/rosenholm.se\/wp-content\/uploads\/2015\/01\/D2X_3742-728x484.jpg\" alt=\"Det \u00e4r bra med starka benmuskler n\u00e4r man strosar runt upp och ner l\u00e4ngs g\u00e5ngarna i Tantolundens kolonitr\u00e4dg\u00e5rdar, om man inte har det l\u00e4r man f\u00e5 det. De r\u00f6da, smakfulla staketen som liksom b\u00e4r upp lummigheten \u00e5terkommer \u00f6verallt. \" width=\"700\" height=\"465\" srcset=\"https:\/\/rosenholm.se\/wp-content\/uploads\/2015\/01\/D2X_3742.jpg 728w, https:\/\/rosenholm.se\/wp-content\/uploads\/2015\/01\/D2X_3742-250x166.jpg 250w, https:\/\/rosenholm.se\/wp-content\/uploads\/2015\/01\/D2X_3742-350x233.jpg 350w, https:\/\/rosenholm.se\/wp-content\/uploads\/2015\/01\/D2X_3742-250x166@2x.jpg 500w, https:\/\/rosenholm.se\/wp-content\/uploads\/2015\/01\/D2X_3742-350x233@2x.jpg 700w\" sizes=\"auto, (max-width: 700px) 100vw, 700px\" \/><p id=\"caption-attachment-5723\" class=\"wp-caption-text\">Det \u00e4r bra med starka benmuskler n\u00e4r man strosar runt upp och ner l\u00e4ngs g\u00e5ngarna i Tantolundens kolonitr\u00e4dg\u00e5rdar, om man inte har det l\u00e4r man f\u00e5 det. De r\u00f6da, smakfulla staketen som liksom b\u00e4r upp lummigheten \u00e5terkommer \u00f6verallt.<\/p><\/div>\n<div id=\"attachment_5761\" style=\"width: 360px\" class=\"wp-caption alignleft\"><img loading=\"lazy\" decoding=\"async\" aria-describedby=\"caption-attachment-5761\" class=\"size-medium wp-image-5761\" src=\"http:\/\/rosenholm.se\/wp-content\/uploads\/2015\/01\/D2X_3820-350x408.jpg\" alt=\"En viss preferens \u00e4r det l\u00e4tt att f\u00e5 f\u00f6r kaktusdahlian, Dahlia \u00d7 pinnata 'Preference'.\" width=\"350\" height=\"408\" srcset=\"https:\/\/rosenholm.se\/wp-content\/uploads\/2015\/01\/D2X_3820-350x408.jpg 350w, https:\/\/rosenholm.se\/wp-content\/uploads\/2015\/01\/D2X_3820-214x250.jpg 214w, https:\/\/rosenholm.se\/wp-content\/uploads\/2015\/01\/D2X_3820.jpg 624w, https:\/\/rosenholm.se\/wp-content\/uploads\/2015\/01\/D2X_3820-214x250@2x.jpg 428w\" sizes=\"auto, (max-width: 350px) 100vw, 350px\" \/><p id=\"caption-attachment-5761\" class=\"wp-caption-text\">En viss preferens \u00e4r det l\u00e4tt att f\u00e5 f\u00f6r kaktusdahlian, Dahlia \u00d7 pinnata &#8217;Preference&#8217;.<\/p><\/div>\n<h5>Lite om dahlior<\/h5>\n<div id=\"attachment_5762\" style=\"width: 360px\" class=\"wp-caption alignleft\"><img loading=\"lazy\" decoding=\"async\" aria-describedby=\"caption-attachment-5762\" class=\"size-medium wp-image-5762\" src=\"http:\/\/rosenholm.se\/wp-content\/uploads\/2015\/01\/D2X_3831-350x408.jpg\" alt=\"Visst har dekorativdahlian, Dahlia \u00d7 pinnata 'Fascination', ett fascinerande f\u00e4rgspel.\" width=\"350\" height=\"408\" srcset=\"https:\/\/rosenholm.se\/wp-content\/uploads\/2015\/01\/D2X_3831-350x408.jpg 350w, https:\/\/rosenholm.se\/wp-content\/uploads\/2015\/01\/D2X_3831-214x250.jpg 214w, https:\/\/rosenholm.se\/wp-content\/uploads\/2015\/01\/D2X_3831.jpg 624w, https:\/\/rosenholm.se\/wp-content\/uploads\/2015\/01\/D2X_3831-214x250@2x.jpg 428w\" sizes=\"auto, (max-width: 350px) 100vw, 350px\" \/><p id=\"caption-attachment-5762\" class=\"wp-caption-text\">Visst har dekorativdahlian, Dahlia \u00d7 pinnata &#8217;Fascination&#8217;, ett fascinerande f\u00e4rgspel.<\/p><\/div>\n<p>Andreas Dahl, en av Linn\u00e9s m\u00e5nga l\u00e4rjungar, fick \u00e4ran att ge dahliorna sitt namn i slutet av 1700-talet. Det var ungef\u00e4r samtidigt som de f\u00f6rst b\u00f6rjade spridas i Europa fr\u00e5n Mellanamerika och norra Sydamerika via Spanien. I b\u00f6rjan var det sv\u00e5rt att h\u00e5lla liv i dahliorna \u00e4ven i till exempel England. Det var innan man f\u00f6rstod att de inte t\u00e5l n\u00e5gon frost alls. H\u00e4r i Sverige odlas de som ett\u00e5riga, p\u00e5 vintern beh\u00f6ver de f\u00f6rvaras frostritt inomhus. Kn\u00f6larna blir d\u00e5 b\u00e5de st\u00f6rre och fler f\u00f6r varje \u00e5r. Robert f\u00f6rvarar dem s\u00e5 h\u00e4r:<\/p>\n<div id=\"attachment_5763\" style=\"width: 360px\" class=\"wp-caption alignleft\"><img loading=\"lazy\" decoding=\"async\" aria-describedby=\"caption-attachment-5763\" class=\"size-medium wp-image-5763\" src=\"http:\/\/rosenholm.se\/wp-content\/uploads\/2015\/01\/D2X_37651-350x408.jpg\" alt=\"Visst har dekorativdahlian, Dahlia \u00d7 pinnata 'Fascination', ett fascinerande f\u00e4rgspel.\" width=\"350\" height=\"408\" srcset=\"https:\/\/rosenholm.se\/wp-content\/uploads\/2015\/01\/D2X_37651-350x408.jpg 350w, https:\/\/rosenholm.se\/wp-content\/uploads\/2015\/01\/D2X_37651-214x250.jpg 214w, https:\/\/rosenholm.se\/wp-content\/uploads\/2015\/01\/D2X_37651.jpg 624w, https:\/\/rosenholm.se\/wp-content\/uploads\/2015\/01\/D2X_37651-214x250@2x.jpg 428w\" sizes=\"auto, (max-width: 350px) 100vw, 350px\" \/><p id=\"caption-attachment-5763\" class=\"wp-caption-text\">Visst har dekorativdahlian, Dahlia \u00d7 pinnata &#8217;Fascination&#8217;, ett fascinerande f\u00e4rgspel.<\/p><\/div>\n<p>Fyll botten p\u00e5 en l\u00e5da med torvmull direkt ur f\u00f6rpackningen. L\u00e4gg n\u00e5gra lager av dahlior ovanp\u00e5, var och en v\u00e4l t\u00e4ckta med torvmull. Se till att dahliorna \u00e4r separerade och inte ligger tillsammans. Skaka om l\u00e5dan lite ibland s\u00e5 att det inte blir f\u00f6r mycket luft kvar bland l\u00f6karna. F\u00f6rvaring i till exempel k\u00e4llare i ungef\u00e4r tio grader plus \u00f6ver vintern fungerar bra. P\u00e5 v\u00e5ren, efter att risken f\u00f6r frost \u00e4r \u00f6ver, brukar Robert plantera dem i jord uppblandad med vanlig k\u00f6pt planteringsjord.<\/p>\n<h5><a title=\"Koloniomr\u00e5den att strosa runt i\" href=\"http:\/\/rosenholm.se\/?page_id=5700\">Koloniomr\u00e5den att strosa runt i<\/a><\/h5>\n","protected":false},"excerpt":{"rendered":"<p>Text och bild: Dan Rosenholm (2007) Utsikten \u00e4r h\u00e4nf\u00f6rande, speciellt s\u00e5 h\u00e4r under en av sommarhalv\u00e5rets solgassiga dagar. Nedanf\u00f6r ligger \u00c5rstaviken, tv\u00e4rs \u00f6ver vattenytan kan man se l\u00e5ngt ut \u00f6ver&hellip; <\/p>\n","protected":false},"author":1,"featured_media":0,"parent":0,"menu_order":0,"comment_status":"closed","ping_status":"closed","template":"","meta":{"footnotes":""},"class_list":["post-5698","page","type-page","status-publish","hentry"],"_links":{"self":[{"href":"https:\/\/rosenholm.se\/index.php?rest_route=\/wp\/v2\/pages\/5698","targetHints":{"allow":["GET"]}}],"collection":[{"href":"https:\/\/rosenholm.se\/index.php?rest_route=\/wp\/v2\/pages"}],"about":[{"href":"https:\/\/rosenholm.se\/index.php?rest_route=\/wp\/v2\/types\/page"}],"author":[{"embeddable":true,"href":"https:\/\/rosenholm.se\/index.php?rest_route=\/wp\/v2\/users\/1"}],"replies":[{"embeddable":true,"href":"https:\/\/rosenholm.se\/index.php?rest_route=%2Fwp%2Fv2%2Fcomments&post=5698"}],"version-history":[{"count":48,"href":"https:\/\/rosenholm.se\/index.php?rest_route=\/wp\/v2\/pages\/5698\/revisions"}],"predecessor-version":[{"id":7850,"href":"https:\/\/rosenholm.se\/index.php?rest_route=\/wp\/v2\/pages\/5698\/revisions\/7850"}],"wp:attachment":[{"href":"https:\/\/rosenholm.se\/index.php?rest_route=%2Fwp%2Fv2%2Fmedia&parent=5698"}],"curies":[{"name":"wp","href":"https:\/\/api.w.org\/{rel}","templated":true}]}}