{"id":362,"date":"2014-01-23T10:04:55","date_gmt":"2014-01-23T09:04:55","guid":{"rendered":"http:\/\/rosenholm.se\/?page_id=362"},"modified":"2017-03-31T20:47:57","modified_gmt":"2017-03-31T18:47:57","slug":"artiklar","status":"publish","type":"page","link":"https:\/\/rosenholm.se\/?page_id=362","title":{"rendered":"V\u00c4XTER &#038; ODLING"},"content":{"rendered":"<p>M\u00e5nga tr\u00e4dg\u00e5rdsartiklar har vi, Dan och Ann-Christin Rosenholm, skrivit det senaste decenniet, N\u00e5gra hundra i alla fall. M\u00e5nga av dem handlar om v\u00e4xter, vad som passar olika \u00e5rstider, typer av platser eller olika v\u00e4xtgrupper. Under den h\u00e4r rubriken kommer fler att l\u00e4ggas in allteftersom. De ligger ungef\u00e4r sorterade\u00a0efter vilken \u00e5rstid v\u00e4xterna vi skriver om \u00e4r mest praktfulla eller anv\u00e4ndbara.<\/p>\n<p>S\u00f6ker du n\u00e5gon speciell v\u00e4xt anv\u00e4nd g\u00e4rna <a href=\"http:\/\/rosenholm.se\/?page_id=799\">registret \u00f6ver v\u00e4xtnamn<\/a>.\u00a0Det\u00a0\u00e4r sorterat efter f\u00f6rsta bokstaven i det vetenskapliga namnet.<\/p>\n<h5><a title=\"Storblommig klematis fr\u00e5n \u00f6st\" href=\"http:\/\/rosenholm.se\/?page_id=11122\">Storblommig klematis fr\u00e5n \u00f6st<\/a><\/h5>\n<div id=\"attachment_11292\" style=\"width: 710px\" class=\"wp-caption alignnone\"><a title=\"Storblommig klematis fr\u00e5n \u00f6st\" href=\"http:\/\/rosenholm.se\/?page_id=11122\"><img loading=\"lazy\" decoding=\"async\" aria-describedby=\"caption-attachment-11292\" class=\"size-full wp-image-11292\" src=\"http:\/\/rosenholm.se\/wp-content\/uploads\/2017\/03\/D2X_0128.jpg\" alt=\"Clematis \u2019Uno Kivistik\u2019\" width=\"700\" height=\"428\" srcset=\"https:\/\/rosenholm.se\/wp-content\/uploads\/2017\/03\/D2X_0128-350x214@2x.jpg 700w, https:\/\/rosenholm.se\/wp-content\/uploads\/2017\/03\/D2X_0128-350x214.jpg 350w, https:\/\/rosenholm.se\/wp-content\/uploads\/2017\/03\/D2X_0128-420x257.jpg 420w\" sizes=\"auto, (max-width: 700px) 100vw, 700px\" \/><\/a><p id=\"caption-attachment-11292\" class=\"wp-caption-text\">Clematis \u2019Uno Kivistik\u2019, namnsatt efter sin estniske skapare.<\/p><\/div>\n<h5><a title=\"Hortensia \u2013 blommande buskar f\u00f6r sommar och h\u00f6st\" href=\"http:\/\/rosenholm.se\/?page_id=10705\">Hortensia \u2013 blommande buskar f\u00f6r sommar och h\u00f6st<\/a><\/h5>\n<div id=\"attachment_10711\" style=\"width: 710px\" class=\"wp-caption alignnone\"><a title=\"Hortensia \u2013 blommande buskar f\u00f6r sommar och h\u00f6st\" href=\"http:\/\/rosenholm.se\/?page_id=10705\"><img loading=\"lazy\" decoding=\"async\" aria-describedby=\"caption-attachment-10711\" class=\"size-full wp-image-10711\" src=\"http:\/\/rosenholm.se\/wp-content\/uploads\/2017\/01\/D3X_1386.jpg\" alt=\"G\u00f6r som Majoren Johnston p\u00e5 ber\u00f6mda engelska 'Hidcote Manor'. Plantera vidjehortensia och stj\u00e4rnflocka invid den skuggiga g\u00e5ngen.\" width=\"700\" height=\"428\" srcset=\"https:\/\/rosenholm.se\/wp-content\/uploads\/2017\/01\/D3X_1386-350x214@2x.jpg 700w, https:\/\/rosenholm.se\/wp-content\/uploads\/2017\/01\/D3X_1386-350x214.jpg 350w, https:\/\/rosenholm.se\/wp-content\/uploads\/2017\/01\/D3X_1386-420x257.jpg 420w\" sizes=\"auto, (max-width: 700px) 100vw, 700px\" \/><\/a><p id=\"caption-attachment-10711\" class=\"wp-caption-text\">Vidjehortensia, Hydrangea arborescens<\/p><\/div>\n<h5><a title=\"Funkia \u2013 de l\u00e4ckra bladens Rolls Royce\" href=\"http:\/\/rosenholm.se\/?page_id=9821\">Funkia \u2013 de l\u00e4ckra bladens Rolls Royce<\/a><\/h5>\n<div id=\"attachment_9833\" style=\"width: 710px\" class=\"wp-caption alignnone\"><a title=\"Funkia \u2013 de l\u00e4ckra bladens Rolls Royce\" href=\"http:\/\/rosenholm.se\/?page_id=9821\"><img loading=\"lazy\" decoding=\"async\" aria-describedby=\"caption-attachment-9833\" class=\"size-large wp-image-9833\" src=\"http:\/\/rosenholm.se\/wp-content\/uploads\/2016\/05\/D2X_7079-700x428.jpg\" alt=\"Funkior g\u00e5r bra att odla i krukor. Skapa g\u00e4rna kompositioner med olika sorter som \u00e4r olika i f\u00e4rg och form och placera med andra krukodlade v\u00e4xter, som formklippta buxbomsbollar.\" width=\"700\" height=\"428\" srcset=\"https:\/\/rosenholm.se\/wp-content\/uploads\/2016\/05\/D2X_7079-350x214@2x.jpg 700w, https:\/\/rosenholm.se\/wp-content\/uploads\/2016\/05\/D2X_7079-250x153.jpg 250w, https:\/\/rosenholm.se\/wp-content\/uploads\/2016\/05\/D2X_7079-350x214.jpg 350w, https:\/\/rosenholm.se\/wp-content\/uploads\/2016\/05\/D2X_7079-250x153@2x.jpg 500w\" sizes=\"auto, (max-width: 700px) 100vw, 700px\" \/><\/a><p id=\"caption-attachment-9833\" class=\"wp-caption-text\">Funkior g\u00e5r ocks\u00e5 bra att odla i krukor.<\/p><\/div>\n<h5><a title=\"N\u00e4vor \u2013 v\u00e4na blommor som passar n\u00e4stan \u00f6verallt\" href=\"http:\/\/rosenholm.se\/?page_id=8156\">N\u00e4vor \u2013 v\u00e4na blommor som passar n\u00e4stan \u00f6verallt<\/a><\/h5>\n<div id=\"attachment_8787\" style=\"width: 710px\" class=\"wp-caption alignnone\"><a title=\"N\u00e4vor \u2013 v\u00e4na blommor som passar n\u00e4stan \u00f6verallt\" href=\"http:\/\/rosenholm.se\/?page_id=8156\"><img loading=\"lazy\" decoding=\"async\" aria-describedby=\"caption-attachment-8787\" class=\"size-large wp-image-8787\" src=\"http:\/\/rosenholm.se\/wp-content\/uploads\/2016\/01\/D2X_5033-700x467.jpg\" alt=\"Kronn\u00e4van Geranium x oxonianum \u2019Rebecca Moss\u2019 bildar en t\u00e4t l\u00e5g matta som d\u00f6ljer jorden. Den bildar en fin kant mot stenl\u00e4ggningen d\u00e4r den f\u00f6rsynt faller \u00f6ver den l\u00e5ga rabattkanten. Blommorna \u00e4r n\u00e4pet tv\u00e5f\u00e4rgade i rosa och vitt som varierar fr\u00e5n blomma till blomma. I bakgrunden den mer starkrosa flockn\u00e4van, G. macrorrhizum \u2019Pindus\u2019.\" width=\"700\" height=\"467\" srcset=\"https:\/\/rosenholm.se\/wp-content\/uploads\/2016\/01\/D2X_5033-350x234@2x.jpg 700w, https:\/\/rosenholm.se\/wp-content\/uploads\/2016\/01\/D2X_5033-250x167.jpg 250w, https:\/\/rosenholm.se\/wp-content\/uploads\/2016\/01\/D2X_5033-350x234.jpg 350w, https:\/\/rosenholm.se\/wp-content\/uploads\/2016\/01\/D2X_5033-250x167@2x.jpg 500w\" sizes=\"auto, (max-width: 700px) 100vw, 700px\" \/><\/a><p id=\"caption-attachment-8787\" class=\"wp-caption-text\">Kronn\u00e4va, Geranium x oxonianum \u2019Rebecca Moss, och flockn\u00e4va, G. macrorrhizum \u2019Pindus\u2019.<\/p><\/div>\n<h5><a title=\"Pioner \u2013 f\u00f6r kejsare, dig och mig\" href=\"http:\/\/rosenholm.se\/?page_id=9766\">Pioner \u2013 f\u00f6r kejsare, dig och mig<\/a><\/h5>\n<div id=\"attachment_9781\" style=\"width: 710px\" class=\"wp-caption alignnone\"><a title=\"Pioner \u2013 f\u00f6r kejsare, dig och mig\" href=\"http:\/\/rosenholm.se\/?page_id=9766\"><img loading=\"lazy\" decoding=\"async\" aria-describedby=\"caption-attachment-9781\" class=\"size-large wp-image-9781\" src=\"http:\/\/rosenholm.se\/wp-content\/uploads\/2016\/05\/D3X_1284-700x467.jpg\" alt=\"Min personliga favorit \u00e4r 'Coral Charm', en amerikansk hybrid fr\u00e5n 1954. Varje g\u00e5ng jag ser den blir jag \u00f6verrumplad av dess sk\u00f6nhet. Bra snittblomma.\" width=\"700\" height=\"467\" srcset=\"https:\/\/rosenholm.se\/wp-content\/uploads\/2016\/05\/D3X_1284-350x234@2x.jpg 700w, https:\/\/rosenholm.se\/wp-content\/uploads\/2016\/05\/D3X_1284-250x167.jpg 250w, https:\/\/rosenholm.se\/wp-content\/uploads\/2016\/05\/D3X_1284-350x234.jpg 350w, https:\/\/rosenholm.se\/wp-content\/uploads\/2016\/05\/D3X_1284-250x167@2x.jpg 500w\" sizes=\"auto, (max-width: 700px) 100vw, 700px\" \/><\/a><p id=\"caption-attachment-9781\" class=\"wp-caption-text\">Paeonia\u00a0&#8217;Coral Charm&#8217;, amerikansk hybrid fr\u00e5n 1954.<\/p><\/div>\n<h5><a title=\"\u00c5tta rabatter \u2013 v\u00e4xter och kombinationer\" href=\"http:\/\/rosenholm.se\/?page_id=5354\">\u00c5tta rabatter \u2013 v\u00e4xter och kombinationer<\/a><\/h5>\n<div id=\"attachment_5410\" style=\"width: 738px\" class=\"wp-caption alignnone\"><a title=\"\u00c5tta rabatter \u2013 v\u00e4xter och kombinationer\" href=\"http:\/\/rosenholm.se\/?page_id=5354\"><img loading=\"lazy\" decoding=\"async\" aria-describedby=\"caption-attachment-5410\" class=\"size-full wp-image-5410\" src=\"http:\/\/rosenholm.se\/wp-content\/uploads\/2015\/01\/D2X_5039.jpg\" alt=\"Brittsommaraster, Aster amellus 'Rosa Erf\u00fcllung'\" width=\"728\" height=\"485\" srcset=\"https:\/\/rosenholm.se\/wp-content\/uploads\/2015\/01\/D2X_5039.jpg 728w, https:\/\/rosenholm.se\/wp-content\/uploads\/2015\/01\/D2X_5039-250x167.jpg 250w, https:\/\/rosenholm.se\/wp-content\/uploads\/2015\/01\/D2X_5039-320x213.jpg 320w, https:\/\/rosenholm.se\/wp-content\/uploads\/2015\/01\/D2X_5039-350x233.jpg 350w, https:\/\/rosenholm.se\/wp-content\/uploads\/2015\/01\/D2X_5039-250x167@2x.jpg 500w, https:\/\/rosenholm.se\/wp-content\/uploads\/2015\/01\/D2X_5039-320x213@2x.jpg 640w, https:\/\/rosenholm.se\/wp-content\/uploads\/2015\/01\/D2X_5039-350x233@2x.jpg 700w\" sizes=\"auto, (max-width: 728px) 100vw, 728px\" \/><\/a><p id=\"caption-attachment-5410\" class=\"wp-caption-text\">Brittsommaraster, Aster amellus &#8217;Rosa Erf\u00fcllung&#8217;<\/p><\/div>\n<h5><a title=\"Magnolia f\u00f6r alla\" href=\"http:\/\/rosenholm.se\/?page_id=3574\">Magnolia f\u00f6r alla<\/a><\/h5>\n<div id=\"attachment_3599\" style=\"width: 738px\" class=\"wp-caption alignnone\"><a title=\"Magnolia f\u00f6r alla\" href=\"http:\/\/rosenholm.se\/?page_id=3574\"><img loading=\"lazy\" decoding=\"async\" aria-describedby=\"caption-attachment-3599\" class=\"size-full wp-image-3599\" src=\"http:\/\/rosenholm.se\/wp-content\/uploads\/2014\/04\/D3X_0119.jpg\" alt=\"Sveriges kanske vackraste magnoliaplantering finns i Blomsterg\u00e5rden i Enk\u00f6ping. De tv\u00e5 sorter som dominerar den tidiga v\u00e5ren, 'Wada's Memory' och \u2019Leonard Messel\u2019, tillh\u00f6r de allra h\u00e4rdigaste.\" width=\"728\" height=\"546\" srcset=\"https:\/\/rosenholm.se\/wp-content\/uploads\/2014\/04\/D3X_0119.jpg 728w, https:\/\/rosenholm.se\/wp-content\/uploads\/2014\/04\/D3X_0119-250x187.jpg 250w, https:\/\/rosenholm.se\/wp-content\/uploads\/2014\/04\/D3X_0119-320x240.jpg 320w, https:\/\/rosenholm.se\/wp-content\/uploads\/2014\/04\/D3X_0119-350x262.jpg 350w, https:\/\/rosenholm.se\/wp-content\/uploads\/2014\/04\/D3X_0119-250x187@2x.jpg 500w, https:\/\/rosenholm.se\/wp-content\/uploads\/2014\/04\/D3X_0119-320x240@2x.jpg 640w, https:\/\/rosenholm.se\/wp-content\/uploads\/2014\/04\/D3X_0119-350x262@2x.jpg 700w\" sizes=\"auto, (max-width: 728px) 100vw, 728px\" \/><\/a><p id=\"caption-attachment-3599\" class=\"wp-caption-text\">Blomsterg\u00e5rden i Enk\u00f6ping med &#8217;Wada&#8217;s Memory&#8217; och \u2019Leonard Messel\u2019.<\/p><\/div>\n<h5><a title=\"Odla gourmetgr\u00f6nsaker\" href=\"http:\/\/rosenholm.se\/?page_id=7718\">Odla gourmetgr\u00f6nsaker<\/a><\/h5>\n<div id=\"attachment_7724\" style=\"width: 710px\" class=\"wp-caption alignnone\"><a title=\"Odla gourmetgr\u00f6nsaker\" href=\"http:\/\/rosenholm.se\/?page_id=7718\"><img loading=\"lazy\" decoding=\"async\" aria-describedby=\"caption-attachment-7724\" class=\"size-large wp-image-7724\" src=\"http:\/\/rosenholm.se\/wp-content\/uploads\/2015\/07\/DSC_4368-700x428.jpg\" alt=\"Kron\u00e4rtskockan 'Herrg\u00e5rds' odlas som perenn i Sverige, dock normalt med vintert\u00e4ckning.\" width=\"700\" height=\"428\" srcset=\"https:\/\/rosenholm.se\/wp-content\/uploads\/2015\/07\/DSC_4368-350x214@2x.jpg 700w, https:\/\/rosenholm.se\/wp-content\/uploads\/2015\/07\/DSC_4368-250x153.jpg 250w, https:\/\/rosenholm.se\/wp-content\/uploads\/2015\/07\/DSC_4368-350x214.jpg 350w, https:\/\/rosenholm.se\/wp-content\/uploads\/2015\/07\/DSC_4368.jpg 728w, https:\/\/rosenholm.se\/wp-content\/uploads\/2015\/07\/DSC_4368-250x153@2x.jpg 500w\" sizes=\"auto, (max-width: 700px) 100vw, 700px\" \/><\/a><p id=\"caption-attachment-7724\" class=\"wp-caption-text\">Kron\u00e4rtskockan &#8217;Herrg\u00e5rds&#8217; odlas som perenn i Sverige.<\/p><\/div>\n<h5><a title=\"V\u00e4xterna som r\u00e5djuren inte gillar\" href=\"http:\/\/rosenholm.se\/?page_id=7795\">V\u00e4xterna som r\u00e5djuren inte gillar<\/a><\/h5>\n<div id=\"attachment_7805\" style=\"width: 710px\" class=\"wp-caption alignnone\"><a title=\"V\u00e4xterna som r\u00e5djuren inte gillar\" href=\"http:\/\/rosenholm.se\/?page_id=7795\"><img loading=\"lazy\" decoding=\"async\" aria-describedby=\"caption-attachment-7805\" class=\"size-large wp-image-7805\" src=\"http:\/\/rosenholm.se\/wp-content\/uploads\/2015\/07\/D3X_1471-700x428.jpg\" alt=\"Bl\u00e5 bergvallmo, Meconopsis betonicifolia\" width=\"700\" height=\"428\" srcset=\"https:\/\/rosenholm.se\/wp-content\/uploads\/2015\/07\/D3X_1471-350x214@2x.jpg 700w, https:\/\/rosenholm.se\/wp-content\/uploads\/2015\/07\/D3X_1471-250x153.jpg 250w, https:\/\/rosenholm.se\/wp-content\/uploads\/2015\/07\/D3X_1471-350x214.jpg 350w, https:\/\/rosenholm.se\/wp-content\/uploads\/2015\/07\/D3X_1471.jpg 728w, https:\/\/rosenholm.se\/wp-content\/uploads\/2015\/07\/D3X_1471-250x153@2x.jpg 500w\" sizes=\"auto, (max-width: 700px) 100vw, 700px\" \/><\/a><p id=\"caption-attachment-7805\" class=\"wp-caption-text\">Bl\u00e5 bergvallmo, Meconopsis betonicifolia<\/p><\/div>\n<h5><a title=\"V\u00e4ldoft i din tr\u00e4dg\u00e5rd\" href=\"http:\/\/rosenholm.se\/?page_id=9198\">V\u00e4ldoft i din tr\u00e4dg\u00e5rd<\/a><\/h5>\n<div id=\"attachment_9228\" style=\"width: 710px\" class=\"wp-caption alignnone\"><a title=\"V\u00e4ldoft i din tr\u00e4dg\u00e5rd\" href=\"http:\/\/rosenholm.se\/?page_id=9198\"><img loading=\"lazy\" decoding=\"async\" aria-describedby=\"caption-attachment-9228\" class=\"size-large wp-image-9228\" src=\"http:\/\/rosenholm.se\/wp-content\/uploads\/2016\/02\/D2X_0166-700x428.jpg\" alt=\"Orientlilja, Lilium 'Casa Blanca'\" width=\"700\" height=\"428\" srcset=\"https:\/\/rosenholm.se\/wp-content\/uploads\/2016\/02\/D2X_0166-350x214@2x.jpg 700w, https:\/\/rosenholm.se\/wp-content\/uploads\/2016\/02\/D2X_0166-250x153.jpg 250w, https:\/\/rosenholm.se\/wp-content\/uploads\/2016\/02\/D2X_0166-350x214.jpg 350w, https:\/\/rosenholm.se\/wp-content\/uploads\/2016\/02\/D2X_0166-250x153@2x.jpg 500w\" sizes=\"auto, (max-width: 700px) 100vw, 700px\" \/><\/a><p id=\"caption-attachment-9228\" class=\"wp-caption-text\">Orientlilja, Lilium &#8217;Casa Blanca&#8217;<\/p><\/div>\n<h5><a title=\"Astilbe \u2013 halvskuggans eleganta dam\" href=\"http:\/\/rosenholm.se\/?page_id=1169\">Astilbe \u2013 halvskuggans eleganta dam<\/a><\/h5>\n<div id=\"attachment_1173\" style=\"width: 1010px\" class=\"wp-caption alignnone\"><a title=\"Astilbe \u2013 halvskuggans eleganta dam\" href=\"http:\/\/rosenholm.se\/?page_id=1169\"><img loading=\"lazy\" decoding=\"async\" aria-describedby=\"caption-attachment-1173\" class=\"size-full wp-image-1173\" src=\"http:\/\/rosenholm.se\/wp-content\/uploads\/2014\/01\/DSC_0308.jpg\" alt=\"Astilbe i stora f\u00e4lt som h\u00e4r p\u00e5 Solliden blir imponerande maffigt, inte minst i n\u00e5gra olika f\u00e4rger. I och med att alla g\u00e5r i nyanser av rosa, r\u00f6tt och vitt \u00e4r det enkelt att hitta sorter som matchar varandra och ger harmoniska f\u00e4rgkompositione\" width=\"1000\" height=\"664\" srcset=\"https:\/\/rosenholm.se\/wp-content\/uploads\/2014\/01\/DSC_0308.jpg 1000w, https:\/\/rosenholm.se\/wp-content\/uploads\/2014\/01\/DSC_0308-250x166.jpg 250w, https:\/\/rosenholm.se\/wp-content\/uploads\/2014\/01\/DSC_0308-325x215.jpg 325w, https:\/\/rosenholm.se\/wp-content\/uploads\/2014\/01\/DSC_0308-520x345.jpg 520w, https:\/\/rosenholm.se\/wp-content\/uploads\/2014\/01\/DSC_0308-250x166@2x.jpg 500w, https:\/\/rosenholm.se\/wp-content\/uploads\/2014\/01\/DSC_0308-325x215@2x.jpg 650w\" sizes=\"auto, (max-width: 1000px) 100vw, 1000px\" \/><\/a><p id=\"caption-attachment-1173\" class=\"wp-caption-text\">Astilbe p\u00e5 Solliden. B\u00e5de harmoniskt och maffigt.<\/p><\/div>\n<h5><a title=\"Tr\u00e4d och buskar med blomning ut\u00f6ver det vanliga\" href=\"http:\/\/rosenholm.se\/?page_id=5790\">Tr\u00e4d och buskar med blomning ut\u00f6ver det vanliga<\/a><\/h5>\n<div id=\"attachment_5792\" style=\"width: 710px\" class=\"wp-caption alignnone\"><a title=\"Tr\u00e4d och buskar med blomning ut\u00f6ver det vanliga\" href=\"http:\/\/rosenholm.se\/?page_id=5790\"><img loading=\"lazy\" decoding=\"async\" aria-describedby=\"caption-attachment-5792\" class=\"size-large wp-image-5792\" src=\"http:\/\/rosenholm.se\/wp-content\/uploads\/2015\/01\/DSCN6113-728x409.jpg\" alt=\"Kinesisk blomsterkornell, Cornus kousa var. chinensis\" width=\"700\" height=\"393\" srcset=\"https:\/\/rosenholm.se\/wp-content\/uploads\/2015\/01\/DSCN6113.jpg 728w, https:\/\/rosenholm.se\/wp-content\/uploads\/2015\/01\/DSCN6113-250x140.jpg 250w, https:\/\/rosenholm.se\/wp-content\/uploads\/2015\/01\/DSCN6113-350x197.jpg 350w, https:\/\/rosenholm.se\/wp-content\/uploads\/2015\/01\/DSCN6113-250x140@2x.jpg 500w, https:\/\/rosenholm.se\/wp-content\/uploads\/2015\/01\/DSCN6113-350x197@2x.jpg 700w\" sizes=\"auto, (max-width: 700px) 100vw, 700px\" \/><\/a><p id=\"caption-attachment-5792\" class=\"wp-caption-text\">Kinesisk blomsterkornell, Cornus kousa var. chinensis<\/p><\/div>\n<h5><a href=\"http:\/\/rosenholm.se\/?page_id=7416\">G\u00f6r som i Sundsvall \u2013 odla i sand<\/a><\/h5>\n<div id=\"attachment_7436\" style=\"width: 710px\" class=\"wp-caption alignnone\"><a href=\"http:\/\/rosenholm.se\/?page_id=7416\"><img loading=\"lazy\" decoding=\"async\" aria-describedby=\"caption-attachment-7436\" class=\"size-large wp-image-7436\" src=\"http:\/\/rosenholm.se\/wp-content\/uploads\/2015\/05\/D2X_4584-700x428.jpg\" alt=\"Frodigt n\u00e4r man odlar i sand. N\u00e5gra av de tacksamma sorter som tr\u00e4dg\u00e5rdsf\u00f6reningen valde f\u00f6r odling 2007 var: dillsorterna \u2019Mammut\u2019 och 'Pikant, palsternackan \u2019White Gem\u2019, r\u00f6dbetorna \u2019Rubia\u2019 och Kosak\u2019 och mor\u00f6tterna \u2019K\u00e4mpe\u2019 och \u2019Nestor\u2019.\" width=\"700\" height=\"428\" srcset=\"https:\/\/rosenholm.se\/wp-content\/uploads\/2015\/05\/D2X_4584-350x214@2x.jpg 700w, https:\/\/rosenholm.se\/wp-content\/uploads\/2015\/05\/D2X_4584-250x153.jpg 250w, https:\/\/rosenholm.se\/wp-content\/uploads\/2015\/05\/D2X_4584-350x214.jpg 350w, https:\/\/rosenholm.se\/wp-content\/uploads\/2015\/05\/D2X_4584.jpg 728w, https:\/\/rosenholm.se\/wp-content\/uploads\/2015\/05\/D2X_4584-250x153@2x.jpg 500w\" sizes=\"auto, (max-width: 700px) 100vw, 700px\" \/><\/a><p id=\"caption-attachment-7436\" class=\"wp-caption-text\">Frodigt n\u00e4r man odlar i sand. Norra berget, Sundsvall.<\/p><\/div>\n<h5><a title=\"Det \u00e4r bladen som g\u00f6r det\" href=\"http:\/\/rosenholm.se\/?page_id=1217\">Det \u00e4r bladen som g\u00f6r det<\/a><\/h5>\n<div id=\"attachment_1216\" style=\"width: 1010px\" class=\"wp-caption alignnone\"><a title=\"Det \u00e4r bladen som g\u00f6r det\" href=\"http:\/\/rosenholm.se\/?page_id=1217\"><img loading=\"lazy\" decoding=\"async\" aria-describedby=\"caption-attachment-1216\" class=\"size-full wp-image-1216\" src=\"http:\/\/rosenholm.se\/wp-content\/uploads\/2014\/01\/MMFC5239.jpg\" alt=\"Hosta \u2019Wide Brim\u2019, Hosta fortunei 'Francee', japansk gyllenl\u00f6nn, Acer shirasawanum \u2019Aureum\u2019, daggfunkia, Hosta sieboldiana \u2019Elegans, ormhassel, Corylus avellana 'Contorta'.\" width=\"1000\" height=\"667\" srcset=\"https:\/\/rosenholm.se\/wp-content\/uploads\/2014\/01\/MMFC5239.jpg 1000w, https:\/\/rosenholm.se\/wp-content\/uploads\/2014\/01\/MMFC5239-250x166.jpg 250w, https:\/\/rosenholm.se\/wp-content\/uploads\/2014\/01\/MMFC5239-325x216.jpg 325w, https:\/\/rosenholm.se\/wp-content\/uploads\/2014\/01\/MMFC5239-520x346.jpg 520w, https:\/\/rosenholm.se\/wp-content\/uploads\/2014\/01\/MMFC5239-250x166@2x.jpg 500w, https:\/\/rosenholm.se\/wp-content\/uploads\/2014\/01\/MMFC5239-325x216@2x.jpg 650w\" sizes=\"auto, (max-width: 1000px) 100vw, 1000px\" \/><\/a><p id=\"caption-attachment-1216\" class=\"wp-caption-text\">Det \u00e4r bladen som g\u00f6r det. Funkiorna \u2019Wide Brim\u2019, &#8217;Francee&#8217; och &#8217;Elegans&#8217;, japansk gyllenl\u00f6nn och ormhassel.<\/p><\/div>\n<h5><a href=\"http:\/\/rosenholm.se\/?page_id=7153\">V\u00e5rl\u00f6kar trivs b\u00e4st i m\u00e4ngder<\/a><\/h5>\n<div id=\"attachment_7162\" style=\"width: 710px\" class=\"wp-caption alignnone\"><a href=\"http:\/\/rosenholm.se\/?page_id=7153\"><img loading=\"lazy\" decoding=\"async\" aria-describedby=\"caption-attachment-7162\" class=\"size-large wp-image-7162\" src=\"http:\/\/rosenholm.se\/wp-content\/uploads\/2015\/03\/D2X_7308-700x465.jpg\" alt=\"Massplantering av narcisser i sm\u00e5l\u00e4ndska Fager\u00e5s.\" width=\"700\" height=\"465\" srcset=\"https:\/\/rosenholm.se\/wp-content\/uploads\/2015\/03\/D2X_7308-350x233@2x.jpg 700w, https:\/\/rosenholm.se\/wp-content\/uploads\/2015\/03\/D2X_7308-250x166.jpg 250w, https:\/\/rosenholm.se\/wp-content\/uploads\/2015\/03\/D2X_7308-350x233.jpg 350w, https:\/\/rosenholm.se\/wp-content\/uploads\/2015\/03\/D2X_7308.jpg 728w, https:\/\/rosenholm.se\/wp-content\/uploads\/2015\/03\/D2X_7308-250x166@2x.jpg 500w\" sizes=\"auto, (max-width: 700px) 100vw, 700px\" \/><\/a><p id=\"caption-attachment-7162\" class=\"wp-caption-text\">Massplantering av narcisser i sm\u00e5l\u00e4ndska Fager\u00e5s.<\/p><\/div>\n<h5><a title=\"Tio t\u00e5liga rosor\" href=\"http:\/\/rosenholm.se\/?page_id=4363\">Tio t\u00e5liga rosor<\/a><\/h5>\n<div id=\"attachment_4377\" style=\"width: 738px\" class=\"wp-caption alignnone\"><a title=\"Tio t\u00e5liga rosor\" href=\"http:\/\/rosenholm.se\/?page_id=4363\"><img loading=\"lazy\" decoding=\"async\" aria-describedby=\"caption-attachment-4377\" class=\"size-full wp-image-4377\" src=\"http:\/\/rosenholm.se\/wp-content\/uploads\/2014\/05\/DSC_3875.jpg\" alt=\"Portlandros, Rosa 'Mme Boll'\" width=\"728\" height=\"485\" srcset=\"https:\/\/rosenholm.se\/wp-content\/uploads\/2014\/05\/DSC_3875.jpg 728w, https:\/\/rosenholm.se\/wp-content\/uploads\/2014\/05\/DSC_3875-250x166.jpg 250w, https:\/\/rosenholm.se\/wp-content\/uploads\/2014\/05\/DSC_3875-320x213.jpg 320w, https:\/\/rosenholm.se\/wp-content\/uploads\/2014\/05\/DSC_3875-350x233.jpg 350w, https:\/\/rosenholm.se\/wp-content\/uploads\/2014\/05\/DSC_3875-250x166@2x.jpg 500w, https:\/\/rosenholm.se\/wp-content\/uploads\/2014\/05\/DSC_3875-320x213@2x.jpg 640w, https:\/\/rosenholm.se\/wp-content\/uploads\/2014\/05\/DSC_3875-350x233@2x.jpg 700w\" sizes=\"auto, (max-width: 728px) 100vw, 728px\" \/><\/a><p id=\"caption-attachment-4377\" class=\"wp-caption-text\">Portlandros, Rosa &#8217;Mme Boll&#8217;<\/p><\/div>\n<h5><a href=\"http:\/\/rosenholm.se\/?page_id=7206\">Klematis \u2013 i full frihet<\/a><\/h5>\n<div id=\"attachment_7524\" style=\"width: 710px\" class=\"wp-caption alignnone\"><a href=\"http:\/\/rosenholm.se\/?page_id=7206\"><img loading=\"lazy\" decoding=\"async\" aria-describedby=\"caption-attachment-7524\" class=\"size-large wp-image-7524\" src=\"http:\/\/rosenholm.se\/wp-content\/uploads\/2015\/05\/D2X_8831-700x428.jpg\" alt=\"Viticellaklematis, Clematis 'Madame Julia Correvon'\" width=\"700\" height=\"428\" srcset=\"https:\/\/rosenholm.se\/wp-content\/uploads\/2015\/05\/D2X_8831-350x214@2x.jpg 700w, https:\/\/rosenholm.se\/wp-content\/uploads\/2015\/05\/D2X_8831-250x153.jpg 250w, https:\/\/rosenholm.se\/wp-content\/uploads\/2015\/05\/D2X_8831-350x214.jpg 350w, https:\/\/rosenholm.se\/wp-content\/uploads\/2015\/05\/D2X_8831.jpg 728w, https:\/\/rosenholm.se\/wp-content\/uploads\/2015\/05\/D2X_8831-250x153@2x.jpg 500w\" sizes=\"auto, (max-width: 700px) 100vw, 700px\" \/><\/a><p id=\"caption-attachment-7524\" class=\"wp-caption-text\">Viticellaklematis, Clematis &#8217;Madame Julia Correvon&#8217;<\/p><\/div>\n<h5><a href=\"http:\/\/rosenholm.se\/?page_id=6574\">Dahlior \u2013 \u00e5ter p\u00e5 modet<\/a><\/h5>\n<div id=\"attachment_6578\" style=\"width: 710px\" class=\"wp-caption alignnone\"><a href=\"http:\/\/rosenholm.se\/?page_id=6574\"><img loading=\"lazy\" decoding=\"async\" aria-describedby=\"caption-attachment-6578\" class=\"size-large wp-image-6578\" src=\"http:\/\/rosenholm.se\/wp-content\/uploads\/2015\/02\/D3R_2487-728x546.jpg\" alt=\"Tack vare de stora formvariationerna kan man skapa fantastiskt l\u00e4ckra kombinationer d\u00e4r dahlior ing\u00e5r. Den m\u00f6rklila dekorativdahlian heter Thomas Edison. De ljusare l\u00e4ngre bak \u00e4r en pompondahlia. Till h\u00f6ger en lilja i matchande f\u00e4rg.\" width=\"700\" height=\"525\" srcset=\"https:\/\/rosenholm.se\/wp-content\/uploads\/2015\/02\/D3R_2487.jpg 728w, https:\/\/rosenholm.se\/wp-content\/uploads\/2015\/02\/D3R_2487-250x188.jpg 250w, https:\/\/rosenholm.se\/wp-content\/uploads\/2015\/02\/D3R_2487-350x263.jpg 350w, https:\/\/rosenholm.se\/wp-content\/uploads\/2015\/02\/D3R_2487-250x188@2x.jpg 500w, https:\/\/rosenholm.se\/wp-content\/uploads\/2015\/02\/D3R_2487-350x263@2x.jpg 700w\" sizes=\"auto, (max-width: 700px) 100vw, 700px\" \/><\/a><p id=\"caption-attachment-6578\" class=\"wp-caption-text\">Tack vare dahliors\u00a0stora formvariationerna kan l\u00e4ckra kombinationer skapas.<\/p><\/div>\n<h5>\u00a0<a title=\"Perenner f\u00f6r soliga och torra l\u00e4gen\" href=\"http:\/\/rosenholm.se\/?page_id=580\">Perenner f\u00f6r soliga och torra l\u00e4gen<\/a><\/h5>\n<div id=\"attachment_584\" style=\"width: 1010px\" class=\"wp-caption alignnone\"><a title=\"Perenner f\u00f6r soliga och torra l\u00e4gen\" href=\"http:\/\/rosenholm.se\/?page_id=580\"><img loading=\"lazy\" decoding=\"async\" aria-describedby=\"caption-attachment-584\" class=\"size-full wp-image-584\" src=\"http:\/\/rosenholm.se\/wp-content\/uploads\/2014\/01\/D2X_0449.jpg\" alt=\"Kantnepeta Nepeta x faassenii \u2019Blue Wonder\u2019\" width=\"1000\" height=\"664\" srcset=\"https:\/\/rosenholm.se\/wp-content\/uploads\/2014\/01\/D2X_0449.jpg 1000w, https:\/\/rosenholm.se\/wp-content\/uploads\/2014\/01\/D2X_0449-256x169.jpg 256w, https:\/\/rosenholm.se\/wp-content\/uploads\/2014\/01\/D2X_0449-350x232.jpg 350w, https:\/\/rosenholm.se\/wp-content\/uploads\/2014\/01\/D2X_0449-512x339.jpg 512w\" sizes=\"auto, (max-width: 1000px) 100vw, 1000px\" \/><\/a><p id=\"caption-attachment-584\" class=\"wp-caption-text\">Kantnepeta Nepeta x faassenii \u2019Blue Wonder\u2019<\/p><\/div>\n<h5><a title=\"Perennerna som t\u00e5l n\u00e4stan allt\" href=\"http:\/\/rosenholm.se\/?page_id=4548\">Perennerna som t\u00e5l n\u00e4stan allt<\/a><\/h5>\n<div id=\"attachment_4572\" style=\"width: 738px\" class=\"wp-caption alignnone\"><a title=\"Perennerna som t\u00e5l n\u00e4stan allt\" href=\"http:\/\/rosenholm.se\/?page_id=4548\"><img loading=\"lazy\" decoding=\"async\" aria-describedby=\"caption-attachment-4572\" class=\"size-full wp-image-4572\" src=\"http:\/\/rosenholm.se\/wp-content\/uploads\/2014\/06\/D2X_2788.jpg\" alt=\"Orm\u00f6ga, Omphalodes verna\" width=\"728\" height=\"445\" srcset=\"https:\/\/rosenholm.se\/wp-content\/uploads\/2014\/06\/D2X_2788.jpg 728w, https:\/\/rosenholm.se\/wp-content\/uploads\/2014\/06\/D2X_2788-250x152.jpg 250w, https:\/\/rosenholm.se\/wp-content\/uploads\/2014\/06\/D2X_2788-320x195.jpg 320w, https:\/\/rosenholm.se\/wp-content\/uploads\/2014\/06\/D2X_2788-350x213.jpg 350w, https:\/\/rosenholm.se\/wp-content\/uploads\/2014\/06\/D2X_2788-250x152@2x.jpg 500w, https:\/\/rosenholm.se\/wp-content\/uploads\/2014\/06\/D2X_2788-320x195@2x.jpg 640w, https:\/\/rosenholm.se\/wp-content\/uploads\/2014\/06\/D2X_2788-350x213@2x.jpg 700w\" sizes=\"auto, (max-width: 728px) 100vw, 728px\" \/><\/a><p id=\"caption-attachment-4572\" class=\"wp-caption-text\">Orm\u00f6ga, Omphalodes verna<\/p><\/div>\n<h5>\u00a0<a title=\"V\u00e4xter som klarar vintern i kruka\" href=\"http:\/\/rosenholm.se\/?page_id=930\">V\u00e4xter som klarar vintern i kruka<\/a><\/h5>\n<div id=\"attachment_946\" style=\"width: 1010px\" class=\"wp-caption alignnone\"><a title=\"V\u00e4xter som klarar vintern i kruka\" href=\"http:\/\/rosenholm.se\/?page_id=930\"><img loading=\"lazy\" decoding=\"async\" aria-describedby=\"caption-attachment-946\" class=\"size-full wp-image-946\" src=\"http:\/\/rosenholm.se\/wp-content\/uploads\/2014\/01\/D2X_6544.jpg\" alt=\"Funkior. Hosta \u2019Big Daddy\u2019, \u2019June\u2019 med flera. Laila Lindstr\u00f6m, Liding\u00f6.\" width=\"1000\" height=\"667\" srcset=\"https:\/\/rosenholm.se\/wp-content\/uploads\/2014\/01\/D2X_6544.jpg 1000w, https:\/\/rosenholm.se\/wp-content\/uploads\/2014\/01\/D2X_6544-250x166.jpg 250w, https:\/\/rosenholm.se\/wp-content\/uploads\/2014\/01\/D2X_6544-360x240.jpg 360w, https:\/\/rosenholm.se\/wp-content\/uploads\/2014\/01\/D2X_6544-520x346.jpg 520w\" sizes=\"auto, (max-width: 1000px) 100vw, 1000px\" \/><\/a><p id=\"caption-attachment-946\" class=\"wp-caption-text\">Funkior. Hosta \u2019Big Daddy\u2019, \u2019June\u2019 med flera. Laila Lindstr\u00f6m, Liding\u00f6.<\/p><\/div>\n<h5><a href=\"http:\/\/rosenholm.se\/?page_id=6261\">R\u00e4tt perenner till ditt hus<\/a><\/h5>\n<div id=\"attachment_6267\" style=\"width: 710px\" class=\"wp-caption alignnone\"><a href=\"http:\/\/rosenholm.se\/?page_id=6261\"><img loading=\"lazy\" decoding=\"async\" aria-describedby=\"caption-attachment-6267\" class=\"size-large wp-image-6267\" src=\"http:\/\/rosenholm.se\/wp-content\/uploads\/2015\/02\/D2X_2774-728x495.jpg\" alt=\"Att p\u00e5st\u00e5 att vackra aklejor och iris vid en r\u00f6d stuga \u00e4r hemtrevligt \u00e4r en underdrift. Bild fr\u00e5n Kenneth Hallbergs och Claes Johanssons m\u00e5nghundra\u00e5riga hus i norra Sk\u00e5ne.\" width=\"700\" height=\"476\" srcset=\"https:\/\/rosenholm.se\/wp-content\/uploads\/2015\/02\/D2X_2774.jpg 728w, https:\/\/rosenholm.se\/wp-content\/uploads\/2015\/02\/D2X_2774-250x170.jpg 250w, https:\/\/rosenholm.se\/wp-content\/uploads\/2015\/02\/D2X_2774-350x238.jpg 350w, https:\/\/rosenholm.se\/wp-content\/uploads\/2015\/02\/D2X_2774-250x170@2x.jpg 500w, https:\/\/rosenholm.se\/wp-content\/uploads\/2015\/02\/D2X_2774-350x238@2x.jpg 700w\" sizes=\"auto, (max-width: 700px) 100vw, 700px\" \/><\/a><p id=\"caption-attachment-6267\" class=\"wp-caption-text\">Att p\u00e5st\u00e5 att vackra aklejor och iris vid en r\u00f6d stuga \u00e4r hemtrevligt \u00e4r en underdrift.<\/p><\/div>\n<h5><a title=\"Orkid\u00e9er \u2013 exotiskt f\u00f6r den l\u00e4ttsamme\" href=\"http:\/\/rosenholm.se\/?page_id=5138\">Orkid\u00e9er \u2013 exotiskt f\u00f6r den l\u00e4ttsamme<\/a><\/h5>\n<div id=\"attachment_5310\" style=\"width: 738px\" class=\"wp-caption alignnone\"><a title=\"Orkid\u00e9er \u2013 exotiskt f\u00f6r den l\u00e4ttsamme\" href=\"http:\/\/rosenholm.se\/?page_id=5138\"><img loading=\"lazy\" decoding=\"async\" aria-describedby=\"caption-attachment-5310\" class=\"size-full wp-image-5310\" src=\"http:\/\/rosenholm.se\/wp-content\/uploads\/2015\/01\/D3R_2330_.jpg\" alt=\"En l\u00e4ttodlad och sl\u00e5ende modern hybrid \u00e4r Odontoglossum Anna-Claire.\" width=\"728\" height=\"445\" srcset=\"https:\/\/rosenholm.se\/wp-content\/uploads\/2015\/01\/D3R_2330_.jpg 728w, https:\/\/rosenholm.se\/wp-content\/uploads\/2015\/01\/D3R_2330_-250x153.jpg 250w, https:\/\/rosenholm.se\/wp-content\/uploads\/2015\/01\/D3R_2330_-320x196.jpg 320w, https:\/\/rosenholm.se\/wp-content\/uploads\/2015\/01\/D3R_2330_-350x214.jpg 350w, https:\/\/rosenholm.se\/wp-content\/uploads\/2015\/01\/D3R_2330_-250x153@2x.jpg 500w, https:\/\/rosenholm.se\/wp-content\/uploads\/2015\/01\/D3R_2330_-320x196@2x.jpg 640w, https:\/\/rosenholm.se\/wp-content\/uploads\/2015\/01\/D3R_2330_-350x214@2x.jpg 700w\" sizes=\"auto, (max-width: 728px) 100vw, 728px\" \/><\/a><p id=\"caption-attachment-5310\" class=\"wp-caption-text\">En l\u00e4ttodlad och sl\u00e5ende modern hybrid \u00e4r Odontoglossum Anna-Claire.<\/p><\/div>\n","protected":false},"excerpt":{"rendered":"<p>M\u00e5nga tr\u00e4dg\u00e5rdsartiklar har vi, Dan och Ann-Christin Rosenholm, skrivit det senaste decenniet, N\u00e5gra hundra i alla fall. M\u00e5nga av dem handlar om v\u00e4xter, vad som passar olika \u00e5rstider, typer av&hellip; <\/p>\n","protected":false},"author":1,"featured_media":0,"parent":0,"menu_order":0,"comment_status":"closed","ping_status":"closed","template":"","meta":{"footnotes":""},"class_list":["post-362","page","type-page","status-publish","hentry"],"_links":{"self":[{"href":"https:\/\/rosenholm.se\/index.php?rest_route=\/wp\/v2\/pages\/362","targetHints":{"allow":["GET"]}}],"collection":[{"href":"https:\/\/rosenholm.se\/index.php?rest_route=\/wp\/v2\/pages"}],"about":[{"href":"https:\/\/rosenholm.se\/index.php?rest_route=\/wp\/v2\/types\/page"}],"author":[{"embeddable":true,"href":"https:\/\/rosenholm.se\/index.php?rest_route=\/wp\/v2\/users\/1"}],"replies":[{"embeddable":true,"href":"https:\/\/rosenholm.se\/index.php?rest_route=%2Fwp%2Fv2%2Fcomments&post=362"}],"version-history":[{"count":52,"href":"https:\/\/rosenholm.se\/index.php?rest_route=\/wp\/v2\/pages\/362\/revisions"}],"predecessor-version":[{"id":11330,"href":"https:\/\/rosenholm.se\/index.php?rest_route=\/wp\/v2\/pages\/362\/revisions\/11330"}],"wp:attachment":[{"href":"https:\/\/rosenholm.se\/index.php?rest_route=%2Fwp%2Fv2%2Fmedia&parent=362"}],"curies":[{"name":"wp","href":"https:\/\/api.w.org\/{rel}","templated":true}]}}