{"id":2943,"date":"2014-03-22T22:28:41","date_gmt":"2014-03-22T21:28:41","guid":{"rendered":"http:\/\/rosenholm.se\/?page_id=2943"},"modified":"2014-06-01T00:18:52","modified_gmt":"2014-05-31T22:18:52","slug":"nagot-for-varje-arstid","status":"publish","type":"page","link":"https:\/\/rosenholm.se\/?page_id=2943","title":{"rendered":"N\u00e5got f\u00f6r varje \u00e5rstid"},"content":{"rendered":"<p>Olika v\u00e4xter \u00e4r som vackrast vid olika tidpunkter. Ofta t\u00e4nker vi p\u00e5 blomningen som den period d\u00e5 en v\u00e4xt \u00e4r som allra snyggast, men det kan lika g\u00e4rna vara ett s\u00e4rdeles bed\u00e5rande bladutspring, en sprakande h\u00f6stf\u00e4rg eller i\u00f6gonfallande fr\u00f6st\u00e4llningar. F\u00f6r vedartade v\u00e4xter kan det dessutom vara intressev\u00e4ckande stammar, n\u00e5got som ofta blir som allra mest framtr\u00e4dande p\u00e5 vintern n\u00e4r tr\u00e4dg\u00e5rden \u00e4r mera bar.<\/p>\n<p>I Klosterparken kan man till exempel hitta kopparl\u00f6nn med vackert brun bark och taggig j\u00e4ttearalia. Sk\u00f6nhet kan skapas av n\u00e5got s\u00e5 enkelt som nakna stammar och grenverk som avtecknar sina silhuetter mot omgivningen. Utm\u00e4rkande f\u00f6r Enk\u00f6ping \u00e4r att d\u00e4r finns n\u00e5got att njuta av hela \u00e5ret, ocks\u00e5 kalla vinterdagar. D\u00e5 \u00e4r det grenverk, stammar, vintergr\u00f6na v\u00e4xter och utblommade perenners vinterst\u00e5ndare som st\u00e5r f\u00f6r prakten och bokh\u00e4ckarnas vissna gyllenbruna blad inte att f\u00f6rgl\u00f6mma. Visst, det \u00e4r betydligt mera l\u00e5gm\u00e4lt \u00e4n p\u00e5 sommaren, men det \u00e4r \u00e4nd\u00e5 vackert, mycket vackert. S\u00e4rskilt n\u00e4r rimfrost eller ett tunt lager av sn\u00f6 l\u00e4gger sig \u00f6ver allt.<\/p>\n<div id=\"attachment_2945\" style=\"width: 710px\" class=\"wp-caption alignnone\"><img loading=\"lazy\" decoding=\"async\" aria-describedby=\"caption-attachment-2945\" class=\"size-full wp-image-2945\" src=\"http:\/\/rosenholm.se\/wp-content\/uploads\/2014\/03\/D2X_9065.jpg\" alt=\"Med ett t\u00e4cke av sn\u00f6 \u00e4r Dr\u00f6mparken som ett underland i februari med alla vinterst\u00e5ndare av vackert vissnade perenner. N\u00e4rmast i bild en st\u00e5tlig tuva av glansmiskantus med rimfrost i de yviga plymerna.\" width=\"700\" height=\"394\" srcset=\"https:\/\/rosenholm.se\/wp-content\/uploads\/2014\/03\/D2X_9065-350x197@2x.jpg 700w, https:\/\/rosenholm.se\/wp-content\/uploads\/2014\/03\/D2X_9065-250x140.jpg 250w, https:\/\/rosenholm.se\/wp-content\/uploads\/2014\/03\/D2X_9065-320x180.jpg 320w, https:\/\/rosenholm.se\/wp-content\/uploads\/2014\/03\/D2X_9065-350x197.jpg 350w, https:\/\/rosenholm.se\/wp-content\/uploads\/2014\/03\/D2X_9065-250x140@2x.jpg 500w, https:\/\/rosenholm.se\/wp-content\/uploads\/2014\/03\/D2X_9065-320x180@2x.jpg 640w\" sizes=\"auto, (max-width: 700px) 100vw, 700px\" \/><p id=\"caption-attachment-2945\" class=\"wp-caption-text\">Med ett t\u00e4cke av sn\u00f6 \u00e4r Dr\u00f6mparken som ett underland i februari med alla vinterst\u00e5ndare av vackert vissnade perenner. N\u00e4rmast i bild en st\u00e5tlig tuva av glansmiskantus med rimfrost i de yviga plymerna.<\/p><\/div>\n<p>N\u00e4r v\u00e5rsolen sedan n\u00e4rmar sig sl\u00e5r tidiga buskar som trollhassel och hybridkejsarolvon ut sina sm\u00e5 blommor som inte alls skulle verka s\u00e5 m\u00e4rkv\u00e4rdiga vid en j\u00e4mf\u00f6relse med de m\u00e5nga andra blommor som kan ses l\u00e4ngre fram p\u00e5 s\u00e4songen. Men s\u00e5 tidigt som de h\u00e4r sl\u00e5r ut, under riktigt gynnsamma \u00e5r redan i slutet av januari, tycker man att de \u00e4r n\u00e4st intill oemotst\u00e5ndliga. Som v\u00e5rens v\u00e4ktare trotsar de kylan och kan ofta ses med en liten h\u00e4tta av sn\u00f6 ovanp\u00e5 de n\u00e4pna blomklasarna.<\/p>\n<div id=\"attachment_2948\" style=\"width: 360px\" class=\"wp-caption alignright\"><img loading=\"lazy\" decoding=\"async\" aria-describedby=\"caption-attachment-2948\" class=\"size-large wp-image-2948\" src=\"http:\/\/rosenholm.se\/wp-content\/uploads\/2014\/03\/D2X_3989-350x524.jpg\" alt=\"Tidigt i maj kantar anemontulpaner sl\u00e4nten ner mot Enk\u00f6pings\u00e5n och p\u00e5 andra sidan bron vid Str\u00f6mparterren blommar magnoliorna i \u00f6verd\u00e5digt vitt.\" width=\"350\" height=\"524\" srcset=\"https:\/\/rosenholm.se\/wp-content\/uploads\/2014\/03\/D2X_3989-350x524.jpg 350w, https:\/\/rosenholm.se\/wp-content\/uploads\/2014\/03\/D2X_3989-166x250.jpg 166w, https:\/\/rosenholm.se\/wp-content\/uploads\/2014\/03\/D2X_3989-320x479.jpg 320w, https:\/\/rosenholm.se\/wp-content\/uploads\/2014\/03\/D2X_3989.jpg 467w, https:\/\/rosenholm.se\/wp-content\/uploads\/2014\/03\/D2X_3989-166x250@2x.jpg 332w\" sizes=\"auto, (max-width: 350px) 100vw, 350px\" \/><p id=\"caption-attachment-2948\" class=\"wp-caption-text\">Tidigt i maj kantar anemontulpaner sl\u00e4nten ner mot Enk\u00f6pings\u00e5n och p\u00e5 andra sidan bron vid Str\u00f6mparterren blommar magnoliorna i \u00f6verd\u00e5digt vitt.<\/p><\/div>\n<p>Under senvintern och tidig v\u00e5r fylls parkerna av de allra tidigaste v\u00e5rl\u00f6karna som bl\u00e5stj\u00e4rnor, <em>Scilla,<\/em> v\u00e5rstj\u00e4rnor, <em>Chionodoxa,<\/em> och porslinshyacinter, <em>Puschkinia scilloides<\/em> som sedan i rask f\u00f6ljd \u00e5terf\u00f6ljs av olika sorters krokusar och tidiga tulpaner. Sedan avbryter en m\u00e4ngd olika l\u00f6kv\u00e4xter varandra under hela v\u00e5ren och fram till i mitten av juni d\u00e5 purpurl\u00f6k, <em>Allium<\/em> \u00d7 <em>hollandicum<\/em>, bjuder p\u00e5 en effektfull final.<\/p>\n<div id=\"attachment_2947\" style=\"width: 360px\" class=\"wp-caption alignright\"><img loading=\"lazy\" decoding=\"async\" aria-describedby=\"caption-attachment-2947\" class=\"size-large wp-image-2947\" src=\"http:\/\/rosenholm.se\/wp-content\/uploads\/2014\/03\/D2X_3437-350x466.jpg\" alt=\"H\u00f6gsommar i Klosterparken med blommande gullstav och viticella-klematis \u2019S\u00f6dert\u00e4lje\u2019 l\u00e4ngs strandpromenaden.\" width=\"350\" height=\"466\" srcset=\"https:\/\/rosenholm.se\/wp-content\/uploads\/2014\/03\/D2X_3437-350x466.jpg 350w, https:\/\/rosenholm.se\/wp-content\/uploads\/2014\/03\/D2X_3437-187x250.jpg 187w, https:\/\/rosenholm.se\/wp-content\/uploads\/2014\/03\/D2X_3437-320x426.jpg 320w, https:\/\/rosenholm.se\/wp-content\/uploads\/2014\/03\/D2X_3437.jpg 525w, https:\/\/rosenholm.se\/wp-content\/uploads\/2014\/03\/D2X_3437-187x250@2x.jpg 374w\" sizes=\"auto, (max-width: 350px) 100vw, 350px\" \/><p id=\"caption-attachment-2947\" class=\"wp-caption-text\">H\u00f6gsommar i Klosterparken med blommande gullstav och viticella-klematis \u2019S\u00f6dert\u00e4lje\u2019 l\u00e4ngs strandpromenaden.<\/p><\/div>\n<p>V\u00e5ren och den tidiga sommaren \u00e4r alla de blommande buskarna och tr\u00e4dens h\u00f6gtid i Enk\u00f6ping. H\u00e4r finns m\u00e4ngder med magnolia, stora best\u00e5nd azaleor, rododendron, prydnadsk\u00f6rsb\u00e4r och m\u00e5nga andra v\u00e5rblommande v\u00e4xter med skiftande blomningstider s\u00e5 att det blommar i stort sett oavbrutet fr\u00e5n tidigt i maj till i mitten av juni.\u00a0Perennerna finns d\u00e4r ocks\u00e5 p\u00e5 v\u00e5ren, men inte alls lika m\u00e5nga som blommar under perioden juli\u2013oktober. Det \u00e4r ett medvetet val att l\u00e5ta v\u00e5rl\u00f6karna, tr\u00e4den och buskarna st\u00e5 f\u00f6r merparten av blomningen i b\u00f6rjan av s\u00e4songen.<\/p>\n<p>Fr\u00e5n h\u00f6gsommaren och fram\u00e5t \u00e4r det perennerna som \u00e4r huvudrollsinnehavarna i parkerna. Stora ruggar av glansmiskantus vajar f\u00f6r vinden, tuvr\u00f6r \u2019Karl Foerster\u2019 st\u00e5r som uppr\u00e4tta v\u00e4ktare och fl\u00e4ckflockarna breder ut sina parasollformade blommor l\u00e4ngs tv\u00e5 meter h\u00f6ga st\u00e4nglar. L\u00e5ngt in i oktober p\u00e5g\u00e5r flera av de riktigt senblommande perennernas str\u00e5lande h\u00f6stuppvisning ackompanjerad av de m\u00e5nga tr\u00e4dens och buskarnas l\u00e4ckert h\u00f6stf\u00e4rgade l\u00f6v i olika nyanser. Finst\u00e4mt, men medvetet, har man f\u00f6rst\u00e4rkt \u00e5rstidens karakt\u00e4r genom att v\u00e4lja vedartade v\u00e4xter som f\u00e5r fina h\u00f6stf\u00e4rger. Prydnadsgr\u00e4s f\u00f6rst\u00e4rker h\u00f6statmosf\u00e4ren.<\/p>\n<div id=\"attachment_2946\" style=\"width: 710px\" class=\"wp-caption alignnone\"><img loading=\"lazy\" decoding=\"async\" aria-describedby=\"caption-attachment-2946\" class=\"size-full wp-image-2946\" src=\"http:\/\/rosenholm.se\/wp-content\/uploads\/2014\/03\/D2X_2442.jpg\" alt=\"I oktober f\u00e5s sprakande f\u00e4rger fr\u00e5n vedartade v\u00e4xter som bergk\u00f6rsb\u00e4r, kl\u00e4ttervildvin, kl\u00e4tterhortensia och liten stefanandra l\u00e4ngs \u00c5promenaden.\" width=\"700\" height=\"394\" srcset=\"https:\/\/rosenholm.se\/wp-content\/uploads\/2014\/03\/D2X_2442-350x197@2x.jpg 700w, https:\/\/rosenholm.se\/wp-content\/uploads\/2014\/03\/D2X_2442-250x140.jpg 250w, https:\/\/rosenholm.se\/wp-content\/uploads\/2014\/03\/D2X_2442-320x180.jpg 320w, https:\/\/rosenholm.se\/wp-content\/uploads\/2014\/03\/D2X_2442-350x197.jpg 350w, https:\/\/rosenholm.se\/wp-content\/uploads\/2014\/03\/D2X_2442-250x140@2x.jpg 500w, https:\/\/rosenholm.se\/wp-content\/uploads\/2014\/03\/D2X_2442-320x180@2x.jpg 640w\" sizes=\"auto, (max-width: 700px) 100vw, 700px\" \/><p id=\"caption-attachment-2946\" class=\"wp-caption-text\">I oktober f\u00e5s sprakande f\u00e4rger fr\u00e5n vedartade v\u00e4xter som bergk\u00f6rsb\u00e4r, kl\u00e4ttervildvin, kl\u00e4tterhortensia och liten stefanandra l\u00e4ngs \u00c5promenaden.<\/p><\/div>\n<p>I b\u00f6rjan av november, n\u00e4r kylan blir allt sv\u00e5rare, ger ocks\u00e5 de tappraste perennerna upp och de flesta h\u00f6stl\u00f6ven har redan hunnit falla till marken. Nu \u00e5terg\u00e5r parkerna till att vila n\u00e5gra m\u00e5nader i en frusen vinterv\u00e4rld som med de m\u00e5nga intressanta vinterst\u00e5ndarna och silhuetterna p\u00e5minner lite om ett underland.<\/p>\n<h5>Blomningstid<\/h5>\n<p>De flesta fler\u00e5riga v\u00e4xter, s\u00e5v\u00e4l vedartade som perenner och l\u00f6kar, blommar endast under ett par, tre veckor. F\u00f6r att f\u00e5 en plantering som \u00e4r attraktiv under s\u00e5 l\u00e5ng tid som m\u00f6jligt ska man t\u00e4nka p\u00e5 att v\u00e4lja v\u00e4xter som blommar vid olika tidpunkter. Det g\u00f6r man enklast genom att anv\u00e4nda sig av v\u00e4xter ur alla tre grupperna. I Enk\u00f6ping st\u00e5r buskar, tr\u00e4d och l\u00f6kar f\u00f6r den st\u00f6rsta delen av v\u00e5rblomningen medan perennerna har valts s\u00e5 att merparten har sin blomning under h\u00f6gsommaren\u2013h\u00f6sten. P\u00e5 s\u00e5 s\u00e4tt utnyttjar man de olika v\u00e4xtgruppernas egenskaper optimalt och kan inrikta sig p\u00e5 att skapa ett rej\u00e4lt flor av perennblomning under de tre m\u00e5naderna juli, augusti och september. \u201dSen beh\u00f6ver inte allt blomma samtidigt \u2013 bara det \u00e4r prydligt\u201d, s\u00e4ger Stefan Mattson. Huvudsaken \u00e4r att det som \u00e4r i blom kan framtr\u00e4da v\u00e4l och inte st\u00f6rs ut av v\u00e4xter runt omkring som ser alltf\u00f6r tufsiga ut.<\/p>\n<h5>V\u00e4xelverkan<\/h5>\n<p>Om man kombinerar v\u00e4xter smart och anv\u00e4nder s\u00e5na som h\u00e5ller sig prydliga under l\u00e5ng tid kan man skapa \u00e5terkommande perioder d\u00e5 en plantering ger ett riktigt maffigt intryck trots att allt inte blommar samtidigt. Knepet \u00e4r att g\u00f6ra som i Enk\u00f6ping: plantera v\u00e4xter som v\u00e4xelverkar med varandra. Med det menas att de turas om att vara vackra och ibland kanske till och med hj\u00e4lper till att d\u00f6lja att kompanjonen \u00e4r mindre tilltalande sedan den blommat ut. Det \u00e4r enklast att t\u00e4nka i par n\u00e4r man planerar en rabatt d\u00e4r v\u00e4xter ska v\u00e4xelverka med varandra. Man kan v\u00e4lja en perenn som blommar ganska tidigt och plantera den uppblandad med en som blommar p\u00e5 sensommaren eller h\u00f6sten. Den senblommande ska dels komma senare p\u00e5 v\u00e5ren f\u00f6r att inte st\u00f6ra den tidigblommandes b\u00e4sta blomperiod och dels bli h\u00f6gre \u00e4n den tidigblommande innan den sj\u00e4lv blommar.<\/p>\n<p>Det kanske l\u00e5ter kr\u00e5ngligt, men \u00e4r det inte n\u00e4r man kommit ig\u00e5ng och b\u00f6rjat t\u00e4nka i de h\u00e4r banorna. Det bygger p\u00e5 att man studerar hur och n\u00e4r olika v\u00e4xter kommer upp p\u00e5 v\u00e5ren och n\u00e4r de blommar eller p\u00e5 andra s\u00e4tt \u00e4r vackra. Snart m\u00e4rker man att det \u00e4r fantastiskt kul och att det \u00f6ppnar sig en hel m\u00e4ngd m\u00f6jligheter till uppseendev\u00e4ckande snygga rabatter. V\u00e5rl\u00f6kar och perenner \u00e4r tacksamma som v\u00e4xelverkanspar, i Enk\u00f6pings parker kan man se m\u00e5nga exempel p\u00e5 just s\u00e5na kombinationer. H\u00e4r hittar vi till exempel den bl\u00e5blommande m\u00f6rka stj\u00e4rnhyacinten som s\u00e4llskapar med \u00e4lggr\u00e4s, pingstliljor med funkior och flikrabarber med tulpaner.<\/p>\n<p>V\u00e4xelverkan g\u00e5r s\u00e5 klart att anv\u00e4nda sig av ocks\u00e5 n\u00e4r det g\u00e4ller vedartade v\u00e4xter. Att l\u00e5ta sommarblommande kl\u00e4ngv\u00e4xter kl\u00e4ttra upp i v\u00e5rblommande tr\u00e4d \u00e4r ett gammalt och bepr\u00f6vat s\u00e4tt. N\u00e4r man blivit varm i kl\u00e4derna kan man \u00f6verg\u00e5 till att t\u00e4nka i fler v\u00e4xter \u00e4n tv\u00e5 \u00e5t g\u00e5ngen och skapa v\u00e4xelverkan mellan tre, eller kanske till och med fyra, olika sorter.<\/p>\n<h5>I Klosterparken<\/h5>\n<div id=\"attachment_2974\" style=\"width: 710px\" class=\"wp-caption alignnone\"><img loading=\"lazy\" decoding=\"async\" aria-describedby=\"caption-attachment-2974\" class=\"size-full wp-image-2974\" src=\"http:\/\/rosenholm.se\/wp-content\/uploads\/2014\/03\/D2X_9905.jpg\" alt=\"M\u00f6rk stj\u00e4rnhyacint, Camassia leichtlinii \u2018Caerulea\u2019\" width=\"700\" height=\"525\" srcset=\"https:\/\/rosenholm.se\/wp-content\/uploads\/2014\/03\/D2X_9905-350x262@2x.jpg 700w, https:\/\/rosenholm.se\/wp-content\/uploads\/2014\/03\/D2X_9905-250x187.jpg 250w, https:\/\/rosenholm.se\/wp-content\/uploads\/2014\/03\/D2X_9905-320x240.jpg 320w, https:\/\/rosenholm.se\/wp-content\/uploads\/2014\/03\/D2X_9905-350x262.jpg 350w, https:\/\/rosenholm.se\/wp-content\/uploads\/2014\/03\/D2X_9905-250x187@2x.jpg 500w, https:\/\/rosenholm.se\/wp-content\/uploads\/2014\/03\/D2X_9905-320x240@2x.jpg 640w\" sizes=\"auto, (max-width: 700px) 100vw, 700px\" \/><p id=\"caption-attachment-2974\" class=\"wp-caption-text\">M\u00f6rk stj\u00e4rnhyacint, Camassia leichtlinii \u2018Caerulea\u2019<\/p><\/div>\n<p>Under den sena v\u00e5ren dyker l\u00f6kv\u00e4xten m\u00f6rk stj\u00e4rnhyacint, <em>Camassia leichtlinii<\/em> \u2018Caerulea\u2019, upp och blommar i sin vackra himmelsbl\u00e5 f\u00e4rg framf\u00f6r bj\u00f6rkarna i utkanten av Klosterparken.<\/p>\n<div id=\"attachment_2977\" style=\"width: 710px\" class=\"wp-caption alignnone\"><img loading=\"lazy\" decoding=\"async\" aria-describedby=\"caption-attachment-2977\" class=\"size-full wp-image-2977\" src=\"http:\/\/rosenholm.se\/wp-content\/uploads\/2014\/03\/D2X_7101.jpg\" alt=\"Allium 'Globemaster' och Lilium 'Mrs R. O. Backhouse'\" width=\"700\" height=\"525\" srcset=\"https:\/\/rosenholm.se\/wp-content\/uploads\/2014\/03\/D2X_7101-350x262@2x.jpg 700w, https:\/\/rosenholm.se\/wp-content\/uploads\/2014\/03\/D2X_7101-250x187.jpg 250w, https:\/\/rosenholm.se\/wp-content\/uploads\/2014\/03\/D2X_7101-320x240.jpg 320w, https:\/\/rosenholm.se\/wp-content\/uploads\/2014\/03\/D2X_7101-350x262.jpg 350w, https:\/\/rosenholm.se\/wp-content\/uploads\/2014\/03\/D2X_7101-250x187@2x.jpg 500w, https:\/\/rosenholm.se\/wp-content\/uploads\/2014\/03\/D2X_7101-320x240@2x.jpg 640w\" sizes=\"auto, (max-width: 700px) 100vw, 700px\" \/><p id=\"caption-attachment-2977\" class=\"wp-caption-text\">Allium &#8217;Globemaster&#8217; och Lilium &#8217;Mrs R. O. Backhouse&#8217;<\/p><\/div>\n<p>Ungef\u00e4r en m\u00e5nad senare blommar <em>Allium<\/em> &#8217;Globemaster&#8217; strax f\u00f6ljd av mandarinliljor, <em>Lilium<\/em> &#8217;Mrs R. O. Backhouse&#8217;, som \u00f6verlappar. Utan att man egentligen m\u00e4rker att stj\u00e4rnhyacinterna funnits d\u00e4r.<\/p>\n<div id=\"attachment_2980\" style=\"width: 710px\" class=\"wp-caption alignnone\"><img loading=\"lazy\" decoding=\"async\" aria-describedby=\"caption-attachment-2980\" class=\"size-full wp-image-2980\" src=\"http:\/\/rosenholm.se\/wp-content\/uploads\/2014\/03\/D2X_9236.jpg\" alt=\"Geranium macrorrhizum, Euonymus alatus och Colchicum 'Lilac Wonder'\" width=\"700\" height=\"525\" srcset=\"https:\/\/rosenholm.se\/wp-content\/uploads\/2014\/03\/D2X_9236-350x262@2x.jpg 700w, https:\/\/rosenholm.se\/wp-content\/uploads\/2014\/03\/D2X_9236-250x187.jpg 250w, https:\/\/rosenholm.se\/wp-content\/uploads\/2014\/03\/D2X_9236-320x240.jpg 320w, https:\/\/rosenholm.se\/wp-content\/uploads\/2014\/03\/D2X_9236-350x262.jpg 350w, https:\/\/rosenholm.se\/wp-content\/uploads\/2014\/03\/D2X_9236-250x187@2x.jpg 500w, https:\/\/rosenholm.se\/wp-content\/uploads\/2014\/03\/D2X_9236-320x240@2x.jpg 640w\" sizes=\"auto, (max-width: 700px) 100vw, 700px\" \/><p id=\"caption-attachment-2980\" class=\"wp-caption-text\">Geranium macrorrhizum, Euonymus alatus och Colchicum &#8217;Lilac Wonder&#8217;<\/p><\/div>\n<p>Med tiden orkar flockn\u00e4van,<em> Geranium macrorrhizum<\/em>, t\u00e4cka \u00f6ver de nedvissnade och delvis bortklippta l\u00f6kv\u00e4xterna. Ungef\u00e4r samtidigt som de, och vingbenveden, <em>Euonymus alatus<\/em>, i bakgrunden, \u00f6verg\u00e5r i h\u00f6stligt r\u00f6tt s\u00e5 sticker tidl\u00f6san, <em>Colchicum<\/em> &#8217;Lilac Wonder&#8217;, upp sina h\u00f6stblommor. Ett fantastiskt dynamiskt sk\u00e5despel har utspelat sig f\u00f6r den som har haft f\u00f6rm\u00e5nen att kunna f\u00f6lja rabattens utveckling under en s\u00e4song.<\/p>\n<h5>R\u00f6d flikrabarber<\/h5>\n<div id=\"attachment_2989\" style=\"width: 710px\" class=\"wp-caption alignnone\"><img loading=\"lazy\" decoding=\"async\" aria-describedby=\"caption-attachment-2989\" class=\"size-full wp-image-2989\" src=\"http:\/\/rosenholm.se\/wp-content\/uploads\/2014\/03\/D2X_0722.jpg\" alt=\"R\u00f6d flikrabarber, Rheum palmatum var. tanguticum 'Atropurpureum' och balkansippa, Anemone blanda\" width=\"700\" height=\"394\" srcset=\"https:\/\/rosenholm.se\/wp-content\/uploads\/2014\/03\/D2X_0722-350x197@2x.jpg 700w, https:\/\/rosenholm.se\/wp-content\/uploads\/2014\/03\/D2X_0722-250x140.jpg 250w, https:\/\/rosenholm.se\/wp-content\/uploads\/2014\/03\/D2X_0722-320x180.jpg 320w, https:\/\/rosenholm.se\/wp-content\/uploads\/2014\/03\/D2X_0722-350x197.jpg 350w, https:\/\/rosenholm.se\/wp-content\/uploads\/2014\/03\/D2X_0722-250x140@2x.jpg 500w, https:\/\/rosenholm.se\/wp-content\/uploads\/2014\/03\/D2X_0722-320x180@2x.jpg 640w\" sizes=\"auto, (max-width: 700px) 100vw, 700px\" \/><p id=\"caption-attachment-2989\" class=\"wp-caption-text\">R\u00f6d flikrabarber, Rheum palmatum var. tanguticum &#8217;Atropurpureum&#8217; och balkansippa, Anemone blanda<\/p><\/div>\n<p>I det h\u00f6rn av Dr\u00f6mparken som man allra f\u00f6rst m\u00f6ter n\u00e4r man kommer dit utspelas ett annat tidigt sk\u00e5despel. Under den allra tidigaste v\u00e5ren, redan i april sticker r\u00f6d flikrabarber, <em>Rheum palmatum<\/em> var. <em>tanguticum<\/em> &#8217;Atropurpureum&#8217;, upp ur marken. Kanske snarare man ska s\u00e4ga att den skjuter upp ur marken, f\u00f6r det g\u00e5r undan n\u00e4r den g\u00f6r plats f\u00f6r sig. Under den blommar balkansippa, <em>Anemone blanda<\/em>, i bl\u00e5tt.<\/p>\n<div id=\"attachment_2988\" style=\"width: 710px\" class=\"wp-caption alignnone\"><img loading=\"lazy\" decoding=\"async\" aria-describedby=\"caption-attachment-2988\" class=\"size-full wp-image-2988\" src=\"http:\/\/rosenholm.se\/wp-content\/uploads\/2014\/03\/D2X_5516.jpg\" alt=\"I ackompanjemang av tulpaner.\" width=\"700\" height=\"394\" srcset=\"https:\/\/rosenholm.se\/wp-content\/uploads\/2014\/03\/D2X_5516-350x197@2x.jpg 700w, https:\/\/rosenholm.se\/wp-content\/uploads\/2014\/03\/D2X_5516-250x140.jpg 250w, https:\/\/rosenholm.se\/wp-content\/uploads\/2014\/03\/D2X_5516-320x180.jpg 320w, https:\/\/rosenholm.se\/wp-content\/uploads\/2014\/03\/D2X_5516-350x197.jpg 350w, https:\/\/rosenholm.se\/wp-content\/uploads\/2014\/03\/D2X_5516-250x140@2x.jpg 500w, https:\/\/rosenholm.se\/wp-content\/uploads\/2014\/03\/D2X_5516-320x180@2x.jpg 640w\" sizes=\"auto, (max-width: 700px) 100vw, 700px\" \/><p id=\"caption-attachment-2988\" class=\"wp-caption-text\">I ackompanjemang av tulpaner.<\/p><\/div>\n<p>Redan i mitten av maj har den r\u00f6da flikrabarbern vuxit ut till full storlek och b\u00f6rjar g\u00e5 i blom ackompanjerad av tulpaner.<\/p>\n<div id=\"attachment_2987\" style=\"width: 710px\" class=\"wp-caption alignnone\"><img loading=\"lazy\" decoding=\"async\" aria-describedby=\"caption-attachment-2987\" class=\"size-full wp-image-2987\" src=\"http:\/\/rosenholm.se\/wp-content\/uploads\/2014\/03\/D2X_0456.jpg\" alt=\"Fl\u00e4ckflockel, Eupatorium maculatum 'Atropurpureum', och Hampflockel Eupatorium cannabinum 'Album'\" width=\"700\" height=\"394\" srcset=\"https:\/\/rosenholm.se\/wp-content\/uploads\/2014\/03\/D2X_0456-350x197@2x.jpg 700w, https:\/\/rosenholm.se\/wp-content\/uploads\/2014\/03\/D2X_0456-250x140.jpg 250w, https:\/\/rosenholm.se\/wp-content\/uploads\/2014\/03\/D2X_0456-320x180.jpg 320w, https:\/\/rosenholm.se\/wp-content\/uploads\/2014\/03\/D2X_0456-350x197.jpg 350w, https:\/\/rosenholm.se\/wp-content\/uploads\/2014\/03\/D2X_0456-250x140@2x.jpg 500w, https:\/\/rosenholm.se\/wp-content\/uploads\/2014\/03\/D2X_0456-320x180@2x.jpg 640w\" sizes=\"auto, (max-width: 700px) 100vw, 700px\" \/><p id=\"caption-attachment-2987\" class=\"wp-caption-text\">Fl\u00e4ckflockel, Eupatorium maculatum &#8217;Atropurpureum&#8217;, och Hampflockel, Eupatorium cannabinum &#8217;Album&#8217;<\/p><\/div>\n<p>Runt omkring den kommer sedan de j\u00e4ttelika perennerna fl\u00e4ckflockel,<em> Eupatorium maculatum<\/em> &#8217;Atropurpureum&#8217;, och Hampflockel <em>Eupatorium\u00a0cannabinum<\/em> &#8217;Album&#8217; upp. De b\u00f6rjar blomma i slutet av augusti. D\u00e5 f\u00e5r till och med flikrabarbern inta en underordnad plats i rabatten.<\/p>\n<h5>\u00a0V\u00e5rl\u00f6kar<\/h5>\n<p>Tillsammans med perenner som startar sent passar det bra att odla blommande l\u00f6kv\u00e4xter som fyller upp h\u00e5lrummen tidigt p\u00e5 s\u00e4songen. L\u00f6kar ska liksom tidigblommande perenner helst placeras en bit in i rabatten, f\u00f6rutom n\u00e4r l\u00f6karna anv\u00e4nds som utfyllnad mellan sena perenner i framkanten. Perennerna ska effektivt d\u00f6lja de vissnande l\u00f6kv\u00e4xterna, som s\u00e4llan \u00e4r vackra att titta p\u00e5 men m\u00e5ste f\u00e5 vara kvar f\u00f6r att l\u00f6karna ska kunna h\u00e4mta n\u00e4ring inf\u00f6r n\u00e4sta \u00e5rs blomning. Desto n\u00e4rmare rabattens framkant l\u00f6karna st\u00e5r desto viktigare \u00e4r det att perennerna f\u00f6rm\u00e5r att d\u00f6lja dem l\u00e4ngre fram p\u00e5 s\u00e4songen. L\u00f6kar b\u00f6r alltid placeras mellan perenner i en rabatt och inte som ensamma f\u00e4lt eftersom man d\u00e5 f\u00e5r h\u00e5lrum under st\u00f6rre delen av sommaren.<\/p>\n<div id=\"attachment_2960\" style=\"width: 710px\" class=\"wp-caption alignnone\"><img loading=\"lazy\" decoding=\"async\" aria-describedby=\"caption-attachment-2960\" class=\"size-full wp-image-2960\" src=\"http:\/\/rosenholm.se\/wp-content\/uploads\/2014\/03\/D2X_2227.jpg\" alt=\"Att plantera cyclamineusnarciss, Narcissus 'February Gold', bland bladverket hos lavendel, Lavandula angustifolia, 'Hidcote Blue' kan f\u00e5 den gr\u00e5aste dag att k\u00e4nnas lite soligare. Mot silvergr\u00e5tt lyser de gula blommorna starkare \u00e4n annars och lavendeln, som \u00e4r ganska s\u00e5 intets\u00e4gande s\u00e5 h\u00e4r i b\u00f6rjan av maj, blir genast mer intressant. Bild fr\u00e5n Blombergs park.\" width=\"700\" height=\"428\" srcset=\"https:\/\/rosenholm.se\/wp-content\/uploads\/2014\/03\/D2X_2227-350x214@2x.jpg 700w, https:\/\/rosenholm.se\/wp-content\/uploads\/2014\/03\/D2X_2227-250x152.jpg 250w, https:\/\/rosenholm.se\/wp-content\/uploads\/2014\/03\/D2X_2227-320x195.jpg 320w, https:\/\/rosenholm.se\/wp-content\/uploads\/2014\/03\/D2X_2227-350x214.jpg 350w, https:\/\/rosenholm.se\/wp-content\/uploads\/2014\/03\/D2X_2227-250x152@2x.jpg 500w, https:\/\/rosenholm.se\/wp-content\/uploads\/2014\/03\/D2X_2227-320x195@2x.jpg 640w\" sizes=\"auto, (max-width: 700px) 100vw, 700px\" \/><p id=\"caption-attachment-2960\" class=\"wp-caption-text\">Att plantera cyclamineusnarciss, Narcissus &#8217;February Gold&#8217;, bland bladverket hos lavendel, Lavandula angustifolia, &#8217;Hidcote Blue&#8217; kan f\u00e5 den gr\u00e5aste dag att k\u00e4nnas lite soligare. Mot silvergr\u00e5tt lyser de gula blommorna starkare \u00e4n annars och lavendeln, som \u00e4r ganska s\u00e5 intets\u00e4gande s\u00e5 h\u00e4r i b\u00f6rjan av maj, blir genast mer intressant. Bild fr\u00e5n Blombergs park.<\/p><\/div>\n<p>B\u00e4st blir det om man planterar perennerna f\u00f6rst och placerar ut grupper av l\u00f6kv\u00e4xter senare. Man kan g\u00e4rna v\u00e4nta ett eller tv\u00e5 \u00e5r med att plantera l\u00f6kv\u00e4xterna, d\u00e5 har man hunnit studera hur snabba de olika perennerna \u00e4r p\u00e5 v\u00e5ren och komma fram till var l\u00f6kv\u00e4xter av olika h\u00f6jd kan passa in. Perennerna f\u00e5r g\u00e4rna ha kommit en bit p\u00e5 v\u00e4g d\u00e5 l\u00f6karna blommar, men f\u00e5r inte t\u00e4cka dem f\u00f6r mycket. Nyutsprunget fr\u00e4scht bladverk runt l\u00f6kv\u00e4xternas f\u00f6tter g\u00f6r dem \u00e4nnu vackrare bara man ser en proportionerlig del av deras stj\u00e4lkar s\u00e5 att blommorna blir som \u00f6verst\u00e5ndare till bladmattan. V\u00e5rl\u00f6kar kan \u00e4ven planteras i stora f\u00e4lt p\u00e5 gr\u00e4smattan. S\u00e4rskilt tidigblommande l\u00f6kv\u00e4xter \u00e4r l\u00e4mpade f\u00f6r \u00e4ndam\u00e5let eftersom de vissnar ner s\u00e5 pass tidigt att gr\u00e4set kan b\u00f6rja klippas utan f\u00f6rdr\u00f6jning n\u00e4r det \u00e4r s\u00e5 dags. Det man ska t\u00e4nka p\u00e5 n\u00e4r det g\u00e4ller v\u00e5rl\u00f6kar i gr\u00e4set \u00e4r att knyta upp dem mot st\u00f6rre buskar och tr\u00e4d. Det ser b\u00e4ttre ut rent estetiskt och l\u00f6karna trivs ocks\u00e5 mycket bra med de f\u00f6rh\u00e5llanden som skapas i en s\u00e5dan milj\u00f6.<\/p>\n<div id=\"attachment_2958\" style=\"width: 710px\" class=\"wp-caption alignnone\"><img loading=\"lazy\" decoding=\"async\" aria-describedby=\"caption-attachment-2958\" class=\"size-full wp-image-2958\" src=\"http:\/\/rosenholm.se\/wp-content\/uploads\/2014\/03\/DSC04514.jpg\" alt=\"Triumftulpan, Tulipa gesneriana 'Don Quichotte' och aklejruta, Thalictrum aquilegiifolium 'Album'\" width=\"700\" height=\"350\" srcset=\"https:\/\/rosenholm.se\/wp-content\/uploads\/2014\/03\/DSC04514-350x175@2x.jpg 700w, https:\/\/rosenholm.se\/wp-content\/uploads\/2014\/03\/DSC04514-250x125.jpg 250w, https:\/\/rosenholm.se\/wp-content\/uploads\/2014\/03\/DSC04514-320x160.jpg 320w, https:\/\/rosenholm.se\/wp-content\/uploads\/2014\/03\/DSC04514-350x175.jpg 350w, https:\/\/rosenholm.se\/wp-content\/uploads\/2014\/03\/DSC04514-250x125@2x.jpg 500w, https:\/\/rosenholm.se\/wp-content\/uploads\/2014\/03\/DSC04514-320x160@2x.jpg 640w\" sizes=\"auto, (max-width: 700px) 100vw, 700px\" \/><p id=\"caption-attachment-2958\" class=\"wp-caption-text\">Triumftulpan, Tulipa gesneriana &#8217;Don Quichotte&#8217; och aklejruta, Thalictrum aquilegiifolium &#8217;Album&#8217;<\/p><\/div>\n<p>Triumftulpanen,\u00a0<em>Tulipa gesneriana<\/em>, &#8217;Don Quichotte&#8217; lyckas n\u00e4tt och j\u00e4mnt titta upp ur aklejrutans,\u00a0<em>Thalictrum aquilegiifolium<\/em>, &#8217;Album&#8217; bladverk, som snabbt skjuter i h\u00f6jden. F\u00f6r n\u00e5gra dagar sedan var tulpanerna \u00f6verst\u00e5ndare till bladmattan och om ytterligare n\u00e5gra dagar \u00e4r de \u00f6vervuxna, men d\u00e5 \u00e4r i geng\u00e4ld deras blommor ocks\u00e5 snart slut. Gulnande tulpanblad och stj\u00e4lkar kommer man d\u00e5 inte att kunna se minsta sp\u00e5r av bland aklejrutans t\u00e4ta, fr\u00e4scha bladverk. Bild fr\u00e5n Dr\u00f6mparken i slutet av maj.<\/p>\n<h5><a title=\"Skapa en k\u00e4nsla\" href=\"http:\/\/rosenholm.se\/?page_id=3055\">Skapa en k\u00e4nsla<\/a><\/h5>\n","protected":false},"excerpt":{"rendered":"<p>Olika v\u00e4xter \u00e4r som vackrast vid olika tidpunkter. Ofta t\u00e4nker vi p\u00e5 blomningen som den period d\u00e5 en v\u00e4xt \u00e4r som allra snyggast, men det kan lika g\u00e4rna vara ett&hellip; <\/p>\n","protected":false},"author":1,"featured_media":0,"parent":2282,"menu_order":0,"comment_status":"closed","ping_status":"closed","template":"","meta":{"footnotes":""},"class_list":["post-2943","page","type-page","status-publish","hentry"],"_links":{"self":[{"href":"https:\/\/rosenholm.se\/index.php?rest_route=\/wp\/v2\/pages\/2943","targetHints":{"allow":["GET"]}}],"collection":[{"href":"https:\/\/rosenholm.se\/index.php?rest_route=\/wp\/v2\/pages"}],"about":[{"href":"https:\/\/rosenholm.se\/index.php?rest_route=\/wp\/v2\/types\/page"}],"author":[{"embeddable":true,"href":"https:\/\/rosenholm.se\/index.php?rest_route=\/wp\/v2\/users\/1"}],"replies":[{"embeddable":true,"href":"https:\/\/rosenholm.se\/index.php?rest_route=%2Fwp%2Fv2%2Fcomments&post=2943"}],"version-history":[{"count":31,"href":"https:\/\/rosenholm.se\/index.php?rest_route=\/wp\/v2\/pages\/2943\/revisions"}],"predecessor-version":[{"id":4542,"href":"https:\/\/rosenholm.se\/index.php?rest_route=\/wp\/v2\/pages\/2943\/revisions\/4542"}],"up":[{"embeddable":true,"href":"https:\/\/rosenholm.se\/index.php?rest_route=\/wp\/v2\/pages\/2282"}],"wp:attachment":[{"href":"https:\/\/rosenholm.se\/index.php?rest_route=%2Fwp%2Fv2%2Fmedia&parent=2943"}],"curies":[{"name":"wp","href":"https:\/\/api.w.org\/{rel}","templated":true}]}}