{"id":2342,"date":"2014-03-09T20:59:49","date_gmt":"2014-03-09T19:59:49","guid":{"rendered":"http:\/\/rosenholm.se\/?page_id=2342"},"modified":"2014-06-01T00:14:40","modified_gmt":"2014-05-31T22:14:40","slug":"mixade-rabatter","status":"publish","type":"page","link":"https:\/\/rosenholm.se\/?page_id=2342","title":{"rendered":"Mixade rabatter"},"content":{"rendered":"<div id=\"attachment_2347\" style=\"width: 360px\" class=\"wp-caption alignright\"><a href=\"http:\/\/rosenholm.se\/wp-content\/uploads\/2014\/03\/D2X_4944.jpg\"><img loading=\"lazy\" decoding=\"async\" aria-describedby=\"caption-attachment-2347\" class=\"size-large wp-image-2347\" src=\"http:\/\/rosenholm.se\/wp-content\/uploads\/2014\/03\/D2X_4944-350x466.jpg\" alt=\"Tr\u00e4ds stammar f\u00e5r g\u00e4rna sticka upp ur en matta av perenner som h\u00e4r i Dr\u00f6mparken med himalajabj\u00f6rkens, Betula utilis var. jacquemontii, vita stam som ett utropstecken i en matta av blommande kungsn\u00e4va, Geranium \u00d7 magnificum.\" width=\"350\" height=\"466\" srcset=\"https:\/\/rosenholm.se\/wp-content\/uploads\/2014\/03\/D2X_4944-350x466.jpg 350w, https:\/\/rosenholm.se\/wp-content\/uploads\/2014\/03\/D2X_4944-187x250.jpg 187w, https:\/\/rosenholm.se\/wp-content\/uploads\/2014\/03\/D2X_4944-320x426.jpg 320w, https:\/\/rosenholm.se\/wp-content\/uploads\/2014\/03\/D2X_4944.jpg 780w, https:\/\/rosenholm.se\/wp-content\/uploads\/2014\/03\/D2X_4944-350x466@2x.jpg 700w, https:\/\/rosenholm.se\/wp-content\/uploads\/2014\/03\/D2X_4944-187x250@2x.jpg 374w, https:\/\/rosenholm.se\/wp-content\/uploads\/2014\/03\/D2X_4944-320x426@2x.jpg 640w\" sizes=\"auto, (max-width: 350px) 100vw, 350px\" \/><\/a><p id=\"caption-attachment-2347\" class=\"wp-caption-text\">Tr\u00e4ds stammar f\u00e5r g\u00e4rna sticka upp ur en matta av perenner som h\u00e4r i Dr\u00f6mparken med himalajabj\u00f6rkens, Betula utilis var. jacquemontii, vita stam som ett utropstecken i en matta av blommande kungsn\u00e4va, Geranium \u00d7 magnificum.<\/p><\/div>\n<p>Med ordet rabatt syftar man oftast p\u00e5 en sammanh\u00e4ngande plantering av \u00f6rtartade v\u00e4xter, perenner eller sommarblommor. Men en rabatt kan ocks\u00e5 inneh\u00e5lla buskar, tr\u00e4d, kl\u00e4ngv\u00e4xter och l\u00f6kar. D\u00e5 f\u00e5r man det som p\u00e5 engelska ben\u00e4mns the mixed border eller direkt\u00f6versatt till svenska: den mixade rabatten. K\u00e4nnetecknande f\u00f6r Enk\u00f6ping \u00e4r att n\u00e4stan alla rabatter \u00e4r mixade rabatter d\u00e4r perenner utg\u00f6r det st\u00f6rsta inslaget.<\/p>\n<div id=\"attachment_2354\" style=\"width: 360px\" class=\"wp-caption alignright\"><a href=\"http:\/\/rosenholm.se\/wp-content\/uploads\/2014\/03\/D2X_1995.jpg\"><img loading=\"lazy\" decoding=\"async\" aria-describedby=\"caption-attachment-2354\" class=\"size-large wp-image-2354\" src=\"http:\/\/rosenholm.se\/wp-content\/uploads\/2014\/03\/D2X_1995-350x466.jpg\" alt=\"I rabatter kan kl\u00e4ngv\u00e4xter kl\u00e4ttra i n\u00e5gon st\u00e4llning, det ger h\u00f6jd hela \u00e5ret, \u00e4ven vintertid. H\u00e4r viticella-klematis, Clematis 'Madame Julia Correvon', i smidesspalj\u00e9erna i Bl\u00e5 tr\u00e4dg\u00e5rd med kransveronika, Veronicastrum virginicum 'Lavendelturm', som s\u00e4llskap i slutet av juli.\" width=\"350\" height=\"466\" srcset=\"https:\/\/rosenholm.se\/wp-content\/uploads\/2014\/03\/D2X_1995-350x466.jpg 350w, https:\/\/rosenholm.se\/wp-content\/uploads\/2014\/03\/D2X_1995-187x250.jpg 187w, https:\/\/rosenholm.se\/wp-content\/uploads\/2014\/03\/D2X_1995-320x426.jpg 320w, https:\/\/rosenholm.se\/wp-content\/uploads\/2014\/03\/D2X_1995.jpg 780w, https:\/\/rosenholm.se\/wp-content\/uploads\/2014\/03\/D2X_1995-350x466@2x.jpg 700w, https:\/\/rosenholm.se\/wp-content\/uploads\/2014\/03\/D2X_1995-187x250@2x.jpg 374w, https:\/\/rosenholm.se\/wp-content\/uploads\/2014\/03\/D2X_1995-320x426@2x.jpg 640w\" sizes=\"auto, (max-width: 350px) 100vw, 350px\" \/><\/a><p id=\"caption-attachment-2354\" class=\"wp-caption-text\">I rabatter kan kl\u00e4ngv\u00e4xter kl\u00e4ttra i n\u00e5gon st\u00e4llning, det ger h\u00f6jd hela \u00e5ret, \u00e4ven vintertid. H\u00e4r viticella-klematis, Clematis &#8217;Madame Julia Correvon&#8217;, i smidesspalj\u00e9erna i Bl\u00e5 tr\u00e4dg\u00e5rd med kransveronika, Veronicastrum virginicum &#8217;Lavendelturm&#8217;, som s\u00e4llskap i slutet av juli.<\/p><\/div>\n<p><span style=\"line-height: 1.5em;\">Den stora f\u00f6rdelen med att inte bara anv\u00e4nda \u00f6rtartade v\u00e4xter i rabatten \u00e4r att man kan g\u00f6ra den mer intressant och f\u00e5 den att vara vacker under en l\u00e4ngre tid. Buskarna och tr\u00e4den finns ju d\u00e4r hela \u00e5ret med sina grenverk som ger struktur, h\u00f6jd och vackra vintersilhuetter. Med l\u00f6kv\u00e4xter kan man f\u00f6rl\u00e4nga s\u00e4songen framf\u00f6rallt p\u00e5 v\u00e5ren, men \u00e4ven p\u00e5 h\u00f6sten.<\/span><\/p>\n<p>Kl\u00e4ngv\u00e4xter \u00e4r ocks\u00e5 en tillg\u00e5ng i rabatten. Med st\u00e4llningar och spalj\u00e9er, som i Bl\u00e5 tr\u00e4dg\u00e5rden och Pastor Spaks park, skapar de h\u00f6jd i en plantering p\u00e5 liknande s\u00e4tt som tr\u00e4d och uppr\u00e4ttv\u00e4xande buskar. Italiensk klematis, som finns i m\u00e5nga nya l\u00e4ttodlade sorter, och kl\u00e4tterrosor \u00e4r till exempel utm\u00e4rkta f\u00f6r \u00e4ndam\u00e5let.<\/p>\n<p>&nbsp;<\/p>\n<div id=\"attachment_2346\" style=\"width: 1050px\" class=\"wp-caption alignnone\"><a href=\"http:\/\/rosenholm.se\/wp-content\/uploads\/2014\/03\/DSC_8586.jpg\"><img loading=\"lazy\" decoding=\"async\" aria-describedby=\"caption-attachment-2346\" class=\"size-full wp-image-2346\" src=\"http:\/\/rosenholm.se\/wp-content\/uploads\/2014\/03\/DSC_8586.jpg\" alt=\"Palettblad, Solenostemon scutellarioides 'Copper Queen', praktv\u00e4dd, Scabiosa atropurpurea 'Lavender', lejongap, Antirrhinum majus 'Black Prince', fj\u00e4derborstgr\u00e4s, Pennisetum setaceum, blomstertobak, Nicotiana \u00d7 sanderae 'Nicki Red', ricin, Ricinus communis 'Gibsonii' och 'Zanzibariensis'.\" width=\"1040\" height=\"693\" srcset=\"https:\/\/rosenholm.se\/wp-content\/uploads\/2014\/03\/DSC_8586.jpg 1040w, https:\/\/rosenholm.se\/wp-content\/uploads\/2014\/03\/DSC_8586-250x166.jpg 250w, https:\/\/rosenholm.se\/wp-content\/uploads\/2014\/03\/DSC_8586-320x213.jpg 320w, https:\/\/rosenholm.se\/wp-content\/uploads\/2014\/03\/DSC_8586-350x233.jpg 350w, https:\/\/rosenholm.se\/wp-content\/uploads\/2014\/03\/DSC_8586-250x166@2x.jpg 500w, https:\/\/rosenholm.se\/wp-content\/uploads\/2014\/03\/DSC_8586-320x213@2x.jpg 640w, https:\/\/rosenholm.se\/wp-content\/uploads\/2014\/03\/DSC_8586-350x233@2x.jpg 700w\" sizes=\"auto, (max-width: 1040px) 100vw, 1040px\" \/><\/a><p id=\"caption-attachment-2346\" class=\"wp-caption-text\">Rabatten Blod, svett och t\u00e5rar av Mona Holmberg, 2004<\/p><\/div>\n<p><span style=\"line-height: 1.5em;\">Sommarblommorna \u00e4r i minoritet i Enk\u00f6ping, men i Gustav Adolfs plans tv\u00e5 motst\u00e5ende paradrabatter f\u00e5r de spela ut hela sitt register i planteringar som byter tema varje \u00e5r. Rabatten p\u00e5 bilden som heter Blod, svett &amp; t\u00e5rar \u00e4r fr\u00e5n 2004 och utformad av Mona Holmberg. Bland v\u00e4xterna finns bland annat palettblad, <em>Solenostemon scutellarioides<\/em> &#8217;Copper Queen&#8217;, praktv\u00e4dd, <em>Scabiosa atropurpurea<\/em> &#8217;Lavender&#8217;, lejongap, <em>Antirrhinum majus<\/em> &#8217;Black Prince&#8217;, fj\u00e4derborstgr\u00e4s, <em>Pennisetum setaceum<\/em>, blomstertobak, <em>Nicotiana<\/em> \u00d7 <em>sanderae<\/em> &#8217;Nicki Red&#8217;, ricin,<em> Ricinus communis<\/em> &#8217;Gibsonii&#8217; och &#8217;Zanzibariensis&#8217;.<\/span><\/p>\n<h5>Perenner i st\u00e4llet f\u00f6r ett\u00e5ringar<\/h5>\n<p>Det finns m\u00e5nga f\u00f6rdelar med att anv\u00e4nda perenner, fler\u00e5riga \u00f6rtartade v\u00e4xter, i st\u00e4llet f\u00f6r ett\u00e5ringar i rabatterna. Speciellt om man inte gillar att arbeta allt f\u00f6r mycket i tr\u00e4dg\u00e5rden eller vill h\u00e5lla nere kostnaderna.<\/p>\n<p>Med perenner i rabatterna beh\u00f6ver man inte plantera nytt varje v\u00e5r eftersom de kommer tillbaka \u00e5r efter \u00e5r. De flesta perenner breddar sig ocks\u00e5 med \u00e5ren, tar mer plats och v\u00e4xer ihop med varandra till en t\u00e4t matta som t\u00e4cker jorden, f\u00f6rutsatt att man planterar tillr\u00e4ckligt t\u00e4tt och anv\u00e4nder v\u00e4xter som trivs d\u00e4r man placerar dem.<\/p>\n<p>F\u00f6rdelen med ett\u00e5ringar, annueller, \u00e4r d\u00e4remot att de blommar mer eller mindre hela sommaren medan de flesta perenner endast blommar under ett par \u2013 tre veckor.<\/p>\n<div id=\"attachment_2359\" style=\"width: 1050px\" class=\"wp-caption alignnone\"><a href=\"http:\/\/rosenholm.se\/wp-content\/uploads\/2014\/03\/D2X_7370.jpg\"><img loading=\"lazy\" decoding=\"async\" aria-describedby=\"caption-attachment-2359\" class=\"size-full wp-image-2359\" src=\"http:\/\/rosenholm.se\/wp-content\/uploads\/2014\/03\/D2X_7370.jpg\" alt=\"Eukalyptustr\u00e4d i l\u00e5dor tillsammans med olika sorters tagetes bildade en milj\u00f6skapande ett\u00e5rskombination runt Kungsbron sommaren 2006.\" width=\"1040\" height=\"585\" srcset=\"https:\/\/rosenholm.se\/wp-content\/uploads\/2014\/03\/D2X_7370.jpg 1040w, https:\/\/rosenholm.se\/wp-content\/uploads\/2014\/03\/D2X_7370-250x140.jpg 250w, https:\/\/rosenholm.se\/wp-content\/uploads\/2014\/03\/D2X_7370-320x180.jpg 320w, https:\/\/rosenholm.se\/wp-content\/uploads\/2014\/03\/D2X_7370-350x196.jpg 350w, https:\/\/rosenholm.se\/wp-content\/uploads\/2014\/03\/D2X_7370-250x140@2x.jpg 500w, https:\/\/rosenholm.se\/wp-content\/uploads\/2014\/03\/D2X_7370-320x180@2x.jpg 640w, https:\/\/rosenholm.se\/wp-content\/uploads\/2014\/03\/D2X_7370-350x196@2x.jpg 700w\" sizes=\"auto, (max-width: 1040px) 100vw, 1040px\" \/><\/a><p id=\"caption-attachment-2359\" class=\"wp-caption-text\">Eukalyptustr\u00e4d i l\u00e5dor tillsammans med olika sorters tagetes bildade en milj\u00f6skapande ett\u00e5rskombination runt Kungsbron sommaren 2006.<\/p><\/div>\n<p>De som f\u00f6rvaltar v\u00e5ra parker har minst lika stort behov av att minska p\u00e5 arbetet som vi som privatpersoner har. I Enk\u00f6pings parker har man minskat rej\u00e4lt p\u00e5 ett\u00e5rsplanteringarna som i st\u00e4llet har ersatts med perenner som \u00e4r betydligt mindre sk\u00f6tselkr\u00e4vande. I dag \u00e4rt det i stort sett bara vid Gustaf Adolfs plan och Afzeliiplan som ett\u00e5rsplanteringarna finns kvar f\u00f6rutom de urnor och l\u00e5dor som finns utst\u00e4llda p\u00e5 platser d\u00e4r m\u00e5nga m\u00e4nniskor r\u00f6r sig. P\u00e5 liknande s\u00e4tt kan man anv\u00e4nda ett\u00e5rsv\u00e4xter i sin egen tr\u00e4dg\u00e5rd: i begr\u00e4nsad omfattning, antingen planterade p\u00e5 en central plats d\u00e4r man l\u00e4tt kan komma \u00e5t att njuta av dem eller i krukor och l\u00e5dor. Det \u00e4r en bra kompromiss om man vill gl\u00e4djas av deras prakt och \u00e4nd\u00e5 spara in p\u00e5 sk\u00f6tselarbetet.<span style=\"line-height: 1.5em;\">\u00a0<\/span><\/p>\n<h5>Flera skikt<\/h5>\n<p>Vedartat, perenner och l\u00f6kv\u00e4xter blandas s\u00e5 att det bildas flera skikt i m\u00e5nga av rabatterna i Enk\u00f6ping. Det ger en ombonad milj\u00f6 och ett effektivt utnyttjande av markytan.<\/p>\n<p>P\u00e5 v\u00e5ren innan de sm\u00e5 tr\u00e4den och buskarna i rabatten hunnit l\u00f6vas blommar l\u00f6karna under dem och l\u00e4ngre fram n\u00e4r skuggan tilltar kl\u00e4s omr\u00e5det in av markt\u00e4ckare. Ur mattorna med markt\u00e4ckare kan h\u00f6gre perenner och ibland \u00e4ven senblommande l\u00f6kv\u00e4xter ses v\u00e4xa upp i olika grupper .<\/p>\n<div id=\"attachment_2348\" style=\"width: 1050px\" class=\"wp-caption alignnone\"><a href=\"http:\/\/rosenholm.se\/wp-content\/uploads\/2014\/03\/D2X_7148.jpg\"><img loading=\"lazy\" decoding=\"async\" aria-describedby=\"caption-attachment-2348\" class=\"size-full wp-image-2348\" src=\"http:\/\/rosenholm.se\/wp-content\/uploads\/2014\/03\/D2X_7148.jpg\" alt=\"L\u00f6kv\u00e4xten Allium \u2019Globemaster\u2019, astilbesorterna \u2019Rotlicht\u2019, \u2019Irrlicht\u2019, \u2019Bressingham Beauty\u2019 och ett litet tr\u00e4d v\u00e4xer upp ur en matta av markt\u00e4ckande flockn\u00e4va. En mixad rabatt i flera skikt i Klosterparken. I slutet av juli har \u2019Globemaster\u2019 blommat ut men l\u00e4mnats kvar eftersom bollarna fortfarande \u00e4r vackra och matchar f\u00e4rgs\u00e4ttningen superbt.\" width=\"1040\" height=\"585\" srcset=\"https:\/\/rosenholm.se\/wp-content\/uploads\/2014\/03\/D2X_7148.jpg 1040w, https:\/\/rosenholm.se\/wp-content\/uploads\/2014\/03\/D2X_7148-250x140.jpg 250w, https:\/\/rosenholm.se\/wp-content\/uploads\/2014\/03\/D2X_7148-320x180.jpg 320w, https:\/\/rosenholm.se\/wp-content\/uploads\/2014\/03\/D2X_7148-350x196.jpg 350w, https:\/\/rosenholm.se\/wp-content\/uploads\/2014\/03\/D2X_7148-250x140@2x.jpg 500w, https:\/\/rosenholm.se\/wp-content\/uploads\/2014\/03\/D2X_7148-320x180@2x.jpg 640w, https:\/\/rosenholm.se\/wp-content\/uploads\/2014\/03\/D2X_7148-350x196@2x.jpg 700w\" sizes=\"auto, (max-width: 1040px) 100vw, 1040px\" \/><\/a><p id=\"caption-attachment-2348\" class=\"wp-caption-text\">L\u00f6kv\u00e4xten Allium \u2019Globemaster\u2019, astilbesorterna \u2019Rotlicht\u2019, \u2019Irrlicht\u2019, \u2019Bressingham Beauty\u2019 och ett litet tr\u00e4d v\u00e4xer upp ur en matta av markt\u00e4ckande flockn\u00e4va. En mixad rabatt i flera skikt i Klosterparken. I slutet av juli har \u2019Globemaster\u2019 blommat ut men l\u00e4mnats kvar eftersom bollarna fortfarande \u00e4r vackra och matchar f\u00e4rgs\u00e4ttningen superbt.<\/p><\/div>\n<p><span style=\"line-height: 1.5em;\">S\u00e5 bildar v\u00e4xter av olika h\u00f6jd en sammanh\u00e4ngande helhet med olika skikt som turas om att vara mest i\u00f6gonfallande. Tidigast p\u00e5 v\u00e5ren spelar det understa skiktet, de tidiga v\u00e5rl\u00f6karna, huvudrollen och lite l\u00e4ngre fram de blommande buskarna och tr\u00e4den och kanske n\u00e5gra grupper med senare v\u00e5rl\u00f6kar. I b\u00f6rjan av juni tar markt\u00e4ckare som myskmadra och flockn\u00e4vor \u00f6ver med sina blommor som n\u00e4r de \u00e4r f\u00e4rdiga l\u00e4mnar \u00f6ver till de olika grupperna av perenner som ofta har valts s\u00e5 att de har b\u00e5de olika h\u00f6jd och olika blomningstid.<\/span><\/p>\n<h5><span style=\"line-height: 1.5em;\">Storlek<\/span><\/h5>\n<p>Enk\u00f6pings rabatter \u00e4r v\u00e4l tilltagna. Det \u00e4r rej\u00e4la volymer av varje perennsort f\u00f6r att de ska komma ordentligt till sin r\u00e4tt. Med en st\u00f6rre sammanh\u00e4ngande yta f\u00e5r man plats med flera sorter och kan skapa intressev\u00e4ckande v\u00e4xelspel mellan v\u00e4xternas olika former och f\u00e4rger. En annan f\u00f6rdel med att kunna f\u00e5 plats med mer \u00e4n en perennsort i rabattens djupled \u00e4r att man d\u00e5 p\u00e5 en del st\u00e4llen kan l\u00e5ta bakomliggande v\u00e4xter delvis skymmas av framf\u00f6rvarande. Ett effektivt s\u00e4tt att skapa ett st\u00f6rre visuellt djup i planteringsytan.<\/p>\n<p>I en villatr\u00e4dg\u00e5rd kan man s\u00e5 klart inte g\u00f6ra lika stora rabatter som i t ex Dr\u00f6mparken. Men m\u00e5nga av de rabatter som man hittar i Enk\u00f6pings fickparker, som ju inte \u00e4r st\u00f6rre \u00e4n typiska villatr\u00e4dg\u00e5rdar, ligger i storleksordningen 10\u201330 kvadratmeter. En storlek l\u00e4mplig ocks\u00e5 f\u00f6r egnahemst\u00e4ppan. Visst g\u00e5r det att g\u00f6ra rabatterna mindre \u00e4n s\u00e5, men man b\u00f6r inte g\u00f6ra dem mindre \u00e4n 4\u20135 kvadratmeter om man vill kunna skapa intressanta kompositioner.<\/p>\n<h5><span style=\"line-height: 1.5em;\">L\u00e4ge<\/span><\/h5>\n<p>Rabatterna i Enk\u00f6ping \u00e4r placerade d\u00e4r m\u00e4nniskor verkligen kan komma \u00e5t att njuta av dem, l\u00e4ngs promenadstr\u00e5k och invid sittplatser. P\u00e5 liknande s\u00e4tt kan man placera rabatterna i en villatr\u00e4dg\u00e5rd. I n\u00e4rheten av st\u00e4llen d\u00e4r man ofta har v\u00e4garna f\u00f6rbi som till exempel entr\u00e9g\u00e5ngen upp till huset eller kanske parkeringsplatsen om man anv\u00e4nder bilen mycket. N\u00e4r man \u00e4nd\u00e5 passerar kan man njuta n\u00e5gra \u00f6gonblick ocks\u00e5 de dagar man egentligen inte har tid att vara i tr\u00e4dg\u00e5rden. Kanske hinner man stanna upp och titta in i den d\u00e4r nya blomman som just slagit ut, dra in doften i n\u00e4sborrarna och andas ut en kort stund.<\/p>\n<p>Ett annat utm\u00e4rkt st\u00e4lle f\u00f6r rabatter \u00e4r i n\u00e4rheten av uteplatser d\u00e4r man brukar sl\u00e5 sig ner f\u00f6r att fika eller bara koppla av p\u00e5 lediga stunder. D\u00e4r kan man verkligen sitta i lugn och ro och betrakta alla v\u00e4xterna.<\/p>\n<div id=\"attachment_2363\" style=\"width: 360px\" class=\"wp-caption alignright\"><a href=\"http:\/\/rosenholm.se\/wp-content\/uploads\/2014\/03\/D2X_9503.jpg\"><img loading=\"lazy\" decoding=\"async\" aria-describedby=\"caption-attachment-2363\" class=\"size-large wp-image-2363\" src=\"http:\/\/rosenholm.se\/wp-content\/uploads\/2014\/03\/D2X_9503-350x466.jpg\" alt=\"Med en sittplats n\u00e4ra rabatten kan man njuta av v\u00e4xter p\u00e5 n\u00e4ra h\u00e5ll. I id\u00e9tr\u00e4dg\u00e5rden \u201d\u00d6ppna sinnen\u201d l\u00e4ngs \u00c5promenaden har den fl\u00e4tade stolen placerats mellan tv\u00e5 rabatter med tagetes och planterat h\u00f6gresta solrosor mot ryggen.\" width=\"350\" height=\"466\" srcset=\"https:\/\/rosenholm.se\/wp-content\/uploads\/2014\/03\/D2X_9503-350x466.jpg 350w, https:\/\/rosenholm.se\/wp-content\/uploads\/2014\/03\/D2X_9503-187x250.jpg 187w, https:\/\/rosenholm.se\/wp-content\/uploads\/2014\/03\/D2X_9503-320x426.jpg 320w, https:\/\/rosenholm.se\/wp-content\/uploads\/2014\/03\/D2X_9503.jpg 780w, https:\/\/rosenholm.se\/wp-content\/uploads\/2014\/03\/D2X_9503-350x466@2x.jpg 700w, https:\/\/rosenholm.se\/wp-content\/uploads\/2014\/03\/D2X_9503-187x250@2x.jpg 374w, https:\/\/rosenholm.se\/wp-content\/uploads\/2014\/03\/D2X_9503-320x426@2x.jpg 640w\" sizes=\"auto, (max-width: 350px) 100vw, 350px\" \/><\/a><p id=\"caption-attachment-2363\" class=\"wp-caption-text\">Med en sittplats n\u00e4ra rabatten kan man njuta av v\u00e4xter p\u00e5 n\u00e4ra h\u00e5ll. I id\u00e9tr\u00e4dg\u00e5rden \u201d\u00d6ppna sinnen\u201d l\u00e4ngs \u00c5promenaden har den fl\u00e4tade stolen placerats mellan tv\u00e5 rabatter med tagetes och planterat h\u00f6gresta solrosor mot ryggen.<\/p><\/div>\n<p>Att kunna se prunkande rabatter inifr\u00e5n sin bostad \u00e4r en stor tillg\u00e5ng. Det m\u00e4rks inte minst fr\u00e5n de l\u00e4genhetsannonser i Enk\u00f6ping som numera lyfter fram utsikt in \u00f6ver Dr\u00f6mparken som ett f\u00f6rs\u00e4ljningsargument. Bor man i eget hus \u00e4r det l\u00e4tt att sj\u00e4lv skapa det h\u00e4r merv\u00e4rdet genom att ta reda p\u00e5 vad som syns fr\u00e5n olika f\u00f6nster innan man best\u00e4mmer placeringen av tr\u00e4dg\u00e5rdens rabatter. Tumregeln \u00e4r att planteringarna ska ligga n\u00e5gra meter ut fr\u00e5n huset. Hur l\u00e5ngt beror p\u00e5 hur h\u00f6gt f\u00f6nstren sitter, om marken lutar eller inte och p\u00e5 var n\u00e5gonstans man vill sitta och titta ut genom f\u00f6nstret. Man f\u00e5r helt enkelt prova sig fram till b\u00e4sta rabattplacering genom att sl\u00e5 sig ner p\u00e5 favoritsittplatsen och titta efter vad som kan ses d\u00e4rifr\u00e5n.<\/p>\n<p>Ofta f\u00f6respr\u00e5kas det att rabatter kommer b\u00e4st till sin r\u00e4tt med en lugn och enhetlig bakgrund som en klippt h\u00e4ck, ett plank eller en husv\u00e4gg. Och det \u00e4r verkligen ett bra s\u00e4tt men det \u00e4r inte alltid det \u00e4r m\u00f6jligt att g\u00f6ra s\u00e5. Ett alternativ kan d\u00e5 vara att utnyttja en h\u00e4ck eller annan typ av v\u00e4gg som finns en bit bort som kan ge en liknande bakgrundseffekt. Man kan ocks\u00e5 skapa bakgrunder f\u00f6r partier av rabatterna genom att placera ut formklippta kortare h\u00e4ckavsnitt p\u00e5 liknande s\u00e4tt som man gjort mellan planteringsytorna i Dr\u00f6mparken. Fast skalan blir ju s\u00e5 klart en annan n\u00e4r man g\u00f6r det i en villatr\u00e4dg\u00e5rd.<\/p>\n<p>Sist men absolut inte minst anv\u00e4nds rabatterna ofta s\u00e5 att de p\u00e5 ett naturligt s\u00e4tt ing\u00e5r i parkernas rumsindelning. De fungerar som avgr\u00e4nsningar, f\u00f6rl\u00e4nger eller f\u00f6rtjockar redan existerande v\u00e4ggar. De ing\u00e5r alltid i ett st\u00f6rre sammanhang och de fyller en funktion f\u00f6r helheten.<\/p>\n<div id=\"attachment_2365\" style=\"width: 1050px\" class=\"wp-caption alignnone\"><a href=\"http:\/\/rosenholm.se\/wp-content\/uploads\/2014\/03\/D2X_7902.jpg\"><img loading=\"lazy\" decoding=\"async\" aria-describedby=\"caption-attachment-2365\" class=\"size-full wp-image-2365\" src=\"http:\/\/rosenholm.se\/wp-content\/uploads\/2014\/03\/D2X_7902.jpg\" alt=\"Tr\u00e4jon, Dryopteris filix-mas, blodormrot, Bistorta amplexicaulis \u2018Rosea\u2019, l\u00f6nnalunrot, Heuchera villosa \u2018Palace Purple\u2019, h\u00f6stflox, Phlox paniculata \u2018Rosa Pastell\u2019 och glansmiskantus, Miscanthus sinensis \u2018Nippon\u2019\" width=\"1040\" height=\"693\" srcset=\"https:\/\/rosenholm.se\/wp-content\/uploads\/2014\/03\/D2X_7902.jpg 1040w, https:\/\/rosenholm.se\/wp-content\/uploads\/2014\/03\/D2X_7902-250x166.jpg 250w, https:\/\/rosenholm.se\/wp-content\/uploads\/2014\/03\/D2X_7902-320x213.jpg 320w, https:\/\/rosenholm.se\/wp-content\/uploads\/2014\/03\/D2X_7902-350x233.jpg 350w, https:\/\/rosenholm.se\/wp-content\/uploads\/2014\/03\/D2X_7902-250x166@2x.jpg 500w, https:\/\/rosenholm.se\/wp-content\/uploads\/2014\/03\/D2X_7902-320x213@2x.jpg 640w, https:\/\/rosenholm.se\/wp-content\/uploads\/2014\/03\/D2X_7902-350x233@2x.jpg 700w\" sizes=\"auto, (max-width: 1040px) 100vw, 1040px\" \/><\/a><p id=\"caption-attachment-2365\" class=\"wp-caption-text\">Tr\u00e4jon, Dryopteris filix-mas, blodormrot, Bistorta amplexicaulis \u2018Rosea\u2019, l\u00f6nnalunrot, Heuchera villosa \u2018Palace Purple\u2019, h\u00f6stflox, Phlox paniculata \u2018Rosa Pastell\u2019 och glansmiskantus, Miscanthus sinensis \u2018Nippon\u2019<\/p><\/div>\n<p>Rabatter ska man f\u00f6rs\u00f6ka g\u00f6ra s\u00e5 stora som utrymmet till\u00e5ter, de ska placeras d\u00e4r de ing\u00e5r i ett sammanhang och d\u00e4r man ser dem, till exempel l\u00e4ngs g\u00e5ngar och framf\u00f6r sittplatser som h\u00e4r i Dr\u00f6mparken. Som draperier i den v\u00e4nstra rabattens framkant syns tr\u00e4jon, <em>Dryopteris filix-mas<\/em>, blodormrot, <em>Bistorta amplexicaulis<\/em> &#8217;Rosea&#8217;, och i den h\u00f6gra l\u00f6nnalunrot, <em>Heuchera villosa<\/em> &#8217;Palace Purple&#8217; med h\u00f6stflox, <em>Phlox paniculata<\/em> &#8217;Rosa Pastell&#8217; och glansmiskantus, <em>Miscanthus sinensis<\/em> &#8217;Nippon&#8217; bakom. Bild tagen i slutet av augusti.<\/p>\n<h5>Minimera och gruppera<\/h5>\n<p>Det g\u00e4ller att begr\u00e4nsa sig n\u00e4r man planerar f\u00f6r en rabatt som ska se estetisk och harmonisk ut. Man kan inte f\u00e5 med alla sina favoritv\u00e4xter hur g\u00e4rna man \u00e4n vill och d\u00e5 \u00e4r det b\u00e4ttre att inte ens f\u00f6rs\u00f6ka. En plantering med en planta av varje sort blir knappast n\u00e5gon vacker syn hur fina de ing\u00e5ende v\u00e4xterna \u00e4n \u00e4r.<\/p>\n<div id=\"attachment_2370\" style=\"width: 1050px\" class=\"wp-caption alignnone\"><a href=\"http:\/\/rosenholm.se\/wp-content\/uploads\/2014\/03\/D2X_1525.jpg\"><img loading=\"lazy\" decoding=\"async\" aria-describedby=\"caption-attachment-2370\" class=\"size-full wp-image-2370\" src=\"http:\/\/rosenholm.se\/wp-content\/uploads\/2014\/03\/D2X_1525.jpg\" alt=\"Mandarinliljor, Lilium 'Mrs R. O. Backhouse', i massplantering ger en bed\u00e5rande effekt i Dr\u00f6mparken i b\u00f6rjan av juli. S\u00e5 h\u00e4r stora best\u00e5nd kan man s\u00e5 klart inte ha i en villatr\u00e4dg\u00e5rd, men ett f\u00e4lt p\u00e5 3\u20135 kvadratmeter med n\u00e5gon l\u00f6kv\u00e4xt man tycker mycket om \u00e4r fullt m\u00f6jligt.\" width=\"1040\" height=\"693\" srcset=\"https:\/\/rosenholm.se\/wp-content\/uploads\/2014\/03\/D2X_1525.jpg 1040w, https:\/\/rosenholm.se\/wp-content\/uploads\/2014\/03\/D2X_1525-250x166.jpg 250w, https:\/\/rosenholm.se\/wp-content\/uploads\/2014\/03\/D2X_1525-320x213.jpg 320w, https:\/\/rosenholm.se\/wp-content\/uploads\/2014\/03\/D2X_1525-350x233.jpg 350w, https:\/\/rosenholm.se\/wp-content\/uploads\/2014\/03\/D2X_1525-250x166@2x.jpg 500w, https:\/\/rosenholm.se\/wp-content\/uploads\/2014\/03\/D2X_1525-320x213@2x.jpg 640w, https:\/\/rosenholm.se\/wp-content\/uploads\/2014\/03\/D2X_1525-350x233@2x.jpg 700w\" sizes=\"auto, (max-width: 1040px) 100vw, 1040px\" \/><\/a><p id=\"caption-attachment-2370\" class=\"wp-caption-text\">Mandarinliljor, Lilium &#8217;Mrs R. O. Backhouse&#8217;, i massplantering ger en bed\u00e5rande effekt i Dr\u00f6mparken i b\u00f6rjan av juli. S\u00e5 h\u00e4r stora best\u00e5nd kan man s\u00e5 klart inte ha i en villatr\u00e4dg\u00e5rd, men ett f\u00e4lt p\u00e5 3\u20135 kvadratmeter med n\u00e5gon l\u00f6kv\u00e4xt man tycker mycket om \u00e4r fullt m\u00f6jligt.<\/p><\/div>\n<p>Hur mycket b\u00e4ttre blir det inte om man v\u00e4ljer ut ett begr\u00e4nsat antal sorter och planterar fem, sju, nio, elva eller kanske \u00e4nnu fler tillsammans i en grupp beroende p\u00e5 hur stor plats man har att tillg\u00e5. \u201dDet \u00e4r f\u00f6rst i st\u00f6rre volymer som de flesta perenner kommer till sin r\u00e4tt och kan skapa den k\u00e4nsla och dynamik som man \u00f6nskar\u201d, betonar Stefan Mattson.<\/p>\n<p>\u00c4ven f\u00f6r vedartade v\u00e4xter blir det ofta bra att ha flera av samma sort, antingen de f\u00e5r bilda en sammanh\u00e4ngande grupp eller de sprids ut som solit\u00e4ra uppstickare en bit ifr\u00e5n varandra i rabatten.<\/p>\n<div id=\"attachment_2372\" style=\"width: 1050px\" class=\"wp-caption alignnone\"><a href=\"http:\/\/rosenholm.se\/wp-content\/uploads\/2014\/03\/D2X_7874.jpg\"><img loading=\"lazy\" decoding=\"async\" aria-describedby=\"caption-attachment-2372\" class=\"size-full wp-image-2372\" src=\"http:\/\/rosenholm.se\/wp-content\/uploads\/2014\/03\/D2X_7874.jpg\" alt=\"Sm\u00e5 tr\u00e4d som solit\u00e4rer i en sammanh\u00e4ngande matta av fyra sorters astilbe i mitten av maj, effektfullt med blad i nyanser av r\u00f6tt och gr\u00f6nt. L\u00e4ngre fram p\u00e5 sommaren blir mattan hela 80 cm h\u00f6g och i m\u00e5nadsskiftet juli\u2013augusti \u00e4r den prydd av astilbeblommor i rosa, r\u00f6tt och vitt. Astilbesorterna 'Rotlicht', 'Irrlicht', 'Bressingham Beauty' och en m\u00f6rk typ av 'Cattleya'. I f\u00f6rgrunden syns l\u00f6kv\u00e4xten m\u00f6rk stj\u00e4rnhyacint, Camassia leichtlinii \u2018Caerulea\u2019 blomma. Bild fr\u00e5n Klosterparken.\" width=\"1040\" height=\"693\" srcset=\"https:\/\/rosenholm.se\/wp-content\/uploads\/2014\/03\/D2X_7874.jpg 1040w, https:\/\/rosenholm.se\/wp-content\/uploads\/2014\/03\/D2X_7874-250x166.jpg 250w, https:\/\/rosenholm.se\/wp-content\/uploads\/2014\/03\/D2X_7874-320x213.jpg 320w, https:\/\/rosenholm.se\/wp-content\/uploads\/2014\/03\/D2X_7874-350x233.jpg 350w, https:\/\/rosenholm.se\/wp-content\/uploads\/2014\/03\/D2X_7874-250x166@2x.jpg 500w, https:\/\/rosenholm.se\/wp-content\/uploads\/2014\/03\/D2X_7874-320x213@2x.jpg 640w, https:\/\/rosenholm.se\/wp-content\/uploads\/2014\/03\/D2X_7874-350x233@2x.jpg 700w\" sizes=\"auto, (max-width: 1040px) 100vw, 1040px\" \/><\/a><p id=\"caption-attachment-2372\" class=\"wp-caption-text\">Sm\u00e5 tr\u00e4d som solit\u00e4rer i en sammanh\u00e4ngande matta av fyra sorters astilbe i mitten av maj, effektfullt med blad i nyanser av r\u00f6tt och gr\u00f6nt. L\u00e4ngre fram p\u00e5 sommaren blir mattan hela 80 cm h\u00f6g och i m\u00e5nadsskiftet juli\u2013augusti \u00e4r den prydd av astilbeblommor i rosa, r\u00f6tt och vitt. Astilbesorterna &#8217;Rotlicht&#8217;, &#8217;Irrlicht&#8217;, &#8217;Bressingham Beauty&#8217; och en m\u00f6rk typ av &#8217;Cattleya&#8217;. I f\u00f6rgrunden syns l\u00f6kv\u00e4xten m\u00f6rk stj\u00e4rnhyacint, Camassia leichtlinii \u2018Caerulea\u2019 blomma. Bild fr\u00e5n Klosterparken.<\/p><\/div>\n<p>F\u00f6r mindre buskar, som till exempel moderna rosor, blir det snyggast med flera tillsammans i grupp medan halvstora buskar och flerstammiga sm\u00e5tr\u00e4d g\u00f6r sig b\u00e4st som ensamma solit\u00e4rer tillsammans med perenner eller l\u00e5ga buskar som undervegetation. F\u00f6r att solit\u00e4rv\u00e4xtens karakt\u00e4r ska framh\u00e4vas och komma till sin r\u00e4tt b\u00f6r undervegetationen vara n\u00e5gorlunda enhetlig.<\/p>\n<p>Perenner och l\u00f6kv\u00e4xter som \u00e4r betydligt h\u00f6gre \u00e4n omgivande v\u00e4xter kan p\u00e5 liknande s\u00e4tt duttas ut som ensamma solit\u00e4rplantor p\u00e5 flera st\u00e4llen i en rabatt. Snyggast blir det om man placerar ut dem oregelbundet med varierande avst\u00e5nd mellan plantorna.<\/p>\n<div id=\"attachment_2371\" style=\"width: 1050px\" class=\"wp-caption alignnone\"><a href=\"http:\/\/rosenholm.se\/wp-content\/uploads\/2014\/03\/D2X_5882.jpg\"><img loading=\"lazy\" decoding=\"async\" aria-describedby=\"caption-attachment-2371\" class=\"size-full wp-image-2371\" src=\"http:\/\/rosenholm.se\/wp-content\/uploads\/2014\/03\/D2X_5882.jpg\" alt=\"Allium \u2019Globemaster\u2019 som uppstickande solit\u00e4rer i en enhetlig bottenplantering av flockn\u00e4va ger ett s\u00e5 h\u00e4r maffigt intryck i mitten av juni. L\u00e4gg m\u00e4rke till hur avst\u00e5nden mellan \u2019Globemaster\u2019 varierar. Bild fr\u00e5n \u00c5promenaden.\" width=\"1040\" height=\"693\" srcset=\"https:\/\/rosenholm.se\/wp-content\/uploads\/2014\/03\/D2X_5882.jpg 1040w, https:\/\/rosenholm.se\/wp-content\/uploads\/2014\/03\/D2X_5882-250x166.jpg 250w, https:\/\/rosenholm.se\/wp-content\/uploads\/2014\/03\/D2X_5882-320x213.jpg 320w, https:\/\/rosenholm.se\/wp-content\/uploads\/2014\/03\/D2X_5882-350x233.jpg 350w, https:\/\/rosenholm.se\/wp-content\/uploads\/2014\/03\/D2X_5882-250x166@2x.jpg 500w, https:\/\/rosenholm.se\/wp-content\/uploads\/2014\/03\/D2X_5882-320x213@2x.jpg 640w, https:\/\/rosenholm.se\/wp-content\/uploads\/2014\/03\/D2X_5882-350x233@2x.jpg 700w\" sizes=\"auto, (max-width: 1040px) 100vw, 1040px\" \/><\/a><p id=\"caption-attachment-2371\" class=\"wp-caption-text\">Allium \u2019Globemaster\u2019 som uppstickande solit\u00e4rer i en enhetlig bottenplantering av flockn\u00e4va ger ett s\u00e5 h\u00e4r maffigt intryck i mitten av juni. L\u00e4gg m\u00e4rke till hur avst\u00e5nden mellan \u2019Globemaster\u2019 varierar. Bild fr\u00e5n \u00c5promenaden.<\/p><\/div>\n<div id=\"attachment_2367\" style=\"width: 360px\" class=\"wp-caption alignright\"><a href=\"http:\/\/rosenholm.se\/wp-content\/uploads\/2014\/03\/D2X_3091.jpg\"><img loading=\"lazy\" decoding=\"async\" aria-describedby=\"caption-attachment-2367\" class=\"size-large wp-image-2367\" src=\"http:\/\/rosenholm.se\/wp-content\/uploads\/2014\/03\/D2X_3091-350x466.jpg\" alt=\"Framifr\u00e5n i bilden fr\u00e5n Dr\u00f6mparken i slutet av juli syns bland annat Astilbe \u2018Bumalda\u2019, axbetonika, Stachys pradica \u2018Hummelo\u2019, Thalictrum polygamum, Thalictrum \u2018Elin\u2019, daglilja \u2018Uri Winniford\u2019, Astilbe chinensis var. taquetii \u2018Purpurlanze\u2019 med finnslide, Aconogonon \u00d7 fennicum l\u00e4ngst bak.\" width=\"350\" height=\"466\" srcset=\"https:\/\/rosenholm.se\/wp-content\/uploads\/2014\/03\/D2X_3091-350x466.jpg 350w, https:\/\/rosenholm.se\/wp-content\/uploads\/2014\/03\/D2X_3091-187x250.jpg 187w, https:\/\/rosenholm.se\/wp-content\/uploads\/2014\/03\/D2X_3091-320x426.jpg 320w, https:\/\/rosenholm.se\/wp-content\/uploads\/2014\/03\/D2X_3091.jpg 780w, https:\/\/rosenholm.se\/wp-content\/uploads\/2014\/03\/D2X_3091-350x466@2x.jpg 700w, https:\/\/rosenholm.se\/wp-content\/uploads\/2014\/03\/D2X_3091-187x250@2x.jpg 374w, https:\/\/rosenholm.se\/wp-content\/uploads\/2014\/03\/D2X_3091-320x426@2x.jpg 640w\" sizes=\"auto, (max-width: 350px) 100vw, 350px\" \/><\/a><p id=\"caption-attachment-2367\" class=\"wp-caption-text\">Framifr\u00e5n i bilden fr\u00e5n Dr\u00f6mparken i slutet av juli syns bland annat Astilbe \u2018Bumalda\u2019, axbetonika, Stachys pradica \u2018Hummelo\u2019, Thalictrum polygamum, Thalictrum \u2018Elin\u2019, daglilja \u2018Uri Winniford\u2019, Astilbe chinensis var. taquetii \u2018Purpurlanze\u2019 med finnslide, Aconogonon \u00d7 fennicum l\u00e4ngst bak.<\/p><\/div>\n<p>I Enk\u00f6pings parker \u00e4r det ocks\u00e5 vanligt att placera grupper av en perennsort i ett sammanh\u00e4ngande st\u00f6rre f\u00e4lt av en annan sort. Det bygger p\u00e5 samma princip som n\u00e4r man placerar ut solit\u00e4rplantor och Stefan Mattson brukar kalla metoden f\u00f6r \u201dsolit\u00e4rpartier i bottenplantering\u201d.<\/p>\n<p><span style=\"line-height: 1.5em;\">F\u00f6rdelarna med att plantera perenner i stora grupper \u00e4r m\u00e5nga. Enstaka perenner ger ett oroligt intryck. De konkurrerar med varandra p\u00e5 ett inte \u00f6nskv\u00e4rt s\u00e4tt, stora och starka perenner bildar egna grupper p\u00e5 de svagas bekostnad. N\u00e4r man anv\u00e4nder den typ av stora perenner som \u00e4r vanlig i Dr\u00f6mparken \u00e4r det ganska l\u00e4tt att planera utplaceringen av stora grupper, finlir \u00e4r \u00f6verfl\u00f6digt eftersom de \u00e4nd\u00e5 fyller ut s\u00e5 bra.\u00a0<\/span><\/p>\n<div id=\"attachment_2369\" style=\"width: 1050px\" class=\"wp-caption alignnone\"><a href=\"http:\/\/rosenholm.se\/wp-content\/uploads\/2014\/03\/D2X_2390.jpg\"><img loading=\"lazy\" decoding=\"async\" aria-describedby=\"caption-attachment-2369\" class=\"size-full wp-image-2369\" src=\"http:\/\/rosenholm.se\/wp-content\/uploads\/2014\/03\/D2X_2390.jpg\" alt=\"Liten flockn\u00e4va, Geranium \u00d7 cantabrigiense 'Biokovo', myskmadra, Galium odoratum, bl\u00e5funkia, Hosta \u2019Halcyon\u2019 och vita bl\u00e5gull, Polemonium caeruleum 'Album'.\" width=\"1040\" height=\"693\" srcset=\"https:\/\/rosenholm.se\/wp-content\/uploads\/2014\/03\/D2X_2390.jpg 1040w, https:\/\/rosenholm.se\/wp-content\/uploads\/2014\/03\/D2X_2390-250x166.jpg 250w, https:\/\/rosenholm.se\/wp-content\/uploads\/2014\/03\/D2X_2390-320x213.jpg 320w, https:\/\/rosenholm.se\/wp-content\/uploads\/2014\/03\/D2X_2390-350x233.jpg 350w, https:\/\/rosenholm.se\/wp-content\/uploads\/2014\/03\/D2X_2390-250x166@2x.jpg 500w, https:\/\/rosenholm.se\/wp-content\/uploads\/2014\/03\/D2X_2390-320x213@2x.jpg 640w, https:\/\/rosenholm.se\/wp-content\/uploads\/2014\/03\/D2X_2390-350x233@2x.jpg 700w\" sizes=\"auto, (max-width: 1040px) 100vw, 1040px\" \/><\/a><p id=\"caption-attachment-2369\" class=\"wp-caption-text\">Liten flockn\u00e4va, Geranium \u00d7 cantabrigiense &#8217;Biokovo&#8217;, myskmadra, Galium odoratum, bl\u00e5funkia, Hosta \u2019Halcyon\u2019 och vita bl\u00e5gull, Polemonium caeruleum &#8217;Album&#8217;.<\/p><\/div>\n<p><span style=\"line-height: 1.5em;\">H\u00e4r syns ett av m\u00e5nga Enk\u00f6pingsexempel p\u00e5 hur perenner v\u00e4xer i grupper som bildar \u201dsolit\u00e4rpartier\u201d i bottenplantering. N\u00e4rmast i best\u00e5r bottenmattan av liten flockn\u00e4va, <em>Geranium<\/em> \u00d7 <em>cantabrigiense<\/em> &#8217;Biokovo&#8217; och bortanf\u00f6r tar myskmadra, <em>Galium<\/em> <em>odoratum<\/em>, som just \u00e4r i blom \u00f6ver. Perennerna som bildar solit\u00e4rgrupper \u00e4r dagliljor, <em>Hemerocallis<\/em>, n\u00e4rmast i bild och i den vitblommande mattan syns bl\u00e5funkia, <em>Hosta<\/em> \u2019Halcyon\u2019, i grupp och str\u00f6dda exemplar av vita bl\u00e5gull, <em>Polemonium caeruleu<\/em>m &#8217;Album&#8217;. Prydligt klippt h\u00e4ck av buxbom stramar upp och ramar in rabatten. Bild fr\u00e5n Blomsterg\u00e5rden i slutet av maj.<\/span><\/p>\n<h5><span style=\"line-height: 1.5em;\">Placering av perenner<\/span><\/h5>\n<p>Det f\u00f6rsta att ta h\u00e4nsyn till n\u00e4r man placerar ut perenner i rabatten \u00e4r hur h\u00f6ga de blir. Grundregeln \u00e4r att ju h\u00f6gre en v\u00e4xt \u00e4r ju l\u00e4ngre bak i rabatten ska den st\u00e5. Men f\u00f6ljer man den regeln strikt och placerar alla v\u00e4xter efter h\u00f6jdordning kan rabatten l\u00e4tt se stel och tr\u00e5kig ut. Det blir ingen dynamik i den.<\/p>\n<p>Allts\u00e5 ska man fr\u00e5ng\u00e5 grundregeln ibland och plantera h\u00f6ga v\u00e4xter f\u00f6r l\u00e5ngt fram och l\u00e5ga f\u00f6r l\u00e5ngt bak. V\u00e4xter som planteras l\u00e4ngre fram \u00e4n deras h\u00f6jd medger ska helst inte vara s\u00e5 kompakta att de d\u00f6ljer allt som finns bakom dem utan de f\u00e5r g\u00e4rna vara lite halvgenomskinliga s\u00e5 att man kan f\u00e5 frestande glimtar av det som finns bakom. M\u00e5nga prydnadsgr\u00e4s och perenner med spirformade blommor ger en fin transparent effekt och \u00e4r utm\u00e4rkta f\u00f6r \u00e4ndam\u00e5let.<\/p>\n<div id=\"attachment_2377\" style=\"width: 1050px\" class=\"wp-caption alignnone\"><a href=\"http:\/\/rosenholm.se\/wp-content\/uploads\/2014\/03\/D2X_8453.jpg\"><img loading=\"lazy\" decoding=\"async\" aria-describedby=\"caption-attachment-2377\" class=\"size-full wp-image-2377\" src=\"http:\/\/rosenholm.se\/wp-content\/uploads\/2014\/03\/D2X_8453.jpg\" alt=\"Bl\u00e5t\u00e5tel, Molinia caerulea \u2018Moorhexe\u2019, v\u00e4xer v\u00e4ldigt uppr\u00e4tt och beh\u00f6ver n\u00e5got i botten f\u00f6r att inte jorden ska synas. En matta av dv\u00e4rgh\u00e4x\u00f6rt, Circaea alpina, fyller den funktionen med bravur och ger kontrast i b\u00e5de form och f\u00e4rg mot bl\u00e5t\u00e5telns smala str\u00e5n. Det h\u00e4r \u00e4r en komposition fr\u00e5n Dr\u00f6mparkens nya del. Till v\u00e4nster grekv\u00e4dd, Knautia macedonica.\" width=\"1040\" height=\"585\" srcset=\"https:\/\/rosenholm.se\/wp-content\/uploads\/2014\/03\/D2X_8453.jpg 1040w, https:\/\/rosenholm.se\/wp-content\/uploads\/2014\/03\/D2X_8453-250x140.jpg 250w, https:\/\/rosenholm.se\/wp-content\/uploads\/2014\/03\/D2X_8453-320x180.jpg 320w, https:\/\/rosenholm.se\/wp-content\/uploads\/2014\/03\/D2X_8453-350x196.jpg 350w, https:\/\/rosenholm.se\/wp-content\/uploads\/2014\/03\/D2X_8453-250x140@2x.jpg 500w, https:\/\/rosenholm.se\/wp-content\/uploads\/2014\/03\/D2X_8453-320x180@2x.jpg 640w, https:\/\/rosenholm.se\/wp-content\/uploads\/2014\/03\/D2X_8453-350x196@2x.jpg 700w\" sizes=\"auto, (max-width: 1040px) 100vw, 1040px\" \/><\/a><p id=\"caption-attachment-2377\" class=\"wp-caption-text\">Bl\u00e5t\u00e5tel, Molinia caerulea \u2018Moorhexe\u2019, v\u00e4xer v\u00e4ldigt uppr\u00e4tt och beh\u00f6ver n\u00e5got i botten f\u00f6r att inte jorden ska synas. En matta av dv\u00e4rgh\u00e4x\u00f6rt, Circaea alpina, fyller den funktionen med bravur och ger kontrast i b\u00e5de form och f\u00e4rg mot bl\u00e5t\u00e5telns smala str\u00e5n. Det h\u00e4r \u00e4r en komposition fr\u00e5n Dr\u00f6mparkens nya del. Till v\u00e4nster grekv\u00e4dd, Knautia macedonica.<\/p><\/div>\n<p>F\u00f6r de v\u00e4xter som ska st\u00e5 l\u00e5ngt fram i rabatten \u00e4r det viktigt att v\u00e4xts\u00e4ttet \u00e4r s\u00e5dant att de effektivt d\u00f6ljer jorden. Bar jord mellan stj\u00e4lkarna f\u00f6rtar intrycket totalt av en rabatt. Hur v\u00e4lkomponerad den \u00e4n \u00e4r i \u00f6vrigt.<\/p>\n<p>Om man nu trots allt g\u00e4rna vill ha en viss v\u00e4xt l\u00e5ngt fram i rabatten fast den inte t\u00e4cker jorden kan man komma runt problemet genom att plantera en markt\u00e4ckande perenn runt dess f\u00f6tter. Det kan bli v\u00e4ldigt snyggt och effektfullt. S\u00e4rskilt om man v\u00e4ljer en markt\u00e4ckare vars blad kontrasterar mot den h\u00f6gre perennens blad.<\/p>\n<p>En del perenner l\u00e4mnar h\u00e5l efter sig n\u00e4r de \u00e4r klara med sin blomuppvisning. De har inte ett bladverk som g\u00f6r att de fyller upp sin plats i rabatten under hela s\u00e4songen. L\u00f6jtnantshj\u00e4rtat som blommar med s\u00f6ta r\u00f6dvita eller helt vita h\u00e4ngande sm\u00e5 blommor som p\u00e5minner om hj\u00e4rtan \u00e4r liksom den orientaliska j\u00e4ttevallmon med sina fantastiska stora blommor exempel p\u00e5 s\u00e5dana perenner. I n\u00e4rheten av dem blir det b\u00e4st om man planterar perenner med lite upph\u00f6jt utbrett v\u00e4xts\u00e4tt som kan t\u00e4cka \u00f6ver det h\u00e5lrum som bildas. Tillsammans med l\u00f6jtnantshj\u00e4rtat som blommar i maj-juni och trivs i halvskugga passar funkior, som dessutom kommer sent p\u00e5 s\u00e4songen, och marken runt den sol\u00e4lskande orientaliska vallmon som blommar i juni-juli kan kl\u00e4s in av brudsl\u00f6ja.<\/p>\n<p>Perenner som l\u00e4mnar h\u00e5l efter sig ska inte planteras i f\u00f6r stora sammanh\u00e4ngande f\u00e4lt eftersom det d\u00e5 blir sv\u00e5rt att d\u00f6lja h\u00e5lrummet med utbredda perenner som t\u00e4cker \u00f6ver det fr\u00e5n sidorna.<\/p>\n<div id=\"attachment_2379\" style=\"width: 1050px\" class=\"wp-caption alignnone\"><a href=\"http:\/\/rosenholm.se\/wp-content\/uploads\/2014\/03\/D2X_3628.jpg\"><img loading=\"lazy\" decoding=\"async\" aria-describedby=\"caption-attachment-2379\" class=\"size-full wp-image-2379\" src=\"http:\/\/rosenholm.se\/wp-content\/uploads\/2014\/03\/D2X_3628.jpg\" alt=\"Funkian, Hosta \u2018White Triumphator\u2019, \u00e4r en utm\u00e4rkt perenn l\u00e5ngt fram i rabatten. Den blommar i vitt relativt sent, i slutet p\u00e5 juli. Innan \u00e4r den l\u00e5g med snyggt bladverk. Mellan blomst\u00e4nglarna, som kan bli upp till 1,2 m h\u00f6ga, finns en hel del mellanrum, det skapas en transparent effekt s\u00e5 att man ser bakomvarande v\u00e4xter.\" width=\"1040\" height=\"585\" srcset=\"https:\/\/rosenholm.se\/wp-content\/uploads\/2014\/03\/D2X_3628.jpg 1040w, https:\/\/rosenholm.se\/wp-content\/uploads\/2014\/03\/D2X_3628-250x140.jpg 250w, https:\/\/rosenholm.se\/wp-content\/uploads\/2014\/03\/D2X_3628-320x180.jpg 320w, https:\/\/rosenholm.se\/wp-content\/uploads\/2014\/03\/D2X_3628-350x196.jpg 350w, https:\/\/rosenholm.se\/wp-content\/uploads\/2014\/03\/D2X_3628-250x140@2x.jpg 500w, https:\/\/rosenholm.se\/wp-content\/uploads\/2014\/03\/D2X_3628-320x180@2x.jpg 640w, https:\/\/rosenholm.se\/wp-content\/uploads\/2014\/03\/D2X_3628-350x196@2x.jpg 700w\" sizes=\"auto, (max-width: 1040px) 100vw, 1040px\" \/><\/a><p id=\"caption-attachment-2379\" class=\"wp-caption-text\">Funkian, Hosta \u2018White Triumphator\u2019, \u00e4r en utm\u00e4rkt perenn l\u00e5ngt fram i rabatten. Den blommar i vitt relativt sent, i slutet p\u00e5 juli. Innan \u00e4r den l\u00e5g med snyggt bladverk. Mellan blomst\u00e4nglarna, som kan bli upp till 1,2 m h\u00f6ga, finns en hel del mellanrum, det skapas en transparent effekt s\u00e5 att man ser bakomvarande v\u00e4xter.<\/p><\/div>\n<p>Blomningstiden avg\u00f6r ocks\u00e5 var i en rabatt en perenn ska placeras. Ju tidigare p\u00e5 s\u00e4songen en perenn har sin h\u00f6gtidspunkt desto l\u00e4ngre in i rabatten kan den st\u00e5. P\u00e5 v\u00e5ren och f\u00f6rsommaren \u00e4r det inte s\u00e5 m\u00e5nga perenner som hunnit v\u00e4xa sig h\u00f6ga och kan skymma en blommande v\u00e4xt l\u00e5ngt in i rabatten. Det finns egentligen ingen anledning att s\u00e4tta tidigblommande perenner l\u00e5ngt fram som man ganska ofta kan se i rabatter utan det \u00e4r n\u00e4stan alltid en f\u00f6rdel att ha dem en bit in. De blir \u00e4nd\u00e5 blickf\u00e5ng n\u00e4r de blommar eftersom rabatten fortfarande inte \u00e4r fyllig vid den tiden p\u00e5 \u00e5ret och man slipper ha dem fullt synliga i frontlinjen l\u00e4ngre fram p\u00e5 sommaren n\u00e4r de \u00e4nd\u00e5 inte har n\u00e5gra blommor att bjuda p\u00e5.<\/p>\n<p>Det fr\u00e4mre omr\u00e5det i rabatten ska man i st\u00e4llet huvudsakligen spara f\u00f6r l\u00e5ga och halvl\u00e5ga perenner som blommar l\u00e5ngt fram p\u00e5 sommaren eller h\u00f6sten. De syns ju inte lika v\u00e4l n\u00e4r de \u00e4r som b\u00e4st om man placerar dem f\u00f6r l\u00e5ngt in i rabatten, som \u00e4r rej\u00e4lt uppvuxen vid den h\u00e4r tiden p\u00e5 \u00e5ret. Naturligtvis b\u00f6r de h\u00e4r senblommande perennerna ha ett fr\u00e4scht bladverk som kan t\u00e4cka marken redan fr\u00e5n ganska tidigt p\u00e5 s\u00e4songen och bilda en gr\u00f6nskande matta i rabattens framkant som blir en fin f\u00f6rgrund f\u00f6r de blommande v\u00e4xterna l\u00e4ngre in. De f\u00e5r ocks\u00e5 g\u00e4rna v\u00e4lla ut \u00f6ver kanten som de perenner vi kallar draperier g\u00f6r. \u00c4r v\u00e4xterna i rabattens framkant sena i starten p\u00e5 v\u00e5ren men blir fylliga l\u00e4ngre fram kan man placera l\u00f6kv\u00e4xter mellan dem f\u00f6r att slippa ett tomrum p\u00e5 v\u00e5ren.<\/p>\n<div id=\"attachment_2380\" style=\"width: 360px\" class=\"wp-caption alignright\"><a href=\"http:\/\/rosenholm.se\/wp-content\/uploads\/2014\/03\/D2X_0152.jpg\"><img loading=\"lazy\" decoding=\"async\" aria-describedby=\"caption-attachment-2380\" class=\"size-large wp-image-2380\" src=\"http:\/\/rosenholm.se\/wp-content\/uploads\/2014\/03\/D2X_0152-350x466.jpg\" alt=\"Balsamaster, Aster ageratoides \u2018Harry Schmidt\u2019, tuvr\u00f6rm Calamagrostis \u00d7 acutiflora \u2018Karl Foerster\u2019, Waldsteinia, Waldsteinia ternata, r\u00f6d k\u00e4rleks\u00f6rt, Hylotelephium telephium \u2018Matrona\u2019 och h\u00f6stflox, Phlox paniculata \u2018Silberlachs\u2019.\" width=\"350\" height=\"466\" srcset=\"https:\/\/rosenholm.se\/wp-content\/uploads\/2014\/03\/D2X_0152-350x466.jpg 350w, https:\/\/rosenholm.se\/wp-content\/uploads\/2014\/03\/D2X_0152-187x250.jpg 187w, https:\/\/rosenholm.se\/wp-content\/uploads\/2014\/03\/D2X_0152-320x426.jpg 320w, https:\/\/rosenholm.se\/wp-content\/uploads\/2014\/03\/D2X_0152.jpg 780w, https:\/\/rosenholm.se\/wp-content\/uploads\/2014\/03\/D2X_0152-350x466@2x.jpg 700w, https:\/\/rosenholm.se\/wp-content\/uploads\/2014\/03\/D2X_0152-187x250@2x.jpg 374w, https:\/\/rosenholm.se\/wp-content\/uploads\/2014\/03\/D2X_0152-320x426@2x.jpg 640w\" sizes=\"auto, (max-width: 350px) 100vw, 350px\" \/><\/a><p id=\"caption-attachment-2380\" class=\"wp-caption-text\">Balsamaster, Aster ageratoides \u2018Harry Schmidt\u2019, tuvr\u00f6rm Calamagrostis \u00d7 acutiflora \u2018Karl Foerster\u2019, Waldsteinia, Waldsteinia ternata, r\u00f6d k\u00e4rleks\u00f6rt, Hylotelephium telephium \u2018Matrona\u2019 och h\u00f6stflox, Phlox paniculata \u2018Silberlachs\u2019.<\/p><\/div>\n<p>Rabatter som man kan g\u00e5 runt omkring byggs l\u00e4mpligen upp s\u00e5 att man har de h\u00f6gsta v\u00e4xterna i mitten. H\u00e4r p\u00e5 bilden fr\u00e5n K\u00f6lnbacksparken i mitten av augusti syns ett ganska l\u00e5gt f\u00e4lt av balsamaster, <em>Aster ageratoides<\/em> &#8217;Harry Schmidt&#8217;, ett utm\u00e4rkt draperi, som breder ut sig mot steng\u00e5ngen. Till v\u00e4nster v\u00e4xer det st\u00e5tliga tuvr\u00f6ret <em>Calamagrostis<\/em> \u00d7 <em>acutiflora<\/em> &#8217;Karl Foerster&#8217;. P\u00e5 andra sidan g\u00e5ngen syns markt\u00e4ckande Waldsteinia, <em>Waldsteinia ternata<\/em> n\u00e4rmast stenl\u00e4ggningen och innanf\u00f6r r\u00f6d k\u00e4rleks\u00f6rt, <em>Hylotelephium<\/em> <em>telephium<\/em> &#8217;Matrona&#8217; och rosablommande h\u00f6stflox, <em>Phlox paniculata<\/em> &#8217;Silberlachs&#8217;.<\/p>\n<div id=\"attachment_2378\" style=\"width: 360px\" class=\"wp-caption alignright\"><a href=\"http:\/\/rosenholm.se\/wp-content\/uploads\/2014\/03\/D2X_7801.jpg\"><img loading=\"lazy\" decoding=\"async\" aria-describedby=\"caption-attachment-2378\" class=\"size-large wp-image-2378\" src=\"http:\/\/rosenholm.se\/wp-content\/uploads\/2014\/03\/D2X_7801-350x466.jpg\" alt=\"Bl\u00e5funkia, Hosta \u2018Halcyon och daglilja, Hemerocallis \u2018Corky\u2019.\" width=\"350\" height=\"466\" srcset=\"https:\/\/rosenholm.se\/wp-content\/uploads\/2014\/03\/D2X_7801-350x466.jpg 350w, https:\/\/rosenholm.se\/wp-content\/uploads\/2014\/03\/D2X_7801-187x250.jpg 187w, https:\/\/rosenholm.se\/wp-content\/uploads\/2014\/03\/D2X_7801-320x426.jpg 320w, https:\/\/rosenholm.se\/wp-content\/uploads\/2014\/03\/D2X_7801.jpg 780w, https:\/\/rosenholm.se\/wp-content\/uploads\/2014\/03\/D2X_7801-350x466@2x.jpg 700w, https:\/\/rosenholm.se\/wp-content\/uploads\/2014\/03\/D2X_7801-187x250@2x.jpg 374w, https:\/\/rosenholm.se\/wp-content\/uploads\/2014\/03\/D2X_7801-320x426@2x.jpg 640w\" sizes=\"auto, (max-width: 350px) 100vw, 350px\" \/><\/a><p id=\"caption-attachment-2378\" class=\"wp-caption-text\">Bl\u00e5funkia, Hosta \u2018Halcyon och daglilja, Hemerocallis \u2018Corky\u2019.<\/p><\/div>\n<p>Bl\u00e5funkia, <em>Hosta<\/em> &#8217;Halcyon&#8217; g\u00f6r sig bra framf\u00f6r daglilja, <em>Hemerocallis<\/em> &#8217;Corky&#8217;. N\u00e4r dagliljan blommar i mitten av juni ger dess blommor en l\u00e4cker f\u00e4rg och formkontrast mot bl\u00e5funkians blad. N\u00e4r bl\u00e5funkians egna ljusvioletta blommor kommer p\u00e5 ca 40 cm h\u00f6ga st\u00e4nglar i juli\u2013augusti fungerar dagliljans \u00f6verh\u00e4ngande blad som en snygg bakgrund. Och \u00e4ven helt utan blommor \u00e4r det h\u00e4r en tilltalande kombination eftersom de smala blankgr\u00f6na dagliljebladen och de vaxartade bl\u00e5funkiabladen skiljer sig s\u00e5 mycket \u00e5t i s\u00e5v\u00e4l form och f\u00e4rg som textur. Att s\u00e4tta bl\u00e5funkian bakom dagliljan hade inte alls blivit lika bra eftersom den h\u00f6gsta och tidigast blommande perennen d\u00e5 hade kommit l\u00e4ngst fram. Vi hade heller inte kunnat se hur snyggt det \u00e4r med dagliljebladen som h\u00e4nger in \u00f6ver bl\u00e5funkian. Bild fr\u00e5n Blomsterg\u00e5rden.<\/p>\n<h5><a title=\"Formen f\u00f6rst\" href=\"http:\/\/rosenholm.se\/?page_id=2515\">Formen f\u00f6rst<\/a><\/h5>\n","protected":false},"excerpt":{"rendered":"<p>Med ordet rabatt syftar man oftast p\u00e5 en sammanh\u00e4ngande plantering av \u00f6rtartade v\u00e4xter, perenner eller sommarblommor. Men en rabatt kan ocks\u00e5 inneh\u00e5lla buskar, tr\u00e4d, kl\u00e4ngv\u00e4xter och l\u00f6kar. D\u00e5 f\u00e5r man&hellip; <\/p>\n","protected":false},"author":1,"featured_media":0,"parent":0,"menu_order":0,"comment_status":"closed","ping_status":"closed","template":"","meta":{"footnotes":""},"class_list":["post-2342","page","type-page","status-publish","hentry"],"_links":{"self":[{"href":"https:\/\/rosenholm.se\/index.php?rest_route=\/wp\/v2\/pages\/2342","targetHints":{"allow":["GET"]}}],"collection":[{"href":"https:\/\/rosenholm.se\/index.php?rest_route=\/wp\/v2\/pages"}],"about":[{"href":"https:\/\/rosenholm.se\/index.php?rest_route=\/wp\/v2\/types\/page"}],"author":[{"embeddable":true,"href":"https:\/\/rosenholm.se\/index.php?rest_route=\/wp\/v2\/users\/1"}],"replies":[{"embeddable":true,"href":"https:\/\/rosenholm.se\/index.php?rest_route=%2Fwp%2Fv2%2Fcomments&post=2342"}],"version-history":[{"count":29,"href":"https:\/\/rosenholm.se\/index.php?rest_route=\/wp\/v2\/pages\/2342\/revisions"}],"predecessor-version":[{"id":4538,"href":"https:\/\/rosenholm.se\/index.php?rest_route=\/wp\/v2\/pages\/2342\/revisions\/4538"}],"wp:attachment":[{"href":"https:\/\/rosenholm.se\/index.php?rest_route=%2Fwp%2Fv2%2Fmedia&parent=2342"}],"curies":[{"name":"wp","href":"https:\/\/api.w.org\/{rel}","templated":true}]}}