{"id":2282,"date":"2014-03-02T22:46:17","date_gmt":"2014-03-02T21:46:17","guid":{"rendered":"http:\/\/rosenholm.se\/?page_id=2282"},"modified":"2014-04-03T21:56:38","modified_gmt":"2014-04-03T19:56:38","slug":"komposition","status":"publish","type":"page","link":"https:\/\/rosenholm.se\/?page_id=2282","title":{"rendered":"KOMPOSITION"},"content":{"rendered":"<h5><span style=\"line-height: 1.5em;\">R\u00e4tt v\u00e4xt p\u00e5 r\u00e4tt plats<\/span><\/h5>\n<p>F\u00f6rsta steget till en lyckad plantering \u00e4r att v\u00e4xterna trivs med de livsbetingelser de erbjuds i form av ljusm\u00e4ngd, vatten, n\u00e4ring, jord och utrymme. M\u00e5nga v\u00e4xter \u00e4r ganska t\u00e5liga och inte s\u00e4rskilt precisa med sina krav medan n\u00e5gra \u00e4r mer kinkiga. Att f\u00f6rs\u00f6ka odla skugg\u00e4lskande v\u00e4xter i torra soliga l\u00e4gen \u00e4r d\u00f6mt att misslyckas. Likas\u00e5 att plantera torrv\u00e4xter i fuktiga och skuggiga milj\u00f6er.<\/p>\n<p>V\u00e4xter som trivs i liknande milj\u00f6er kan odlas tillsammans, medan v\u00e4xter med helt olika krav p\u00e5 odlingsmilj\u00f6 inte blir bra ihop \u00e4ven om de kl\u00e4r varandra rent estetiskt. V\u00e4xterna kanske ser fina ut n\u00e4r man f\u00f6rst planterar dem, men efter ett tag m\u00e4rker man att de som f\u00e5tt g\u00f6ra avkall p\u00e5 sina behov kommer att chansera allt mer. Det blir till exempel inte lyckat att odla den fukt- och skugg\u00e4lskande daggfunkian \u2019Elegans\u2019 med stora bl\u00e5daggiga blad tillsammans med lavendel, som gillar torr jord och sol, hur snygga man \u00e4n tycker att de tv\u00e5 v\u00e4xterna \u00e4r bredvid varandra.<\/p>\n<p>Andra steget till en lyckad plantering \u00e4r att s\u00e4tta ihop v\u00e4xterna p\u00e5 ett attraktivt s\u00e4tt och det \u00e4r det den h\u00e4r boken fr\u00e4mst handlar om. Med exempel fr\u00e5n de kompositioner som finns i Enk\u00f6ping kommer vi att presentera vad man ur estetisk synvinkel beh\u00f6ver ta h\u00e4nsyn till n\u00e4r man kombinerar v\u00e4xter. Vi vill visa vad som fungerar och varf\u00f6r det fungerar.<\/p>\n<p>Sen \u00e4r det upp till dig om du g\u00e5r hem och provar fram nya kompositioner i den egna t\u00e4ppan med hj\u00e4lp av de riktlinjer och r\u00e5d du f\u00e5tt eller om du helt enkelt vill anv\u00e4nda n\u00e5gon av de f\u00e4rdiga Enk\u00f6pingskompositionerna rakt av. N\u00e4r det g\u00e4ller tr\u00e4dg\u00e5rd beh\u00f6ver man inte sk\u00e4mmas f\u00f6r att man knycker id\u00e9er. Det g\u00f6r alla. Och det \u00e4r v\u00e4l ocks\u00e5 det som \u00e4r meningen.<\/p>\n<div id=\"attachment_2284\" style=\"width: 1050px\" class=\"wp-caption alignnone\"><a href=\"http:\/\/rosenholm.se\/wp-content\/uploads\/2014\/03\/D2X_0267.jpg\"><img loading=\"lazy\" decoding=\"async\" aria-describedby=\"caption-attachment-2284\" class=\"size-full wp-image-2284\" alt=\"Bl\u00e5funkia, Hosta 'Halcyon', smalt fackelblomster, Lythrum virgatum, stor plymastilbe, Astilbe chinensis var. taquetii 'Purpurlanze', glansmiskantus, Miscanthus sinensis och finnslide, Aconogonon \u00d7 fennicum\" src=\"http:\/\/rosenholm.se\/wp-content\/uploads\/2014\/03\/D2X_0267.jpg\" width=\"1040\" height=\"693\" srcset=\"https:\/\/rosenholm.se\/wp-content\/uploads\/2014\/03\/D2X_0267.jpg 1040w, https:\/\/rosenholm.se\/wp-content\/uploads\/2014\/03\/D2X_0267-250x166.jpg 250w, https:\/\/rosenholm.se\/wp-content\/uploads\/2014\/03\/D2X_0267-320x213.jpg 320w, https:\/\/rosenholm.se\/wp-content\/uploads\/2014\/03\/D2X_0267-350x233.jpg 350w, https:\/\/rosenholm.se\/wp-content\/uploads\/2014\/03\/D2X_0267-250x166@2x.jpg 500w, https:\/\/rosenholm.se\/wp-content\/uploads\/2014\/03\/D2X_0267-320x213@2x.jpg 640w, https:\/\/rosenholm.se\/wp-content\/uploads\/2014\/03\/D2X_0267-350x233@2x.jpg 700w\" sizes=\"auto, (max-width: 1040px) 100vw, 1040px\" \/><\/a><p id=\"caption-attachment-2284\" class=\"wp-caption-text\">Bl\u00e5funkia, Hosta &#8217;Halcyon&#8217;, smalt fackelblomster, Lythrum virgatum, stor plymastilbe, Astilbe chinensis var. taquetii &#8217;Purpurlanze&#8217;, glansmiskantus, Miscanthus sinensis och finnslide, Aconogonon \u00d7 fennicum<\/p><\/div>\n<p>I Enk\u00f6ping h\u00f6r de flesta av perennerna till det okinkiga slaget. De \u00e4r l\u00e4ttodlade och fungerar bra i vanlig tr\u00e4dg\u00e5rdsjord som \u00e4r v\u00e4ldr\u00e4nerad men \u00e4nd\u00e5 inte f\u00f6r torr. St\u00e5ende vinterfukt \u00e4r en fiende till de flesta. M\u00e5nga g\u00e5r att odla i sol\u2013halvskugga, men \u00e4r odlingsplatsen placerad i ett v\u00e4ldigt solbakat l\u00e4ge \u00e4r det viktigt att jorden \u00e4r tillr\u00e4ckligt fuktighetsh\u00e5llande s\u00e5vida det inte \u00e4r fr\u00e5ga om tork\u00e4lskande perenner. P\u00e5 bilden syns just en s\u00e5n h\u00e4r okinkig komposition fr\u00e5n Dr\u00f6mparken. Framifr\u00e5n fr\u00e5n v\u00e4nster bl\u00e5funkia, <em>Hosta<\/em> &#8217;Halcyon&#8217;, smalt fackelblomster,<em> Lythrum virgatum<\/em>, stor plymastilbe, <em>Astilbe chinensis<\/em> var. <em>taquetii<\/em> &#8217;Purpurlanze&#8217;, glansmiskantus, <em>Miscanthus sinensis<\/em> och finnslide, <em>Aconogonon<\/em> \u00d7 <em>fennicum<\/em>. Bild tagen i mitten av augusti.<\/p>\n<div id=\"attachment_2286\" style=\"width: 360px\" class=\"wp-caption alignright\"><a href=\"http:\/\/rosenholm.se\/wp-content\/uploads\/2014\/03\/D2X_0576.jpg\"><img loading=\"lazy\" decoding=\"async\" aria-describedby=\"caption-attachment-2286\" class=\"size-large wp-image-2286\" alt=\"Stenkyndel, Calamintha nepeta, hybridmejram, Origanum \u2019Herrenhausen\u2019 och bl\u00e5t\u00e5tel, Molinia caerulea 'Moorhexe'\" src=\"http:\/\/rosenholm.se\/wp-content\/uploads\/2014\/03\/D2X_0576-350x466.jpg\" width=\"350\" height=\"466\" srcset=\"https:\/\/rosenholm.se\/wp-content\/uploads\/2014\/03\/D2X_0576-350x466.jpg 350w, https:\/\/rosenholm.se\/wp-content\/uploads\/2014\/03\/D2X_0576-187x250.jpg 187w, https:\/\/rosenholm.se\/wp-content\/uploads\/2014\/03\/D2X_0576-320x426.jpg 320w, https:\/\/rosenholm.se\/wp-content\/uploads\/2014\/03\/D2X_0576.jpg 780w, https:\/\/rosenholm.se\/wp-content\/uploads\/2014\/03\/D2X_0576-350x466@2x.jpg 700w, https:\/\/rosenholm.se\/wp-content\/uploads\/2014\/03\/D2X_0576-187x250@2x.jpg 374w, https:\/\/rosenholm.se\/wp-content\/uploads\/2014\/03\/D2X_0576-320x426@2x.jpg 640w\" sizes=\"auto, (max-width: 350px) 100vw, 350px\" \/><\/a><p id=\"caption-attachment-2286\" class=\"wp-caption-text\">Stenkyndel, Calamintha nepeta, purpurmejram, Origanum \u2019Herrenhausen\u2019 och bl\u00e5t\u00e5tel, Molinia caerulea &#8217;Moorhexe&#8217;<\/p><\/div>\n<p>P\u00e5 en mager och torr v\u00e4xtplats i full sol frodas stenkyndel, <em>Calamintha nepeta,<\/em> tillsammans med\u00a0purpurmejram, <em>Origanum<\/em> \u2019Herrenhausen\u2019, som blommar i rosalila. Det transparenta gr\u00e4set som sticker upp mellan dem \u00e4r bl\u00e5t\u00e5tel,<em> Molinia caerulea<\/em> &#8217;Moorhexe&#8217;. Det h\u00e4r \u00e4r v\u00e4xter som skulle tyna bort och d\u00f6 om man f\u00f6rs\u00f6kte odla dem p\u00e5 en fuktig, skuggig plats i d\u00e5ligt dr\u00e4nerad jord. Bild fr\u00e5n Piet Oudolfs id\u00e9tr\u00e4dg\u00e5rd l\u00e4ngs \u00c5promenaden i mitten av augusti.<\/p>\n<div id=\"attachment_2285\" style=\"width: 360px\" class=\"wp-caption alignright\"><a href=\"http:\/\/rosenholm.se\/wp-content\/uploads\/2014\/03\/D2X_8173.jpg\"><img loading=\"lazy\" decoding=\"async\" aria-describedby=\"caption-attachment-2285\" class=\"size-large wp-image-2285\" alt=\"Lunddocka, Glaucidium palmatum \u2019Album\u2019\" src=\"http:\/\/rosenholm.se\/wp-content\/uploads\/2014\/03\/D2X_8173-350x466.jpg\" width=\"350\" height=\"466\" srcset=\"https:\/\/rosenholm.se\/wp-content\/uploads\/2014\/03\/D2X_8173-350x466.jpg 350w, https:\/\/rosenholm.se\/wp-content\/uploads\/2014\/03\/D2X_8173-187x250.jpg 187w, https:\/\/rosenholm.se\/wp-content\/uploads\/2014\/03\/D2X_8173-320x426.jpg 320w, https:\/\/rosenholm.se\/wp-content\/uploads\/2014\/03\/D2X_8173.jpg 780w, https:\/\/rosenholm.se\/wp-content\/uploads\/2014\/03\/D2X_8173-350x466@2x.jpg 700w, https:\/\/rosenholm.se\/wp-content\/uploads\/2014\/03\/D2X_8173-187x250@2x.jpg 374w, https:\/\/rosenholm.se\/wp-content\/uploads\/2014\/03\/D2X_8173-320x426@2x.jpg 640w\" sizes=\"auto, (max-width: 350px) 100vw, 350px\" \/><\/a><p id=\"caption-attachment-2285\" class=\"wp-caption-text\">Lunddocka, Glaucidium palmatum \u2019Album\u2019<\/p><\/div>\n<p>Lunddocka,<em> Glaucidium palmatum<\/em>, \u2019Album\u2019 \u00e4r en riktig juvel som trivs p\u00e5 svala, vindskyddade skuggiga platser med fuktig och l\u00f6vrik jord. Precis s\u00e5dana f\u00f6rh\u00e5llanden finns under de stora l\u00f6nnarna vid Str\u00f6mparterren, bara ett stenkast fr\u00e5n Kommunhuset, d\u00e4r man i mitten av maj kan besk\u00e5da denna sk\u00f6nhet.<\/p>\n<h5><a title=\"Gr\u00f6na rum\" href=\"http:\/\/rosenholm.se\/?page_id=2304\">Gr\u00f6na rum<\/a><\/h5>\n<p>&nbsp;<\/p>\n","protected":false},"excerpt":{"rendered":"<p>R\u00e4tt v\u00e4xt p\u00e5 r\u00e4tt plats F\u00f6rsta steget till en lyckad plantering \u00e4r att v\u00e4xterna trivs med de livsbetingelser de erbjuds i form av ljusm\u00e4ngd, vatten, n\u00e4ring, jord och utrymme. M\u00e5nga&hellip; <\/p>\n","protected":false},"author":1,"featured_media":0,"parent":56,"menu_order":0,"comment_status":"closed","ping_status":"closed","template":"","meta":{"footnotes":""},"class_list":["post-2282","page","type-page","status-publish","hentry"],"_links":{"self":[{"href":"https:\/\/rosenholm.se\/index.php?rest_route=\/wp\/v2\/pages\/2282","targetHints":{"allow":["GET"]}}],"collection":[{"href":"https:\/\/rosenholm.se\/index.php?rest_route=\/wp\/v2\/pages"}],"about":[{"href":"https:\/\/rosenholm.se\/index.php?rest_route=\/wp\/v2\/types\/page"}],"author":[{"embeddable":true,"href":"https:\/\/rosenholm.se\/index.php?rest_route=\/wp\/v2\/users\/1"}],"replies":[{"embeddable":true,"href":"https:\/\/rosenholm.se\/index.php?rest_route=%2Fwp%2Fv2%2Fcomments&post=2282"}],"version-history":[{"count":6,"href":"https:\/\/rosenholm.se\/index.php?rest_route=\/wp\/v2\/pages\/2282\/revisions"}],"predecessor-version":[{"id":3573,"href":"https:\/\/rosenholm.se\/index.php?rest_route=\/wp\/v2\/pages\/2282\/revisions\/3573"}],"up":[{"embeddable":true,"href":"https:\/\/rosenholm.se\/index.php?rest_route=\/wp\/v2\/pages\/56"}],"wp:attachment":[{"href":"https:\/\/rosenholm.se\/index.php?rest_route=%2Fwp%2Fv2%2Fmedia&parent=2282"}],"curies":[{"name":"wp","href":"https:\/\/api.w.org\/{rel}","templated":true}]}}