{"id":2150,"date":"2014-02-17T23:49:45","date_gmt":"2014-02-17T22:49:45","guid":{"rendered":"http:\/\/rosenholm.se\/?page_id=2150"},"modified":"2014-04-03T21:54:37","modified_gmt":"2014-04-03T19:54:37","slug":"silver-och-vitt","status":"publish","type":"page","link":"https:\/\/rosenholm.se\/?page_id=2150","title":{"rendered":"Silver och vitt"},"content":{"rendered":"<p><strong>Vitt<\/strong> \u00e4r en klassisk tr\u00e4dg\u00e5rdsf\u00e4rg och av m\u00e5nga finsmakare framh\u00e5llen som den fr\u00e4msta. Den n\u00e4st intill s\u00e4genomspunna vita tr\u00e4dg\u00e5rden p\u00e5 Sissinghurst i England har s\u00e4kert bidragit till populariteten och till att fler \u00e4n en tr\u00e4dg\u00e5rdsfantast f\u00f6rs\u00f6kt skapa ett vitt tr\u00e4dg\u00e5rdsrum i den egna t\u00e4ppan. Hemligheten f\u00f6r att lyckas med den vita tr\u00e4dg\u00e5rden \u00e4r att inte g\u00f6ra den helt vit utan blanda in n\u00e5gra v\u00e4xter med blommor som skiftar i ljusrosa, gr\u00e4ddgult, blekgr\u00f6nt eller ljusbl\u00e5tt. Det f\u00f6rst\u00e4rker upplevelsen.<\/p>\n<p>Vitt g\u00e5r att kombinera med alla andra f\u00e4rger, det d\u00e4mpar f\u00e4rgkollisioner och kan binda samman en komposition s\u00e5 att man f\u00e5r en b\u00e4ttre helhet. Vitt kan ocks\u00e5 anv\u00e4ndas f\u00f6r att lyfta fram andra f\u00e4rger. Med en vit bakgrund framtr\u00e4der till exempel r\u00f6da och bl\u00e5 blommor mycket tydligt. Den vita f\u00e4rgen sj\u00e4lv kommer mycket bra till sin r\u00e4tt om den f\u00e5r en m\u00f6rk bakgrund. Vita blommor framf\u00f6r en m\u00f6rk idegransh\u00e4ck \u00e4r till exempel ett n\u00e4stan o\u00f6vertr\u00e4ffat s\u00e4tt f\u00f6r att till fullo dra nytta av de vita blommornas lyskraft. Vitt blir som allra vackrast i halvskugga och skugga och i skymningens svaga ljus.<\/p>\n<p><strong>Silvrigt gr\u00e5tt<\/strong> \u00e4r en vanlig f\u00e4rg p\u00e5 perenner som \u00e4r anpassade f\u00f6r torra och soliga l\u00e4gen. P\u00e5 de h\u00e4r v\u00e4xterna \u00e4r det snarare det gr\u00e5silvriga bladverket som man drar nytta av \u00e4n de ofta oansenliga blommorna som kan ha inslag av n\u00e5gon pastellf\u00e4rg. Bladverk i de h\u00e4r nyanserna \u00e4r f\u00f6rtr\u00e4ffliga f\u00f6r att binda ihop och lugna ner en plantering med flera andra f\u00e4rger. De mer silvriga nyanserna kan framh\u00e4va lyskraften hos andra f\u00e4rger och tillsammans med vitt kan man f\u00e5 en riktig m\u00e5nskenstr\u00e4dg\u00e5rd som skimrar om natten.<\/p>\n<div id=\"attachment_2153\" style=\"width: 1050px\" class=\"wp-caption alignnone\"><a href=\"http:\/\/rosenholm.se\/wp-content\/uploads\/2014\/02\/D2X_3814.jpg\"><img loading=\"lazy\" decoding=\"async\" aria-describedby=\"caption-attachment-2153\" class=\"size-full wp-image-2153\" alt=\"Buskmagnolia, Magnolia sieboldii\" src=\"http:\/\/rosenholm.se\/wp-content\/uploads\/2014\/02\/D2X_3814.jpg\" width=\"1040\" height=\"693\" srcset=\"https:\/\/rosenholm.se\/wp-content\/uploads\/2014\/02\/D2X_3814.jpg 1040w, https:\/\/rosenholm.se\/wp-content\/uploads\/2014\/02\/D2X_3814-250x166.jpg 250w, https:\/\/rosenholm.se\/wp-content\/uploads\/2014\/02\/D2X_3814-320x213.jpg 320w, https:\/\/rosenholm.se\/wp-content\/uploads\/2014\/02\/D2X_3814-350x233.jpg 350w, https:\/\/rosenholm.se\/wp-content\/uploads\/2014\/02\/D2X_3814-250x166@2x.jpg 500w, https:\/\/rosenholm.se\/wp-content\/uploads\/2014\/02\/D2X_3814-320x213@2x.jpg 640w, https:\/\/rosenholm.se\/wp-content\/uploads\/2014\/02\/D2X_3814-350x233@2x.jpg 700w\" sizes=\"auto, (max-width: 1040px) 100vw, 1040px\" \/><\/a><p id=\"caption-attachment-2153\" class=\"wp-caption-text\">Buskmagnolia, Magnolia sieboldii<\/p><\/div>\n<p>Buskmagnolia, <em>Magnolia sieboldii<\/em>, som \u00e4r en av de allra h\u00e4rdigaste magnolia-arterna, hittar man till exempel alldeles utanf\u00f6r kommunalhuset i Enk\u00f6ping. Den blommar fr\u00e5n juni \u00e4nda in till sensommaren, med nickande blommor som \u00e4r spridda b\u00e5de \u00f6ver busken och \u00f6ver tiden. Mycket k\u00e4nslig f\u00f6r torka, speciellt i kombination med v\u00e4rme. Zon 4.<\/p>\n<div id=\"attachment_2157\" style=\"width: 360px\" class=\"wp-caption alignright\"><a href=\"http:\/\/rosenholm.se\/wp-content\/uploads\/2014\/02\/D2X_3395.jpg\"><img loading=\"lazy\" decoding=\"async\" aria-describedby=\"caption-attachment-2157\" class=\"size-large wp-image-2157\" alt=\"Japansk magnolia, Magnolia kobus 'Norman Gould'\" src=\"http:\/\/rosenholm.se\/wp-content\/uploads\/2014\/02\/D2X_3395-350x437.jpg\" width=\"350\" height=\"437\" srcset=\"https:\/\/rosenholm.se\/wp-content\/uploads\/2014\/02\/D2X_3395-350x437.jpg 350w, https:\/\/rosenholm.se\/wp-content\/uploads\/2014\/02\/D2X_3395-200x250.jpg 200w, https:\/\/rosenholm.se\/wp-content\/uploads\/2014\/02\/D2X_3395-320x400.jpg 320w, https:\/\/rosenholm.se\/wp-content\/uploads\/2014\/02\/D2X_3395.jpg 832w, https:\/\/rosenholm.se\/wp-content\/uploads\/2014\/02\/D2X_3395-350x437@2x.jpg 700w, https:\/\/rosenholm.se\/wp-content\/uploads\/2014\/02\/D2X_3395-200x250@2x.jpg 400w, https:\/\/rosenholm.se\/wp-content\/uploads\/2014\/02\/D2X_3395-320x400@2x.jpg 640w\" sizes=\"auto, (max-width: 350px) 100vw, 350px\" \/><\/a><p id=\"caption-attachment-2157\" class=\"wp-caption-text\">Japansk magnolia, Magnolia kobus &#8217;Norman Gould&#8217;<\/p><\/div>\n<p>I utkanten av Klosterparken lyses v\u00e5ren varje \u00e5r upp av olika arter och sorter av japansk magnolia, <em>Magnolia kobus<\/em>, stj\u00e4rnmagnolia, <em>Magnolia stellata<\/em> och utvalda hybrider mellan dem <em>Magnolia<\/em> \u00d7 <em>loebneri<\/em>. De \u00e4r alla mycket h\u00e4rdiga och l\u00e4ttodlade. Sorten p\u00e5 bilden heter &#8217;Norman Gould&#8217; och h\u00e4nf\u00f6rs till <em>Magnolia kobus<\/em>. Den blommar i b\u00f6rjan p\u00e5 maj och verkar vara kalktolerant. H\u00f6jd cirka 3 m. Sol\u2013halvskugga. Troligen h\u00e4rdig till zon 4.<\/p>\n<p><span style=\"line-height: 1.5em;\">\u00a0<\/span><\/p>\n<div id=\"attachment_2155\" style=\"width: 1050px\" class=\"wp-caption alignnone\"><a href=\"http:\/\/rosenholm.se\/wp-content\/uploads\/2014\/02\/D2X_8031.jpg\"><img loading=\"lazy\" decoding=\"async\" aria-describedby=\"caption-attachment-2155\" class=\"size-full wp-image-2155\" alt=\"Stor h\u00e4xal, Fothergilla major\" src=\"http:\/\/rosenholm.se\/wp-content\/uploads\/2014\/02\/D2X_8031.jpg\" width=\"1040\" height=\"693\" srcset=\"https:\/\/rosenholm.se\/wp-content\/uploads\/2014\/02\/D2X_8031.jpg 1040w, https:\/\/rosenholm.se\/wp-content\/uploads\/2014\/02\/D2X_8031-250x166.jpg 250w, https:\/\/rosenholm.se\/wp-content\/uploads\/2014\/02\/D2X_8031-320x213.jpg 320w, https:\/\/rosenholm.se\/wp-content\/uploads\/2014\/02\/D2X_8031-350x233.jpg 350w, https:\/\/rosenholm.se\/wp-content\/uploads\/2014\/02\/D2X_8031-250x166@2x.jpg 500w, https:\/\/rosenholm.se\/wp-content\/uploads\/2014\/02\/D2X_8031-320x213@2x.jpg 640w, https:\/\/rosenholm.se\/wp-content\/uploads\/2014\/02\/D2X_8031-350x233@2x.jpg 700w\" sizes=\"auto, (max-width: 1040px) 100vw, 1040px\" \/><\/a><p id=\"caption-attachment-2155\" class=\"wp-caption-text\">Stor h\u00e4xal, Fothergilla major<\/p><\/div>\n<p><span style=\"line-height: 1.5em;\">Stor h\u00e4xal, <em>Fothergilla majo<\/em>r, f\u00e5r annorlunda vita blommor som ser ut som flaskborstar p\u00e5 bar kvist i mitten av maj. Det h\u00e4r \u00e4r en buske som skapar skogsk\u00e4nsla och den \u00e4r ocks\u00e5 extra snygg n\u00e4r den som i Klosterparken har tr\u00e4d i ryggen. F\u00e5r snygg gulr\u00f6d h\u00f6stf\u00e4rg. Blir ca 1 m. Zon 4. Surjordsv\u00e4xt.<\/span><\/p>\n<div id=\"attachment_2159\" style=\"width: 360px\" class=\"wp-caption alignleft\"><a href=\"http:\/\/rosenholm.se\/wp-content\/uploads\/2014\/02\/D2X_0857.jpg\"><img loading=\"lazy\" decoding=\"async\" aria-describedby=\"caption-attachment-2159\" class=\"size-large wp-image-2159\" alt=\"Lung\u00f6rt, Pulmonaria \u2019Diane Clare\u2019\" src=\"http:\/\/rosenholm.se\/wp-content\/uploads\/2014\/02\/D2X_0857-350x437.jpg\" width=\"350\" height=\"437\" srcset=\"https:\/\/rosenholm.se\/wp-content\/uploads\/2014\/02\/D2X_0857-350x437.jpg 350w, https:\/\/rosenholm.se\/wp-content\/uploads\/2014\/02\/D2X_0857-200x250.jpg 200w, https:\/\/rosenholm.se\/wp-content\/uploads\/2014\/02\/D2X_0857-320x400.jpg 320w, https:\/\/rosenholm.se\/wp-content\/uploads\/2014\/02\/D2X_0857.jpg 832w, https:\/\/rosenholm.se\/wp-content\/uploads\/2014\/02\/D2X_0857-350x437@2x.jpg 700w, https:\/\/rosenholm.se\/wp-content\/uploads\/2014\/02\/D2X_0857-200x250@2x.jpg 400w, https:\/\/rosenholm.se\/wp-content\/uploads\/2014\/02\/D2X_0857-320x400@2x.jpg 640w\" sizes=\"auto, (max-width: 350px) 100vw, 350px\" \/><\/a><p id=\"caption-attachment-2159\" class=\"wp-caption-text\">Lung\u00f6rt, Pulmonaria \u2019Diane Clare\u2019<\/p><\/div>\n<p>Lung\u00f6rt,\u00a0<em>Pulmonaria<\/em>\u00a0\u2019Diane Clare\u2019 har silvervita i\u00f6gonfallande blad. De ger ett ganska annorlunda intryck mot de mer vanliga vitfl\u00e4ckiga bladen som m\u00e5nga lung\u00f6rtssorter har. \u2019Diane Clare\u2019 beh\u00f6ver v\u00e4xa ganska skuggigt f\u00f6r att bladen ska beh\u00e5lla sin fr\u00e4sch\u00f6r. Den provodlas efter \u00c5promenaden och blir s\u00e4kert vanligare med tiden. H\u00f6jd ca 20\u201330 cm. F\u00e5r sm\u00e5 lila blommor i april\u2013maj. Halvh\u00e4rdig. C\/c-avst\u00e5nd: 35 cm.<\/p>\n<div id=\"attachment_2154\" style=\"width: 360px\" class=\"wp-caption alignleft\"><a href=\"http:\/\/rosenholm.se\/wp-content\/uploads\/2014\/02\/D2X_8506.jpg\"><img loading=\"lazy\" decoding=\"async\" aria-describedby=\"caption-attachment-2154\" class=\"size-large wp-image-2154\" alt=\"Silvermartorn, Eryngium giganteum\" src=\"http:\/\/rosenholm.se\/wp-content\/uploads\/2014\/02\/D2X_8506-350x466.jpg\" width=\"350\" height=\"466\" srcset=\"https:\/\/rosenholm.se\/wp-content\/uploads\/2014\/02\/D2X_8506-350x466.jpg 350w, https:\/\/rosenholm.se\/wp-content\/uploads\/2014\/02\/D2X_8506-187x250.jpg 187w, https:\/\/rosenholm.se\/wp-content\/uploads\/2014\/02\/D2X_8506-320x426.jpg 320w, https:\/\/rosenholm.se\/wp-content\/uploads\/2014\/02\/D2X_8506.jpg 780w, https:\/\/rosenholm.se\/wp-content\/uploads\/2014\/02\/D2X_8506-350x466@2x.jpg 700w, https:\/\/rosenholm.se\/wp-content\/uploads\/2014\/02\/D2X_8506-187x250@2x.jpg 374w, https:\/\/rosenholm.se\/wp-content\/uploads\/2014\/02\/D2X_8506-320x426@2x.jpg 640w\" sizes=\"auto, (max-width: 350px) 100vw, 350px\" \/><\/a><p id=\"caption-attachment-2154\" class=\"wp-caption-text\">Silvermartorn, Eryngium giganteum<\/p><\/div>\n<p>Silvermartorn, <em>Eryngium giganteum<\/em>, \u00e4r en silvrig, taggig sk\u00f6nhet som l\u00e4tt f\u00e5ngar blicken. Fungerar vanligtvis som en tv\u00e5\u00e5ring i tr\u00e4dg\u00e5rden och sj\u00e4lvs\u00e5r sig med nya plantor som poppar upp d\u00e4r de sj\u00e4lva tycker att det passar. Ofta blir det charmigt d\u00e4r de r\u00e5kar sl\u00e5 sig ner, f\u00f6r det h\u00e4r \u00e4r en v\u00e4xt som kl\u00e4r de flesta andra perenner. Blommar i juli\u2013augusti men \u00e4r med sin uppseendev\u00e4ckande form vacker b\u00e5de f\u00f6re och efter. Blir 75\u2013100 cm h\u00f6g och trivs i v\u00e4ldr\u00e4nerad jord som g\u00e4rna f\u00e5r vara mager. Full sol. H\u00e4rdig. Dr\u00f6mparken.<\/p>\n<p><span style=\"line-height: 1.5em;\">\u00a0<\/span><\/p>\n<div id=\"attachment_2158\" style=\"width: 1050px\" class=\"wp-caption alignnone\"><a href=\"http:\/\/rosenholm.se\/wp-content\/uploads\/2014\/02\/D2X_3450.jpg\"><img loading=\"lazy\" decoding=\"async\" aria-describedby=\"caption-attachment-2158\" class=\"size-full wp-image-2158\" alt=\"P\u00e4rlr\u00f6nn, Sorbus koehneana\" src=\"http:\/\/rosenholm.se\/wp-content\/uploads\/2014\/02\/D2X_3450.jpg\" width=\"1040\" height=\"693\" srcset=\"https:\/\/rosenholm.se\/wp-content\/uploads\/2014\/02\/D2X_3450.jpg 1040w, https:\/\/rosenholm.se\/wp-content\/uploads\/2014\/02\/D2X_3450-250x166.jpg 250w, https:\/\/rosenholm.se\/wp-content\/uploads\/2014\/02\/D2X_3450-320x213.jpg 320w, https:\/\/rosenholm.se\/wp-content\/uploads\/2014\/02\/D2X_3450-350x233.jpg 350w, https:\/\/rosenholm.se\/wp-content\/uploads\/2014\/02\/D2X_3450-250x166@2x.jpg 500w, https:\/\/rosenholm.se\/wp-content\/uploads\/2014\/02\/D2X_3450-320x213@2x.jpg 640w, https:\/\/rosenholm.se\/wp-content\/uploads\/2014\/02\/D2X_3450-350x233@2x.jpg 700w\" sizes=\"auto, (max-width: 1040px) 100vw, 1040px\" \/><\/a><p id=\"caption-attachment-2158\" class=\"wp-caption-text\">P\u00e4rlr\u00f6nn, Sorbus koehneana<\/p><\/div>\n<p><span style=\"line-height: 1.5em;\">P\u00e4rlr\u00f6nn, <em>Sorbus koehneana<\/em>, f\u00e5r b\u00e4r som h\u00e4nger likt vita p\u00e4rlor i t\u00e4ta klasar p\u00e5 h\u00f6sten. N\u00e5got som framh\u00e4vs extra mycket n\u00e4r bladen har f\u00e4rgats i rost. Blir 2\u20133 m h\u00f6g och vill v\u00e4xa i n\u00e4ringsrik jord i sol\u2013halvskugga. Zon 4. Frideg\u00e5rdsparken.<\/span><\/p>\n<div id=\"attachment_2156\" style=\"width: 360px\" class=\"wp-caption alignleft\"><a href=\"http:\/\/rosenholm.se\/wp-content\/uploads\/2014\/02\/D2X_6480.jpg\"><img loading=\"lazy\" decoding=\"async\" aria-describedby=\"caption-attachment-2156\" class=\"size-large wp-image-2156\" alt=\"Silverp\u00e4ron, Pyrus salicifolia 'Pendula'\" src=\"http:\/\/rosenholm.se\/wp-content\/uploads\/2014\/02\/D2X_6480-350x466.jpg\" width=\"350\" height=\"466\" srcset=\"https:\/\/rosenholm.se\/wp-content\/uploads\/2014\/02\/D2X_6480-350x466.jpg 350w, https:\/\/rosenholm.se\/wp-content\/uploads\/2014\/02\/D2X_6480-187x250.jpg 187w, https:\/\/rosenholm.se\/wp-content\/uploads\/2014\/02\/D2X_6480-320x426.jpg 320w, https:\/\/rosenholm.se\/wp-content\/uploads\/2014\/02\/D2X_6480.jpg 780w, https:\/\/rosenholm.se\/wp-content\/uploads\/2014\/02\/D2X_6480-350x466@2x.jpg 700w, https:\/\/rosenholm.se\/wp-content\/uploads\/2014\/02\/D2X_6480-187x250@2x.jpg 374w, https:\/\/rosenholm.se\/wp-content\/uploads\/2014\/02\/D2X_6480-320x426@2x.jpg 640w\" sizes=\"auto, (max-width: 350px) 100vw, 350px\" \/><\/a><p id=\"caption-attachment-2156\" class=\"wp-caption-text\">Silverp\u00e4ron, Pyrus salicifolia &#8217;Pendula&#8217;<\/p><\/div>\n<p><span style=\"line-height: 1.5em;\">Silverp\u00e4ron, <em>Pyrus salicifolia<\/em> &#8217;Pendula&#8217; ger b\u00e5de silver och vitt i ett n\u00e4r den blommar i maj som h\u00e4r i Pastor Spaks park. Sedan tar det silvriga \u00f6ver helt d\u00e4r den st\u00e5r som en buske eller litet tr\u00e4d och glittrar i tr\u00e4dg\u00e5rden. Brukar ofta kallas f\u00f6r Nordens olivtr\u00e4d och den kan verkligen sk\u00e4nka sydeuropeisk atmosf\u00e4r till tr\u00e4dg\u00e5rden med sina silvriga smala blad. Blir ca 5\u20137 m h\u00f6g, men det tar l\u00e5ng tid. Kan med f\u00f6rdel stammas upp. Beh\u00f6ver solig v\u00e4xtplats och v\u00e4ldr\u00e4nerad jord. Zon 4.<\/span><\/p>\n<div id=\"attachment_2160\" style=\"width: 360px\" class=\"wp-caption alignleft\"><a href=\"http:\/\/rosenholm.se\/wp-content\/uploads\/2014\/02\/D2X_0651.jpg\"><img loading=\"lazy\" decoding=\"async\" aria-describedby=\"caption-attachment-2160\" class=\"size-large wp-image-2160\" alt=\"Vitalba-klematis, Clematis \u2019Paul Farges\u2019 \/ \u2019Summer Snow\u2019\" src=\"http:\/\/rosenholm.se\/wp-content\/uploads\/2014\/02\/D2X_0651-350x437.jpg\" width=\"350\" height=\"437\" srcset=\"https:\/\/rosenholm.se\/wp-content\/uploads\/2014\/02\/D2X_0651-350x437.jpg 350w, https:\/\/rosenholm.se\/wp-content\/uploads\/2014\/02\/D2X_0651-200x250.jpg 200w, https:\/\/rosenholm.se\/wp-content\/uploads\/2014\/02\/D2X_0651-320x400.jpg 320w, https:\/\/rosenholm.se\/wp-content\/uploads\/2014\/02\/D2X_0651.jpg 832w, https:\/\/rosenholm.se\/wp-content\/uploads\/2014\/02\/D2X_0651-350x437@2x.jpg 700w, https:\/\/rosenholm.se\/wp-content\/uploads\/2014\/02\/D2X_0651-200x250@2x.jpg 400w, https:\/\/rosenholm.se\/wp-content\/uploads\/2014\/02\/D2X_0651-320x400@2x.jpg 640w\" sizes=\"auto, (max-width: 350px) 100vw, 350px\" \/><\/a><p id=\"caption-attachment-2160\" class=\"wp-caption-text\">Vitalba-klematis, Clematis \u2019Paul Farges\u2019 \/ \u2019Summer Snow\u2019<\/p><\/div>\n<p>Vitalba-klematis,\u00a0<em>Clematis<\/em>\u00a0\u2019Paul Farges\u2019, som i handeln ofta kallas \u2019Summer Snow\u2019, f\u00e5r rikligt med sm\u00e5 sn\u00f6stj\u00e4rnelika blommor i juli. Den v\u00e4xer friskt och kan snabbt kl\u00e4 in en spalj\u00e9. En klematis man inte kan misslyckas med. F\u00e5r upp till 7 m l\u00e5nga rankor. Sol\u2013halvskugga. Zon 4. Frideg\u00e5rdsparken.<\/p>\n<h5><a title=\"Brokigt\" href=\"http:\/\/rosenholm.se\/?page_id=2192\">Brokigt<\/a><\/h5>\n<p>&nbsp;<\/p>\n","protected":false},"excerpt":{"rendered":"<p>Vitt \u00e4r en klassisk tr\u00e4dg\u00e5rdsf\u00e4rg och av m\u00e5nga finsmakare framh\u00e5llen som den fr\u00e4msta. Den n\u00e4st intill s\u00e4genomspunna vita tr\u00e4dg\u00e5rden p\u00e5 Sissinghurst i England har s\u00e4kert bidragit till populariteten och till&hellip; <\/p>\n","protected":false},"author":1,"featured_media":0,"parent":1905,"menu_order":0,"comment_status":"closed","ping_status":"closed","template":"","meta":{"footnotes":""},"class_list":["post-2150","page","type-page","status-publish","hentry"],"_links":{"self":[{"href":"https:\/\/rosenholm.se\/index.php?rest_route=\/wp\/v2\/pages\/2150","targetHints":{"allow":["GET"]}}],"collection":[{"href":"https:\/\/rosenholm.se\/index.php?rest_route=\/wp\/v2\/pages"}],"about":[{"href":"https:\/\/rosenholm.se\/index.php?rest_route=\/wp\/v2\/types\/page"}],"author":[{"embeddable":true,"href":"https:\/\/rosenholm.se\/index.php?rest_route=\/wp\/v2\/users\/1"}],"replies":[{"embeddable":true,"href":"https:\/\/rosenholm.se\/index.php?rest_route=%2Fwp%2Fv2%2Fcomments&post=2150"}],"version-history":[{"count":8,"href":"https:\/\/rosenholm.se\/index.php?rest_route=\/wp\/v2\/pages\/2150\/revisions"}],"predecessor-version":[{"id":3570,"href":"https:\/\/rosenholm.se\/index.php?rest_route=\/wp\/v2\/pages\/2150\/revisions\/3570"}],"up":[{"embeddable":true,"href":"https:\/\/rosenholm.se\/index.php?rest_route=\/wp\/v2\/pages\/1905"}],"wp:attachment":[{"href":"https:\/\/rosenholm.se\/index.php?rest_route=%2Fwp%2Fv2%2Fmedia&parent=2150"}],"curies":[{"name":"wp","href":"https:\/\/api.w.org\/{rel}","templated":true}]}}