{"id":1922,"date":"2014-02-11T00:10:26","date_gmt":"2014-02-10T23:10:26","guid":{"rendered":"http:\/\/rosenholm.se\/?page_id=1922"},"modified":"2014-04-03T21:49:02","modified_gmt":"2014-04-03T19:49:02","slug":"gront-och-gronskande","status":"publish","type":"page","link":"https:\/\/rosenholm.se\/?page_id=1922","title":{"rendered":"Gr\u00f6nt och gr\u00f6nskande"},"content":{"rendered":"<p><strong>Gr\u00f6nt<\/strong> \u00e4r den vanligaste f\u00e4rgen i tr\u00e4dg\u00e5rden. S\u00e5 utbredd att man ofta inte ens t\u00e4nker p\u00e5 den som en f\u00e4rg utan som en del av tr\u00e4dg\u00e5rdens bakgrund. Det g\u00e5r inte att s\u00e4ga att gr\u00f6nt inte passar in, f\u00f6r klorofyll, som reflekterar gr\u00f6nt, \u00e4r n\u00e4rvarande i de flesta levande v\u00e4xter. N\u00e4r vi fyller v\u00e5ra rabatter med storblommiga perenner i starka f\u00e4rger ska vi vara tacksamma att vi har allt det gr\u00f6na som fyller ut, lugnar ner och ser till s\u00e5 att f\u00e4rgkrockarna inte blir f\u00f6r skarpa och pr\u00e5liga. Ju st\u00f6rre del av en perenn som utg\u00f6rs av gr\u00f6n bladmassa desto mer l\u00e4ttplacerad blir den, eftersom det gr\u00f6na tonar ner blommornas f\u00e4rg och g\u00f6r dem mindre dominanta.<\/p>\n<p>Gr\u00f6nt finns precis som alla andra f\u00e4rger i en m\u00e4ngd olika nyanser. Kompositioner d\u00e4r man medvetet utnyttjar olika gr\u00f6na f\u00e4rger hos v\u00e4xternas blad kan bli v\u00e4ldigt l\u00e4ckra och har som extra bonus en mycket l\u00e4ngre h\u00e5llbarhet \u00e4n kompositioner som bygger p\u00e5 blommor. \u00c4ven om gr\u00f6nt s\u00e5 klart \u00e4r bladens f\u00e4rg s\u00e5 finns det ocks\u00e5 en del blommor som \u00e4r gr\u00f6na, framf\u00f6rallt i olika nyanser av lime. De ska helst kontrasteras mot blommor eller blad i n\u00e5gon annan f\u00e4rg f\u00f6r att riktigt komma till sin r\u00e4tt. I ensamt majest\u00e4t riskerar de att f\u00f6rsvinna in i den allm\u00e4nna gr\u00f6nskan.<\/p>\n<div id=\"attachment_1916\" style=\"width: 1050px\" class=\"wp-caption alignnone\"><a href=\"http:\/\/rosenholm.se\/wp-content\/uploads\/2014\/02\/D2X_0927.jpg\"><img loading=\"lazy\" decoding=\"async\" aria-describedby=\"caption-attachment-1916\" class=\"size-full wp-image-1916\" alt=\"Vidjehortensia, Hydrangea arborescens 'Annabelle'\" src=\"http:\/\/rosenholm.se\/wp-content\/uploads\/2014\/02\/D2X_0927.jpg\" width=\"1040\" height=\"693\" srcset=\"https:\/\/rosenholm.se\/wp-content\/uploads\/2014\/02\/D2X_0927.jpg 1040w, https:\/\/rosenholm.se\/wp-content\/uploads\/2014\/02\/D2X_0927-250x166.jpg 250w, https:\/\/rosenholm.se\/wp-content\/uploads\/2014\/02\/D2X_0927-320x213.jpg 320w, https:\/\/rosenholm.se\/wp-content\/uploads\/2014\/02\/D2X_0927-350x233.jpg 350w, https:\/\/rosenholm.se\/wp-content\/uploads\/2014\/02\/D2X_0927-250x166@2x.jpg 500w, https:\/\/rosenholm.se\/wp-content\/uploads\/2014\/02\/D2X_0927-320x213@2x.jpg 640w, https:\/\/rosenholm.se\/wp-content\/uploads\/2014\/02\/D2X_0927-350x233@2x.jpg 700w\" sizes=\"auto, (max-width: 1040px) 100vw, 1040px\" \/><\/a><p id=\"caption-attachment-1916\" class=\"wp-caption-text\">Vidjehortensia, Hydrangea arborescens &#8217;Annabelle&#8217;<\/p><\/div>\n<p>Vidjehortensians,<em> Hydrangea arborescens<\/em> &#8217;Annabelle&#8217;, \u00e4nnu ej utslagna blommor \u00e4r tonade i lime. N\u00e4r de sl\u00e5r ut f\u00f6r fullt g\u00e5r f\u00e4rgen \u00f6ver i n\u00e4stan rent vitt. Den blir ca 1,5 m h\u00f6g och trivs i fuktig jord i sol\u2013halvskugga. Blommar i juli\u2013augusti. Zon 4. Id\u00e9tr\u00e4dg\u00e5rden \u201dD\u00e4r hj\u00e4rtat \u00e4r med\u201d, \u00c5promenaden.<\/p>\n<div id=\"attachment_1919\" style=\"width: 1050px\" class=\"wp-caption alignnone\"><a href=\"http:\/\/rosenholm.se\/wp-content\/uploads\/2014\/02\/D2X_0602.jpg\"><img loading=\"lazy\" decoding=\"async\" aria-describedby=\"caption-attachment-1919\" class=\"size-full wp-image-1919\" alt=\"Turkisk julros, Helleborus orientalis\" src=\"http:\/\/rosenholm.se\/wp-content\/uploads\/2014\/02\/D2X_0602.jpg\" width=\"1040\" height=\"520\" srcset=\"https:\/\/rosenholm.se\/wp-content\/uploads\/2014\/02\/D2X_0602.jpg 1040w, https:\/\/rosenholm.se\/wp-content\/uploads\/2014\/02\/D2X_0602-250x125.jpg 250w, https:\/\/rosenholm.se\/wp-content\/uploads\/2014\/02\/D2X_0602-320x160.jpg 320w, https:\/\/rosenholm.se\/wp-content\/uploads\/2014\/02\/D2X_0602-350x175.jpg 350w, https:\/\/rosenholm.se\/wp-content\/uploads\/2014\/02\/D2X_0602-250x125@2x.jpg 500w, https:\/\/rosenholm.se\/wp-content\/uploads\/2014\/02\/D2X_0602-320x160@2x.jpg 640w, https:\/\/rosenholm.se\/wp-content\/uploads\/2014\/02\/D2X_0602-350x175@2x.jpg 700w\" sizes=\"auto, (max-width: 1040px) 100vw, 1040px\" \/><\/a><p id=\"caption-attachment-1919\" class=\"wp-caption-text\">Turkisk julros, Helleborus orientalis<\/p><\/div>\n<p>Turkisk julros, <em>Helleborus orientalis<\/em>, kan ha gr\u00f6naktigt vita blommor. Den blommar i mars\u2013maj beroende p\u00e5 hur v\u00e4dret varit och \u00e4r bara s\u00e5 ljuvlig n\u00e4r den pryder marken i stora best\u00e5nd under tr\u00e4d som \u00e4nnu inte l\u00f6vats i Pastor Spaks park. Den f\u00f6redrar att v\u00e4xa i l\u00e4tt skugga, men tolererar sol. Blir ca 30 cm h\u00f6g och r\u00e4knas som halvh\u00e4rdig. C\/c-avst\u00e5nd: 40 cm.<\/p>\n<div id=\"attachment_1933\" style=\"width: 360px\" class=\"wp-caption alignright\"><a href=\"http:\/\/rosenholm.se\/wp-content\/uploads\/2014\/02\/D2X_7107.jpg\"><img loading=\"lazy\" decoding=\"async\" aria-describedby=\"caption-attachment-1933\" class=\"size-large wp-image-1933\" alt=\"M\u00f6rk stj\u00e4rnhyacint, Camassia leichtlinii 'Semiplena'\" src=\"http:\/\/rosenholm.se\/wp-content\/uploads\/2014\/02\/D2X_7107-350x437.jpg\" width=\"350\" height=\"437\" srcset=\"https:\/\/rosenholm.se\/wp-content\/uploads\/2014\/02\/D2X_7107-350x437.jpg 350w, https:\/\/rosenholm.se\/wp-content\/uploads\/2014\/02\/D2X_7107-200x250.jpg 200w, https:\/\/rosenholm.se\/wp-content\/uploads\/2014\/02\/D2X_7107-320x400.jpg 320w, https:\/\/rosenholm.se\/wp-content\/uploads\/2014\/02\/D2X_7107.jpg 832w, https:\/\/rosenholm.se\/wp-content\/uploads\/2014\/02\/D2X_7107-350x437@2x.jpg 700w, https:\/\/rosenholm.se\/wp-content\/uploads\/2014\/02\/D2X_7107-200x250@2x.jpg 400w, https:\/\/rosenholm.se\/wp-content\/uploads\/2014\/02\/D2X_7107-320x400@2x.jpg 640w\" sizes=\"auto, (max-width: 350px) 100vw, 350px\" \/><\/a><p id=\"caption-attachment-1933\" class=\"wp-caption-text\">M\u00f6rk stj\u00e4rnhyacint, Camassia leichtlinii &#8217;Semiplena&#8217;<\/p><\/div>\n<p>Kring midsommar sl\u00e5r den fler\u00e5riga l\u00f6kv\u00e4xten vit stj\u00e4rnhyacint,<em> Camassia leichtlinii<\/em> &#8217;Semiplena&#8217;, ut sina blommor som sitter samlade i glesa spiror. Namnet till trots har den h\u00e4r sorten ljusa blommor som i tidigt stadium har tydliga anstrykningar av gr\u00f6nt. Passar i sol\u2013l\u00e4tt skugga. Vill ha v\u00e4ldr\u00e4nerad jord. Blir ca 80 cm h\u00f6g och \u00e4r h\u00e4rdig i stora delar av Sverige. Klosterparken.<\/p>\n<div id=\"attachment_1931\" style=\"width: 360px\" class=\"wp-caption alignright\"><a href=\"http:\/\/rosenholm.se\/wp-content\/uploads\/2014\/02\/D2X_0523.jpg\"><img loading=\"lazy\" decoding=\"async\" aria-describedby=\"caption-attachment-1931\" class=\"size-large wp-image-1931\" alt=\"Bronsrodgersia, Rodgersia podophylla, daggfunkia, Hosta sieboldiana 'Elegans' och kaukasisk vingn\u00f6t, Pterocarya fraxinifolia\" src=\"http:\/\/rosenholm.se\/wp-content\/uploads\/2014\/02\/D2X_0523-350x437.jpg\" width=\"350\" height=\"437\" srcset=\"https:\/\/rosenholm.se\/wp-content\/uploads\/2014\/02\/D2X_0523-350x437.jpg 350w, https:\/\/rosenholm.se\/wp-content\/uploads\/2014\/02\/D2X_0523-200x250.jpg 200w, https:\/\/rosenholm.se\/wp-content\/uploads\/2014\/02\/D2X_0523-320x400.jpg 320w, https:\/\/rosenholm.se\/wp-content\/uploads\/2014\/02\/D2X_0523.jpg 832w, https:\/\/rosenholm.se\/wp-content\/uploads\/2014\/02\/D2X_0523-350x437@2x.jpg 700w, https:\/\/rosenholm.se\/wp-content\/uploads\/2014\/02\/D2X_0523-200x250@2x.jpg 400w, https:\/\/rosenholm.se\/wp-content\/uploads\/2014\/02\/D2X_0523-320x400@2x.jpg 640w\" sizes=\"auto, (max-width: 350px) 100vw, 350px\" \/><\/a><p id=\"caption-attachment-1931\" class=\"wp-caption-text\">Bronsrodgersia, Rodgersia podophylla, daggfunkia, Hosta sieboldiana &#8217;Elegans&#8217; och kaukasisk vingn\u00f6t, Pterocarya fraxinifolia<\/p><\/div>\n<p>Blad i skiftande gr\u00f6na nyanser kan ge effektfulla kompositioner med l\u00e5ng h\u00e5llbarhet. H\u00e4r ser vi bronsrodgersia, <em>Rodgersia podophylla<\/em>, som en bit in p\u00e5 sommaren f\u00e5tt en ganska ljust gr\u00f6n nyans p\u00e5 sina stora blad som i b\u00f6rjan av s\u00e4songen \u00e4r tonade i brons, d\u00e4rav namnet. De kontrasterar snyggt mot daggfunkia, <em>Hosta sieboldiana<\/em> &#8217;Elegans&#8217;, vaxartade bl\u00e5daggiga blad. Grenen av kaukasisk vingn\u00f6t, <em>Pterocarya fraxinifolia<\/em>, som sticker in fr\u00e5n h\u00f6ger \u00f6ver pallisaden i Blombergs park, tillf\u00f6r ytterligare en nyans av gr\u00f6nt.<\/p>\n<div id=\"attachment_1917\" style=\"width: 1050px\" class=\"wp-caption alignnone\"><a href=\"http:\/\/rosenholm.se\/wp-content\/uploads\/2014\/02\/D2X_7190.jpg\"><img loading=\"lazy\" decoding=\"async\" aria-describedby=\"caption-attachment-1917\" class=\"size-full wp-image-1917\" alt=\"Purpurl\u00f6k, Allium \u00d7 hollandicum\" src=\"http:\/\/rosenholm.se\/wp-content\/uploads\/2014\/02\/D2X_7190.jpg\" width=\"1040\" height=\"693\" srcset=\"https:\/\/rosenholm.se\/wp-content\/uploads\/2014\/02\/D2X_7190.jpg 1040w, https:\/\/rosenholm.se\/wp-content\/uploads\/2014\/02\/D2X_7190-250x166.jpg 250w, https:\/\/rosenholm.se\/wp-content\/uploads\/2014\/02\/D2X_7190-320x213.jpg 320w, https:\/\/rosenholm.se\/wp-content\/uploads\/2014\/02\/D2X_7190-350x233.jpg 350w, https:\/\/rosenholm.se\/wp-content\/uploads\/2014\/02\/D2X_7190-250x166@2x.jpg 500w, https:\/\/rosenholm.se\/wp-content\/uploads\/2014\/02\/D2X_7190-320x213@2x.jpg 640w, https:\/\/rosenholm.se\/wp-content\/uploads\/2014\/02\/D2X_7190-350x233@2x.jpg 700w\" sizes=\"auto, (max-width: 1040px) 100vw, 1040px\" \/><\/a><p id=\"caption-attachment-1917\" class=\"wp-caption-text\">Purpurl\u00f6k, Allium \u00d7 hollandicum<\/p><\/div>\n<p>Purpurl\u00f6k, <em>Allium<\/em> \u00d7 <em>hollandicum<\/em>, pryder sin plats l\u00e5ngt efter att den blommat ut. Den f\u00e5r l\u00e4ckert gr\u00f6na fruktsamlingar i samma karakteristiska bollform som de lila blommorna och \u00e4r n\u00e4stan lika vacker d\u00e5 som n\u00e4r den blommar. Den klarar sig i st\u00f6rre delen av landet om den st\u00e5r i v\u00e4ldr\u00e4nerad jord. Sol\u2013halvskugga. Blommar i juni. Munksundsk\u00e4llan.<\/p>\n<div id=\"attachment_1920\" style=\"width: 1050px\" class=\"wp-caption alignnone\"><a href=\"http:\/\/rosenholm.se\/wp-content\/uploads\/2014\/02\/D2X_8071.jpg\"><img loading=\"lazy\" decoding=\"async\" aria-describedby=\"caption-attachment-1920\" class=\"size-full wp-image-1920\" alt=\"Coloradogran, Abies concolor\" src=\"http:\/\/rosenholm.se\/wp-content\/uploads\/2014\/02\/D2X_8071.jpg\" width=\"1040\" height=\"520\" srcset=\"https:\/\/rosenholm.se\/wp-content\/uploads\/2014\/02\/D2X_8071.jpg 1040w, https:\/\/rosenholm.se\/wp-content\/uploads\/2014\/02\/D2X_8071-250x125.jpg 250w, https:\/\/rosenholm.se\/wp-content\/uploads\/2014\/02\/D2X_8071-320x160.jpg 320w, https:\/\/rosenholm.se\/wp-content\/uploads\/2014\/02\/D2X_8071-350x175.jpg 350w, https:\/\/rosenholm.se\/wp-content\/uploads\/2014\/02\/D2X_8071-250x125@2x.jpg 500w, https:\/\/rosenholm.se\/wp-content\/uploads\/2014\/02\/D2X_8071-320x160@2x.jpg 640w, https:\/\/rosenholm.se\/wp-content\/uploads\/2014\/02\/D2X_8071-350x175@2x.jpg 700w\" sizes=\"auto, (max-width: 1040px) 100vw, 1040px\" \/><\/a><p id=\"caption-attachment-1920\" class=\"wp-caption-text\">Coloradogran, Abies concolor<\/p><\/div>\n<p>Coloradogranen, <em>Abies concolor<\/em>, bjuder p\u00e5 ett l\u00e4ckert gr\u00f6nt f\u00e4rgspel i mitten av maj n\u00e4r de nya \u00e5rsskotten i lime har kommit och kontrasterar mot de \u00e4ldre bl\u00e5gr\u00f6na barren. Det h\u00e4r \u00e4r ett snabbv\u00e4xande tr\u00e4d som blir stort s\u00e5 det l\u00e4mpar sig b\u00e4st f\u00f6r parker, som h\u00e4r i Munksundsk\u00e4llan, och i st\u00f6rre tr\u00e4dg\u00e5rdar. F\u00f6r den lilla tomten \u00e4r det b\u00e4ttre att v\u00e4lja en dv\u00e4rgform som t ex A. c. \u2019Compacta\u2019 som inte blir mer \u00e4n dryga metern h\u00f6g eller sorten \u2019Pendula\u2019 som har h\u00e4ngande grenar, v\u00e4xer l\u00e5ngsamt och inte blir mer \u00e4n 7 m h\u00f6gt. Coloradogranar f\u00f6redrar att v\u00e4xa p\u00e5 en ljus plats. Den rena arten \u00e4r h\u00e4rdig till och med zon 5 medan de n\u00e4mnda sorterna anses g\u00e5 till zon 4.<\/p>\n<p>&nbsp;<\/p>\n<div id=\"attachment_1918\" style=\"width: 1050px\" class=\"wp-caption alignnone\"><a href=\"http:\/\/rosenholm.se\/wp-content\/uploads\/2014\/02\/D2X_5095.jpg\"><img loading=\"lazy\" decoding=\"async\" aria-describedby=\"caption-attachment-1918\" class=\"size-full wp-image-1918\" alt=\"Kejsarkrona, Fritillaria imperialis 'Rubra Maxima'\" src=\"http:\/\/rosenholm.se\/wp-content\/uploads\/2014\/02\/D2X_5095.jpg\" width=\"1040\" height=\"693\" srcset=\"https:\/\/rosenholm.se\/wp-content\/uploads\/2014\/02\/D2X_5095.jpg 1040w, https:\/\/rosenholm.se\/wp-content\/uploads\/2014\/02\/D2X_5095-250x166.jpg 250w, https:\/\/rosenholm.se\/wp-content\/uploads\/2014\/02\/D2X_5095-320x213.jpg 320w, https:\/\/rosenholm.se\/wp-content\/uploads\/2014\/02\/D2X_5095-350x233.jpg 350w, https:\/\/rosenholm.se\/wp-content\/uploads\/2014\/02\/D2X_5095-250x166@2x.jpg 500w, https:\/\/rosenholm.se\/wp-content\/uploads\/2014\/02\/D2X_5095-320x213@2x.jpg 640w, https:\/\/rosenholm.se\/wp-content\/uploads\/2014\/02\/D2X_5095-350x233@2x.jpg 700w\" sizes=\"auto, (max-width: 1040px) 100vw, 1040px\" \/><\/a><p id=\"caption-attachment-1918\" class=\"wp-caption-text\">Kejsarkrona, Fritillaria imperialis &#8217;Rubra Maxima&#8217;<\/p><\/div>\n<p><span style=\"line-height: 1.5em;\">Kejsarkrona, <em>Fritillaria imperialis<\/em> &#8217;Rubra Maxima&#8217;, \u00e4r en st\u00e5tlig l\u00f6kv\u00e4xt som f\u00e5r l\u00e4ckert gr\u00f6na fr\u00f6kapslar n\u00e4r de f\u00e4rggranna blommorna vissnat och ramlat till marken. Den blir uppemot 120 cm h\u00f6g och blommar i april\u2013maj med r\u00f6da, gula eller orange blommor. Sol\u2013l\u00e4tt skugga. Kan odlas i st\u00f6rre delen av landet. Dr\u00f6mparken.<\/span><\/p>\n<h5><a title=\"Soligt gult\" href=\"http:\/\/rosenholm.se\/?page_id=1959\">Soligt gult<\/a><\/h5>\n","protected":false},"excerpt":{"rendered":"<p>Gr\u00f6nt \u00e4r den vanligaste f\u00e4rgen i tr\u00e4dg\u00e5rden. S\u00e5 utbredd att man ofta inte ens t\u00e4nker p\u00e5 den som en f\u00e4rg utan som en del av tr\u00e4dg\u00e5rdens bakgrund. Det g\u00e5r inte&hellip; <\/p>\n","protected":false},"author":1,"featured_media":0,"parent":1905,"menu_order":0,"comment_status":"closed","ping_status":"closed","template":"","meta":{"footnotes":""},"class_list":["post-1922","page","type-page","status-publish","hentry"],"_links":{"self":[{"href":"https:\/\/rosenholm.se\/index.php?rest_route=\/wp\/v2\/pages\/1922","targetHints":{"allow":["GET"]}}],"collection":[{"href":"https:\/\/rosenholm.se\/index.php?rest_route=\/wp\/v2\/pages"}],"about":[{"href":"https:\/\/rosenholm.se\/index.php?rest_route=\/wp\/v2\/types\/page"}],"author":[{"embeddable":true,"href":"https:\/\/rosenholm.se\/index.php?rest_route=\/wp\/v2\/users\/1"}],"replies":[{"embeddable":true,"href":"https:\/\/rosenholm.se\/index.php?rest_route=%2Fwp%2Fv2%2Fcomments&post=1922"}],"version-history":[{"count":14,"href":"https:\/\/rosenholm.se\/index.php?rest_route=\/wp\/v2\/pages\/1922\/revisions"}],"predecessor-version":[{"id":3561,"href":"https:\/\/rosenholm.se\/index.php?rest_route=\/wp\/v2\/pages\/1922\/revisions\/3561"}],"up":[{"embeddable":true,"href":"https:\/\/rosenholm.se\/index.php?rest_route=\/wp\/v2\/pages\/1905"}],"wp:attachment":[{"href":"https:\/\/rosenholm.se\/index.php?rest_route=%2Fwp%2Fv2%2Fmedia&parent=1922"}],"curies":[{"name":"wp","href":"https:\/\/api.w.org\/{rel}","templated":true}]}}