{"id":1639,"date":"2014-02-08T18:28:28","date_gmt":"2014-02-08T17:28:28","guid":{"rendered":"http:\/\/rosenholm.se\/?page_id=1639"},"modified":"2014-03-28T21:10:33","modified_gmt":"2014-03-28T20:10:33","slug":"arkitektoniska-former","status":"publish","type":"page","link":"https:\/\/rosenholm.se\/?page_id=1639","title":{"rendered":"Arkitektoniska former"},"content":{"rendered":"<div id=\"attachment_1641\" style=\"width: 1050px\" class=\"wp-caption alignnone\"><a href=\"http:\/\/rosenholm.se\/wp-content\/uploads\/2014\/02\/DSC09846.jpg\"><img loading=\"lazy\" decoding=\"async\" aria-describedby=\"caption-attachment-1641\" class=\"size-full wp-image-1641\" alt=\"F\u00f6r De Ovale Haver, ett koloniomr\u00e5de p\u00e5 Sj\u00e4lland i Danmark, ritade C.Th. S\u00f6rensen (1893\u20131979) en mycket formstark planl\u00f6sning d\u00e4r varje kolonitr\u00e4dg\u00e5rd inh\u00e4gnades av klippta h\u00e4ckar. Lotterna fick en oval form i st\u00e4llet f\u00f6r den g\u00e4ngse rektangul\u00e4ra och den ena \u00e4r inte den andra lik. Den starka arkitektoniska formen g\u00f6r omr\u00e5det intressant och vackert \u00e5ret om. De Ovale Haver plan lades 1948\u201349 och anv\u00e4nds som t\u00e4nkt \u00e4n idag.\" src=\"http:\/\/rosenholm.se\/wp-content\/uploads\/2014\/02\/DSC09846.jpg\" width=\"1040\" height=\"693\" srcset=\"https:\/\/rosenholm.se\/wp-content\/uploads\/2014\/02\/DSC09846-520x346@2x.jpg 1040w, https:\/\/rosenholm.se\/wp-content\/uploads\/2014\/02\/DSC09846-250x166.jpg 250w, https:\/\/rosenholm.se\/wp-content\/uploads\/2014\/02\/DSC09846-320x213.jpg 320w, https:\/\/rosenholm.se\/wp-content\/uploads\/2014\/02\/DSC09846-520x346.jpg 520w, https:\/\/rosenholm.se\/wp-content\/uploads\/2014\/02\/DSC09846-250x166@2x.jpg 500w, https:\/\/rosenholm.se\/wp-content\/uploads\/2014\/02\/DSC09846-320x213@2x.jpg 640w\" sizes=\"auto, (max-width: 1040px) 100vw, 1040px\" \/><\/a><p id=\"caption-attachment-1641\" class=\"wp-caption-text\">F\u00f6r De Ovale Haver, ett koloniomr\u00e5de p\u00e5 Sj\u00e4lland i Danmark, ritade C.Th. S\u00f6rensen (1893\u20131979) en mycket formstark planl\u00f6sning d\u00e4r varje kolonitr\u00e4dg\u00e5rd inh\u00e4gnades av klippta h\u00e4ckar. Lotterna fick en oval form i st\u00e4llet f\u00f6r den g\u00e4ngse rektangul\u00e4ra och den ena \u00e4r inte den andra lik. Den starka arkitektoniska formen g\u00f6r omr\u00e5det intressant och vackert \u00e5ret om. De Ovale Haver plan lades 1948\u201349 och anv\u00e4nds som t\u00e4nkt \u00e4n idag.<\/p><\/div>\n<p>I den arkitektoniska tr\u00e4dg\u00e5rden \u00e4r rumsbildningen och\u00a0v\u00e4xternas form viktiga.<\/p>\n<p>V\u00e4lklippta och v\u00e4lplacerade h\u00e4ckar eller figurer ger\u00a0tr\u00e4dg\u00e5rden en god grundstruktur. Idegran, buxbom och\u00a0liguster \u00e4r utm\u00e4rkta f\u00f6r \u00e4ndam\u00e5let. Vackert v\u00e4xta, kronbildande tr\u00e4d skapar ombonade tak \u00f6ver delar av tr\u00e4dg\u00e5rden.\u00a0Geometrin \u00e4r tydlig och hisnande i sin enkelhet.\u00a0H\u00e4r finns inga krusiduller, inget plotter eller v\u00e4xter som\u00a0inte passar in i helheten. Antalet v\u00e4xtarter \u00e4r begr\u00e4nsat\u00a0och har valts ut med tanke p\u00e5 v\u00e4xts\u00e4tt och bladens\u00a0<span style=\"line-height: 1.5em;\">form och f\u00e4rg. De blommande v\u00e4xterna \u00e4r f\u00e5. Eleganta\u00a0f\u00e4rg- och formkontraster f\u00f6rst\u00e4rker den arkitektoniska\u00a0k\u00e4nslan. Det kan vara tr\u00e4d med gulaktiga blad som\u00a0kontrasterar effektfullt mot h\u00e4ckarnas m\u00f6rkare f\u00e4rg,\u00a0runda tr\u00e4dkronor som sticker upp \u00f6ver de strikt klippta\u00a0h\u00e4ckarna och stora blad som spelar mot sm\u00e5 blad eller\u00a0barr. Proportionerna \u00e4r de r\u00e4tta och allt andas lugn,\u00a0harmoni och balans.<\/span><\/p>\n<p>Den full\u00e4ndade arkitektoniska tr\u00e4dg\u00e5rden \u00e4r inte l\u00e4tt att\u00a0skapa, men bland det mest estetiska man kan uppleva<\/p>\n<h5>Per Friberg, Bj\u00e4rred<\/h5>\n<div id=\"attachment_1647\" style=\"width: 1050px\" class=\"wp-caption alignnone\"><a href=\"http:\/\/rosenholm.se\/wp-content\/uploads\/2014\/02\/DSC_4995.jpg\"><img loading=\"lazy\" decoding=\"async\" aria-describedby=\"caption-attachment-1647\" class=\"size-full wp-image-1647\" alt=\"Per Friberg, Bj\u00e4rred\" src=\"http:\/\/rosenholm.se\/wp-content\/uploads\/2014\/02\/DSC_4995.jpg\" width=\"1040\" height=\"693\" srcset=\"https:\/\/rosenholm.se\/wp-content\/uploads\/2014\/02\/DSC_4995-520x346@2x.jpg 1040w, https:\/\/rosenholm.se\/wp-content\/uploads\/2014\/02\/DSC_4995-250x166.jpg 250w, https:\/\/rosenholm.se\/wp-content\/uploads\/2014\/02\/DSC_4995-320x213.jpg 320w, https:\/\/rosenholm.se\/wp-content\/uploads\/2014\/02\/DSC_4995-520x346.jpg 520w, https:\/\/rosenholm.se\/wp-content\/uploads\/2014\/02\/DSC_4995-250x166@2x.jpg 500w, https:\/\/rosenholm.se\/wp-content\/uploads\/2014\/02\/DSC_4995-320x213@2x.jpg 640w\" sizes=\"auto, (max-width: 1040px) 100vw, 1040px\" \/><\/a><p id=\"caption-attachment-1647\" class=\"wp-caption-text\">Per Friberg, Bj\u00e4rred<\/p><\/div>\n<div id=\"attachment_1649\" style=\"width: 330px\" class=\"wp-caption alignright\"><a href=\"http:\/\/rosenholm.se\/wp-content\/uploads\/2014\/02\/DSC09039.jpg\"><img loading=\"lazy\" decoding=\"async\" aria-describedby=\"caption-attachment-1649\" class=\"size-medium wp-image-1649\" alt=\"Per Friberg, Bj\u00e4rred\" src=\"http:\/\/rosenholm.se\/wp-content\/uploads\/2014\/02\/DSC09039-320x400.jpg\" width=\"320\" height=\"400\" srcset=\"https:\/\/rosenholm.se\/wp-content\/uploads\/2014\/02\/DSC09039-320x400.jpg 320w, https:\/\/rosenholm.se\/wp-content\/uploads\/2014\/02\/DSC09039-200x250.jpg 200w, https:\/\/rosenholm.se\/wp-content\/uploads\/2014\/02\/DSC09039-416x520.jpg 416w, https:\/\/rosenholm.se\/wp-content\/uploads\/2014\/02\/DSC09039.jpg 832w, https:\/\/rosenholm.se\/wp-content\/uploads\/2014\/02\/DSC09039-320x400@2x.jpg 640w, https:\/\/rosenholm.se\/wp-content\/uploads\/2014\/02\/DSC09039-200x250@2x.jpg 400w\" sizes=\"auto, (max-width: 320px) 100vw, 320px\" \/><\/a><p id=\"caption-attachment-1649\" class=\"wp-caption-text\">Per Friberg, Bj\u00e4rred<\/p><\/div>\n<p>Arkitekten Per Fribergs tr\u00e4dg\u00e5rd \u00e4r en or\u00e4dd blandning av formellt med otyglad v\u00e4xtlighet. P\u00e5 framsidans gr\u00e4splan\u00a0skapar formklippta, j\u00e4ttelika idegranar tillsammans med gr\u00e4sets\u00a0rutm\u00f6nster en hisnande k\u00e4nsla. Ursprungligen, n\u00e4r Per Friberg\u00a0var nyinflyttad, var idegranarna friv\u00e4xande mastodonter som klipptes\u00a0in h\u00e5rt. Idegranar \u00e4r en av f\u00e5 barrv\u00e4xter som skjuter nya skott fr\u00e5n\u00a0bar ved, men man kan f\u00e5 v\u00e4nta n\u00e5got \u00e5r om man besk\u00e4r h\u00e5rt.<\/p>\n<p>N\u00e4r man hos Per Friberg g\u00e5r fr\u00e5n gatan in till huset passerar\u00a0man en vacker kruka fr\u00e5n H\u00f6gan\u00e4s som brukats industriellt. Den st\u00e5r mellan \u00e5ldrande buxbomsh\u00e4ckar\u00a0inramade av lindar. Formm\u00e4ssigt lika vackert som behagligt.<\/p>\n<h5>Gunnar Martinsson, Ven<\/h5>\n<div id=\"attachment_1654\" style=\"width: 330px\" class=\"wp-caption alignright\"><a href=\"http:\/\/rosenholm.se\/wp-content\/uploads\/2014\/02\/DSC_4554.jpg\"><img loading=\"lazy\" decoding=\"async\" aria-describedby=\"caption-attachment-1654\" class=\"size-medium wp-image-1654\" alt=\"Gunnar Martinsson\" src=\"http:\/\/rosenholm.se\/wp-content\/uploads\/2014\/02\/DSC_4554-320x480.jpg\" width=\"320\" height=\"480\" srcset=\"https:\/\/rosenholm.se\/wp-content\/uploads\/2014\/02\/DSC_4554-320x480.jpg 320w, https:\/\/rosenholm.se\/wp-content\/uploads\/2014\/02\/DSC_4554-166x250.jpg 166w, https:\/\/rosenholm.se\/wp-content\/uploads\/2014\/02\/DSC_4554-346x520.jpg 346w, https:\/\/rosenholm.se\/wp-content\/uploads\/2014\/02\/DSC_4554.jpg 693w, https:\/\/rosenholm.se\/wp-content\/uploads\/2014\/02\/DSC_4554-320x480@2x.jpg 640w, https:\/\/rosenholm.se\/wp-content\/uploads\/2014\/02\/DSC_4554-166x250@2x.jpg 332w, https:\/\/rosenholm.se\/wp-content\/uploads\/2014\/02\/DSC_4554-346x520@2x.jpg 692w\" sizes=\"auto, (max-width: 320px) 100vw, 320px\" \/><\/a><p id=\"caption-attachment-1654\" class=\"wp-caption-text\">Gunnar Martinsson, Ven<\/p><\/div>\n<p>P\u00e5 landskapsarkitekten Gunnar Martinsson starkt sluttande\u00a0tomt, nedanf\u00f6r Sankt Ibbs kyrka p\u00e5 \u00f6n Ven i \u00d6resund, bildas\u00a0tr\u00e4dg\u00e5rdens stomme av vindlande h\u00e4ckar l\u00e4ngs noga planerade\u00a0niv\u00e5er. Niv\u00e5skillnaderna tas upp av liguster-\u00a0och buxbomsh\u00e4ckarna som planterats i 1:2 sluttningar, en v\u00e4l fungerande lutning \u00e4ven f\u00f6r trappor. G\u00e5ngarna\u00a0och uteplatserna \u00e4r horisontella. H\u00e4ckarna f\u00f6ljer de naturliga\u00a0h\u00f6jdskillnaderna och skyddar mot vind och insyn, men medger\u00a0strategiskt placerade utsikter. En enast\u00e5ende stark form med sitt ursprung i kravet p\u00e5 funktion. Det ljust gulgr\u00f6na tr\u00e4det\u00a0\u00e4r en gul robinia,<em> Robinia pseudoacacia<\/em> \u2019Frisia\u2019 och den\u00a0flerstammiga busken en narrbuske, <em>Decaisnea fargesii<\/em>.\u00a0Som tak gulbladigt korst\u00f6rne,<em> Gleditsia\u00a0triacanthos<\/em> \u2019Sunburst\u2019 medan grenen i f\u00f6rgrunden p\u00e5 bilden\u00a0l\u00e4ngst till h\u00f6ger tillh\u00f6r kejsartr\u00e4d, <em>Paulownia tomentosa<\/em>.<\/p>\n<div id=\"attachment_1658\" style=\"width: 1050px\" class=\"wp-caption alignnone\"><a href=\"http:\/\/rosenholm.se\/wp-content\/uploads\/2014\/02\/DSC_4524.jpg\"><img loading=\"lazy\" decoding=\"async\" aria-describedby=\"caption-attachment-1658\" class=\"size-full wp-image-1658\" alt=\"Gunnar Martinsson, Ven\" src=\"http:\/\/rosenholm.se\/wp-content\/uploads\/2014\/02\/DSC_4524.jpg\" width=\"1040\" height=\"693\" srcset=\"https:\/\/rosenholm.se\/wp-content\/uploads\/2014\/02\/DSC_4524-520x346@2x.jpg 1040w, https:\/\/rosenholm.se\/wp-content\/uploads\/2014\/02\/DSC_4524-250x166.jpg 250w, https:\/\/rosenholm.se\/wp-content\/uploads\/2014\/02\/DSC_4524-320x213.jpg 320w, https:\/\/rosenholm.se\/wp-content\/uploads\/2014\/02\/DSC_4524-520x346.jpg 520w, https:\/\/rosenholm.se\/wp-content\/uploads\/2014\/02\/DSC_4524-250x166@2x.jpg 500w, https:\/\/rosenholm.se\/wp-content\/uploads\/2014\/02\/DSC_4524-320x213@2x.jpg 640w\" sizes=\"auto, (max-width: 1040px) 100vw, 1040px\" \/><\/a><p id=\"caption-attachment-1658\" class=\"wp-caption-text\">Gunnar Martinsson, Ven<\/p><\/div>\n<h5><a title=\"Orientalisk inspiration\" href=\"http:\/\/rosenholm.se\/?page_id=1673\">Orientalisk inspiration<\/a><\/h5>\n","protected":false},"excerpt":{"rendered":"<p>I den arkitektoniska tr\u00e4dg\u00e5rden \u00e4r rumsbildningen och\u00a0v\u00e4xternas form viktiga. V\u00e4lklippta och v\u00e4lplacerade h\u00e4ckar eller figurer ger\u00a0tr\u00e4dg\u00e5rden en god grundstruktur. Idegran, buxbom och\u00a0liguster \u00e4r utm\u00e4rkta f\u00f6r \u00e4ndam\u00e5let. Vackert v\u00e4xta, kronbildande tr\u00e4d&hellip; <\/p>\n","protected":false},"author":1,"featured_media":0,"parent":33,"menu_order":0,"comment_status":"closed","ping_status":"closed","template":"","meta":{"footnotes":""},"class_list":["post-1639","page","type-page","status-publish","hentry"],"_links":{"self":[{"href":"https:\/\/rosenholm.se\/index.php?rest_route=\/wp\/v2\/pages\/1639","targetHints":{"allow":["GET"]}}],"collection":[{"href":"https:\/\/rosenholm.se\/index.php?rest_route=\/wp\/v2\/pages"}],"about":[{"href":"https:\/\/rosenholm.se\/index.php?rest_route=\/wp\/v2\/types\/page"}],"author":[{"embeddable":true,"href":"https:\/\/rosenholm.se\/index.php?rest_route=\/wp\/v2\/users\/1"}],"replies":[{"embeddable":true,"href":"https:\/\/rosenholm.se\/index.php?rest_route=%2Fwp%2Fv2%2Fcomments&post=1639"}],"version-history":[{"count":20,"href":"https:\/\/rosenholm.se\/index.php?rest_route=\/wp\/v2\/pages\/1639\/revisions"}],"predecessor-version":[{"id":3290,"href":"https:\/\/rosenholm.se\/index.php?rest_route=\/wp\/v2\/pages\/1639\/revisions\/3290"}],"up":[{"embeddable":true,"href":"https:\/\/rosenholm.se\/index.php?rest_route=\/wp\/v2\/pages\/33"}],"wp:attachment":[{"href":"https:\/\/rosenholm.se\/index.php?rest_route=%2Fwp%2Fv2%2Fmedia&parent=1639"}],"curies":[{"name":"wp","href":"https:\/\/api.w.org\/{rel}","templated":true}]}}