{"id":14386,"date":"2025-06-13T20:38:28","date_gmt":"2025-06-13T18:38:28","guid":{"rendered":"https:\/\/rosenholm.se\/?page_id=14386"},"modified":"2025-06-17T21:51:23","modified_gmt":"2025-06-17T19:51:23","slug":"minimera-gruppera-repetera","status":"publish","type":"page","link":"https:\/\/rosenholm.se\/?page_id=14386","title":{"rendered":"Minimera, gruppera, repetera"},"content":{"rendered":"\n<p>Minimera, gruppera och repetera, \u00e4r en bra ramsa att memorera vid perennplantering. Vad menas med det? Jo, det \u00e4r s\u00e5 att de flesta perenner och mindre buskar blir betydligt mer effektfulla n\u00e4r de planteras m\u00e5nga av varje sort tillsammans och inte en och en. Minimera d\u00e4rf\u00f6r antalet olika v\u00e4xter och anv\u00e4nd i st\u00e4llet fler av varje, inte ensamma utan i grupper. Det ska vara minst tre av varje perenn, helst sju eller kanske \u00e4nnu fler.<\/p>\n\n\n\n<p>D\u00e5 kommer vi till n\u00e4sta knep. Repetera \u00e5tminstone n\u00e5gra av rabattens v\u00e4xter gruppvis p\u00e5 olika st\u00e4llen. Det skapar rytm och f\u00e5r oss att uppfatta planteringar som om de uppkommit naturligt, de k\u00e4nns harmoniska och sammanh\u00e4ngande.&nbsp;<\/p>\n\n\n\n<figure class=\"wp-block-image size-large\"><img loading=\"lazy\" decoding=\"async\" width=\"700\" height=\"465\" src=\"https:\/\/rosenholm.se\/wp-content\/uploads\/2025\/06\/D2X_8885-700x465.jpg\" alt=\"Kraftfull f\u00e4rgs\u00e4ttning utan att det blir r\u00f6rigt.\" class=\"wp-image-14394\" srcset=\"https:\/\/rosenholm.se\/wp-content\/uploads\/2025\/06\/D2X_8885-700x465.jpg 700w, https:\/\/rosenholm.se\/wp-content\/uploads\/2025\/06\/D2X_8885-410x272.jpg 410w, https:\/\/rosenholm.se\/wp-content\/uploads\/2025\/06\/D2X_8885-390x259.jpg 390w, https:\/\/rosenholm.se\/wp-content\/uploads\/2025\/06\/D2X_8885.jpg 1024w, https:\/\/rosenholm.se\/wp-content\/uploads\/2025\/06\/D2X_8885-410x272@2x.jpg 820w, https:\/\/rosenholm.se\/wp-content\/uploads\/2025\/06\/D2X_8885-390x259@2x.jpg 780w\" sizes=\"auto, (max-width: 700px) 100vw, 700px\" \/><figcaption class=\"wp-element-caption\"><em>Kraftfull f\u00e4rgs\u00e4ttning utan att det blir r\u00f6rigt. Bild fr\u00e5n Gr\u00f6ns\u00f6\u00f6 slottspark i Uppland.<\/em><\/figcaption><\/figure>\n\n\n\n<p>F\u00f6rdelarna med att plantera v\u00e4xter i grupper \u00e4r m\u00e5nga, till exempel att man d\u00e5 kan v\u00e5ga sig p\u00e5 en mer kraftfull f\u00e4rgs\u00e4ttning utan att det blir r\u00f6rigt. P\u00e5 bilden fr\u00e5n Gr\u00f6ns\u00f6\u00f6 slottspark i Uppland: h\u00f6stflox&nbsp;<em>Phlox paniculata&nbsp;<\/em>i olika sorter, bland annat &#8217;Jules Sandeau&#8217;, &#8217;Europa&#8217; och &#8217;Eventide&#8217; bakom praktrudbeckior&nbsp;<em>Rudbeckia fulgida&nbsp;<\/em>var.<em>&nbsp;speciosa&nbsp;<\/em>&#8217;Goldsturm&#8217;. L\u00e4gg m\u00e4rke till hur samma v\u00e4xter repeteras p\u00e5 flera st\u00e4llen i rabatten.<\/p>\n\n\n\n<h5 class=\"wp-block-heading\"><strong>F\u00e4rg<\/strong><\/h5>\n\n\n\n<p>Det enklaste s\u00e4ttet att f\u00e5 till behagliga rabattkompositioner \u00e4r att begr\u00e4nsa sig till n\u00e5gra f\u00e5 f\u00e4rger. F\u00f6r m\u00e5nga olika kan g\u00f6ra intrycket oroligt i st\u00e4llet f\u00f6r vackert. V\u00e4lj n\u00e5got f\u00e4rgtema du gillar och l\u00e5t f\u00e4rgerna komma igen p\u00e5 flera st\u00e4llen. Lime, ljusbl\u00e5tt, vitt och silver \u00e4r en tr\u00e4ffs\u00e4ker kombination som ger rabatten en fr\u00e4sch aura. Gult, orange och r\u00f6tt k\u00e4nns sprakande hett. Med violett, rosa och vitt blir det klassisk bondromantik.&nbsp;<\/p>\n\n\n\n<p>Starka kontraster ger livfullhet medan f\u00e4rger n\u00e4ra varandra skapar harmoni och andas lugn. Det b\u00e4sta \u00e4r att portionera ut kontrasterna med m\u00e5tta, s\u00e4rskilt g\u00e4ller det de riktigt starka motsatserna, som bl\u00e5tt och orange eller gult och lila.<\/p>\n\n\n\n<figure class=\"wp-block-image size-large\"><img loading=\"lazy\" decoding=\"async\" width=\"700\" height=\"467\" src=\"https:\/\/rosenholm.se\/wp-content\/uploads\/2025\/06\/D2X_7184-700x467.jpg\" alt=\"Klosterparken i Enk\u00f6ping med astilbesorterna \u2019Rotlicht\u2019, \u2019Irrlicht\u2019 och \u2019Bressingham Beauty\u2019.\" class=\"wp-image-14392\" srcset=\"https:\/\/rosenholm.se\/wp-content\/uploads\/2025\/06\/D2X_7184-700x467.jpg 700w, https:\/\/rosenholm.se\/wp-content\/uploads\/2025\/06\/D2X_7184-410x273.jpg 410w, https:\/\/rosenholm.se\/wp-content\/uploads\/2025\/06\/D2X_7184-390x260.jpg 390w, https:\/\/rosenholm.se\/wp-content\/uploads\/2025\/06\/D2X_7184.jpg 1024w, https:\/\/rosenholm.se\/wp-content\/uploads\/2025\/06\/D2X_7184-410x273@2x.jpg 820w, https:\/\/rosenholm.se\/wp-content\/uploads\/2025\/06\/D2X_7184-390x260@2x.jpg 780w\" sizes=\"auto, (max-width: 700px) 100vw, 700px\" \/><figcaption class=\"wp-element-caption\"><em>G\u00f6r det l\u00e4tt f\u00f6r dig och v\u00e4lj v\u00e4xter som ligger n\u00e4ra varandra i f\u00e4rgskala, det \u00e4r lugnande f\u00f6r sj\u00e4len. I Klosterparken i Enk\u00f6ping syns astilbesorterna \u2019Rotlicht\u2019, \u2019Irrlicht\u2019 och \u2019Bressingham Beauty\u2019.<\/em><\/figcaption><\/figure>\n\n\n\n<figure class=\"wp-block-image size-large\"><img loading=\"lazy\" decoding=\"async\" width=\"700\" height=\"438\" src=\"https:\/\/rosenholm.se\/wp-content\/uploads\/2025\/06\/DSC_2305-700x438.jpg\" alt=\"Romantisk harmoni skapas n\u00e4r de rosa luktpionerna s\u00e4llskapar med silverskiftande lamm\u00f6ron.\" class=\"wp-image-14395\" srcset=\"https:\/\/rosenholm.se\/wp-content\/uploads\/2025\/06\/DSC_2305-700x438.jpg 700w, https:\/\/rosenholm.se\/wp-content\/uploads\/2025\/06\/DSC_2305-410x256.jpg 410w, https:\/\/rosenholm.se\/wp-content\/uploads\/2025\/06\/DSC_2305-390x244.jpg 390w, https:\/\/rosenholm.se\/wp-content\/uploads\/2025\/06\/DSC_2305.jpg 1024w, https:\/\/rosenholm.se\/wp-content\/uploads\/2025\/06\/DSC_2305-410x256@2x.jpg 820w, https:\/\/rosenholm.se\/wp-content\/uploads\/2025\/06\/DSC_2305-390x244@2x.jpg 780w\" sizes=\"auto, (max-width: 700px) 100vw, 700px\" \/><figcaption class=\"wp-element-caption\"><em>Med f\u00e4rger skapas st\u00e4mningar. Romantisk harmoni skapas n\u00e4r rosa luktpioner,&nbsp;Paeonia lactiflora, s\u00e4llskapar med silverskiftande lamm\u00f6ron,&nbsp;Stachys byzantina. Bild fr\u00e5n v\u00e5r egen tr\u00e4dg\u00e5rd.<\/em><\/figcaption><\/figure>\n\n\n\n<h5 class=\"wp-block-heading\"><strong>Form<\/strong><\/h5>\n\n\n\n<p>F\u00e4rg har f\u00e5tt stor uppm\u00e4rksamhet i tr\u00e4dg\u00e5rdssammanhang, men fr\u00e5gan \u00e4r om inte v\u00e4xternas form \u00e4r lika viktig. Vi \u00e4r inte lika vana vid att t\u00e4nka p\u00e5 hur former samspelar som med f\u00e4rger, men det fungerar faktiskt p\u00e5 samma s\u00e4tt. Former som \u00e4r v\u00e4ldigt olika ger kontrasteffekter medan de som \u00e4r lika skapar harmonier. N\u00e4r det g\u00e4ller form kan man dock kosta p\u00e5 sig starkare kontraster, eftersom de inte dominerar omgivningen lika mycket som f\u00e4rgkrockar. F\u00f6r lyckade former finns ett bra test. N\u00e4r en v\u00e4lkomponerad rabatt \u00e4r lika vacker fotograferad i svartvitt som i f\u00e4rg, d\u00e5 vet vi att den h\u00e5ller m\u00e5ttet.&nbsp;<\/p>\n\n\n\n<p>Att anv\u00e4nda n\u00e5gra utvalda, \u00e5terkommande former \u00e4r ett bra s\u00e4tt att f\u00e5 en livfull tr\u00e4dg\u00e5rd utan att det blir r\u00f6rigt. Vertikalt mot horisontellt, h\u00e5rt mot mjukt och sm\u00e5tt mot stort ger attraktiva kompositioner.&nbsp;<\/p>\n\n\n\n<h5 class=\"wp-block-heading\"><strong>N\u00e5gra effektfulla formkontraster<\/strong><\/h5>\n\n\n\n<ul class=\"wp-block-list\">\n<li>Sm\u00e5tt mot stort<\/li>\n\n\n\n<li>Kantnepeta \u2013 j\u00e4ttevallmo<\/li>\n\n\n\n<li>Gillenia \u2013 r\u00f6d rudbeckia&nbsp;<\/li>\n\n\n\n<li>H\u00e5rt mot mjukt<\/li>\n\n\n\n<li>Riddarsporre \u2013 brudsl\u00f6ja<\/li>\n\n\n\n<li>Bolltistel \u2013 glansmiskantus<\/li>\n\n\n\n<li>Vertikalt mot horisontellt<\/li>\n\n\n\n<li>St\u00e4ppsalvia \u2013 r\u00f6llika<\/li>\n\n\n\n<li>Anisisop \u2013 solbrud<\/li>\n<\/ul>\n\n\n\n<figure class=\"wp-block-image size-large\"><img loading=\"lazy\" decoding=\"async\" width=\"700\" height=\"465\" src=\"https:\/\/rosenholm.se\/wp-content\/uploads\/2025\/06\/D2X_7014-700x465.jpg\" alt=\"Parasollformad r\u00f6llika mot vertikala spiror av St\u00e4ppsalvia.\" class=\"wp-image-14391\" srcset=\"https:\/\/rosenholm.se\/wp-content\/uploads\/2025\/06\/D2X_7014-700x465.jpg 700w, https:\/\/rosenholm.se\/wp-content\/uploads\/2025\/06\/D2X_7014-410x272.jpg 410w, https:\/\/rosenholm.se\/wp-content\/uploads\/2025\/06\/D2X_7014-390x259.jpg 390w, https:\/\/rosenholm.se\/wp-content\/uploads\/2025\/06\/D2X_7014.jpg 1024w, https:\/\/rosenholm.se\/wp-content\/uploads\/2025\/06\/D2X_7014-410x272@2x.jpg 820w, https:\/\/rosenholm.se\/wp-content\/uploads\/2025\/06\/D2X_7014-390x259@2x.jpg 780w\" sizes=\"auto, (max-width: 700px) 100vw, 700px\" \/><figcaption class=\"wp-element-caption\"><em>Parasollformad r\u00f6llika &#8217;Coronation Gold&#8217; mot vertikala spiror av St\u00e4ppsalvia &#8217;Caradonna&#8217;. Bild fr\u00e5n Enk\u00f6pings parker.<\/em><\/figcaption><\/figure>\n\n\n\n<p>Det \u00e4r sv\u00e5rt att inte tycka att det blir effektfullt med den horisontella parasollformen hos r\u00f6llikan&nbsp;<em>Achillea<\/em>&#8217;Coronation Gold&#8217; mot de vertikala spirorna av St\u00e4ppsalvian&nbsp;<em>Salvia nemorosa<\/em>&nbsp;&#8217;Caradonna&#8217;? Att de dessutom har f\u00e4rger som kompletterar varandra g\u00f6r inte saken s\u00e4mre. Bild fr\u00e5n Enk\u00f6pings parker.<\/p>\n\n\n\n<figure class=\"wp-block-image size-large\"><img loading=\"lazy\" decoding=\"async\" width=\"700\" height=\"438\" src=\"https:\/\/rosenholm.se\/wp-content\/uploads\/2025\/06\/D2X_2665-700x438.jpg\" alt=\"J\u00e4ttekrissla', kransveronika och temynta\u00a0i Enk\u00f6ping\" class=\"wp-image-14389\" srcset=\"https:\/\/rosenholm.se\/wp-content\/uploads\/2025\/06\/D2X_2665-700x438.jpg 700w, https:\/\/rosenholm.se\/wp-content\/uploads\/2025\/06\/D2X_2665-410x256.jpg 410w, https:\/\/rosenholm.se\/wp-content\/uploads\/2025\/06\/D2X_2665-390x244.jpg 390w, https:\/\/rosenholm.se\/wp-content\/uploads\/2025\/06\/D2X_2665.jpg 1024w, https:\/\/rosenholm.se\/wp-content\/uploads\/2025\/06\/D2X_2665-410x256@2x.jpg 820w, https:\/\/rosenholm.se\/wp-content\/uploads\/2025\/06\/D2X_2665-390x244@2x.jpg 780w\" sizes=\"auto, (max-width: 700px) 100vw, 700px\" \/><figcaption class=\"wp-element-caption\"><em>J\u00e4ttekrissla &#8217;Sonnenstrahl&#8217;, kransveronika &#8217;Temptation&#8217; och temynta&nbsp;&#8217;Scorpion&#8217;. Dr\u00f6mparken i Enk\u00f6ping.<\/em><\/figcaption><\/figure>\n\n\n\n<p>Kombinera rej\u00e4la perenner i stora sjok med hj\u00e4lp av b\u00e5de form och f\u00e4rg. J\u00e4ttekrisslans,&nbsp;<em>Inula magnifica<\/em>&nbsp;&#8217;Sonnenstrahl&#8217;, solformade, horisontella blommor kontrasterar mot kransveronikans,&nbsp;<em>Veronicastrum virginicum<\/em> &#8217;Temptation&#8217;, vertikala i b\u00e5de form och f\u00e4rg, kompletterad av temynta,&nbsp;<em>Monarda<\/em>&nbsp;&#8217;Scorpion&#8217;. Bild fr\u00e5n Dr\u00f6mparken i Enk\u00f6ping designad av Piet Oudolf.&nbsp;<\/p>\n\n\n\n<p><strong>Perenner och buskar tillsammans<\/strong><\/p>\n\n\n\n<p>N\u00e4r man pratar om rabatter t\u00e4nker m\u00e5nga p\u00e5 perenner, men det g\u00e5r alldeles utm\u00e4rkt att g\u00f6ra blandade rabatter med perenner och vedartade v\u00e4xter tillsammans. Rosa buskrosor tillsammans med bl\u00e5blommande perenner \u00e4r rena uppenbarelsen. N\u00e5gra klippta buxbomsklot i ett hav av l\u00e4gre \u00f6rtartade v\u00e4xter \u00e4r oemotst\u00e5ndligt. En sm\u00e5v\u00e4xt magnolia, ett smalt pelartr\u00e4d eller en kl\u00e4ngv\u00e4xt p\u00e5 spalj\u00e9, blir extra dekorativa med f\u00f6tterna t\u00e4ckta av markt\u00e4ckare som myskmadra, skugg-gr\u00f6na eller n\u00e5gon liten n\u00e4va. Valm\u00f6jligheterna \u00e4r n\u00e4stan o\u00e4ndliga, p\u00e5 gott och ont.<\/p>\n\n\n\n<figure class=\"wp-block-image size-large\"><img loading=\"lazy\" decoding=\"async\" width=\"700\" height=\"933\" src=\"https:\/\/rosenholm.se\/wp-content\/uploads\/2025\/06\/D2X_9194-700x933.jpg\" alt=\"Funkior. n\u00e4vor, japansk gyllenl\u00f6nn och ormhassel hemma hos oss.\" class=\"wp-image-14443\" srcset=\"https:\/\/rosenholm.se\/wp-content\/uploads\/2025\/06\/D2X_9194-700x933.jpg 700w, https:\/\/rosenholm.se\/wp-content\/uploads\/2025\/06\/D2X_9194-410x547.jpg 410w, https:\/\/rosenholm.se\/wp-content\/uploads\/2025\/06\/D2X_9194-390x520.jpg 390w, https:\/\/rosenholm.se\/wp-content\/uploads\/2025\/06\/D2X_9194.jpg 1024w, https:\/\/rosenholm.se\/wp-content\/uploads\/2025\/06\/D2X_9194-410x547@2x.jpg 820w, https:\/\/rosenholm.se\/wp-content\/uploads\/2025\/06\/D2X_9194-390x520@2x.jpg 780w\" sizes=\"auto, (max-width: 700px) 100vw, 700px\" \/><figcaption class=\"wp-element-caption\"><em>Funkiorna&nbsp;\u2019Wide Brim\u2019, \u2019Elegans\u2019 och &#8217;Francee&#8217;. n\u00e4vorna \u2019Johnson\u2019s Blue\u2019 och &#8217;Album&#8217;, japansk gyllenl\u00f6nn och ormhassel hemma hos oss.<\/em><\/figcaption><\/figure>\n\n\n\n<p>En behagfull rabatt fr\u00e5n v\u00e5r egen tr\u00e4dg\u00e5rd i blekt gula och bl\u00e5 f\u00e4rger. Det \u00e4r bladen som b\u00e4r kompositionen, blommorna har en underordnad roll. Perennerna sitter i grupper s\u00e5 t\u00e4tt planterade att inte ogr\u00e4sen orkar sticka upp sina fula trynen. Fr\u00e5n f\u00f6rgrunden och bak\u00e5t syns brokig funkia&nbsp;<em>Hosta&nbsp;<\/em>\u2019Wide Brim, storbladig daggfunkia&nbsp;<em>H. sieboldiana&nbsp;<\/em>\u2019Elegans\u2019. bl\u00e5n\u00e4va&nbsp;<em>Geranium&nbsp;<\/em>\u2019Johnson\u2019s Blue\u2019, blomsterfunkia&nbsp;<em>H. fortunei<\/em>&nbsp;&#8217;Francee&#8217;, vitblommande brunn\u00e4va&nbsp;<em>G. phaeum<\/em>&nbsp;&#8217;Album&#8217;. Buskarna \u00e4r japansk gyllenl\u00f6nn,&nbsp;<em>Acer shirasawanum&nbsp;<\/em>\u2019Aureum\u2019 och den vintervackra ormhasseln&nbsp;<em>Co<\/em><em>rylus avellana<\/em><strong>&nbsp;<\/strong>&#8217;Contorta&#8217;.<\/p>\n\n\n\n<h5 class=\"wp-block-heading\"><strong>Vintersnygga perenner<\/strong><\/h5>\n\n\n\n<p>Om du vill att rabatten ska vara vacker under s\u00e5 l\u00e5ng tid som m\u00f6jligt v\u00e4lj ut v\u00e4xter som blommar vid olika tider och \u00e4r snygga \u00e4ven n\u00e4r de inte blommar. V\u00e4ljer man r\u00e4tt kan det forts\u00e4tta vara vackert en bra bit in p\u00e5 det nya \u00e5ret med fantasifulla torra fr\u00f6st\u00e4llningar, ibland kl\u00e4dda i frostiga lager av sn\u00f6 eller is.&nbsp;<\/p>\n\n\n\n<p><strong>Nio snyggingar \u2013 \u00e4ven som vissnade<\/strong><\/p>\n\n\n\n<ul class=\"wp-block-list\">\n<li>R\u00f6llika&nbsp;<em>Achillea<\/em><\/li>\n\n\n\n<li>Anisisop&nbsp;<em>Agastache foeniculum<\/em><\/li>\n\n\n\n<li>Kirgisl\u00f6k&nbsp;<em>Allium aflatunense<\/em><\/li>\n\n\n\n<li>Astilbe&nbsp;<em>Astilbe<\/em><\/li>\n\n\n\n<li>R\u00f6d rudbeckia&nbsp;<em>Echinacea purpurea<\/em><\/li>\n\n\n\n<li>Glansmiskantus&nbsp;<em>Miscanthus sinensis<\/em><\/li>\n\n\n\n<li>Bolltistel&nbsp;<em>Echinops sphaerocephalus<\/em><\/li>\n\n\n\n<li>St\u00e4ppsalvia&nbsp;<em>Salvia nemorosa<\/em><\/li>\n\n\n\n<li>R\u00f6d lejonsvans&nbsp;<em>Phlomis tuberosa<\/em><\/li>\n<\/ul>\n\n\n\n<figure class=\"wp-block-image size-large\"><img loading=\"lazy\" decoding=\"async\" width=\"700\" height=\"476\" src=\"https:\/\/rosenholm.se\/wp-content\/uploads\/2025\/06\/D2X_9323-700x476.jpg\" alt=\"Tjusigt p\u00e5 vintern med bolltistel\" class=\"wp-image-14444\" srcset=\"https:\/\/rosenholm.se\/wp-content\/uploads\/2025\/06\/D2X_9323-700x476.jpg 700w, https:\/\/rosenholm.se\/wp-content\/uploads\/2025\/06\/D2X_9323-410x279.jpg 410w, https:\/\/rosenholm.se\/wp-content\/uploads\/2025\/06\/D2X_9323-390x265.jpg 390w, https:\/\/rosenholm.se\/wp-content\/uploads\/2025\/06\/D2X_9323.jpg 1024w, https:\/\/rosenholm.se\/wp-content\/uploads\/2025\/06\/D2X_9323-410x279@2x.jpg 820w, https:\/\/rosenholm.se\/wp-content\/uploads\/2025\/06\/D2X_9323-390x265@2x.jpg 780w\" sizes=\"auto, (max-width: 700px) 100vw, 700px\" \/><figcaption class=\"wp-element-caption\"><em>Tjusigt p\u00e5 vintern med bolltistel,&nbsp;Echinops sphaerocephalus.<\/em><\/figcaption><\/figure>\n\n\n\n<p>Med starka former och stabilt v\u00e4xts\u00e4tt kan perenner vara lika tjusiga p\u00e5 vintern som p\u00e5 sommaren. Med lite sn\u00f6 ovanp\u00e5 blir de ibland rena konstverken. Bolltistel&nbsp;<em>Echinops sphaerocephalus<\/em>&nbsp;\u00e4r dessutom b\u00e5de t\u00e5lig och vacker under st\u00f6rre delen av sommaren och h\u00f6sten.<\/p>\n\n\n\n<figure class=\"wp-block-image size-large\"><img loading=\"lazy\" decoding=\"async\" width=\"700\" height=\"476\" src=\"https:\/\/rosenholm.se\/wp-content\/uploads\/2025\/06\/D2X_5170-700x476.jpg\" alt=\"Astilbe d\u00f6ljer kirgisl\u00f6kens fula blad\" class=\"wp-image-14442\" srcset=\"https:\/\/rosenholm.se\/wp-content\/uploads\/2025\/06\/D2X_5170-700x476.jpg 700w, https:\/\/rosenholm.se\/wp-content\/uploads\/2025\/06\/D2X_5170-410x279.jpg 410w, https:\/\/rosenholm.se\/wp-content\/uploads\/2025\/06\/D2X_5170-390x265.jpg 390w, https:\/\/rosenholm.se\/wp-content\/uploads\/2025\/06\/D2X_5170.jpg 1024w, https:\/\/rosenholm.se\/wp-content\/uploads\/2025\/06\/D2X_5170-410x279@2x.jpg 820w, https:\/\/rosenholm.se\/wp-content\/uploads\/2025\/06\/D2X_5170-390x265@2x.jpg 780w\" sizes=\"auto, (max-width: 700px) 100vw, 700px\" \/><figcaption class=\"wp-element-caption\"><em>Astilbe d\u00f6ljer kirgisl\u00f6kens fula blad men framh\u00e4ver dess vackra fr\u00f6st\u00e4llningarna hemma hos Anna-Lisa Julin utanf\u00f6r Hudiksvall.<\/em><\/figcaption><\/figure>\n\n\n\n<p>Fr\u00f6st\u00e4llningar kan vara snygga redan under sommaren. P\u00e5 kirgisl\u00f6k\u00a0<em>Allium aflatunense\u00a0<\/em>blir bladen d\u00e4remot fula redan innan de blommat klart. Anna-Lisa Julin utanf\u00f6r Hudiksvall l\u00f6ste problemet genom att plantera dem under astilbe. Simsalabim, det osk\u00f6na d\u00f6ljs medan de vackra fr\u00f6st\u00e4llningarna framh\u00e4vs. Bra kombination att ta efter.<\/p>\n\n\n\n<h5 class=\"wp-block-heading\"><a href=\"https:\/\/rosenholm.se\/?page_id=14455\" data-type=\"page\" data-id=\"14455\">DET LILLA EXTRA \u2013\u00a0UTERUMMET<\/a><\/h5>\n","protected":false},"excerpt":{"rendered":"<p>Minimera, gruppera och repetera, \u00e4r en bra ramsa att memorera vid perennplantering. Vad menas med det? Jo, det \u00e4r s\u00e5 att de flesta perenner och mindre buskar blir betydligt mer&hellip; <\/p>\n","protected":false},"author":1,"featured_media":0,"parent":0,"menu_order":0,"comment_status":"closed","ping_status":"closed","template":"","meta":{"footnotes":""},"class_list":["post-14386","page","type-page","status-publish","hentry"],"_links":{"self":[{"href":"https:\/\/rosenholm.se\/index.php?rest_route=\/wp\/v2\/pages\/14386","targetHints":{"allow":["GET"]}}],"collection":[{"href":"https:\/\/rosenholm.se\/index.php?rest_route=\/wp\/v2\/pages"}],"about":[{"href":"https:\/\/rosenholm.se\/index.php?rest_route=\/wp\/v2\/types\/page"}],"author":[{"embeddable":true,"href":"https:\/\/rosenholm.se\/index.php?rest_route=\/wp\/v2\/users\/1"}],"replies":[{"embeddable":true,"href":"https:\/\/rosenholm.se\/index.php?rest_route=%2Fwp%2Fv2%2Fcomments&post=14386"}],"version-history":[{"count":10,"href":"https:\/\/rosenholm.se\/index.php?rest_route=\/wp\/v2\/pages\/14386\/revisions"}],"predecessor-version":[{"id":14490,"href":"https:\/\/rosenholm.se\/index.php?rest_route=\/wp\/v2\/pages\/14386\/revisions\/14490"}],"wp:attachment":[{"href":"https:\/\/rosenholm.se\/index.php?rest_route=%2Fwp%2Fv2%2Fmedia&parent=14386"}],"curies":[{"name":"wp","href":"https:\/\/api.w.org\/{rel}","templated":true}]}}