{"id":13345,"date":"2022-02-15T09:28:40","date_gmt":"2022-02-15T08:28:40","guid":{"rendered":"https:\/\/rosenholm.se\/?page_id=13345"},"modified":"2022-02-15T09:28:40","modified_gmt":"2022-02-15T08:28:40","slug":"formklippt-lyfter-tradgarden","status":"publish","type":"page","link":"https:\/\/rosenholm.se\/?page_id=13345","title":{"rendered":"Formklippt lyfter tr\u00e4dg\u00e5rden"},"content":{"rendered":"<p><strong>Det \u00e4r n\u00e5got visst med formklippta v\u00e4xter. De skapar en alldeles speciell tr\u00e4dg\u00e5rdsk\u00e4nsla och f\u00e5r blommande perenner och buskar att k\u00e4nnas \u00e4nnu mer blommiga och f\u00f6rtjusande. I m\u00f6tet mellan det formella och fritt v\u00e4xande skapas en avslappnad charm som kan lyfta en vanlig tr\u00e4dg\u00e5rd till en riktig p\u00e4rla.<\/strong><\/p>\n<p><em>Text: Dan och Ann-Cristin Rosenholm<\/em><br \/>\n<em>Bild: Dan Rosenholm<\/em><\/p>\n<div id=\"attachment_13347\" style=\"width: 420px\" class=\"wp-caption alignright\"><img loading=\"lazy\" decoding=\"async\" aria-describedby=\"caption-attachment-13347\" class=\"size-medium wp-image-13347\" src=\"https:\/\/rosenholm.se\/wp-content\/uploads\/2022\/01\/D2X_7790-410x547.jpg\" alt=\"Tulpaner och pingstliljor som v\u00e4xer mellan klippta klot av m\u00e5b\u00e4r \u00e4r en fin kombination f\u00f6r v\u00e5rrabatten.\" width=\"410\" height=\"547\" srcset=\"https:\/\/rosenholm.se\/wp-content\/uploads\/2022\/01\/D2X_7790-410x547.jpg 410w, https:\/\/rosenholm.se\/wp-content\/uploads\/2022\/01\/D2X_7790-525x700.jpg 525w, https:\/\/rosenholm.se\/wp-content\/uploads\/2022\/01\/D2X_7790-390x520.jpg 390w, https:\/\/rosenholm.se\/wp-content\/uploads\/2022\/01\/D2X_7790.jpg 768w\" sizes=\"auto, (max-width: 410px) 100vw, 410px\" \/><p id=\"caption-attachment-13347\" class=\"wp-caption-text\">Tulpaner och pingstliljor mellan klippta klot av m\u00e5b\u00e4r \u00e4r en fin kombination f\u00f6r v\u00e5rrabatten.<\/p><\/div>\n<p>Det beh\u00f6vs inte m\u00e5nga formklippta figurer f\u00f6r att tr\u00e4dg\u00e5rden ska f\u00e5 ett lyft och inte beh\u00f6ver de vara komplicerade heller. Det r\u00e4cker bra med enkla geometriska former som klot, kuber och raka eller b\u00e5gformade h\u00e4ckar som bildar passande m\u00f6nster. Placerar man dem inne i rabatten. mellan friv\u00e4xande perenner och buskar. \u00e5stadkoms en effektiv kontrastverkan mellan stramt och yvigt. Man kan g\u00e4rna l\u00e5ta likadana klippta former \u00e5terkomma p\u00e5 n\u00e5gra olika st\u00e4llen i en plantering. Det ger lugn, harmoni och kontinuitet vilket ofelbart g\u00f6r att rabatterna upplevs intressantare och ser snyggare ut.<\/p>\n<div id=\"attachment_13366\" style=\"width: 710px\" class=\"wp-caption alignnone\"><img loading=\"lazy\" decoding=\"async\" aria-describedby=\"caption-attachment-13366\" class=\"size-large wp-image-13366\" src=\"https:\/\/rosenholm.se\/wp-content\/uploads\/2022\/01\/D2X_6620-1-700x465.jpg\" alt=\"I tr\u00e4dg\u00e5rdsdesignern Henk Gerritsens tr\u00e4dg\u00e5rd i Holland pryder buxbomsh\u00f6nor och bollar en bra bit av gr\u00e4smattan.\" width=\"700\" height=\"465\" srcset=\"https:\/\/rosenholm.se\/wp-content\/uploads\/2022\/01\/D2X_6620-1-700x465.jpg 700w, https:\/\/rosenholm.se\/wp-content\/uploads\/2022\/01\/D2X_6620-1-410x272.jpg 410w, https:\/\/rosenholm.se\/wp-content\/uploads\/2022\/01\/D2X_6620-1-390x259.jpg 390w, https:\/\/rosenholm.se\/wp-content\/uploads\/2022\/01\/D2X_6620-1.jpg 1024w, https:\/\/rosenholm.se\/wp-content\/uploads\/2022\/01\/D2X_6620-1-410x272@2x.jpg 820w, https:\/\/rosenholm.se\/wp-content\/uploads\/2022\/01\/D2X_6620-1-390x259@2x.jpg 780w\" sizes=\"auto, (max-width: 700px) 100vw, 700px\" \/><p id=\"caption-attachment-13366\" class=\"wp-caption-text\">I tr\u00e4dg\u00e5rdsdesignern Henk Gerritsens tr\u00e4dg\u00e5rd i Holland pryder buxbomsh\u00f6nor och -bollar en bra bit av gr\u00e4smattan.<\/p><\/div>\n<p>Fantasifullt klippta figurer f\u00f6rest\u00e4llande djur, vattenkannor eller abstrakta formationer kan anv\u00e4ndas f\u00f6r att skapa dramatik och sp\u00e4nning och g\u00f6ra tr\u00e4dg\u00e5rden lite mer skojfrisk. F\u00f6r vem v\u00e4ntar sig att hitta en gr\u00f6n bj\u00f6rn eller h\u00f6na i rabatten?<\/p>\n<p>Klippta formationer beh\u00f6ver s\u00e5 klart inte v\u00e4xa inne i rabatten, \u00e4ven fast det ofta blir v\u00e4ldigt bra, utan kan placeras n\u00e4stan var som helst. De kan st\u00e5 som v\u00e4lkomnande gr\u00f6na skulpturer vid entr\u00e9n, omge uteplatsen d\u00e4r vi kan sitta ner och beundra dem p\u00e5 n\u00e4ra h\u00e5ll eller s\u00e5 kan man l\u00e5ta placera ut en hel grupp formklippta h\u00f6nor i ena kanten av gr\u00e4smattan. Det blir visserligen lite extra jobb att klippa gr\u00e4set mellan dem, men det kan det vara \u00e4r v\u00e4rt eftersom arrangemanget blir v\u00e4ldigt tilltalande i sin enkelhet.<\/p>\n<div id=\"attachment_13351\" style=\"width: 710px\" class=\"wp-caption alignnone\"><img loading=\"lazy\" decoding=\"async\" aria-describedby=\"caption-attachment-13351\" class=\"size-large wp-image-13351\" src=\"https:\/\/rosenholm.se\/wp-content\/uploads\/2022\/01\/DSC06561-700x467.jpg\" alt=\"L\u00e4ckra abstrakta formationer av buxbom kan man njuta av vid uteplatsen i den ber\u00f6mda tr\u00e4dg\u00e5rd som Ulla Molin skapade i H\u00f6gan\u00e4s.\" width=\"700\" height=\"467\" srcset=\"https:\/\/rosenholm.se\/wp-content\/uploads\/2022\/01\/DSC06561-700x467.jpg 700w, https:\/\/rosenholm.se\/wp-content\/uploads\/2022\/01\/DSC06561-410x273.jpg 410w, https:\/\/rosenholm.se\/wp-content\/uploads\/2022\/01\/DSC06561-390x260.jpg 390w, https:\/\/rosenholm.se\/wp-content\/uploads\/2022\/01\/DSC06561.jpg 1024w, https:\/\/rosenholm.se\/wp-content\/uploads\/2022\/01\/DSC06561-410x273@2x.jpg 820w, https:\/\/rosenholm.se\/wp-content\/uploads\/2022\/01\/DSC06561-390x260@2x.jpg 780w\" sizes=\"auto, (max-width: 700px) 100vw, 700px\" \/><p id=\"caption-attachment-13351\" class=\"wp-caption-text\">L\u00e4ckra abstrakta formationer av buxbom kan man njuta av vid uteplatsen i den ber\u00f6mda tr\u00e4dg\u00e5rd som Ulla Molin skapade i H\u00f6gan\u00e4s.<\/p><\/div>\n<div id=\"attachment_13363\" style=\"width: 710px\" class=\"wp-caption alignnone\"><img loading=\"lazy\" decoding=\"async\" aria-describedby=\"caption-attachment-13363\" class=\"size-large wp-image-13363\" src=\"https:\/\/rosenholm.se\/wp-content\/uploads\/2022\/01\/DSC_7391-700x464.jpg\" alt=\"Blommande v\u00e4xter kommer mycket bra till sin r\u00e4tt n\u00e4r de spelar ut mot l\u00e5ga strikt klippta h\u00e4ckar och klot av buxbom.\" width=\"700\" height=\"464\" srcset=\"https:\/\/rosenholm.se\/wp-content\/uploads\/2022\/01\/DSC_7391-700x464.jpg 700w, https:\/\/rosenholm.se\/wp-content\/uploads\/2022\/01\/DSC_7391-410x272.jpg 410w, https:\/\/rosenholm.se\/wp-content\/uploads\/2022\/01\/DSC_7391-390x259.jpg 390w, https:\/\/rosenholm.se\/wp-content\/uploads\/2022\/01\/DSC_7391.jpg 1024w, https:\/\/rosenholm.se\/wp-content\/uploads\/2022\/01\/DSC_7391-410x272@2x.jpg 820w, https:\/\/rosenholm.se\/wp-content\/uploads\/2022\/01\/DSC_7391-390x259@2x.jpg 780w\" sizes=\"auto, (max-width: 700px) 100vw, 700px\" \/><p id=\"caption-attachment-13363\" class=\"wp-caption-text\">Blommande v\u00e4xter kommer mycket bra till sin r\u00e4tt n\u00e4r de spelar ut mot l\u00e5ga strikt klippta h\u00e4ckar och klot av buxbom.<\/p><\/div>\n<h5>Bra v\u00e4xter att formklippa<\/h5>\n<p>M\u00e5nga v\u00e4xter g\u00e5r att klippa och forma till de figurer som man \u00f6nskar, men en del \u00e4r mer l\u00e4mpade \u00e4n andra. H\u00e4r presenterar vi fyra s\u00e4kra kort som \u00e4r enkla och bra att b\u00f6rja med:<\/p>\n<div id=\"attachment_13353\" style=\"width: 420px\" class=\"wp-caption alignright\"><img loading=\"lazy\" decoding=\"async\" aria-describedby=\"caption-attachment-13353\" class=\"size-medium wp-image-13353\" src=\"https:\/\/rosenholm.se\/wp-content\/uploads\/2022\/01\/DSC_6137-410x618.jpg\" alt=\"I den radhustr\u00e4dg\u00e5rd som tr\u00e4dg\u00e5rdsarkitekten Walter Bauer utformade \u00e5t sig sj\u00e4lv p\u00e5 Liding\u00f6 skapas en stark rumsk\u00e4nsla och tredimensionell form av de klippta figurerna i idegran, hagtorn och buxbom. En effekt som finns kvar \u00e4ven p\u00e5 vintern n\u00e4r sn\u00f6n kl\u00e4r in tr\u00e4dg\u00e5rden i sitt vita t\u00e4cke.\" width=\"410\" height=\"618\" srcset=\"https:\/\/rosenholm.se\/wp-content\/uploads\/2022\/01\/DSC_6137-410x618.jpg 410w, https:\/\/rosenholm.se\/wp-content\/uploads\/2022\/01\/DSC_6137-464x700.jpg 464w, https:\/\/rosenholm.se\/wp-content\/uploads\/2022\/01\/DSC_6137-390x588.jpg 390w, https:\/\/rosenholm.se\/wp-content\/uploads\/2022\/01\/DSC_6137.jpg 679w\" sizes=\"auto, (max-width: 410px) 100vw, 410px\" \/><p id=\"caption-attachment-13353\" class=\"wp-caption-text\">I den radhustr\u00e4dg\u00e5rd tr\u00e4dg\u00e5rdsarkitekten Walter Bauer utformade p\u00e5 Liding\u00f6 skapas en stark rumsk\u00e4nsla och tredimensionell form av klippta figurer i idegran, hagtorn och buxbom. En effekt som finns kvar \u00e4ven p\u00e5 vintern n\u00e4r sn\u00f6n kl\u00e4r in tr\u00e4dg\u00e5rden i sitt vita t\u00e4cke.<\/p><\/div>\n<p><strong>Buxbom<\/strong> <em>Buxus sempervirens <\/em>\u00e4r en klassisk och mycket popul\u00e4r buske f\u00f6r formklippning. Den \u00e4r st\u00e4dsegr\u00f6n och mycket t\u00e4t, vilket \u00e4r en stor tillg\u00e5ng n\u00e4r man vill formklippa. Dessutom v\u00e4xer den l\u00e5ngsamt vilket g\u00f6r det l\u00e4tt att h\u00e5lla figurerna v\u00e4ltrimmade. En till tv\u00e5 klippningar per \u00e5r r\u00e4cker bra, de g\u00f6rs l\u00e4mpligen i april respektive augusti. Bor man en bit upp i landet brukar det vara s\u00e4krast att besk\u00e4ra under f\u00f6rsta halvan av augusti f\u00f6r att inte \u00e4ventyra \u00f6vervintringen. Den trivs i sol\u2013halvskugga och kan utan problem odlas till och med zon 3. St\u00e5r den soligt till b\u00f6r man skydda plantan mot stark v\u00e5rsol under \u00e5tminstone de f\u00f6rsta \u00e5ren.<\/p>\n<div id=\"attachment_13355\" style=\"width: 710px\" class=\"wp-caption alignnone\"><img loading=\"lazy\" decoding=\"async\" aria-describedby=\"caption-attachment-13355\" class=\"size-large wp-image-13355\" src=\"https:\/\/rosenholm.se\/wp-content\/uploads\/2022\/01\/DSC_6315-700x464.jpg\" alt=\"Vem ska f\u00e5 ekollonet? De formklippta idegransf\u00e5glarna verkar vara oeniga om vem som ska f\u00e5 s\u00e4tta i sig ekollonet av sten.\" width=\"700\" height=\"464\" srcset=\"https:\/\/rosenholm.se\/wp-content\/uploads\/2022\/01\/DSC_6315-700x464.jpg 700w, https:\/\/rosenholm.se\/wp-content\/uploads\/2022\/01\/DSC_6315-410x272.jpg 410w, https:\/\/rosenholm.se\/wp-content\/uploads\/2022\/01\/DSC_6315-390x259.jpg 390w, https:\/\/rosenholm.se\/wp-content\/uploads\/2022\/01\/DSC_6315.jpg 1024w, https:\/\/rosenholm.se\/wp-content\/uploads\/2022\/01\/DSC_6315-410x272@2x.jpg 820w, https:\/\/rosenholm.se\/wp-content\/uploads\/2022\/01\/DSC_6315-390x259@2x.jpg 780w\" sizes=\"auto, (max-width: 700px) 100vw, 700px\" \/><p id=\"caption-attachment-13355\" class=\"wp-caption-text\">Vem ska f\u00e5 ekollonet? De formklippta idegransf\u00e5glarna verkar vara oeniga om vem som ska f\u00e5 s\u00e4tta i sig ekollonet av sten.<\/p><\/div>\n<p><strong>Idegran<\/strong> <em>Taxus <\/em>x <em>media <\/em>\u2018Hilli\u2019 \u00e4r f\u00f6rn\u00e4mlig f\u00f6r formklippning. Den \u00e4r en st\u00e4dsegr\u00f6n barrv\u00e4xt med m\u00f6rkgr\u00f6n f\u00e4rg, t\u00e4tt v\u00e4xts\u00e4tt och elegant utstr\u00e5lning. D\u00e5 den v\u00e4xer fortare \u00e4n buxbom g\u00e5r det snabbare att g\u00f6ra lite st\u00f6rre figurer av den, men den \u00e4r fortfarande s\u00e5 pass \u00e5terh\u00e5llsam i sin tillv\u00e4xt att den \u00e4r l\u00e4tt att h\u00e5lla v\u00e4lklippt och snygg med en till tv\u00e5 klippningar per \u00e5r, p\u00e5 samma s\u00e4tt som buxbom. Den \u00e4r anspr\u00e5ksl\u00f6s och kan v\u00e4xa i s\u00e5v\u00e4l sol som skugga. Zon 4.<\/p>\n<p><strong>Liguster <\/strong><em>Ligustrum vulgare<\/em> \u00e4r en annan utm\u00e4rkt v\u00e4xt f\u00f6r formklippning. Den \u00e4r inte vintergr\u00f6n men beh\u00e5ller bladen l\u00e4nge p\u00e5 h\u00f6sten och ofta l\u00e5ngt in p\u00e5 vintern. Blir t\u00e4t och fin, men v\u00e4xer fortare \u00e4n idegran och buxbom s\u00e5 den beh\u00f6ver putsas lite oftare. Det finns \u00e4ven en vintergr\u00f6n sort av liguster, <em>L. vulgare <\/em>var. <em>italicum<\/em>, men den \u00e4r mindre h\u00e4rdig \u00e4n arten och brukar bara rekommenderas f\u00f6r zon 2, alternativt gynnsamma l\u00e4gen i zon 3. Vanlig liguster \u00e4r h\u00e4rdig till zon 4, den \u00e4r t\u00e5lig och kan v\u00e4xa i b\u00e5de sol och skugga men \u00e4r k\u00e4nslig f\u00f6r st\u00e5ende fukt.<\/p>\n<p><strong>M\u00e5b\u00e4r <\/strong><em>Ribes alpinum <\/em>\u2019Schmidt\u2019 \u00e4r h\u00e4rdig till zon 6, vilket inneb\u00e4r att den g\u00e5r att odla i stora delar av landet. Den \u00e4r inte vintergr\u00f6n, men har ett s\u00e5 t\u00e4tt v\u00e4xts\u00e4tt att en klippt figur tydligt avtecknar sig \u00e4ven n\u00e4r den \u00e4r avl\u00f6vad. Det h\u00e4r \u00e4r en mycket anspr\u00e5ksl\u00f6s v\u00e4xt som t\u00e5l det mesta och \u00e4r l\u00e4tt att forma. V\u00e4xer fortare \u00e4n i alla fall buxbom och idegran och kr\u00e4ver lite mer putsning. Alldeles efter l\u00f6vsprickningen p\u00e5 v\u00e5ren \u00e4r de extra vackra d\u00e5 bladen har en skir ljusgr\u00f6n f\u00e4rg. Fram\u00e5t sommaren blir de mellangr\u00f6na. M\u00e5b\u00e4r kan v\u00e4xa i soligt till ganska skuggigt l\u00e4ge.<\/p>\n<h5>S\u00e5 h\u00e4r g\u00f6r du<\/h5>\n<p>F\u00e4rdiga buxbomsklot av olika storlek finns ofta att k\u00f6pa p\u00e5 plantskolorna. Eftersom buxbom \u00e4r l\u00e5ngsamv\u00e4xande och det tar ett tag att f\u00e5 fram fina klot \u00e4r de inte alltf\u00f6r billiga i ink\u00f6p. Har man redan buxbom i tr\u00e4dg\u00e5rden s\u00e5 ska man ta med i ber\u00e4kningen att det finns risk att de b\u00e4r med sig sjukdomar, d\u00e5 kanske egen f\u00f6r\u00f6kning med sticklingar \u00e4r ett b\u00e4ttre alternativ.<\/p>\n<div id=\"attachment_13357\" style=\"width: 420px\" class=\"wp-caption alignright\"><img loading=\"lazy\" decoding=\"async\" aria-describedby=\"caption-attachment-13357\" class=\"size-medium wp-image-13357\" src=\"https:\/\/rosenholm.se\/wp-content\/uploads\/2022\/01\/DSC06513-410x513.jpg\" alt=\"H\u00e4r har man verkligen excellerat i klippta former av m\u00e5nga olika sorters v\u00e4xter. Strikta kuber under tv\u00e5 sm\u00e5 tr\u00e4d, vars kronor klippts till cirkelrunda decimetertjocka plana skivor, omger ett n\u00e5got h\u00f6gre tr\u00e4d med oval krona.\" width=\"410\" height=\"513\" srcset=\"https:\/\/rosenholm.se\/wp-content\/uploads\/2022\/01\/DSC06513-410x513.jpg 410w, https:\/\/rosenholm.se\/wp-content\/uploads\/2022\/01\/DSC06513-560x700.jpg 560w, https:\/\/rosenholm.se\/wp-content\/uploads\/2022\/01\/DSC06513-390x488.jpg 390w, https:\/\/rosenholm.se\/wp-content\/uploads\/2022\/01\/DSC06513.jpg 819w, https:\/\/rosenholm.se\/wp-content\/uploads\/2022\/01\/DSC06513-410x513@2x.jpg 820w, https:\/\/rosenholm.se\/wp-content\/uploads\/2022\/01\/DSC06513-390x488@2x.jpg 780w\" sizes=\"auto, (max-width: 410px) 100vw, 410px\" \/><p id=\"caption-attachment-13357\" class=\"wp-caption-text\">H\u00e4r har man excellerat i klippta former av varierande v\u00e4xter. Strikta kuber under minitr\u00e4d formade till cirkelrunda, decimetertjocka skivor, omger ett \u00a0busktr\u00e4d.<\/p><\/div>\n<p>F\u00f6r idegran, liguster och m\u00e5b\u00e4r \u00e4r det inte lika vanligt att man hittar redan f\u00e4rdigklippta former och d\u00e5 f\u00e5r man starta fr\u00e5n b\u00f6rjan sj\u00e4lv, och det kan man f\u00f6rst\u00e5s ocks\u00e5 g\u00f6ra med buxbom om man vill.<\/p>\n<p>Det b\u00e4sta s\u00e4ttet att sj\u00e4lv snabbt skapa ett gr\u00f6nt klot \u00e4r att anv\u00e4nda h\u00e4ckplantor. Man planterar fem sm\u00e5 plantor tillsammans p\u00e5 s\u00e5 s\u00e4tt att en placeras i mitten och de fyra andra runt om. Att skapa ett klot p\u00e5 det viset g\u00e5r fortare \u00e4n om man s\u00e4tter en ensam st\u00f6rre planta.<\/p>\n<div id=\"attachment_13358\" style=\"width: 710px\" class=\"wp-caption alignnone\"><img loading=\"lazy\" decoding=\"async\" aria-describedby=\"caption-attachment-13358\" class=\"size-large wp-image-13358\" src=\"https:\/\/rosenholm.se\/wp-content\/uploads\/2022\/01\/D2X_6587-700x465.jpg\" alt=\"Om man bor i ett k\u00e4rvare klimat \u00e4n zon 3 och g\u00e4rna vill odla buxbom med gott resultat kan ett alternativ vara att ha dem i krukor som man tar in p\u00e5 ett frostfritt, men inte alltf\u00f6r varmt st\u00e4lle \u00f6ver vintern.\" width=\"700\" height=\"465\" srcset=\"https:\/\/rosenholm.se\/wp-content\/uploads\/2022\/01\/D2X_6587-700x465.jpg 700w, https:\/\/rosenholm.se\/wp-content\/uploads\/2022\/01\/D2X_6587-410x272.jpg 410w, https:\/\/rosenholm.se\/wp-content\/uploads\/2022\/01\/D2X_6587-390x259.jpg 390w, https:\/\/rosenholm.se\/wp-content\/uploads\/2022\/01\/D2X_6587.jpg 1024w, https:\/\/rosenholm.se\/wp-content\/uploads\/2022\/01\/D2X_6587-410x272@2x.jpg 820w, https:\/\/rosenholm.se\/wp-content\/uploads\/2022\/01\/D2X_6587-390x259@2x.jpg 780w\" sizes=\"auto, (max-width: 700px) 100vw, 700px\" \/><p id=\"caption-attachment-13358\" class=\"wp-caption-text\">Bor man i k\u00e4rvare klimat \u00e4n zon 3 och vill odla buxbom med gott resultat kan ett alternativ vara krukor som tas in p\u00e5 ett frostfritt, men inte alltf\u00f6r varmt st\u00e4lle \u00f6ver vintern.<\/p><\/div>\n<p>Med fantasin som begr\u00e4nsande faktor kan man, om man s\u00e5 vill, forts\u00e4tta och s\u00e4tta plantor som i framtiden kan formas till de mest fantastiska skapelser. Och r\u00e5kar man klippa fel n\u00e5gon g\u00e5ng s\u00e5 r\u00e4ttar det alltid till sig med tiden, speciellt om man anv\u00e4nder de villigt v\u00e4xande buskar som f\u00f6resl\u00e5s h\u00e4r. Vill man g\u00f6ra en rej\u00e4lt komplicerad figur bygger man en st\u00e4llning av grov st\u00e5ltr\u00e5d eller k\u00f6per en f\u00e4rdig form som busken f\u00e5r v\u00e4xa runt s\u00e5 att det enkelt g\u00e5r att se hur formen ska klippas.<\/p>\n<div id=\"attachment_13361\" style=\"width: 710px\" class=\"wp-caption alignnone\"><img loading=\"lazy\" decoding=\"async\" aria-describedby=\"caption-attachment-13361\" class=\"size-large wp-image-13361\" src=\"https:\/\/rosenholm.se\/wp-content\/uploads\/2022\/01\/DSC07407-700x525.jpg\" alt=\"H\u00f6nsg\u00e5rden, som den brukar kallas, hemma hos landskapsarkitekten Sven-Ingvar Andersson \u00e4r en v\u00e4lpIanerad blandning av formalitet och humor. H\u00f6norna, i klippt hagtorn, har f\u00f6r l\u00e4nge sedan blivit fullvuxna och f\u00e5r dela utrymmet med buxbomsrundlar fyllda av perenner och rosor.\" width=\"700\" height=\"525\" srcset=\"https:\/\/rosenholm.se\/wp-content\/uploads\/2022\/01\/DSC07407-700x525.jpg 700w, https:\/\/rosenholm.se\/wp-content\/uploads\/2022\/01\/DSC07407-410x308.jpg 410w, https:\/\/rosenholm.se\/wp-content\/uploads\/2022\/01\/DSC07407-390x293.jpg 390w, https:\/\/rosenholm.se\/wp-content\/uploads\/2022\/01\/DSC07407.jpg 1024w, https:\/\/rosenholm.se\/wp-content\/uploads\/2022\/01\/DSC07407-410x308@2x.jpg 820w, https:\/\/rosenholm.se\/wp-content\/uploads\/2022\/01\/DSC07407-390x293@2x.jpg 780w\" sizes=\"auto, (max-width: 700px) 100vw, 700px\" \/><p id=\"caption-attachment-13361\" class=\"wp-caption-text\">H\u00f6nsg\u00e5rden, som den brukade kallas, hemma hos landskapsarkitekten Sven-Ingvar Andersson var en v\u00e4lpIanerad blandning av formalitet och humor. De vuxna h\u00f6norna, i klippt hagtorn, delar utrymme med buxbomsrundlar fyllda av perenner och rosor.<\/p><\/div>\n","protected":false},"excerpt":{"rendered":"<p>Det \u00e4r n\u00e5got visst med formklippta v\u00e4xter. De skapar en alldeles speciell tr\u00e4dg\u00e5rdsk\u00e4nsla och f\u00e5r blommande perenner och buskar att k\u00e4nnas \u00e4nnu mer blommiga och f\u00f6rtjusande. I m\u00f6tet mellan det&hellip; <\/p>\n","protected":false},"author":1,"featured_media":0,"parent":0,"menu_order":0,"comment_status":"closed","ping_status":"closed","template":"","meta":{"footnotes":""},"class_list":["post-13345","page","type-page","status-publish","hentry"],"_links":{"self":[{"href":"https:\/\/rosenholm.se\/index.php?rest_route=\/wp\/v2\/pages\/13345","targetHints":{"allow":["GET"]}}],"collection":[{"href":"https:\/\/rosenholm.se\/index.php?rest_route=\/wp\/v2\/pages"}],"about":[{"href":"https:\/\/rosenholm.se\/index.php?rest_route=\/wp\/v2\/types\/page"}],"author":[{"embeddable":true,"href":"https:\/\/rosenholm.se\/index.php?rest_route=\/wp\/v2\/users\/1"}],"replies":[{"embeddable":true,"href":"https:\/\/rosenholm.se\/index.php?rest_route=%2Fwp%2Fv2%2Fcomments&post=13345"}],"version-history":[{"count":38,"href":"https:\/\/rosenholm.se\/index.php?rest_route=\/wp\/v2\/pages\/13345\/revisions"}],"predecessor-version":[{"id":13469,"href":"https:\/\/rosenholm.se\/index.php?rest_route=\/wp\/v2\/pages\/13345\/revisions\/13469"}],"wp:attachment":[{"href":"https:\/\/rosenholm.se\/index.php?rest_route=%2Fwp%2Fv2%2Fmedia&parent=13345"}],"curies":[{"name":"wp","href":"https:\/\/api.w.org\/{rel}","templated":true}]}}