{"id":12458,"date":"2021-02-08T17:35:52","date_gmt":"2021-02-08T16:35:52","guid":{"rendered":"https:\/\/rosenholm.se\/?page_id=12458"},"modified":"2021-02-10T18:19:03","modified_gmt":"2021-02-10T17:19:03","slug":"rott-som-i-rosor","status":"publish","type":"page","link":"https:\/\/rosenholm.se\/?page_id=12458","title":{"rendered":"R\u00f6tt som i r\u00f6da rosor"},"content":{"rendered":"<p><em>Text och bild: Dan Rosenholm<\/em><\/p>\n<p>Det \u00e4r n\u00e5got speciellt med rosor som \u00e4r r\u00f6da. De v\u00e4cker k\u00e4nslor, det \u00e4r sv\u00e5rt att vara likgiltig inf\u00f6r dem. Dels \u00e4r det f\u00e4rgen i sig sj\u00e4lv. R\u00f6tt s\u00e4gs utstr\u00e5la kamp, energi, aggressivitet, men framf\u00f6rallt\u00a0 k\u00e4rlek och passion. Kanske beror det p\u00e5 dess intensivitet, kanske det bara \u00e4r kulturellt betingat, ned\u00e4rvt fr\u00e5n det gamla Grekland, Romarriket och astrologins symboler?<\/p>\n<div id=\"attachment_12469\" style=\"width: 420px\" class=\"wp-caption alignright\"><img loading=\"lazy\" decoding=\"async\" aria-describedby=\"caption-attachment-12469\" class=\"size-medium wp-image-12469\" src=\"https:\/\/rosenholm.se\/wp-content\/uploads\/2021\/02\/D2X_3284-1-410x547.jpg\" alt=\"Plantera g\u00e4rna dina r\u00f6da rosor mot en neutral gr\u00e5 bakgrund, d\u00e5 lyser f\u00e4rgen \u00e4nnu klarare. Floribundarosen heter 'Erna Grootendorst', togs fram 1938 och kan anv\u00e4ndas i Norrland upp till zon 5. I bakgrunden lyser vitmal\u00f6rt Artemisia ludoviciana 'Silver Queen'.\" width=\"410\" height=\"547\" srcset=\"https:\/\/rosenholm.se\/wp-content\/uploads\/2021\/02\/D2X_3284-1-410x547.jpg 410w, https:\/\/rosenholm.se\/wp-content\/uploads\/2021\/02\/D2X_3284-1-525x700.jpg 525w, https:\/\/rosenholm.se\/wp-content\/uploads\/2021\/02\/D2X_3284-1-390x520.jpg 390w, https:\/\/rosenholm.se\/wp-content\/uploads\/2021\/02\/D2X_3284-1.jpg 768w\" sizes=\"auto, (max-width: 410px) 100vw, 410px\" \/><p id=\"caption-attachment-12469\" class=\"wp-caption-text\">Plantera g\u00e4rna dina r\u00f6da rosor mot en neutral gr\u00e5 bakgrund, d\u00e5 lyser f\u00e4rgen \u00e4nnu klarare. Floribundarosen heter &#8217;Erna Grootendorst&#8217;, togs fram 1938 och kan anv\u00e4ndas i Norrland upp till zon 5. I bakgrunden lyser vitmal\u00f6rt Artemisia ludoviciana &#8217;Silver Queen&#8217;.<\/p><\/div>\n<p>Men fascinationen \u00f6ver r\u00f6da rosor har ocks\u00e5 helt egna anor. Adonis blev i den grekiska mytologin den gud som fick symbolisera \u00e5rstiderna. Det berodde p\u00e5 att han tack vare gudinnan Afrodites k\u00e4rlek blev \u00e5terkallad fr\u00e5n d\u00f6dsriket av Zeus. Men det var p\u00e5 ett villkor, han fick bara vara bland de levande under sommarhalv\u00e5ret. S\u00e5 p\u00e5 sommaren grodde och v\u00e4xte det och p\u00e5 vintern vissnade allt ner. Vad har dessa b\u00e5da gudars livs\u00f6den med r\u00f6da rosor att g\u00f6ra? Jo, de r\u00f6da rosorna l\u00e4r ha uppst\u00e5tt ur de bloddroppar som landade p\u00e5 en vit ros n\u00e4r Afrodite f\u00f6rs\u00f6kte r\u00e4dda Adonis liv. Kopplingen till k\u00e4rlek och passion har funnits l\u00e4nge.<\/p>\n<div id=\"attachment_12470\" style=\"width: 420px\" class=\"wp-caption alignright\"><img loading=\"lazy\" decoding=\"async\" aria-describedby=\"caption-attachment-12470\" class=\"size-medium wp-image-12470\" src=\"https:\/\/rosenholm.se\/wp-content\/uploads\/2021\/02\/D2X_3427-410x547.jpg\" alt=\"Hur vackra vita fingerborgsblommor Digitalis g\u00f6r sig tillsammans med r\u00f6da rosor kan man f\u00e5 se i Wij Tr\u00e4dg\u00e5rdar utanf\u00f6r Ockelbo i G\u00e4strikland. Rosen 'Alain' \u00e4r en h\u00e4rdig floribunda som klarar sig upp till zon 5 och blommar oavbrutet hela s\u00e4songen in p\u00e5 senh\u00f6sten. Den har sitt ursprung hos den franska rosf\u00f6r\u00e4dlaren Meilland 1948. Att den har n\u00e5gra \u00e5r p\u00e5 nacken och fortfarande anv\u00e4nds \u00e4r i sig en garanti f\u00f6r t\u00e5lighet.\" width=\"410\" height=\"547\" srcset=\"https:\/\/rosenholm.se\/wp-content\/uploads\/2021\/02\/D2X_3427-410x547.jpg 410w, https:\/\/rosenholm.se\/wp-content\/uploads\/2021\/02\/D2X_3427-525x700.jpg 525w, https:\/\/rosenholm.se\/wp-content\/uploads\/2021\/02\/D2X_3427-390x520.jpg 390w, https:\/\/rosenholm.se\/wp-content\/uploads\/2021\/02\/D2X_3427.jpg 768w\" sizes=\"auto, (max-width: 410px) 100vw, 410px\" \/><p id=\"caption-attachment-12470\" class=\"wp-caption-text\">Vita fingerborgsblommor tillsammans med r\u00f6da rosor i Wij Tr\u00e4dg\u00e5rdar utanf\u00f6r Ockelbo. Floribundarosen &#8217;Alain&#8217; klarar sig upp till zon 5 och blommar oavbrutet in p\u00e5 senh\u00f6sten. Ursprung hos den franska rosf\u00f6r\u00e4dlaren Meilland 1948.<\/p><\/div>\n<p>R\u00f6da och vita rosor fick i mer n\u00e4ra nutid en helt annan symbolik. Rosornas krig kallades de slag\u00a0 som p\u00e5gick av och till 1455\u20131485 mellan de feodala kungliga \u00e4tterna Lancaster och York i England. Idag skulle vi snarast kalla det f\u00f6r klankrig. Namnet uppstod helt enkelt, i efterhand, av att Lancasters symbol var r\u00f6da rosor och Yorks vita. Den damascenerros som b\u00e5de ger r\u00f6da och vita blommor har f\u00f6ljdaktligen ocks\u00e5 f\u00e5tt namnet &#8217;York and Lancaster&#8217;.<\/p>\n<div id=\"attachment_12477\" style=\"width: 710px\" class=\"wp-caption alignnone\"><img loading=\"lazy\" decoding=\"async\" aria-describedby=\"caption-attachment-12477\" class=\"size-large wp-image-12477\" src=\"https:\/\/rosenholm.se\/wp-content\/uploads\/2021\/02\/D3R_1829-700x466.jpg\" alt=\"\u00c4ven n\u00e4r det inte blommar i tr\u00e4dg\u00e5rden s\u00e5 finns i alla fall r\u00f6da rosor som snittblommor att f\u00f6rgylla tillvaron med.\" width=\"700\" height=\"466\" srcset=\"https:\/\/rosenholm.se\/wp-content\/uploads\/2021\/02\/D3R_1829-700x466.jpg 700w, https:\/\/rosenholm.se\/wp-content\/uploads\/2021\/02\/D3R_1829-410x273.jpg 410w, https:\/\/rosenholm.se\/wp-content\/uploads\/2021\/02\/D3R_1829-390x259.jpg 390w, https:\/\/rosenholm.se\/wp-content\/uploads\/2021\/02\/D3R_1829.jpg 1024w, https:\/\/rosenholm.se\/wp-content\/uploads\/2021\/02\/D3R_1829-410x273@2x.jpg 820w, https:\/\/rosenholm.se\/wp-content\/uploads\/2021\/02\/D3R_1829-390x259@2x.jpg 780w\" sizes=\"auto, (max-width: 700px) 100vw, 700px\" \/><p id=\"caption-attachment-12477\" class=\"wp-caption-text\">\u00c4ven n\u00e4r det inte blommar i tr\u00e4dg\u00e5rden s\u00e5 finns i alla fall r\u00f6da rosor som snittblommor att f\u00f6rgylla tillvaron med.<\/p><\/div>\n<p>Det finns en h\u00f6gst nutida anv\u00e4ndning kopplad till det. Uttrycket rosornas krig anv\u00e4nds mer eller mindre sk\u00e4mtsamt varje g\u00e5ng det finns olika \u00e5sikter inom Socialdemokraterna. I st\u00f6rre delarna av Europa har just den r\u00f6da rosen f\u00e5tt vara symbol f\u00f6r socialdemokratin. Som s\u00e5dan \u00e4r den mycket anv\u00e4ndbar. De stora antalet kronblad kan st\u00e5 f\u00f6r samh\u00e4llet, taggarna f\u00f6r kampen, blommornas sk\u00f6rhet f\u00f6r m\u00e4nniskans utsatthet och naturligtvis f\u00e4rgen som f\u00e5r symbolisera socialism.<\/p>\n<p>Bortsett fr\u00e5n det \u00e4r r\u00f6da rosor snygga helt oberoende av traditioner och historia. Ta chansen, och ge ett knippe till n\u00e5gon du h\u00e5ller av. Eller \u00e4nnu b\u00e4ttre, plantera en hel massa i tr\u00e4dg\u00e5rden s\u00e5 kan alla njuta under flera \u00e5r!<\/p>\n<h5>R\u00f6da rosor \u2013 tillsammans och ensamma<\/h5>\n<div id=\"attachment_12459\" style=\"width: 710px\" class=\"wp-caption alignnone\"><img loading=\"lazy\" decoding=\"async\" aria-describedby=\"caption-attachment-12459\" class=\"size-large wp-image-12459\" src=\"https:\/\/rosenholm.se\/wp-content\/uploads\/2021\/02\/D2X_1063-700x465.jpg\" alt=\"Massor av rosor i tv\u00e5 olika r\u00f6da nyanser, Laubjerg Rosenhave p\u00e5 Jylland.\" width=\"700\" height=\"465\" srcset=\"https:\/\/rosenholm.se\/wp-content\/uploads\/2021\/02\/D2X_1063-700x465.jpg 700w, https:\/\/rosenholm.se\/wp-content\/uploads\/2021\/02\/D2X_1063-410x272.jpg 410w, https:\/\/rosenholm.se\/wp-content\/uploads\/2021\/02\/D2X_1063-390x259.jpg 390w, https:\/\/rosenholm.se\/wp-content\/uploads\/2021\/02\/D2X_1063.jpg 1024w, https:\/\/rosenholm.se\/wp-content\/uploads\/2021\/02\/D2X_1063-410x272@2x.jpg 820w, https:\/\/rosenholm.se\/wp-content\/uploads\/2021\/02\/D2X_1063-390x259@2x.jpg 780w\" sizes=\"auto, (max-width: 700px) 100vw, 700px\" \/><p id=\"caption-attachment-12459\" class=\"wp-caption-text\">Massor av rosor i tv\u00e5 olika r\u00f6da nyanser, Laubjerg Rosenhave p\u00e5 Jylland.<\/p><\/div>\n<p>Massor av rosor i tv\u00e5 olika r\u00f6da nyanser, i f\u00f6rgrunden v\u00e4xer den storblommiga kl\u00e4tterrosen &#8217;Santana&#8217; med m\u00f6rkt blodr\u00f6da blommor. Odla den bara d\u00e4r det \u00e4r varmt och skyddat i zon 1 eller m\u00f6jligen zon 2. I bakgrunden syns den betydligt h\u00e4rdigare apotekarrosen &#8217;Officinalis&#8217;, h\u00e4r vackert blekt av all v\u00e4ta som vr\u00e4kt ner. Gammal \u00e4r den, en av de \u00e4ldsta. N\u00e5gon g\u00e5ng kring 1300-talets b\u00f6rjan kom den till staden Provins i Frankrike, d\u00e4r den odlades i stor skala f\u00f6r parfym, salvor, oljor, marmelad, medicin, etc. H\u00e4rdig till zon 6 om den st\u00e5r lite skyddad.<\/p>\n<div id=\"attachment_12461\" style=\"width: 710px\" class=\"wp-caption alignnone\"><img loading=\"lazy\" decoding=\"async\" aria-describedby=\"caption-attachment-12461\" class=\"size-large wp-image-12461\" src=\"https:\/\/rosenholm.se\/wp-content\/uploads\/2021\/02\/D2X_1288-700x465.jpg\" alt=\"B\u00e5da rosorna har liknande h\u00e4rstamning, den rosar\u00f6da heter 'Gertrude Jekyll och namnet p\u00e5 den gyllene sk\u00f6nheten \u00e4r 'Golden Celebration'.\" width=\"700\" height=\"465\" srcset=\"https:\/\/rosenholm.se\/wp-content\/uploads\/2021\/02\/D2X_1288-700x465.jpg 700w, https:\/\/rosenholm.se\/wp-content\/uploads\/2021\/02\/D2X_1288-410x272.jpg 410w, https:\/\/rosenholm.se\/wp-content\/uploads\/2021\/02\/D2X_1288-390x259.jpg 390w, https:\/\/rosenholm.se\/wp-content\/uploads\/2021\/02\/D2X_1288.jpg 1024w, https:\/\/rosenholm.se\/wp-content\/uploads\/2021\/02\/D2X_1288-410x272@2x.jpg 820w, https:\/\/rosenholm.se\/wp-content\/uploads\/2021\/02\/D2X_1288-390x259@2x.jpg 780w\" sizes=\"auto, (max-width: 700px) 100vw, 700px\" \/><p id=\"caption-attachment-12461\" class=\"wp-caption-text\">B\u00e5da rosorna har engelsk h\u00e4rstamning, den rosar\u00f6da heter &#8217;Gertrude Jekyll&#8217;, namnet p\u00e5 den gyllene sk\u00f6nheten \u00e4r &#8217;Golden Celebration&#8217;.<\/p><\/div>\n<p>Guldgult s\u00e4llskap till det r\u00f6da \u00e4r s\u00e4llan fel, b\u00e5da rosorna har liknande h\u00e4rstamning, v\u00e4xer p\u00e5 ungef\u00e4r samma s\u00e4tt och har liknande blomform. Engelska rosor brukar s\u00e5dana som tagits fram av David Austin kallas. Det \u00e4r moderna rosor med blomformer som liknar gammaldags sorter. De doftar oftast och \u00e4r i allm\u00e4nhet \u00e5terblommande. Den rosar\u00f6da heter &#8217;Gertrude Jekyll, efter en av Englands absolut mest k\u00e4nda tr\u00e4dg\u00e5rdspersonligheter. Namnet p\u00e5 den gyllene sk\u00f6nheten \u00e4r &#8217;Golden Celebration&#8217;. B\u00e5da kan odlas upp till zon 2, i b\u00e4sta fall zon 3. Liksom n\u00e4stan alla rosor fr\u00e5n Austin beh\u00f6ver de b\u00e5de bra jord och v\u00e4rme f\u00f6r att utveckla sin fulla f\u00e4gring.<\/p>\n<div id=\"attachment_12462\" style=\"width: 710px\" class=\"wp-caption alignnone\"><img loading=\"lazy\" decoding=\"async\" aria-describedby=\"caption-attachment-12462\" class=\"size-large wp-image-12462\" src=\"https:\/\/rosenholm.se\/wp-content\/uploads\/2021\/02\/D2X_2498-700x465.jpg\" alt=\"Cover' lanserades av danska Poulsen roser i mitten av 1990-talet.\" width=\"700\" height=\"465\" srcset=\"https:\/\/rosenholm.se\/wp-content\/uploads\/2021\/02\/D2X_2498-700x465.jpg 700w, https:\/\/rosenholm.se\/wp-content\/uploads\/2021\/02\/D2X_2498-410x272.jpg 410w, https:\/\/rosenholm.se\/wp-content\/uploads\/2021\/02\/D2X_2498-390x259.jpg 390w, https:\/\/rosenholm.se\/wp-content\/uploads\/2021\/02\/D2X_2498.jpg 1024w, https:\/\/rosenholm.se\/wp-content\/uploads\/2021\/02\/D2X_2498-410x272@2x.jpg 820w, https:\/\/rosenholm.se\/wp-content\/uploads\/2021\/02\/D2X_2498-390x259@2x.jpg 780w\" sizes=\"auto, (max-width: 700px) 100vw, 700px\" \/><p id=\"caption-attachment-12462\" class=\"wp-caption-text\">Vitt i det r\u00f6da g\u00f6r blommorna mer intressanta. Floribundarosen &#8217;Candy Cover&#8217; lanserades av danska Poulsen roser i mitten av 1990-talet.<\/p><\/div>\n<p>Vitt i det r\u00f6da kan g\u00f6ra sj\u00e4lva blommorna mer intressanta; polkagrisrandiga rosor finns det numera flera av. Floribundarosen &#8217;Candy Cover&#8217; lanserades av danska Poulsen roser i mitten av 1990-talet. V\u00e4xer t\u00e4tt och kan t\u00e4cka marken. Frisk, blommar hela s\u00e4songen och \u00e4r h\u00e4rdig upp till zon 3 i goda l\u00e4gen. Bor man l\u00e5ngt norrut kan man ist\u00e4llet anv\u00e4nda den l\u00e4ttodlade, klassiska &#8217;Rosa Mundi&#8217; som \u00e4r identisk med apotekarrosen &#8217;Officinalis&#8217;, f\u00f6rutom i f\u00e4rgen, och d\u00e4rmed klarar sig upp till zon 6.<\/p>\n<div id=\"attachment_12465\" style=\"width: 710px\" class=\"wp-caption alignnone\"><img loading=\"lazy\" decoding=\"async\" aria-describedby=\"caption-attachment-12465\" class=\"size-large wp-image-12465\" src=\"https:\/\/rosenholm.se\/wp-content\/uploads\/2021\/02\/DSC_4534-700x466.jpg\" alt=\"Nejlikrosen 'F. J. Grootendorst', klarar sig upp till zon 7.\" width=\"700\" height=\"466\" srcset=\"https:\/\/rosenholm.se\/wp-content\/uploads\/2021\/02\/DSC_4534-700x466.jpg 700w, https:\/\/rosenholm.se\/wp-content\/uploads\/2021\/02\/DSC_4534-410x273.jpg 410w, https:\/\/rosenholm.se\/wp-content\/uploads\/2021\/02\/DSC_4534-390x259.jpg 390w, https:\/\/rosenholm.se\/wp-content\/uploads\/2021\/02\/DSC_4534.jpg 1024w, https:\/\/rosenholm.se\/wp-content\/uploads\/2021\/02\/DSC_4534-410x273@2x.jpg 820w, https:\/\/rosenholm.se\/wp-content\/uploads\/2021\/02\/DSC_4534-390x259@2x.jpg 780w\" sizes=\"auto, (max-width: 700px) 100vw, 700px\" \/><p id=\"caption-attachment-12465\" class=\"wp-caption-text\">Nejlikrosen &#8217;F. J. Grootendorst&#8217; klarar sig upp till zon 7.<\/p><\/div>\n<p>En riktigt h\u00e4rdig r\u00f6d ros \u00e4r nejlikrosen &#8217;F. J. Grootendorst&#8217;, den klarar sig faktiskt upp till zon 7. F\u00e5 rosor \u00e4r s\u00e5 anv\u00e4ndbara och t\u00e5liga. Anv\u00e4nd den som h\u00e4ck, som solit\u00e4r eller l\u00e5t den v\u00e4xa p\u00e5 stam. Blommar g\u00f6r den hela s\u00e4songen, i s\u00f6dra Sverige fr\u00e5n mitten av juni till november. Frisk, t\u00e5l skugga, beh\u00f6ver ringa omv\u00e5rdnad och \u00e4r s\u00e5 snygg att den lika g\u00e4rna odlas i Sk\u00e5ne som i Norrbotten. Doftar g\u00f6r den d\u00e4remot inte.<\/p>\n<div id=\"attachment_12467\" style=\"width: 710px\" class=\"wp-caption alignnone\"><img loading=\"lazy\" decoding=\"async\" aria-describedby=\"caption-attachment-12467\" class=\"size-large wp-image-12467\" src=\"https:\/\/rosenholm.se\/wp-content\/uploads\/2021\/02\/D2X_1851-700x465.jpg\" alt=\"En v\u00e4l bepr\u00f6vad floribundaros som kan odlas en bit upp i landet \u00e4r 'Allotria'. \" width=\"700\" height=\"465\" srcset=\"https:\/\/rosenholm.se\/wp-content\/uploads\/2021\/02\/D2X_1851-700x465.jpg 700w, https:\/\/rosenholm.se\/wp-content\/uploads\/2021\/02\/D2X_1851-410x272.jpg 410w, https:\/\/rosenholm.se\/wp-content\/uploads\/2021\/02\/D2X_1851-390x259.jpg 390w, https:\/\/rosenholm.se\/wp-content\/uploads\/2021\/02\/D2X_1851.jpg 1024w, https:\/\/rosenholm.se\/wp-content\/uploads\/2021\/02\/D2X_1851-410x272@2x.jpg 820w, https:\/\/rosenholm.se\/wp-content\/uploads\/2021\/02\/D2X_1851-390x259@2x.jpg 780w\" sizes=\"auto, (max-width: 700px) 100vw, 700px\" \/><p id=\"caption-attachment-12467\" class=\"wp-caption-text\">Den v\u00e4l bepr\u00f6vade floribundarosen &#8217;Allotria&#8217; kan odlas en bit upp i landet.<\/p><\/div>\n<p>Floribundarosen &#8217;Allotria&#8217; kan odlas en bit upp i landet. Den \u00e4r v\u00e4l bepr\u00f6vad, ursprunget \u00e4r rosenf\u00f6r\u00e4dlarna Tantau i Tyskland, \u00e5ret var 1958. V\u00e4xer ganska t\u00e4tt och kraftfullt och klarar sig \u00e4nda upp till zon 5 \u00e4ven om f\u00f6rh\u00e5llandena inte \u00e4r idealiska. B\u00e4st blir det som vanligt med m\u00e5nga tillsammans.<\/p>\n<div id=\"attachment_12472\" style=\"width: 710px\" class=\"wp-caption alignnone\"><img loading=\"lazy\" decoding=\"async\" aria-describedby=\"caption-attachment-12472\" class=\"size-large wp-image-12472\" src=\"https:\/\/rosenholm.se\/wp-content\/uploads\/2021\/02\/D2X_8504-700x465.jpg\" alt=\"En av de f\u00e5 rosor som drar mot bl\u00e5tt \u00e4r mossrosen 'Blue Boy'.\" width=\"700\" height=\"465\" srcset=\"https:\/\/rosenholm.se\/wp-content\/uploads\/2021\/02\/D2X_8504-700x465.jpg 700w, https:\/\/rosenholm.se\/wp-content\/uploads\/2021\/02\/D2X_8504-410x272.jpg 410w, https:\/\/rosenholm.se\/wp-content\/uploads\/2021\/02\/D2X_8504-390x259.jpg 390w, https:\/\/rosenholm.se\/wp-content\/uploads\/2021\/02\/D2X_8504.jpg 1024w, https:\/\/rosenholm.se\/wp-content\/uploads\/2021\/02\/D2X_8504-410x272@2x.jpg 820w, https:\/\/rosenholm.se\/wp-content\/uploads\/2021\/02\/D2X_8504-390x259@2x.jpg 780w\" sizes=\"auto, (max-width: 700px) 100vw, 700px\" \/><p id=\"caption-attachment-12472\" class=\"wp-caption-text\">En av de f\u00e5 rosor som drar mot bl\u00e5tt \u00e4r mossrosen &#8217;Blue Boy&#8217;.<\/p><\/div>\n<p>Rosor kan vara r\u00f6da, rosa, vita eller ha blandningar av de f\u00e4rgerna. De kan inte vara bl\u00e5. D\u00e4remot finns det n\u00e5gra f\u00e5 rosor som har namn som inneh\u00e5ller f\u00e4rgen bl\u00e5tt. I praktiken inneb\u00e4r det att deras r\u00f6da f\u00e4rg glidit \u00f6ver mot lila. En av dem \u00e4r mossrosen &#8217;Blue Boy&#8217;, som drogs upp av tyska Kordes 1985. Det som k\u00e4nnetecknar mossrosor \u00e4r utv\u00e4xterna strax under sj\u00e4lva blommorna.<\/p>\n<div id=\"attachment_12466\" style=\"width: 710px\" class=\"wp-caption alignnone\"><img loading=\"lazy\" decoding=\"async\" aria-describedby=\"caption-attachment-12466\" class=\"size-large wp-image-12466\" src=\"https:\/\/rosenholm.se\/wp-content\/uploads\/2021\/02\/D2X_2810-700x511.jpg\" alt=\"En rej\u00e4lt m\u00f6rkr\u00f6d tehybrid \u00e4r sorten 'Courage' fr\u00e5n Poulsen roser i Danmark.\" width=\"700\" height=\"511\" srcset=\"https:\/\/rosenholm.se\/wp-content\/uploads\/2021\/02\/D2X_2810-700x511.jpg 700w, https:\/\/rosenholm.se\/wp-content\/uploads\/2021\/02\/D2X_2810-410x299.jpg 410w, https:\/\/rosenholm.se\/wp-content\/uploads\/2021\/02\/D2X_2810-390x285.jpg 390w, https:\/\/rosenholm.se\/wp-content\/uploads\/2021\/02\/D2X_2810.jpg 1024w, https:\/\/rosenholm.se\/wp-content\/uploads\/2021\/02\/D2X_2810-410x299@2x.jpg 820w, https:\/\/rosenholm.se\/wp-content\/uploads\/2021\/02\/D2X_2810-390x285@2x.jpg 780w\" sizes=\"auto, (max-width: 700px) 100vw, 700px\" \/><p id=\"caption-attachment-12466\" class=\"wp-caption-text\">En m\u00f6rkr\u00f6d tehybrid \u00e4r sorten \u2018Courage\u2019 fr\u00e5n Poulsen roser i Danmark.<\/p><\/div>\n<p>En rej\u00e4lt m\u00f6rkr\u00f6d tehybrid \u00e4r sorten &#8217;Courage&#8217; fr\u00e5n Poulsen roser i Danmark. Fungerar upp till zon 2 eller 3 och kr\u00e4ver likt alla tehybrider goda f\u00f6rh\u00e5llanden och god sk\u00f6tsel f\u00f6r att g\u00f6ra sig bra. Av den h\u00e4r sortens rosor ska man s\u00e4tta fler tillsammans i grupp, d\u00e5 fyller den upp och f\u00e4rgen ger en massiv effekt.<\/p>\n<div id=\"attachment_12473\" style=\"width: 710px\" class=\"wp-caption alignnone\"><img loading=\"lazy\" decoding=\"async\" aria-describedby=\"caption-attachment-12473\" class=\"size-large wp-image-12473\" src=\"https:\/\/rosenholm.se\/wp-content\/uploads\/2021\/02\/DSCN8707-700x525.jpg\" alt=\"Den storblommiga kl\u00e4tterrosen 'Paul's Scarlet Climber' kl\u00e4ttrar l\u00e4ngs en fasad vid Fredriksdals friluftsmuseum.\" width=\"700\" height=\"525\" srcset=\"https:\/\/rosenholm.se\/wp-content\/uploads\/2021\/02\/DSCN8707-700x525.jpg 700w, https:\/\/rosenholm.se\/wp-content\/uploads\/2021\/02\/DSCN8707-410x308.jpg 410w, https:\/\/rosenholm.se\/wp-content\/uploads\/2021\/02\/DSCN8707-390x293.jpg 390w, https:\/\/rosenholm.se\/wp-content\/uploads\/2021\/02\/DSCN8707.jpg 1024w, https:\/\/rosenholm.se\/wp-content\/uploads\/2021\/02\/DSCN8707-410x308@2x.jpg 820w, https:\/\/rosenholm.se\/wp-content\/uploads\/2021\/02\/DSCN8707-390x293@2x.jpg 780w\" sizes=\"auto, (max-width: 700px) 100vw, 700px\" \/><p id=\"caption-attachment-12473\" class=\"wp-caption-text\">Den storblommiga kl\u00e4tterrosen &#8217;Paul&#8217;s Scarlet Climber&#8217; l\u00e4ngs en fasad vid Fredriksdals friluftsmuseum.<\/p><\/div>\n<p>R\u00f6da rosor som kl\u00e4ttrar uppf\u00f6r vita fasader \u00e4r tjusigt, eller hur? I det h\u00e4r fallet \u00e4r det den storblommiga kl\u00e4tterrosen &#8217;Paul&#8217;s Scarlet Climber&#8217; som kl\u00e4ttrar l\u00e4ngs en fasad vid Fredriksdals friluftsmuseum. En ganska gammal brittisk sort fr\u00e5n 1916. Kan bli 3\u20134 meter h\u00f6g om man ser till att st\u00f6dja den s\u00e5 att den inte ramlar ihop. Blommar i s\u00f6dra Sverige rikligt fr\u00e5n slutet av juni och juli till b\u00f6rjan av augusti och klarar sig upp till zon 4.<\/p>\n<div id=\"attachment_12475\" style=\"width: 710px\" class=\"wp-caption alignnone\"><img loading=\"lazy\" decoding=\"async\" aria-describedby=\"caption-attachment-12475\" class=\"size-large wp-image-12475\" src=\"https:\/\/rosenholm.se\/wp-content\/uploads\/2021\/02\/DSC_5532-700x466.jpg\" alt=\"Den kl\u00e4ttrande kordesiirosen 'Flammentanz' kl\u00e4ttrar l\u00e4ngs en orientalisk guldgran Picea orientalis 'Aureospicata'.\" width=\"700\" height=\"466\" srcset=\"https:\/\/rosenholm.se\/wp-content\/uploads\/2021\/02\/DSC_5532-700x466.jpg 700w, https:\/\/rosenholm.se\/wp-content\/uploads\/2021\/02\/DSC_5532-410x273.jpg 410w, https:\/\/rosenholm.se\/wp-content\/uploads\/2021\/02\/DSC_5532-390x259.jpg 390w, https:\/\/rosenholm.se\/wp-content\/uploads\/2021\/02\/DSC_5532.jpg 1024w, https:\/\/rosenholm.se\/wp-content\/uploads\/2021\/02\/DSC_5532-410x273@2x.jpg 820w, https:\/\/rosenholm.se\/wp-content\/uploads\/2021\/02\/DSC_5532-390x259@2x.jpg 780w\" sizes=\"auto, (max-width: 700px) 100vw, 700px\" \/><p id=\"caption-attachment-12475\" class=\"wp-caption-text\">Den kl\u00e4ttrande kordesiirosen &#8217;Flammentanz&#8217; kl\u00e4ttrar l\u00e4ngs en orientalisk guldgran Picea orientalis &#8217;Aureospicata&#8217;.<\/p><\/div>\n<p>Det \u00e4r inte bara n\u00e4r r\u00f6da rosor kl\u00e4ttrar l\u00e4ngs v\u00e4ggar, murar eller staket det blir snyggt. Varf\u00f6r inte sl\u00e4ppa upp n\u00e5gon i en gran, det har vi gjort i v\u00e5r egen tr\u00e4dg\u00e5rd. Den kl\u00e4ttrande kordesiirosen heter &#8217;Flammentanz&#8217;, en av de mest t\u00e5liga och blomvilliga. Som namnet indikerar st\u00e5r de tyska rosf\u00f6r\u00e4dlarna Kordes bakom, \u00e5ret var 1955. Den anses till och med klara zon 6, men d\u00e5 beh\u00f6vs ett riktigt bra l\u00e4ge. Granar t\u00e5l i allm\u00e4nhet inte att bladv\u00e4xter t\u00e4cker dem, d\u00e5 sl\u00e4pper barren. Det g\u00e4ller dock inte orientalisk guldgran <em>Picea orientalis<\/em> &#8217;Aureospicata&#8217; som till och med klarar av att ruttna l\u00f6v ligger kvar p\u00e5 grenarna \u00f6ver vintern.<\/p>\n","protected":false},"excerpt":{"rendered":"<p>Text och bild: Dan Rosenholm Det \u00e4r n\u00e5got speciellt med rosor som \u00e4r r\u00f6da. De v\u00e4cker k\u00e4nslor, det \u00e4r sv\u00e5rt att vara likgiltig inf\u00f6r dem. Dels \u00e4r det f\u00e4rgen i&hellip; <\/p>\n","protected":false},"author":1,"featured_media":0,"parent":0,"menu_order":0,"comment_status":"closed","ping_status":"closed","template":"","meta":{"footnotes":""},"class_list":["post-12458","page","type-page","status-publish","hentry"],"_links":{"self":[{"href":"https:\/\/rosenholm.se\/index.php?rest_route=\/wp\/v2\/pages\/12458","targetHints":{"allow":["GET"]}}],"collection":[{"href":"https:\/\/rosenholm.se\/index.php?rest_route=\/wp\/v2\/pages"}],"about":[{"href":"https:\/\/rosenholm.se\/index.php?rest_route=\/wp\/v2\/types\/page"}],"author":[{"embeddable":true,"href":"https:\/\/rosenholm.se\/index.php?rest_route=\/wp\/v2\/users\/1"}],"replies":[{"embeddable":true,"href":"https:\/\/rosenholm.se\/index.php?rest_route=%2Fwp%2Fv2%2Fcomments&post=12458"}],"version-history":[{"count":26,"href":"https:\/\/rosenholm.se\/index.php?rest_route=\/wp\/v2\/pages\/12458\/revisions"}],"predecessor-version":[{"id":12584,"href":"https:\/\/rosenholm.se\/index.php?rest_route=\/wp\/v2\/pages\/12458\/revisions\/12584"}],"wp:attachment":[{"href":"https:\/\/rosenholm.se\/index.php?rest_route=%2Fwp%2Fv2%2Fmedia&parent=12458"}],"curies":[{"name":"wp","href":"https:\/\/api.w.org\/{rel}","templated":true}]}}