{"id":12148,"date":"2020-05-27T09:16:05","date_gmt":"2020-05-27T07:16:05","guid":{"rendered":"https:\/\/rosenholm.se\/?page_id=12148"},"modified":"2020-05-27T11:14:42","modified_gmt":"2020-05-27T09:14:42","slug":"alandsk-tradgardsruin-krukberg-och-plommonlund","status":"publish","type":"page","link":"https:\/\/rosenholm.se\/?page_id=12148","title":{"rendered":"\u00c5l\u00e4ndsk tr\u00e4dg\u00e5rdsruin, krukberg och plommonlund"},"content":{"rendered":"<p><strong>Tr\u00e4dg\u00e5rdsruin, naturlig damm, en plommonskog, ett berg med krukor och en buxbomsparterr. Du \u00e4r p\u00e5 svensktalande \u00c5land, p\u00e5 bes\u00f6k hos Kerstin Karlsson.<\/strong><\/p>\n<p><em>Text och bild: Dan Rosenholm<\/em><\/p>\n<p>En klassisk tr\u00e4dg\u00e5rdsruin \u00e4r det f\u00f6rsta man m\u00f6ter p\u00e5 stigen in mot huset, en s\u00e5n d\u00e4r exotisk sak som f\u00f6rknippas med n\u00e5gon f\u00f6rfallen by fr\u00e5n forna tider. P\u00e5 dess huggna stenar av r\u00f6d rapakivigranit bildar tunna lavar, i gr\u00e5tt och gr\u00f6nt, en mosaik. Invid str\u00e4cker sig en uppstammad tall upp i det bl\u00e5 likt ett pinjetr\u00e4d. Blommande ett\u00e5ringar i krukor \u00e5terspeglar granitens f\u00e4rg, liksom en r\u00f6dm\u00e5lad stol i metall och tr\u00e4.<\/p>\n<p>Vi \u00e4r p\u00e5 den \u00e5l\u00e4ndska landsbygden, i kommunen Saltvik, hemma hos Kerstin Karlsson.<\/p>\n<p>\u2013 Det var en tillt\u00e4nkt lag\u00e5rd, ber\u00e4ttar hon. Den b\u00f6rjade byggas 1870, det vet jag helt s\u00e4kert, men blev aldrig klar, de byggde en annan. Varf\u00f6r vet jag inte riktigt, kanske den l\u00e5g f\u00f6r n\u00e4ra landsv\u00e4gen?<\/p>\n<div id=\"attachment_12154\" style=\"width: 400px\" class=\"wp-caption alignright\"><img loading=\"lazy\" decoding=\"async\" aria-describedby=\"caption-attachment-12154\" class=\"size-thumbnail wp-image-12154\" src=\"https:\/\/rosenholm.se\/wp-content\/uploads\/2020\/05\/MMFC0572-390x519.jpg\" alt=\"En stig leder till sittplatsen under en tall, utformad f\u00f6r att v\u00e4nta p\u00e5 glassbilen.\" width=\"390\" height=\"519\" srcset=\"https:\/\/rosenholm.se\/wp-content\/uploads\/2020\/05\/MMFC0572-390x519.jpg 390w, https:\/\/rosenholm.se\/wp-content\/uploads\/2020\/05\/MMFC0572-410x546.jpg 410w, https:\/\/rosenholm.se\/wp-content\/uploads\/2020\/05\/MMFC0572-526x700.jpg 526w, https:\/\/rosenholm.se\/wp-content\/uploads\/2020\/05\/MMFC0572.jpg 547w\" sizes=\"auto, (max-width: 390px) 100vw, 390px\" \/><p id=\"caption-attachment-12154\" class=\"wp-caption-text\">En stig leder till sittplatsen under en tall, utformad f\u00f6r att v\u00e4nta p\u00e5 glassbilen.<\/p><\/div>\n<p>V\u00e4nder man sig om mot landsv\u00e4gen st\u00e5r en vit karmstol under en tall, beskuren f\u00f6r \u00e4ndam\u00e5let. En spikrak klippt gr\u00e4smatteg\u00e5ng leder fram mot den.<\/p>\n<p>\u2013 Jag t\u00e4nkte att jag ville ha en plats att v\u00e4nta tills glassbilen kommer. Det \u00e4r faktiskt sant. Det blev superlyckat.<\/p>\n<p>En stig leder vidare mot stugan i skogsbrynet. P\u00e5 kullen invid g\u00e5r berget i dagen. Blommande krukor st\u00e5r konstfullt utplacerade. L\u00e4ngre ner, tv\u00e4rs \u00f6ver gr\u00e4smattan, en buxbomsparterr. \u00c4nnu en bit bort en naturlig damm och tv\u00e5 vita stolar. K\u00e4nslan av frid och gl\u00e4dje.<\/p>\n<div id=\"attachment_12145\" style=\"width: 710px\" class=\"wp-caption alignnone\"><img loading=\"lazy\" decoding=\"async\" aria-describedby=\"caption-attachment-12145\" class=\"size-large wp-image-12145\" src=\"https:\/\/rosenholm.se\/wp-content\/uploads\/2020\/05\/D3X_4042-700x466.jpg\" alt=\"En lag\u00e5rd som aldrig blev klar f\u00f6rvandlad till klassisk tr\u00e4dg\u00e5rdsruin.\" width=\"700\" height=\"466\" srcset=\"https:\/\/rosenholm.se\/wp-content\/uploads\/2020\/05\/D3X_4042-700x466.jpg 700w, https:\/\/rosenholm.se\/wp-content\/uploads\/2020\/05\/D3X_4042-410x273.jpg 410w, https:\/\/rosenholm.se\/wp-content\/uploads\/2020\/05\/D3X_4042-390x260.jpg 390w, https:\/\/rosenholm.se\/wp-content\/uploads\/2020\/05\/D3X_4042.jpg 728w\" sizes=\"auto, (max-width: 700px) 100vw, 700px\" \/><p id=\"caption-attachment-12145\" class=\"wp-caption-text\">En lag\u00e5rd som aldrig blev klar f\u00f6rvandlad till klassisk tr\u00e4dg\u00e5rdsruin.<\/p><\/div>\n<h5>Plommonlund vid sl\u00e4kttorpet<\/h5>\n<p>N\u00e4r Kerstin var arton \u00e5r \u00e4rvde hon sl\u00e4kttorpet. I ett par decennier anv\u00e4nde hon det som sommarst\u00e4lle. Hon bodde och arbetade d\u00e5 i Stockholm med parker och tr\u00e4dg\u00e5rd. Med egna torpet hemma p\u00e5 \u00c5land fanns \u00e4nnu inte tid.<\/p>\n<p>\u2013 F\u00f6r kanske 25 \u00e5r sedan b\u00f6rjade jag rensa upp, ber\u00e4ttar hon. Innan hade jag bara en klippt stig fram till stugan och, i princip, tv\u00e5 kvadratmeter \u00f6ppen yta invid huset.<\/p>\n<p>Det var av familjesk\u00e4l hon flyttade hem. Nu fick hon tid och m\u00f6jlighet att arbeta med sin egen tomt. H\u00e4r var vildvuxet, n\u00e4sslorna m\u00e5ste v\u00e4ck.<\/p>\n<p>\u2013 Jag b\u00f6rjade med plommonskogen. Det var med inspiration av Ulla Molin, jag rensade upp och tog fram stammarna.<\/p>\n<p>Ulla Molin var k\u00e4nd f\u00f6r sin tr\u00e4dg\u00e5rd i Sk\u00e5ne och dess \u00e5terh\u00e5llna stil. Ett av hennes mest k\u00e4nda inslag var en lund av uppstammade plommon, nu \u00e5terspeglad ocks\u00e5 h\u00e4r p\u00e5 \u00c5land.<\/p>\n<div id=\"attachment_12158\" style=\"width: 710px\" class=\"wp-caption alignnone\"><img loading=\"lazy\" decoding=\"async\" aria-describedby=\"caption-attachment-12158\" class=\"size-large wp-image-12158\" src=\"https:\/\/rosenholm.se\/wp-content\/uploads\/2020\/05\/D3X_4017-700x466.jpg\" alt=\"Plommonskogen, inspirerad av svenskan Ulla Molin, var det f\u00f6rsta Kerstin gjorde n\u00e4r hon skapade sin tr\u00e4dg\u00e5rd.\" width=\"700\" height=\"466\" srcset=\"https:\/\/rosenholm.se\/wp-content\/uploads\/2020\/05\/D3X_4017-700x466.jpg 700w, https:\/\/rosenholm.se\/wp-content\/uploads\/2020\/05\/D3X_4017-410x273.jpg 410w, https:\/\/rosenholm.se\/wp-content\/uploads\/2020\/05\/D3X_4017-390x260.jpg 390w, https:\/\/rosenholm.se\/wp-content\/uploads\/2020\/05\/D3X_4017.jpg 728w\" sizes=\"auto, (max-width: 700px) 100vw, 700px\" \/><p id=\"caption-attachment-12158\" class=\"wp-caption-text\">Plommonskogen, inspirerad av svenskan Ulla Molin, var det f\u00f6rsta Kerstin gjorde n\u00e4r hon skapade sin tr\u00e4dg\u00e5rd.<\/p><\/div>\n<h5>Dr\u00e4nering och damm<\/h5>\n<p>Men det fanns \u00e4nnu mer grundl\u00e4ggande behov p\u00e5 tomten. Dr\u00e4nering, d\u00e4r var f\u00f6r v\u00e5tt och delvis vattensjukt. Och dr\u00e4nera kan man egentligen bara g\u00f6ra p\u00e5 ett s\u00e4tt, genom att gr\u00e4va diken. Det gjorde Kerstin f\u00f6r hand. Och nu handlar det inte om vardaglig tr\u00e4dg\u00e5rdsmotion. Det var i tidiga ottan arbetet satte fart.<\/p>\n<div id=\"attachment_12161\" style=\"width: 710px\" class=\"wp-caption alignnone\"><img loading=\"lazy\" decoding=\"async\" aria-describedby=\"caption-attachment-12161\" class=\"size-large wp-image-12161\" src=\"https:\/\/rosenholm.se\/wp-content\/uploads\/2020\/05\/D3X_3212-700x466.jpg\" alt=\"Dammen, ett resultatet av en intensiv veckas dikesgr\u00e4vning. Nu en plats f\u00f6r kontemplation.\" width=\"700\" height=\"466\" srcset=\"https:\/\/rosenholm.se\/wp-content\/uploads\/2020\/05\/D3X_3212-700x466.jpg 700w, https:\/\/rosenholm.se\/wp-content\/uploads\/2020\/05\/D3X_3212-410x273.jpg 410w, https:\/\/rosenholm.se\/wp-content\/uploads\/2020\/05\/D3X_3212-390x260.jpg 390w, https:\/\/rosenholm.se\/wp-content\/uploads\/2020\/05\/D3X_3212.jpg 728w\" sizes=\"auto, (max-width: 700px) 100vw, 700px\" \/><p id=\"caption-attachment-12161\" class=\"wp-caption-text\">Dammen, ett resultatet av en intensiv veckas dikesgr\u00e4vning. Nu en plats f\u00f6r kontemplation.<\/p><\/div>\n<p>\u2013 N\u00e4r jag h\u00f6ll p\u00e5 b\u00f6rjade jag klockan tre p\u00e5 morgonen. Det var varmt d\u00e5, jag slutade mitt p\u00e5 dagen ochfortsatte p\u00e5 kv\u00e4llen. Det tog kanske en vecka innan det blev klart.<\/p>\n<p>Tv\u00e4rs \u00f6ver g\u00e5rden g\u00e5r dr\u00e4neringsdiket, f\u00f6rst t\u00e4ckt och sedan \u00f6ppet. Vattnet fr\u00e5n berget samlas upp och forts\u00e4tter ner i en naturlig damm. Givetvis har Kerstin sj\u00e4lv gr\u00e4vt ur ocks\u00e5 den. D\u00e4r infiltreras vattnet sakta och s\u00e4kert p\u00e5 naturens eget vis. I v\u00e4xer n\u00e4ckos, l\u00e4ngs kanten frodas iris, randgr\u00e4s (<em>Phalaris arundinacea<\/em> &#8217;Picta&#8217;), funkia och s\u00e5nt som tagit sig dit p\u00e5 egen hand. D\u00e5 som nu \u00e4r tr\u00e4dg\u00e5rden naturlig, en sj\u00e4lvklar del av omgivande skogar och \u00e4ngar men:<\/p>\n<div id=\"attachment_12162\" style=\"width: 710px\" class=\"wp-caption alignnone\"><img loading=\"lazy\" decoding=\"async\" aria-describedby=\"caption-attachment-12162\" class=\"size-large wp-image-12162\" src=\"https:\/\/rosenholm.se\/wp-content\/uploads\/2020\/05\/D3X_2898-700x559.jpg\" alt=\"Under askens st\u00e5tliga krona leder det handgr\u00e4vda diket mot damm och sittplatser.\" width=\"700\" height=\"559\" srcset=\"https:\/\/rosenholm.se\/wp-content\/uploads\/2020\/05\/D3X_2898-700x559.jpg 700w, https:\/\/rosenholm.se\/wp-content\/uploads\/2020\/05\/D3X_2898-410x327.jpg 410w, https:\/\/rosenholm.se\/wp-content\/uploads\/2020\/05\/D3X_2898-390x311.jpg 390w, https:\/\/rosenholm.se\/wp-content\/uploads\/2020\/05\/D3X_2898.jpg 728w\" sizes=\"auto, (max-width: 700px) 100vw, 700px\" \/><p id=\"caption-attachment-12162\" class=\"wp-caption-text\">Under askens st\u00e5tliga krona leder det handgr\u00e4vda diket mot damm och sittplatser.<\/p><\/div>\n<div id=\"attachment_12163\" style=\"width: 420px\" class=\"wp-caption alignright\"><img loading=\"lazy\" decoding=\"async\" aria-describedby=\"caption-attachment-12163\" class=\"size-medium wp-image-12163\" src=\"https:\/\/rosenholm.se\/wp-content\/uploads\/2020\/05\/D3X_3284-410x514.jpg\" alt=\"De vackra kaktusdahliorna vinterf\u00f6rvarar Kerstin i k\u00e4llare v\u00e4l nedpackade i torvmull.\" width=\"410\" height=\"514\" srcset=\"https:\/\/rosenholm.se\/wp-content\/uploads\/2020\/05\/D3X_3284-410x514.jpg 410w, https:\/\/rosenholm.se\/wp-content\/uploads\/2020\/05\/D3X_3284-559x700.jpg 559w, https:\/\/rosenholm.se\/wp-content\/uploads\/2020\/05\/D3X_3284-390x489.jpg 390w, https:\/\/rosenholm.se\/wp-content\/uploads\/2020\/05\/D3X_3284.jpg 581w\" sizes=\"auto, (max-width: 410px) 100vw, 410px\" \/><p id=\"caption-attachment-12163\" class=\"wp-caption-text\">De vackra kaktusdahliorna vinterf\u00f6rvarar Kerstin i k\u00e4llare v\u00e4l nedpackade i torvmull.<\/p><\/div>\n<p>\u2013 Sedan fortsatte jag med buxbommen, jag ville f\u00e5 stramhet och ordning i allt det vilda. De har jag f\u00f6rresten sticklingsf\u00f6r\u00f6kat sj\u00e4lv.<\/p>\n<p>Inramad av en buxbomsparterr sticker en tuija upp likt ett utropstecken, omgiven av vita kaktusdahlior, rundade till formen och ack s\u00e5 sk\u00f6na. Kring klippta buxbomsklot vajar vita lejongap (<em>Antirrhinum majus<\/em>). I bakgrunden g\u00f6mmer sig en sittpats mot den uppstammade plommonskogen och morbrors gamla hus fr\u00e5n forna tider.<\/p>\n<div id=\"attachment_12160\" style=\"width: 710px\" class=\"wp-caption alignnone\"><img loading=\"lazy\" decoding=\"async\" aria-describedby=\"caption-attachment-12160\" class=\"size-large wp-image-12160\" src=\"https:\/\/rosenholm.se\/wp-content\/uploads\/2020\/05\/D3X_3841-700x466.jpg\" alt=\"Buxbomsparterren kom till som kontrast mot den i \u00f6vrigt lekfullt naturliga tr\u00e4dg\u00e5rden. Som ett utropstecken sticker tuijan upp, den ingick i en julgrupp Kerstin fick f\u00f6r m\u00e5nga \u00e5r sedan.\" width=\"700\" height=\"466\" srcset=\"https:\/\/rosenholm.se\/wp-content\/uploads\/2020\/05\/D3X_3841-700x466.jpg 700w, https:\/\/rosenholm.se\/wp-content\/uploads\/2020\/05\/D3X_3841-410x273.jpg 410w, https:\/\/rosenholm.se\/wp-content\/uploads\/2020\/05\/D3X_3841-390x260.jpg 390w, https:\/\/rosenholm.se\/wp-content\/uploads\/2020\/05\/D3X_3841.jpg 728w\" sizes=\"auto, (max-width: 700px) 100vw, 700px\" \/><p id=\"caption-attachment-12160\" class=\"wp-caption-text\">Buxbomsparterren kom till som kontrast mot den i \u00f6vrigt lekfullt naturliga tr\u00e4dg\u00e5rden. Som ett utropstecken sticker tuijan upp, den ingick i en julgrupp Kerstin fick f\u00f6r m\u00e5nga \u00e5r sedan.<\/p><\/div>\n<h5>Krukberget<\/h5>\n<p>Framf\u00f6r stugan reser sig en mindre kulle. Mot v\u00e4ster sluttar den, i riktning mot solnedg\u00e5ngen. \u00d6verst st\u00e5r ett lusthus i vitt och ljust gr\u00f6nt. H\u00e4rligt \u00e4r att sitta d\u00e4r p\u00e5 kv\u00e4llen n\u00e4r solen g\u00e5r ner. Den r\u00f6da graniten ligger i dagen. I skrevorna v\u00e4xer takl\u00f6k, mossa, gr\u00e4s och n\u00e5gon ormbunke.<\/p>\n<div id=\"attachment_12172\" style=\"width: 710px\" class=\"wp-caption alignnone\"><img loading=\"lazy\" decoding=\"async\" aria-describedby=\"caption-attachment-12172\" class=\"size-large wp-image-12172\" src=\"https:\/\/rosenholm.se\/wp-content\/uploads\/2020\/05\/D3X_3088-700x525.jpg\" alt=\"P\u00e5 det n\u00e4stan kala berget placerar Kerstin konstfullt ut krukor, p\u00e5 olika s\u00e4tt varje \u00e5r.\" width=\"700\" height=\"525\" srcset=\"https:\/\/rosenholm.se\/wp-content\/uploads\/2020\/05\/D3X_3088-700x525.jpg 700w, https:\/\/rosenholm.se\/wp-content\/uploads\/2020\/05\/D3X_3088-410x308.jpg 410w, https:\/\/rosenholm.se\/wp-content\/uploads\/2020\/05\/D3X_3088-390x293.jpg 390w, https:\/\/rosenholm.se\/wp-content\/uploads\/2020\/05\/D3X_3088.jpg 728w\" sizes=\"auto, (max-width: 700px) 100vw, 700px\" \/><p id=\"caption-attachment-12172\" class=\"wp-caption-text\">P\u00e5 det n\u00e4stan kala berget placerar Kerstin konstfullt ut krukor, p\u00e5 olika s\u00e4tt varje \u00e5r.<\/p><\/div>\n<p>\u2013 En och annan en buske har jag f\u00e5tt ta bort, s\u00e4ger Kerstin. Jag t\u00e4nkte att det d\u00e4r berget m\u00e5ste bara fram. Allting v\u00e4xer igen om det f\u00e5r vara ifred.<\/p>\n<div id=\"attachment_12175\" style=\"width: 400px\" class=\"wp-caption alignright\"><img loading=\"lazy\" decoding=\"async\" aria-describedby=\"caption-attachment-12175\" class=\"size-thumbnail wp-image-12175\" src=\"https:\/\/rosenholm.se\/wp-content\/uploads\/2020\/05\/D3X_3388-390x520.jpg\" alt=\"Kn\u00f6lv\u00e4xten rosettoxalis, Oxalis tetraphylla, i mj\u00f6lkkruka, den typ av k\u00e4rl som mj\u00f6lk levererades fr\u00e5n bonde till mejeri fram till 1970-talet.\" width=\"390\" height=\"520\" srcset=\"https:\/\/rosenholm.se\/wp-content\/uploads\/2020\/05\/D3X_3388-390x520.jpg 390w, https:\/\/rosenholm.se\/wp-content\/uploads\/2020\/05\/D3X_3388-410x547.jpg 410w, https:\/\/rosenholm.se\/wp-content\/uploads\/2020\/05\/D3X_3388-525x700.jpg 525w, https:\/\/rosenholm.se\/wp-content\/uploads\/2020\/05\/D3X_3388.jpg 546w\" sizes=\"auto, (max-width: 390px) 100vw, 390px\" \/><p id=\"caption-attachment-12175\" class=\"wp-caption-text\">Kn\u00f6lv\u00e4xten rosettoxalis, Oxalis tetraphylla, i mj\u00f6lkkruka, den typ av k\u00e4rl som mj\u00f6lk levererades i fr\u00e5n bonde till mejeri fram till 1970-talet.<\/p><\/div>\n<p>Krukor och k\u00e4rl st\u00e5r utplacerade p\u00e5 berget . F\u00f6rzinkade hinkar och tv\u00e4ttbaljor, krukor av terrakotta och svartm\u00e5lad metall, gjutj\u00e4rnsgrytor, v\u00e4vda korgar, vattenbunkar i tr\u00e4, stora krukor i svart plast. I frodas pelargoner, petunia, sm\u00e5petunia (<em>Calibrachoa<\/em>), fuchsior, femtunga, blomstertobak (<em>Nicotiana<\/em> x <em>sanderae<\/em>), stor blomstertobak\u00a0(<em>N<\/em>. <em>alata<\/em>), j\u00e4tteverbena (<em>Verbena bonariensis<\/em>), rosettoxalis, buxbom (<em>Buxus sempervirens<\/em>), afrikas bl\u00e5 lilja (<em>Agapanthus praecox<\/em>). Lite olika varje \u00e5r men mest i bl\u00e5tt och vitt, de \u00e4r grundf\u00e4rgerna. Kannor (<em>Canna<\/em> x <em>generalis<\/em>), i m\u00e4ngder st\u00e5r f\u00f6r sig sj\u00e4lva, de fungerar som ymniga bladv\u00e4xter innan de blommar i orange fram\u00e5t h\u00f6sten.<\/p>\n<div id=\"attachment_12167\" style=\"width: 710px\" class=\"wp-caption alignnone\"><img loading=\"lazy\" decoding=\"async\" aria-describedby=\"caption-attachment-12167\" class=\"size-large wp-image-12167\" src=\"https:\/\/rosenholm.se\/wp-content\/uploads\/2020\/05\/D3X_3108-700x466.jpg\" alt=\"Frodiga kannor, Canna x generalis, bildar en skog av blad. Snyggt \u00e4ven innan blomning.\" width=\"700\" height=\"466\" srcset=\"https:\/\/rosenholm.se\/wp-content\/uploads\/2020\/05\/D3X_3108-700x466.jpg 700w, https:\/\/rosenholm.se\/wp-content\/uploads\/2020\/05\/D3X_3108-410x273.jpg 410w, https:\/\/rosenholm.se\/wp-content\/uploads\/2020\/05\/D3X_3108-390x260.jpg 390w, https:\/\/rosenholm.se\/wp-content\/uploads\/2020\/05\/D3X_3108.jpg 728w\" sizes=\"auto, (max-width: 700px) 100vw, 700px\" \/><p id=\"caption-attachment-12167\" class=\"wp-caption-text\">Frodiga kannor, Canna x generalis, bildar en skog av blad. Snyggt \u00e4ven innan blomning.<\/p><\/div>\n<div id=\"attachment_12184\" style=\"width: 400px\" class=\"wp-caption alignright\"><img loading=\"lazy\" decoding=\"async\" aria-describedby=\"caption-attachment-12184\" class=\"size-thumbnail wp-image-12184\" src=\"https:\/\/rosenholm.se\/wp-content\/uploads\/2020\/05\/D3X_3194-390x520.jpg\" alt=\"Svamparna har Kerstin skapat av sten och tr\u00e4 hon hittat i n\u00e4rheten.\" width=\"390\" height=\"520\" srcset=\"https:\/\/rosenholm.se\/wp-content\/uploads\/2020\/05\/D3X_3194-390x520.jpg 390w, https:\/\/rosenholm.se\/wp-content\/uploads\/2020\/05\/D3X_3194-410x547.jpg 410w, https:\/\/rosenholm.se\/wp-content\/uploads\/2020\/05\/D3X_3194-525x700.jpg 525w, https:\/\/rosenholm.se\/wp-content\/uploads\/2020\/05\/D3X_3194.jpg 546w\" sizes=\"auto, (max-width: 390px) 100vw, 390px\" \/><p id=\"caption-attachment-12184\" class=\"wp-caption-text\">Svamparna har Kerstin skapat av sten och tr\u00e4 hon hittat i n\u00e4rheten.<\/p><\/div>\n<p>Under en tall i kanten av sluttningen st\u00e5r svampar med fot och hatt. Nej, inte riktiga utan s\u00e5na som Kerstin kreerat. Hon plockade med stenar och tr\u00e4bitar, hittade pelarformad sten invid h\u00e4llringar till en spis p\u00e5 lag\u00e5rdsbacken och kom p\u00e5 att de kunde fungera som svampf\u00f6tter.<\/p>\n<h5>Naturen och lugnet<\/h5>\n<p>Men naturkarakt\u00e4ren har inte g\u00e5tt f\u00f6rlorad, allt har f\u00f6rblivit en sj\u00e4lvklar del av omgivande skogar och \u00e4ngar:<\/p>\n<p>&#8211; Naturen kring tr\u00e4dg\u00e5rden \u00e4r viktig, s\u00e4ger Kerstin. Den \u00e4r a och o f\u00f6r mig, den betyder allt. Jag njuter av att vara h\u00e4r, av lugnet.<\/p>\n<div id=\"attachment_12171\" style=\"width: 710px\" class=\"wp-caption alignnone\"><img loading=\"lazy\" decoding=\"async\" aria-describedby=\"caption-attachment-12171\" class=\"size-large wp-image-12171\" src=\"https:\/\/rosenholm.se\/wp-content\/uploads\/2020\/05\/D3X_3472-700x466.jpg\" alt=\"I en tall vid krukberget h\u00e4nger en korg med bland annat femtunga, Scaevola aemula.\" width=\"700\" height=\"466\" srcset=\"https:\/\/rosenholm.se\/wp-content\/uploads\/2020\/05\/D3X_3472-700x466.jpg 700w, https:\/\/rosenholm.se\/wp-content\/uploads\/2020\/05\/D3X_3472-410x273.jpg 410w, https:\/\/rosenholm.se\/wp-content\/uploads\/2020\/05\/D3X_3472-390x260.jpg 390w, https:\/\/rosenholm.se\/wp-content\/uploads\/2020\/05\/D3X_3472.jpg 728w\" sizes=\"auto, (max-width: 700px) 100vw, 700px\" \/><p id=\"caption-attachment-12171\" class=\"wp-caption-text\">I en tall vid krukberget h\u00e4nger en korg med bland annat femtunga, Scaevola aemula.<\/p><\/div>\n<div id=\"attachment_12168\" style=\"width: 710px\" class=\"wp-caption alignnone\"><img loading=\"lazy\" decoding=\"async\" aria-describedby=\"caption-attachment-12168\" class=\"size-large wp-image-12168\" src=\"https:\/\/rosenholm.se\/wp-content\/uploads\/2020\/05\/D3X_3334-700x559.jpg\" alt=\"Den inte alls huvudl\u00f6sa krukan fick Kerstin som present av en bekant. Gr\u00e4set bl\u00e5svingel, Festuca glauca, f\u00e5r \u00f6vervintra i komposten.\" width=\"700\" height=\"559\" srcset=\"https:\/\/rosenholm.se\/wp-content\/uploads\/2020\/05\/D3X_3334-700x559.jpg 700w, https:\/\/rosenholm.se\/wp-content\/uploads\/2020\/05\/D3X_3334-410x327.jpg 410w, https:\/\/rosenholm.se\/wp-content\/uploads\/2020\/05\/D3X_3334-390x311.jpg 390w, https:\/\/rosenholm.se\/wp-content\/uploads\/2020\/05\/D3X_3334.jpg 728w\" sizes=\"auto, (max-width: 700px) 100vw, 700px\" \/><p id=\"caption-attachment-12168\" class=\"wp-caption-text\">Den inte alls huvudl\u00f6sa krukan fick Kerstin som present av en bekant. Gr\u00e4set bl\u00e5svingel, Festuca glauca, f\u00e5r \u00f6vervintra i komposten.<\/p><\/div>\n<h6><a title=\"Krukberget \u2013 tips om s\u00e5dd och vinterf\u00f6rvaring\" href=\"https:\/\/rosenholm.se\/?page_id=12187\">Krukberget \u2013 tips om s\u00e5dd och vinterf\u00f6rvaring<\/a><\/h6>\n","protected":false},"excerpt":{"rendered":"<p>Tr\u00e4dg\u00e5rdsruin, naturlig damm, en plommonskog, ett berg med krukor och en buxbomsparterr. Du \u00e4r p\u00e5 svensktalande \u00c5land, p\u00e5 bes\u00f6k hos Kerstin Karlsson. Text och bild: Dan Rosenholm En klassisk tr\u00e4dg\u00e5rdsruin&hellip; <\/p>\n","protected":false},"author":1,"featured_media":0,"parent":0,"menu_order":0,"comment_status":"closed","ping_status":"closed","template":"","meta":{"footnotes":""},"class_list":["post-12148","page","type-page","status-publish","hentry"],"_links":{"self":[{"href":"https:\/\/rosenholm.se\/index.php?rest_route=\/wp\/v2\/pages\/12148","targetHints":{"allow":["GET"]}}],"collection":[{"href":"https:\/\/rosenholm.se\/index.php?rest_route=\/wp\/v2\/pages"}],"about":[{"href":"https:\/\/rosenholm.se\/index.php?rest_route=\/wp\/v2\/types\/page"}],"author":[{"embeddable":true,"href":"https:\/\/rosenholm.se\/index.php?rest_route=\/wp\/v2\/users\/1"}],"replies":[{"embeddable":true,"href":"https:\/\/rosenholm.se\/index.php?rest_route=%2Fwp%2Fv2%2Fcomments&post=12148"}],"version-history":[{"count":36,"href":"https:\/\/rosenholm.se\/index.php?rest_route=\/wp\/v2\/pages\/12148\/revisions"}],"predecessor-version":[{"id":12223,"href":"https:\/\/rosenholm.se\/index.php?rest_route=\/wp\/v2\/pages\/12148\/revisions\/12223"}],"wp:attachment":[{"href":"https:\/\/rosenholm.se\/index.php?rest_route=%2Fwp%2Fv2%2Fmedia&parent=12148"}],"curies":[{"name":"wp","href":"https:\/\/api.w.org\/{rel}","templated":true}]}}