{"id":10617,"date":"2017-01-09T21:00:01","date_gmt":"2017-01-09T20:00:01","guid":{"rendered":"http:\/\/rosenholm.se\/?page_id=10617"},"modified":"2017-01-28T20:42:45","modified_gmt":"2017-01-28T19:42:45","slug":"perenner-en-vasterbottnisk-passion","status":"publish","type":"page","link":"https:\/\/rosenholm.se\/?page_id=10617","title":{"rendered":"Perenner \u2013 en v\u00e4sterbottnisk passion"},"content":{"rendered":"<p><em>Text och bild: Dan Rosenholm (2010)<\/em><\/p>\n<p><strong>Goda nyheter, det g\u00e5r utm\u00e4rkt att skapa fantastisk tr\u00e4dg\u00e5rd ocks\u00e5 l\u00e5ngt upp i Norrlands inland, prunkande gr\u00f6n, fantasifull och varierad. Hos M\u00e4rta Eklund utanf\u00f6r Burtr\u00e4sk i V\u00e4sterbotten lyser perennernas blad och blommor upp tillvaron. Och det \u00e4r inte trots det tuffa klimatet utan tack vare som det blivit s\u00e5 fint. Och s\u00e5 naturligtvis M\u00e4rtas kunnande och gr\u00f6na fingrar.<\/strong><\/p>\n<div id=\"attachment_10624\" style=\"width: 710px\" class=\"wp-caption alignnone\"><img loading=\"lazy\" decoding=\"async\" aria-describedby=\"caption-attachment-10624\" class=\"size-large wp-image-10624\" src=\"http:\/\/rosenholm.se\/wp-content\/uploads\/2017\/01\/D3X_3123-700x467.jpg\" alt=\"Med str\u00e5lande utsikt \u00f6ver \u00e4ngarna och Vargviken ligger M\u00e4rtas tr\u00e4dg\u00e5rd. Helge Granstr\u00f6m uppvuxen i Burtr\u00e4sk och senare bosatt i Skellefte\u00e5 skapade v\u00e4derkvarnen.\" width=\"700\" height=\"467\" srcset=\"https:\/\/rosenholm.se\/wp-content\/uploads\/2017\/01\/D3X_3123-350x234@2x.jpg 700w, https:\/\/rosenholm.se\/wp-content\/uploads\/2017\/01\/D3X_3123-350x234.jpg 350w, https:\/\/rosenholm.se\/wp-content\/uploads\/2017\/01\/D3X_3123-420x280.jpg 420w\" sizes=\"auto, (max-width: 700px) 100vw, 700px\" \/><p id=\"caption-attachment-10624\" class=\"wp-caption-text\">Med str\u00e5lande utsikt \u00f6ver \u00e4ngarna och Vargviken ligger M\u00e4rtas tr\u00e4dg\u00e5rd. Helge Granstr\u00f6m uppvuxen i Burtr\u00e4sk och senare bosatt i Skellefte\u00e5 skapade v\u00e4derkvarnen.<\/p><\/div>\n<p>Burtr\u00e4sket heter insj\u00f6n, ganska grund med bra g\u00e4dd- och g\u00f6sfiske och utm\u00e4rkt sandstrand att bada p\u00e5 n\u00e4r sommaren \u00e4r som varmast. Den lilla huvudorten vid vattnet b\u00e4r namnet Burtr\u00e4sk, dess kyrka \u00e4r ett landm\u00e4rke som lyser vitt vid strandkanten n\u00e4stan var \u00e4n man befinner sig kring sj\u00f6n. \u00c4r platsen speciellt k\u00e4nd f\u00f6r n\u00e5got \u00e4r det osten med namnet V\u00e4sterbotten, och det \u00e4r i det landskapet vi befinner oss ungef\u00e4r tre, fyra mil fr\u00e5n kusten i h\u00f6jd med Skellefte\u00e5. Sveriges f\u00f6rsta k\u00e4ndisadvokat, Henning Sj\u00f6str\u00f6m, kommer h\u00e4rifr\u00e5n. Vad som d\u00e4remot kanske g\u00f6r en och annan person f\u00f6rundrad \u00e4r att Burtr\u00e4sk \u00e4r en tr\u00e4dg\u00e5rdsmetropol d\u00e4r intresset f\u00f6r det som v\u00e4xer och frodas hemma vid knuten \u00e4r st\u00f6rre \u00e4n p\u00e5 de flesta andra platser i landet. Lite beroende p\u00e5 hur man r\u00e4knar bor det kring 4000 personer p\u00e5 orten. I Burtr\u00e4sk tr\u00e4dg\u00e5rdsf\u00f6rening \u00e4r antalet medlemmar \u00f6ver 200. Det inneb\u00e4r att mer \u00e4n var tjugonde person \u00e4r medlem. Sl\u00e5 det den som kan.<\/p>\n<div id=\"attachment_10626\" style=\"width: 710px\" class=\"wp-caption alignnone\"><img loading=\"lazy\" decoding=\"async\" aria-describedby=\"caption-attachment-10626\" class=\"size-large wp-image-10626\" src=\"http:\/\/rosenholm.se\/wp-content\/uploads\/2017\/01\/L1090502-700x393.jpg\" alt=\"Ett litet badparadis i norr, L\u00e5ngn\u00e4set i sj\u00f6n Burtr\u00e4sket inom g\u00e5ngavst\u00e5nd fr\u00e5n M\u00e4rtas hem i Vargviken. F\u00f6rv\u00e5nansv\u00e4rt varmt tack vare att det \u00e4r l\u00e5nggrunt och m\u00e5nga soltimmar sommartid. I fj\u00e4rran syns kyrkan i byn.\" width=\"700\" height=\"393\" srcset=\"https:\/\/rosenholm.se\/wp-content\/uploads\/2017\/01\/L1090502-350x197@2x.jpg 700w, https:\/\/rosenholm.se\/wp-content\/uploads\/2017\/01\/L1090502-350x197.jpg 350w, https:\/\/rosenholm.se\/wp-content\/uploads\/2017\/01\/L1090502-420x236.jpg 420w\" sizes=\"auto, (max-width: 700px) 100vw, 700px\" \/><p id=\"caption-attachment-10626\" class=\"wp-caption-text\">Ett litet badparadis i norr, L\u00e5ngn\u00e4set i sj\u00f6n Burtr\u00e4sket inom g\u00e5ngavst\u00e5nd fr\u00e5n M\u00e4rtas hem i Vargviken. F\u00f6rv\u00e5nansv\u00e4rt varmt tack vare att det \u00e4r l\u00e5nggrunt och m\u00e5nga soltimmar sommartid. I fj\u00e4rran syns kyrkan i byn.<\/p><\/div>\n<p>Och vad kan man odla i V\u00e4sterbottens inland fr\u00e5gar sig nog alla sydsvenskar? F\u00f6r att f\u00e5 svaret p\u00e5 den fr\u00e5gan kan man bege sig till Vargviken, en gren av sj\u00f6n som banat sig v\u00e4g in i landskapet omkring. Vid den bor M\u00e4rta Eklund i sitt hemman.\u00a0N\u00e4r man samtalar med henne kommer man blixtsnabbt in p\u00e5 \u00e4mnet perenner.<\/p>\n<div id=\"attachment_10664\" style=\"width: 710px\" class=\"wp-caption alignnone\"><img loading=\"lazy\" decoding=\"async\" aria-describedby=\"caption-attachment-10664\" class=\"size-large wp-image-10664\" src=\"http:\/\/rosenholm.se\/wp-content\/uploads\/2017\/01\/D3X_3413-700x467.jpg\" alt=\"Guldberberis Berberis thunbergii 'Aurea' tillh\u00f6r favoritv\u00e4xterna. Vill man ha den t\u00e4t, vilket man vill, kan man klippa den h\u00e5rt.\" width=\"700\" height=\"467\" srcset=\"https:\/\/rosenholm.se\/wp-content\/uploads\/2017\/01\/D3X_3413-350x234@2x.jpg 700w, https:\/\/rosenholm.se\/wp-content\/uploads\/2017\/01\/D3X_3413-350x234.jpg 350w, https:\/\/rosenholm.se\/wp-content\/uploads\/2017\/01\/D3X_3413-420x280.jpg 420w\" sizes=\"auto, (max-width: 700px) 100vw, 700px\" \/><p id=\"caption-attachment-10664\" class=\"wp-caption-text\">Guldberberis, Berberis thunbergii &#8217;Aurea&#8217;, tillh\u00f6r favoritv\u00e4xterna. Vill man ha den t\u00e4t, vilket man vill, kan man klippa den h\u00e5rt.<\/p><\/div>\n<div id=\"attachment_10638\" style=\"width: 360px\" class=\"wp-caption alignright\"><img loading=\"lazy\" decoding=\"async\" aria-describedby=\"caption-attachment-10638\" class=\"size-thumbnail wp-image-10638\" src=\"http:\/\/rosenholm.se\/wp-content\/uploads\/2017\/01\/D3X_2935-350x439.jpg\" alt=\"En M\u00e4rta Eklund kombination i matchande f\u00e4rger som inte \u00e4r blygsam minsann \u00e4r sm\u00e4llspirea Physocarpus opulifolius 'Diable d'Or' och liljan 'Black Bird'.\" width=\"350\" height=\"439\" srcset=\"https:\/\/rosenholm.se\/wp-content\/uploads\/2017\/01\/D3X_2935-350x439.jpg 350w, https:\/\/rosenholm.se\/wp-content\/uploads\/2017\/01\/D3X_2935-420x527.jpg 420w, https:\/\/rosenholm.se\/wp-content\/uploads\/2017\/01\/D3X_2935.jpg 558w\" sizes=\"auto, (max-width: 350px) 100vw, 350px\" \/><p id=\"caption-attachment-10638\" class=\"wp-caption-text\">En M\u00e4rta Eklund-kombination som inte \u00e4r blygsam minsann \u00e4r sm\u00e4llspirea, Physocarpus opulifolius &#8217;Diable d&#8217;Or&#8217;, och liljan &#8217;Black Bird&#8217;.<\/p><\/div>\n<p>Exotiska och ibland kr\u00e5ngliga v\u00e4xtnamn flyger genom luften i svindlande fart. Sortnamn som &#8217;Black Beauty&#8217;, &#8217;Green Envy&#8217;, &#8217;Ivory Heart&#8217; och &#8217;Pink Spike&#8217; eggar fantasin och blandas med tungvrickande latin i en hastighet som g\u00f6r det sv\u00e5rt f\u00f6r \u00e4ven den mest insatte att hinna med i sv\u00e4ngarna. Inte konstigt alls, eftersom hon \u00e4r en f\u00f6reg\u00e5ngare p\u00e5 omr\u00e5det och \u00e4lskar att experimentera med nya sorter och arter.<\/p>\n<p>\u2013 Liljepaketet kom idag, s\u00e4ger M\u00e4rta i telefon medan skidf\u00f6ret fortfarande \u00e4r som allra b\u00e4st. Det inneh\u00e5ller massor av sp\u00e4nnande. Jag k\u00f6per in mina v\u00e4xter lite varstans, fr\u00e5n olika sajter. Det blir dyra frakter. En massa nya sorter, jag har best\u00e4llt mer \u00e4n hundra nya perenner i \u00e5r.<\/p>\n<div id=\"attachment_10628\" style=\"width: 710px\" class=\"wp-caption alignnone\"><img loading=\"lazy\" decoding=\"async\" aria-describedby=\"caption-attachment-10628\" class=\"size-large wp-image-10628\" src=\"http:\/\/rosenholm.se\/wp-content\/uploads\/2017\/01\/D3X_3339-700x525.jpg\" alt=\"De har s\u00e5 roliga namn m\u00e5nga av M\u00e4rtas perenner. Det franska kungsljuset Verbascum chaixii som st\u00e5r framf\u00f6r huset heter \u2018Wedding Candles\u2019. Nedanf\u00f6r st\u00e5r indisk finger\u00f6rt Potentilla nepalensis \u2018Roxana\u2019.\" width=\"700\" height=\"525\" srcset=\"https:\/\/rosenholm.se\/wp-content\/uploads\/2017\/01\/D3X_3339-350x263@2x.jpg 700w, https:\/\/rosenholm.se\/wp-content\/uploads\/2017\/01\/D3X_3339-350x263.jpg 350w, https:\/\/rosenholm.se\/wp-content\/uploads\/2017\/01\/D3X_3339-420x315.jpg 420w\" sizes=\"auto, (max-width: 700px) 100vw, 700px\" \/><p id=\"caption-attachment-10628\" class=\"wp-caption-text\">De har s\u00e5 roliga namn m\u00e5nga av M\u00e4rtas perenner. Det franska kungsljuset, Verbascum chaixii, som st\u00e5r framf\u00f6r huset heter \u2018Wedding Candles\u2019. Nedanf\u00f6r st\u00e5r indisk finger\u00f6rt, Potentilla nepalensis \u2018Roxana\u2019.<\/p><\/div>\n<p>Men f\u00f6r att ta det hela mer fr\u00e5n b\u00f6rjan. Det var \u00e5r 1960 mitt i den era som f\u00f6rvandlade Sverige till ett modernt land. M\u00e4rta gifte sig med sin Sture och de flyttade till en g\u00e5rd vackert bel\u00e4gen ovanf\u00f6r \u00e4ngarna vid sj\u00f6n Burtr\u00e4sket. Fr\u00e5n viken nedanf\u00f6r fick den sitt namn, Vargviksg\u00e5rden. D\u00e4r blev det s\u00e5 att de stannade. Hon arbetade som hush\u00e5llsl\u00e4rare. Han sk\u00f6tte jordbruket och deltog i ortens f\u00f6reningsliv. F\u00f6r att f\u00e5 in pengar till att rusta upp bygdeg\u00e5rdsf\u00f6reningens hus bakade de bullar och arrangerade bingotr\u00e4ffar \u2013 det var under bingofeberns tidevarv. Och Sture spelade teater.<\/p>\n<div id=\"attachment_10633\" style=\"width: 710px\" class=\"wp-caption alignnone\"><img loading=\"lazy\" decoding=\"async\" aria-describedby=\"caption-attachment-10633\" class=\"size-large wp-image-10633\" src=\"http:\/\/rosenholm.se\/wp-content\/uploads\/2017\/01\/D3X_3564-700x467.jpg\" alt=\"Den g\u00f6r sitt b\u00e4sta f\u00f6r att bli en del av utsikten mot sj\u00f6n integrifoliaklematisen \u2018Arabella\u2019. Underbar l\u00e5ngblommare som klarat sig p\u00e5 sin plats i tio \u00e5r. Blir h\u00e4r i V\u00e4sterbotten 60\u201380 cm h\u00f6g och blommar juli\u2013september, i b\u00e4sta fall in i oktober. Till h\u00f6ger funkian \u2018Sun Power\u2019.\" width=\"700\" height=\"467\" srcset=\"https:\/\/rosenholm.se\/wp-content\/uploads\/2017\/01\/D3X_3564-350x234@2x.jpg 700w, https:\/\/rosenholm.se\/wp-content\/uploads\/2017\/01\/D3X_3564-350x234.jpg 350w, https:\/\/rosenholm.se\/wp-content\/uploads\/2017\/01\/D3X_3564-420x280.jpg 420w\" sizes=\"auto, (max-width: 700px) 100vw, 700px\" \/><p id=\"caption-attachment-10633\" class=\"wp-caption-text\">Den g\u00f6r sitt b\u00e4sta f\u00f6r att bli en del av utsikten mot sj\u00f6n integrifoliaklematisen \u2018Arabella\u2019. Underbar l\u00e5ngblommare som klarat sig p\u00e5 sin plats i tio \u00e5r. Blir h\u00e4r i V\u00e4sterbotten 60\u201380 cm h\u00f6g och blommar juli\u2013september, i b\u00e4sta fall in i oktober. Till h\u00f6ger funkian \u2018Sun Power\u2019.<\/p><\/div>\n<div id=\"attachment_10661\" style=\"width: 360px\" class=\"wp-caption alignright\"><img loading=\"lazy\" decoding=\"async\" aria-describedby=\"caption-attachment-10661\" class=\"size-thumbnail wp-image-10661\" src=\"http:\/\/rosenholm.se\/wp-content\/uploads\/2017\/01\/D3X_3257-350x467.jpg\" alt=\"Det n\u00e4rmaste svart man kan komma \u00e4r purpurk\u00e4rleks\u00f6rt Hylotelephium telephium 'Postman's Pride' vars f\u00e4rg M\u00e4rta gillar s\u00e4rdeles mycket.\" width=\"350\" height=\"467\" srcset=\"https:\/\/rosenholm.se\/wp-content\/uploads\/2017\/01\/D3X_3257-350x467.jpg 350w, https:\/\/rosenholm.se\/wp-content\/uploads\/2017\/01\/D3X_3257-420x560.jpg 420w, https:\/\/rosenholm.se\/wp-content\/uploads\/2017\/01\/D3X_3257.jpg 525w\" sizes=\"auto, (max-width: 350px) 100vw, 350px\" \/><p id=\"caption-attachment-10661\" class=\"wp-caption-text\">Det n\u00e4rmaste svart man kan komma \u00e4r purpurk\u00e4rleks\u00f6rt, Hylotelephium telephium &#8217;Postman&#8217;s Pride&#8217;, vars f\u00e4rg M\u00e4rta gillar s\u00e4rdeles.<\/p><\/div>\n<p>I tr\u00e4dg\u00e5rden var det l\u00e4nge ett\u00e5ringar som g\u00e4llde. Lite lagom vid v\u00e4ggen och i n\u00e5gra rabatter, ungef\u00e4r s\u00e5d\u00e4r som alla andra. Med tiden blev det bara perenner, den typ av v\u00e4xter som vissnar ner under vintern men kommer upp igen varje v\u00e5r.<\/p>\n<p>\u2013 Det var 1991 det b\u00f6rjade, ber\u00e4ttar M\u00e4rta, jag gick med i f\u00f6reningen Tr\u00e4dg\u00e5rdsamat\u00f6rerna. D\u00e4r fanns det flera \u00e4ldre karlar, intresserade och kunniga, som verkligen bj\u00f6d p\u00e5 sig sj\u00e4lva. Jag skaffade litteratur och l\u00e4ste och l\u00e4ste. Som l\u00e4rare \u00e4r jag van att g\u00f6ra s\u00e5. Man blir aldrig full\u00e4rd, det g\u00e4ller att vara aktiv och g\u00e5 vidare.<\/p>\n<div id=\"attachment_10630\" style=\"width: 710px\" class=\"wp-caption alignnone\"><img loading=\"lazy\" decoding=\"async\" aria-describedby=\"caption-attachment-10630\" class=\"size-large wp-image-10630\" src=\"http:\/\/rosenholm.se\/wp-content\/uploads\/2017\/01\/D3X_3101-700x525.jpg\" alt=\"Fint ska det vara i tr\u00e4dg\u00e5rden, inte en massa ogr\u00e4s och fult. Vill man f\u00e5 b\u00e4ttre blomning hj\u00e4lper det att plocka bort det som blommat ut.\" width=\"700\" height=\"525\" srcset=\"https:\/\/rosenholm.se\/wp-content\/uploads\/2017\/01\/D3X_3101-350x263@2x.jpg 700w, https:\/\/rosenholm.se\/wp-content\/uploads\/2017\/01\/D3X_3101-350x263.jpg 350w, https:\/\/rosenholm.se\/wp-content\/uploads\/2017\/01\/D3X_3101-420x315.jpg 420w\" sizes=\"auto, (max-width: 700px) 100vw, 700px\" \/><p id=\"caption-attachment-10630\" class=\"wp-caption-text\">Fint ska det vara i tr\u00e4dg\u00e5rden, inte en massa ogr\u00e4s och fult. Vill man f\u00e5 b\u00e4ttre blomning hj\u00e4lper det att plocka bort det som blommat ut.<\/p><\/div>\n<p>F\u00f6r snart tv\u00e5 \u00e5r sedan dog Sture. Hon tycker sj\u00e4lv hon har kommit igen bra efter\u00e5t. De sociala kontakterna med bes\u00f6kare och andra har hj\u00e4lpt till. I tr\u00e4dg\u00e5rden finns en minneslund till hans minne. D\u00e4r stryker katten kring och tar sig g\u00e4rna en lur p\u00e5 det uppv\u00e4rmda tr\u00e4d\u00e4cket vid vattenpumpen.<\/p>\n<p>\u2013 Perennerna blir ens v\u00e4nner, s\u00e4ger M\u00e4rta. N\u00e4r man ser det f\u00f6rsta gr\u00f6na komma upp p\u00e5 v\u00e5ren blir man lycklig. P\u00e5 sommaren tar tr\u00e4dg\u00e5rden all min tid. Det blir inte n\u00e5gon fyrtio timmars vecka inte. Jag brukar g\u00e5 ut ett par timmar f\u00f6re frukost, vid fem-, halv sex-tiden, och vara ute tv\u00e5 timmar. F\u00e5glarna sjunger och r\u00e5djuren tittar fram. Sedan s\u00e4ger magen till mig att g\u00e5 in och \u00e4ta.<\/p>\n<div id=\"attachment_10640\" style=\"width: 710px\" class=\"wp-caption alignnone\"><img loading=\"lazy\" decoding=\"async\" aria-describedby=\"caption-attachment-10640\" class=\"size-large wp-image-10640\" src=\"http:\/\/rosenholm.se\/wp-content\/uploads\/2017\/01\/D3X_3094-700x467.jpg\" alt=\"Uts\u00f6kta kombinationer beh\u00f6ver inte ha starka f\u00e4rger f\u00f6r att framtr\u00e4da. Fr\u00e5n v\u00e4nster palmstarr Carex muskingumensis, himmelsnunne\u00f6rt Corydalis omeiana samt bladen till klippst\u00e5nds Ligularia dentata 'Othello'.\" width=\"700\" height=\"467\" srcset=\"https:\/\/rosenholm.se\/wp-content\/uploads\/2017\/01\/D3X_3094-350x234@2x.jpg 700w, https:\/\/rosenholm.se\/wp-content\/uploads\/2017\/01\/D3X_3094-350x234.jpg 350w, https:\/\/rosenholm.se\/wp-content\/uploads\/2017\/01\/D3X_3094-420x280.jpg 420w\" sizes=\"auto, (max-width: 700px) 100vw, 700px\" \/><p id=\"caption-attachment-10640\" class=\"wp-caption-text\">Uts\u00f6kta kombinationer beh\u00f6ver inte ha starka f\u00e4rger f\u00f6r att framtr\u00e4da. Fr\u00e5n v\u00e4nster palmstarr, Carex muskingumensis, himmelsnunne\u00f6rt, Corydalis omeiana, samt bladen till klippst\u00e5nds, Ligularia dentata &#8217;Othello&#8217;.<\/p><\/div>\n<p>Klimatet d\u00e5? N\u00e4r man bes\u00f6ker mitt i h\u00f6gsommaren prunkar rabatterna som i tropikerna. Perennerna verkar stortrivas och det syns p\u00e5 v\u00e4xterna att de m\u00e5r bra. \u00c4nd\u00e5 \u00e4r det odlingszon 5 h\u00e4ruppe, kanske med en dragning mot zon 6. Ett klimat som m\u00e5nga skulle betrakta som helt hoppl\u00f6st att odla n\u00e5got annat \u00e4n mandelpotatis i.<\/p>\n<p>\u2013 Det \u00e4r vinterfukten som g\u00f6r att v\u00e4xter ruttnar, s\u00e4ger M\u00e4rta. Har man v\u00e4ldr\u00e4nerat f\u00f6rb\u00e4ttrar man minst en zon. Jag anv\u00e4nder upph\u00f6jda b\u00e4ddar och blandar in grov sand och komposterat h\u00e4stg\u00f6dsel. H\u00e4star har bara en mage och sm\u00e4lter inte maten s\u00e5 v\u00e4l, det blir mycket fibrer kvar som g\u00f6r att det blir luft i jorden. Och det \u00e4r som om bladen f\u00e5r en annan lyster h\u00e4r uppe i norr. Det \u00e4r nog de ljusa n\u00e4tterna.<\/p>\n<div id=\"attachment_10642\" style=\"width: 710px\" class=\"wp-caption alignnone\"><img loading=\"lazy\" decoding=\"async\" aria-describedby=\"caption-attachment-10642\" class=\"size-large wp-image-10642\" src=\"http:\/\/rosenholm.se\/wp-content\/uploads\/2017\/01\/D3X_3293-700x467.jpg\" alt=\"Med f\u00e4rger och former skapar M\u00e4rta sina f\u00f6rf\u00f6rande kombinationer. Flikbladig druvfl\u00e4der Sambucus racemosa 'Sutherland Gold' med asiatlilja Lilium 'Sweet Lord' \u00e4nnu inte utslagen i f\u00f6rgrunden.\" width=\"700\" height=\"467\" srcset=\"https:\/\/rosenholm.se\/wp-content\/uploads\/2017\/01\/D3X_3293-350x234@2x.jpg 700w, https:\/\/rosenholm.se\/wp-content\/uploads\/2017\/01\/D3X_3293-350x234.jpg 350w, https:\/\/rosenholm.se\/wp-content\/uploads\/2017\/01\/D3X_3293-420x280.jpg 420w\" sizes=\"auto, (max-width: 700px) 100vw, 700px\" \/><p id=\"caption-attachment-10642\" class=\"wp-caption-text\">Med f\u00e4rger och former skapar M\u00e4rta f\u00f6rf\u00f6rande kombinationer. Flikbladig druvfl\u00e4der, Sambucus racemosa &#8217;Sutherland Gold&#8217;. med asiatlilja, Lilium &#8217;Sweet Lord&#8217;, i f\u00f6rgrunden.<\/p><\/div>\n<div id=\"attachment_10641\" style=\"width: 360px\" class=\"wp-caption alignright\"><img loading=\"lazy\" decoding=\"async\" aria-describedby=\"caption-attachment-10641\" class=\"size-thumbnail wp-image-10641\" src=\"http:\/\/rosenholm.se\/wp-content\/uploads\/2017\/01\/D3X_2854-350x431.jpg\" alt=\"Komponera rabatter med hj\u00e4lp av funkior. Sorterna p\u00e5 bilden \u00e4r blomsterfunkia 'Patriot' \u00f6verst till v\u00e4nster med 'Feather Boa' nedanf\u00f6r och till h\u00f6ger 'Grand Tiara'. I bakgrunden daggfunkia 'Frances Williams'.\" width=\"350\" height=\"431\" srcset=\"https:\/\/rosenholm.se\/wp-content\/uploads\/2017\/01\/D3X_2854-350x431.jpg 350w, https:\/\/rosenholm.se\/wp-content\/uploads\/2017\/01\/D3X_2854-420x518.jpg 420w, https:\/\/rosenholm.se\/wp-content\/uploads\/2017\/01\/D3X_2854.jpg 568w\" sizes=\"auto, (max-width: 350px) 100vw, 350px\" \/><p id=\"caption-attachment-10641\" class=\"wp-caption-text\">Komponera med funkior. Sorterna \u00e4r blomsterfunkia &#8217;Patriot&#8217; till v\u00e4nster med &#8217;Feather Boa&#8217; nedanf\u00f6r och till h\u00f6ger &#8217;Grand Tiara&#8217;. I bakgrunden daggfunkia &#8217;Frances Williams&#8217;.<\/p><\/div>\n<p>Det \u00e4r bladen som M\u00e4rta tycker \u00e4r viktigast. Hon n\u00e4mner det vackert r\u00f6dtonade, n\u00e4stan svarta h\u00f6stsilveraxet &#8217;Pink Spike&#8217; som en absolut favorit, den riktiga wow-grejen. Detta trots att den inte hinner blomma varje \u00e5r s\u00e5 h\u00e4r l\u00e5ngt norrut. Som stomme i planteringarna passar m\u00f6rkbladig alunrot &#8217;Black Beauty&#8217; som g\u00e5r bra mot limef\u00e4rger, f\u00f6r kontraster gillar hon. N\u00e4van &#8217;Hokus Pokus&#8217;, likaledes med m\u00f6rka blad, tillh\u00f6r favoriterna, n\u00e4vor finns det f\u00f6r\u00f6vrigt hur m\u00e5nga som helst av. Och gillar man blad gillar man funkior, sorten &#8217;June&#8217; blir faktiskt finast i sol f\u00f6r d\u00e5 kommer gulf\u00e4rgen fram. Men \u00e4ven blommande v\u00e4xter h\u00f6r hemma i tr\u00e4dg\u00e5rden.<\/p>\n<div id=\"attachment_10643\" style=\"width: 710px\" class=\"wp-caption alignnone\"><img loading=\"lazy\" decoding=\"async\" aria-describedby=\"caption-attachment-10643\" class=\"size-large wp-image-10643\" src=\"http:\/\/rosenholm.se\/wp-content\/uploads\/2017\/01\/D3X_3146-700x394.jpg\" alt=\"Extra stadigt st\u00e5r tr\u00e4dg\u00e5rdsriddarsporre Delphinium 'Pagan Purples' liksom andra sorter i det som ibland kallas Millennium-serien med ursprung i Nya Zealand. En n\u00e5got l\u00e4gre sort som h\u00e4r blir kring 120 cm h\u00f6g. I bakgrunden den st\u00e5tliga och h\u00e4rdiga perennen finnslide Aconogonon \u00d7 fennicum.\" width=\"700\" height=\"394\" srcset=\"https:\/\/rosenholm.se\/wp-content\/uploads\/2017\/01\/D3X_3146-350x197@2x.jpg 700w, https:\/\/rosenholm.se\/wp-content\/uploads\/2017\/01\/D3X_3146-350x197.jpg 350w, https:\/\/rosenholm.se\/wp-content\/uploads\/2017\/01\/D3X_3146-420x236.jpg 420w\" sizes=\"auto, (max-width: 700px) 100vw, 700px\" \/><p id=\"caption-attachment-10643\" class=\"wp-caption-text\">Extra stadigt st\u00e5r tr\u00e4dg\u00e5rdsriddarsporre Delphinium &#8217;Pagan Purples&#8217; liksom andra sorter i Millennium-serien med ursprung i Nya Zealand. En n\u00e5got l\u00e4gre sort som h\u00e4r blir kring 120 cm h\u00f6g. I bakgrunden den st\u00e5tliga och h\u00e4rdiga perennen finnslide, Aconogonon \u00d7 fennicum.<\/p><\/div>\n<div id=\"attachment_10637\" style=\"width: 360px\" class=\"wp-caption alignright\"><img loading=\"lazy\" decoding=\"async\" aria-describedby=\"caption-attachment-10637\" class=\"size-thumbnail wp-image-10637\" src=\"http:\/\/rosenholm.se\/wp-content\/uploads\/2017\/01\/D2X_2265-350x467.jpg\" alt=\"Limef\u00e4rgat och bl\u00e5tt tillsammans kan knappast bli fel. Funkian 'Sum and Substance' tillsammans med bl\u00e5klockshybriden Campanula 'Kent Belle'.\" width=\"350\" height=\"467\" srcset=\"https:\/\/rosenholm.se\/wp-content\/uploads\/2017\/01\/D2X_2265-350x467.jpg 350w, https:\/\/rosenholm.se\/wp-content\/uploads\/2017\/01\/D2X_2265-420x560.jpg 420w, https:\/\/rosenholm.se\/wp-content\/uploads\/2017\/01\/D2X_2265.jpg 525w\" sizes=\"auto, (max-width: 350px) 100vw, 350px\" \/><p id=\"caption-attachment-10637\" class=\"wp-caption-text\">Limef\u00e4rgat och bl\u00e5tt tillsammans kan knappast bli fel. Funkian &#8217;Sum and Substance&#8217; tillsammans med bl\u00e5klockshybriden Campanula &#8217;Kent Belle&#8217;.<\/p><\/div>\n<p>\u2013 N\u00e5gon sa till mig att hon aldrig sett s\u00e5 fina riddarsporrar s\u00f6derut. De \u00e4r f\u00f6rresten ur den moderna Millennium-serien, de blir kraftiga som j\u00e4rnst\u00f6rar. De m\u00e5ste st\u00f6djas \u00e4nd\u00e5 eftersom de f\u00e5r s\u00e5 mycket blommor, men det \u00e4r l\u00e4ttare \u00e4n f\u00f6r gammaldags sorter. Nedtill f\u00f6rgrenar de sig lite s\u00e5 de blommar l\u00e4ngre.<\/p>\n<p>Och s\u00e5 \u00e4r det f\u00e4nrikshj\u00e4rtan, &#8217;Ivory Heart&#8217; till exempel b\u00e5de luktar gott och har bl\u00e5tonade blad, och trebladsspira, Gillenia trifoliata och naturligtvis rosor. De kanadensiska &#8217;Morden Blush&#8217; och &#8217;Champlain&#8217; och den europeiska &#8217;Bonica&#8217; tillh\u00f6r favoriterna.<\/p>\n<div id=\"attachment_10632\" style=\"width: 710px\" class=\"wp-caption alignnone\"><img loading=\"lazy\" decoding=\"async\" aria-describedby=\"caption-attachment-10632\" class=\"size-large wp-image-10632\" src=\"http:\/\/rosenholm.se\/wp-content\/uploads\/2017\/01\/D3X_2894-700x467.jpg\" alt=\"Bes\u00f6k \u00e4r det hemma hos M\u00e4rta, till v\u00e4nster, mest hela tiden under sommaren. Folk g\u00e5r runt och tittar p\u00e5 perennerna, fr\u00e5gar och undrar. Har man tur kan man k\u00f6pa med n\u00e5gon planta hem.\" width=\"700\" height=\"467\" srcset=\"https:\/\/rosenholm.se\/wp-content\/uploads\/2017\/01\/D3X_2894-350x234@2x.jpg 700w, https:\/\/rosenholm.se\/wp-content\/uploads\/2017\/01\/D3X_2894-350x234.jpg 350w, https:\/\/rosenholm.se\/wp-content\/uploads\/2017\/01\/D3X_2894-420x280.jpg 420w\" sizes=\"auto, (max-width: 700px) 100vw, 700px\" \/><p id=\"caption-attachment-10632\" class=\"wp-caption-text\">Bes\u00f6k \u00e4r det hemma hos M\u00e4rta, till v\u00e4nster, mest hela sommaren. Folk g\u00e5r runt och tittar p\u00e5 perennerna, fr\u00e5gar och undrar. Har man tur kan man k\u00f6pa med n\u00e5gon planta hem.<\/p><\/div>\n<p>F\u00f6redrag h\u00e5ller hon p\u00e5 tr\u00e4dg\u00e5rdsf\u00f6reningar och liknande och har k\u00f6pt en sprillans ny dator och projektor f\u00f6r att visa bilder, d\u00e5 blir kvaliteten bra varje g\u00e5ng. F\u00f6rslag p\u00e5 olika v\u00e4xter har hon gott om, och emellan\u00e5t hj\u00e4lper hon n\u00e5gon lyckligt lottad person att planera tr\u00e4dg\u00e5rd och rabatter. Planeringsmetoden kallar hon kontrollerad hovendroven, det ska se naturligt ut utan att vara det. M\u00e5nga bes\u00f6kare bor i zon 6 eller 7, s\u00e5 det g\u00e4ller att ocks\u00e5 veta vad som klarar sig i det klimatet.<\/p>\n<div id=\"attachment_10662\" style=\"width: 710px\" class=\"wp-caption alignnone\"><img loading=\"lazy\" decoding=\"async\" aria-describedby=\"caption-attachment-10662\" class=\"size-large wp-image-10662\" src=\"http:\/\/rosenholm.se\/wp-content\/uploads\/2017\/01\/D2X_2220-1-700x467.jpg\" alt=\"Det n\u00e4stan syns p\u00e5 axnepeta Nepeta nervosa att den trivs i solen. Blir ungef\u00e4r 40 cm h\u00f6g och ska st\u00e5 v\u00e4ldr\u00e4nerat.\" width=\"700\" height=\"467\" srcset=\"https:\/\/rosenholm.se\/wp-content\/uploads\/2017\/01\/D2X_2220-1-350x234@2x.jpg 700w, https:\/\/rosenholm.se\/wp-content\/uploads\/2017\/01\/D2X_2220-1-350x234.jpg 350w, https:\/\/rosenholm.se\/wp-content\/uploads\/2017\/01\/D2X_2220-1-420x280.jpg 420w\" sizes=\"auto, (max-width: 700px) 100vw, 700px\" \/><p id=\"caption-attachment-10662\" class=\"wp-caption-text\">Det n\u00e4stan syns p\u00e5 axnepeta, Nepeta nervosa, att den trivs i solen. Blir ungef\u00e4r 40 cm h\u00f6g och ska st\u00e5 v\u00e4ldr\u00e4nerat.<\/p><\/div>\n<div id=\"attachment_10663\" style=\"width: 360px\" class=\"wp-caption alignright\"><img loading=\"lazy\" decoding=\"async\" aria-describedby=\"caption-attachment-10663\" class=\"size-thumbnail wp-image-10663\" src=\"http:\/\/rosenholm.se\/wp-content\/uploads\/2017\/01\/D3X_2788-350x439.jpg\" alt=\"L\u00e4tt g\u00f6md bakom en stubbe i rabatten st\u00e5r gr\u00f6nlilja Zigadenus elegans. Som det vetenskapliga namnet antyder \u00e4r den stilig, och det \u00e4r den hela s\u00e4songen.\" width=\"350\" height=\"439\" srcset=\"https:\/\/rosenholm.se\/wp-content\/uploads\/2017\/01\/D3X_2788-350x439.jpg 350w, https:\/\/rosenholm.se\/wp-content\/uploads\/2017\/01\/D3X_2788-420x527.jpg 420w, https:\/\/rosenholm.se\/wp-content\/uploads\/2017\/01\/D3X_2788.jpg 558w\" sizes=\"auto, (max-width: 350px) 100vw, 350px\" \/><p id=\"caption-attachment-10663\" class=\"wp-caption-text\">L\u00e4tt g\u00f6md bakom en stubbe i rabatten st\u00e5r gr\u00f6nlilja, Zigadenus elegans. Som det vetenskapliga namnet antyder \u00e4r den stilig, och det \u00e4r den hela s\u00e4songen.<\/p><\/div>\n<p>\u2013 F\u00f6rra veckan var jag p\u00e5 Bygdsiljums PRO-f\u00f6rening och h\u00f6ll f\u00f6redrag, jag \u00e4r medlem d\u00e4r. Jag kallade det \u201dPerenner en passion f\u00f6r livet\u201d. Jag visade ett f\u00f6rslag till rabatt jag gjort f\u00f6r en av medlemmarna, tio meter l\u00e5ng och fyra meter bred.<\/p>\n<p>Och s\u00e5 vill hon att sn\u00f6n ska fara, f\u00f6r \u00e4n \u00e4r det vinter hemma hos henne. Det \u00e4r s\u00e5 mycket att rensa och planera. V\u00e4nligt men alldeles klart s\u00e4ger hon till att det \u00e4r dags att sluta prata, hon ska iv\u00e4g f\u00f6r att h\u00e5lla ett f\u00f6redrag och beh\u00f6ver f\u00f6rbereda sig.<\/p>\n<div id=\"attachment_10660\" style=\"width: 710px\" class=\"wp-caption alignnone\"><img loading=\"lazy\" decoding=\"async\" aria-describedby=\"caption-attachment-10660\" class=\"size-large wp-image-10660\" src=\"http:\/\/rosenholm.se\/wp-content\/uploads\/2017\/01\/D3X_3328-700x467.jpg\" alt=\"Med markt\u00e4ckare som gulplister Lamium galeobdolon 'Florentinum' kan man b\u00e5de h\u00e5lla undan ogr\u00e4s och, framf\u00f6rallt, skapa vackra rabatter.\" width=\"700\" height=\"467\" srcset=\"https:\/\/rosenholm.se\/wp-content\/uploads\/2017\/01\/D3X_3328-350x234@2x.jpg 700w, https:\/\/rosenholm.se\/wp-content\/uploads\/2017\/01\/D3X_3328-350x234.jpg 350w, https:\/\/rosenholm.se\/wp-content\/uploads\/2017\/01\/D3X_3328-420x280.jpg 420w\" sizes=\"auto, (max-width: 700px) 100vw, 700px\" \/><p id=\"caption-attachment-10660\" class=\"wp-caption-text\">Med markt\u00e4ckare som gulplister, Lamium galeobdolon &#8217;Florentinum&#8217;, kan man b\u00e5de h\u00e5lla undan ogr\u00e4s och, framf\u00f6rallt, skapa vackra rabatter.<\/p><\/div>\n<p><a title=\"M\u00e4rtas v\u00e4sterbottensrosor\" href=\"http:\/\/rosenholm.se\/?page_id=10651\">M\u00e4rtas v\u00e4sterbottensrosor<\/a><\/p>\n<p><a title=\"M\u00e4rtas 10 b\u00e4sta odlingsr\u00e5d\" href=\"http:\/\/rosenholm.se\/?page_id=10621\">M\u00e4rtas 10 b\u00e4sta odlingsr\u00e5d<\/a><\/p>\n","protected":false},"excerpt":{"rendered":"<p>Text och bild: Dan Rosenholm (2010) Goda nyheter, det g\u00e5r utm\u00e4rkt att skapa fantastisk tr\u00e4dg\u00e5rd ocks\u00e5 l\u00e5ngt upp i Norrlands inland, prunkande gr\u00f6n, fantasifull och varierad. Hos M\u00e4rta Eklund utanf\u00f6r&hellip; <\/p>\n","protected":false},"author":1,"featured_media":0,"parent":0,"menu_order":0,"comment_status":"closed","ping_status":"closed","template":"","meta":{"footnotes":""},"class_list":["post-10617","page","type-page","status-publish","hentry"],"_links":{"self":[{"href":"https:\/\/rosenholm.se\/index.php?rest_route=\/wp\/v2\/pages\/10617","targetHints":{"allow":["GET"]}}],"collection":[{"href":"https:\/\/rosenholm.se\/index.php?rest_route=\/wp\/v2\/pages"}],"about":[{"href":"https:\/\/rosenholm.se\/index.php?rest_route=\/wp\/v2\/types\/page"}],"author":[{"embeddable":true,"href":"https:\/\/rosenholm.se\/index.php?rest_route=\/wp\/v2\/users\/1"}],"replies":[{"embeddable":true,"href":"https:\/\/rosenholm.se\/index.php?rest_route=%2Fwp%2Fv2%2Fcomments&post=10617"}],"version-history":[{"count":36,"href":"https:\/\/rosenholm.se\/index.php?rest_route=\/wp\/v2\/pages\/10617\/revisions"}],"predecessor-version":[{"id":10966,"href":"https:\/\/rosenholm.se\/index.php?rest_route=\/wp\/v2\/pages\/10617\/revisions\/10966"}],"wp:attachment":[{"href":"https:\/\/rosenholm.se\/index.php?rest_route=%2Fwp%2Fv2%2Fmedia&parent=10617"}],"curies":[{"name":"wp","href":"https:\/\/api.w.org\/{rel}","templated":true}]}}