{"id":10423,"date":"2017-03-19T20:42:28","date_gmt":"2017-03-19T19:42:28","guid":{"rendered":"http:\/\/rosenholm.se\/?page_id=10423"},"modified":"2017-03-28T23:31:24","modified_gmt":"2017-03-28T21:31:24","slug":"varlokar","status":"publish","type":"page","link":"https:\/\/rosenholm.se\/?page_id=10423","title":{"rendered":"V\u00c5RL\u00d6KAR"},"content":{"rendered":"<p>N\u00e4r v\u00e5rvintern k\u00e4nns mest gr\u00e5brun, ibland innan de sista sn\u00f6resterna ens f\u00f6rsvunnit, sticker de f\u00f6rsta v\u00e5rl\u00f6karna upp sina f\u00e4rggranna huvuden. D\u00e5 vet man att den m\u00f6rkaste \u00e5rstiden snart \u00e4r \u00f6ver och v\u00e4rmen p\u00e5 v\u00e4g. Livet kommer tillbaka efter att ha varit begravt under sn\u00f6n, eller bara dolt i ett gr\u00e5tt t\u00f6cken. En stor lycka \u00e4r att de mest f\u00e4rgrika och l\u00e4ttodlade v\u00e4xterna \u00e4r de f\u00f6rsta att komma upp, v\u00e5rl\u00f6karna. P\u00e5 h\u00f6sten planteras de och p\u00e5 v\u00e5ren kan de avnjutas, g\u00e4rna i \u00f6verfl\u00f6d.<\/p>\n<div id=\"attachment_10457\" style=\"width: 360px\" class=\"wp-caption alignright\"><img loading=\"lazy\" decoding=\"async\" aria-describedby=\"caption-attachment-10457\" class=\"size-thumbnail wp-image-10457\" src=\"http:\/\/rosenholm.se\/wp-content\/uploads\/2016\/09\/D3X_6295-350x439.jpg\" alt=\"En genomt\u00e4nkt blandning av narcisser, p\u00e4rlhyacinter och kejsarkrona i en sydsluttning p\u00e5 Sofiero slott med vildv\u00e4xande k\u00e4nsla.\" width=\"350\" height=\"439\" srcset=\"https:\/\/rosenholm.se\/wp-content\/uploads\/2016\/09\/D3X_6295-350x439.jpg 350w, https:\/\/rosenholm.se\/wp-content\/uploads\/2016\/09\/D3X_6295-420x527.jpg 420w, https:\/\/rosenholm.se\/wp-content\/uploads\/2016\/09\/D3X_6295.jpg 558w\" sizes=\"auto, (max-width: 350px) 100vw, 350px\" \/><p id=\"caption-attachment-10457\" class=\"wp-caption-text\">L\u00e5t dig inspireras. En genomt\u00e4nkt blandning av narcisser, p\u00e4rlhyacinter och kejsarkrona i en sydsluttning p\u00e5 Sofiero slott med vildv\u00e4xande k\u00e4nsla.<\/p><\/div>\n<p>Att odla v\u00e5rblommande l\u00f6kar \u00e4r ganska l\u00e4ttsamt. De kan st\u00e5 p\u00e5 de flesta platser i tr\u00e4dg\u00e5rden, i rabatter, i gr\u00e4smattan eller inkl\u00e4mda bland tr\u00e4d och buskar. Man planterar dem i allm\u00e4nhet tidigt p\u00e5 h\u00f6sten. Ofta trivs de i magra torra jordar och p\u00e5 st\u00e4llen d\u00e4r perenner har sv\u00e5rt att klara sig. M\u00e5nga har sitt ursprung p\u00e5 \u00f6ppna, solstekta platser. V\u00e5rl\u00f6kar som m\u00e5r bra f\u00f6r\u00f6kar sig ofta, men utan att inkr\u00e4kta p\u00e5 v\u00e4xter i omgivningen. Det g\u00e5r ocks\u00e5 bra att skapa matchande kombinationer mellan l\u00f6kar, perenner och buskar. Dessutom finns det gott om l\u00f6kar som doftar. R\u00e5djur och gnagare undviker en hel del av dem, till exempel p\u00e5sk- och pingstliljor, sn\u00f6droppe, vinterg\u00e4ck och den st\u00e5tliga kejsarkronan. D\u00e4remot \u00e4r tulpaner och krokusar riktig djurgodis.<\/p>\n<p>\u00c4ven om det finns l\u00f6kar f\u00f6r hela v\u00e5ren s\u00e5 \u00e4r den tidigaste blomningen speciellt attraktiv. Ofta \u00e4r just de dessutom l\u00e4ttodlade, sprider sig bra och klarar sig l\u00e5ngt upp i Sverige. Vill man f\u00e5 upp dem extra tidigt ska de placeras i varma l\u00e4gen, g\u00e4rna invid husv\u00e4ggar och i sydsluttningar. Lite torr och grusig jord blir snabbare varm p\u00e5 v\u00e5ren och g\u00f6r ocks\u00e5 att l\u00f6karna kommer upp fortare. Det har dessutom f\u00f6rdelen att \u00f6ka chansen f\u00f6r dem att \u00f6verleva till n\u00e4sta \u00e5r, det som oftast g\u00f6r att till exempel tulpaner inte klarar m\u00e5nga s\u00e4songer \u00e4r att de ruttnar n\u00e4r jorden \u00e4r f\u00f6r fuktig.<\/p>\n<div id=\"attachment_10456\" style=\"width: 710px\" class=\"wp-caption alignnone\"><img loading=\"lazy\" decoding=\"async\" aria-describedby=\"caption-attachment-10456\" class=\"size-full wp-image-10456\" src=\"http:\/\/rosenholm.se\/wp-content\/uploads\/2016\/09\/D2X_0360.jpg\" alt=\"V\u00e5rkrokus, Crocus vernus 'Jeanne d'Arc' och \u2019Victor Hugo\u2019\" width=\"700\" height=\"465\" srcset=\"https:\/\/rosenholm.se\/wp-content\/uploads\/2016\/09\/D2X_0360-350x233@2x.jpg 700w, https:\/\/rosenholm.se\/wp-content\/uploads\/2016\/09\/D2X_0360-350x233.jpg 350w, https:\/\/rosenholm.se\/wp-content\/uploads\/2016\/09\/D2X_0360-420x279.jpg 420w\" sizes=\"auto, (max-width: 700px) 100vw, 700px\" \/><p id=\"caption-attachment-10456\" class=\"wp-caption-text\">V\u00e5rkrokus, Crocus vernus &#8217;Jeanne d&#8217;Arc&#8217; och \u2019Victor Hugo\u2019<\/p><\/div>\n<p>N\u00e4r v\u00e5rkrokus, <em>Crocus vernus<\/em>, dyker upp, d\u00e5 ringer man sl\u00e4kt och v\u00e4nner f\u00f6r d\u00e5 \u00e4r v\u00e5ren i sikte. Kommer ursprungligen fr\u00e5n s\u00f6dra och syd\u00f6stra Europa. Trivs dock s\u00e5 bra h\u00e4r uppe att den naturaliserats och kan hittas lite varstans. Kan odlas i n\u00e4stan hela landet men vill ha v\u00e4ldr\u00e4nerat. Passar lika bra som underplantering i rabatter som i gr\u00e4smattor. Dela p\u00e5 dem om det blir f\u00f6r t\u00e4tt. P\u00e5 bilden syns sorterna &#8217;Jeanne d&#8217;Arc&#8217; och \u2019Victor Hugo\u2019, men det finns m\u00e5nga andra att v\u00e4lja bland, ocks\u00e5 av den liknande sn\u00f6krokusen <em>C<\/em>. <em>tommasinianus<\/em>. Blommar mars\u2013april, ibland redan i februari. Vill ha sol. Blir cirka 10 cm h\u00f6g. H\u00e4rdig.<\/p>\n<div id=\"attachment_10455\" style=\"width: 360px\" class=\"wp-caption alignright\"><img loading=\"lazy\" decoding=\"async\" aria-describedby=\"caption-attachment-10455\" class=\"size-thumbnail wp-image-10455\" src=\"http:\/\/rosenholm.se\/wp-content\/uploads\/2016\/09\/D2X_1221-350x527.jpg\" alt=\"Kejsarkrona, Fritillaria imperialis\" width=\"350\" height=\"527\" srcset=\"https:\/\/rosenholm.se\/wp-content\/uploads\/2016\/09\/D2X_1221-350x527.jpg 350w, https:\/\/rosenholm.se\/wp-content\/uploads\/2016\/09\/D2X_1221-420x632.jpg 420w, https:\/\/rosenholm.se\/wp-content\/uploads\/2016\/09\/D2X_1221.jpg 465w\" sizes=\"auto, (max-width: 350px) 100vw, 350px\" \/><p id=\"caption-attachment-10455\" class=\"wp-caption-text\">Kejsarkrona, Fritillaria imperialis<\/p><\/div>\n<p>Alla v\u00e5rblommande l\u00f6kar \u00e4r inte sm\u00e5. B\u00e5de st\u00e5tlig och robust \u00e4r kejsarkrona, <em>Fritillaria imperialis<\/em>, med orange h\u00e4ngande klocklika blommor. Kejsarkronan gillar n\u00e4ringsrik tr\u00e4dg\u00e5rdsjord och klarar sig bra i stora delar av Sverige. Ursprunget \u00e4r omr\u00e5den i syd\u00f6stra Turkiet bort till v\u00e4stra Himalaya. Myterna kring den \u00e4r m\u00e5nga, en \u00e4r att den var enda blomman som var f\u00f6r stolt att b\u00f6ja sitt huvud i sorg vid Kristi korsf\u00e4stelse. Efter det f\u00e4ller den st\u00e4ndigt t\u00e5rar, i form av nektar, och b\u00f6jer sitt huvud. \u201d\u00c4r det en sorts palm eller bara en orange lampa?\u201d, finns det n\u00e5gon som undrade n\u00e4r de s\u00e5g den. Luktar dessutom lite speciellt, som vitl\u00f6k tycker en del. Blommar i april\u2013maj och ogillas av r\u00e5djur och gnagare. N\u00e4ringsrik men v\u00e4ldr\u00e4nerad jord. H\u00f6jd cirka 120 cm. H\u00e4rdig.<\/p>\n<div id=\"attachment_10454\" style=\"width: 710px\" class=\"wp-caption alignnone\"><img loading=\"lazy\" decoding=\"async\" aria-describedby=\"caption-attachment-10454\" class=\"size-full wp-image-10454\" src=\"http:\/\/rosenholm.se\/wp-content\/uploads\/2016\/09\/D2X_0071.jpg\" alt=\"Hyacint, Hyacinthus orientalis\" width=\"700\" height=\"394\" srcset=\"https:\/\/rosenholm.se\/wp-content\/uploads\/2016\/09\/D2X_0071-350x197@2x.jpg 700w, https:\/\/rosenholm.se\/wp-content\/uploads\/2016\/09\/D2X_0071-350x197.jpg 350w, https:\/\/rosenholm.se\/wp-content\/uploads\/2016\/09\/D2X_0071-420x236.jpg 420w\" sizes=\"auto, (max-width: 700px) 100vw, 700px\" \/><p id=\"caption-attachment-10454\" class=\"wp-caption-text\">Hyacint, Hyacinthus orientalis<\/p><\/div>\n<p>Hyacint, <em>Hyacinthus orientalis<\/em>, \u00e4r inget som bara passar till jul. I tr\u00e4dg\u00e5rden ger de f\u00e4rg och doft. De \u00e4r inte k\u00e4nda f\u00f6r att vara l\u00e5nglivade och man brukar s\u00e4ga att de h\u00f6r hemma i den sydligaste delen av landet. Men det \u00e4r v\u00e4rt att ta en chans, efter egen erfarenhet kan de klara sig m\u00e5nga \u00e5r i s\u00f6dra Norrlands inland. Hyacinter har inget emot lite kraftigare tr\u00e4dg\u00e5rdsjord, men f\u00f6redrar liksom m\u00e5nga andra att det \u00e4r v\u00e4ldr\u00e4nerat. Sl\u00f6sa rej\u00e4lt och s\u00e4tt massor, kanske flera sorter i matchande f\u00e4rger. D\u00e5 f\u00e5r man ett f\u00e4rgstarkt luktmoln i sin v\u00e5rtr\u00e4dg\u00e5rd p\u00e5 k\u00f6pet. Plantera djupt, upp till 20 cm, f\u00f6r h\u00e4rdighetens skull. H\u00f6jd 20\u201330 cm. Blommar i april\u2013maj. Halvh\u00e4rdig.<\/p>\n<div id=\"attachment_10453\" style=\"width: 360px\" class=\"wp-caption alignright\"><img loading=\"lazy\" decoding=\"async\" aria-describedby=\"caption-attachment-10453\" class=\"size-thumbnail wp-image-10453\" src=\"http:\/\/rosenholm.se\/wp-content\/uploads\/2016\/09\/dsc_1301-350x494.jpg\" alt=\"P\u00e4rlhyacint, Muscari botryoides\" width=\"350\" height=\"494\" srcset=\"https:\/\/rosenholm.se\/wp-content\/uploads\/2016\/09\/dsc_1301-350x494.jpg 350w, https:\/\/rosenholm.se\/wp-content\/uploads\/2016\/09\/dsc_1301-420x593.jpg 420w, https:\/\/rosenholm.se\/wp-content\/uploads\/2016\/09\/dsc_1301.jpg 496w\" sizes=\"auto, (max-width: 350px) 100vw, 350px\" \/><p id=\"caption-attachment-10453\" class=\"wp-caption-text\">P\u00e4rlhyacint, Muscari botryoides<\/p><\/div>\n<p>P\u00e4rlhyacint, <em>Muscari botryoides<\/em>, tillh\u00f6r de tr\u00e4dg\u00e5rdsv\u00e4xter som anpassat sig s\u00e5 bra h\u00e4r uppe i Norden att man tycker de h\u00f6r till. Passar b\u00e5de lite h\u00e4r och d\u00e4r i tr\u00e4dg\u00e5rden. Ibland kanske tillsammans med p\u00e5skliljor, ibland kan de f\u00e5 sprida sig runt n\u00e5gon buske. Gillar vanlig tr\u00e4dg\u00e5rdsjord, t\u00e5l tr\u00e4ngsel med gr\u00e4s och ogr\u00e4s och sprider sig s\u00e5 pass v\u00e4l att de kan delas n\u00e4r de st\u00e5r f\u00f6r t\u00e4tt. M\u00f6jlig att framg\u00e5ngsrikt odla en bra bit upp i Norrland. Blommar i april\u2013maj och blir 10\u201320 cm h\u00f6ga. Klarar de flesta jordar som \u00e4r v\u00e4ldr\u00e4nerade men vill st\u00e5 soligt. Kan blandas ihop med den snarlika armeniska p\u00e4rlhyacinten, <em>Muscari armeniacum<\/em>, vilket egentligen inte har n\u00e5gon betydelse.<\/p>\n<h5>Narcisser<\/h5>\n<p>P\u00e5skliljor kallas en del, pingstliljor heter andra, jonkvill och tazzet \u00e4r ytterligare namn. Alla kallas de dock narcisser och tillh\u00f6r samma sl\u00e4kte. Hur de ben\u00e4mns beror p\u00e5 sl\u00e4ktskap och tradition. Det \u00e4r l\u00e5ngt ifr\u00e5n sj\u00e4lvklart att utseendet st\u00e4mmer med beteckningarna, men det \u00e4r inget att bry sig om. Huvudsaken \u00e4r att det knappast g\u00e5r att hitta n\u00e5gra l\u00f6kv\u00e4xter som \u00e4r mer tacksamma att odla \u00e4n narcisser. Inte minst p\u00e5sklilja Narcissus pseudonarcissus \u00e4r h\u00e4rdig, finns i massor av gamla och nya sorter och kan klara sig m\u00e5nga \u00e5r en bit upp i Norrlands inland. I s\u00f6dra Sverige f\u00f6r\u00f6kar de sig ibland s\u00e5 kraftigt att de m\u00e5ste delas f\u00f6r att orka blomma. En del sorters narcisser doftar, men gemensamt f\u00f6r de flesta \u00e4r att de blommar v\u00e4ldigt tidigt p\u00e5 v\u00e5ren. Speciellt som stora ruggar i kanten av gr\u00e4smattan eller under en buske \u00e4r de fina.<\/p>\n<p>Men hur ska man kunna v\u00e4lja bland olika sorter av narcisser, det finns n\u00e4stan hur m\u00e5nga som helst och fler blir det hela tiden. Det finns egentligen bara tv\u00e5 knep. K\u00f6p l\u00f6kar av bra kvalitet vilken sort det \u00e4n m\u00e5 vara. Vill man vara extra s\u00e4ker ska man v\u00e4lja n\u00e5gon k\u00e4nd eller popul\u00e4r sort som b\u00e5de \u00e4r snygg och visat sig fungera.<\/p>\n<p>De flesta narcisser har liknande behov. De v\u00e4xer helst i sol men t\u00e5l en del skugga. Vad det \u00e4r f\u00f6r jord har ingen st\u00f6rre betydelse, marken ska vara v\u00e4ldr\u00e4nerad men f\u00e5r g\u00e4rna vara lite fuktig, som i \u00f6verg\u00e5ngen mellan en gr\u00e4smatta och ett buskage. Vanligast \u00e4r att de blommar i april\u2013maj och ogillas av r\u00e5djur och gnagare. De flesta kan klassas som h\u00e4rdiga, p\u00e5skliljor m\u00f6jligen som mycket h\u00e4rdiga och till exempel tazetter som mindre h\u00e4rdiga.<\/p>\n<div id=\"attachment_10466\" style=\"width: 710px\" class=\"wp-caption alignnone\"><img loading=\"lazy\" decoding=\"async\" aria-describedby=\"caption-attachment-10466\" class=\"size-full wp-image-10466\" src=\"http:\/\/rosenholm.se\/wp-content\/uploads\/2016\/09\/D2X_7290.jpg\" alt=\"En miljon p\u00e5skliljor och narcisser finns hos Arne och Birgit Andersson i sm\u00e5l\u00e4ndska Fager\u00e5s.\" width=\"700\" height=\"428\" srcset=\"https:\/\/rosenholm.se\/wp-content\/uploads\/2016\/09\/D2X_7290-350x214@2x.jpg 700w, https:\/\/rosenholm.se\/wp-content\/uploads\/2016\/09\/D2X_7290-350x214.jpg 350w, https:\/\/rosenholm.se\/wp-content\/uploads\/2016\/09\/D2X_7290-420x257.jpg 420w\" sizes=\"auto, (max-width: 700px) 100vw, 700px\" \/><p id=\"caption-attachment-10466\" class=\"wp-caption-text\">En miljon p\u00e5skliljor och narcisser finns hos Arne och Birgit Andersson i sm\u00e5l\u00e4ndska Fager\u00e5s.<\/p><\/div>\n<p>En miljon p\u00e5skliljor och andra narcisser, det har Arne och Birgit Andersson planterat p\u00e5 sin g\u00e5rd i sm\u00e5l\u00e4ndska Fager\u00e5s. Sedan 1978 har de h\u00e5llit p\u00e5. Varje \u00e5r s\u00e4tter de ungef\u00e4r 50 tusen nya. Runt 100 sorter finns att besk\u00e5da p\u00e5 Fager\u00e5s varje v\u00e5r. Att p\u00e5skliljor passar som allra b\u00e4st i massplantering torde d\u00e4rmed vara bevisat, och visst passar de som hand i handske i skog och andra naturliga milj\u00f6er.<\/p>\n<div id=\"attachment_10474\" style=\"width: 360px\" class=\"wp-caption alignright\"><img loading=\"lazy\" decoding=\"async\" aria-describedby=\"caption-attachment-10474\" class=\"size-thumbnail wp-image-10474\" src=\"http:\/\/rosenholm.se\/wp-content\/uploads\/2016\/09\/D2X_1635-350x438.jpg\" alt=\"Narcissus \u00d7 incomparabilis 'Professor Einstein'\" width=\"350\" height=\"438\" srcset=\"https:\/\/rosenholm.se\/wp-content\/uploads\/2016\/09\/D2X_1635-350x438.jpg 350w, https:\/\/rosenholm.se\/wp-content\/uploads\/2016\/09\/D2X_1635-420x525.jpg 420w, https:\/\/rosenholm.se\/wp-content\/uploads\/2016\/09\/D2X_1635.jpg 560w\" sizes=\"auto, (max-width: 350px) 100vw, 350px\" \/><p id=\"caption-attachment-10474\" class=\"wp-caption-text\">Narcissus \u00d7 incomparabilis &#8217;Professor Einstein&#8217;<\/p><\/div>\n<p>En v\u00e4lk\u00e4nd sort som visat sig fungera bra \u00e4r stj\u00e4rnnarciss, <em>Narcissus<\/em> \u00d7 <em>incomparabilis<\/em> &#8217;Professor Einstein&#8217; med god f\u00f6rm\u00e5ga att lysa upp tillvaron. Stj\u00e4rnnarcisser \u00e4r naturliga korsningar mellan p\u00e5sk- och pingstliljor som uppst\u00e5r i omr\u00e5den d\u00e4r de b\u00e5da kamperar i n\u00e4rheten av varandra, till exempel i Pyren\u00e9erna bergskedjan som formar den naturliga gr\u00e4nsen mellan Frankrike och Spanien. En annan sort som \u00e4r vanlig, l\u00e4tt att odla och snygg \u00e4r &#8217;Ice Follies&#8217;.<\/p>\n<div id=\"attachment_10463\" style=\"width: 710px\" class=\"wp-caption alignnone\"><img loading=\"lazy\" decoding=\"async\" aria-describedby=\"caption-attachment-10463\" class=\"size-full wp-image-10463\" src=\"http:\/\/rosenholm.se\/wp-content\/uploads\/2016\/09\/D2X_1028.jpg\" alt=\"Narcissus pseudonarcissus 'Dutch Master'\" width=\"700\" height=\"394\" srcset=\"https:\/\/rosenholm.se\/wp-content\/uploads\/2016\/09\/D2X_1028-350x197@2x.jpg 700w, https:\/\/rosenholm.se\/wp-content\/uploads\/2016\/09\/D2X_1028-350x197.jpg 350w, https:\/\/rosenholm.se\/wp-content\/uploads\/2016\/09\/D2X_1028-420x236.jpg 420w\" sizes=\"auto, (max-width: 700px) 100vw, 700px\" \/><p id=\"caption-attachment-10463\" class=\"wp-caption-text\">P\u00e5sklilja, Narcissus pseudonarcissus &#8217;Dutch Master&#8217;<\/p><\/div>\n<p>Klassisk p\u00e5sklilja, <em>Narcissus pseudonarcissus<\/em>, till exempel av sorten &#8217;Dutch Master&#8217; g\u00e5r inte av f\u00f6r hackor. P\u00e5skliljor har inte bara god f\u00f6rm\u00e5ga att \u00f6verleva l\u00e5ngliga tider utan kan ocks\u00e5 f\u00f6r\u00f6ka sig duktigt, framf\u00f6rallt genom delning men vissa varianter \u00e4ven genom att fr\u00f6a av sig. Vackrast \u00e4r det nog att anv\u00e4nda dem under buskar och tr\u00e4d i utkanten av gr\u00e4smattan, men m\u00e5nga g\u00f6r sig utm\u00e4rkt i rabatter ocks\u00e5. Hur bra de klarar konkurrensen \u00e4r mycket beroende p\u00e5 sort. En annan v\u00e4lk\u00e4nd, mycket anv\u00e4nd och t\u00e5lig p\u00e5sklilja \u00e4r &#8217;Golden Harvest&#8217;.<\/p>\n<div id=\"attachment_10471\" style=\"width: 360px\" class=\"wp-caption alignright\"><img loading=\"lazy\" decoding=\"async\" aria-describedby=\"caption-attachment-10471\" class=\"size-thumbnail wp-image-10471\" src=\"http:\/\/rosenholm.se\/wp-content\/uploads\/2016\/09\/D2X_1701-350x420.jpg\" alt=\"Narcissus poeticus, 'Actaea'\" width=\"350\" height=\"420\" srcset=\"https:\/\/rosenholm.se\/wp-content\/uploads\/2016\/09\/D2X_1701-350x420.jpg 350w, https:\/\/rosenholm.se\/wp-content\/uploads\/2016\/09\/D2X_1701-420x504.jpg 420w, https:\/\/rosenholm.se\/wp-content\/uploads\/2016\/09\/D2X_1701.jpg 583w\" sizes=\"auto, (max-width: 350px) 100vw, 350px\" \/><p id=\"caption-attachment-10471\" class=\"wp-caption-text\">Pingstlilja, Narcissus poeticus, &#8217;Actaea&#8217;<\/p><\/div>\n<p>Tidigt p\u00e5 v\u00e5ren n\u00e4r l\u00f6karna b\u00f6rjar blomma \u00e4r dofterna n\u00e4stan lika viktiga som f\u00e4rgerna. Naturen \u00e4r s\u00e5 lyckligt inr\u00e4ttad att de mest l\u00e4ttodlade av alla v\u00e5rens l\u00f6kv\u00e4xter ocks\u00e5 ofta doftar gott, narcisserna. En klassiker \u00e4r pingstliljan, <em>Narcissus poeticus<\/em>, &#8217;Actaea&#8217; som liknar de naturligt f\u00f6rekommande varianter som lever p\u00e5 fukt\u00e4ngar i s\u00f6dra Europa men \u00e4r mer storv\u00e4xt. Den inte bara sprider v\u00e4ldoft utan kan ocks\u00e5 \u00f6verleva och f\u00f6r\u00f6ka sig i m\u00e5nga l\u00e5nga \u00e5r. Dela om det blir s\u00e5 tr\u00e5ngt att de slutar blomma.<\/p>\n<h5>Tulpaner<\/h5>\n<p>Det var p\u00e5 1500-talet som tulpanen kom till Europa. Det var en schweisare som tog med sig dem till Leiden i Holland, var annars, n\u00e4r han skulle b\u00f6rja som chef vid deras botaniska tr\u00e4dg\u00e5rd. N\u00e5gra av dem stals och man b\u00f6rjade ta fram nya hybrider med allehanda former och f\u00e4rger. Att det sedan resulterade i en av den moderna ekonomins f\u00f6rsta bubblor lite senare p\u00e5 1600-talet \u00e4r v\u00e4lk\u00e4nt, men ingen kan klandra tulpanerna f\u00f6r det. Numera finns det s\u00e5 ohyggligt m\u00e5nga tulpansorter att man indelar dem i mer \u00e4n tio grupper. I Sverige g\u00e5r de utm\u00e4rkt att odla, men oftast f\u00f6rsvinner de efter n\u00e5gra \u00e5r. Det beror b\u00e5de p\u00e5 att m\u00e5nga hybrider \u00e4r d\u00e5ligt anpassade till v\u00e5ra nordliga f\u00f6rh\u00e5llanden, att l\u00f6karna inte har den b\u00e4sta kvaliteten n\u00e4r de planteras och att de f\u00e5r st\u00e5 f\u00f6r fuktigt under sommaren. F\u00f6rutom alla moderna hybrider finns dessutom en hel del s\u00e5 kallade botaniska sorter att f\u00e5 tag i. Inte s\u00e5 flashiga utan liknar ist\u00e4llet mer hur det ser ut i naturen.<\/p>\n<p>Tulpaner \u00e4r mycket sv\u00e5rare att \u00f6vervintra \u00e4n narcisser. Vill st\u00e5 varmt och torrt under sommaren efter blomningen f\u00f6r att inte ruttna bort. F\u00f6r\u00e4dlade sorter kan generellt klassas som halvh\u00e4rdiga medan botaniska ofta \u00e4r h\u00e4rdiga.<\/p>\n<div id=\"attachment_10480\" style=\"width: 360px\" class=\"wp-caption alignright\"><img loading=\"lazy\" decoding=\"async\" aria-describedby=\"caption-attachment-10480\" class=\"size-thumbnail wp-image-10480\" src=\"http:\/\/rosenholm.se\/wp-content\/uploads\/2016\/09\/D2X_1484-350x467.jpg\" alt=\"N\u00e4ckrostulpan, Tulipa kaufmanniana\" width=\"350\" height=\"467\" srcset=\"https:\/\/rosenholm.se\/wp-content\/uploads\/2016\/09\/D2X_1484-350x467.jpg 350w, https:\/\/rosenholm.se\/wp-content\/uploads\/2016\/09\/D2X_1484-420x560.jpg 420w, https:\/\/rosenholm.se\/wp-content\/uploads\/2016\/09\/D2X_1484.jpg 525w\" sizes=\"auto, (max-width: 350px) 100vw, 350px\" \/><p id=\"caption-attachment-10480\" class=\"wp-caption-text\">N\u00e4ckrostulpan, Tulipa kaufmanniana<\/p><\/div>\n<p>P\u00e5 steniga bergssluttningar i Centralasien har n\u00e4ckrostulpan, <em>Tulipa kaufmanniana<\/em>, sitt ursprung. I mulet v\u00e4der \u00e4r den sluten, medan den vecklar ut sig som en n\u00e4ckros n\u00e4r solen skiner. Den ska st\u00e5 mycket v\u00e4ldr\u00e4nerat under sommaren, g\u00e4rna grusigt och stenigt. Passar bra under buskar eftersom den hinner blomma innan bladen slagit ut. Blommar redan i april och forts\u00e4tter in i maj. H\u00f6jd 20\u201325 cm. \u00d6vervintrar i st\u00f6rre delen av landet om den inte st\u00e5r v\u00e5tt sommartid. Finns i m\u00e5nga olika sorter och hybrider och anges d\u00e5 som tillh\u00f6rande <em>Tulipa <\/em>kaufmanniana-gruppen.<\/p>\n<div id=\"attachment_10479\" style=\"width: 710px\" class=\"wp-caption alignnone\"><img loading=\"lazy\" decoding=\"async\" aria-describedby=\"caption-attachment-10479\" class=\"size-full wp-image-10479\" src=\"http:\/\/rosenholm.se\/wp-content\/uploads\/2016\/09\/D2X_1381.jpg\" alt=\"Anemontulpan, Tulipa praestans 'Unicum'\" width=\"700\" height=\"394\" srcset=\"https:\/\/rosenholm.se\/wp-content\/uploads\/2016\/09\/D2X_1381-350x197@2x.jpg 700w, https:\/\/rosenholm.se\/wp-content\/uploads\/2016\/09\/D2X_1381-350x197.jpg 350w, https:\/\/rosenholm.se\/wp-content\/uploads\/2016\/09\/D2X_1381-420x236.jpg 420w\" sizes=\"auto, (max-width: 700px) 100vw, 700px\" \/><p id=\"caption-attachment-10479\" class=\"wp-caption-text\">Anemontulpan, Tulipa praestans &#8217;Unicum&#8217;<\/p><\/div>\n<p>En l\u00f6kv\u00e4xt med m\u00e5nga f\u00f6rtj\u00e4nster \u00e4r anemontulpanen, <em>Tulipa praestans<\/em> &#8217;Unicum&#8217;. P\u00e5 v\u00e5ren \u00e4r det en av de tidigaste. Den \u00f6verlever m\u00e5nga \u00e5r och sprider sig g\u00e4rna. Kan v\u00e4xa b\u00e5de i rabatter och gr\u00e4smattor, men vill helst ha det v\u00e4ldr\u00e4nerat. Det som g\u00f6r den s\u00e5 fantastisk \u00e4r kombinationen av den starka, vackra blomf\u00e4rgen med de variegerade bladen. Bland tulpanerna \u00e4r det ovanligt, och att de matchar blommorna s\u00e5 v\u00e4l \u00e4r \u00e4nnu mer s\u00e4llsynt. H\u00f6jd 20\u201330 cm. \u00c4r inte speciellt kinkig med jorden, trivs i gr\u00e4smattor. men vill ha v\u00e4ldr\u00e4nerat. B\u00f6rjar blomma i april och forts\u00e4tter in i maj. H\u00e4rdig.<\/p>\n<div id=\"attachment_10484\" style=\"width: 710px\" class=\"wp-caption alignnone\"><img loading=\"lazy\" decoding=\"async\" aria-describedby=\"caption-attachment-10484\" class=\"size-large wp-image-10484\" src=\"http:\/\/rosenholm.se\/wp-content\/uploads\/2016\/09\/D2X_4320-700x394.jpg\" alt=\"Kejsartulpan, Tulipa 'Purissima'\" width=\"700\" height=\"394\" srcset=\"https:\/\/rosenholm.se\/wp-content\/uploads\/2016\/09\/D2X_4320-350x197@2x.jpg 700w, https:\/\/rosenholm.se\/wp-content\/uploads\/2016\/09\/D2X_4320-350x197.jpg 350w, https:\/\/rosenholm.se\/wp-content\/uploads\/2016\/09\/D2X_4320-420x236.jpg 420w\" sizes=\"auto, (max-width: 700px) 100vw, 700px\" \/><p id=\"caption-attachment-10484\" class=\"wp-caption-text\">Kejsartulpan, Tulipa &#8217;Purissima&#8217;<\/p><\/div>\n<p>Huga s\u00e5 m\u00e5nga olika sorters tulpaner det finns att k\u00f6pa. Det \u00e4r n\u00e4stan om\u00f6jligt att v\u00e4lja. En av de mer oslagbara \u00e4r kejsartulpanen, <em>Tulipa<\/em> &#8217;Purissima&#8217;. Den \u00e4r inte bara snygg, det r\u00e4cker inte f\u00f6r det \u00e4r de n\u00e4stan allesammans. Att \u00f6verleva m\u00e5nga \u00e5r och ha l\u00e5ng blomningstid \u00e4ven om solen gassar \u00e4r kraven. Och det klarar den b\u00e5de i offentliga tr\u00e4dg\u00e5rdar, som h\u00e4r i Enk\u00f6ping, och hemma hos oss vanliga fritidsodlare. Den matchande markt\u00e4ckaren under \u00e4r r\u00f6d sockblomma, <em>Epimedium<\/em> \u00d7 <em>rubrum<\/em>.<\/p>\n<div id=\"attachment_10476\" style=\"width: 360px\" class=\"wp-caption alignright\"><img loading=\"lazy\" decoding=\"async\" aria-describedby=\"caption-attachment-10476\" class=\"size-thumbnail wp-image-10476\" src=\"http:\/\/rosenholm.se\/wp-content\/uploads\/2016\/09\/D2X_7430-350x420.jpg\" alt=\"Liljetulpan Tulipa 'White Triumphator' och sen enkel tulpan 'Queen of Night'\" width=\"350\" height=\"420\" srcset=\"https:\/\/rosenholm.se\/wp-content\/uploads\/2016\/09\/D2X_7430-350x420.jpg 350w, https:\/\/rosenholm.se\/wp-content\/uploads\/2016\/09\/D2X_7430-420x504.jpg 420w, https:\/\/rosenholm.se\/wp-content\/uploads\/2016\/09\/D2X_7430.jpg 583w\" sizes=\"auto, (max-width: 350px) 100vw, 350px\" \/><p id=\"caption-attachment-10476\" class=\"wp-caption-text\">Tulipa &#8217;White Triumphator&#8217; och &#8217;Queen of Night&#8217;<\/p><\/div>\n<p>Svart och vitt \u00e4r en kombination som s\u00e4llan sl\u00e5r fel. Mixa l\u00f6kar av liljetulpan\u00a0<em>Tulipa<\/em> &#8217;White Triumphator&#8217; och den sena enkla tulpanen &#8217;Queen of Night&#8217;. Nackdelen \u00e4r att den sistn\u00e4mnda svarta sorten har s\u00e4mre \u00f6verlevnad \u00e4n den vita. Det \u00e4r l\u00e5ngt ifr\u00e5n ovanligt att tulpaner med extrema f\u00e4rger \u00e4r mer k\u00e4nsliga. De blommar i maj och blir 40\u201350 cm h\u00f6ga. I bakgrunden skymtar gullt\u00f6rel.<\/p>\n<div id=\"attachment_10477\" style=\"width: 710px\" class=\"wp-caption alignnone\"><img loading=\"lazy\" decoding=\"async\" aria-describedby=\"caption-attachment-10477\" class=\"size-large wp-image-10477\" src=\"http:\/\/rosenholm.se\/wp-content\/uploads\/2016\/09\/D2X_3951-700x394.jpg\" alt=\"Flocktulpan, Tulipa tarda\" width=\"700\" height=\"394\" srcset=\"https:\/\/rosenholm.se\/wp-content\/uploads\/2016\/09\/D2X_3951-350x197@2x.jpg 700w, https:\/\/rosenholm.se\/wp-content\/uploads\/2016\/09\/D2X_3951-350x197.jpg 350w, https:\/\/rosenholm.se\/wp-content\/uploads\/2016\/09\/D2X_3951-420x236.jpg 420w\" sizes=\"auto, (max-width: 700px) 100vw, 700px\" \/><p id=\"caption-attachment-10477\" class=\"wp-caption-text\">Flocktulpan, Tulipa tarda<\/p><\/div>\n<p>L\u00e4ttodlad och ganska vanlig i svenska tr\u00e4dg\u00e5rdar \u00e4r flocktulpan, <em>Tulipa tarda<\/em>. Ursprunget \u00e4r Centralasien. Den \u00e4r l\u00e4ttodlad och sprider sig sj\u00e4lv, men vill som de flesta tulpaner ha v\u00e4ldr\u00e4nerad jord och helst ocks\u00e5 ett soligt l\u00e4ge. Passar i rabatter och som kantv\u00e4xt tillsammans med b\u00e5de perenner och buskar, men b\u00f6r inte anv\u00e4ndas i gr\u00e4smattor d\u00e4r den f\u00e5r sv\u00e5rt med konkurrensen. Blommar i april\u2013maj.<\/p>\n<h5><a title=\"Lyckas med v\u00e5rl\u00f6kar\" href=\"http:\/\/rosenholm.se\/?page_id=10450\">Lyckas med v\u00e5rl\u00f6kar<\/a><\/h5>\n","protected":false},"excerpt":{"rendered":"<p>N\u00e4r v\u00e5rvintern k\u00e4nns mest gr\u00e5brun, ibland innan de sista sn\u00f6resterna ens f\u00f6rsvunnit, sticker de f\u00f6rsta v\u00e5rl\u00f6karna upp sina f\u00e4rggranna huvuden. D\u00e5 vet man att den m\u00f6rkaste \u00e5rstiden snart \u00e4r \u00f6ver&hellip; <\/p>\n","protected":false},"author":1,"featured_media":0,"parent":0,"menu_order":0,"comment_status":"closed","ping_status":"closed","template":"","meta":{"footnotes":""},"class_list":["post-10423","page","type-page","status-publish","hentry"],"_links":{"self":[{"href":"https:\/\/rosenholm.se\/index.php?rest_route=\/wp\/v2\/pages\/10423","targetHints":{"allow":["GET"]}}],"collection":[{"href":"https:\/\/rosenholm.se\/index.php?rest_route=\/wp\/v2\/pages"}],"about":[{"href":"https:\/\/rosenholm.se\/index.php?rest_route=\/wp\/v2\/types\/page"}],"author":[{"embeddable":true,"href":"https:\/\/rosenholm.se\/index.php?rest_route=\/wp\/v2\/users\/1"}],"replies":[{"embeddable":true,"href":"https:\/\/rosenholm.se\/index.php?rest_route=%2Fwp%2Fv2%2Fcomments&post=10423"}],"version-history":[{"count":25,"href":"https:\/\/rosenholm.se\/index.php?rest_route=\/wp\/v2\/pages\/10423\/revisions"}],"predecessor-version":[{"id":11279,"href":"https:\/\/rosenholm.se\/index.php?rest_route=\/wp\/v2\/pages\/10423\/revisions\/11279"}],"wp:attachment":[{"href":"https:\/\/rosenholm.se\/index.php?rest_route=%2Fwp%2Fv2%2Fmedia&parent=10423"}],"curies":[{"name":"wp","href":"https:\/\/api.w.org\/{rel}","templated":true}]}}