{"id":10351,"date":"2016-09-25T21:52:21","date_gmt":"2016-09-25T19:52:21","guid":{"rendered":"http:\/\/rosenholm.se\/?page_id=10351"},"modified":"2025-07-08T09:29:23","modified_gmt":"2025-07-08T07:29:23","slug":"perennerna-som-tal-det-mesta","status":"publish","type":"page","link":"https:\/\/rosenholm.se\/?page_id=10351","title":{"rendered":"PERENNERNA SOM T\u00c5L DET MESTA"},"content":{"rendered":"<p>Det ska vara l\u00e4tt att ha tr\u00e4dg\u00e5rd, ett rent n\u00f6je med m\u00e5ttliga m\u00e4ngder arbete och sn\u00e4lla v\u00e4xter som klarar sig p\u00e5 egen hand. Det \u00e4r vad man hoppas i alla fall. N\u00e4r favoritbusken frusit bort p\u00e5 vintern, perennerna v\u00e4grar v\u00e4xa till sig och mest ser ledsna ut och ogr\u00e4set breder ut sig \u00f6ver den bruna, \u00f6ppna jorden \u00e4r det sv\u00e5rt att tro p\u00e5 en gr\u00f6n framtid. Men allt \u00e4r m\u00f6jligt, \u00e4ven i tr\u00e4dg\u00e5rden. Det g\u00e4ller att v\u00e4lja r\u00e4tt v\u00e4xter, de som t\u00e5l n\u00e4stan allt.<\/p>\n<p>Det finns m\u00e5nga perenner som \u00e4r fantastiskt tacksamma att odla. Man s\u00e4tter ner dem i jorden, under den f\u00f6rsta tiden vattnar man n\u00e4r det \u00e4r torrt. Sedan beh\u00f6ver man inte g\u00f6ra mycket mer \u00e4n att titta p\u00e5 n\u00e4r de v\u00e4xer och frodas. M\u00f6jligen kan det n\u00e5gon g\u00e5ng vara bra med lite g\u00f6dsel, men de h\u00e4r v\u00e4xterna klara sig i allm\u00e4nhet bra p\u00e5 det som naturligt finns i marken. De \u00e4r inga finsmakare med pretenti\u00f6sa krav p\u00e5 vad de f\u00e5r sig till livs. Sk\u00f6nt n\u00e4r man inte har tid att pyssla om v\u00e4xterna, bra n\u00e4r man \u00e4r nyb\u00f6rjare och trevligt \u00e4ven f\u00f6r erfarna tr\u00e4dg\u00e5rdsodlare som snabbt vill f\u00e5 ymniga planteringar.<\/p>\n<div id=\"attachment_10394\" style=\"width: 710px\" class=\"wp-caption alignnone\"><img loading=\"lazy\" decoding=\"async\" aria-describedby=\"caption-attachment-10394\" class=\"size-full wp-image-10394\" src=\"http:\/\/rosenholm.se\/wp-content\/uploads\/2016\/09\/DSC_1895.jpg\" alt=\"L\u00f6jtnantshj\u00e4rta, Lamprocapnos spectabilis, s\u00f6t, t\u00e5lig och sprider sig inte allt f\u00f6r vildsint.\" width=\"700\" height=\"465\" srcset=\"https:\/\/rosenholm.se\/wp-content\/uploads\/2016\/09\/DSC_1895-350x233@2x.jpg 700w, https:\/\/rosenholm.se\/wp-content\/uploads\/2016\/09\/DSC_1895-350x233.jpg 350w, https:\/\/rosenholm.se\/wp-content\/uploads\/2016\/09\/DSC_1895-420x279.jpg 420w\" sizes=\"auto, (max-width: 700px) 100vw, 700px\" \/><p id=\"caption-attachment-10394\" class=\"wp-caption-text\">L\u00f6jtnantshj\u00e4rta, Lamprocapnos spectabilis, s\u00f6t, t\u00e5lig och sprider sig inte allt f\u00f6r vildsint.<\/p><\/div>\n<p>En del av de h\u00e4r perennerna \u00e4r v\u00e4ldigt spridningsben\u00e4gna och starkv\u00e4xande. Det \u00e4r just d\u00e4rf\u00f6r de inte har n\u00e5gra problem att klara sig ocks\u00e5 p\u00e5 og\u00e4stv\u00e4nliga st\u00e4llen. T\u00e4nk p\u00e5 att inte plantera s\u00e5dana i rabatter tillsammans med mer \u00f6mt\u00e5liga v\u00e4xter. D\u00e4r tar de \u00f6ver och konkurrerar ut sina svagv\u00e4xande kompisar om man inte h\u00e5ller efter. D\u00e4remot kan man mycket v\u00e4l skapa en rabatt med endast perenner av det lite tuffare slaget och l\u00e5ta dem sl\u00e5ss om utrymmet b\u00e4st de gitter. Kanske med en upprensning av de mest spridningsben\u00e4gna n\u00e5gon g\u00e5ng f\u00f6r att rabatten ska beh\u00e5lla sin ursprungliga karakt\u00e4r.<\/p>\n<p>Andra t\u00e5liga perenner \u00e4r inte alls lika farliga p\u00e5 att sprida sig. Visst breddar de sin tuva i rabatten och ibland kan det dyka upp n\u00e5gra nya fr\u00f6plantor d\u00e4r man inte vill ha dem. Men det \u00e4r \u00e4nd\u00e5 begr\u00e4nsat och l\u00e4tt att kontrollera \u00e4ven i en rabatt med andra perenner.<\/p>\n<div id=\"attachment_10378\" style=\"width: 360px\" class=\"wp-caption alignright\"><img loading=\"lazy\" decoding=\"async\" aria-describedby=\"caption-attachment-10378\" class=\"size-thumbnail wp-image-10378\" src=\"http:\/\/rosenholm.se\/wp-content\/uploads\/2016\/09\/D2X_4400-350x534.jpg\" alt=\"Tr\u00e4dg\u00e5rdsriddarsporre, Delphinium Elatum-gruppen\" width=\"350\" height=\"534\" srcset=\"https:\/\/rosenholm.se\/wp-content\/uploads\/2016\/09\/D2X_4400-350x534.jpg 350w, https:\/\/rosenholm.se\/wp-content\/uploads\/2016\/09\/D2X_4400-420x641.jpg 420w, https:\/\/rosenholm.se\/wp-content\/uploads\/2016\/09\/D2X_4400.jpg 459w\" sizes=\"auto, (max-width: 350px) 100vw, 350px\" \/><p id=\"caption-attachment-10378\" class=\"wp-caption-text\">Riddarsporre, Delphinium<\/p><\/div>\n<p>Det finns m\u00e5nga olika sorter av praktriddarsporre, <em>Delphinium<\/em> Belladonna-gruppen, och tr\u00e4dg\u00e5rdsriddarsporre, <em>D<\/em>. Elatum-gruppen, men det \u00e4r sv\u00e5rt att skilja p\u00e5 dem, speciellt eftersom de \u00e4r s\u00e5 extremt l\u00e5nglivade att ingen kommer ih\u00e5g n\u00e4r de f\u00f6rst planterades. F\u00f6r man ska inte tro att de \u00e4r k\u00e4nsliga bara f\u00f6r att de \u00e4r st\u00e5tliga, de klarar sig i stort sett utan sk\u00f6tsel \u00e4ven i s\u00f6dra Norrlands inland. Den art som kallas stor riddarsporre <em>D<\/em>. <em>Elatum<\/em> och \u00e4r f\u00f6r\u00e4lder till de vanligaste tr\u00e4dg\u00e5rdsformerna finns f\u00f6rvildad. H\u00f6jd 80\u2013180 cm beroende p\u00e5 sort. Blommar under h\u00f6gsommaren juli\u2013augusti. Trivs i full sol. Mycket h\u00e4rdig. Men svara d\u00e5 p\u00e5 fr\u00e5gan, vilka sorter \u00e4r b\u00e4st? De man f\u00e5tt till sk\u00e4nks av n\u00e5gon som har haft dem l\u00e4nge \u00e4r svaret.<\/p>\n<div id=\"attachment_10377\" style=\"width: 710px\" class=\"wp-caption alignnone\"><img loading=\"lazy\" decoding=\"async\" aria-describedby=\"caption-attachment-10377\" class=\"size-full wp-image-10377\" src=\"http:\/\/rosenholm.se\/wp-content\/uploads\/2016\/09\/D2X_0241.jpg\" alt=\"Toppklocka, Campanula glomerata\" width=\"700\" height=\"428\" srcset=\"https:\/\/rosenholm.se\/wp-content\/uploads\/2016\/09\/D2X_0241-350x214@2x.jpg 700w, https:\/\/rosenholm.se\/wp-content\/uploads\/2016\/09\/D2X_0241-350x214.jpg 350w, https:\/\/rosenholm.se\/wp-content\/uploads\/2016\/09\/D2X_0241-420x257.jpg 420w\" sizes=\"auto, (max-width: 700px) 100vw, 700px\" \/><p id=\"caption-attachment-10377\" class=\"wp-caption-text\">Toppklocka, Campanula glomerata<\/p><\/div>\n<p>Toppklocka, <em>Campanula glomerata<\/em>, \u00e4r en riktig gammaldags v\u00e4xt som passar bra tillsammans med pr\u00e4stkragar, bl\u00e5gull och andra v\u00e4xter av det tuffare slaget. Toppklocka \u00e4r inte den som h\u00e5ller sig p\u00e5 sin plats utan sprider sig g\u00e4rna i rabatten och kan mycket v\u00e4l vandra vidare ut i gr\u00e4smattan, f\u00f6rvildar sig g\u00f6r den ocks\u00e5 ibland. Om man vill kan man plantera den i en blomster\u00e4ng. Den blommar med vackra bl\u00e5lila klockor i juni\u2013juli. H\u00f6r egentligen hemma p\u00e5 torra gr\u00e4smarker och trivs b\u00e4st i sol till l\u00e4tt skugga. Vill man ha vita blommor kan man v\u00e4lja sorten \u2019Alba\u2019. H\u00f6jd 15\u201370 cm beroende p\u00e5 sort. Mycket h\u00e4rdig.<\/p>\n<div id=\"attachment_10376\" style=\"width: 360px\" class=\"wp-caption alignright\"><img loading=\"lazy\" decoding=\"async\" aria-describedby=\"caption-attachment-10376\" class=\"size-thumbnail wp-image-10376\" src=\"http:\/\/rosenholm.se\/wp-content\/uploads\/2016\/09\/DSC01378-350x525.jpg\" alt=\"Nunne\u00f6rt, Pseudofumaria lutea\" width=\"350\" height=\"525\" srcset=\"https:\/\/rosenholm.se\/wp-content\/uploads\/2016\/09\/DSC01378-350x525.jpg 350w, https:\/\/rosenholm.se\/wp-content\/uploads\/2016\/09\/DSC01378-420x630.jpg 420w, https:\/\/rosenholm.se\/wp-content\/uploads\/2016\/09\/DSC01378.jpg 467w\" sizes=\"auto, (max-width: 350px) 100vw, 350px\" \/><p id=\"caption-attachment-10376\" class=\"wp-caption-text\">Nunne\u00f6rt, Pseudofumaria lutea<\/p><\/div>\n<p>Nunne\u00f6rt, <em>Pseudofumaria lutea<\/em>, ser liten och n\u00e4pen ut, men skenet bedrar f\u00f6r det h\u00e4r \u00e4r en riktig tuffing. Fortplantar sig ganska ymnigt med fr\u00f6n, fast det brukar inte bli n\u00e5gra st\u00f6rre problem f\u00f6r den \u00e4r enkel att rycka upp om den slagit sig ner p\u00e5 n\u00e5got o\u00f6nskat st\u00e4lle. Den har ett ljusgr\u00f6nt flikigt bladverk som \u00e4r aningen bl\u00e5gr\u00f6nt p\u00e5 undersidan. Rotsystemet \u00e4r sk\u00f6rt s\u00e5 man ska vara lite f\u00f6rsiktig n\u00e4r man planterar den eller flyttar sj\u00e4lvs\u00e5dda plantor. Rynka inte p\u00e5 n\u00e4san \u00e5t den bara f\u00f6r att den sprider sig s\u00e5 villigt, gl\u00e4ds ist\u00e4llet \u00e5t att den dyker upp b\u00e5de h\u00e4r och d\u00e4r. En stor tillg\u00e5ng p\u00e5 platser d\u00e4r inget annat vill ta sig, men vill inte st\u00e5 alltf\u00f6r torrt. Blomningstiden \u00e4r mycket l\u00e5ng, n\u00e4stan oavbruten maj\u2013september med klargula sm\u00e5 blommor i t\u00e4ta klasar. H\u00f6jd 20\u201330 cm. H\u00e4rdig.<\/p>\n<div id=\"attachment_10390\" style=\"width: 710px\" class=\"wp-caption alignnone\"><img loading=\"lazy\" decoding=\"async\" aria-describedby=\"caption-attachment-10390\" class=\"size-full wp-image-10390\" src=\"http:\/\/rosenholm.se\/wp-content\/uploads\/2016\/09\/DSC_0734.jpg\" alt=\"Bl\u00e5 bolltistel, Echinops bannaticus\" width=\"700\" height=\"428\" srcset=\"https:\/\/rosenholm.se\/wp-content\/uploads\/2016\/09\/DSC_0734-350x214@2x.jpg 700w, https:\/\/rosenholm.se\/wp-content\/uploads\/2016\/09\/DSC_0734-350x214.jpg 350w, https:\/\/rosenholm.se\/wp-content\/uploads\/2016\/09\/DSC_0734-420x257.jpg 420w\" sizes=\"auto, (max-width: 700px) 100vw, 700px\" \/><p id=\"caption-attachment-10390\" class=\"wp-caption-text\">Bl\u00e5 bolltistel, Echinops bannaticus<\/p><\/div>\n<p>Bl\u00e5 bolltistel, <em>Echinops bannaticus<\/em>, \u00e4r l\u00e4ttodlad och kan v\u00e4xa i n\u00e4stan vilken jord som helst men utvecklas allra b\u00e4st d\u00e4r det \u00e4r v\u00e4ldr\u00e4nerat och full sol. Den f\u00e5r taggiga blad och p\u00e5minner om en tistel i v\u00e4xts\u00e4ttet. Kan \u00f6vervintra \u00e4nda upp i Lappland p\u00e5 r\u00e4tt v\u00e4xtplats. Det \u00e4r en l\u00e5nglivad perenn som har odlats i Sverige \u00e4nda sedan 1600-talet och det \u00e4r inte ovanligt att man hittar den vid gamla \u00f6vergivna torp. De uppseendev\u00e4ckande taggiga blomkorgarna pryder sin plats i rabatten l\u00e5ngt innan de bl\u00e5 blommorna sl\u00e5r ut i augusti. Dessutom lika snygg \u00e4ven efter blomning och l\u00e5ngt in p\u00e5 vintern. Blir omkring 1 meter h\u00f6g. Mycket h\u00e4rdig.<\/p>\n<div id=\"attachment_10374\" style=\"width: 710px\" class=\"wp-caption alignnone\"><img loading=\"lazy\" decoding=\"async\" aria-describedby=\"caption-attachment-10374\" class=\"size-full wp-image-10374\" src=\"http:\/\/rosenholm.se\/wp-content\/uploads\/2016\/09\/D2X_2924.jpg\" alt=\"Gullt\u00f6rel, Euphorbia polychroma\" width=\"700\" height=\"428\" srcset=\"https:\/\/rosenholm.se\/wp-content\/uploads\/2016\/09\/D2X_2924-350x214@2x.jpg 700w, https:\/\/rosenholm.se\/wp-content\/uploads\/2016\/09\/D2X_2924-350x214.jpg 350w, https:\/\/rosenholm.se\/wp-content\/uploads\/2016\/09\/D2X_2924-420x257.jpg 420w\" sizes=\"auto, (max-width: 700px) 100vw, 700px\" \/><p id=\"caption-attachment-10374\" class=\"wp-caption-text\">Gullt\u00f6rel, Euphorbia polychroma<\/p><\/div>\n<p>N\u00e5gra best\u00e5nd av gullt\u00f6rel, <em>Euphorbia polychroma<\/em>, kan ganska l\u00e5ng tid lysa upp den tr\u00e5kigaste rabatt under den sena v\u00e5ren och f\u00f6rsommaren med sina gulgr\u00f6na h\u00f6gblad. Sj\u00e4lva blommorna \u00e4r oansenliga och syns knappt alls. V\u00e4xtsaften \u00e4r p\u00e5 typiskt <em>Euphorbia<\/em>-vis mj\u00f6lkig och giftig, vilket \u00e5terspeglas i att t\u00f6rlar ofta haft namn som ulvmj\u00f6lk, vargmj\u00f6lk och r\u00e4vmj\u00f6lk. Vill helst st\u00e5 soligt men hanterar en hel del skugga utan problem. H\u00f6jd 40\u201350 cm. H\u00e4rdig. Det finns m\u00e5nga andra l\u00e4ckra sl\u00e4ktingar att v\u00e4lja bland, speciellt om man bor n\u00e5got l\u00e4ngre s\u00f6derut i landet, f\u00f6r den som gillar f\u00e4rger till exempel eldt\u00f6rel <em>E<\/em>. <em>griffithii<\/em> &#8217;Fireglow&#8217;.<\/p>\n<div id=\"attachment_10373\" style=\"width: 360px\" class=\"wp-caption alignright\"><img loading=\"lazy\" decoding=\"async\" aria-describedby=\"caption-attachment-10373\" class=\"size-thumbnail wp-image-10373\" src=\"http:\/\/rosenholm.se\/wp-content\/uploads\/2016\/09\/D3X_4751-350x525.jpg\" alt=\"J\u00e4tteslide, Fallopia sachalinensis\" width=\"350\" height=\"525\" srcset=\"https:\/\/rosenholm.se\/wp-content\/uploads\/2016\/09\/D3X_4751-350x525.jpg 350w, https:\/\/rosenholm.se\/wp-content\/uploads\/2016\/09\/D3X_4751-420x630.jpg 420w, https:\/\/rosenholm.se\/wp-content\/uploads\/2016\/09\/D3X_4751.jpg 467w\" sizes=\"auto, (max-width: 350px) 100vw, 350px\" \/><p id=\"caption-attachment-10373\" class=\"wp-caption-text\">J\u00e4tteslide, Fallopia sachalinensis<\/p><\/div>\n<p>En del p\u00e5st\u00e5r att det \u00e4r ett ogr\u00e4s, j\u00e4tteslide, <em>Fallopia sachalinensis<\/em>. Det \u00e4r sant om den st\u00e5r p\u00e5 fel st\u00e4lle. Har man en prudentlig h\u00e5llning till sin tr\u00e4dg\u00e5rd ska man inte plantera den alls. Som namnet antyder kommer den fr\u00e5n \u00f6n Sachalin utanf\u00f6r \u00f6stra Ryssland och har nog f\u00e5tt l\u00e4ra sig att ta f\u00f6r sig redan fr\u00e5n b\u00f6rjan. D\u00e4remot \u00e4r det en av de allra snyggast t\u00e4nkbara bladv\u00e4xterna n\u00e4r den st\u00e5r s\u00e5 att den inte invaderar omgivningen. Stammen \u00e4r bambuliknande, bladen stora och tjusiga och den kan bli mer \u00e4n mansh\u00f6g. H\u00f6jd upp till tre meter. H\u00e4rdig. Sl\u00e4ktingen parkslide, <em>Fallopia japonica<\/em>, \u00e4r mer k\u00e4nd. Den blir lite l\u00e4gre, har mindre blad men \u00e4r alltf\u00f6r\u00a0invasiv f\u00f6r att odlas.<\/p>\n<div id=\"attachment_10372\" style=\"width: 710px\" class=\"wp-caption alignnone\"><img loading=\"lazy\" decoding=\"async\" aria-describedby=\"caption-attachment-10372\" class=\"size-full wp-image-10372\" src=\"http:\/\/rosenholm.se\/wp-content\/uploads\/2016\/09\/D3R_4336.jpg\" alt=\"Brandlilja, Lilium bulbiferum\" width=\"700\" height=\"467\" srcset=\"https:\/\/rosenholm.se\/wp-content\/uploads\/2016\/09\/D3R_4336-350x234@2x.jpg 700w, https:\/\/rosenholm.se\/wp-content\/uploads\/2016\/09\/D3R_4336-350x234.jpg 350w, https:\/\/rosenholm.se\/wp-content\/uploads\/2016\/09\/D3R_4336-420x280.jpg 420w\" sizes=\"auto, (max-width: 700px) 100vw, 700px\" \/><p id=\"caption-attachment-10372\" class=\"wp-caption-text\">Brandlilja, Lilium bulbiferum<\/p><\/div>\n<p>Brandlilja, <em>Lilium bulbiferum<\/em>. T\u00e5lig liljev\u00e4xt som finns i n\u00e4stan hela landet. Ursprungligen kommer den ifr\u00e5n centrala och s\u00f6dra Europa men \u00e4r sedan gammalt odlad i Sverige. \u00d6verlever l\u00e4nge, l\u00e4nge helt utan m\u00e4nskligt st\u00f6d. Det \u00e4r inte ovanligt att man hittar den p\u00e5 platser d\u00e4r det tidigare bott m\u00e4nniskor. Klarar \u00e5rtionden utan sk\u00f6tsel och sprider sig l\u00e5ngsamt. Har en egenskap som \u00e4r ganska ovanlig f\u00f6r t\u00e5liga v\u00e4xter, en minst sagt lysande f\u00e4rg. F\u00e5r dessutom m\u00e5nga blommor p\u00e5 varje st\u00e4ngel. Enda nackdelen \u00e4r m\u00f6jligen att r\u00e5djuren inte har n\u00e5got emot att tugga i sig blommorna.<\/p>\n<div id=\"attachment_10371\" style=\"width: 710px\" class=\"wp-caption alignnone\"><img loading=\"lazy\" decoding=\"async\" aria-describedby=\"caption-attachment-10371\" class=\"size-full wp-image-10371\" src=\"http:\/\/rosenholm.se\/wp-content\/uploads\/2016\/09\/DSC_1113.jpg\" alt=\"Blomsterlupin, Lupinus polyphyllus\" width=\"700\" height=\"428\" srcset=\"https:\/\/rosenholm.se\/wp-content\/uploads\/2016\/09\/DSC_1113-350x214@2x.jpg 700w, https:\/\/rosenholm.se\/wp-content\/uploads\/2016\/09\/DSC_1113-350x214.jpg 350w, https:\/\/rosenholm.se\/wp-content\/uploads\/2016\/09\/DSC_1113-420x257.jpg 420w\" sizes=\"auto, (max-width: 700px) 100vw, 700px\" \/><p id=\"caption-attachment-10371\" class=\"wp-caption-text\">Blomsterlupin, Lupinus polyphyllus<\/p><\/div>\n<p><strong>OBS!<\/strong> Artikeln reflekterar en gammal syn p\u00e5 lupiner, otroligt vackra men framf\u00f6rallt v\u00e4ldigt invasiva och skadliga. Odla dem inte!<\/p>\n<p>N\u00e4r blomsterlupin, <em>Lupinus polyphyllus<\/em>, och dess n\u00e4ra sl\u00e4ktingar etablerat sig stannar de hur l\u00e4nge som helst. Det kan b\u00f6rja med att man s\u00e4tter en p\u00e5se med f\u00e4rggranna regnb\u00e5gslupiner, <em>Lupinus<\/em> \u00d7 <em>regalis<\/em>, i en rabatt, ofta g\u00e5r de under namnet Russel-hybrider. Med tiden sprider de sig, varianter med starka f\u00e4rger d\u00f6r successivt ut och kvar blir de bl\u00e5 och rosa. De \u00e4r tjusiga men m\u00e5ste h\u00e5llas under kontroll, spridda\u00a0i v\u00e4grenarna blir de ett problem. Klipper man ner dem direkt efter blomning kan det bli ett mindre extra flor. Sprider sig inte okontrollerat och \u00e4r l\u00e4tta att f\u00e5 bort. H\u00f6jd upp till 1,5 meter. Klarar sig i hela Sverige och m\u00e5r bra i de flesta jordar. Mycket h\u00e4rdig.<\/p>\n<div id=\"attachment_10370\" style=\"width: 710px\" class=\"wp-caption alignnone\"><img loading=\"lazy\" decoding=\"async\" aria-describedby=\"caption-attachment-10370\" class=\"size-full wp-image-10370\" src=\"http:\/\/rosenholm.se\/wp-content\/uploads\/2016\/09\/D2X_9862.jpg\" alt=\"Brinnande k\u00e4rlek, Lychnis chalcedonica\" width=\"700\" height=\"428\" srcset=\"https:\/\/rosenholm.se\/wp-content\/uploads\/2016\/09\/D2X_9862-350x214@2x.jpg 700w, https:\/\/rosenholm.se\/wp-content\/uploads\/2016\/09\/D2X_9862-350x214.jpg 350w, https:\/\/rosenholm.se\/wp-content\/uploads\/2016\/09\/D2X_9862-420x257.jpg 420w\" sizes=\"auto, (max-width: 700px) 100vw, 700px\" \/><p id=\"caption-attachment-10370\" class=\"wp-caption-text\">Brinnande k\u00e4rlek, Lychnis chalcedonica<\/p><\/div>\n<p>Starka f\u00e4rger \u00e4r inget som bara \u00e4r f\u00f6rbeh\u00e5llet ett\u00e5ringar och exklusiva perenner \u2013 mer lysande r\u00f6d \u00e4n brinnande k\u00e4rlek, <em>Lychnis chalcedonica<\/em>, finns det f\u00e5 v\u00e4xter som \u00e4r. Kallas ibland ocks\u00e5 studentnejlika. Klassisk och l\u00e4ttodlad torparblomma. De sm\u00e5 blommorna sitter t\u00e4tt samlade i flockar under blomningen som varar n\u00e5gra veckor under juni\u2013augusti. Blomningstiden kan f\u00f6rl\u00e4ngas om man klipper bort de som h\u00e5ller p\u00e5 att vissna. Trivs allra b\u00e4st i soligt l\u00e4ge med god dr\u00e4nering. Trots sin t\u00e5lighet \u00e4r den inte speciellt invasiv och kan odlas i rabatter. H\u00f6jd cirka 100 cm. Mycket h\u00e4rdig.<\/p>\n<div id=\"attachment_10387\" style=\"width: 360px\" class=\"wp-caption alignright\"><img loading=\"lazy\" decoding=\"async\" aria-describedby=\"caption-attachment-10387\" class=\"size-thumbnail wp-image-10387\" src=\"http:\/\/rosenholm.se\/wp-content\/uploads\/2016\/09\/D2X_9342-350x494.jpg\" alt=\"Randgr\u00e4s, Phalaris arundinacea \u2019Picta\u2019\" width=\"350\" height=\"494\" srcset=\"https:\/\/rosenholm.se\/wp-content\/uploads\/2016\/09\/D2X_9342-350x494.jpg 350w, https:\/\/rosenholm.se\/wp-content\/uploads\/2016\/09\/D2X_9342-420x593.jpg 420w, https:\/\/rosenholm.se\/wp-content\/uploads\/2016\/09\/D2X_9342.jpg 496w\" sizes=\"auto, (max-width: 350px) 100vw, 350px\" \/><p id=\"caption-attachment-10387\" class=\"wp-caption-text\">Randgr\u00e4s, Phalaris arundinacea \u2019Picta\u2019<\/p><\/div>\n<p>Randgr\u00e4s, <em>Phalaris arundinacea<\/em> \u2019Picta\u2019, sprider sig med underjordiska utl\u00f6pare och kan bli som ett ogr\u00e4s om det\u00a0planteras p\u00e5 fel plats. Det b\u00e4sta \u00e4r om det f\u00e5r v\u00e4xa n\u00e5gonstans d\u00e4r omr\u00e5det \u00e4r avgr\u00e4nsat och\u00a0inte har m\u00f6jlighet att ta sig hur l\u00e5ngt som helst. Ska det v\u00e4xa ihop med andra perenner b\u00f6r det vara s\u00e5na som ocks\u00e5 \u00e4r starkv\u00e4xande och robusta. Trivs allra b\u00e4st i fuktig jord och det \u00e4r d\u00e5 det sprider sig som mest. \u00c4r ett mycket vackert gr\u00e4s med gr\u00f6n- och vitrandiga blad. M\u00f6nstret och m\u00e4ngden vitt varierar mellan varje exemplar s\u00e5 det kan vara id\u00e9 att v\u00e4lja innan man planterar. Passar utm\u00e4rkt i kruka. Blommar i juni\u2013juli. Gr\u00e4sstr\u00e5na blir knappt en meter h\u00f6ga, men de vackra blomvipporna kan bli upp emot 1,5 meter. Mycket h\u00e4rdig.<\/p>\n<div id=\"attachment_10368\" style=\"width: 710px\" class=\"wp-caption alignnone\"><img loading=\"lazy\" decoding=\"async\" aria-describedby=\"caption-attachment-10368\" class=\"size-full wp-image-10368\" src=\"http:\/\/rosenholm.se\/wp-content\/uploads\/2016\/09\/L1080620.jpg\" alt=\"Praktlysing, Lysimachia punctata\" width=\"700\" height=\"428\" srcset=\"https:\/\/rosenholm.se\/wp-content\/uploads\/2016\/09\/L1080620-350x214@2x.jpg 700w, https:\/\/rosenholm.se\/wp-content\/uploads\/2016\/09\/L1080620-350x214.jpg 350w, https:\/\/rosenholm.se\/wp-content\/uploads\/2016\/09\/L1080620-420x257.jpg 420w\" sizes=\"auto, (max-width: 700px) 100vw, 700px\" \/><p id=\"caption-attachment-10368\" class=\"wp-caption-text\">Praktlysing, Lysimachia punctata<\/p><\/div>\n<p>Praktlysing, <em>Lysimachia punctata<\/em>, finns det v\u00e4l knappast n\u00e5gon som undg\u00e5tt att se. Det \u00e4r en av de allra vanligaste tr\u00e4dg\u00e5rdsperennerna. Lite tr\u00e5kig eftersom den syns s\u00e5 ofta kan en del tycka, men den \u00e4r oerh\u00f6rt tacksam och kan verkligen s\u00e4tta f\u00e4rg p\u00e5 tr\u00e4dg\u00e5rden med sina gula blomspiror n\u00e4r de sl\u00e5r ut i mitten av juli. Undvik att plantera den i finrabatten tillsammans med \u00f6mt\u00e5ligare perenner utan l\u00e5t den husera n\u00e5gonstans d\u00e4r det inte g\u00f6r s\u00e5 mycket att den sprider sig. G\u00e5r i b\u00e5de sol och skugga, men trivs b\u00e4ttre om det inte \u00e4r alltf\u00f6r m\u00f6rkt. H\u00f6jd ungef\u00e4r 80 cm. Mycket h\u00e4rdig. F\u00f6r den som vill ha n\u00e5got som \u00e4r b\u00e5de ovanligare och l\u00e4gre finns sorten \u2019Alexander\u2019 med effektfullt vitkantade blad.<\/p>\n<div id=\"attachment_10367\" style=\"width: 360px\" class=\"wp-caption alignright\"><img loading=\"lazy\" decoding=\"async\" aria-describedby=\"caption-attachment-10367\" class=\"size-thumbnail wp-image-10367\" src=\"http:\/\/rosenholm.se\/wp-content\/uploads\/2016\/09\/DSC_2256-350x467.jpg\" alt=\"Strutbr\u00e4ken, Matteuccia struthiopteris\" width=\"350\" height=\"467\" srcset=\"https:\/\/rosenholm.se\/wp-content\/uploads\/2016\/09\/DSC_2256-350x467.jpg 350w, https:\/\/rosenholm.se\/wp-content\/uploads\/2016\/09\/DSC_2256-420x560.jpg 420w, https:\/\/rosenholm.se\/wp-content\/uploads\/2016\/09\/DSC_2256.jpg 525w\" sizes=\"auto, (max-width: 350px) 100vw, 350px\" \/><p id=\"caption-attachment-10367\" class=\"wp-caption-text\">Strutbr\u00e4ken, Matteuccia struthiopteris<\/p><\/div>\n<p>Det \u00e4r inte sv\u00e5rt att r\u00e4kna ut hur strutbr\u00e4ken, <em>Matteuccia struthiopteris<\/em>, f\u00e5tt sitt namn n\u00e4r man tittar n\u00e4rmare p\u00e5 det struformiga v\u00e4xts\u00e4ttet. Det \u00e4r en europeisk och inhemsk v\u00e4xt som finns spridd \u00f6ver n\u00e4stan hela Sverige, \u00e4ven om den inte \u00e4r s\u00e4rskilt vanlig. Kallades f\u00f6rr ibland foderbr\u00e4ken eftersom den anv\u00e4ndes som vinterfoder. Placera den bland tr\u00e4d och buskar, det skapar en n\u00e4stan trolsk st\u00e4mning. Vill inte has sol , trivs fr\u00e4mst d\u00e4r det \u00e4r fuktigt men dukar inte under f\u00f6r lite torka. Man f\u00f6r\u00f6kar den l\u00e4ttast med delning eller genom att helt enkelt l\u00e5na med en rotklump fr\u00e5n n\u00e5gon man k\u00e4nner. H\u00f6jd 100\u2013120 cm. Mycket h\u00e4rdig.<\/p>\n<div id=\"attachment_10386\" style=\"width: 710px\" class=\"wp-caption alignnone\"><img loading=\"lazy\" decoding=\"async\" aria-describedby=\"caption-attachment-10386\" class=\"size-full wp-image-10386\" src=\"http:\/\/rosenholm.se\/wp-content\/uploads\/2016\/09\/D2X_0067.jpg\" alt=\"J\u00e4ttekungsljus, Verbascum olympicum\" width=\"700\" height=\"428\" srcset=\"https:\/\/rosenholm.se\/wp-content\/uploads\/2016\/09\/D2X_0067-350x214@2x.jpg 700w, https:\/\/rosenholm.se\/wp-content\/uploads\/2016\/09\/D2X_0067-350x214.jpg 350w, https:\/\/rosenholm.se\/wp-content\/uploads\/2016\/09\/D2X_0067-420x257.jpg 420w\" sizes=\"auto, (max-width: 700px) 100vw, 700px\" \/><p id=\"caption-attachment-10386\" class=\"wp-caption-text\">J\u00e4ttekungsljus, Verbascum olympicum<\/p><\/div>\n<p>J\u00e4ttekungsljus, <em>Verbascum olympicum<\/em>, ger med sina m\u00e5nga sm\u00e5 gula blommor samlade i l\u00e5nga ax p\u00e5 den flergrenade stj\u00e4lken intryck av en stor ljuskandelaber, d\u00e4rav det svenska namnet. Det vetenskapliga sortnamnet antyder inte n\u00e5gon idrottslig inblandning, d\u00e4remot att v\u00e4xten f\u00f6rst p\u00e5tr\u00e4ffades p\u00e5 det berg i Turkiet som bland annat haft namnet Olympus. J\u00e4ttekungsljuset d\u00f6r efter blomning men fr\u00f6s\u00e5r sig ivrigt s\u00e5 att man hela tiden f\u00e5r nya plantor. Kan odlas i st\u00f6rre delen av landet, helst i sol, bara v\u00e4xtplatsen \u00e4r v\u00e4ldr\u00e4nerad. Under goda f\u00f6rh\u00e5llanden mer \u00e4n 2 meter h\u00f6g. Blommar i juli\u2013augusti. H\u00e4rdig.<\/p>\n<div id=\"attachment_10365\" style=\"width: 360px\" class=\"wp-caption alignright\"><img loading=\"lazy\" decoding=\"async\" aria-describedby=\"caption-attachment-10365\" class=\"size-thumbnail wp-image-10365\" src=\"http:\/\/rosenholm.se\/wp-content\/uploads\/2016\/09\/D3X_6440-350x454.jpg\" alt=\"Praktbetonika, Stachys macrantha\" width=\"350\" height=\"454\" srcset=\"https:\/\/rosenholm.se\/wp-content\/uploads\/2016\/09\/D3X_6440-350x454.jpg 350w, https:\/\/rosenholm.se\/wp-content\/uploads\/2016\/09\/D3X_6440-420x544.jpg 420w, https:\/\/rosenholm.se\/wp-content\/uploads\/2016\/09\/D3X_6440.jpg 540w\" sizes=\"auto, (max-width: 350px) 100vw, 350px\" \/><p id=\"caption-attachment-10365\" class=\"wp-caption-text\">Praktbetonika, Stachys macrantha<\/p><\/div>\n<p>Praktbetonika, <em>Stachys macrantha<\/em>, har dekorativa avl\u00e5nga blad med tydlig \u00e5dring. Det h\u00e4r \u00e4r en typisk rabattv\u00e4xt som \u00e4r t\u00e5lig och l\u00e4ttodlad, sprider sig via rotskott men h\u00e5ller sig ganska sn\u00e4llt p\u00e5 sin plats. F\u00f6rvildas ibland. Den f\u00e5r rosalila blommor i uppr\u00e4tta kolvar under ett par veckor i juni\u2013juli. Sorten \u2019Superba\u2019 f\u00e5r m\u00f6rkare och st\u00f6rre blommor. En mycket anpassningsbar perenn som trivs i b\u00e5de sol och skugga. I alltf\u00f6r skuggiga l\u00e4gen blir dock blomningen sparsammare. St\u00e5r i torr och d\u00e5lig jord utan att klaga. H\u00f6jd 40\u201350 cm. Mycket h\u00e4rdig.<\/p>\n<div id=\"attachment_10364\" style=\"width: 710px\" class=\"wp-caption alignnone\"><img loading=\"lazy\" decoding=\"async\" aria-describedby=\"caption-attachment-10364\" class=\"size-large wp-image-10364\" src=\"http:\/\/rosenholm.se\/wp-content\/uploads\/2016\/09\/D2X_0222-700x428.jpg\" alt=\"Gullboll, Rudbeckia laciniata var. hortensia\" width=\"700\" height=\"428\" srcset=\"https:\/\/rosenholm.se\/wp-content\/uploads\/2016\/09\/D2X_0222-350x214@2x.jpg 700w, https:\/\/rosenholm.se\/wp-content\/uploads\/2016\/09\/D2X_0222-350x214.jpg 350w, https:\/\/rosenholm.se\/wp-content\/uploads\/2016\/09\/D2X_0222-420x257.jpg 420w\" sizes=\"auto, (max-width: 700px) 100vw, 700px\" \/><p id=\"caption-attachment-10364\" class=\"wp-caption-text\">Gullboll, Rudbeckia laciniata var. hortensia<\/p><\/div>\n<p>L\u00e4ttodlad och tacksam \u00e4r gullboll, <em>Rudbeckia laciniata<\/em> var. <em>hortensia<\/em> med fyllda blommor. Den enkelblommiga h\u00f6strudbeckian, <em>R<\/em>. <em>laciniata<\/em>, odlades p\u00e5 Uppsala botaniska tr\u00e4dg\u00e5rd redan p\u00e5 1600-talet av ingen mindre \u00e4n Olof Rudbeck d.\u00e4. Det var f\u00f6rst senare som Linn\u00e9 uppkallade den efter sl\u00e4kten Rudbeck. V\u00e4xtens ursprung \u00e4r Nordamerika, i Sverige finns den som f\u00f6rvildad. Gullboll, den fyllda varianten, klarar sig bra med ganska lite sk\u00f6tsel men \u00e4r bara h\u00e4rdig till ungef\u00e4r Mellansverige. Kan blir s\u00e5 h\u00f6g, 2\u20133 meter, att den ofta f\u00e5r bindas upp eller placeras s\u00e5 att den vilar mot n\u00e5gonting. Blommar ganska l\u00e4nge under augusti\u2013september. F\u00f6redrar sol men st\u00e5r ut med en del skugga. Trivs i typiska tr\u00e4dg\u00e5rdsjordar. H\u00e4rdig.<\/p>\n<div id=\"attachment_10363\" style=\"width: 360px\" class=\"wp-caption alignright\"><img loading=\"lazy\" decoding=\"async\" aria-describedby=\"caption-attachment-10363\" class=\"size-thumbnail wp-image-10363\" src=\"http:\/\/rosenholm.se\/wp-content\/uploads\/2016\/09\/D3R_0378-350x467.jpg\" alt=\"Tr\u00e4dg\u00e5rdsstormhatt, Aconitum \u00d7 cammarum och Gullris, Solidago\" width=\"350\" height=\"467\" srcset=\"https:\/\/rosenholm.se\/wp-content\/uploads\/2016\/09\/D3R_0378-350x467.jpg 350w, https:\/\/rosenholm.se\/wp-content\/uploads\/2016\/09\/D3R_0378-420x560.jpg 420w, https:\/\/rosenholm.se\/wp-content\/uploads\/2016\/09\/D3R_0378.jpg 525w\" sizes=\"auto, (max-width: 350px) 100vw, 350px\" \/><p id=\"caption-attachment-10363\" class=\"wp-caption-text\">Tr\u00e4dg\u00e5rdsstormhatt, Aconitum \u00d7 cammarum och Gullris, Solidago<\/p><\/div>\n<p>Tr\u00e4dg\u00e5rdsstormhatt,\u00a0<em>Aconitum<\/em> \u00d7 <em>cammarum<\/em>, tillh\u00f6r tillsammans med n\u00e5gra n\u00e4ra sl\u00e4ktingar de riktigt gamla torpv\u00e4xterna som aldrig verkar d\u00f6 bort. Det svenska namnet har med utseendet att g\u00f6ra, den har haft en del andra namn med liknande associationer som munkhatt och munkm\u00f6ssa. Men den har ocks\u00e5 haft namn som vargd\u00f6da och ulfsgift vilka \u00e4r lika talande, v\u00e4xten \u00e4r en av de allra giftigaste man kan ha i en hemtr\u00e4dg\u00e5rd. Det vetenskapliga sl\u00e4ktnamnet h\u00e4rstammar fr\u00e5n Grekland och betyder ungef\u00e4r o\u00f6vervinnerlig, och det kan v\u00e4l st\u00e4mma. Stormhattar gillar n\u00e4ringsrik mark som inte blir f\u00f6r torr. Tr\u00e4dg\u00e5rdsstormhatten blommar i juli\u2013augusti. H\u00f6jd upp till 1,5 meter. Mycket h\u00e4rdig.<\/p>\n<p>Gullris, <em>Solidago<\/em>, finns i flera olika arter och sorter. Den \u00e4r vanlig i gamla torptr\u00e4dg\u00e5rdar och kan leva kvar d\u00e4r l\u00e5ng tid efter att de \u00f6vergivits. Ofta f\u00f6rvildas den och ger sig iv\u00e4g ut i skog och mark. Det finns en inhemsk art som v\u00e4xer vilt, h\u00f6stgullris, <em>Solidago gigantea<\/em>, \u2013 vilken sedan gammalt \u00e4r vanlig i svenska tr\u00e4dg\u00e5rdar. Om man g\u00e5r till plantskolan f\u00f6r att k\u00f6pa gullris \u00e4r det troligt att man f\u00e5r tag i n\u00e5gon av de m\u00e5nga nyare hybrider som ing\u00e5r i det som kallas Canadensis-gruppen. De \u00e4r ofta b\u00e4ttre \u00e4n de \u00e4ldre sorterna eftersom de har ett robustare v\u00e4xts\u00e4tt och inte sprider sig lika aggressivt. De sm\u00e5 gula blommorna som kommer i augusti\u2013september sitter t\u00e4tt samlade i stora plymer. H\u00f6jd 30\u2013100 cm, beroende p\u00e5 sort. Mycket h\u00e4rdig.<\/p>\n<h5><a title=\"Fem r\u00e5d f\u00f6r t\u00e5liga perenner\" href=\"http:\/\/rosenholm.se\/?page_id=10356\">Fem r\u00e5d f\u00f6r t\u00e5liga perenner<\/a><\/h5>\n","protected":false},"excerpt":{"rendered":"<p>Det ska vara l\u00e4tt att ha tr\u00e4dg\u00e5rd, ett rent n\u00f6je med m\u00e5ttliga m\u00e4ngder arbete och sn\u00e4lla v\u00e4xter som klarar sig p\u00e5 egen hand. Det \u00e4r vad man hoppas i alla&hellip; <\/p>\n","protected":false},"author":1,"featured_media":0,"parent":0,"menu_order":0,"comment_status":"closed","ping_status":"closed","template":"","meta":{"footnotes":""},"class_list":["post-10351","page","type-page","status-publish","hentry"],"_links":{"self":[{"href":"https:\/\/rosenholm.se\/index.php?rest_route=\/wp\/v2\/pages\/10351","targetHints":{"allow":["GET"]}}],"collection":[{"href":"https:\/\/rosenholm.se\/index.php?rest_route=\/wp\/v2\/pages"}],"about":[{"href":"https:\/\/rosenholm.se\/index.php?rest_route=\/wp\/v2\/types\/page"}],"author":[{"embeddable":true,"href":"https:\/\/rosenholm.se\/index.php?rest_route=\/wp\/v2\/users\/1"}],"replies":[{"embeddable":true,"href":"https:\/\/rosenholm.se\/index.php?rest_route=%2Fwp%2Fv2%2Fcomments&post=10351"}],"version-history":[{"count":24,"href":"https:\/\/rosenholm.se\/index.php?rest_route=\/wp\/v2\/pages\/10351\/revisions"}],"predecessor-version":[{"id":14599,"href":"https:\/\/rosenholm.se\/index.php?rest_route=\/wp\/v2\/pages\/10351\/revisions\/14599"}],"wp:attachment":[{"href":"https:\/\/rosenholm.se\/index.php?rest_route=%2Fwp%2Fv2%2Fmedia&parent=10351"}],"curies":[{"name":"wp","href":"https:\/\/api.w.org\/{rel}","templated":true}]}}