{"id":10309,"date":"2016-12-27T18:57:40","date_gmt":"2016-12-27T17:57:40","guid":{"rendered":"http:\/\/rosenholm.se\/?page_id=10309"},"modified":"2017-03-31T22:06:28","modified_gmt":"2017-03-31T20:06:28","slug":"nya-perennvagen","status":"publish","type":"page","link":"https:\/\/rosenholm.se\/?page_id=10309","title":{"rendered":"NYA PERENNV\u00c5GEN"},"content":{"rendered":"<p>Gillar du praktfulla rabatter med stora st\u00e5tliga perenner? Tycker du att ogr\u00e4srensning \u00e4r m\u00e5ttligt roligt? D\u00e5 kanske New Wave Planting, eller den nya perennv\u00e5gen som den kallas p\u00e5 svenska, \u00e4r n\u00e5got f\u00f6r dig. Med robusta perenner i stora sjok blir tr\u00e4dg\u00e5rden inte bara l\u00e4ttsk\u00f6tt utan ocks\u00e5 vacker och sp\u00e4nnande n\u00e4stan \u00e5ret runt.<\/p>\n<p>Det \u00e4r naturen som st\u00e5tt f\u00f6rebild f\u00f6r den nya perennv\u00e5gen, och v\u00e4xturvalet \u00e4r ofta h\u00e4mtat fr\u00e5n Nordamerikas pr\u00e4rielandskap. Liksom i det vilda l\u00e5ter man all mark t\u00e4ckas s\u00e5 att ogr\u00e4set inte f\u00e5r en sportslig chans att ta \u00f6ver. Blomningen sker ofta sent p\u00e5 s\u00e4songen och v\u00e4xterna h\u00e5ller sig attraktiva ocks\u00e5 efter att de vissnat. Det \u00e4r som i naturen, det \u00e4r vackert fast ingen \u00e4r d\u00e4r och rensar bort det d\u00f6da och torra. F\u00f6rst i februari\u2013mars \u00e4r det dags att klippa ner fjol\u00e5rets skrumpna blomst\u00e4nglar och blad.<br \/>\nHur g\u00f6r man d\u00e5 f\u00f6r att skapa en nya v\u00e5gen perennrabatt i sin villatr\u00e4dg\u00e5rd? Avs\u00e4tt tillr\u00e4ckligt med plats, helst inte mindre \u00e4n tv\u00e5 g\u00e5nger fyra meter, g\u00e4rna mer. Det ska vara m\u00e5nga exemplar av varje v\u00e4xtsort, g\u00e4rna fem, sju eller nio plantor vardera, ganska t\u00e4tt planterade f\u00f6r att snabbt f\u00e5 all bar jord t\u00e4ckt.<\/p>\n<p>Vilka sorter ska man v\u00e4lja, finns det en lista \u00f6ver nya v\u00e5gen perenner? Nej det g\u00f6r det inte. Det \u00e4r helt enkelt fr\u00e5ga om v\u00e4xter som \u00e4r vackra under l\u00e5ng tid och tilltalande \u00e4ven sedan de d\u00f6tt f\u00f6r s\u00e4songen. M\u00e5nga av dem, men inte alla, \u00e4r storv\u00e4xta och blommar sent. En del \u00e4r gamla klassiker medan andra \u00e4r relativt nya i perennrabatten.<br \/>\nPrydnadsgr\u00e4sen har en s\u00e4rst\u00e4llning. Fr\u00e5n att knappast anv\u00e4nts alls i tr\u00e4dg\u00e5rdar, med n\u00e5gra f\u00e5 undantag, har de blivit alltmer popul\u00e4ra. De \u00e4r l\u00e4ttodlade, skapar milj\u00f6, \u00e4r snygga l\u00e4nge, och ger en ytterligare dimensionen n\u00e4r de r\u00f6r sig med prasslande ljud. P\u00e5 h\u00f6starna f\u00e5ngar de ljuset s\u00e5 att det riktigt str\u00e5lar om deras frodiga blomvippor i eftermiddagssolens sken. En del prydnadsgr\u00e4s har dessutom ett transparent v\u00e4xts\u00e4tt vilket g\u00f6r att de kan placeras framf\u00f6r andra l\u00e4gre v\u00e4xter.<br \/>\nL\u00e5t dig inspireras av den nya perennv\u00e5gen och skapa dig din egna t\u00e5liga rabatt.<\/p>\n<div id=\"attachment_10328\" style=\"width: 360px\" class=\"wp-caption alignright\"><img loading=\"lazy\" decoding=\"async\" aria-describedby=\"caption-attachment-10328\" class=\"size-thumbnail wp-image-10328\" src=\"http:\/\/rosenholm.se\/wp-content\/uploads\/2016\/09\/D2X_2887-350x467.jpg\" alt=\"Purpurkvanne, Angelica gigas\" width=\"350\" height=\"467\" srcset=\"https:\/\/rosenholm.se\/wp-content\/uploads\/2016\/09\/D2X_2887-350x467.jpg 350w, https:\/\/rosenholm.se\/wp-content\/uploads\/2016\/09\/D2X_2887-420x560.jpg 420w, https:\/\/rosenholm.se\/wp-content\/uploads\/2016\/09\/D2X_2887.jpg 525w\" sizes=\"auto, (max-width: 350px) 100vw, 350px\" \/><p id=\"caption-attachment-10328\" class=\"wp-caption-text\">Purpurkvanne, Angelica gigas<\/p><\/div>\n<p>Det som \u00e4r kul med tv\u00e5\u00e5ringar \u00e4r att man inte alltid vet var de dyker upp n\u00e4sta g\u00e5ng. Purpurkvanne, <em>Angelica gigas<\/em>, \u00e4r dessutom en v\u00e4xt man inte kan undg\u00e5 att l\u00e4gga m\u00e4rke till, den ser n\u00e4rmast ut som n\u00e5got som ramlat ner fr\u00e5n yttre rymden. Vi nordbor ska gl\u00e4dja oss extra mycket. H\u00e4r uppe blir den stor och st\u00e5tlig, medan den nere p\u00e5 kontinenten h\u00e5ller sig liten och klen. Blommorna sl\u00e5r ut under juli\u2013augusti, men den \u00e4r snygg \u00e4ven efter att den blommat ut. En kraftig och st\u00e5tlig v\u00e4xt som blir cirka 140 cm h\u00f6g. Sj\u00e4lvs\u00e5r sig, passar inte dess sj\u00e4lvvalda plats kan man flytta den dit man \u00f6nskar. Trivs i sol\u2013halvskugga. H\u00e4rdig.<\/p>\n<div id=\"attachment_10327\" style=\"width: 710px\" class=\"wp-caption alignnone\"><img loading=\"lazy\" decoding=\"async\" aria-describedby=\"caption-attachment-10327\" class=\"size-large wp-image-10327\" src=\"http:\/\/rosenholm.se\/wp-content\/uploads\/2016\/09\/D2X_1413-700x428.jpg\" alt=\"Finnslide, Aconogonon \u00d7 fennicum\" width=\"700\" height=\"428\" srcset=\"https:\/\/rosenholm.se\/wp-content\/uploads\/2016\/09\/D2X_1413-350x214@2x.jpg 700w, https:\/\/rosenholm.se\/wp-content\/uploads\/2016\/09\/D2X_1413-350x214.jpg 350w, https:\/\/rosenholm.se\/wp-content\/uploads\/2016\/09\/D2X_1413-420x257.jpg 420w\" sizes=\"auto, (max-width: 700px) 100vw, 700px\" \/><p id=\"caption-attachment-10327\" class=\"wp-caption-text\">Finnslide, Aconogonon \u00d7 fennicum<\/p><\/div>\n<p>Den som bor i tufft klimat men \u00e4nd\u00e5 gillar stora perenner kan odla finnslide, <em>Aconogonon<\/em> \u00d7 <em>fennicum<\/em>. P\u00e5 sensommaren \u00e4r det l\u00e4tt att f\u00e5 f\u00f6r sig att det inte \u00e4r en perenn utan en kraftig buske. Blommorna \u00e4r gr\u00e4ddvita, kommer redan i juni och h\u00e5ller sig en bra bit in p\u00e5 h\u00f6sten, minsann inte d\u00e5ligt alls. \u00c4r ingen marod\u00f6r och breder trots sin storlek ut sig ganska l\u00e5ngsamt. Blir cirka 2 meter h\u00f6g och g\u00e5r bra i sol\u2013halvskugga. Trivs p\u00e5 de flesta jordar, men utvecklas b\u00e4st d\u00e4r den \u00e4r n\u00e4ringsrik och fuktighetsh\u00e5llande men \u00e4nd\u00e5 v\u00e4ldr\u00e4nerad. Mycket h\u00e4rdig.<\/p>\n<div id=\"attachment_10337\" style=\"width: 360px\" class=\"wp-caption alignright\"><img loading=\"lazy\" decoding=\"async\" aria-describedby=\"caption-attachment-10337\" class=\"size-thumbnail wp-image-10337\" src=\"http:\/\/rosenholm.se\/wp-content\/uploads\/2016\/09\/D3X_5912-350x467.jpg\" alt=\"Amsonia, Amsonia tabernaemontana\" width=\"350\" height=\"467\" srcset=\"https:\/\/rosenholm.se\/wp-content\/uploads\/2016\/09\/D3X_5912-350x467.jpg 350w, https:\/\/rosenholm.se\/wp-content\/uploads\/2016\/09\/D3X_5912-420x560.jpg 420w, https:\/\/rosenholm.se\/wp-content\/uploads\/2016\/09\/D3X_5912.jpg 525w\" sizes=\"auto, (max-width: 350px) 100vw, 350px\" \/><p id=\"caption-attachment-10337\" class=\"wp-caption-text\">Amsonia, Amsonia tabernaemontana<\/p><\/div>\n<p>Som sm\u00e5 sparrisknoppar sticker amsonia, <em>Amsonia tabernaemontana<\/em>, upp ur marken under den tidiga v\u00e5ren. I juni sl\u00e5r blommorna ut likt fembladiga stj\u00e4rnor i toppen av l\u00e4ckert violetta st\u00e4nglar med smala, spetsiga blad. Det \u00e4r inte med n\u00e5gra skvalande f\u00e4rger de blommar, snarare i trolskt ljusbl\u00e5tt, perfekt f\u00f6r att lysa upp sena sommarkv\u00e4llar. Det \u00e4r nog kombinationen av form och f\u00e4rg som g\u00f6r amsonia s\u00e5 attraktiv. G\u00f6r sig b\u00e4st i grupp. Den kommer ursprungligen fr\u00e5n \u00f6stra och centrala USA, i Sverige har den inte anv\u00e4nts s\u00e4rskilt l\u00e4nge, men blir mer k\u00e4nd och popul\u00e4r. T\u00e5lig, vill ha fuktigt i marken men v\u00e4ldr\u00e4nerat. Sol\u2013halvskugga. Blommar i juni\u2013juli. H\u00f6jd 70\u201380 cm. H\u00e4rdig, fungerar sannolikt i Norrland.<\/p>\n<div id=\"attachment_10325\" style=\"width: 710px\" class=\"wp-caption alignnone\"><img loading=\"lazy\" decoding=\"async\" aria-describedby=\"caption-attachment-10325\" class=\"size-full wp-image-10325\" src=\"http:\/\/rosenholm.se\/wp-content\/uploads\/2016\/09\/D3X_9347.jpg\" alt=\"Lila sk\u00f6ldpadds\u00f6rt, Chelone obliqua\" width=\"700\" height=\"428\" srcset=\"https:\/\/rosenholm.se\/wp-content\/uploads\/2016\/09\/D3X_9347-350x214@2x.jpg 700w, https:\/\/rosenholm.se\/wp-content\/uploads\/2016\/09\/D3X_9347-350x214.jpg 350w, https:\/\/rosenholm.se\/wp-content\/uploads\/2016\/09\/D3X_9347-420x257.jpg 420w\" sizes=\"auto, (max-width: 700px) 100vw, 700px\" \/><p id=\"caption-attachment-10325\" class=\"wp-caption-text\">Lila sk\u00f6ldpadds\u00f6rt, Chelone obliqua<\/p><\/div>\n<p>Vilket konstigt namn den har, lila sk\u00f6ldpadds\u00f6rt, <em>Chelone obliqua<\/em>. Varf\u00f6r heter den s\u00e5? Enkelt, blommorna liknar sk\u00f6ldpaddors huvuden. Det vetenskapliga namnet s\u00e4ger samma sak. Chelone kommer fr\u00e5n det grekiska ordet f\u00f6r sk\u00f6ldpaddshuvud. Sj\u00e4lva v\u00e4xten h\u00e4rstammar fr\u00e5n \u00f6stra Nordamerika, \u00e4r frisk och stilig hela s\u00e4songen. Den blommar successivt nerifr\u00e5n och upp under l\u00e5ng tid, ungef\u00e4r mellan juli och september, och har dessutom str\u00e5lande dekorativa fr\u00f6st\u00e4llningar som h\u00e5ller sig snygga mest hela vintern. H\u00f6jd cirka 60\u201380 cm. L\u00e4ttodlad men f\u00f6redrar att st\u00e5 i fuktig jord i skugga eller halvskugga. H\u00e4rdig.<\/p>\n<div id=\"attachment_10340\" style=\"width: 360px\" class=\"wp-caption alignright\"><img loading=\"lazy\" decoding=\"async\" aria-describedby=\"caption-attachment-10340\" class=\"size-thumbnail wp-image-10340\" src=\"http:\/\/rosenholm.se\/wp-content\/uploads\/2016\/09\/D3X_9398-350x467.jpg\" alt=\"Tuvr\u00f6r, Calamagrostis \u00d7 acutiflora 'Karl Foerster'\" width=\"350\" height=\"467\" srcset=\"https:\/\/rosenholm.se\/wp-content\/uploads\/2016\/09\/D3X_9398-350x467.jpg 350w, https:\/\/rosenholm.se\/wp-content\/uploads\/2016\/09\/D3X_9398-420x560.jpg 420w, https:\/\/rosenholm.se\/wp-content\/uploads\/2016\/09\/D3X_9398.jpg 525w\" sizes=\"auto, (max-width: 350px) 100vw, 350px\" \/><p id=\"caption-attachment-10340\" class=\"wp-caption-text\">Tuvr\u00f6r, Calamagrostis \u00d7 acutiflora &#8217;Karl Foerster&#8217;<\/p><\/div>\n<p>H\u00f6grest och rakryggad i alla v\u00e4der st\u00e5r tuvr\u00f6ret, <em>Calamagrostis<\/em> \u00d7 <em>acutiflora<\/em> &#8217;Karl Foerster&#8217;, ett t\u00e4tv\u00e4xande m\u00e4sterverk. Blommar relativt tidigt p\u00e5 \u00e5ret f\u00f6r att vara ett gr\u00e4s, redan i juni\u2013juli. Som det svenska namnet antyder v\u00e4xer den g\u00e4rna i tuvform. Vill man ha riktigt bra effekt ska man s\u00e4tta flera ganska t\u00e4tt tillsammans. Blomaxet byter f\u00e4rg och blir fram\u00e5t h\u00f6sten attraktivt guldgult. Vajar elegant i vinden och \u00e4r snyggt i stort sett hela vintern. Tuvr\u00f6r ska inte klippas ner f\u00f6rr\u00e4n v\u00e5ren st\u00e5r f\u00f6r d\u00f6rren. Mycket popul\u00e4r b\u00e5de i Europa och Nordamerika, hurra f\u00f6r att den fungerar s\u00e5 bra i v\u00e5rt klimat. Klarar av de flesta jordar och f\u00f6rh\u00e5llanden men f\u00f6redrar fuktig men v\u00e4ldr\u00e4nerad jord i sol\u2013halvskugga. H\u00f6jd 150\u2013200 cm. H\u00e4rdig.<\/p>\n<div id=\"attachment_10323\" style=\"width: 710px\" class=\"wp-caption alignnone\"><img loading=\"lazy\" decoding=\"async\" aria-describedby=\"caption-attachment-10323\" class=\"size-full wp-image-10323\" src=\"http:\/\/rosenholm.se\/wp-content\/uploads\/2016\/09\/D2X_1129.jpg\" alt=\"Tr\u00e4dg\u00e5rdssolbrud, Helenium 'Rubinzwerg'\" width=\"700\" height=\"428\" srcset=\"https:\/\/rosenholm.se\/wp-content\/uploads\/2016\/09\/D2X_1129-350x214@2x.jpg 700w, https:\/\/rosenholm.se\/wp-content\/uploads\/2016\/09\/D2X_1129-350x214.jpg 350w, https:\/\/rosenholm.se\/wp-content\/uploads\/2016\/09\/D2X_1129-420x257.jpg 420w\" sizes=\"auto, (max-width: 700px) 100vw, 700px\" \/><p id=\"caption-attachment-10323\" class=\"wp-caption-text\">Tr\u00e4dg\u00e5rdssolbrud, Helenium &#8217;Rubinzwerg&#8217;<\/p><\/div>\n<p>Tr\u00e4dg\u00e5rdssolbrud, <em>Helenium<\/em> &#8217;Rubinzwerg&#8217;, kan lysa upp rabatter ganska rej\u00e4lt. Det som kanske f\u00f6rv\u00e5nar mest \u00e4r att en s\u00e5 stabil och hyggligt l\u00e4tthanterad perenn str\u00e5lar i s\u00e5 klara f\u00e4rger, n\u00e5got som brukar vara f\u00f6rbeh\u00e5llet sommarblommor. Ursprunget \u00e4r Nordamerika men idag odlar vi knappast alls rena arter av den utan olika sorter av f\u00e4rgstarka hybrider, ofta i varma f\u00e4rgtoner. Blomningstiden varierar mellan olika sorter, fr\u00e5n sensommaren fram till sen h\u00f6st. Bor man l\u00e5ng norrut ska man se till att f\u00e5 tag i n\u00e5gon som \u00e4r tidigblommande. Blir i storleksordningen 100\u2013120 cm h\u00f6g. Halvh\u00e4rdig.<\/p>\n<div id=\"attachment_10322\" style=\"width: 360px\" class=\"wp-caption alignright\"><img loading=\"lazy\" decoding=\"async\" aria-describedby=\"caption-attachment-10322\" class=\"size-thumbnail wp-image-10322\" src=\"http:\/\/rosenholm.se\/wp-content\/uploads\/2016\/09\/D2X_0808-350x467.jpg\" alt=\"R\u00f6d solhatt, Echinacea purpurea \u2018Magnus\u2019\" width=\"350\" height=\"467\" srcset=\"https:\/\/rosenholm.se\/wp-content\/uploads\/2016\/09\/D2X_0808-350x467.jpg 350w, https:\/\/rosenholm.se\/wp-content\/uploads\/2016\/09\/D2X_0808-420x560.jpg 420w, https:\/\/rosenholm.se\/wp-content\/uploads\/2016\/09\/D2X_0808.jpg 525w\" sizes=\"auto, (max-width: 350px) 100vw, 350px\" \/><p id=\"caption-attachment-10322\" class=\"wp-caption-text\">R\u00f6d solhatt, Echinacea purpurea \u2018Magnus\u2019<\/p><\/div>\n<p>En av de b\u00e4sta perennerna f\u00f6r sensommaren och h\u00f6sten \u00e4r r\u00f6d solhatt, <em>Echinacea purpure<\/em>a \u2018Magnus\u2019. Ofta kallas den numera r\u00f6d rudbeckia, men det \u00e4ldre namnet r\u00f6d solhatt \u00e4r mer talande f\u00f6r det \u00e4r precis s\u00e5 de ser ut. Blommorna sl\u00e5r normalt ut i augusti, i sydligaste Sverige m\u00f6jligen i slutet av juli, och h\u00e5ller sig vackra mycket l\u00e4nge, \u00e4nda in i oktober. Blir ungef\u00e4r 80 cm h\u00f6g och vill v\u00e4xa i v\u00e4ldr\u00e4nerad jord i varmt l\u00e4ge och helst full sol. \u00c4r mycket omtyckt av fj\u00e4rilar. Klassad som halvh\u00e4rdig, men \u00e4r inte speciellt kinkig. D\u00e4remot \u00e4r det inte meningsfullt att odla den i norr eftersom blommorna inte hinner sl\u00e5 ut innan frosten kommer.<\/p>\n<div id=\"attachment_10321\" style=\"width: 710px\" class=\"wp-caption alignnone\"><img loading=\"lazy\" decoding=\"async\" aria-describedby=\"caption-attachment-10321\" class=\"size-full wp-image-10321\" src=\"http:\/\/rosenholm.se\/wp-content\/uploads\/2016\/09\/D2X_8992.jpg\" alt=\"Glansmiskantus, Miscanthus sinensis\" width=\"700\" height=\"428\" srcset=\"https:\/\/rosenholm.se\/wp-content\/uploads\/2016\/09\/D2X_8992-350x214@2x.jpg 700w, https:\/\/rosenholm.se\/wp-content\/uploads\/2016\/09\/D2X_8992-350x214.jpg 350w, https:\/\/rosenholm.se\/wp-content\/uploads\/2016\/09\/D2X_8992-420x257.jpg 420w\" sizes=\"auto, (max-width: 700px) 100vw, 700px\" \/><p id=\"caption-attachment-10321\" class=\"wp-caption-text\">Glansmiskantus, Miscanthus sinensis\u00a0&#8217;Malepartus&#8217;<\/p><\/div>\n<p>Prydnadsgr\u00e4sens drottning \u00e4r utan tvivel glansmiskantus, <em>Miscanthus sinensis<\/em>. Den v\u00e4xer b\u00e5de st\u00e5tligt och graci\u00f6st. P\u00e5 h\u00f6starna bildas vackra blomax som dessutom oftast h\u00e5ller sig snygga hela vintern. Passar som solit\u00e4r, men ocks\u00e5 tillsammans med andra storvuxna perenner. Att ursprunget \u00e4r \u00f6stra Asien h\u00f6r man p\u00e5 namnet, sinensis avser just Kina. Det finns m\u00e5nga sorter att v\u00e4lja bland men den p\u00e5 bilden &#8217;Malepartus&#8217; \u00e4r kanske den med allra vackraste ax, silvrigt r\u00f6da p\u00e5 h\u00f6sten och varmt bruna under vintern, oftast med bibeh\u00e5llen form. Vill ha mycket vatten och n\u00e4ring, man kan ju inte sv\u00e4lta ut den som \u00e4r stor. D\u00e4remot t\u00e5l de absolut inte att st\u00e5 i fukt under vintern. H\u00f6jd 150\u2013200 cm. Halvh\u00e4rdig.<\/p>\n<div id=\"attachment_10320\" style=\"width: 360px\" class=\"wp-caption alignright\"><img loading=\"lazy\" decoding=\"async\" aria-describedby=\"caption-attachment-10320\" class=\"size-thumbnail wp-image-10320\" src=\"http:\/\/rosenholm.se\/wp-content\/uploads\/2016\/09\/D3X_9429-350x439.jpg\" alt=\"Fl\u00e4ckflockel, Eupatorium maculatum 'Atropurpureum'\" width=\"350\" height=\"439\" srcset=\"https:\/\/rosenholm.se\/wp-content\/uploads\/2016\/09\/D3X_9429-350x439.jpg 350w, https:\/\/rosenholm.se\/wp-content\/uploads\/2016\/09\/D3X_9429-420x527.jpg 420w, https:\/\/rosenholm.se\/wp-content\/uploads\/2016\/09\/D3X_9429.jpg 558w\" sizes=\"auto, (max-width: 350px) 100vw, 350px\" \/><p id=\"caption-attachment-10320\" class=\"wp-caption-text\">Fl\u00e4ckflockel, Eupatorium maculatum &#8217;Atropurpureum&#8217;<\/p><\/div>\n<p>Den maffiga fl\u00e4ckflockeln, <em>Eupatorium maculatum<\/em> &#8217;Atropurpureum&#8217;, ger mer en k\u00e4nsla av amerikansk pr\u00e4rie \u00e4n av prydlig rabatt. Mycket riktigt, ursprunget \u00e4r Nordamerika och den passar knappast tillsammans med v\u00e4na rabattrosor. Anv\u00e4nds helst f\u00f6r att skapa milj\u00f6 i tr\u00e4dg\u00e5rden, den n\u00e5r sin fulla storlek sent p\u00e5 sommaren och beh\u00f6ver inte klippas ned f\u00f6rr\u00e4n p\u00e5 senvintern. Och det \u00e4r ingen liten v\u00e4xt utan den kan bli hela 2 meter h\u00f6g. Blommar under l\u00e5ng tid i augusti\u2013oktober och lockar b\u00e5de bin och fj\u00e4rilar. Beh\u00f6ver fuktighetsh\u00e5llande jord och likt andra stora perenner en hel del n\u00e4ring f\u00f6r att utvecklas bra. Trivs i sol\u2013halvskugga. H\u00e4rdig.<\/p>\n<div id=\"attachment_10319\" style=\"width: 710px\" class=\"wp-caption alignnone\"><img loading=\"lazy\" decoding=\"async\" aria-describedby=\"caption-attachment-10319\" class=\"size-full wp-image-10319\" src=\"http:\/\/rosenholm.se\/wp-content\/uploads\/2016\/09\/D3X_9453.jpg\" alt=\"J\u00e4ttet\u00e5tel, Molinia caerulea ssp. arundinacea \u2019Transparent\u2019\" width=\"700\" height=\"428\" srcset=\"https:\/\/rosenholm.se\/wp-content\/uploads\/2016\/09\/D3X_9453-350x214@2x.jpg 700w, https:\/\/rosenholm.se\/wp-content\/uploads\/2016\/09\/D3X_9453-350x214.jpg 350w, https:\/\/rosenholm.se\/wp-content\/uploads\/2016\/09\/D3X_9453-420x257.jpg 420w\" sizes=\"auto, (max-width: 700px) 100vw, 700px\" \/><p id=\"caption-attachment-10319\" class=\"wp-caption-text\">J\u00e4ttet\u00e5tel, Molinia caerulea ssp. arundinacea \u2019Transparent\u2019<\/p><\/div>\n<p>Det \u00e4r f\u00e5 v\u00e4xter som f\u00e5tt ett s\u00e5 passande sortnamn som j\u00e4ttet\u00e5teln, <em>Molinia caerulea<\/em> ssp. <em>arundinacea<\/em> \u2019Transparent\u2019, v\u00e4l v\u00e4rd en s\u00e4rst\u00e4llning. Eftersom den \u00e4r just transparent kan man placera den l\u00e5ngt fram i rabatten. Dess gr\u00f6na blomstr\u00e5n h\u00e4nger i sirliga b\u00e5gar som sakta vajar \u00e4ven i den svagaste vind. Bakgrunden ser man som genom en sl\u00f6ja. Trots att den \u00e4r storvuxen och kan bli runt 170 cm h\u00f6g st\u00e5r den stadigt i bl\u00e5st och regn. Extra vacker med regndroppar eller frost i sina str\u00e5n. F\u00e5r en gyllengul f\u00e4rg fram\u00e5t h\u00f6sten. Passar till snitt, b\u00e5de som f\u00e4rskt gr\u00f6n och torkad. Trivs i sol\u2013halvskugga i fuktighetsh\u00e5llande jord. H\u00e4rdig eller mycket h\u00e4rdig. Framf\u00f6r st\u00e5r r\u00f6d solhatt av sorterna &#8217;Magnus&#8217; och \u201dGreen Edge\u201d.<\/p>\n<div id=\"attachment_10318\" style=\"width: 360px\" class=\"wp-caption alignright\"><img loading=\"lazy\" decoding=\"async\" aria-describedby=\"caption-attachment-10318\" class=\"size-thumbnail wp-image-10318\" src=\"http:\/\/rosenholm.se\/wp-content\/uploads\/2016\/09\/D2X_2689-350x467.jpg\" alt=\"J\u00e4ttekrissla, Inula magnifica 'Sonnenstrahl'\" width=\"350\" height=\"467\" srcset=\"https:\/\/rosenholm.se\/wp-content\/uploads\/2016\/09\/D2X_2689-350x467.jpg 350w, https:\/\/rosenholm.se\/wp-content\/uploads\/2016\/09\/D2X_2689-420x560.jpg 420w, https:\/\/rosenholm.se\/wp-content\/uploads\/2016\/09\/D2X_2689.jpg 525w\" sizes=\"auto, (max-width: 350px) 100vw, 350px\" \/><p id=\"caption-attachment-10318\" class=\"wp-caption-text\">J\u00e4ttekrissla, Inula magnifica &#8217;Sonnenstrahl&#8217;<\/p><\/div>\n<p>En m\u00e4ktig tr\u00e4dg\u00e5rdsv\u00e4xt \u00e4r j\u00e4ttekrissla, <em>Inula magnifica<\/em> &#8217;Sonnenstrahl&#8217;. H\u00f6g och utbredd med kraftiga och flera decimeter l\u00e5nga blad. J\u00e4tteblommor formade som solar med elegant h\u00e4ngande, varmt gula kronblad. Tar stort utrymme, l\u00e4mplig som avsk\u00e4rmning och passar b\u00e4st hemma hos den som har stor tomt, men har inte speciellt invasivt rotsystem. Medicinalv\u00e4xt som anv\u00e4nts vid andningsbesv\u00e4r. Anses motverka svamp och bakterier. Sol till halvskugga i fuktig jord, den \u00e4r ovanligt tolerant f\u00f6r markfukt och accepterar \u00e4ven tunga jordar. Orkar st\u00e5 uppr\u00e4tt utan st\u00f6d och \u00e4r snygg ocks\u00e5 p\u00e5 vintern. B\u00e4ttre kan det knappast vara. H\u00f6jd 180\u2013200 cm. H\u00e4rdig.<\/p>\n<div id=\"attachment_10317\" style=\"width: 710px\" class=\"wp-caption alignnone\"><img loading=\"lazy\" decoding=\"async\" aria-describedby=\"caption-attachment-10317\" class=\"size-full wp-image-10317\" src=\"http:\/\/rosenholm.se\/wp-content\/uploads\/2016\/09\/D2X_2773.jpg\" alt=\"Temynt, Monarda 'Purple Ann\" width=\"700\" height=\"394\" srcset=\"https:\/\/rosenholm.se\/wp-content\/uploads\/2016\/09\/D2X_2773-350x197@2x.jpg 700w, https:\/\/rosenholm.se\/wp-content\/uploads\/2016\/09\/D2X_2773-350x197.jpg 350w, https:\/\/rosenholm.se\/wp-content\/uploads\/2016\/09\/D2X_2773-420x236.jpg 420w\" sizes=\"auto, (max-width: 700px) 100vw, 700px\" \/><p id=\"caption-attachment-10317\" class=\"wp-caption-text\">Temynta, Monarda &#8217;Purple Ann&#8217;<\/p><\/div>\n<p>Temyntor som sorten <em>Monarda<\/em> &#8217;Purple Ann&#8217; \u00e4r trevliga, ganska storv\u00e4xta perenner som ursprungligen kommer fr\u00e5n Nordamerika. De klarar sig bra utan omfattande sk\u00f6tsel om de f\u00e5r tillr\u00e4ckligt med vatten och n\u00e4ring p\u00e5 sommaren men framf\u00f6rallt st\u00e5r v\u00e4ldr\u00e4nerat p\u00e5 vintern. Doftar lite kryddigt, bladen kan anv\u00e4ndas till te. Vissa temyntor anses ha anv\u00e4nts av den amerikanska ursprungsbefolkningen till antiseptiska \u00e4ndam\u00e5l. Dess karakt\u00e4r med matta, rufsiga blommor g\u00f6r att de inte k\u00e4nns p\u00e5tr\u00e4ngande ens n\u00e4r f\u00e4rgerna \u00e4r starka. Blommar som b\u00e4st i juli och augusti och blir cirka 80 cm h\u00f6g. Sol\u2013halvskugga. Halvh\u00e4rdig. Det finns m\u00e5nga sorter att v\u00e4lja p\u00e5, till exempel &#8217;Blaustrumpf&#8217;, &#8217;Scorpion&#8217; eller den kraftfullt r\u00f6da \u2019Jacob Cline\u2019.<\/p>\n<div id=\"attachment_10316\" style=\"width: 360px\" class=\"wp-caption alignright\"><img loading=\"lazy\" decoding=\"async\" aria-describedby=\"caption-attachment-10316\" class=\"size-thumbnail wp-image-10316\" src=\"http:\/\/rosenholm.se\/wp-content\/uploads\/2016\/09\/D2X_2723-350x467.jpg\" alt=\"H\u00f6stflox, Phlox paniculata 'Rosa Pastell'\" width=\"350\" height=\"467\" srcset=\"https:\/\/rosenholm.se\/wp-content\/uploads\/2016\/09\/D2X_2723-350x467.jpg 350w, https:\/\/rosenholm.se\/wp-content\/uploads\/2016\/09\/D2X_2723-420x560.jpg 420w, https:\/\/rosenholm.se\/wp-content\/uploads\/2016\/09\/D2X_2723.jpg 525w\" sizes=\"auto, (max-width: 350px) 100vw, 350px\" \/><p id=\"caption-attachment-10316\" class=\"wp-caption-text\">H\u00f6stflox, Phlox paniculata &#8217;Rosa Pastell&#8217;<\/p><\/div>\n<p>Det \u00e4r f\u00e5 v\u00e4xter som kan blomma s\u00e5 intensivt som h\u00f6stflox, <em>Phlox paniculata<\/em>, hela plantan blir t\u00e4ckt av doftande blommor. Namnet st\u00e4mmer bara delvis, de blommar redan i juli men forts\u00e4tter l\u00e5ngt in p\u00e5 h\u00f6sten. En nackdel med h\u00f6stflox \u00e4r att de f\u00e5r mj\u00f6ldagg om de st\u00e5r torrt, men det verkar vara sortberoende. Placera dem d\u00e4r det \u00e4r naturligt fuktigt och finns skugga n\u00e4r solen \u00e4r som starkast p\u00e5 dagen. Som m\u00e5nga andra nya v\u00e5gen perenner har den sitt ursprung i Nordamerika. H\u00f6jd 90\u2013120 cm. H\u00e4rdig. P\u00e5 bilden syns sorten &#8217;Rosa Pastell&#8217;, med det finns m\u00e5nga andra att v\u00e4lja p\u00e5 liksom sorter av den n\u00e4rliggande arten prickflox, <em>Phlox maculata<\/em>.<\/p>\n<div id=\"attachment_10315\" style=\"width: 710px\" class=\"wp-caption alignnone\"><img loading=\"lazy\" decoding=\"async\" aria-describedby=\"caption-attachment-10315\" class=\"size-full wp-image-10315\" src=\"http:\/\/rosenholm.se\/wp-content\/uploads\/2016\/09\/D3R_0737.jpg\" alt=\"H\u00f6strudbeckia, Rudbeckia laciniata 'Juligold'\" width=\"700\" height=\"428\" srcset=\"https:\/\/rosenholm.se\/wp-content\/uploads\/2016\/09\/D3R_0737-350x214@2x.jpg 700w, https:\/\/rosenholm.se\/wp-content\/uploads\/2016\/09\/D3R_0737-350x214.jpg 350w, https:\/\/rosenholm.se\/wp-content\/uploads\/2016\/09\/D3R_0737-420x257.jpg 420w\" sizes=\"auto, (max-width: 700px) 100vw, 700px\" \/><p id=\"caption-attachment-10315\" class=\"wp-caption-text\">H\u00f6strudbeckia, Rudbeckia laciniata &#8217;Juligold&#8217;<\/p><\/div>\n<p>Elegant och magnifik p\u00e5 samma g\u00e5ng \u00e4r h\u00f6strudbeckia, <em>Rudbeckia laciniata<\/em> &#8217;Juligold&#8217;, med h\u00e4ngande kronblad. Trots att den kan bli mansh\u00f6g och har ett f\u00f6rfinat yttre st\u00e5r den stadigt uppr\u00e4tt, \u00e4ven efter en storm. \u00c4r graci\u00f6s och passar bra d\u00e4r man vill ha h\u00f6jd i rabatten utan att det blir kompakt. H\u00f6strudbeckia har sitt ursprung i Nordamerika. Blommar i juli\u2013augusti. Vill ha soligt men \u00e4r inte speciellt k\u00e4nslig f\u00f6r vilken jord den st\u00e5r i. H\u00f6jd 150\u2013180 cm. Halvh\u00e4rdig, kan troligen bara odlas upp till M\u00e4lardalen.<\/p>\n<h5><a title=\"Piet Oudolf\" href=\"http:\/\/rosenholm.se\/?page_id=10312\">Piet Oudolf<\/a><\/h5>\n","protected":false},"excerpt":{"rendered":"<p>Gillar du praktfulla rabatter med stora st\u00e5tliga perenner? Tycker du att ogr\u00e4srensning \u00e4r m\u00e5ttligt roligt? D\u00e5 kanske New Wave Planting, eller den nya perennv\u00e5gen som den kallas p\u00e5 svenska, \u00e4r&hellip; <\/p>\n","protected":false},"author":1,"featured_media":0,"parent":0,"menu_order":0,"comment_status":"closed","ping_status":"closed","template":"","meta":{"footnotes":""},"class_list":["post-10309","page","type-page","status-publish","hentry"],"_links":{"self":[{"href":"https:\/\/rosenholm.se\/index.php?rest_route=\/wp\/v2\/pages\/10309","targetHints":{"allow":["GET"]}}],"collection":[{"href":"https:\/\/rosenholm.se\/index.php?rest_route=\/wp\/v2\/pages"}],"about":[{"href":"https:\/\/rosenholm.se\/index.php?rest_route=\/wp\/v2\/types\/page"}],"author":[{"embeddable":true,"href":"https:\/\/rosenholm.se\/index.php?rest_route=\/wp\/v2\/users\/1"}],"replies":[{"embeddable":true,"href":"https:\/\/rosenholm.se\/index.php?rest_route=%2Fwp%2Fv2%2Fcomments&post=10309"}],"version-history":[{"count":23,"href":"https:\/\/rosenholm.se\/index.php?rest_route=\/wp\/v2\/pages\/10309\/revisions"}],"predecessor-version":[{"id":11342,"href":"https:\/\/rosenholm.se\/index.php?rest_route=\/wp\/v2\/pages\/10309\/revisions\/11342"}],"wp:attachment":[{"href":"https:\/\/rosenholm.se\/index.php?rest_route=%2Fwp%2Fv2%2Fmedia&parent=10309"}],"curies":[{"name":"wp","href":"https:\/\/api.w.org\/{rel}","templated":true}]}}