{"id":10182,"date":"2016-09-24T14:28:07","date_gmt":"2016-09-24T12:28:07","guid":{"rendered":"http:\/\/rosenholm.se\/?page_id=10182"},"modified":"2016-09-24T15:09:01","modified_gmt":"2016-09-24T13:09:01","slug":"naturnara","status":"publish","type":"page","link":"https:\/\/rosenholm.se\/?page_id=10182","title":{"rendered":"NATURN\u00c4RA"},"content":{"rendered":"<p>Tr\u00e4dg\u00e5rd \u00e4r egentligen inget annat \u00e4n en bit natur vi l\u00e5nat och omformat enligt egen \u00f6nskan. Om vi vill kan vi designa den i str\u00e4ngt r\u00e4ta linjer med klippta h\u00e4ckar och g\u00e5ngar i sten och grus. Kanske vi ist\u00e4llet vill ha rabatter som fl\u00f6dar av f\u00e4rger och blommor, eller h\u00f6ga gr\u00e4s och st\u00e5tliga perenner. Men det finns fler s\u00e4tt \u00e4n s\u00e5. Vi kan ocks\u00e5 utforma tr\u00e4dg\u00e5rden med tanke p\u00e5 dess eget ursprung, s\u00e5 att den liknar naturen. Kanske vill man ta vara p\u00e5 skogsk\u00e4nslan hemma p\u00e5 tomten. D\u00e5 ska man g\u00f6ra s\u00e5 lite som m\u00f6jligt, vara noggrann med att bevara befintlig markvegetation och ge bort motors\u00e5gen oanv\u00e4nd till n\u00e5gon b\u00e4ttre beh\u00f6vande.<\/p>\n<p>En naturn\u00e4ra stil \u00e4r tr\u00e4dg\u00e5rdslunden. I en s\u00e5dan planterar man v\u00e4xter som trivs i skuggan eller halvskuggan under tr\u00e4d och buskar. M\u00e5nga lundv\u00e4xter kommer snabbt som \u00f6gat upp p\u00e5 v\u00e5ren, blommar och hinner m\u00e4tta sitt ljusbehov innan tr\u00e4den ens blivit fullt l\u00f6vade. Andra v\u00e4xter som blommar senare vill hellre v\u00e4xa mer \u00f6ppet i det som kallas vandrande skugga och ytterligare n\u00e5gra vill ha sol och trivs i gr\u00e4s och \u00e4ngsliknande mark.<\/p>\n<div id=\"attachment_10189\" style=\"width: 710px\" class=\"wp-caption alignnone\"><img loading=\"lazy\" decoding=\"async\" aria-describedby=\"caption-attachment-10189\" class=\"size-large wp-image-10189\" src=\"http:\/\/rosenholm.se\/wp-content\/uploads\/2016\/09\/D3R_0844-700x428.jpg\" alt=\"Den naturn\u00e4ra tr\u00e4dg\u00e5rden i Klaas och Bodil van der Geests tolkning\" width=\"700\" height=\"428\" srcset=\"https:\/\/rosenholm.se\/wp-content\/uploads\/2016\/09\/D3R_0844-350x214@2x.jpg 700w, https:\/\/rosenholm.se\/wp-content\/uploads\/2016\/09\/D3R_0844-350x214.jpg 350w, https:\/\/rosenholm.se\/wp-content\/uploads\/2016\/09\/D3R_0844-420x257.jpg 420w\" sizes=\"auto, (max-width: 700px) 100vw, 700px\" \/><p id=\"caption-attachment-10189\" class=\"wp-caption-text\">Den naturn\u00e4ra tr\u00e4dg\u00e5rden i <a title=\"Tre tr\u00e4dg\u00e5rdar \u2013 efter pensionen\" href=\"http:\/\/rosenholm.se\/?page_id=4807\">Klaas och Bodil van der Geest<\/a>s tappning<\/p><\/div>\n<p>En naturn\u00e4ra tr\u00e4dg\u00e5rd skapar man inte, man bevarar och utvecklar det som redan finns p\u00e5 tomten och i omgivningen. Det g\u00e4ller fr\u00e5n h\u00f6gsta tr\u00e4d till l\u00e4gsta markt\u00e4ckare. Det g\u00e5r varken att \u00e5terskapa en st\u00e5tlig tall eller ett best\u00e5nd av bl\u00e5b\u00e4rsris n\u00e4r de v\u00e4l \u00e4r borta. Underh\u00e5llet blir ocks\u00e5 mindre, gr\u00e4smattor beh\u00f6ver inte klippas lika perfekt, ogr\u00e4srensningen inte vara nitisk.<\/p>\n<p>Hela tomten beh\u00f6ver inte vara naturn\u00e4ra. Invid huset passar en formell stil ofta b\u00e4ttre, d\u00e5 kan man l\u00e5ta den konventionella tr\u00e4dg\u00e5rden gradvis \u00f6verg\u00e5 i omgivande naturmark. Det \u00e4r ett gammalt knep som finns i svensk tradition, s\u00e5v\u00e4l som i \u00f6vriga Europa och i Ostasien. Den som \u00e4r s\u00e5 lyckligt lottad att bo direkt mot skog eller \u00e4ng kan skapa en gradvis \u00f6verg\u00e5ng s\u00e5 att det knappt m\u00e4rks var tomten b\u00f6rjar eller slutar. Sl\u00e4pp ocks\u00e5 in vackra utsikter men skapa sp\u00e4nning genom att rama in dem med buskage eller h\u00e4ckar.<\/p>\n<p>Att blanda befintliga v\u00e4xter med s\u00e5dana som finns att k\u00f6pa beh\u00f6ver man inte vara r\u00e4dd f\u00f6r. Det finns m\u00e4ngder av sorter och tr\u00e4dg\u00e5rdshybrider fr\u00e5n alla jordens h\u00f6rn som passar. Men v\u00e4xtf\u00f6rh\u00e5llandena m\u00e5ste vara de r\u00e4tta. N\u00e4ringsrik jord kan vara en sv\u00e5righet. \u00c4r tomten fr\u00e5n b\u00f6rjan anlagd med matjord fr\u00e5n \u00e5krar eller om den g\u00f6dslats regelbundet \u00e5r \u00e4r det sv\u00e5rt f\u00f6r m\u00e5nga vilda v\u00e4xter att klara sig i konkurrensen.<\/p>\n<p>En naturn\u00e4ra tr\u00e4dg\u00e5rd beh\u00f6ver tid. Sj\u00e4lv beh\u00f6ver man tid att k\u00e4nna in omgivningen och hitta v\u00e4xter som passar in. Det beh\u00f6vs tid f\u00f6r nya plantor att etablera sig i oftast n\u00e4ringsfattig mark. \u00c5 den andra sidan beh\u00f6ver man inte l\u00e4gga ner lika mycket arbete som i en konventionell tr\u00e4dg\u00e5rd.<\/p>\n<div id=\"attachment_10193\" style=\"width: 360px\" class=\"wp-caption alignright\"><img loading=\"lazy\" decoding=\"async\" aria-describedby=\"caption-attachment-10193\" class=\"size-thumbnail wp-image-10193\" src=\"http:\/\/rosenholm.se\/wp-content\/uploads\/2016\/09\/D3X_4984-350x434.jpg\" alt=\"Bergbambu, Fargesia murielae, Maud Persson i H\u00e4lsingland\" width=\"350\" height=\"434\" srcset=\"https:\/\/rosenholm.se\/wp-content\/uploads\/2016\/09\/D3X_4984-350x434.jpg 350w, https:\/\/rosenholm.se\/wp-content\/uploads\/2016\/09\/D3X_4984-420x520.jpg 420w, https:\/\/rosenholm.se\/wp-content\/uploads\/2016\/09\/D3X_4984.jpg 565w\" sizes=\"auto, (max-width: 350px) 100vw, 350px\" \/><p id=\"caption-attachment-10193\" class=\"wp-caption-text\">Bergbambu, Fargesia murielae, <a title=\"Dr\u00f6mtr\u00e4dg\u00e5rd mellan hav och tallskog\" href=\"http:\/\/rosenholm.se\/?page_id=6983\">Maud Persson i H\u00e4lsingland<\/a><\/p><\/div>\n<p>Hur konstigt det \u00e4n m\u00e5 l\u00e5ta passar bergbambu, <em>Fargesia murielae<\/em>, som hand i handske i den svenska naturen. Det \u00e4r ett storvuxet, vintergr\u00f6nt gr\u00e4s fr\u00e5n centrala Kinas bergstrakter. Uppt\u00e4cktes av oss\u00a0europ\u00e9er i b\u00f6rjan p\u00e5 1900-talet, f\u00f6r\u00f6kades och spreds fr\u00e5n\u00a0Kew Gardens i London. Innan senaste millennieskiftet b\u00f6rjade alla blomma ungef\u00e4r samtidigt f\u00f6r att sedan fr\u00f6a av sig och d\u00f6 p\u00e5 bambus egna lilla vis. Resultatet blev en ny generation med sortnamn som &#8217;Hareskov&#8217;, &#8217;Jumbo&#8217; och &#8217;Simba&#8217;, h\u00e4rdiga till zon 3. Blir 1,5\u20134 meter h\u00f6ga beroende p\u00e5 sort och vill st\u00e5 i fuktig, n\u00e4ringsrik och v\u00e4ldr\u00e4nerad jord i halvskugga. Bild fr\u00e5n <a title=\"Dr\u00f6mtr\u00e4dg\u00e5rd mellan hav och tallskog\" href=\"http:\/\/rosenholm.se\/?page_id=6983\">Maud Perssons skogsn\u00e4ra tr\u00e4dg\u00e5rd<\/a> i H\u00e4lsingland.<\/p>\n<div id=\"attachment_10199\" style=\"width: 710px\" class=\"wp-caption alignnone\"><img loading=\"lazy\" decoding=\"async\" aria-describedby=\"caption-attachment-10199\" class=\"size-large wp-image-10199\" src=\"http:\/\/rosenholm.se\/wp-content\/uploads\/2016\/09\/D3R_2878-700x509.jpg\" alt=\"Rododendron och azaleor \u2013 Karin Wilhelmsson i Vidja\" width=\"700\" height=\"509\" srcset=\"https:\/\/rosenholm.se\/wp-content\/uploads\/2016\/09\/D3R_2878-350x255@2x.jpg 700w, https:\/\/rosenholm.se\/wp-content\/uploads\/2016\/09\/D3R_2878-350x255.jpg 350w, https:\/\/rosenholm.se\/wp-content\/uploads\/2016\/09\/D3R_2878-420x305.jpg 420w\" sizes=\"auto, (max-width: 700px) 100vw, 700px\" \/><p id=\"caption-attachment-10199\" class=\"wp-caption-text\">Rododendron och azaleor \u2013 <a title=\"Ymnig blomning p\u00e5 det karga berget\" href=\"http:\/\/rosenholm.se\/?page_id=6806\">Karin Wilhelmsson i Vidja<\/a><\/p><\/div>\n<p>Rododendron och azaleor passar n\u00e4stan perfekt i skogsbrynet, kanske med undantag av en del hybrider med skr\u00e4lliga f\u00e4rger. Om man befinner sig i den s\u00f6dra delen av Sverige, ungef\u00e4r upp till M\u00e4lardalen, har de dessutom en alldeles otrolig f\u00f6rm\u00e5ga att fr\u00f6a av och sprida sig \u2013 p\u00e5 <a title=\"Ymnig blomning p\u00e5 det karga berget\" href=\"http:\/\/rosenholm.se\/?page_id=6806\">Karin Wilhelmssons tomt i Vidja<\/a> s\u00f6der om Stockholm till den grad att hon m\u00e5ste gallra bland alla sm\u00e5plantor. Azaleor tillh\u00f6r de mer t\u00e5liga, de flesta sorter fungerar l\u00e5ngt upp i Sverige. Inte f\u00f6r skuggigt och inte f\u00f6r soligt vill de ha. Vill du d\u00e4remot placera vintergr\u00f6na rododendron i skogskanten v\u00e4lj d\u00e5 bland de mer o\u00f6mma, till exempel parkrododendron (<em>Catawbiense<\/em>-gruppen) eller om man bor l\u00e5ngt norrut mustilarododendron (<em>Brachycarpum<\/em>-gruppen).<\/p>\n<div id=\"attachment_10198\" style=\"width: 360px\" class=\"wp-caption alignright\"><img loading=\"lazy\" decoding=\"async\" aria-describedby=\"caption-attachment-10198\" class=\"size-thumbnail wp-image-10198\" src=\"http:\/\/rosenholm.se\/wp-content\/uploads\/2016\/09\/D2X_3408-350x467.jpg\" alt=\"Fingerborgsblomma, Digitalis purpurea,\" width=\"350\" height=\"467\" srcset=\"https:\/\/rosenholm.se\/wp-content\/uploads\/2016\/09\/D2X_3408-350x467.jpg 350w, https:\/\/rosenholm.se\/wp-content\/uploads\/2016\/09\/D2X_3408-420x560.jpg 420w, https:\/\/rosenholm.se\/wp-content\/uploads\/2016\/09\/D2X_3408.jpg 525w\" sizes=\"auto, (max-width: 350px) 100vw, 350px\" \/><p id=\"caption-attachment-10198\" class=\"wp-caption-text\">Fingerborgsblomma, Digitalis purpurea<\/p><\/div>\n<p>Fingerborgsblomma, <em>Digitalis purpurea<\/em>, \u00e4r ett h\u00f6gst passande namn om man tittar p\u00e5 de enskilda blommornas form. Det \u00e4r en tv\u00e5\u00e5ring som fr\u00f6ar av sig d\u00e4r den k\u00e4nner f\u00f6r det, det \u00e4r en del av charmen. Finns naturligt f\u00f6rekommande i Bohusl\u00e4n och l\u00e5ngt upp \u00f6ver den norska kusten och Vestlandet, ibland kan den finnas f\u00f6rvildad \u00e4ven i andra delar av Norden. Fingerborgsblomman inneh\u00e5ller giftet glyksoid som anv\u00e4nds mot hj\u00e4rtbesv\u00e4r, men \u00e4r direkt livshotande om det inte intas under kontrollerade former. Blir 1,2\u20131,8 meter h\u00f6g. H\u00e4rdig och klarar sig en bit upp efter Norrlandskusten.<\/p>\n<div id=\"attachment_10196\" style=\"width: 710px\" class=\"wp-caption alignnone\"><img loading=\"lazy\" decoding=\"async\" aria-describedby=\"caption-attachment-10196\" class=\"size-large wp-image-10196\" src=\"http:\/\/rosenholm.se\/wp-content\/uploads\/2016\/09\/D2X_4348-700x428.jpg\" alt=\"Kungs\u00e4ngslilja, Fritillaria meleagris\" width=\"700\" height=\"428\" srcset=\"https:\/\/rosenholm.se\/wp-content\/uploads\/2016\/09\/D2X_4348-350x214@2x.jpg 700w, https:\/\/rosenholm.se\/wp-content\/uploads\/2016\/09\/D2X_4348-350x214.jpg 350w, https:\/\/rosenholm.se\/wp-content\/uploads\/2016\/09\/D2X_4348-420x257.jpg 420w\" sizes=\"auto, (max-width: 700px) 100vw, 700px\" \/><p id=\"caption-attachment-10196\" class=\"wp-caption-text\">Kungs\u00e4ngslilja, Fritillaria meleagris<\/p><\/div>\n<p>Kungs\u00e4ngslilja, <em>Fritillaria meleagris<\/em>, visst l\u00e5ter det v\u00e4ldigt svenskt. Men det \u00e4r den inte. Den kom till Sverige fr\u00e5n \u00d6steuropa f\u00f6r n\u00e5gra hundra \u00e5r sedan, troligen p\u00e5 1600-talet, tack vare Olof Rudbeck den \u00e4ldre som tog med n\u00e5gra fr\u00e5n Holland och planterade i Uppsala botaniska tr\u00e4dg\u00e5rd. I \u00e4ngsliknande gr\u00e4smattor passar kungs\u00e4ngsliljor som allra b\u00e4st. De vissnar ner snabbt ner efter blomning s\u00e5 att man kan klippa gr\u00e4set, praktiskt. Gillar lite fuktig mark, men helst \u00e4nd\u00e5 v\u00e4ldr\u00e4nerad och inte allt f\u00f6r n\u00e4ringsrik. Blommar i april\u2013maj och ogillas av r\u00e5djur och gnagare. H\u00e4rdig.<\/p>\n<div id=\"attachment_10194\" style=\"width: 360px\" class=\"wp-caption alignright\"><img loading=\"lazy\" decoding=\"async\" aria-describedby=\"caption-attachment-10194\" class=\"size-thumbnail wp-image-10194\" src=\"http:\/\/rosenholm.se\/wp-content\/uploads\/2016\/09\/DSC_2037-350x467.jpg\" alt=\"Krollilja, Lilium martagon\" width=\"350\" height=\"467\" srcset=\"https:\/\/rosenholm.se\/wp-content\/uploads\/2016\/09\/DSC_2037-350x467.jpg 350w, https:\/\/rosenholm.se\/wp-content\/uploads\/2016\/09\/DSC_2037-420x560.jpg 420w, https:\/\/rosenholm.se\/wp-content\/uploads\/2016\/09\/DSC_2037.jpg 525w\" sizes=\"auto, (max-width: 350px) 100vw, 350px\" \/><p id=\"caption-attachment-10194\" class=\"wp-caption-text\">Krollilja, Lilium martagon<\/p><\/div>\n<p>Att krollilja, <em>Lilium martagon<\/em> har f\u00e5tt sitt namn fr\u00e5n formen p\u00e5 blommorna \u00e4r inte allt f\u00f6r sv\u00e5rt att gissa. \u00c4ven det vetenskapliga namnet \u00e4r talande, ordet martagon h\u00e4rstammar fr\u00e5n turkiska och betyder turban. Krolliljan ser ut som om den kommit direkt ur en saga och tycks kunna \u00f6verleva hur l\u00e4nge som helst \u00e4ven l\u00e5ngt upp i Sverige. Den sprider sig villigt med fr\u00f6n, beh\u00f6ver n\u00e5gra \u00e5r f\u00f6r att utvecklas till blomning men sl\u00e5r d\u00e5 ist\u00e4llet ofta till med flera nya exemplar samtidigt. Den \u00e4r l\u00e4ttodlad men f\u00f6redrar n\u00e4ringsrik och humusrik jord och att st\u00e5 i halvskugga. Blir ungef\u00e4r en meter h\u00f6g, ibland n\u00e5got h\u00f6gre. Mycket h\u00e4rdig och sprider sig sj\u00e4lv \u00e4ven i Norrlands inland.<\/p>\n<div id=\"attachment_10197\" style=\"width: 710px\" class=\"wp-caption alignnone\"><img loading=\"lazy\" decoding=\"async\" aria-describedby=\"caption-attachment-10197\" class=\"size-large wp-image-10197\" src=\"http:\/\/rosenholm.se\/wp-content\/uploads\/2016\/09\/D2X_3536-700x428.jpg\" alt=\"Hundtandslilja, Erythronium dens-canis\" width=\"700\" height=\"428\" srcset=\"https:\/\/rosenholm.se\/wp-content\/uploads\/2016\/09\/D2X_3536-350x214@2x.jpg 700w, https:\/\/rosenholm.se\/wp-content\/uploads\/2016\/09\/D2X_3536-350x214.jpg 350w, https:\/\/rosenholm.se\/wp-content\/uploads\/2016\/09\/D2X_3536-420x257.jpg 420w\" sizes=\"auto, (max-width: 700px) 100vw, 700px\" \/><p id=\"caption-attachment-10197\" class=\"wp-caption-text\">Hundtandslilja, Erythronium dens-canis<\/p><\/div>\n<p>S\u00f6tast t\u00e4nkbara liljev\u00e4xt \u00e4r hundtandslilja, <em>Erythronium dens-canis<\/em>. Trots sitt utseende \u00e4r ursprunget inte alls speciellt exotiskt, den kommer fr\u00e5n centrala och s\u00f6dra Europas bergstrakter. Det \u00e4r en typisk lundv\u00e4xt som g\u00e4rna v\u00e4xer i mullrik jord som undervegetation till glesa buskar eller sm\u00e5 tr\u00e4d i halvskugga. Den vill ha god tillg\u00e5ng p\u00e5 n\u00e4ring och vatten under v\u00e5ren, men ist\u00e4llet ganska torrt p\u00e5 sommaren. Passar bra i v\u00e4ldr\u00e4nerade backar. Blommar i april\u2013maj, blir runt 10\u201315 cm h\u00f6g. H\u00e4rdig, men tillh\u00f6r inte de allra mest t\u00e5liga v\u00e4xterna. Hundtandslilja finns i m\u00e5nga namnsorter med olika f\u00e4rger.<\/p>\n<div id=\"attachment_10195\" style=\"width: 360px\" class=\"wp-caption alignright\"><img loading=\"lazy\" decoding=\"async\" aria-describedby=\"caption-attachment-10195\" class=\"size-thumbnail wp-image-10195\" src=\"http:\/\/rosenholm.se\/wp-content\/uploads\/2016\/09\/D2X_8152-350x419.jpg\" alt=\"Lunddocka, Glaucidium palmatum \u2019Album\u2019\" width=\"350\" height=\"419\" srcset=\"https:\/\/rosenholm.se\/wp-content\/uploads\/2016\/09\/D2X_8152-350x419.jpg 350w, https:\/\/rosenholm.se\/wp-content\/uploads\/2016\/09\/D2X_8152-420x503.jpg 420w, https:\/\/rosenholm.se\/wp-content\/uploads\/2016\/09\/D2X_8152.jpg 585w\" sizes=\"auto, (max-width: 350px) 100vw, 350px\" \/><p id=\"caption-attachment-10195\" class=\"wp-caption-text\">Lunddocka, Glaucidium palmatum \u2019Album\u2019<\/p><\/div>\n<p><em>Glaucidium palmatum<\/em> \u2019Album\u2019, \u00e4r en liten juvel som trivs i skogsbrynet d\u00e4r det \u00e4r svalt och skuggigt med fuktig och l\u00f6vrik jord. Bladen \u00e4r l\u00f6nnlika, den kallas ibland ocks\u00e5 b\u00e4garl\u00f6nn. V\u00e4xer l\u00e5ngsamt men blir med \u00e5ren en ganska omfattande planta. Kommer ursprungligen fr\u00e5n lund och skogsmilj\u00f6er i Japan, finns bland annat p\u00e5 nord\u00f6n Hokkaido. Vill st\u00e5 halvskuggigt eller skuggigt och f\u00e5r inte torka ut helt. Blommar i maj under ganska l\u00e5ng tid, tre veckor eller s\u00e5. Blir 40\u201350 cm h\u00f6g. H\u00e4rdig. Finns att f\u00e5 tag i som ren art och i ett begr\u00e4nsat antal sorter, den vanligaste f\u00e4rgen \u00e4r ljuvt violett.<\/p>\n<div id=\"attachment_10206\" style=\"width: 710px\" class=\"wp-caption alignnone\"><img loading=\"lazy\" decoding=\"async\" aria-describedby=\"caption-attachment-10206\" class=\"size-large wp-image-10206\" src=\"http:\/\/rosenholm.se\/wp-content\/uploads\/2016\/09\/D2X_5609-700x428.jpg\" alt=\"Julros, Helleborus \u00d7 hybridus 'Picotee'\" width=\"700\" height=\"428\" srcset=\"https:\/\/rosenholm.se\/wp-content\/uploads\/2016\/09\/D2X_5609-350x214@2x.jpg 700w, https:\/\/rosenholm.se\/wp-content\/uploads\/2016\/09\/D2X_5609-350x214.jpg 350w, https:\/\/rosenholm.se\/wp-content\/uploads\/2016\/09\/D2X_5609-420x257.jpg 420w\" sizes=\"auto, (max-width: 700px) 100vw, 700px\" \/><p id=\"caption-attachment-10206\" class=\"wp-caption-text\">Julros, Helleborus \u00d7 hybridus &#8217;Picotee&#8217;<\/p><\/div>\n<p>Vad namnet julros kommer ifr\u00e5n \u00e4r ganska uppenbart, att de skulle blomma vid jul. Nu \u00e4r det inte helt korrekt, de flesta julrosor blommar p\u00e5 v\u00e5ren, ungef\u00e4r samtidigt som p\u00e5skliljor. De har knappast uppseendev\u00e4ckande blommor, m\u00e5nga har en dragning mot gr\u00f6nt och brunt. Trots det \u00e4r de bland de l\u00e4ckraste v\u00e4xter man kan ha i sin tr\u00e4dg\u00e5rd. Placera dem g\u00e4rna under buskage, inte allt f\u00f6r m\u00f6rkt. Tyv\u00e4rr klarar sig de flesta bara i den sydligaste delen av landet. Det finns massor av hybrider, en del med namn andra inte. P\u00e5 bilden den sk\u00f6na <em>Helleborus<\/em> \u00d7 <em>hybridus<\/em> &#8217;Picotee&#8217;. Gillar n\u00e4ringsrik jord, g\u00e4rna i l\u00f6vmassan under ett tr\u00e4d. H\u00f6jd 30\u201340 cm. Halvh\u00e4rdig.<\/p>\n<div id=\"attachment_10208\" style=\"width: 360px\" class=\"wp-caption alignright\"><img loading=\"lazy\" decoding=\"async\" aria-describedby=\"caption-attachment-10208\" class=\"size-thumbnail wp-image-10208\" src=\"http:\/\/rosenholm.se\/wp-content\/uploads\/2016\/09\/D2X_8289-350x467.jpg\" alt=\"Indiskt fotblad, Podophyllum hexandrum 'Majus'\" width=\"350\" height=\"467\" srcset=\"https:\/\/rosenholm.se\/wp-content\/uploads\/2016\/09\/D2X_8289-350x467.jpg 350w, https:\/\/rosenholm.se\/wp-content\/uploads\/2016\/09\/D2X_8289-420x560.jpg 420w, https:\/\/rosenholm.se\/wp-content\/uploads\/2016\/09\/D2X_8289.jpg 525w\" sizes=\"auto, (max-width: 350px) 100vw, 350px\" \/><p id=\"caption-attachment-10208\" class=\"wp-caption-text\">Indiskt fotblad, Podophyllum hexandrum &#8217;Majus&#8217;<\/p><\/div>\n<p>En v\u00e4xt att fascineras \u00f6ver \u00e4r det indiska fotbladet, <em>Podophyllum hexandrum<\/em> &#8217;Majus&#8217;. P\u00e5 v\u00e5ren sticker den upp sina l\u00e5ngskaftade, flikiga och ganska stora, m\u00f6rkt purpurf\u00e4rgade blad som vecklar ut sig likt fj\u00e4rilar som l\u00e4mnar sina kokonger. I toppen kommer en enstaka blekrosa, s\u00f6t blomma som ser ut att ha hamnat fel. Bladen breder ut sig, blir ett par decimeter stora och \u00e4r sedan dekorativa hela sommaren. P\u00e5 h\u00f6sten bildas oranger\u00f6da ganska stora frukter. Man f\u00f6rv\u00e5nas \u00f6ver att n\u00e5got s\u00e5 annorlunda kan v\u00e4xa i v\u00e5rt klimat, den kommer fr\u00e5n Himalayas l\u00e4gre omr\u00e5den som det svenska namnet m\u00f6jligen antyder. Blommar i maj\u2013juni. H\u00f6jd cirka 50 cm. Halvskugga\u2013skugga i fuktighetsh\u00e5llande, mullrik jord. H\u00e4rdig, men gillar knappast st\u00e5ende fukt.<\/p>\n<div id=\"attachment_10210\" style=\"width: 710px\" class=\"wp-caption alignnone\"><img loading=\"lazy\" decoding=\"async\" aria-describedby=\"caption-attachment-10210\" class=\"size-large wp-image-10210\" src=\"http:\/\/rosenholm.se\/wp-content\/uploads\/2016\/09\/D2X_4807-700x428.jpg\" alt=\"Taiwanskugglilja, Tricyrtis formosana\" width=\"700\" height=\"428\" srcset=\"https:\/\/rosenholm.se\/wp-content\/uploads\/2016\/09\/D2X_4807-350x214@2x.jpg 700w, https:\/\/rosenholm.se\/wp-content\/uploads\/2016\/09\/D2X_4807-350x214.jpg 350w, https:\/\/rosenholm.se\/wp-content\/uploads\/2016\/09\/D2X_4807-420x257.jpg 420w\" sizes=\"auto, (max-width: 700px) 100vw, 700px\" \/><p id=\"caption-attachment-10210\" class=\"wp-caption-text\">Taiwanskugglilja, Tricyrtis formosana<\/p><\/div>\n<p>Till de mest exotiska v\u00e4xter vi kan ha i Sverige h\u00f6r taiwanskugglilja, <em>Tricyrtis formosan<\/em>a. Blommorna har en riktig orkid\u00e9k\u00e4nsla, speciellt n\u00e4r man g\u00f6r sig omaket att g\u00e5 ner p\u00e5 kn\u00e4 och studera dem p\u00e5 lite n\u00e4rmare h\u00e5ll. Ursprunget \u00e4r som namnen antyder \u00f6stra Asien d\u00e4r den v\u00e4xer i bergstrakter. N\u00e5gon ny v\u00e4xt i Sverige \u00e4r den inte alls utan kan ha f\u00f6rekommit h\u00e4r sedan 1860-talet, men i privattr\u00e4dg\u00e5rdar \u00e4r den \u00e4nd\u00e5 inte vanlig, hoppas den blir det nu. Finns i m\u00e5nga sorter. Fungerar utm\u00e4rkt som snittblomma. Blommar i september\u2013oktober och blir 40\u201360 cm h\u00f6g. Halvh\u00e4rdig, f\u00f6redrar halvskugga eller skugga och f\u00e5r inte torka ut.<\/p>\n<div id=\"attachment_10213\" style=\"width: 360px\" class=\"wp-caption alignright\"><img loading=\"lazy\" decoding=\"async\" aria-describedby=\"caption-attachment-10213\" class=\"size-thumbnail wp-image-10213\" src=\"http:\/\/rosenholm.se\/wp-content\/uploads\/2016\/09\/D2X_4986-350x435.jpg\" alt=\"Gullviva, Primula veris\" width=\"350\" height=\"435\" srcset=\"https:\/\/rosenholm.se\/wp-content\/uploads\/2016\/09\/D2X_4986-350x435.jpg 350w, https:\/\/rosenholm.se\/wp-content\/uploads\/2016\/09\/D2X_4986-420x522.jpg 420w, https:\/\/rosenholm.se\/wp-content\/uploads\/2016\/09\/D2X_4986.jpg 563w\" sizes=\"auto, (max-width: 350px) 100vw, 350px\" \/><p id=\"caption-attachment-10213\" class=\"wp-caption-text\">Gullviva, Primula veris<\/p><\/div>\n<p>Underskatta inte det som \u00e4r vanligt. Vivor finns det m\u00e5nga att v\u00e4lja bland, gullviva, <em>Primula veris<\/em>, tr\u00e4dg\u00e5rdsviva <em>Primula<\/em> \u00d7 <em>polyantha<\/em> och lundviva, <em>Primula elatior<\/em>. Kan man inte skilja mellan dem ska man inte bekymra sig. Naturen sj\u00e4lv har lite sv\u00e5rt f\u00f6r det s\u00e5 de hybridiserar sig hej vilt med varandra till nya varianter. B\u00e4st verkar de m\u00e5 halvvilda i en inte alltf\u00f6r v\u00e4lsk\u00f6tt gr\u00e4smatta. De sprider sig g\u00e4rna i nya f\u00e4rger och storlekar s\u00e5 l\u00e4nge man undviker att sl\u00e5 dem med gr\u00e4sklipparen innan de fr\u00f6at av sig. Blommar i april\u2013maj. Trivs i vanlig, n\u00e5got mager jord och blir 10\u201320 cm h\u00f6ga. Kan klassas som h\u00e4rdig, en del klarar sig en bit upp i Norrlands inland medan andra \u00e4r mer k\u00e4nsliga.<\/p>\n<div id=\"attachment_10212\" style=\"width: 710px\" class=\"wp-caption alignnone\"><img loading=\"lazy\" decoding=\"async\" aria-describedby=\"caption-attachment-10212\" class=\"size-full wp-image-10212\" src=\"http:\/\/rosenholm.se\/wp-content\/uploads\/2016\/09\/D2X_8133.jpg\" alt=\"Vipprams, Maianthemum racemosum\" width=\"700\" height=\"428\" srcset=\"https:\/\/rosenholm.se\/wp-content\/uploads\/2016\/09\/D2X_8133-350x214@2x.jpg 700w, https:\/\/rosenholm.se\/wp-content\/uploads\/2016\/09\/D2X_8133-350x214.jpg 350w, https:\/\/rosenholm.se\/wp-content\/uploads\/2016\/09\/D2X_8133-420x257.jpg 420w\" sizes=\"auto, (max-width: 700px) 100vw, 700px\" \/><p id=\"caption-attachment-10212\" class=\"wp-caption-text\">Vipprams, Maianthemum racemosum<\/p><\/div>\n<p>En inte allt f\u00f6r vanlig perenn som dock passar som hand i handske p\u00e5 en naturlik tomt \u00e4r vipprams, <em>Maianthemum racemosum<\/em>. Kommer fr\u00e5n Nordamerikas kustomr\u00e5den upp till en par tusen meters h\u00f6jd, finns b\u00e5de p\u00e5 kontinentens v\u00e4stra och \u00f6stra sidor. I maj\u2013juni f\u00e5r den doftande vita blommor, lite gula i toppen. N\u00e4r den blommat ut pryder bladverket v\u00e4l sin plats, i juli f\u00e5r den r\u00f6da b\u00e4r och fram\u00e5t h\u00f6sten blir bladen tjusigt sm\u00f6rgula. Ska st\u00e5 fuktigt i mullrik jord. Gillar halvskugga men t\u00e5l ganska mycket sol och ganska mycket skugga, minsann b\u00e5de l\u00e4ttsamt och praktiskt. Blir 60\u201390 cm h\u00f6g. H\u00e4rdig.<\/p>\n<div id=\"attachment_10219\" style=\"width: 360px\" class=\"wp-caption alignright\"><img loading=\"lazy\" decoding=\"async\" aria-describedby=\"caption-attachment-10219\" class=\"size-thumbnail wp-image-10219\" src=\"http:\/\/rosenholm.se\/wp-content\/uploads\/2016\/09\/D2X_5841-350x432.jpg\" alt=\"Guldrams, Uvularia grandiflora\" width=\"350\" height=\"432\" srcset=\"https:\/\/rosenholm.se\/wp-content\/uploads\/2016\/09\/D2X_5841-350x432.jpg 350w, https:\/\/rosenholm.se\/wp-content\/uploads\/2016\/09\/D2X_5841-420x519.jpg 420w, https:\/\/rosenholm.se\/wp-content\/uploads\/2016\/09\/D2X_5841.jpg 567w\" sizes=\"auto, (max-width: 350px) 100vw, 350px\" \/><p id=\"caption-attachment-10219\" class=\"wp-caption-text\">Guldrams, Uvularia grandiflora<\/p><\/div>\n<p>Numera kallas den guldrams f\u00f6rr kallades den sorgklocka. Det \u00e4r nog bra att <em>Uvularia grandiflora<\/em> f\u00e5tt sig ett nytt namn, eller hur, med tanke p\u00e5 hur gullig den \u00e4r. Kommer fr\u00e5n \u00f6stra Nordamerika och finns d\u00e4r fr\u00e5n Louisiana i den amerikanska s\u00f6dern till det franskkanadensiska Quebec i norr, vilket s\u00e4ger en del om anpassningsf\u00f6rm\u00e5gan. Blommar normalt i maj men beh\u00e5ller ett vackert bladverk ocks\u00e5 resten av s\u00e4songen. H\u00f6jd 30\u201350 cm. Gillar att st\u00e5 i halvskugga under tr\u00e4d och buskar i kanten av en lund, helst i mullhaltig jord. H\u00e4rdig.<\/p>\n<div id=\"attachment_10218\" style=\"width: 710px\" class=\"wp-caption alignnone\"><img loading=\"lazy\" decoding=\"async\" aria-describedby=\"caption-attachment-10218\" class=\"size-large wp-image-10218\" src=\"http:\/\/rosenholm.se\/wp-content\/uploads\/2016\/09\/D3R_2216-700x428.jpg\" alt=\"Kaprifol, Lonicera caprifolium\" width=\"700\" height=\"428\" srcset=\"https:\/\/rosenholm.se\/wp-content\/uploads\/2016\/09\/D3R_2216-350x214@2x.jpg 700w, https:\/\/rosenholm.se\/wp-content\/uploads\/2016\/09\/D3R_2216-350x214.jpg 350w, https:\/\/rosenholm.se\/wp-content\/uploads\/2016\/09\/D3R_2216-420x257.jpg 420w\" sizes=\"auto, (max-width: 700px) 100vw, 700px\" \/><p id=\"caption-attachment-10218\" class=\"wp-caption-text\">Kaprifol, Lonicera caprifolium<\/p><\/div>\n<p>Kaprifol, sj\u00e4lva ordet doftar n\u00e4stan. Det \u00e4r en grupp av kl\u00e4ngande v\u00e4xter med arter som g\u00e5r i blom under olika delar av s\u00e4songen. Den vanliga kaprifolen, <em>Lonicera caprifolium<\/em>, blommar i \u00f6verg\u00e5ngen mellan v\u00e5r och sommar och doftar helt underbart. P\u00e5 aftonen kan den fylla hela sin omgivning med v\u00e4ldoft. Har dock vissa nackdelar, de \u00e5r den blommar som rikligast blir den ful som stryk efter\u00e5t. Som kl\u00e4tterv\u00e4xt \u00e4r den ocks\u00e5 tvivelaktig eftersom den mest roterar runt sig sj\u00e4lv. Passar b\u00e4st i skogskanten, har funnits f\u00f6rvildad i Sverige de senaste hundra \u00e5ren. Tolererar de flesta jordar, gillar sol men accepterar skugga, en t\u00e5lig v\u00e4xt s\u00e5 l\u00e4nge man h\u00e5ller sig i den s\u00f6dra delen av Sverige upp till zon 3 eller 4. Den som vill ha senare blomning kan \u00f6verv\u00e4ga vildkaprifol, <em>Lonicera periclymenum<\/em>.<\/p>\n<div id=\"attachment_10217\" style=\"width: 360px\" class=\"wp-caption alignright\"><img loading=\"lazy\" decoding=\"async\" aria-describedby=\"caption-attachment-10217\" class=\"size-thumbnail wp-image-10217\" src=\"http:\/\/rosenholm.se\/wp-content\/uploads\/2016\/09\/D2X_2440-350x467.jpg\" alt=\"J\u00e4ttetreblad, Trillium chloropetalum 'Snow Queen'\" width=\"350\" height=\"467\" srcset=\"https:\/\/rosenholm.se\/wp-content\/uploads\/2016\/09\/D2X_2440-350x467.jpg 350w, https:\/\/rosenholm.se\/wp-content\/uploads\/2016\/09\/D2X_2440-420x560.jpg 420w, https:\/\/rosenholm.se\/wp-content\/uploads\/2016\/09\/D2X_2440.jpg 525w\" sizes=\"auto, (max-width: 350px) 100vw, 350px\" \/><p id=\"caption-attachment-10217\" class=\"wp-caption-text\">J\u00e4ttetreblad, Trillium chloropetalum &#8217;Snow Queen&#8217;<\/p><\/div>\n<p>Till lundv\u00e4xternas v\u00e4na skara h\u00f6r det f\u00f6rtjusande sl\u00e4ktet treblad, <em>Trillium<\/em>. Fr\u00e5n Nordamerika kommer de flesta sorters vi anv\u00e4nder i v\u00e5ra tr\u00e4dg\u00e5rdar. Och de uppskattas \u00e4ven p\u00e5 hemmaplan. I den kanadensiska staten Ontario ing\u00e5r trebladet i det officiella emblemet. Sl\u00e4ktet g\u00f6r r\u00e4tt f\u00f6r sitt namn, de \u00e4r inte bara trebladiga utan har ocks\u00e5 tre kronblad och tre foderblad i blomman. N\u00e4r de blommat klart vissnar de ner och dyker inte upp f\u00f6rr\u00e4n n\u00e4sta \u00e5r. Till de st\u00e5tligaste, som dessutom blommar l\u00e4nge under april\u2013maj och ibland \u00e4nda in juni, h\u00f6r j\u00e4ttetreblad <em>T<\/em>. <em>chloropetalum<\/em> &#8217;Snow Queen&#8217; p\u00e5 bilden. H\u00f6jd 30\u201340 cm. H\u00e4rdig.<\/p>\n<div id=\"attachment_10216\" style=\"width: 710px\" class=\"wp-caption alignnone\"><img loading=\"lazy\" decoding=\"async\" aria-describedby=\"caption-attachment-10216\" class=\"size-large wp-image-10216\" src=\"http:\/\/rosenholm.se\/wp-content\/uploads\/2016\/09\/D2X_1576-700x428.jpg\" alt=\"Viticellaklematis, Clematis 'S\u00f6dert\u00e4lje'\" width=\"700\" height=\"428\" srcset=\"https:\/\/rosenholm.se\/wp-content\/uploads\/2016\/09\/D2X_1576-350x214@2x.jpg 700w, https:\/\/rosenholm.se\/wp-content\/uploads\/2016\/09\/D2X_1576-350x214.jpg 350w, https:\/\/rosenholm.se\/wp-content\/uploads\/2016\/09\/D2X_1576-420x257.jpg 420w\" sizes=\"auto, (max-width: 700px) 100vw, 700px\" \/><p id=\"caption-attachment-10216\" class=\"wp-caption-text\">Viticellaklematis, Clematis &#8217;S\u00f6dert\u00e4lje&#8217;<\/p><\/div>\n<p>Det \u00e4r inte bara perenner som \u00e4r l\u00e4mpliga i tr\u00e4dg\u00e5rdslund och skogskant, det finns ocks\u00e5 en och annan kl\u00e4ttrande v\u00e4xt. En av de mest passande \u00e4r viticellaklematisen, <em>Clematis<\/em> &#8217;S\u00f6dert\u00e4lje&#8217;, som brukar roa sig med att kl\u00e4nga i tr\u00e4d och buskar och d\u00e4r blomma f\u00f6r fullt. Speciellt bra passar den mot den m\u00f6rka f\u00e4rgen i idegranar, vilka dessutom \u00e4r t\u00e5liga mot skugga och toleranta med andra v\u00e4xters intr\u00e5ng. Placera g\u00e4rna &#8217;S\u00f6dert\u00e4lje&#8217; i lite skugga d\u00e5 anses blomf\u00e4rgen bli b\u00e4ttre. Sortnamnet mer \u00e4n bara antyder ursprunget. Magnus Johnson, ett internationellt v\u00e4lk\u00e4nt namn inom omr\u00e5det, hittade den just i S\u00f6dert\u00e4lje p\u00e5 50-talet. Klarar zon 5 eller m\u00f6jligen 6.<\/p>\n<h5><a title=\"Knep f\u00f6r den naturn\u00e4ra tr\u00e4dg\u00e5rden\" href=\"http:\/\/rosenholm.se\/?page_id=10187\">Knep f\u00f6r den naturn\u00e4ra tr\u00e4dg\u00e5rden<\/a><\/h5>\n","protected":false},"excerpt":{"rendered":"<p>Tr\u00e4dg\u00e5rd \u00e4r egentligen inget annat \u00e4n en bit natur vi l\u00e5nat och omformat enligt egen \u00f6nskan. Om vi vill kan vi designa den i str\u00e4ngt r\u00e4ta linjer med klippta h\u00e4ckar&hellip; <\/p>\n","protected":false},"author":1,"featured_media":0,"parent":0,"menu_order":0,"comment_status":"closed","ping_status":"closed","template":"","meta":{"footnotes":""},"class_list":["post-10182","page","type-page","status-publish","hentry"],"_links":{"self":[{"href":"https:\/\/rosenholm.se\/index.php?rest_route=\/wp\/v2\/pages\/10182","targetHints":{"allow":["GET"]}}],"collection":[{"href":"https:\/\/rosenholm.se\/index.php?rest_route=\/wp\/v2\/pages"}],"about":[{"href":"https:\/\/rosenholm.se\/index.php?rest_route=\/wp\/v2\/types\/page"}],"author":[{"embeddable":true,"href":"https:\/\/rosenholm.se\/index.php?rest_route=\/wp\/v2\/users\/1"}],"replies":[{"embeddable":true,"href":"https:\/\/rosenholm.se\/index.php?rest_route=%2Fwp%2Fv2%2Fcomments&post=10182"}],"version-history":[{"count":24,"href":"https:\/\/rosenholm.se\/index.php?rest_route=\/wp\/v2\/pages\/10182\/revisions"}],"predecessor-version":[{"id":10307,"href":"https:\/\/rosenholm.se\/index.php?rest_route=\/wp\/v2\/pages\/10182\/revisions\/10307"}],"wp:attachment":[{"href":"https:\/\/rosenholm.se\/index.php?rest_route=%2Fwp%2Fv2%2Fmedia&parent=10182"}],"curies":[{"name":"wp","href":"https:\/\/api.w.org\/{rel}","templated":true}]}}