{"id":10159,"date":"2016-09-22T21:44:23","date_gmt":"2016-09-22T19:44:23","guid":{"rendered":"http:\/\/rosenholm.se\/?page_id=10159"},"modified":"2016-09-22T22:22:53","modified_gmt":"2016-09-22T20:22:53","slug":"hackvaxter","status":"publish","type":"page","link":"https:\/\/rosenholm.se\/?page_id=10159","title":{"rendered":"H\u00c4CKV\u00c4XTER"},"content":{"rendered":"<p>Varf\u00f6r ska man anl\u00e4gga h\u00e4ck runt sin tr\u00e4dg\u00e5rd? Kan man inte s\u00e4tta buskage, eller bara l\u00e5ta det vara \u00f6ppet? Olika individer resonerar p\u00e5 olika s\u00e4tt. Hur man vill ha det hemma beror ocks\u00e5 ganska mycket p\u00e5 traditionerna d\u00e4r man vuxit upp. I Sk\u00e5nes \u00f6ppna sl\u00e4ttlandskap \u00e4r det n\u00e4rmast en sj\u00e4lvklarhet att skydda sig mot vindar och insyn med hj\u00e4lp av en gr\u00f6n v\u00e4gg runt tomten, medan l\u00e4ngre norrut d\u00e4r man ofta varit van att omges av granskog vill ha det s\u00e5 \u00f6ppet som m\u00f6jligt.<\/p>\n<p>Men de viktigaste sk\u00e4len till att skapa en gr\u00f6n inramning av tomten har inte i f\u00f6rsta hand med att inh\u00e4gna sig eller inte att g\u00f6ra, utan med att skapa en milj\u00f6 som k\u00e4nns ombonad och lummig. Klippta h\u00e4ckar har den stora f\u00f6rdelen att de till skillnad fr\u00e5n buskage tar bort minimalt med tomtyta. Dessutom \u00e4r det s\u00e5 att trots att de \u00e4r gr\u00f6na och frodiga bidrar de till att ge tr\u00e4dg\u00e5rden ett striktare uttryck, inte minst viktigt om man innanf\u00f6r vill ha en lite mer vildvuxen variant.<\/p>\n<p>Klippta h\u00e4ckar ger gr\u00f6na, t\u00e4ta v\u00e4ggar som kan utg\u00f6ra en strikt bakgrund till h\u00e4ngiga och sl\u00e4ngiga buskar och tr\u00e4d och fungera som fond till tr\u00e4dg\u00e5rdens blommande v\u00e4xter. Visserligen tar h\u00e4ckar liten plats, men en nackdel \u00e4r att de tar tid p\u00e5 sig innan de ger fullgott skydd. F\u00f6r str\u00e4ckor d\u00e4r man snabbt vill ha den uppvuxen kan det vara id\u00e9 att k\u00f6pa exemplar som \u00e4r st\u00f6rre och kraftigare \u00e4n ordin\u00e4ra h\u00e4ckplantor eller kosta p\u00e5 det som kallas f\u00f6r f\u00e4rdig h\u00e4ck. Lika t\u00e4tt och fint som en h\u00e4ck vilken vuxit sig stor p\u00e5 plats blir det inte omedelbart, men tiden kortas med flera \u00e5r j\u00e4mf\u00f6rt med vanliga h\u00e4ckplantor.<\/p>\n<div id=\"attachment_10176\" style=\"width: 710px\" class=\"wp-caption alignnone\"><img loading=\"lazy\" decoding=\"async\" aria-describedby=\"caption-attachment-10176\" class=\"size-full wp-image-10176\" src=\"http:\/\/rosenholm.se\/wp-content\/uploads\/2016\/09\/D2X_7980.jpg\" alt=\"Prakth\u00e4ggmispel, Amelanchier lamarckii\" width=\"700\" height=\"428\" srcset=\"https:\/\/rosenholm.se\/wp-content\/uploads\/2016\/09\/D2X_7980-350x214@2x.jpg 700w, https:\/\/rosenholm.se\/wp-content\/uploads\/2016\/09\/D2X_7980-350x214.jpg 350w, https:\/\/rosenholm.se\/wp-content\/uploads\/2016\/09\/D2X_7980-420x257.jpg 420w\" sizes=\"auto, (max-width: 700px) 100vw, 700px\" \/><p id=\"caption-attachment-10176\" class=\"wp-caption-text\">Prakth\u00e4ggmispel, Amelanchier lamarckii<\/p><\/div>\n<p>En h\u00e4ckv\u00e4xt som \u00e4r extra praktfull inte bara en utan flera g\u00e5nger per \u00e5r \u00e4r prakth\u00e4ggmispel, <em>Amelanchier lamarckii<\/em>. Den b\u00f6rjar s\u00e4songen med ett vackert m\u00f6rkr\u00f6tt bladutspring snabbt f\u00f6ljd av en skir vit blomning. N\u00e4r den \u00e4r \u00f6ver tar \u00e5terigen de fr\u00e4scha \u00e5rsskotten \u00f6ver och skiftar mellan ljust gr\u00f6nt och svagt orange medan de v\u00e4xer ut. Fram\u00e5t h\u00f6sten laddar den om, prakth\u00e4ggmispeln, och tar i f\u00f6r b\u00e5de kung och fosterland n\u00e4r den visar upp sin m\u00e5ngnyanserade h\u00f6stf\u00e4rg i r\u00f6tt och orange. Fungerar bra som b\u00e5de mellanh\u00f6g och h\u00f6g h\u00e4ck p\u00e5 ungef\u00e4r 1,5\u20134 meter. Klarar sig i sol\u2013skugga, \u00e4nda upp i zon 5. Plantera 2\u20133 stycken per l\u00f6pmeter. Blir ocks\u00e5 vacker som uppstammat busktr\u00e4d.<\/p>\n<div id=\"attachment_10173\" style=\"width: 360px\" class=\"wp-caption alignright\"><img loading=\"lazy\" decoding=\"async\" aria-describedby=\"caption-attachment-10173\" class=\"size-thumbnail wp-image-10173\" src=\"http:\/\/rosenholm.se\/wp-content\/uploads\/2016\/09\/D2X_1409-350x467.jpg\" alt=\"Bok, Fagus sylvatica\" width=\"350\" height=\"467\" srcset=\"https:\/\/rosenholm.se\/wp-content\/uploads\/2016\/09\/D2X_1409-350x467.jpg 350w, https:\/\/rosenholm.se\/wp-content\/uploads\/2016\/09\/D2X_1409-420x560.jpg 420w, https:\/\/rosenholm.se\/wp-content\/uploads\/2016\/09\/D2X_1409.jpg 525w\" sizes=\"auto, (max-width: 350px) 100vw, 350px\" \/><p id=\"caption-attachment-10173\" class=\"wp-caption-text\">Bok, Fagus sylvatica<\/p><\/div>\n<p>Bok, <em>Fagus sylvatica<\/em>, \u00e4r f\u00f6rutom ett v\u00e4lk\u00e4nt inhemskt tr\u00e4d ocks\u00e5 en fager och snabbt v\u00e4xande h\u00e4ckv\u00e4xt. \u00c4r t\u00e5lig och anv\u00e4ndbar i st\u00f6rre delen av M\u00e4lardalsomr\u00e5det. Detta till skillnad mot vad man tyckte f\u00f6rr d\u00e5 den av m\u00e5nga ans\u00e5gs vara i k\u00e4nsligaste laget norr om Sk\u00e5ne. Bladverket \u00e4r p\u00e5 v\u00e5rarna v\u00e4lbekant skirt och vackert, p\u00e5 vintrarna sitter gyllenbruna vissnade blad ofta kvar n\u00e4stan till de nya tittar fram p\u00e5 v\u00e5ren. L\u00e4mplig h\u00f6jd 1,5\u20134 meter, men kan bli betydligt h\u00f6gre. Har genomg\u00e5ende stam och ska inte toppas f\u00f6rr\u00e4n den n\u00e5tt \u00f6nskad h\u00f6jd. Sol\u2013halvskugga. H\u00e4rdig till zon 4, men b\u00f6r nog inte anv\u00e4ndas som h\u00e4ck i tuffare klimat \u00e4n zon 3. Plantera 3 stycken per l\u00f6pmeter.<\/p>\n<div id=\"attachment_10175\" style=\"width: 710px\" class=\"wp-caption alignnone\"><img loading=\"lazy\" decoding=\"async\" aria-describedby=\"caption-attachment-10175\" class=\"size-large wp-image-10175\" src=\"http:\/\/rosenholm.se\/wp-content\/uploads\/2016\/09\/D2X_0206-700x428.jpg\" alt=\"Buxbom, Buxus sempervirens\" width=\"700\" height=\"428\" srcset=\"https:\/\/rosenholm.se\/wp-content\/uploads\/2016\/09\/D2X_0206-350x214@2x.jpg 700w, https:\/\/rosenholm.se\/wp-content\/uploads\/2016\/09\/D2X_0206-350x214.jpg 350w, https:\/\/rosenholm.se\/wp-content\/uploads\/2016\/09\/D2X_0206-420x257.jpg 420w\" sizes=\"auto, (max-width: 700px) 100vw, 700px\" \/><p id=\"caption-attachment-10175\" class=\"wp-caption-text\">Buxbom, Buxus sempervirens<\/p><\/div>\n<p>Klassisk f\u00f6r formklippning och till l\u00e4gre h\u00e4ckar \u00e4r buxbom, <em>Buxus sempervirens<\/em>. Den \u00e4r st\u00e4dsegr\u00f6n och mycket t\u00e4t. V\u00e4xer l\u00e5ngsamt vilket \u00e4r en f\u00f6rdel n\u00e4r man vill h\u00e5lla en h\u00e4ck l\u00e5g och slippa l\u00e4gga ner f\u00f6r mycket tid p\u00e5 klippning, en g\u00e5ng per \u00e5r r\u00e4cker oftast men i sydligaste Sverige kan tv\u00e5 beh\u00f6vas. L\u00e4mplig m\u00e5nad kan vara april respektive augusti om man klipper en andra g\u00e5ng. F\u00e5r den kalk missf\u00e4rgas bladen. Trivs i sol\u2013halvskugga och kan utan problem odlas till och med zon 3. St\u00e5r den utsatt b\u00f6r man skydda plantan mot stark v\u00e5rsol de f\u00f6rsta \u00e5ren. Plantera 5\u20137 stycken per l\u00f6pmeter. L\u00e4mplig h\u00f6jd 0,5\u20131,5 meter, men den kan bli m\u00e5nga meter h\u00f6g om man v\u00e4ntar en generation eller tv\u00e5. Klassiskt \u00e4r att rama in rabatter och gr\u00f6nsaksland bakom l\u00e5ga buxbomsh\u00e4ckar. Bild fr\u00e5n Wickham Lodge, Kent, England. Det blir lika snyggt i Sverige.<\/p>\n<div id=\"attachment_10171\" style=\"width: 360px\" class=\"wp-caption alignright\"><img loading=\"lazy\" decoding=\"async\" aria-describedby=\"caption-attachment-10171\" class=\"size-thumbnail wp-image-10171\" src=\"http:\/\/rosenholm.se\/wp-content\/uploads\/2016\/09\/D2X_3890-350x469.jpg\" alt=\"Liguster, Ligustrum vulgare\" width=\"350\" height=\"469\" srcset=\"https:\/\/rosenholm.se\/wp-content\/uploads\/2016\/09\/D2X_3890-350x469.jpg 350w, https:\/\/rosenholm.se\/wp-content\/uploads\/2016\/09\/D2X_3890-420x563.jpg 420w, https:\/\/rosenholm.se\/wp-content\/uploads\/2016\/09\/D2X_3890.jpg 522w\" sizes=\"auto, (max-width: 350px) 100vw, 350px\" \/><p id=\"caption-attachment-10171\" class=\"wp-caption-text\">Liguster, Ligustrum vulgare<\/p><\/div>\n<p>Liguster, <em>Ligustrum vulgare<\/em>, \u00e4r en annan utm\u00e4rkt h\u00e4ckv\u00e4xt. L\u00e4ngs den svenska v\u00e4stkusten och en bra bit in i Norge f\u00f6rekommer den vildv\u00e4xande, f\u00f6rst dokumenterad p\u00e5 1700-talet av en av Linn\u00e9s l\u00e4rjungar. Den \u00e4r inte vintergr\u00f6n men beh\u00e5ller bladen l\u00e4nge p\u00e5 h\u00f6sten och ofta l\u00e5ngt in i vintern. Blir t\u00e4t och fin men beh\u00f6ver beh\u00f6ver putsas ett par g\u00e5nger per \u00e5r. T\u00e5lig och kan v\u00e4xa i b\u00e5de sol\u2013skugga, h\u00e4rdig till zon 4 men k\u00e4nslig f\u00f6r st\u00e5ende fukt. L\u00e4mplig h\u00f6jd 1,5\u20132,5 meter. Vinterliguster, L. <em>vulgare<\/em> var. <em>italicum<\/em> \u2019Atrovirens\u2019, \u00e4r vintergr\u00f6n, men mindre h\u00e4rdig \u00e4n huvudarten och brukar bara rekommenderas f\u00f6r zon 2. Plantera 3\u20134 stycken per l\u00f6pmeter.<\/p>\n<div id=\"attachment_10174\" style=\"width: 710px\" class=\"wp-caption alignnone\"><img loading=\"lazy\" decoding=\"async\" aria-describedby=\"caption-attachment-10174\" class=\"size-full wp-image-10174\" src=\"http:\/\/rosenholm.se\/wp-content\/uploads\/2016\/09\/L1110056.jpg\" alt=\"avenbok, Carpinus betulus\" width=\"700\" height=\"428\" srcset=\"https:\/\/rosenholm.se\/wp-content\/uploads\/2016\/09\/L1110056-350x214@2x.jpg 700w, https:\/\/rosenholm.se\/wp-content\/uploads\/2016\/09\/L1110056-350x214.jpg 350w, https:\/\/rosenholm.se\/wp-content\/uploads\/2016\/09\/L1110056-420x257.jpg 420w\" sizes=\"auto, (max-width: 700px) 100vw, 700px\" \/><p id=\"caption-attachment-10174\" class=\"wp-caption-text\">Avenbok, Carpinus betulus<\/p><\/div>\n<p>Utm\u00e4rkt f\u00f6r smala, ganska h\u00f6ga h\u00e4ckar, ja ocks\u00e5 f\u00f6r breda, \u00e4r avenbok, <em>Carpinus betulus<\/em>. V\u00e4xer med genomg\u00e5ende stam och ska d\u00e4rf\u00f6r inte toppas f\u00f6rr\u00e4n den n\u00e5tt \u00f6nskad h\u00f6jd. Har enk\u00f6nade blommor i maj som sitter p\u00e5 separata h\u00e4ngen. V\u00e4xer vild i s\u00f6dra Sverige, var ett av de sista tr\u00e4den som vandrade in efter senaste istiden. T\u00e5l h\u00e5rd besk\u00e4rning och \u00e4r enkel att forma. Blir f\u00f6rst gul p\u00e5 h\u00f6sten, \u00f6verg\u00e5r sedan mot brunt. Ger visst insynsskydd \u00e4ven vintertid eftersom de vissnade bladen h\u00e4nger kvar l\u00e4nge. Anspr\u00e5ksl\u00f6s, men f\u00f6redrar kalkhaltig jord. L\u00e4mplig h\u00f6jd 1,5\u20132,5 meter, knappast h\u00f6gre. Sol\u2013halvskugga. Zon 4. Plantera 3 stycken per l\u00f6pmeter.<\/p>\n<div id=\"attachment_10169\" style=\"width: 360px\" class=\"wp-caption alignright\"><img loading=\"lazy\" decoding=\"async\" aria-describedby=\"caption-attachment-10169\" class=\"size-thumbnail wp-image-10169\" src=\"http:\/\/rosenholm.se\/wp-content\/uploads\/2016\/09\/D2X_7967-350x448.jpg\" alt=\"M\u00e5b\u00e4r, Ribes alpinum \u2019Schmidt\u2019\" width=\"350\" height=\"448\" srcset=\"https:\/\/rosenholm.se\/wp-content\/uploads\/2016\/09\/D2X_7967-350x448.jpg 350w, https:\/\/rosenholm.se\/wp-content\/uploads\/2016\/09\/D2X_7967-420x537.jpg 420w, https:\/\/rosenholm.se\/wp-content\/uploads\/2016\/09\/D2X_7967.jpg 547w\" sizes=\"auto, (max-width: 350px) 100vw, 350px\" \/><p id=\"caption-attachment-10169\" class=\"wp-caption-text\">M\u00e5b\u00e4r, Ribes alpinum \u2019Schmidt\u2019<\/p><\/div>\n<p>Till de v\u00e4xter som g\u00e5r att odla i stora delar av landet h\u00f6r m\u00e5b\u00e4r, <em>Ribes alpinum<\/em> \u2019Schmidt\u2019. Inte vintergr\u00f6n, men har ett s\u00e5 t\u00e4tt v\u00e4xts\u00e4tt att den \u00e4r ogenomskinlig \u00e4ven som avl\u00f6vad. Det \u00e4r en mycket anspr\u00e5ksl\u00f6s v\u00e4xt som t\u00e5l det mesta och \u00e4r l\u00e4tt att forma. V\u00e4xer lite fortare \u00e4n till exempel buxbom och idegran som \u00e4r anv\u00e4ndbara f\u00f6r liknande \u00e4ndam\u00e5l men kr\u00e4ver n\u00e5got mer putsning. Alldeles efter l\u00f6vsprickningen p\u00e5 v\u00e5ren \u00e4r den extra vacker d\u00e5 bladen har en skir ljusgr\u00f6n f\u00e4rg och den blommar i lime. M\u00e5b\u00e4r kan v\u00e4xa i soligt till ganska skuggigt l\u00e4ge. H\u00e4rdig till zon 6. En god ers\u00e4ttare till buxbom som kan h\u00e5llas l\u00e5g, l\u00e4mplig h\u00f6jd f\u00f6r h\u00e4ckar str\u00e4cker sig mellan 0,5\u20131,5 meter. Plantera 4 stycken per l\u00f6pmeter.<\/p>\n<div id=\"attachment_10172\" style=\"width: 710px\" class=\"wp-caption alignnone\"><img loading=\"lazy\" decoding=\"async\" aria-describedby=\"caption-attachment-10172\" class=\"size-large wp-image-10172\" src=\"http:\/\/rosenholm.se\/wp-content\/uploads\/2016\/09\/D3X_7160-700x525.jpg\" alt=\"Hybridforsythia, Forsythia \u00d7 intermedia\" width=\"700\" height=\"525\" srcset=\"https:\/\/rosenholm.se\/wp-content\/uploads\/2016\/09\/D3X_7160-350x263@2x.jpg 700w, https:\/\/rosenholm.se\/wp-content\/uploads\/2016\/09\/D3X_7160-350x263.jpg 350w, https:\/\/rosenholm.se\/wp-content\/uploads\/2016\/09\/D3X_7160-420x315.jpg 420w\" sizes=\"auto, (max-width: 700px) 100vw, 700px\" \/><p id=\"caption-attachment-10172\" class=\"wp-caption-text\">Hybridforsythia, Forsythia \u00d7 intermedia<\/p><\/div>\n<p>Vill man ha en h\u00e4ck som \u00e5tminstone en g\u00e5ng per \u00e5r sl\u00e5r till och blommar i en h\u00e4ftig f\u00e4rg ska man fundera \u00f6ver n\u00e5gon sort av hybridforsythia, <em>Forsythia<\/em> \u00d7 <em>intermedia<\/em>. Lokalt i vissa delar av centrala Europa \u00e4r starkt gula h\u00e4ckar tidigt p\u00e5 v\u00e5ren en inte ovanlig syn. I Sverige passar de flesta forsythior b\u00e4st i de s\u00f6dra delarna, dels f\u00f6r att blommorna ibland fryser bort efter den f\u00f6rsta v\u00e5rv\u00e4rmen och dels f\u00f6r att de sk\u00f6ra kvistarna l\u00e4tt bryts s\u00f6nder av sn\u00f6. L\u00e4mplig h\u00f6jd 1\u20132 meter. Zon 3. Finns i m\u00e5nga sorter. Bor man l\u00e4ngre norrut kan man anv\u00e4nda sig av hybriden &#8217;Northern Gold&#8217; som anses h\u00e4rdig \u00e4nda upp till zon 6. Plantera 2\u20133 stycken per l\u00f6pmeter. I bilden fr\u00e5n Citadellets koloniomr\u00e5de i Landskrona syns den sk\u00e5nska flaggan.<\/p>\n<div id=\"attachment_10168\" style=\"width: 360px\" class=\"wp-caption alignright\"><img loading=\"lazy\" decoding=\"async\" aria-describedby=\"caption-attachment-10168\" class=\"size-thumbnail wp-image-10168\" src=\"http:\/\/rosenholm.se\/wp-content\/uploads\/2016\/09\/D2X_0036-350x527.jpg\" alt=\"Idegran, Taxus\" width=\"350\" height=\"527\" srcset=\"https:\/\/rosenholm.se\/wp-content\/uploads\/2016\/09\/D2X_0036-350x527.jpg 350w, https:\/\/rosenholm.se\/wp-content\/uploads\/2016\/09\/D2X_0036-420x632.jpg 420w, https:\/\/rosenholm.se\/wp-content\/uploads\/2016\/09\/D2X_0036.jpg 465w\" sizes=\"auto, (max-width: 350px) 100vw, 350px\" \/><p id=\"caption-attachment-10168\" class=\"wp-caption-text\">Idegran, Taxus<\/p><\/div>\n<p>F\u00f6rn\u00e4mlig som h\u00e4ck \u00e4r idegran, <em>Taxus<\/em>,\u00a0en st\u00e4dsegr\u00f6n barrv\u00e4xt med m\u00f6rkgr\u00f6n f\u00e4rg, t\u00e4tt v\u00e4xts\u00e4tt och elegant utstr\u00e5lning. V\u00e4xer fortare \u00e4n till exempel buxbom men \u00e4r s\u00e5 pass \u00e5terh\u00e5llsam att den \u00e4r l\u00e4tt att h\u00e5lla v\u00e4lklippt och snygg med en till tv\u00e5 klippningar per \u00e5r. Speciellt anv\u00e4ndbar \u00e4r den t\u00e4tv\u00e4xande hybrididegranen, <em>T.<\/em> \u00d7 <em>media<\/em> &#8217;Hillii&#8217;, en av m\u00e5nga hybrider mellan den europeiska<em> T<\/em>. <em>baccata<\/em> och den mer h\u00e4rdiga japanska idegranen <em>T<\/em>. <em>cuspidata<\/em>. Kan klippas hur h\u00e5rt som helst, det kommer kommer nya skott, det \u00e4r bara en fr\u00e5ga om tid. \u00c4ven en port kan formas som h\u00e4r i bilden fr\u00e5n Slottsparken i Malm\u00f6. \u00c4r anspr\u00e5ksl\u00f6s och kan v\u00e4xa i s\u00e5v\u00e4l sol som skugga. T\u00e5l torr mark p\u00e5 ett f\u00f6rv\u00e5nansv\u00e4rt s\u00e4tt. Zon 4. Plantera 2\u20133 stycken per l\u00f6pmeter. Kan beroende p\u00e5 sort h\u00e5llas p\u00e5 h\u00f6jder mellan 0,5\u20132,5 meter<\/p>\n<div id=\"attachment_10170\" style=\"width: 710px\" class=\"wp-caption alignnone\"><img loading=\"lazy\" decoding=\"async\" aria-describedby=\"caption-attachment-10170\" class=\"size-large wp-image-10170\" src=\"http:\/\/rosenholm.se\/wp-content\/uploads\/2016\/09\/DSC07375-700x428.jpg\" alt=\"Gran, Picea abies\" width=\"700\" height=\"428\" srcset=\"https:\/\/rosenholm.se\/wp-content\/uploads\/2016\/09\/DSC07375-350x214@2x.jpg 700w, https:\/\/rosenholm.se\/wp-content\/uploads\/2016\/09\/DSC07375-350x214.jpg 350w, https:\/\/rosenholm.se\/wp-content\/uploads\/2016\/09\/DSC07375-420x257.jpg 420w\" sizes=\"auto, (max-width: 700px) 100vw, 700px\" \/><p id=\"caption-attachment-10170\" class=\"wp-caption-text\">Gran, Picea abies<\/p><\/div>\n<p>Vanlig gran,<em> Picea abies<\/em>, kan anv\u00e4ndas till annat \u00e4n att g\u00f6ra papper av och h\u00e4nga prydnader i p\u00e5 julen. Det \u00e4r Sveriges vanligaste tr\u00e4d. I r\u00e4tt sammanhang \u00e4r den utm\u00e4rkt till h\u00e4ck, t\u00e4t, vintergr\u00f6n och otroligt h\u00e4rdig. Tillh\u00f6r de h\u00e4ckv\u00e4xter som kan bli snygga om man klipper den i organiska former som h\u00e4r i antroposofernas tr\u00e4dg\u00e5rd i J\u00e4rna. Kan inte besk\u00e4ras i gammal ved eller sk\u00e4ras in om de vuxit sig f\u00f6r stora. Klipp varje \u00e5r och helst i \u00e5rsskotten. G\u00f6r man r\u00e4tt blir granar otroligt snygga, t\u00e4ta h\u00e4ckar. L\u00e4mplig h\u00f6jd 2\u20135 meter. H\u00e4rdig till zon 8. Plantera 2\u20133 stycken per l\u00f6pmeter. Ett alternativ \u00e4r den mer smalv\u00e4xande serbgranen, <em>Picea omorika<\/em>, som dessutom har barr med elegant gr\u00e5 undersida.<\/p>\n<div id=\"attachment_10167\" style=\"width: 360px\" class=\"wp-caption alignright\"><img loading=\"lazy\" decoding=\"async\" aria-describedby=\"caption-attachment-10167\" class=\"size-thumbnail wp-image-10167\" src=\"http:\/\/rosenholm.se\/wp-content\/uploads\/2016\/09\/D2X_8006-350x467.jpg\" alt=\"Tuja, Thuja occidentalis \u2019Smaragd\u2019\" width=\"350\" height=\"467\" srcset=\"https:\/\/rosenholm.se\/wp-content\/uploads\/2016\/09\/D2X_8006-350x467.jpg 350w, https:\/\/rosenholm.se\/wp-content\/uploads\/2016\/09\/D2X_8006-420x560.jpg 420w, https:\/\/rosenholm.se\/wp-content\/uploads\/2016\/09\/D2X_8006.jpg 525w\" sizes=\"auto, (max-width: 350px) 100vw, 350px\" \/><p id=\"caption-attachment-10167\" class=\"wp-caption-text\">Tuja, Thuja occidentalis \u2019Smaragd\u2019<\/p><\/div>\n<p>Vill man snabbt ha en fr\u00e4sch h\u00e4ck, som till p\u00e5 k\u00f6pet \u00e4r vintergr\u00f6n, t\u00e4t, naturligt smal och t\u00e5lig b\u00e5de mot kyla och skugga ska man v\u00e4lja tuja, <em>Thuja occidentalis<\/em> \u2019Smaragd\u2019. Den v\u00e4xer med genomg\u00e5ende stam och ska inte klippas i toppen f\u00f6rr\u00e4n den n\u00e5tt \u00f6nskad h\u00f6jd. T\u00e5l besk\u00e4rning bra p\u00e5 ung ved, men kan inte besk\u00e4ras lika h\u00e5rt som de flesta andra h\u00e4ckv\u00e4xter. L\u00e4mplig h\u00f6jd 2\u20135 meter, men kan bli h\u00f6gre. Man kan ofta f\u00e5 tag i ganska stora plantor billigt, och \u2019Smaragd\u2019 \u00e4r snabb p\u00e5 att etablera sig och b\u00f6rja v\u00e4xa. Sorten \u00e4r inte utbytbar mot vilken annan <em>T<\/em>. <em>Occidentalis<\/em> som helst. Sol\u2013halvskugga. H\u00e4rdig till zon 5 utan minsta problem, kan klara \u00e4nnu tuffare klimat. Plantera 2\u20133 stycken per l\u00f6pmeter.<\/p>\n<h5><a title=\"Kort om h\u00e4ckplantering\" href=\"http:\/\/rosenholm.se\/?page_id=10161\">Kort om h\u00e4ckplantering<\/a><\/h5>\n","protected":false},"excerpt":{"rendered":"<p>Varf\u00f6r ska man anl\u00e4gga h\u00e4ck runt sin tr\u00e4dg\u00e5rd? Kan man inte s\u00e4tta buskage, eller bara l\u00e5ta det vara \u00f6ppet? Olika individer resonerar p\u00e5 olika s\u00e4tt. Hur man vill ha det&hellip; <\/p>\n","protected":false},"author":1,"featured_media":0,"parent":0,"menu_order":0,"comment_status":"closed","ping_status":"closed","template":"","meta":{"footnotes":""},"class_list":["post-10159","page","type-page","status-publish","hentry"],"_links":{"self":[{"href":"https:\/\/rosenholm.se\/index.php?rest_route=\/wp\/v2\/pages\/10159","targetHints":{"allow":["GET"]}}],"collection":[{"href":"https:\/\/rosenholm.se\/index.php?rest_route=\/wp\/v2\/pages"}],"about":[{"href":"https:\/\/rosenholm.se\/index.php?rest_route=\/wp\/v2\/types\/page"}],"author":[{"embeddable":true,"href":"https:\/\/rosenholm.se\/index.php?rest_route=\/wp\/v2\/users\/1"}],"replies":[{"embeddable":true,"href":"https:\/\/rosenholm.se\/index.php?rest_route=%2Fwp%2Fv2%2Fcomments&post=10159"}],"version-history":[{"count":11,"href":"https:\/\/rosenholm.se\/index.php?rest_route=\/wp\/v2\/pages\/10159\/revisions"}],"predecessor-version":[{"id":10240,"href":"https:\/\/rosenholm.se\/index.php?rest_route=\/wp\/v2\/pages\/10159\/revisions\/10240"}],"wp:attachment":[{"href":"https:\/\/rosenholm.se\/index.php?rest_route=%2Fwp%2Fv2%2Fmedia&parent=10159"}],"curies":[{"name":"wp","href":"https:\/\/api.w.org\/{rel}","templated":true}]}}