{"id":10081,"date":"2016-09-18T18:47:22","date_gmt":"2016-09-18T16:47:22","guid":{"rendered":"http:\/\/rosenholm.se\/?page_id=10081"},"modified":"2020-10-23T13:24:17","modified_gmt":"2020-10-23T11:24:17","slug":"vackert-pa-vintern","status":"publish","type":"page","link":"https:\/\/rosenholm.se\/?page_id=10081","title":{"rendered":"VACKERT P\u00c5 VINTERN"},"content":{"rendered":"<p>N\u00e4r l\u00f6ven dalar till marken och l\u00e4gger sig som en matta under tr\u00e4den f\u00f6r att med vindens hj\u00e4lp spridas \u00f6ver tomten och de mest senblommande perennerna sjunger p\u00e5 sin sista vers d\u00e5 \u00e4r det v\u00e4l i alla fall slut p\u00e5 tr\u00e4dg\u00e5rds\u00e5ret? Nej, inte d\u00e5 heller. Sitta ute och avnjuta en kopp kaffe p\u00e5 uteplatsen g\u00e5r naturligtvis inte l\u00e4ngre. Men som tur \u00e4r finns det gott om v\u00e4xter som kan g\u00f6ra en tr\u00e4dg\u00e5rd intressant och tilltalande ocks\u00e5 p\u00e5 vintern.<\/p>\n<p>Tr\u00e4d och buskar som h\u00e5ller sig snygga alla \u00e5rstider finns det ett antal av. En s\u00e4rst\u00e4llning har de som \u00e4r beg\u00e5vade med attraktiv bark, och det \u00e4r under vintern de g\u00f6r sig allra b\u00e4st. Barken kan vara spegelblank som hos glansk\u00f6rsb\u00e4r, randig som en striml\u00f6nn eller kanske papperstunn, krulla sig och flagna av som hos kopparl\u00f6nn. N\u00e4r tr\u00e4dg\u00e5rden \u00e4r avl\u00f6vad och blommorna vissnat finns det inte s\u00e5 mycket som konkurrerar om uppm\u00e4rksamheten.<\/p>\n<p>\u00c4ven silhuetter av grenverk h\u00f6r vintertr\u00e4dg\u00e5rden till. Kan vara mycket effektfulla inte minst hos v\u00e4xter med skruvade och vridna grenar som ormhassel. Som allra b\u00e4st framtr\u00e4der bark och grenverk n\u00e4r tr\u00e4dg\u00e5rden kl\u00e4tts i ett lager av sn\u00f6, speciellt vackert kontrasterar m\u00f6rka och r\u00f6daktiga stammar mot det vita. Har man inte s\u00e5 mycket sn\u00f6 d\u00e4r man bor kan man lyfta fram dem med en markt\u00e4ckare med ljusa blad under tr\u00e4det, kanske ett rosenplister som h\u00e5ller sig snyggt l\u00e5ngt in \u00f6ver vintern. Ett s\u00e4tt att lyfta fram r\u00f6daktiga stammar \u00e4r att placera dem p\u00e5 ett st\u00e4lle d\u00e4r solen verkligen kommer \u00e5t att lysa. Solstr\u00e5larna tar fram f\u00e4rgen och f\u00e5r dem att glittra.<\/p>\n<p>Genom att plantera ljusstammade tr\u00e4d mot en m\u00f6rkare botten av till exempel hassel\u00f6rt eller skuggr\u00f6na kan man f\u00e5 en motsvarande kontrastverkan. I sn\u00f6fattiga delar av v\u00e5rt land kan ljusa vackra stammar lysa upp vinterns m\u00f6rker, himalayabj\u00f6rk fungerar fantastiskt bra f\u00f6r det.<\/p>\n<div id=\"attachment_10102\" style=\"width: 360px\" class=\"wp-caption alignleft\"><img loading=\"lazy\" decoding=\"async\" aria-describedby=\"caption-attachment-10102\" class=\"size-thumbnail wp-image-10102\" src=\"http:\/\/rosenholm.se\/wp-content\/uploads\/2016\/09\/D3X_4999-350x454.jpg\" alt=\"Kopparl\u00f6nn, Acer griseum\" width=\"350\" height=\"454\" srcset=\"https:\/\/rosenholm.se\/wp-content\/uploads\/2016\/09\/D3X_4999-350x454.jpg 350w, https:\/\/rosenholm.se\/wp-content\/uploads\/2016\/09\/D3X_4999-420x544.jpg 420w, https:\/\/rosenholm.se\/wp-content\/uploads\/2016\/09\/D3X_4999.jpg 540w\" sizes=\"auto, (max-width: 350px) 100vw, 350px\" \/><p id=\"caption-attachment-10102\" class=\"wp-caption-text\">Kopparl\u00f6nn, Acer griseum<\/p><\/div>\n<p>Kopparl\u00f6nn, <em>Acer griseum<\/em>, \u00e4r ett l\u00e5ngsamv\u00e4xande, litet tr\u00e4d med ansl\u00e5ende kopparbrun stam d\u00e4r barken flagnar i paperstunna ark som krullar sig och f\u00e4rgar. Med ursprung i Kina introducerades det i Europa via England \u00e5r 1901. V\u00e4xer l\u00e5ngsamt och ofta med flera stammar och har likt de flesta l\u00f6nnar dessutom dekorativa blad som p\u00e5 h\u00f6sten blir r\u00f6da och granna. Blir 4\u20136 meter h\u00f6g och med tiden n\u00e4stan lika bred. Vill v\u00e4xa i sol\u2013halvskugga g\u00e4rna i djup och n\u00e4ringsrik jord p\u00e5 en varm plats. Zon 3, m\u00f6jligen 4. Det fina exemplaret v\u00e4xer i Bergianska tr\u00e4dg\u00e5rden i Stockholm.<\/p>\n<div id=\"attachment_10101\" style=\"width: 710px\" class=\"wp-caption alignnone\"><img loading=\"lazy\" decoding=\"async\" aria-describedby=\"caption-attachment-10101\" class=\"size-large wp-image-10101\" src=\"http:\/\/rosenholm.se\/wp-content\/uploads\/2016\/09\/DSC_4212-700x428.jpg\" alt=\"Amerikansk striml\u00f6nn, Acer pensylvanicum\" width=\"700\" height=\"428\" srcset=\"https:\/\/rosenholm.se\/wp-content\/uploads\/2016\/09\/DSC_4212-350x214@2x.jpg 700w, https:\/\/rosenholm.se\/wp-content\/uploads\/2016\/09\/DSC_4212-350x214.jpg 350w, https:\/\/rosenholm.se\/wp-content\/uploads\/2016\/09\/DSC_4212-420x257.jpg 420w\" sizes=\"auto, (max-width: 700px) 100vw, 700px\" \/><p id=\"caption-attachment-10101\" class=\"wp-caption-text\">Amerikansk striml\u00f6nn, Acer pensylvanicum<\/p><\/div>\n<p>En f\u00f6rf\u00f6rande ormskinnsliknande bark med vita strimmor p\u00e5 gr\u00f6n botten har amerikansk striml\u00f6nn, <em>Acer pensylvanicum<\/em>, men man ska undvika att r\u00f6ra vid den, d\u00e5 skadas m\u00f6nstret. Hos unga tr\u00e4d \u00e4r stammen enbart gr\u00f6n s\u00e5 k\u00f6p helst ett exemplar som \u00e4r s\u00e5 stort att det redan f\u00e5tt vitstrimmig bark. F\u00f6rutom lockande stam har den v\u00e4lformade l\u00f6nnblad som gulnar snyggt p\u00e5 h\u00f6sten. Tr\u00e4det v\u00e4xer l\u00e5ngsamt och blir knappast h\u00f6gre \u00e4n 8 meter. Odlas i sol\u2013halvskugga. Zon 4. Det finns flera andra strimml\u00f6nnar att v\u00e4lja bland som till exempel den n\u00e5got h\u00e4rdigare manchuriska striml\u00f6nnen, <em>Acer tegmentosum<\/em>.<\/p>\n<div id=\"attachment_10100\" style=\"width: 360px\" class=\"wp-caption alignleft\"><img loading=\"lazy\" decoding=\"async\" aria-describedby=\"caption-attachment-10100\" class=\"size-thumbnail wp-image-10100\" src=\"http:\/\/rosenholm.se\/wp-content\/uploads\/2016\/09\/DSC07628-350x467.jpg\" alt=\"Himalayabj\u00f6rk, Betula utilis var. jacquemontii\" width=\"350\" height=\"467\" srcset=\"https:\/\/rosenholm.se\/wp-content\/uploads\/2016\/09\/DSC07628-350x467.jpg 350w, https:\/\/rosenholm.se\/wp-content\/uploads\/2016\/09\/DSC07628-420x560.jpg 420w, https:\/\/rosenholm.se\/wp-content\/uploads\/2016\/09\/DSC07628.jpg 525w\" sizes=\"auto, (max-width: 350px) 100vw, 350px\" \/><p id=\"caption-attachment-10100\" class=\"wp-caption-text\">Himalayabj\u00f6rk, Betula utilis var. jacquemontii<\/p><\/div>\n<p>Himalayabj\u00f6rk, <em>Betula utilis<\/em> var. <em>jacquemontii<\/em>, f\u00e5r sp\u00f6klikt vita stammar med flagnande bark och ofta symmetriska grenar som \u00e4r elegant upp\u00e5triktade. Att den beh\u00e5ller vitheten och lystern beror p\u00e5 att den kontinuerligt byter yttersta skiktet av barken. Det \u00e4r ett mycket vackert tr\u00e4d som man kan anv\u00e4nda frist\u00e5ende likv\u00e4l som f\u00f6r att skapa skogsk\u00e4nsla p\u00e5 villatomten. Lyser upp i h\u00f6st- och vinterm\u00f6rker. Den blir mindre \u00e4n vanliga bj\u00f6rkar och kan n\u00e5 en h\u00f6jd p\u00e5 10\u201315 meter. Sol\u2013halvskugga. Zon 3. P\u00e5 bilden fr\u00e5n Ultuna i Sk\u00e5ne sorten &#8217;Doorenbos&#8217; framtagen i Holland vilken anses beh\u00e5lla vitheten extra v\u00e4l.<\/p>\n<div id=\"attachment_10099\" style=\"width: 710px\" class=\"wp-caption alignnone\"><img loading=\"lazy\" decoding=\"async\" aria-describedby=\"caption-attachment-10099\" class=\"size-large wp-image-10099\" src=\"http:\/\/rosenholm.se\/wp-content\/uploads\/2016\/09\/L1010270-700x428.jpg\" alt=\"Ormhassel, Corylus avellana 'Contorta\" width=\"700\" height=\"428\" srcset=\"https:\/\/rosenholm.se\/wp-content\/uploads\/2016\/09\/L1010270-350x214@2x.jpg 700w, https:\/\/rosenholm.se\/wp-content\/uploads\/2016\/09\/L1010270-350x214.jpg 350w, https:\/\/rosenholm.se\/wp-content\/uploads\/2016\/09\/L1010270-420x257.jpg 420w\" sizes=\"auto, (max-width: 700px) 100vw, 700px\" \/><p id=\"caption-attachment-10099\" class=\"wp-caption-text\">Ormhassel, Corylus avellana &#8217;Contorta<\/p><\/div>\n<p>Ormhassel, <em>Corylus avellana<\/em> &#8217;Contorta&#8217;, \u00e4r en l\u00e5ngsamv\u00e4xande buske som f\u00e5r starkt vridna grenar. Vackrast \u00e4r den som avl\u00f6vad med grenverket blottat i all sin glans. Kan ge ett ganska r\u00f6rigt och oregerligt intryck p\u00e5 sommaren. F\u00f6r att r\u00e5da bot kan den stammas upp allteftersom och st\u00f6djas av bambupinnar. Besk\u00e4r p\u00e5 v\u00e5rvintern och spara de snirkliga grenarna f\u00f6r dekorationer och blomsterarrangemang, i butiken \u00e4r s\u00e5dana dyra. Blommar med h\u00e4ngen p\u00e5 bar kvist tidigt p\u00e5 v\u00e5ren. Oftast ympad p\u00e5 vanlig hassel, till\u00e5t inte skott nedanf\u00f6r ympen att v\u00e4xa upp. H\u00f6jd 2\u20133 meter. Sol\u2013halvskugga. Zon 3.<\/p>\n<div id=\"attachment_10096\" style=\"width: 360px\" class=\"wp-caption alignleft\"><img loading=\"lazy\" decoding=\"async\" aria-describedby=\"caption-attachment-10096\" class=\"size-thumbnail wp-image-10096\" src=\"http:\/\/rosenholm.se\/wp-content\/uploads\/2016\/09\/D3X_0625-350x467.jpg\" alt=\"Vipphortensia, Hydrangea paniculata\" width=\"350\" height=\"467\" srcset=\"https:\/\/rosenholm.se\/wp-content\/uploads\/2016\/09\/D3X_0625-350x467.jpg 350w, https:\/\/rosenholm.se\/wp-content\/uploads\/2016\/09\/D3X_0625-420x560.jpg 420w, https:\/\/rosenholm.se\/wp-content\/uploads\/2016\/09\/D3X_0625.jpg 525w\" sizes=\"auto, (max-width: 350px) 100vw, 350px\" \/><p id=\"caption-attachment-10096\" class=\"wp-caption-text\">Vipphortensia, Hydrangea paniculata<\/p><\/div>\n<p>De flesta utblommade hortensior blir otroligt vackra p\u00e5 vintern. Det g\u00e4ller ocks\u00e5 vipphortensia, <em>Hydrangea paniculata<\/em>. Sorten p\u00e5 bilden heter &#8217;Kyushu&#8217;, kallas ocks\u00e5 liten syrenhortensia och kom till Europa fr\u00e5n den japanska syd\u00f6n med samma namn i b\u00f6rjan p\u00e5 1900-talet. Fr\u00e4sch v\u00e4xt som har rikligt med vackra vita blommor i juli\u2013september vilka sedan torkar och \u00e4r snygga n\u00e4stan vintern ut. H\u00f6jd ungef\u00e4r 1,5 meter. Vill ha kalkfattig jord. Bild fr\u00e5n Uppsala botaniska. Vipphortensior gillar sol f\u00f6rutsatt de f\u00e5r tillr\u00e4ckligt med vatten. Klarar zon 5. Bor man \u00e4nnu l\u00e4ngre norrut finns sorten &#8217;Mustila&#8217; att tillg\u00e5.<\/p>\n<div id=\"attachment_10098\" style=\"width: 710px\" class=\"wp-caption alignnone\"><img loading=\"lazy\" decoding=\"async\" aria-describedby=\"caption-attachment-10098\" class=\"size-large wp-image-10098\" src=\"http:\/\/rosenholm.se\/wp-content\/uploads\/2016\/09\/DSC03071-700x394.jpg\" alt=\"Vingbenved, Euonymus alatus\" width=\"700\" height=\"394\" srcset=\"https:\/\/rosenholm.se\/wp-content\/uploads\/2016\/09\/DSC03071-350x197@2x.jpg 700w, https:\/\/rosenholm.se\/wp-content\/uploads\/2016\/09\/DSC03071-350x197.jpg 350w, https:\/\/rosenholm.se\/wp-content\/uploads\/2016\/09\/DSC03071-420x236.jpg 420w\" sizes=\"auto, (max-width: 700px) 100vw, 700px\" \/><p id=\"caption-attachment-10098\" class=\"wp-caption-text\">Vingbenved, Euonymus alatus<\/p><\/div>\n<p>Vingbenved, <em>Euonymus alatus<\/em>. Har f\u00e5tt sitt namn av de s\u00e4regna korkliknande listerna, vingarna, l\u00e4ngs grenarna. Vingarna har speciellt stort sk\u00f6nhetsv\u00e4rde vintertid d\u00e5 busken \u00e4r avl\u00f6vad. Den \u00e4r ocks\u00e5 mycket snygg p\u00e5 v\u00e5ren n\u00e4r de fr\u00e4scht ljusgr\u00f6na bladen vecklar ut sig. Fram\u00e5t sommaren \u00f6verg\u00e5r bladf\u00e4rgen i en mellangr\u00f6n nyans och \u00e4r inte lika i\u00f6gonfallande. Blomningen \u00e4r oansenlig men p\u00e5 h\u00f6stkanten utm\u00e4rker sig vingbenveden \u00e5terigen rej\u00e4lt d\u00e5 bladverket blir starkt r\u00f6drosa i f\u00e4rgen. Trivs i sol\u2013halvskugga i n\u00e4ringsrik jord. Blir cirka 1\u20132 meter h\u00f6g och lika bred. Zon 5.<\/p>\n<div id=\"attachment_10103\" style=\"width: 360px\" class=\"wp-caption alignleft\"><img loading=\"lazy\" decoding=\"async\" aria-describedby=\"caption-attachment-10103\" class=\"size-thumbnail wp-image-10103\" src=\"http:\/\/rosenholm.se\/wp-content\/uploads\/2016\/09\/D2X_2668-350x441.jpg\" alt=\"Vingros, Rosa sericea ssp. omeiensis f. pteracantha\" width=\"350\" height=\"441\" srcset=\"https:\/\/rosenholm.se\/wp-content\/uploads\/2016\/09\/D2X_2668-350x441.jpg 350w, https:\/\/rosenholm.se\/wp-content\/uploads\/2016\/09\/D2X_2668-420x530.jpg 420w, https:\/\/rosenholm.se\/wp-content\/uploads\/2016\/09\/D2X_2668.jpg 555w\" sizes=\"auto, (max-width: 350px) 100vw, 350px\" \/><p id=\"caption-attachment-10103\" class=\"wp-caption-text\">Vingros, Rosa sericea ssp. omeiensis f. pteracantha<\/p><\/div>\n<p>Vingros, <em>Rosa sericea<\/em> ssp. <em>omeiensis<\/em> f. <em>pteracantha<\/em>, har framtr\u00e4dande platta taggar som n\u00e4stan \u00e4r sj\u00e4lvlysande r\u00f6da, allrahelst p\u00e5 unga skott. H\u00e5rd besk\u00e4rning p\u00e5 v\u00e5ren ger t\u00e4tt v\u00e4xts\u00e4tt och m\u00e5nga och l\u00e5nga nya skott f\u00f6rsedda med de i\u00f6gonfallande taggarna. Kraftigv\u00e4xande, blommar med sm\u00e5 s\u00f6ta blommor n\u00e4ra stammen i maj\u2013juni och bildar sedan r\u00f6da nypon. Bladverket \u00e4r graci\u00f6st och ger lite intryck av ormbunke. Kommer fr\u00e5n Kina och har odlats h\u00e4r i Europa sedan 1901, vilket verkar varit ett gyllene \u00e5r f\u00f6r nya v\u00e4xter. H\u00f6jd 2\u20133 meter. Sol\u2013halvskugga. Zon 4.<\/p>\n<div id=\"attachment_10097\" style=\"width: 710px\" class=\"wp-caption alignnone\"><img loading=\"lazy\" decoding=\"async\" aria-describedby=\"caption-attachment-10097\" class=\"size-large wp-image-10097\" src=\"https:\/\/rosenholm.se\/wp-content\/uploads\/2016\/09\/D2X_8594-700x428.jpg\" alt=\"Hybridtrollhassel, Hamamelis \u00d7 intermedia 'Arnold Promise'Hybridtrollhassel, Hamamelis \u00d7 intermedia 'Arnold Promise'\" width=\"700\" height=\"428\" srcset=\"https:\/\/rosenholm.se\/wp-content\/uploads\/2016\/09\/D2X_8594-350x214@2x.jpg 700w, https:\/\/rosenholm.se\/wp-content\/uploads\/2016\/09\/D2X_8594-350x214.jpg 350w, https:\/\/rosenholm.se\/wp-content\/uploads\/2016\/09\/D2X_8594-420x257.jpg 420w\" sizes=\"auto, (max-width: 700px) 100vw, 700px\" \/><p id=\"caption-attachment-10097\" class=\"wp-caption-text\">Hybridtrollhassel, Hamamelis \u00d7 intermedia &#8217;Arnold Promise&#8217;<\/p><\/div>\n<p>Hybridtrollhassel, <em>Hamamelis<\/em> \u00d7 <em>intermedia<\/em> &#8217;Arnold Promise&#8217;, blommar s\u00e5 tidigt att det kan h\u00e4nda man ser den i tufsigt gul skrud med en h\u00e4tta av vitaste sn\u00f6 redan i januari\u2013februari milda vintrar. Blommorna \u00e4r ganska sm\u00e5 och har egentligen inte en chans att m\u00e4ta sig med alla storblommande sk\u00f6nheter som dyker upp l\u00e4ngre fram. Men den sl\u00e5r ut n\u00e4r minnet av f\u00f6rra sommarens blommor k\u00e4nns som mest avl\u00e4gset och hoppet om en ny v\u00e5r \u00e4nnu knappt vaknat och \u00e4r d\u00e5 det vackraste man n\u00e5gonsin sett. Det finns m\u00e5nga olika sorter av trollhasslar med olika f\u00e4rg p\u00e5 blommorna och varierande v\u00e4xts\u00e4tt. De blir mellan 1,5\u20133 meter h\u00f6ga och vill ha en halvskuggig, vindskyddad v\u00e4xtplats i mullrik, l\u00e4tt jord som helst ska vara lite fuktig. I regel h\u00e4rdiga till zon 3.<\/p>\n<div id=\"attachment_10095\" style=\"width: 360px\" class=\"wp-caption alignleft\"><img loading=\"lazy\" decoding=\"async\" aria-describedby=\"caption-attachment-10095\" class=\"size-thumbnail wp-image-10095\" src=\"http:\/\/rosenholm.se\/wp-content\/uploads\/2016\/09\/DSC_1614-350x467.jpg\" alt=\"N\u00e4verh\u00e4gg, Prunus maackii\" width=\"350\" height=\"467\" srcset=\"https:\/\/rosenholm.se\/wp-content\/uploads\/2016\/09\/DSC_1614-350x467.jpg 350w, https:\/\/rosenholm.se\/wp-content\/uploads\/2016\/09\/DSC_1614-420x560.jpg 420w, https:\/\/rosenholm.se\/wp-content\/uploads\/2016\/09\/DSC_1614.jpg 525w\" sizes=\"auto, (max-width: 350px) 100vw, 350px\" \/><p id=\"caption-attachment-10095\" class=\"wp-caption-text\">N\u00e4verh\u00e4gg, Prunus maackii<\/p><\/div>\n<p>N\u00e4verh\u00e4gg, <em>Prunus maackii<\/em>, \u00e4r alternativet f\u00f6r dig som vill ha ett tr\u00e4d med blank snygg stam men bor f\u00f6r l\u00e5ngt norrut f\u00f6r glansk\u00f6rsb\u00e4r. N\u00e4verh\u00e4ggens bark \u00e4r gulbrun och flagnar snyggt ungef\u00e4r p\u00e5 samma s\u00e4tt. Tr\u00e4det v\u00e4xer fort och kan bli 10\u201315 meter h\u00f6gt men kan sk\u00e4ras in, det \u00e4r bara att h\u00e5lla nere storleken om man \u00f6nskar. Besk\u00e4r i s\u00e5 fall under perioden juli\u2013september, absolut inte p\u00e5 v\u00e5ren eftersom det kan ta allvarlig skada. Som m\u00e5nga tr\u00e4d med vackra stammar g\u00f6r de sig bra med en enhetlig markt\u00e4ckare under, till exempel j\u00e4ttedaggk\u00e5pa som h\u00e4r i Rydlinge plantskola, Skellefte\u00e5. Trivs i sol\u2013halvskugga. H\u00e4rdig till zon 6.<\/p>\n<div id=\"attachment_10094\" style=\"width: 710px\" class=\"wp-caption alignnone\"><img loading=\"lazy\" decoding=\"async\" aria-describedby=\"caption-attachment-10094\" class=\"size-large wp-image-10094\" src=\"http:\/\/rosenholm.se\/wp-content\/uploads\/2016\/09\/D3R_1952-700x394.jpg\" alt=\"Glansk\u00f6rsb\u00e4r, Prunus serrula\" width=\"700\" height=\"394\" srcset=\"https:\/\/rosenholm.se\/wp-content\/uploads\/2016\/09\/D3R_1952-350x197@2x.jpg 700w, https:\/\/rosenholm.se\/wp-content\/uploads\/2016\/09\/D3R_1952-350x197.jpg 350w, https:\/\/rosenholm.se\/wp-content\/uploads\/2016\/09\/D3R_1952-420x236.jpg 420w\" sizes=\"auto, (max-width: 700px) 100vw, 700px\" \/><p id=\"caption-attachment-10094\" class=\"wp-caption-text\">Glansk\u00f6rsb\u00e4r, Prunus serrula<\/p><\/div>\n<p>Det \u00e4r den spegelblanka mahognyr\u00f6da barken som g\u00f6r glansk\u00f6rsb\u00e4r, <em>Prunus serrula<\/em>, s\u00e5 oemotst\u00e5ndlig. Flerstammiga exemplar \u00e4r s\u00e4rskilt vackra. Barken flagnar p\u00e5 ett attraktivt s\u00e4tt. Om man stryker stammen l\u00e4tt med handen faller den gamla av och och nya blankare skikt visar sig. Kommer fr\u00e5n v\u00e4stra Kina, centrala Asien och kallas ibland ocks\u00e5 tibetk\u00f6rsb\u00e4r. Den har en relativt kort livsl\u00e4ngd f\u00f6r att vara ett tr\u00e4d, runt 30 \u00e5r. Barken g\u00f6r sig b\u00e4st n\u00e4r tr\u00e4det har n\u00e5gra \u00e5r p\u00e5 nacken s\u00e5 man ska k\u00f6pa ett hyfsat stort exemplar. H\u00f6jd 5\u20137 meter. Trivs i sol\u2013halvskugga i mullrik jord. Zon 3, m\u00f6jligen 4 i gynnsamma l\u00e4gen.<\/p>\n<h5>Perenner<\/h5>\n<p>Det finns m\u00e5nga perenner som vissnar snyggt och beh\u00e5ller formen l\u00e5ngt in p\u00e5 v\u00e5rvintern. Flera av dem f\u00e5r estetiskt tilltalande fr\u00f6- och fruktst\u00e4llningar, inte s\u00e4llan fantasifullt uppbyggda, som klarar av att h\u00e5lla sig fr\u00e4scha n\u00e4stan \u00e4nda fram till v\u00e5ren. F\u00e4rgerna g\u00e5r naturligtvis f\u00f6r det mesta i toner av brunt och beige, men nyanserna \u00e4r m\u00e5nga och med den stora variationsrikedomen som formerna uppvisar blir det allt annat \u00e4n tr\u00e5kigt. Nougattoner insvepta i ett tunt, silvrigt lager av sn\u00f6 eller frost kan bli ett naturens eget konstverk.<\/p>\n<p>Viktigt f\u00f6r vintersnygga perenner \u00e4r att de orkar h\u00e5lla sig uppr\u00e4tta s\u00e5 l\u00e4nge som m\u00f6jligt under vintern. Hur bra formen bibeh\u00e5lls \u00e4r avh\u00e4ngigt av v\u00e4dret. En torr h\u00f6st g\u00f6r att fler vissnade perenner f\u00f6rm\u00e5r st\u00e5 stadigt medan de kan s\u00e4cka ihop av bl\u00f6tt v\u00e4der. Slutligen en lista p\u00e5 n\u00e5gra suver\u00e4na arter som h\u00e5ller formen l\u00e5ngt in p\u00e5 vintern.<\/p>\n<div id=\"attachment_10093\" style=\"width: 710px\" class=\"wp-caption alignnone\"><img loading=\"lazy\" decoding=\"async\" aria-describedby=\"caption-attachment-10093\" class=\"size-full wp-image-10093\" src=\"http:\/\/rosenholm.se\/wp-content\/uploads\/2016\/09\/D3R_3555.jpg\" alt=\"Glandelaster, Aster macrophyllus 'Twilight'\" width=\"700\" height=\"428\" srcset=\"https:\/\/rosenholm.se\/wp-content\/uploads\/2016\/09\/D3R_3555-350x214@2x.jpg 700w, https:\/\/rosenholm.se\/wp-content\/uploads\/2016\/09\/D3R_3555-350x214.jpg 350w, https:\/\/rosenholm.se\/wp-content\/uploads\/2016\/09\/D3R_3555-420x257.jpg 420w\" sizes=\"auto, (max-width: 700px) 100vw, 700px\" \/><p id=\"caption-attachment-10093\" class=\"wp-caption-text\">Glandelaster, Aster macrophyllus &#8217;Twilight&#8217;<\/p><\/div>\n<p>Egentligen \u00e4r glandelaster, <em>Aster macrophyllus<\/em> &#8217;Twilight&#8217;, en v\u00e4xt som blommar som allra b\u00e4st under sensommaren och h\u00f6sten. D\u00e5 lyser den upp i det begynnande m\u00f6rkret med m\u00e4ngder av ljusa, lavendelbl\u00e5, solformade blommor, med gul mitt som en extra finess. P\u00e5 vintern sl\u00e5r den till igen med sm\u00e5 s\u00f6ta torkade blomkorgar i beige och ljusbrunt. \u00c4r dessutom frisk och stadig, vilket l\u00e5ngtifr\u00e5n alla astrar \u00e4r. Kommer fr\u00e5n Nordamerika och kan r\u00e4knas som en nya v\u00e5gen perenn. Vill ha mycket sol. H\u00f6jd 60\u201370 cm. Mycket h\u00e4rdig.<\/p>\n<div id=\"attachment_10091\" style=\"width: 360px\" class=\"wp-caption alignright\"><img loading=\"lazy\" decoding=\"async\" aria-describedby=\"caption-attachment-10091\" class=\"size-thumbnail wp-image-10091\" src=\"http:\/\/rosenholm.se\/wp-content\/uploads\/2016\/09\/D2X_6194-350x467.jpg\" alt=\"Daggfunkia, Hosta sieboldiana 'Elegans'\" width=\"350\" height=\"467\" srcset=\"https:\/\/rosenholm.se\/wp-content\/uploads\/2016\/09\/D2X_6194-350x467.jpg 350w, https:\/\/rosenholm.se\/wp-content\/uploads\/2016\/09\/D2X_6194-420x560.jpg 420w, https:\/\/rosenholm.se\/wp-content\/uploads\/2016\/09\/D2X_6194.jpg 525w\" sizes=\"auto, (max-width: 350px) 100vw, 350px\" \/><p id=\"caption-attachment-10091\" class=\"wp-caption-text\">Daggfunkia, Hosta sieboldiana &#8217;Elegans&#8217;<\/p><\/div>\n<p>Under sommars\u00e4songen \u00e4r daggfunkia, <em>Hosta sieboldiana<\/em> &#8217;Elegans&#8217;, en st\u00e5tlig, n\u00e4stan bl\u00e5 bladv\u00e4xt som fram\u00e5t sensommaren f\u00e5r vackra blomst\u00e4nglar. N\u00e4r h\u00f6sten kommer byter bladen f\u00e4rg och blir fagert gula. Sedan skiftar den helt gestalt \u00f6ver vintern, d\u00e5 \u00e4r det de h\u00f6ga fr\u00f6st\u00e4nglarna, som kan sticka upp en bra bit \u00f6ver den eventuella sn\u00f6n, som \u00e4r tjusningen. Vet man inte vilken v\u00e4xt de kommer ifr\u00e5n \u00e4r det sv\u00e5rt att r\u00e4kna ut. F\u00f6redrar halvskugga och vill inte st\u00e5 i f\u00f6r torr jord. H\u00f6jd 80\u201390 cm. H\u00e4rdig. Ocks\u00e5 m\u00e5nga andra funkior har snygga fr\u00f6st\u00e4llningar.<\/p>\n<div id=\"attachment_10092\" style=\"width: 710px\" class=\"wp-caption alignnone\"><img loading=\"lazy\" decoding=\"async\" aria-describedby=\"caption-attachment-10092\" class=\"size-full wp-image-10092\" src=\"http:\/\/rosenholm.se\/wp-content\/uploads\/2016\/09\/D2X_5794.jpg\" alt=\"Astilbe, Astilbe \u00d7 arendsii\" width=\"700\" height=\"467\" srcset=\"https:\/\/rosenholm.se\/wp-content\/uploads\/2016\/09\/D2X_5794-350x234@2x.jpg 700w, https:\/\/rosenholm.se\/wp-content\/uploads\/2016\/09\/D2X_5794-350x234.jpg 350w, https:\/\/rosenholm.se\/wp-content\/uploads\/2016\/09\/D2X_5794-420x280.jpg 420w\" sizes=\"auto, (max-width: 700px) 100vw, 700px\" \/><p id=\"caption-attachment-10092\" class=\"wp-caption-text\">Astilbe, Astilbe \u00d7 arendsii<\/p><\/div>\n<p>Till de perenner som \u00e4r vackra n\u00e4stan j\u00e4mnt h\u00f6r astilbe, <em>Astilbe<\/em> \u00d7 <em>arendsii<\/em>. Fr\u00e4scha blad som kommer upp ur marken p\u00e5 v\u00e5ren, blommar i r\u00f6da, rosa och vita f\u00e4rger som passar att kombinera med varandra. N\u00e4r astilbe blommat ut f\u00e5r den h\u00e4rligt nougatf\u00e4rgade, torra fr\u00f6st\u00e4llningar som \u00e4r snygga hela h\u00f6sten. St\u00e5r stadigt och h\u00e5ller sig presentabel tills det \u00e4r dags att klippa ner den p\u00e5 v\u00e5rvintern. P\u00e5 bilden fr\u00e5n Klosterparken i Enk\u00f6ping framtr\u00e4der den extra snyggt med dovt gr\u00f6n idegran som bakgrund. Vill st\u00e5 i halvskugga\u2013skugga. Vanlig tr\u00e4dg\u00e5rdsjord fungerar bra. H\u00f6jd 40\u2013120 cm varierande mellan olika sorter. H\u00e4rdig.<\/p>\n<h5><a title=\"Sexton vintersnygga perenner\" href=\"http:\/\/rosenholm.se\/?page_id=10087\">Sexton vintersnygga perenner<\/a><\/h5>\n","protected":false},"excerpt":{"rendered":"<p>N\u00e4r l\u00f6ven dalar till marken och l\u00e4gger sig som en matta under tr\u00e4den f\u00f6r att med vindens hj\u00e4lp spridas \u00f6ver tomten och de mest senblommande perennerna sjunger p\u00e5 sin sista&hellip; <\/p>\n","protected":false},"author":1,"featured_media":0,"parent":0,"menu_order":0,"comment_status":"closed","ping_status":"closed","template":"","meta":{"footnotes":""},"class_list":["post-10081","page","type-page","status-publish","hentry"],"_links":{"self":[{"href":"https:\/\/rosenholm.se\/index.php?rest_route=\/wp\/v2\/pages\/10081","targetHints":{"allow":["GET"]}}],"collection":[{"href":"https:\/\/rosenholm.se\/index.php?rest_route=\/wp\/v2\/pages"}],"about":[{"href":"https:\/\/rosenholm.se\/index.php?rest_route=\/wp\/v2\/types\/page"}],"author":[{"embeddable":true,"href":"https:\/\/rosenholm.se\/index.php?rest_route=\/wp\/v2\/users\/1"}],"replies":[{"embeddable":true,"href":"https:\/\/rosenholm.se\/index.php?rest_route=%2Fwp%2Fv2%2Fcomments&post=10081"}],"version-history":[{"count":19,"href":"https:\/\/rosenholm.se\/index.php?rest_route=\/wp\/v2\/pages\/10081\/revisions"}],"predecessor-version":[{"id":12232,"href":"https:\/\/rosenholm.se\/index.php?rest_route=\/wp\/v2\/pages\/10081\/revisions\/12232"}],"wp:attachment":[{"href":"https:\/\/rosenholm.se\/index.php?rest_route=%2Fwp%2Fv2%2Fmedia&parent=10081"}],"curies":[{"name":"wp","href":"https:\/\/api.w.org\/{rel}","templated":true}]}}